{"id":2052,"date":"2024-02-29T14:51:31","date_gmt":"2024-02-29T13:51:31","guid":{"rendered":"https:\/\/pb.edu.pl\/wynajem-sal\/?page_id=2052"},"modified":"2024-12-13T22:11:24","modified_gmt":"2024-12-13T21:11:24","slug":"rezerwacja","status":"publish","type":"page","link":"https:\/\/pb.edu.pl\/wynajem-sal\/rezerwacja\/","title":{"rendered":"Rezerwuj aul\u0119, sal\u0119"},"content":{"rendered":"<div class=\"row\">\n<div class=\"col-sm-8\">\nPola oznaczone (*) musz\u0105 by\u0107 wype\u0142nione obowi\u0105zkowo.<\/p>\n\n<div class=\"wpcf7 no-js\" id=\"wpcf7-f2067-o1\" lang=\"pl-PL\" dir=\"ltr\" data-wpcf7-id=\"2067\">\n<div class=\"screen-reader-response\"><p role=\"status\" aria-live=\"polite\" aria-atomic=\"true\"><\/p> <ul><\/ul><\/div>\n<form action=\"\/wynajem-sal\/wp-json\/wp\/v2\/pages\/2052#wpcf7-f2067-o1\" method=\"post\" class=\"wpcf7-form init\" aria-label=\"Formularz kontaktowy\" novalidate=\"novalidate\" data-status=\"init\">\n<fieldset class=\"hidden-fields-container\"><input type=\"hidden\" name=\"_wpcf7\" value=\"2067\" \/><input type=\"hidden\" name=\"_wpcf7_version\" value=\"6.1.5\" \/><input type=\"hidden\" name=\"_wpcf7_locale\" value=\"pl_PL\" \/><input type=\"hidden\" name=\"_wpcf7_unit_tag\" value=\"wpcf7-f2067-o1\" \/><input type=\"hidden\" name=\"_wpcf7_container_post\" value=\"0\" \/><input type=\"hidden\" name=\"_wpcf7_posted_data_hash\" value=\"\" \/><input type=\"hidden\" name=\"_wpcf7cf_hidden_group_fields\" value=\"[]\" \/><input type=\"hidden\" name=\"_wpcf7cf_hidden_groups\" value=\"[]\" \/><input type=\"hidden\" name=\"_wpcf7cf_visible_groups\" value=\"[]\" \/><input type=\"hidden\" name=\"_wpcf7cf_repeaters\" value=\"[]\" \/><input type=\"hidden\" name=\"_wpcf7cf_steps\" value=\"{}\" \/><input type=\"hidden\" name=\"_wpcf7cf_options\" value=\"{&quot;form_id&quot;:2067,&quot;conditions&quot;:[{&quot;then_field&quot;:&quot;group-inne&quot;,&quot;and_rules&quot;:[{&quot;if_field&quot;:&quot;przeznaczenie&quot;,&quot;operator&quot;:&quot;equals&quot;,&quot;if_value&quot;:&quot;inne&quot;}]}],&quot;settings&quot;:{&quot;animation&quot;:&quot;yes&quot;,&quot;animation_intime&quot;:200,&quot;animation_outtime&quot;:200,&quot;conditions_ui&quot;:&quot;normal&quot;,&quot;notice_dismissed&quot;:false}}\" \/>\n<\/fieldset>\n<div class=\"wpcf7-turnstile cf-turnstile\" data-sitekey=\"0x4AAAAAACDP-G-k0g-pygWP\" data-response-field-name=\"_wpcf7_turnstile_response\"><\/div>\n\n<div class=\"row\">\n\t<div class=\"col-md-12 mx-auto\">\n\t\t<div class=\"row\">\n\t\t\t<div class=\"col-md-4\">\n\t\t\t\t<p><label for=\"sala\"> Nazwa sali \/ auli do wynaj\u0119cia: *<\/label><br \/>\n<span class=\"wpcf7-form-control-wrap\" data-name=\"sala\"><input size=\"40\" maxlength=\"400\" class=\"wpcf7-form-control wpcf7-text wpcf7-validates-as-required\" id=\"sala\" aria-required=\"true\" aria-invalid=\"false\" value=\"\" type=\"text\" name=\"sala\" \/><\/span>\n\t\t\t\t<\/p>\n\t\t\t<\/div>\n\t\t\t<div class=\"col-md-8\">\n\t\t\t\t<p><label for=\"przeznaczenie\"> Przeznaczenie: *<\/label><br \/>\n<span class=\"wpcf7-form-control-wrap\" data-name=\"przeznaczenie\"><span class=\"wpcf7-form-control wpcf7-checkbox wpcf7-validates-as-required wpcf7-exclusive-checkbox\" id=\"przeznaczenie\"><span class=\"wpcf7-list-item first\"><label><input type=\"checkbox\" name=\"przeznaczenie\" value=\"wydarzenie naukowe\" \/><span class=\"wpcf7-list-item-label\">wydarzenie naukowe<\/span><\/label><\/span><span class=\"wpcf7-list-item\"><label><input type=\"checkbox\" name=\"przeznaczenie\" value=\"konferencja\" \/><span class=\"wpcf7-list-item-label\">konferencja<\/span><\/label><\/span><span class=\"wpcf7-list-item\"><label><input type=\"checkbox\" name=\"przeznaczenie\" value=\"spotkanie seminaryjne\" \/><span class=\"wpcf7-list-item-label\">spotkanie seminaryjne<\/span><\/label><\/span><span class=\"wpcf7-list-item\"><label><input type=\"checkbox\" name=\"przeznaczenie\" value=\"przedstawienie artystyczne (teatralne, taneczne itp.)\" \/><span class=\"wpcf7-list-item-label\">przedstawienie artystyczne (teatralne, taneczne itp.)<\/span><\/label><\/span><span class=\"wpcf7-list-item\"><label><input type=\"checkbox\" name=\"przeznaczenie\" value=\"wystawa\" \/><span class=\"wpcf7-list-item-label\">wystawa<\/span><\/label><\/span><span class=\"wpcf7-list-item\"><label><input type=\"checkbox\" name=\"przeznaczenie\" value=\"targi\" \/><span class=\"wpcf7-list-item-label\">targi<\/span><\/label><\/span><span class=\"wpcf7-list-item last\"><label><input type=\"checkbox\" name=\"przeznaczenie\" value=\"inne\" \/><span class=\"wpcf7-list-item-label\">inne<\/span><\/label><\/span><\/span><\/span>\n\t\t\t\t<\/p>\n\t\t\t\t<div data-id=\"group-inne\" data-orig_data_id=\"group-inne\" data-clear_on_hide class=\"\" data-class=\"wpcf7cf_group\">\n\t\t\t\t\t<p><label for=\"przeznaczenie-inne\"> Podaj jakie: <\/label><br \/>\n<span class=\"wpcf7-form-control-wrap\" data-name=\"przeznaczenie-inne\"><input size=\"40\" maxlength=\"400\" class=\"wpcf7-form-control wpcf7-text\" id=\"przeznaczenie-inne\" aria-invalid=\"false\" value=\"\" type=\"text\" name=\"przeznaczenie-inne\" \/><\/span>\n\t\t\t\t\t<\/p>\n\t\t\t\t<\/div>\n\t\t\t<\/div>\n\t\t<\/div>\n\t\t<div class=\"row\">\n\t\t\t<div class=\"col-md-6\">\n\t\t\t\t<p><label for=\"termin-1\"> Termin wynajmu: *<\/label><br \/>\n<span class=\"wpcf7-form-control-wrap\" data-name=\"termin-1\"><input class=\"wpcf7-form-control wpcf7-date wpcf7-validates-as-required wpcf7-validates-as-date\" id=\"termin-1\" aria-required=\"true\" aria-invalid=\"false\" value=\"\" type=\"date\" name=\"termin-1\" \/><\/span>\n\t\t\t\t<\/p>\n\t\t\t<\/div>\n\t\t\t<div class=\"col-md-3\">\n\t\t\t\t<p><label for=\"godzina-od-1\"> Godzina od: *<\/label><br \/>\n<span class=\"wpcf7-form-control-wrap\" data-name=\"godzina-od-1\"><input size=\"40\" maxlength=\"5\" minlength=\"5\" class=\"wpcf7-form-control wpcf7-text wpcf7-validates-as-required\" id=\"godzina-od-1\" aria-required=\"true\" aria-invalid=\"false\" placeholder=\"00:00\" value=\"\" type=\"text\" name=\"godzina-od-1\" \/><\/span>\n\t\t\t\t<\/p>\n\t\t\t<\/div>\n\t\t\t<div class=\"col-md-3\">\n\t\t\t\t<p><label for=\"godzina-do-1\"> Godzina do: *<\/label><br \/>\n<span class=\"wpcf7-form-control-wrap\" data-name=\"godzina-do-1\"><input size=\"40\" maxlength=\"5\" minlength=\"5\" class=\"wpcf7-form-control wpcf7-text wpcf7-validates-as-required\" id=\"godzina-do-1\" aria-required=\"true\" aria-invalid=\"false\" placeholder=\"00:00\" value=\"\" type=\"text\" name=\"godzina-do-1\" \/><\/span>\n\t\t\t\t<\/p>\n\t\t\t<\/div>\n\t\t<\/div>\n\t\t<div class=\"row\">\n\t\t\t<div class=\"col-md-5\">\n\t\t\t\t<p><label for=\"firma\"> Nazwa instytucji lub firmy wynajmuj\u0105cej: *<\/label><br \/>\n<span class=\"wpcf7-form-control-wrap\" data-name=\"firma\"><input size=\"40\" maxlength=\"400\" class=\"wpcf7-form-control wpcf7-text wpcf7-validates-as-required\" id=\"firma\" aria-required=\"true\" aria-invalid=\"false\" value=\"\" type=\"text\" name=\"firma\" \/><\/span>\n\t\t\t\t<\/p>\n\t\t\t<\/div>\n\t\t\t<div class=\"col-md-7\">\n\t\t\t\t<p><label for=\"adres\"> Adres instytucji lub firmy wynajmuj\u0105cej: *<\/label><br \/>\n<span class=\"wpcf7-form-control-wrap\" data-name=\"adres\"><input size=\"40\" maxlength=\"400\" class=\"wpcf7-form-control wpcf7-text wpcf7-validates-as-required\" id=\"adres\" aria-required=\"true\" aria-invalid=\"false\" value=\"\" type=\"text\" name=\"adres\" \/><\/span>\n\t\t\t\t<\/p>\n\t\t\t<\/div>\n\t\t<\/div>\n\t\t<div class=\"row\">\n\t\t\t<div class=\"col-md-4\">\n\t\t\t\t<p><label for=\"imie\"> Imi\u0119 i nazwisko osoby do kontaktu: *<\/label><br \/>\n<span class=\"wpcf7-form-control-wrap\" data-name=\"imie\"><input size=\"40\" maxlength=\"400\" class=\"wpcf7-form-control wpcf7-text wpcf7-validates-as-required\" id=\"imie\" aria-required=\"true\" aria-invalid=\"false\" value=\"\" type=\"text\" name=\"imie\" \/><\/span>\n\t\t\t\t<\/p>\n\t\t\t<\/div>\n\t\t\t<div class=\"col-md-4\">\n\t\t\t\t<p><label for=\"email\"> E-mail kontaktowy: *<\/label><br \/>\n<span class=\"wpcf7-form-control-wrap\" data-name=\"email\"><input size=\"40\" maxlength=\"400\" class=\"wpcf7-form-control wpcf7-email wpcf7-validates-as-required wpcf7-text wpcf7-validates-as-email\" id=\"email\" aria-required=\"true\" aria-invalid=\"false\" value=\"\" type=\"email\" name=\"email\" \/><\/span>\n\t\t\t\t<\/p>\n\t\t\t<\/div>\n\t\t\t<div class=\"col-md-4\">\n\t\t\t\t<p><label for=\"telefon\"> Telefon kontaktowy: *<\/label><br \/>\n<span class=\"wpcf7-form-control-wrap\" data-name=\"telefon\"><input size=\"40\" maxlength=\"400\" class=\"wpcf7-form-control wpcf7-tel wpcf7-validates-as-required wpcf7-text wpcf7-validates-as-tel\" id=\"telefon\" aria-required=\"true\" aria-invalid=\"false\" placeholder=\"111-222-333 lub 00 111-22-33\" value=\"\" type=\"tel\" name=\"telefon\" \/><\/span>\n\t\t\t\t<\/p>\n\t\t\t<\/div>\n\t\t<\/div>\n\t\t<div class=\"row\">\n\t\t\t<div class=\"col-md-12\">\n\t\t\t\t<p><label for=\"informacje\"> Dodatkowe informacje: <\/label><br \/>\n<span class=\"wpcf7-form-control-wrap\" data-name=\"informacje\"><textarea cols=\"40\" rows=\"10\" maxlength=\"2000\" class=\"wpcf7-form-control wpcf7-textarea\" id=\"informacje\" aria-invalid=\"false\" name=\"informacje\"><\/textarea><\/span>\n\t\t\t\t<\/p>\n\t\t\t<\/div>\n\t\t<\/div>\n\t\t<div class=\"row\">\n\t\t\t<div class=\"col-md-12\">\n\t\t\t<hr style=\"color: rgba(2, 64, 108, 1);\" \/>\n\t\t\t<\/div>\n\t\t<\/div>\n\t\t<div class=\"row\">\n\t\t\t<div class=\"col-md-12\">\n\t\t\t\t<p><span class=\"wpcf7-form-control-wrap\" data-name=\"acceptance-100\"><span class=\"wpcf7-form-control wpcf7-acceptance\"><span class=\"wpcf7-list-item\"><label><input type=\"checkbox\" name=\"acceptance-100\" value=\"1\" aria-invalid=\"false\" \/><span class=\"wpcf7-list-item-label\">O\u015bwiadczam, \u017ce zapozna\u0142am\/em si\u0119 z informacj\u0105 dotycz\u0105c\u0105 przetwarzania moich danych osobowych.<\/span><\/label><\/span><\/span><\/span>\n\t\t\t\t<\/p>\n\t\t\t\t<p style=\"margin-left:32px; font-weight: 400;font-size: 1.5rem;\"><a href=\"https:\/\/pb.edu.pl\/wynajem-sal\/wp-content\/uploads\/sites\/125\/2024\/03\/klauzula-dla-osob-dokonujacych-rezerwacji.pdf\" target=\"_blank\">Informacja o przetwarzaniu danych osobowych (29 KB, otworzy si\u0119 w nowej karcie)<\/a>\n\t\t\t\t<\/p>\n\t\t\t\t<p><span class=\"wpcf7-form-control-wrap\" data-name=\"acceptance-101\"><span class=\"wpcf7-form-control wpcf7-acceptance\"><span class=\"wpcf7-list-item\"><label><input type=\"checkbox\" name=\"acceptance-101\" value=\"1\" aria-invalid=\"false\" \/><span class=\"wpcf7-list-item-label\">O\u015bwiadczam, \u017ce zapozna\u0142am\/em si\u0119 z Instrukcj\u0105 w sprawie dzier\u017cawy i najmu nieruchomo\u015bci oraz powierzchni u\u017cytkowych stanowi\u0105cych w\u0142asno\u015b\u0107 Politechniki Bia\u0142ostockiej oraz udost\u0119pniania pomieszcze\u0144 w celu realizacji zada\u0144 statutowych Uczelni wprowadzon\u0105 Zarz\u0105dzeniem JM Rektora Politechniki Bia\u0142ostockiej nr 1205 z dnia 20 pa\u017adziernika 2020 r.<\/span><\/label><\/span><\/span><\/span>\n\t\t\t\t<\/p>\n\t\t\t\t<p style=\"margin-left:32px; font-weight: 400;font-size: 1.5rem;\"><br \/>\n<a href=\"https:\/\/bip.pb.edu.pl\/index.php?event=informacja&id=17803\" target=\"_blank\" title=\"otworzy si\u0119 w nowej karcie\">Zarz\u0105dzenia nr 1205 z 2020 r. w sprawie wprowadzenia w \u017cycie \u201eInstrukcji w sprawie dzier\u017cawy i najmu nieruchomo\u015bci oraz powierzchni u\u017cytkowych stanowi\u0105cych w\u0142asno\u015b\u0107 Politechniki Bia\u0142ostockiej oraz udost\u0119pniania pomieszcze\u0144 w celu realizacji zada\u0144 statutowych Uczelni\u201d<\/a>\n\t\t\t\t<\/p>\n\t\t\t<\/div>\n\t\t<\/div>\n\t\t<div class=\"row\">\n\t\t\t<div class=\"col-md-12\">\n\t\t\t<hr style=\"color: rgba(2, 64, 108, 1);\" \/>\n\t\t\t<\/div>\n\t\t<\/div>\n\t\t<div class=\"row\">\n\t\t\t<div class=\"col-md-12\">\n\t\t\t\t<div class=\"text-end\">\n\t\t\t\t\t<p><input class=\"wpcf7-form-control wpcf7-submit has-spinner\" type=\"submit\" value=\"Wy\u015blij\" \/>\n\t\t\t\t\t<\/p>\n\t\t\t\t<\/div>\n\t\t\t<\/div>\n\t\t<\/div>\n\t<\/div>\n<\/div><div class=\"wpcf7-response-output\" aria-hidden=\"true\"><\/div>\n<\/form>\n<\/div>\n<\/div>\n<div class=\"col-sm-1\"><\/div>\n<div class=\"col-sm-3\">\n<div class=\"h3\">Kontakt<\/div>\n<p> <i class=\"fal fa-envelope\"><\/i> <a href=\"#\" rel=\"nofollow\"  onclick=\"this.href='mailto:' + 'sale.rezerwacje' + '@' + 'pb.edu.pl'\">sale.rezerwacje [at] pb.edu.pl<\/a>\n<p><strong>mgr Aleksandra Roszkowska<\/strong><br \/>\n<i class=\"fal fa-phone\"><\/i> 85 746-97-70<\/p>\n<p><strong>mgr in\u017c. Magdalena Gilewska<\/strong><br \/>\n<i class=\"fal fa-phone\"><\/i> 85 746-97-69\n<\/div>\n<\/div>\n<p>&nbsp;<\/p>\n<hr>\n<div class=\"page-content-navi text-end\"><\/div>\n","protected":false},"excerpt":{"rendered":"<p>Pola oznaczone (*) musz\u0105 by\u0107 wype\u0142nione obowi\u0105zkowo. Kontakt mgr Aleksandra Roszkowska 85 746-97-70 mgr in\u017c. Magdalena Gilewska 85 746-97-69 &nbsp;<\/p>\n","protected":false},"author":1,"featured_media":0,"parent":0,"menu_order":0,"comment_status":"closed","ping_status":"closed","template":"","meta":{"_acf_changed":false,"ngg_post_thumbnail":0,"footnotes":""},"class_list":["post-2052","page","type-page","status-publish","hentry"],"acf":[],"_links":{"self":[{"href":"https:\/\/pb.edu.pl\/wynajem-sal\/wp-json\/wp\/v2\/pages\/2052","targetHints":{"allow":["GET"]}}],"collection":[{"href":"https:\/\/pb.edu.pl\/wynajem-sal\/wp-json\/wp\/v2\/pages"}],"about":[{"href":"https:\/\/pb.edu.pl\/wynajem-sal\/wp-json\/wp\/v2\/types\/page"}],"author":[{"embeddable":true,"href":"https:\/\/pb.edu.pl\/wynajem-sal\/wp-json\/wp\/v2\/users\/1"}],"replies":[{"embeddable":true,"href":"https:\/\/pb.edu.pl\/wynajem-sal\/wp-json\/wp\/v2\/comments?post=2052"}],"version-history":[{"count":0,"href":"https:\/\/pb.edu.pl\/wynajem-sal\/wp-json\/wp\/v2\/pages\/2052\/revisions"}],"wp:attachment":[{"href":"https:\/\/pb.edu.pl\/wynajem-sal\/wp-json\/wp\/v2\/media?parent=2052"}],"curies":[{"name":"wp","href":"https:\/\/api.w.org\/{rel}","templated":true}]}}