{"id":13,"date":"2020-05-18T14:40:41","date_gmt":"2020-05-18T12:40:41","guid":{"rendered":"https:\/\/pb.edu.pl\/tefen\/?page_id=13"},"modified":"2026-03-16T18:08:24","modified_gmt":"2026-03-16T17:08:24","slug":"home","status":"publish","type":"page","link":"https:\/\/pb.edu.pl\/tefen\/","title":{"rendered":""},"content":{"rendered":"<div class=\"img-full\">\n<p><img decoding=\"async\" src=\"https:\/\/pb.edu.pl\/tefen\/wp-content\/uploads\/sites\/100\/2022\/01\/baner-1.jpg\" alt=\"Puszcza Bia\u0142owieska\"><\/p>\n<div class=\"img-full-text\">\n<div class=\"img-full-header\">VIII Konferencja Naukowo-Techniczna TEFEN<\/div>\n<div class=\"img-full-button\">Bia\u0142ystok, 22 wrze\u015bnia 2025 r.<\/div>\n<p>Politechnika Bia\u0142ostocka<\/p>\n<\/div>\n<\/div>\n<div class=\"row\">\n<div class=\"col-sm-4 text-center\"><a class=\"button\" style=\"width: 100%;padding: 0px 5px 10px 5px\" title=\"\" href=\"\/tefen\/o-konferencji\/\"><img loading=\"lazy\" decoding=\"async\" class=\"aligncenter size-full wp-image-1071\" src=\"https:\/\/pb.edu.pl\/tefen\/wp-content\/uploads\/sites\/100\/2022\/01\/box1-konferencja.jpg\" alt=\"\" width=\"800\" height=\"533\" srcset=\"https:\/\/pb.edu.pl\/tefen\/wp-content\/uploads\/sites\/100\/2022\/01\/box1-konferencja.jpg 800w, https:\/\/pb.edu.pl\/tefen\/wp-content\/uploads\/sites\/100\/2022\/01\/box1-konferencja-300x200.jpg 300w, https:\/\/pb.edu.pl\/tefen\/wp-content\/uploads\/sites\/100\/2022\/01\/box1-konferencja-768x512.jpg 768w, https:\/\/pb.edu.pl\/tefen\/wp-content\/uploads\/sites\/100\/2022\/01\/box1-konferencja-480x320.jpg 480w\" sizes=\"auto, (max-width: 800px) 100vw, 800px\" \/><span class=\"lead\">O konferencji<\/span><\/a><\/div>\n<div class=\"col-sm-4 text-center\" data-wp-editing=\"1\"><a class=\"button\" style=\"width: 100%;padding: 0px 5px 10px 5px\" title=\"\" href=\"\/tefen\/rejestracja\"><img loading=\"lazy\" decoding=\"async\" class=\"aligncenter size-full wp-image-1326\" src=\"https:\/\/pb.edu.pl\/tefen\/wp-content\/uploads\/sites\/100\/2022\/01\/box2-rejestracja.jpg\" alt=\"Puszcza Bia\u0142owieska\" width=\"800\" height=\"533\" srcset=\"https:\/\/pb.edu.pl\/tefen\/wp-content\/uploads\/sites\/100\/2022\/01\/box2-rejestracja.jpg 800w, https:\/\/pb.edu.pl\/tefen\/wp-content\/uploads\/sites\/100\/2022\/01\/box2-rejestracja-300x200.jpg 300w, https:\/\/pb.edu.pl\/tefen\/wp-content\/uploads\/sites\/100\/2022\/01\/box2-rejestracja-768x512.jpg 768w, https:\/\/pb.edu.pl\/tefen\/wp-content\/uploads\/sites\/100\/2022\/01\/box2-rejestracja-480x320.jpg 480w\" sizes=\"auto, (max-width: 800px) 100vw, 800px\" \/><span class=\"lead\">Rejestracja<\/span><\/a><\/div>\n<div class=\"col-sm-4 text-center\"><a class=\"button\" style=\"width: 100%;padding: 0px 5px 10px 5px\" title=\"Dane teleadresowe\" href=\"\/tefen\/kontakt\/\"><img loading=\"lazy\" decoding=\"async\" class=\"aligncenter size-full wp-image-1193\" src=\"https:\/\/pb.edu.pl\/tefen\/wp-content\/uploads\/sites\/100\/2022\/01\/box3-kontakt-2.jpg\" alt=\"\" width=\"800\" height=\"533\" srcset=\"https:\/\/pb.edu.pl\/tefen\/wp-content\/uploads\/sites\/100\/2022\/01\/box3-kontakt-2.jpg 800w, https:\/\/pb.edu.pl\/tefen\/wp-content\/uploads\/sites\/100\/2022\/01\/box3-kontakt-2-300x200.jpg 300w, https:\/\/pb.edu.pl\/tefen\/wp-content\/uploads\/sites\/100\/2022\/01\/box3-kontakt-2-768x512.jpg 768w, https:\/\/pb.edu.pl\/tefen\/wp-content\/uploads\/sites\/100\/2022\/01\/box3-kontakt-2-480x320.jpg 480w\" sizes=\"auto, (max-width: 800px) 100vw, 800px\" \/><span class=\"lead\">Kontakt<\/span><\/a><\/div>\n<\/div>\n<p>&nbsp;<\/p>\n<div class=\"h1 text-center\">Organizatorzy:<\/div>\n<div class=\"row\">\n<div class=\"col-sm-2\">&nbsp;<\/div>\n<div class=\"col-sm-4\">\n<div class=\"image\" style=\"margin-top: 60px\"><a href=\"https:\/\/pb.edu.pl\"><img loading=\"lazy\" decoding=\"async\" class=\"alignnone\" src=\"https:\/\/pb.edu.pl\/tefen\/wp-content\/uploads\/sites\/100\/2022\/01\/logo-PB-322px.jpg\" alt=\"logo Politechniki Bia\u0142ostockiej\" width=\"1244\" height=\"322\"><\/a><\/div>\n<\/div>\n<div class=\"col-sm-6\" style=\"text-align: center\"><a style=\"text-decoration: none\" title=\"\" href=\"https:\/\/www.facebook.com\/FundacjaOsrodekWspieraniaEkologii\/?locale=pl_PL\" target=\"_blank\" rel=\"noopener\"><img loading=\"lazy\" decoding=\"async\" class=\"wp-image-1496\" src=\"https:\/\/pb.edu.pl\/tefen\/wp-content\/uploads\/sites\/100\/2024\/06\/Graphic-Mark_Blue-300x300.jpg\" alt=\"\" width=\"213\" height=\"213\" srcset=\"https:\/\/pb.edu.pl\/tefen\/wp-content\/uploads\/sites\/100\/2024\/06\/Graphic-Mark_Blue-300x300.jpg 300w, https:\/\/pb.edu.pl\/tefen\/wp-content\/uploads\/sites\/100\/2024\/06\/Graphic-Mark_Blue-150x150.jpg 150w, https:\/\/pb.edu.pl\/tefen\/wp-content\/uploads\/sites\/100\/2024\/06\/Graphic-Mark_Blue.jpg 710w\" sizes=\"auto, (max-width: 213px) 100vw, 213px\" \/>&nbsp; &nbsp; &nbsp; &nbsp;&nbsp;<\/a><\/div>\n<\/div>\n<p style=\"text-align: center\">Projekt finansowany ze \u015brodk\u00f3w bud\u017cetu pa\u0144stwa, przyznanych przez Ministra Nauki i Szkolnictwa Wy\u017cszego w ramach Programu \u201eNauka dla Spo\u0142ecze\u0144stwa II\u201d.<\/p>\n<p style=\"text-align: center\"><img loading=\"lazy\" decoding=\"async\" class=\"alignnone size-medium wp-image-1546\" src=\"https:\/\/pb.edu.pl\/tefen\/wp-content\/uploads\/sites\/100\/2025\/07\/01_znak_siatka_podstawowy_kolor_biale_tlo_Minister-300x93.png\" alt=\"\" width=\"300\" height=\"93\" srcset=\"https:\/\/pb.edu.pl\/tefen\/wp-content\/uploads\/sites\/100\/2025\/07\/01_znak_siatka_podstawowy_kolor_biale_tlo_Minister-300x93.png 300w, https:\/\/pb.edu.pl\/tefen\/wp-content\/uploads\/sites\/100\/2025\/07\/01_znak_siatka_podstawowy_kolor_biale_tlo_Minister-1024x319.png 1024w, https:\/\/pb.edu.pl\/tefen\/wp-content\/uploads\/sites\/100\/2025\/07\/01_znak_siatka_podstawowy_kolor_biale_tlo_Minister-768x239.png 768w, https:\/\/pb.edu.pl\/tefen\/wp-content\/uploads\/sites\/100\/2025\/07\/01_znak_siatka_podstawowy_kolor_biale_tlo_Minister.png 1388w\" sizes=\"auto, (max-width: 300px) 100vw, 300px\" \/> <img loading=\"lazy\" decoding=\"async\" class=\"alignnone size-medium wp-image-1547\" src=\"https:\/\/pb.edu.pl\/tefen\/wp-content\/uploads\/sites\/100\/2025\/07\/logoNdS-300x168.jpg\" alt=\"\" width=\"300\" height=\"168\" srcset=\"https:\/\/pb.edu.pl\/tefen\/wp-content\/uploads\/sites\/100\/2025\/07\/logoNdS-300x168.jpg 300w, https:\/\/pb.edu.pl\/tefen\/wp-content\/uploads\/sites\/100\/2025\/07\/logoNdS-1024x573.jpg 1024w, https:\/\/pb.edu.pl\/tefen\/wp-content\/uploads\/sites\/100\/2025\/07\/logoNdS-768x430.jpg 768w, https:\/\/pb.edu.pl\/tefen\/wp-content\/uploads\/sites\/100\/2025\/07\/logoNdS-1536x860.jpg 1536w, https:\/\/pb.edu.pl\/tefen\/wp-content\/uploads\/sites\/100\/2025\/07\/logoNdS.jpg 1601w\" sizes=\"auto, (max-width: 300px) 100vw, 300px\" \/><\/p>\n<p>&nbsp;<\/p>\n","protected":false},"excerpt":{"rendered":"<p>VIII Konferencja Naukowo-Techniczna TEFEN Bia\u0142ystok, 22 wrze\u015bnia 2025 r. Politechnika Bia\u0142ostocka O konferencji Rejestracja Kontakt<\/p>\n","protected":false},"author":2,"featured_media":0,"parent":0,"menu_order":0,"comment_status":"closed","ping_status":"closed","template":"templates\/dzial.php","meta":{"_acf_changed":false,"ngg_post_thumbnail":0,"footnotes":""},"class_list":["post-13","page","type-page","status-publish","hentry"],"acf":[],"_links":{"self":[{"href":"https:\/\/pb.edu.pl\/tefen\/wp-json\/wp\/v2\/pages\/13","targetHints":{"allow":["GET"]}}],"collection":[{"href":"https:\/\/pb.edu.pl\/tefen\/wp-json\/wp\/v2\/pages"}],"about":[{"href":"https:\/\/pb.edu.pl\/tefen\/wp-json\/wp\/v2\/types\/page"}],"author":[{"embeddable":true,"href":"https:\/\/pb.edu.pl\/tefen\/wp-json\/wp\/v2\/users\/2"}],"replies":[{"embeddable":true,"href":"https:\/\/pb.edu.pl\/tefen\/wp-json\/wp\/v2\/comments?post=13"}],"version-history":[{"count":2,"href":"https:\/\/pb.edu.pl\/tefen\/wp-json\/wp\/v2\/pages\/13\/revisions"}],"predecessor-version":[{"id":1620,"href":"https:\/\/pb.edu.pl\/tefen\/wp-json\/wp\/v2\/pages\/13\/revisions\/1620"}],"wp:attachment":[{"href":"https:\/\/pb.edu.pl\/tefen\/wp-json\/wp\/v2\/media?parent=13"}],"curies":[{"name":"wp","href":"https:\/\/api.w.org\/{rel}","templated":true}]}}