{"id":9067,"date":"2020-12-17T22:47:26","date_gmt":"2020-12-17T21:47:26","guid":{"rendered":"https:\/\/pb.edu.pl\/sjo\/?page_id=9067"},"modified":"2025-05-27T11:00:32","modified_gmt":"2025-05-27T09:00:32","slug":"letnie-szkoly-jezyka-polskiego","status":"publish","type":"page","link":"https:\/\/pb.edu.pl\/sjo\/polish-lab\/wydarzenia-kulturalne\/nasze-flagowe-projekty\/letnie-szkoly-jezyka-polskiego\/","title":{"rendered":"Letnie szko\u0142y j\u0119zyka polskiego"},"content":{"rendered":"<p><span style=\"font-family: verdana, geneva, sans-serif;font-size: 12pt\">czyli Intensywne kursy j\u0119zykowe Erasmusa (Erasmus Intensive Language Courses &#8211; EILC) to kursy mniej znanych j\u0119zyk\u00f3w UE i innych kraj\u00f3w uczestnicz\u0105cych w programie Erasmus. Kursy te przeznaczone by\u0142y dla stypendyst\u00f3w Erasmusa, przyje\u017cd\u017caj\u0105cych na studia lub praktyk\u0119 do kraju, w kt\u00f3rym m\u00f3wi si\u0119 j\u0119zykiem rzadziej stosowanym i nauczanym.<\/span><\/p>\n<div id='gallery-1' class='gallery galleryid-9067 gallery-columns-3 gallery-size-full'><figure class='gallery-item'>\n\t\t\t<div class='gallery-icon landscape'>\n\t\t\t\t<a href='https:\/\/pb.edu.pl\/sjo\/wp-content\/uploads\/sites\/9\/2020\/08\/IMG_8454.jpg'><img loading=\"lazy\" decoding=\"async\" width=\"1620\" height=\"1080\" src=\"https:\/\/pb.edu.pl\/sjo\/wp-content\/uploads\/sites\/9\/2020\/08\/IMG_8454.jpg\" class=\"attachment-full size-full\" alt=\"Zaj\u0119cia z j\u0119zyka polskiego. Grupa student\u00f3w siedzi przy \u0142awce i trzyma karty do gry j\u0119zykowej. Nauczyciel stoi obok i s\u0142ucha student\u00f3w.\" srcset=\"https:\/\/pb.edu.pl\/sjo\/wp-content\/uploads\/sites\/9\/2020\/08\/IMG_8454.jpg 1620w, https:\/\/pb.edu.pl\/sjo\/wp-content\/uploads\/sites\/9\/2020\/08\/IMG_8454-300x200.jpg 300w, https:\/\/pb.edu.pl\/sjo\/wp-content\/uploads\/sites\/9\/2020\/08\/IMG_8454-1024x683.jpg 1024w, https:\/\/pb.edu.pl\/sjo\/wp-content\/uploads\/sites\/9\/2020\/08\/IMG_8454-768x512.jpg 768w, https:\/\/pb.edu.pl\/sjo\/wp-content\/uploads\/sites\/9\/2020\/08\/IMG_8454-1536x1024.jpg 1536w, https:\/\/pb.edu.pl\/sjo\/wp-content\/uploads\/sites\/9\/2020\/08\/IMG_8454-480x320.jpg 480w\" sizes=\"auto, (max-width: 1620px) 100vw, 1620px\" \/><\/a>\n\t\t\t<\/div><\/figure><figure class='gallery-item'>\n\t\t\t<div class='gallery-icon landscape'>\n\t\t\t\t<a href='https:\/\/pb.edu.pl\/sjo\/wp-content\/uploads\/sites\/9\/2020\/08\/IMG_0458-1.jpg'><img loading=\"lazy\" decoding=\"async\" width=\"1620\" height=\"1080\" src=\"https:\/\/pb.edu.pl\/sjo\/wp-content\/uploads\/sites\/9\/2020\/08\/IMG_0458-1.jpg\" class=\"attachment-full size-full\" alt=\"Studenci bior\u0105 udzia\u0142 w pokazie w\u0142adania mieczem. Po prawej stronie m\u0119\u017cczyzna w stroju sarmackiego szlachcica.\" srcset=\"https:\/\/pb.edu.pl\/sjo\/wp-content\/uploads\/sites\/9\/2020\/08\/IMG_0458-1.jpg 1620w, https:\/\/pb.edu.pl\/sjo\/wp-content\/uploads\/sites\/9\/2020\/08\/IMG_0458-1-300x200.jpg 300w, https:\/\/pb.edu.pl\/sjo\/wp-content\/uploads\/sites\/9\/2020\/08\/IMG_0458-1-1024x683.jpg 1024w, https:\/\/pb.edu.pl\/sjo\/wp-content\/uploads\/sites\/9\/2020\/08\/IMG_0458-1-768x512.jpg 768w, https:\/\/pb.edu.pl\/sjo\/wp-content\/uploads\/sites\/9\/2020\/08\/IMG_0458-1-1536x1024.jpg 1536w, https:\/\/pb.edu.pl\/sjo\/wp-content\/uploads\/sites\/9\/2020\/08\/IMG_0458-1-480x320.jpg 480w\" sizes=\"auto, (max-width: 1620px) 100vw, 1620px\" \/><\/a>\n\t\t\t<\/div><\/figure><figure class='gallery-item'>\n\t\t\t<div class='gallery-icon landscape'>\n\t\t\t\t<a href='https:\/\/pb.edu.pl\/sjo\/wp-content\/uploads\/sites\/9\/2020\/08\/DSC04826-1.jpg'><img loading=\"lazy\" decoding=\"async\" width=\"1620\" height=\"1080\" src=\"https:\/\/pb.edu.pl\/sjo\/wp-content\/uploads\/sites\/9\/2020\/08\/DSC04826-1.jpg\" class=\"attachment-full size-full\" alt=\"Studenci bior\u0105 udzia\u0142 w warsztatach tanecznych. Du\u017ca grupa os\u00f3b ta\u0144czy poloneza. Niekt\u00f3rzy maj\u0105 na sobie stroje ludowe.\" srcset=\"https:\/\/pb.edu.pl\/sjo\/wp-content\/uploads\/sites\/9\/2020\/08\/DSC04826-1.jpg 1620w, https:\/\/pb.edu.pl\/sjo\/wp-content\/uploads\/sites\/9\/2020\/08\/DSC04826-1-300x200.jpg 300w, https:\/\/pb.edu.pl\/sjo\/wp-content\/uploads\/sites\/9\/2020\/08\/DSC04826-1-1024x683.jpg 1024w, https:\/\/pb.edu.pl\/sjo\/wp-content\/uploads\/sites\/9\/2020\/08\/DSC04826-1-768x512.jpg 768w, https:\/\/pb.edu.pl\/sjo\/wp-content\/uploads\/sites\/9\/2020\/08\/DSC04826-1-1536x1024.jpg 1536w, https:\/\/pb.edu.pl\/sjo\/wp-content\/uploads\/sites\/9\/2020\/08\/DSC04826-1-480x320.jpg 480w\" sizes=\"auto, (max-width: 1620px) 100vw, 1620px\" \/><\/a>\n\t\t\t<\/div><\/figure>\n\t\t<\/div>\n\n<p><span style=\"font-family: verdana, geneva, sans-serif;font-size: 12pt\">Organizowane przez nas w latach 2012 i 2013 letnie szko\u0142y obejmowa\u0142y ca\u0142y szereg element\u00f3w, w\u015br\u00f3d kt\u00f3rych nale\u017cy wymieni\u0107: 70 godzin zaj\u0119\u0107 dydaktycznych z j\u0119zyka polskiego, wyk\u0142ady na tematy spo\u0142eczno\u2013historyczno \u2013 kulturalne, warsztaty tematyczne (kulinarne, taneczne, filmowe, garncarskie, pisania ikon), podczas kt\u00f3rych nasi Erasmusi zdobywali praktyczn\u0105 wiedz\u0119 o Polsce i Polakach, gr\u0119 miejsk\u0105 oraz spacery po mie\u015bcie, ca\u0142odniowe wycieczki, wsp\u00f3lne wyj\u015bcia i inne imprezy. Zaj\u0119cia prowadzili do\u015bwiadczeni pedagodzy pos\u0142uguj\u0105cy si\u0119 metod\u0105 komunikacyjn\u0105, dzi\u0119ki czemu s\u0142uchacze nauczyli si\u0119 porozumiewa\u0107 po polsku w podstawowych sytuacjach \u017cycia codziennego.&nbsp;<\/span><\/p>\n<div id='gallery-2' class='gallery galleryid-9067 gallery-columns-3 gallery-size-full'><figure class='gallery-item'>\n\t\t\t<div class='gallery-icon landscape'>\n\t\t\t\t<a href='https:\/\/pb.edu.pl\/sjo\/wp-content\/uploads\/sites\/9\/2020\/08\/DSC2297.jpg'><img loading=\"lazy\" decoding=\"async\" width=\"1630\" height=\"1080\" src=\"https:\/\/pb.edu.pl\/sjo\/wp-content\/uploads\/sites\/9\/2020\/08\/DSC2297.jpg\" class=\"attachment-full size-full\" alt=\"Zabawy integracyjne w dniu rozpocz\u0119cia szko\u0142y letniej\" srcset=\"https:\/\/pb.edu.pl\/sjo\/wp-content\/uploads\/sites\/9\/2020\/08\/DSC2297.jpg 1630w, https:\/\/pb.edu.pl\/sjo\/wp-content\/uploads\/sites\/9\/2020\/08\/DSC2297-300x200.jpg 300w, https:\/\/pb.edu.pl\/sjo\/wp-content\/uploads\/sites\/9\/2020\/08\/DSC2297-1024x678.jpg 1024w, https:\/\/pb.edu.pl\/sjo\/wp-content\/uploads\/sites\/9\/2020\/08\/DSC2297-768x509.jpg 768w, https:\/\/pb.edu.pl\/sjo\/wp-content\/uploads\/sites\/9\/2020\/08\/DSC2297-1536x1018.jpg 1536w\" sizes=\"auto, (max-width: 1630px) 100vw, 1630px\" \/><\/a>\n\t\t\t<\/div><\/figure><figure class='gallery-item'>\n\t\t\t<div class='gallery-icon landscape'>\n\t\t\t\t<a href='https:\/\/pb.edu.pl\/sjo\/wp-content\/uploads\/sites\/9\/2020\/08\/DSC0111.jpg'><img loading=\"lazy\" decoding=\"async\" width=\"1631\" height=\"1080\" src=\"https:\/\/pb.edu.pl\/sjo\/wp-content\/uploads\/sites\/9\/2020\/08\/DSC0111.jpg\" class=\"attachment-full size-full\" alt=\"letnie szko\u0142y j\u0119zyka polskiego\" srcset=\"https:\/\/pb.edu.pl\/sjo\/wp-content\/uploads\/sites\/9\/2020\/08\/DSC0111.jpg 1631w, https:\/\/pb.edu.pl\/sjo\/wp-content\/uploads\/sites\/9\/2020\/08\/DSC0111-300x200.jpg 300w, https:\/\/pb.edu.pl\/sjo\/wp-content\/uploads\/sites\/9\/2020\/08\/DSC0111-1024x678.jpg 1024w, https:\/\/pb.edu.pl\/sjo\/wp-content\/uploads\/sites\/9\/2020\/08\/DSC0111-768x509.jpg 768w, https:\/\/pb.edu.pl\/sjo\/wp-content\/uploads\/sites\/9\/2020\/08\/DSC0111-1536x1017.jpg 1536w\" sizes=\"auto, (max-width: 1631px) 100vw, 1631px\" \/><\/a>\n\t\t\t<\/div><\/figure><figure class='gallery-item'>\n\t\t\t<div class='gallery-icon landscape'>\n\t\t\t\t<a href='https:\/\/pb.edu.pl\/sjo\/wp-content\/uploads\/sites\/9\/2020\/08\/DSC2365.jpg'><img loading=\"lazy\" decoding=\"async\" width=\"1631\" height=\"1080\" src=\"https:\/\/pb.edu.pl\/sjo\/wp-content\/uploads\/sites\/9\/2020\/08\/DSC2365.jpg\" class=\"attachment-full size-full\" alt=\"uczestnicy szko\u0142y letniej na drezynach w Bia\u0142owie\u017cy\" srcset=\"https:\/\/pb.edu.pl\/sjo\/wp-content\/uploads\/sites\/9\/2020\/08\/DSC2365.jpg 1631w, https:\/\/pb.edu.pl\/sjo\/wp-content\/uploads\/sites\/9\/2020\/08\/DSC2365-300x200.jpg 300w, https:\/\/pb.edu.pl\/sjo\/wp-content\/uploads\/sites\/9\/2020\/08\/DSC2365-1024x678.jpg 1024w, https:\/\/pb.edu.pl\/sjo\/wp-content\/uploads\/sites\/9\/2020\/08\/DSC2365-768x509.jpg 768w, https:\/\/pb.edu.pl\/sjo\/wp-content\/uploads\/sites\/9\/2020\/08\/DSC2365-1536x1017.jpg 1536w\" sizes=\"auto, (max-width: 1631px) 100vw, 1631px\" \/><\/a>\n\t\t\t<\/div><\/figure>\n\t\t<\/div>\n\n<p><span style=\"font-family: verdana, geneva, sans-serif;font-size: 12pt\">Program kulturalno\u2013krajoznawczy zosta\u0142 opracowany tak, aby pokaza\u0107 naszym kursantom wielokulturowo\u015b\u0107 Podlasia. Trasy wycieczek i pieszych w\u0119dr\u00f3wek ods\u0142ania\u0142y elementy kultur mniejszo\u015bci narodowych od stuleci zamieszkuj\u0105cych nasze tereny. Zwiedzili cerkwie w regionie i uczyli si\u0119 pisa\u0107 ikony w Muzeum Ikon w Supra\u015blu, odwiedzili meczet, mizar i jurt\u0119 tatarsk\u0105 w Kruszynianach, w Tykocinie poznali histori\u0119 \u017byd\u00f3w Podlasia. Oczywi\u015bcie zwiedzili r\u00f3wnie\u017c najciekawsze atrakcje turystyczne Bia\u0142egostoku, z pa\u0142acem i zespo\u0142em ogrodowym Branickich oraz Bazylik\u0105 Katedraln\u0105 na czele. W Bia\u0142owie\u017cy stan\u0119li oko w oko z \u017cubrami, a w \u015aliwnie tratwami przeprawiali si\u0119 przez rozlewiska rzeki Narew. Organizatorki zadba\u0142y o to, aby go\u015bcie spr\u00f3bowali specja\u0142\u00f3w kuchni regionalnej, takich jak pierogi, kartacze, babka ziemniaczana czy ko\u0142duny.<\/span><\/p>\n<p>&nbsp;<\/p>\n<p><span style=\"font-family: verdana, geneva, sans-serif;font-size: 12pt\"><a title=\"Otworzy si\u0119 w nowej karcie.\" href=\"http:\/\/eilc.pb.edu.pl\/\" target=\"_blank\" rel=\"noopener noreferrer\"><strong>Letnie szko\u0142y j\u0119zyka polskiego<\/strong><\/a><\/span><\/p>\n<p><span style=\"font-size: 12pt\">A oto, co dok\u0142adnie po 10 latach napisali nasi uczestnicy na naszej stronie na Facebook&#8217;u:<\/span><\/p>\n<div class=\"xdj266r x11i5rnm xat24cr x1mh8g0r x1vvkbs x126k92a\">\n<div dir=\"auto\"><span style=\"font-size: 12pt\">Hi all!<\/span><\/div>\n<div dir=\"auto\"><span style=\"font-size: 12pt\">I just want to say that exactly 10 years I arrived to Poland and I went straight to Bialystok to get the best experience of my life. Until today I consider this day the one that most changed my life. I can say that even after 10 years I still remember all of our experiences, professors and friends that I made during the time I spent there. It definitely changed my life. Because of that I decided to write it here today and I want to say thank you to all that were part of this experience of my life. For 10 straight years I kept remember and missing you! And I&#8217;m sure that this feeling will go on for the rest of my life.<\/span><\/div>\n<div dir=\"auto\"><span style=\"font-size: 12pt\">I hope to find you well and I constantly wish to see you all again!<\/span><\/div>\n<div dir=\"auto\"><span style=\"font-size: 12pt\">So many many good memories that I have from there!<\/span><\/div>\n<\/div>\n<div class=\"x11i5rnm xat24cr x1mh8g0r x1vvkbs xtlvy1s x126k92a\">\n<div dir=\"auto\"><span style=\"font-size: 12pt\">I really mean it from the deepest part of my heart:<\/span><\/div>\n<div dir=\"auto\"><span style=\"font-size: 12pt\">Dzi\u0119kuj\u0119! Na Zdrowie!<\/span><\/div>\n<div dir=\"auto\"><span style=\"font-size: 12pt\">(<a href=\"https:\/\/www.facebook.com\/groups\/566485866717248\">Luis Cunha<\/a>)<\/span><\/div>\n<\/div>\n<div dir=\"auto\">&nbsp;<\/div>\n<div dir=\"auto\">\n<div class=\"x1lliihq xjkvuk6 x1iorvi4\">\n<div class=\"xdj266r x11i5rnm xat24cr x1mh8g0r x1vvkbs\">\n<div dir=\"auto\"><span style=\"font-size: 12pt\">I can only add with my thanks. It was a great time and I love to remember it. Thanks to all the teachers for their kindness and enthusiasm and to all my fellow students. And thanks to Luis for reminding us! <\/span><\/div>\n<div dir=\"auto\"><span class=\"\" style=\"font-size: 12pt\"><span class=\"xt0psk2\">(<a class=\"x1i10hfl xjbqb8w x6umtig x1b1mbwd xaqea5y xav7gou x9f619 x1ypdohk xt0psk2 xe8uvvx xdj266r x11i5rnm xat24cr x1mh8g0r xexx8yu x4uap5 x18d9i69 xkhd6sd x16tdsg8 x1hl2dhg xggy1nq x1a2a7pz x1heor9g xt0b8zv\" role=\"link\" href=\"https:\/\/www.facebook.com\/groups\/566485866717248\/user\/100002558852497\/?__cft__[0]=AZVaRaBz6YJZnMnpvmx9vlEATTX1-ZlduPkYi26wE3IGU8e3VhYTMmy9BIbyyUGo7uBdDzjJjG8WaMunva_A75mkvWL5cJDxY0gsWyOkXlBP0DbUMDfagpuSP3DPYWkMzQ2E6g_ORqt6Vrkzwq-yb_4vmTlm1g9996Vz6AbHiZKjCEmBafO09FNdjOdcr6NMUPA&amp;__tn__=R]-R\" aria-hidden=\"false\"><span class=\"x3nfvp2\"><span class=\"x193iq5w xeuugli x13faqbe x1vvkbs x1xmvt09 x1lliihq x1s928wv xhkezso x1gmr53x x1cpjm7i x1fgarty x1943h6x x4zkp8e x676frb x1nxh6w3 x1sibtaa x1s688f xzsf02u\" dir=\"auto\">Petra Kla\u0161kov\u00e1)<\/span><\/span><\/a><\/span><\/span><\/div>\n<div dir=\"auto\">&nbsp;<\/div>\n<\/div>\n<\/div>\n<div dir=\"auto\">source: <a href=\"https:\/\/www.facebook.com\/groups\/566485866717248\">http:\/\/BUT EILC 2<\/a><\/div>\n<div dir=\"auto\">&nbsp;<\/div>\n<\/div>\n<div id='gallery-3' class='gallery galleryid-9067 gallery-columns-3 gallery-size-full'><figure class='gallery-item'>\n\t\t\t<div class='gallery-icon portrait'>\n\t\t\t\t<a href='https:\/\/pb.edu.pl\/sjo\/wp-content\/uploads\/sites\/9\/2020\/08\/IMG_9766.jpg'><img loading=\"lazy\" decoding=\"async\" width=\"1080\" height=\"1440\" src=\"https:\/\/pb.edu.pl\/sjo\/wp-content\/uploads\/sites\/9\/2020\/08\/IMG_9766.jpg\" class=\"attachment-full size-full\" alt=\"uczestniczka szko\u0142y letniej podczas warsztat\u00f3w garncarstwa w Jurowcach\" srcset=\"https:\/\/pb.edu.pl\/sjo\/wp-content\/uploads\/sites\/9\/2020\/08\/IMG_9766.jpg 1080w, https:\/\/pb.edu.pl\/sjo\/wp-content\/uploads\/sites\/9\/2020\/08\/IMG_9766-225x300.jpg 225w, https:\/\/pb.edu.pl\/sjo\/wp-content\/uploads\/sites\/9\/2020\/08\/IMG_9766-768x1024.jpg 768w\" sizes=\"auto, (max-width: 1080px) 100vw, 1080px\" \/><\/a>\n\t\t\t<\/div><\/figure><figure class='gallery-item'>\n\t\t\t<div class='gallery-icon portrait'>\n\t\t\t\t<a href='https:\/\/pb.edu.pl\/sjo\/wp-content\/uploads\/sites\/9\/2020\/08\/Obraz-040.jpg'><img loading=\"lazy\" decoding=\"async\" width=\"1080\" height=\"1440\" src=\"https:\/\/pb.edu.pl\/sjo\/wp-content\/uploads\/sites\/9\/2020\/08\/Obraz-040.jpg\" class=\"attachment-full size-full\" alt=\"uczestniczka szko\u0142y letniej z w\u0142asnor\u0119cznie wykonan\u0105 ikon\u0105 po warsztacie pisania ikon w Supra\u015blu\" srcset=\"https:\/\/pb.edu.pl\/sjo\/wp-content\/uploads\/sites\/9\/2020\/08\/Obraz-040.jpg 1080w, https:\/\/pb.edu.pl\/sjo\/wp-content\/uploads\/sites\/9\/2020\/08\/Obraz-040-225x300.jpg 225w, https:\/\/pb.edu.pl\/sjo\/wp-content\/uploads\/sites\/9\/2020\/08\/Obraz-040-768x1024.jpg 768w\" sizes=\"auto, (max-width: 1080px) 100vw, 1080px\" \/><\/a>\n\t\t\t<\/div><\/figure><figure class='gallery-item'>\n\t\t\t<div class='gallery-icon portrait'>\n\t\t\t\t<a href='https:\/\/pb.edu.pl\/sjo\/wp-content\/uploads\/sites\/9\/2020\/08\/Obraz-017.jpg'><img loading=\"lazy\" decoding=\"async\" width=\"1080\" height=\"1440\" src=\"https:\/\/pb.edu.pl\/sjo\/wp-content\/uploads\/sites\/9\/2020\/08\/Obraz-017.jpg\" class=\"attachment-full size-full\" alt=\"studenci zagraniczni w Muzeum Ikon a Supra\u015blu\" srcset=\"https:\/\/pb.edu.pl\/sjo\/wp-content\/uploads\/sites\/9\/2020\/08\/Obraz-017.jpg 1080w, https:\/\/pb.edu.pl\/sjo\/wp-content\/uploads\/sites\/9\/2020\/08\/Obraz-017-225x300.jpg 225w, https:\/\/pb.edu.pl\/sjo\/wp-content\/uploads\/sites\/9\/2020\/08\/Obraz-017-768x1024.jpg 768w\" sizes=\"auto, (max-width: 1080px) 100vw, 1080px\" \/><\/a>\n\t\t\t<\/div><\/figure>\n\t\t<\/div>\n\n<p><span style=\"font-family: verdana, geneva, sans-serif;font-size: 12pt\"><img loading=\"lazy\" decoding=\"async\" class=\"alignnone wp-image-8398 size-full\" src=\"https:\/\/pb.edu.pl\/sjo\/wp-content\/uploads\/sites\/9\/2020\/08\/IMG_2812-5-scaled.jpg\" alt=\"organizatorki i uczestnicy podczas zako\u0144czenia szko\u0142y letniej j\u0119zyka polskiego w 2013 r\" width=\"2560\" height=\"970\" srcset=\"https:\/\/pb.edu.pl\/sjo\/wp-content\/uploads\/sites\/9\/2020\/08\/IMG_2812-5-scaled.jpg 2560w, https:\/\/pb.edu.pl\/sjo\/wp-content\/uploads\/sites\/9\/2020\/08\/IMG_2812-5-300x114.jpg 300w, https:\/\/pb.edu.pl\/sjo\/wp-content\/uploads\/sites\/9\/2020\/08\/IMG_2812-5-1024x388.jpg 1024w, https:\/\/pb.edu.pl\/sjo\/wp-content\/uploads\/sites\/9\/2020\/08\/IMG_2812-5-768x291.jpg 768w, https:\/\/pb.edu.pl\/sjo\/wp-content\/uploads\/sites\/9\/2020\/08\/IMG_2812-5-1536x582.jpg 1536w, https:\/\/pb.edu.pl\/sjo\/wp-content\/uploads\/sites\/9\/2020\/08\/IMG_2812-5-2048x776.jpg 2048w\" sizes=\"auto, (max-width: 2560px) 100vw, 2560px\" \/><\/span><\/p>\n","protected":false},"excerpt":{"rendered":"<p>czyli Intensywne kursy j\u0119zykowe Erasmusa (Erasmus Intensive Language Courses &#8211; EILC) to kursy mniej znanych<\/p>\n","protected":false},"author":6,"featured_media":0,"parent":26310,"menu_order":3,"comment_status":"closed","ping_status":"closed","template":"","meta":{"_acf_changed":false,"ngg_post_thumbnail":0,"footnotes":""},"class_list":["post-9067","page","type-page","status-publish","hentry"],"acf":[],"yoast_head":"<!-- This site is optimized with the Yoast SEO plugin v27.0 - https:\/\/yoast.com\/product\/yoast-seo-wordpress\/ -->\n<title>Letnie szko\u0142y j\u0119zyka polskiego - Studium J\u0119zyk\u00f3w Obcych<\/title>\n<meta name=\"description\" content=\"czyli Intensywne kursy j\u0119zykowe Erasmusa (Erasmus Intensive Language Courses - EILC) to kursy mniej znanych j\u0119zyk\u00f3w UE i innych kraj\u00f3w uczestnicz\u0105cych w\" \/>\n<meta name=\"robots\" content=\"index, follow, max-snippet:-1, max-image-preview:large, max-video-preview:-1\" \/>\n<link rel=\"canonical\" href=\"https:\/\/pb.edu.pl\/sjo\/polish-lab\/wydarzenia-kulturalne\/nasze-flagowe-projekty\/letnie-szkoly-jezyka-polskiego\/\" \/>\n<meta property=\"og:locale\" content=\"pl_PL\" \/>\n<meta property=\"og:type\" content=\"article\" \/>\n<meta property=\"og:title\" content=\"Letnie szko\u0142y j\u0119zyka polskiego - Studium J\u0119zyk\u00f3w Obcych\" \/>\n<meta property=\"og:description\" content=\"czyli Intensywne kursy j\u0119zykowe Erasmusa (Erasmus Intensive Language Courses - EILC) to kursy mniej znanych j\u0119zyk\u00f3w UE i innych kraj\u00f3w uczestnicz\u0105cych w\" \/>\n<meta property=\"og:url\" content=\"https:\/\/pb.edu.pl\/sjo\/polish-lab\/wydarzenia-kulturalne\/nasze-flagowe-projekty\/letnie-szkoly-jezyka-polskiego\/\" \/>\n<meta property=\"og:site_name\" content=\"Studium J\u0119zyk\u00f3w Obcych\" \/>\n<meta property=\"article:modified_time\" content=\"2025-05-27T09:00:32+00:00\" \/>\n<meta property=\"og:image\" content=\"https:\/\/pb.edu.pl\/sjo\/wp-content\/uploads\/sites\/9\/2020\/08\/IMG_8454.jpg\" \/>\n<meta name=\"twitter:label1\" content=\"Szacowany czas czytania\" \/>\n\t<meta name=\"twitter:data1\" content=\"4 minuty\" \/>\n<script type=\"application\/ld+json\" class=\"yoast-schema-graph\">{\"@context\":\"https:\/\/schema.org\",\"@graph\":[{\"@type\":\"WebPage\",\"@id\":\"https:\/\/pb.edu.pl\/sjo\/polish-lab\/wydarzenia-kulturalne\/nasze-flagowe-projekty\/letnie-szkoly-jezyka-polskiego\/\",\"url\":\"https:\/\/pb.edu.pl\/sjo\/polish-lab\/wydarzenia-kulturalne\/nasze-flagowe-projekty\/letnie-szkoly-jezyka-polskiego\/\",\"name\":\"Letnie szko\u0142y j\u0119zyka polskiego - Studium J\u0119zyk\u00f3w Obcych\",\"isPartOf\":{\"@id\":\"https:\/\/pb.edu.pl\/sjo\/#website\"},\"primaryImageOfPage\":{\"@id\":\"https:\/\/pb.edu.pl\/sjo\/polish-lab\/wydarzenia-kulturalne\/nasze-flagowe-projekty\/letnie-szkoly-jezyka-polskiego\/#primaryimage\"},\"image\":{\"@id\":\"https:\/\/pb.edu.pl\/sjo\/polish-lab\/wydarzenia-kulturalne\/nasze-flagowe-projekty\/letnie-szkoly-jezyka-polskiego\/#primaryimage\"},\"thumbnailUrl\":\"https:\/\/pb.edu.pl\/sjo\/wp-content\/uploads\/sites\/9\/2020\/08\/IMG_2812-5-scaled.jpg\",\"datePublished\":\"2020-12-17T21:47:26+00:00\",\"dateModified\":\"2025-05-27T09:00:32+00:00\",\"description\":\"czyli Intensywne kursy j\u0119zykowe Erasmusa (Erasmus Intensive Language Courses - EILC) to kursy mniej znanych j\u0119zyk\u00f3w UE i innych kraj\u00f3w uczestnicz\u0105cych w\",\"breadcrumb\":{\"@id\":\"https:\/\/pb.edu.pl\/sjo\/polish-lab\/wydarzenia-kulturalne\/nasze-flagowe-projekty\/letnie-szkoly-jezyka-polskiego\/#breadcrumb\"},\"inLanguage\":\"pl-PL\",\"potentialAction\":[{\"@type\":\"ReadAction\",\"target\":[\"https:\/\/pb.edu.pl\/sjo\/polish-lab\/wydarzenia-kulturalne\/nasze-flagowe-projekty\/letnie-szkoly-jezyka-polskiego\/\"]}]},{\"@type\":\"ImageObject\",\"inLanguage\":\"pl-PL\",\"@id\":\"https:\/\/pb.edu.pl\/sjo\/polish-lab\/wydarzenia-kulturalne\/nasze-flagowe-projekty\/letnie-szkoly-jezyka-polskiego\/#primaryimage\",\"url\":\"https:\/\/pb.edu.pl\/sjo\/wp-content\/uploads\/sites\/9\/2020\/08\/IMG_2812-5-scaled.jpg\",\"contentUrl\":\"https:\/\/pb.edu.pl\/sjo\/wp-content\/uploads\/sites\/9\/2020\/08\/IMG_2812-5-scaled.jpg\",\"width\":2560,\"height\":970,\"caption\":\"letnie szko\u0142y j\u0119zyka polskiego\"},{\"@type\":\"BreadcrumbList\",\"@id\":\"https:\/\/pb.edu.pl\/sjo\/polish-lab\/wydarzenia-kulturalne\/nasze-flagowe-projekty\/letnie-szkoly-jezyka-polskiego\/#breadcrumb\",\"itemListElement\":[{\"@type\":\"ListItem\",\"position\":1,\"name\":\"Home\",\"item\":\"https:\/\/pb.edu.pl\/sjo\/\"},{\"@type\":\"ListItem\",\"position\":2,\"name\":\"Centrum J\u0119zyka i Kultury Polskiej POLISH LAB\",\"item\":\"https:\/\/pb.edu.pl\/sjo\/polish-lab\/\"},{\"@type\":\"ListItem\",\"position\":3,\"name\":\"Wydarzenia kulturalne\",\"item\":\"https:\/\/pb.edu.pl\/sjo\/polish-lab\/wydarzenia-kulturalne\/\"},{\"@type\":\"ListItem\",\"position\":4,\"name\":\"Nasze flagowe projekty\",\"item\":\"https:\/\/pb.edu.pl\/sjo\/polish-lab\/wydarzenia-kulturalne\/nasze-flagowe-projekty\/\"},{\"@type\":\"ListItem\",\"position\":5,\"name\":\"Letnie szko\u0142y j\u0119zyka polskiego\"}]},{\"@type\":\"WebSite\",\"@id\":\"https:\/\/pb.edu.pl\/sjo\/#website\",\"url\":\"https:\/\/pb.edu.pl\/sjo\/\",\"name\":\"Studium J\u0119zyk\u00f3w Obcych\",\"description\":\"\",\"potentialAction\":[{\"@type\":\"SearchAction\",\"target\":{\"@type\":\"EntryPoint\",\"urlTemplate\":\"https:\/\/pb.edu.pl\/sjo\/?s={search_term_string}\"},\"query-input\":{\"@type\":\"PropertyValueSpecification\",\"valueRequired\":true,\"valueName\":\"search_term_string\"}}],\"inLanguage\":\"pl-PL\"}]}<\/script>\n<!-- \/ Yoast SEO plugin. -->","yoast_head_json":{"title":"Letnie szko\u0142y j\u0119zyka polskiego - Studium J\u0119zyk\u00f3w Obcych","description":"czyli Intensywne kursy j\u0119zykowe Erasmusa (Erasmus Intensive Language Courses - EILC) to kursy mniej znanych j\u0119zyk\u00f3w UE i innych kraj\u00f3w uczestnicz\u0105cych w","robots":{"index":"index","follow":"follow","max-snippet":"max-snippet:-1","max-image-preview":"max-image-preview:large","max-video-preview":"max-video-preview:-1"},"canonical":"https:\/\/pb.edu.pl\/sjo\/polish-lab\/wydarzenia-kulturalne\/nasze-flagowe-projekty\/letnie-szkoly-jezyka-polskiego\/","og_locale":"pl_PL","og_type":"article","og_title":"Letnie szko\u0142y j\u0119zyka polskiego - Studium J\u0119zyk\u00f3w Obcych","og_description":"czyli Intensywne kursy j\u0119zykowe Erasmusa (Erasmus Intensive Language Courses - EILC) to kursy mniej znanych j\u0119zyk\u00f3w UE i innych kraj\u00f3w uczestnicz\u0105cych w","og_url":"https:\/\/pb.edu.pl\/sjo\/polish-lab\/wydarzenia-kulturalne\/nasze-flagowe-projekty\/letnie-szkoly-jezyka-polskiego\/","og_site_name":"Studium J\u0119zyk\u00f3w Obcych","article_modified_time":"2025-05-27T09:00:32+00:00","og_image":[{"url":"https:\/\/pb.edu.pl\/sjo\/wp-content\/uploads\/sites\/9\/2020\/08\/IMG_8454.jpg","type":"","width":"","height":""}],"twitter_misc":{"Szacowany czas czytania":"4 minuty"},"schema":{"@context":"https:\/\/schema.org","@graph":[{"@type":"WebPage","@id":"https:\/\/pb.edu.pl\/sjo\/polish-lab\/wydarzenia-kulturalne\/nasze-flagowe-projekty\/letnie-szkoly-jezyka-polskiego\/","url":"https:\/\/pb.edu.pl\/sjo\/polish-lab\/wydarzenia-kulturalne\/nasze-flagowe-projekty\/letnie-szkoly-jezyka-polskiego\/","name":"Letnie szko\u0142y j\u0119zyka polskiego - Studium J\u0119zyk\u00f3w Obcych","isPartOf":{"@id":"https:\/\/pb.edu.pl\/sjo\/#website"},"primaryImageOfPage":{"@id":"https:\/\/pb.edu.pl\/sjo\/polish-lab\/wydarzenia-kulturalne\/nasze-flagowe-projekty\/letnie-szkoly-jezyka-polskiego\/#primaryimage"},"image":{"@id":"https:\/\/pb.edu.pl\/sjo\/polish-lab\/wydarzenia-kulturalne\/nasze-flagowe-projekty\/letnie-szkoly-jezyka-polskiego\/#primaryimage"},"thumbnailUrl":"https:\/\/pb.edu.pl\/sjo\/wp-content\/uploads\/sites\/9\/2020\/08\/IMG_2812-5-scaled.jpg","datePublished":"2020-12-17T21:47:26+00:00","dateModified":"2025-05-27T09:00:32+00:00","description":"czyli Intensywne kursy j\u0119zykowe Erasmusa (Erasmus Intensive Language Courses - EILC) to kursy mniej znanych j\u0119zyk\u00f3w UE i innych kraj\u00f3w uczestnicz\u0105cych w","breadcrumb":{"@id":"https:\/\/pb.edu.pl\/sjo\/polish-lab\/wydarzenia-kulturalne\/nasze-flagowe-projekty\/letnie-szkoly-jezyka-polskiego\/#breadcrumb"},"inLanguage":"pl-PL","potentialAction":[{"@type":"ReadAction","target":["https:\/\/pb.edu.pl\/sjo\/polish-lab\/wydarzenia-kulturalne\/nasze-flagowe-projekty\/letnie-szkoly-jezyka-polskiego\/"]}]},{"@type":"ImageObject","inLanguage":"pl-PL","@id":"https:\/\/pb.edu.pl\/sjo\/polish-lab\/wydarzenia-kulturalne\/nasze-flagowe-projekty\/letnie-szkoly-jezyka-polskiego\/#primaryimage","url":"https:\/\/pb.edu.pl\/sjo\/wp-content\/uploads\/sites\/9\/2020\/08\/IMG_2812-5-scaled.jpg","contentUrl":"https:\/\/pb.edu.pl\/sjo\/wp-content\/uploads\/sites\/9\/2020\/08\/IMG_2812-5-scaled.jpg","width":2560,"height":970,"caption":"letnie szko\u0142y j\u0119zyka polskiego"},{"@type":"BreadcrumbList","@id":"https:\/\/pb.edu.pl\/sjo\/polish-lab\/wydarzenia-kulturalne\/nasze-flagowe-projekty\/letnie-szkoly-jezyka-polskiego\/#breadcrumb","itemListElement":[{"@type":"ListItem","position":1,"name":"Home","item":"https:\/\/pb.edu.pl\/sjo\/"},{"@type":"ListItem","position":2,"name":"Centrum J\u0119zyka i Kultury Polskiej POLISH LAB","item":"https:\/\/pb.edu.pl\/sjo\/polish-lab\/"},{"@type":"ListItem","position":3,"name":"Wydarzenia kulturalne","item":"https:\/\/pb.edu.pl\/sjo\/polish-lab\/wydarzenia-kulturalne\/"},{"@type":"ListItem","position":4,"name":"Nasze flagowe projekty","item":"https:\/\/pb.edu.pl\/sjo\/polish-lab\/wydarzenia-kulturalne\/nasze-flagowe-projekty\/"},{"@type":"ListItem","position":5,"name":"Letnie szko\u0142y j\u0119zyka polskiego"}]},{"@type":"WebSite","@id":"https:\/\/pb.edu.pl\/sjo\/#website","url":"https:\/\/pb.edu.pl\/sjo\/","name":"Studium J\u0119zyk\u00f3w Obcych","description":"","potentialAction":[{"@type":"SearchAction","target":{"@type":"EntryPoint","urlTemplate":"https:\/\/pb.edu.pl\/sjo\/?s={search_term_string}"},"query-input":{"@type":"PropertyValueSpecification","valueRequired":true,"valueName":"search_term_string"}}],"inLanguage":"pl-PL"}]}},"_links":{"self":[{"href":"https:\/\/pb.edu.pl\/sjo\/wp-json\/wp\/v2\/pages\/9067","targetHints":{"allow":["GET"]}}],"collection":[{"href":"https:\/\/pb.edu.pl\/sjo\/wp-json\/wp\/v2\/pages"}],"about":[{"href":"https:\/\/pb.edu.pl\/sjo\/wp-json\/wp\/v2\/types\/page"}],"author":[{"embeddable":true,"href":"https:\/\/pb.edu.pl\/sjo\/wp-json\/wp\/v2\/users\/6"}],"replies":[{"embeddable":true,"href":"https:\/\/pb.edu.pl\/sjo\/wp-json\/wp\/v2\/comments?post=9067"}],"version-history":[{"count":0,"href":"https:\/\/pb.edu.pl\/sjo\/wp-json\/wp\/v2\/pages\/9067\/revisions"}],"up":[{"embeddable":true,"href":"https:\/\/pb.edu.pl\/sjo\/wp-json\/wp\/v2\/pages\/26310"}],"wp:attachment":[{"href":"https:\/\/pb.edu.pl\/sjo\/wp-json\/wp\/v2\/media?parent=9067"}],"curies":[{"name":"wp","href":"https:\/\/api.w.org\/{rel}","templated":true}]}}