{"id":9065,"date":"2020-12-17T22:46:10","date_gmt":"2020-12-17T21:46:10","guid":{"rendered":"https:\/\/pb.edu.pl\/sjo\/?page_id=9065"},"modified":"2025-05-27T10:59:47","modified_gmt":"2025-05-27T08:59:47","slug":"tydzien-polski-w-jerez","status":"publish","type":"page","link":"https:\/\/pb.edu.pl\/sjo\/polish-lab\/wydarzenia-kulturalne\/nasze-flagowe-projekty\/tydzien-polski-w-jerez\/","title":{"rendered":"Tydzie\u0144 Polski w Jerez"},"content":{"rendered":"<p><span style=\"font-family: verdana, geneva, sans-serif;font-size: 12pt\">W dniach 25 &#8211; 29.09.2017 dwie cz\u0142onkinie Centrum J\u0119zyka i Kultury polskiej POLISH LAB, mgr Ma\u0142gorzata Komarewska i Alina Jab\u0142o\u0144ska Domurat, przebywa\u0142y z wizyt\u0105 robocz\u0105 w Departmento de Lenguas na uczelni Escuela de Arte w Jerez, w Hiszpanii, w ramach Programu Erasmus+. Escuela de Arte &nbsp;jako uczelnia wy\u017csza oferuje dwa kierunki: architektur\u0119 wn\u0119trz oraz projektowanie graficzne, ale prowadzi r\u00f3wnie\u017c w\u0142asn\u0105 szko\u0142\u0119 \u015bredni\u0105, kt\u00f3ra kszta\u0142ci technik\u00f3w g\u0142\u00f3wnie w dziedzinie renowacji zabytk\u00f3w i dzie\u0142 sztuki. Cz\u0119\u015b\u0107 absolwent\u00f3w tej szko\u0142y kontynuuje nauk\u0119 na jednym z kierunk\u00f3w oferowanych przez uczelni\u0119.<\/span><\/p>\n<div id='gallery-1' class='gallery galleryid-9065 gallery-columns-3 gallery-size-full'><figure class='gallery-item'>\n\t\t\t<div class='gallery-icon landscape'>\n\t\t\t\t<a href='https:\/\/pb.edu.pl\/sjo\/wp-content\/uploads\/sites\/9\/2021\/03\/mural-przedstawiajacy-czlowieka-w-masce-na-dziedzincu-Esuela-del-Arte-w-Jerez-Hiszpania.jpg'><img loading=\"lazy\" decoding=\"async\" width=\"1631\" height=\"1080\" src=\"https:\/\/pb.edu.pl\/sjo\/wp-content\/uploads\/sites\/9\/2021\/03\/mural-przedstawiajacy-czlowieka-w-masce-na-dziedzincu-Esuela-del-Arte-w-Jerez-Hiszpania.jpg\" class=\"attachment-full size-full\" alt=\"mural przedstawiaj\u0105cy cz\u0142owieka w masce na dziedzi\u0144cu Esuela del Arte w Jerez, Hiszpania\" srcset=\"https:\/\/pb.edu.pl\/sjo\/wp-content\/uploads\/sites\/9\/2021\/03\/mural-przedstawiajacy-czlowieka-w-masce-na-dziedzincu-Esuela-del-Arte-w-Jerez-Hiszpania.jpg 1631w, https:\/\/pb.edu.pl\/sjo\/wp-content\/uploads\/sites\/9\/2021\/03\/mural-przedstawiajacy-czlowieka-w-masce-na-dziedzincu-Esuela-del-Arte-w-Jerez-Hiszpania-300x200.jpg 300w, https:\/\/pb.edu.pl\/sjo\/wp-content\/uploads\/sites\/9\/2021\/03\/mural-przedstawiajacy-czlowieka-w-masce-na-dziedzincu-Esuela-del-Arte-w-Jerez-Hiszpania-1024x678.jpg 1024w, https:\/\/pb.edu.pl\/sjo\/wp-content\/uploads\/sites\/9\/2021\/03\/mural-przedstawiajacy-czlowieka-w-masce-na-dziedzincu-Esuela-del-Arte-w-Jerez-Hiszpania-768x509.jpg 768w, https:\/\/pb.edu.pl\/sjo\/wp-content\/uploads\/sites\/9\/2021\/03\/mural-przedstawiajacy-czlowieka-w-masce-na-dziedzincu-Esuela-del-Arte-w-Jerez-Hiszpania-1536x1017.jpg 1536w\" sizes=\"auto, (max-width: 1631px) 100vw, 1631px\" \/><\/a>\n\t\t\t<\/div><\/figure><figure class='gallery-item'>\n\t\t\t<div class='gallery-icon landscape'>\n\t\t\t\t<a href='https:\/\/pb.edu.pl\/sjo\/wp-content\/uploads\/sites\/9\/2021\/03\/plakat-reklamujacy-Polski-Tydzien-w-Esuela-del-Arte-w-Jerez-Hiszpania.jpg'><img loading=\"lazy\" decoding=\"async\" width=\"1630\" height=\"1080\" src=\"https:\/\/pb.edu.pl\/sjo\/wp-content\/uploads\/sites\/9\/2021\/03\/plakat-reklamujacy-Polski-Tydzien-w-Esuela-del-Arte-w-Jerez-Hiszpania.jpg\" class=\"attachment-full size-full\" alt=\"plakat reklamuj\u0105cy Polski Tydzie\u0144 w Esuela del Arte w Jerez, Hiszpania\" srcset=\"https:\/\/pb.edu.pl\/sjo\/wp-content\/uploads\/sites\/9\/2021\/03\/plakat-reklamujacy-Polski-Tydzien-w-Esuela-del-Arte-w-Jerez-Hiszpania.jpg 1630w, https:\/\/pb.edu.pl\/sjo\/wp-content\/uploads\/sites\/9\/2021\/03\/plakat-reklamujacy-Polski-Tydzien-w-Esuela-del-Arte-w-Jerez-Hiszpania-300x200.jpg 300w, https:\/\/pb.edu.pl\/sjo\/wp-content\/uploads\/sites\/9\/2021\/03\/plakat-reklamujacy-Polski-Tydzien-w-Esuela-del-Arte-w-Jerez-Hiszpania-1024x678.jpg 1024w, https:\/\/pb.edu.pl\/sjo\/wp-content\/uploads\/sites\/9\/2021\/03\/plakat-reklamujacy-Polski-Tydzien-w-Esuela-del-Arte-w-Jerez-Hiszpania-768x509.jpg 768w, https:\/\/pb.edu.pl\/sjo\/wp-content\/uploads\/sites\/9\/2021\/03\/plakat-reklamujacy-Polski-Tydzien-w-Esuela-del-Arte-w-Jerez-Hiszpania-1536x1018.jpg 1536w\" sizes=\"auto, (max-width: 1630px) 100vw, 1630px\" \/><\/a>\n\t\t\t<\/div><\/figure><figure class='gallery-item'>\n\t\t\t<div class='gallery-icon landscape'>\n\t\t\t\t<a href='https:\/\/pb.edu.pl\/sjo\/wp-content\/uploads\/sites\/9\/2021\/03\/rzezbba-na-dziedzincu-Escuela-del-Arte-w-Jerez-de-la-Frontera-Hiszpania.jpg'><img loading=\"lazy\" decoding=\"async\" width=\"1630\" height=\"1080\" src=\"https:\/\/pb.edu.pl\/sjo\/wp-content\/uploads\/sites\/9\/2021\/03\/rzezbba-na-dziedzincu-Escuela-del-Arte-w-Jerez-de-la-Frontera-Hiszpania.jpg\" class=\"attachment-full size-full\" alt=\"rze\u017aba na dziedzi\u0144cu Escuela del Arte w Jerez de la Frontera, Hiszpania\" srcset=\"https:\/\/pb.edu.pl\/sjo\/wp-content\/uploads\/sites\/9\/2021\/03\/rzezbba-na-dziedzincu-Escuela-del-Arte-w-Jerez-de-la-Frontera-Hiszpania.jpg 1630w, https:\/\/pb.edu.pl\/sjo\/wp-content\/uploads\/sites\/9\/2021\/03\/rzezbba-na-dziedzincu-Escuela-del-Arte-w-Jerez-de-la-Frontera-Hiszpania-300x200.jpg 300w, https:\/\/pb.edu.pl\/sjo\/wp-content\/uploads\/sites\/9\/2021\/03\/rzezbba-na-dziedzincu-Escuela-del-Arte-w-Jerez-de-la-Frontera-Hiszpania-1024x678.jpg 1024w, https:\/\/pb.edu.pl\/sjo\/wp-content\/uploads\/sites\/9\/2021\/03\/rzezbba-na-dziedzincu-Escuela-del-Arte-w-Jerez-de-la-Frontera-Hiszpania-768x509.jpg 768w, https:\/\/pb.edu.pl\/sjo\/wp-content\/uploads\/sites\/9\/2021\/03\/rzezbba-na-dziedzincu-Escuela-del-Arte-w-Jerez-de-la-Frontera-Hiszpania-1536x1018.jpg 1536w\" sizes=\"auto, (max-width: 1630px) 100vw, 1630px\" \/><\/a>\n\t\t\t<\/div><\/figure>\n\t\t<\/div>\n\n<p><span style=\"font-family: verdana, geneva, sans-serif;font-size: 12pt\">W Escuela de Arte przeprowadzi\u0142y\u015bmy projekt pt. Tydzie\u0144 Polski, czyli tydzie\u0144 z kultur\u0105 i sztuk\u0105 polsk\u0105, jak r\u00f3wnie\u017c z pewn\u0105 doz\u0105 j\u0119zyka polskiego. Wydarzenie to przygotowywa\u0142y\u015bmy wsp\u00f3lnie ze stron\u0105 hiszpa\u0144sk\u0105 przez kilka tygodni przed naszym wyjazdem. Poniewa\u017c jest to uczelnia artystyczna, przewa\u017ca\u0142y zagadnienia dotycz\u0105ce sztuki, niemniej jednak ka\u017cdego dnia koncentrowali\u015bmy si\u0119 na innych aspektach kultury. Tematami naszych prezentacji by\u0142y zatem malarstwo i rze\u017aba, architektura, muzyka, film i teatr, kuchnia polska oraz \u017cycie codzienne z elementami historii najnowszej. Cz\u0119\u015b\u0107 muzyczna by\u0142a wzbogacona fragmentami polskiej muzyki klasycznej oraz wsp\u00f3\u0142czesnej.<\/span><\/p>\n<p><span style=\"font-family: verdana, geneva, sans-serif;font-size: 12pt\">Zorganizowali\u015bmy r\u00f3wnie\u017c wystaw\u0119 zdj\u0119\u0107 s\u0142ynnych Polak\u00f3w, reprodukcji wybranych dzie\u0142 sztuki polskiej oraz zabytkowych i wsp\u00f3\u0142czesnych konstrukcji architektonicznych. Ekspozycja zosta\u0142a umiejscowiona w arkadach otaczaj\u0105cych g\u0142\u00f3wny dziedziniec budynku uczelni. Nie zabrak\u0142o te\u017c pocz\u0119stunku dla nauczycieli i student\u00f3w, kt\u00f3ry sk\u0142ada\u0142 si\u0119 z przywiezionych przez nas polskich specja\u0142\u00f3w, tj. kabanos\u00f3w, ser\u00f3w oraz s\u0142odyczy.<\/span><\/p>\n<p><span style=\"font-family: verdana, geneva, sans-serif;font-size: 12pt\">By\u0142 to tydzie\u0144 intensywnej pracy, kt\u00f3ra da\u0142a nam mn\u00f3stwo satysfakcji, g\u0142\u00f3wnie dzi\u0119ki licznym s\u0142owom uznania ze strony spo\u0142eczno\u015bci akademickiej. Poprzez promowanie kultury i j\u0119zyka polskiego chcia\u0142y\u015bmy zach\u0119ci\u0107 student\u00f3w do podj\u0119cia nauki na Wydziale Architektury PB w ramach Programu Erasmus+ oraz nauczycieli do z\u0142o\u017cenia wizyty partnerskiej w naszej uczelni<\/span>.<\/p>\n<div id='gallery-2' class='gallery galleryid-9065 gallery-columns-3 gallery-size-full'><figure class='gallery-item'>\n\t\t\t<div class='gallery-icon landscape'>\n\t\t\t\t<a href='https:\/\/pb.edu.pl\/sjo\/wp-content\/uploads\/sites\/9\/2021\/03\/fragmemt-wystawy-zdjec-obrazujacych-polska-kulture-na-dziedzincu-uczelni.jpg'><img loading=\"lazy\" decoding=\"async\" width=\"1630\" height=\"1080\" src=\"https:\/\/pb.edu.pl\/sjo\/wp-content\/uploads\/sites\/9\/2021\/03\/fragmemt-wystawy-zdjec-obrazujacych-polska-kulture-na-dziedzincu-uczelni.jpg\" class=\"attachment-full size-full\" alt=\"fragmemt wystawy zdj\u0119\u0107 obrazuj\u0105cych polsk\u0105 kultur\u0119 na dziedzi\u0144cu uczelni\" srcset=\"https:\/\/pb.edu.pl\/sjo\/wp-content\/uploads\/sites\/9\/2021\/03\/fragmemt-wystawy-zdjec-obrazujacych-polska-kulture-na-dziedzincu-uczelni.jpg 1630w, https:\/\/pb.edu.pl\/sjo\/wp-content\/uploads\/sites\/9\/2021\/03\/fragmemt-wystawy-zdjec-obrazujacych-polska-kulture-na-dziedzincu-uczelni-300x200.jpg 300w, https:\/\/pb.edu.pl\/sjo\/wp-content\/uploads\/sites\/9\/2021\/03\/fragmemt-wystawy-zdjec-obrazujacych-polska-kulture-na-dziedzincu-uczelni-1024x678.jpg 1024w, https:\/\/pb.edu.pl\/sjo\/wp-content\/uploads\/sites\/9\/2021\/03\/fragmemt-wystawy-zdjec-obrazujacych-polska-kulture-na-dziedzincu-uczelni-768x509.jpg 768w, https:\/\/pb.edu.pl\/sjo\/wp-content\/uploads\/sites\/9\/2021\/03\/fragmemt-wystawy-zdjec-obrazujacych-polska-kulture-na-dziedzincu-uczelni-1536x1018.jpg 1536w\" sizes=\"auto, (max-width: 1630px) 100vw, 1630px\" \/><\/a>\n\t\t\t<\/div><\/figure><figure class='gallery-item'>\n\t\t\t<div class='gallery-icon landscape'>\n\t\t\t\t<a href='https:\/\/pb.edu.pl\/sjo\/wp-content\/uploads\/sites\/9\/2021\/03\/studenci-hiszpanscy-po-zwiedzaniu-wystawy.jpg'><img loading=\"lazy\" decoding=\"async\" width=\"1631\" height=\"1080\" src=\"https:\/\/pb.edu.pl\/sjo\/wp-content\/uploads\/sites\/9\/2021\/03\/studenci-hiszpanscy-po-zwiedzaniu-wystawy.jpg\" class=\"attachment-full size-full\" alt=\"studenci hiszpa\u0144scy po zwiedzaniu wystawy\" srcset=\"https:\/\/pb.edu.pl\/sjo\/wp-content\/uploads\/sites\/9\/2021\/03\/studenci-hiszpanscy-po-zwiedzaniu-wystawy.jpg 1631w, https:\/\/pb.edu.pl\/sjo\/wp-content\/uploads\/sites\/9\/2021\/03\/studenci-hiszpanscy-po-zwiedzaniu-wystawy-300x200.jpg 300w, https:\/\/pb.edu.pl\/sjo\/wp-content\/uploads\/sites\/9\/2021\/03\/studenci-hiszpanscy-po-zwiedzaniu-wystawy-1024x678.jpg 1024w, https:\/\/pb.edu.pl\/sjo\/wp-content\/uploads\/sites\/9\/2021\/03\/studenci-hiszpanscy-po-zwiedzaniu-wystawy-768x509.jpg 768w, https:\/\/pb.edu.pl\/sjo\/wp-content\/uploads\/sites\/9\/2021\/03\/studenci-hiszpanscy-po-zwiedzaniu-wystawy-1536x1017.jpg 1536w\" sizes=\"auto, (max-width: 1631px) 100vw, 1631px\" \/><\/a>\n\t\t\t<\/div><\/figure><figure class='gallery-item'>\n\t\t\t<div class='gallery-icon landscape'>\n\t\t\t\t<a href='https:\/\/pb.edu.pl\/sjo\/wp-content\/uploads\/sites\/9\/2021\/03\/fragment-wystawy-na-scianie-budynku-uczelnianego-w-Jerez-de-la-Frontera.jpg'><img loading=\"lazy\" decoding=\"async\" width=\"1630\" height=\"1080\" src=\"https:\/\/pb.edu.pl\/sjo\/wp-content\/uploads\/sites\/9\/2021\/03\/fragment-wystawy-na-scianie-budynku-uczelnianego-w-Jerez-de-la-Frontera.jpg\" class=\"attachment-full size-full\" alt=\"fragment wystawy na \u015bcianie budynku uczelnianego w Jerez de la Frontera\" srcset=\"https:\/\/pb.edu.pl\/sjo\/wp-content\/uploads\/sites\/9\/2021\/03\/fragment-wystawy-na-scianie-budynku-uczelnianego-w-Jerez-de-la-Frontera.jpg 1630w, https:\/\/pb.edu.pl\/sjo\/wp-content\/uploads\/sites\/9\/2021\/03\/fragment-wystawy-na-scianie-budynku-uczelnianego-w-Jerez-de-la-Frontera-300x200.jpg 300w, https:\/\/pb.edu.pl\/sjo\/wp-content\/uploads\/sites\/9\/2021\/03\/fragment-wystawy-na-scianie-budynku-uczelnianego-w-Jerez-de-la-Frontera-1024x678.jpg 1024w, https:\/\/pb.edu.pl\/sjo\/wp-content\/uploads\/sites\/9\/2021\/03\/fragment-wystawy-na-scianie-budynku-uczelnianego-w-Jerez-de-la-Frontera-768x509.jpg 768w, https:\/\/pb.edu.pl\/sjo\/wp-content\/uploads\/sites\/9\/2021\/03\/fragment-wystawy-na-scianie-budynku-uczelnianego-w-Jerez-de-la-Frontera-1536x1018.jpg 1536w\" sizes=\"auto, (max-width: 1630px) 100vw, 1630px\" \/><\/a>\n\t\t\t<\/div><\/figure><figure class='gallery-item'>\n\t\t\t<div class='gallery-icon landscape'>\n\t\t\t\t<a href='https:\/\/pb.edu.pl\/sjo\/wp-content\/uploads\/sites\/9\/2021\/03\/dwie-lektorki-prowadzace-Polski-Tydzien-w-otoczeniu-stydentow-podczas-degustacji.jpg'><img loading=\"lazy\" decoding=\"async\" width=\"1620\" height=\"1080\" src=\"https:\/\/pb.edu.pl\/sjo\/wp-content\/uploads\/sites\/9\/2021\/03\/dwie-lektorki-prowadzace-Polski-Tydzien-w-otoczeniu-stydentow-podczas-degustacji.jpg\" class=\"attachment-full size-full\" alt=\"dwie lektorki prowadz\u0105ce Polski Tydzie\u0144 w otoczeniu stydent\u00f3w podczas degustacji\" srcset=\"https:\/\/pb.edu.pl\/sjo\/wp-content\/uploads\/sites\/9\/2021\/03\/dwie-lektorki-prowadzace-Polski-Tydzien-w-otoczeniu-stydentow-podczas-degustacji.jpg 1620w, https:\/\/pb.edu.pl\/sjo\/wp-content\/uploads\/sites\/9\/2021\/03\/dwie-lektorki-prowadzace-Polski-Tydzien-w-otoczeniu-stydentow-podczas-degustacji-300x200.jpg 300w, https:\/\/pb.edu.pl\/sjo\/wp-content\/uploads\/sites\/9\/2021\/03\/dwie-lektorki-prowadzace-Polski-Tydzien-w-otoczeniu-stydentow-podczas-degustacji-1024x683.jpg 1024w, https:\/\/pb.edu.pl\/sjo\/wp-content\/uploads\/sites\/9\/2021\/03\/dwie-lektorki-prowadzace-Polski-Tydzien-w-otoczeniu-stydentow-podczas-degustacji-768x512.jpg 768w, https:\/\/pb.edu.pl\/sjo\/wp-content\/uploads\/sites\/9\/2021\/03\/dwie-lektorki-prowadzace-Polski-Tydzien-w-otoczeniu-stydentow-podczas-degustacji-1536x1024.jpg 1536w, https:\/\/pb.edu.pl\/sjo\/wp-content\/uploads\/sites\/9\/2021\/03\/dwie-lektorki-prowadzace-Polski-Tydzien-w-otoczeniu-stydentow-podczas-degustacji-480x320.jpg 480w\" sizes=\"auto, (max-width: 1620px) 100vw, 1620px\" \/><\/a>\n\t\t\t<\/div><\/figure><figure class='gallery-item'>\n\t\t\t<div class='gallery-icon landscape'>\n\t\t\t\t<a href='https:\/\/pb.edu.pl\/sjo\/wp-content\/uploads\/sites\/9\/2021\/03\/studenci-uczelni-pokazuja-jak-bardzo-smakuja-im-polskie-specjaly.jpg'><img loading=\"lazy\" decoding=\"async\" width=\"1619\" height=\"1080\" src=\"https:\/\/pb.edu.pl\/sjo\/wp-content\/uploads\/sites\/9\/2021\/03\/studenci-uczelni-pokazuja-jak-bardzo-smakuja-im-polskie-specjaly.jpg\" class=\"attachment-full size-full\" alt=\"studenci uczelni pokazuj\u0105, jak bardzo smakuj\u0105 im polskie specja\u0142y\" srcset=\"https:\/\/pb.edu.pl\/sjo\/wp-content\/uploads\/sites\/9\/2021\/03\/studenci-uczelni-pokazuja-jak-bardzo-smakuja-im-polskie-specjaly.jpg 1619w, https:\/\/pb.edu.pl\/sjo\/wp-content\/uploads\/sites\/9\/2021\/03\/studenci-uczelni-pokazuja-jak-bardzo-smakuja-im-polskie-specjaly-300x200.jpg 300w, https:\/\/pb.edu.pl\/sjo\/wp-content\/uploads\/sites\/9\/2021\/03\/studenci-uczelni-pokazuja-jak-bardzo-smakuja-im-polskie-specjaly-1024x683.jpg 1024w, https:\/\/pb.edu.pl\/sjo\/wp-content\/uploads\/sites\/9\/2021\/03\/studenci-uczelni-pokazuja-jak-bardzo-smakuja-im-polskie-specjaly-768x512.jpg 768w, https:\/\/pb.edu.pl\/sjo\/wp-content\/uploads\/sites\/9\/2021\/03\/studenci-uczelni-pokazuja-jak-bardzo-smakuja-im-polskie-specjaly-1536x1025.jpg 1536w, https:\/\/pb.edu.pl\/sjo\/wp-content\/uploads\/sites\/9\/2021\/03\/studenci-uczelni-pokazuja-jak-bardzo-smakuja-im-polskie-specjaly-480x320.jpg 480w\" sizes=\"auto, (max-width: 1619px) 100vw, 1619px\" \/><\/a>\n\t\t\t<\/div><\/figure><figure class='gallery-item'>\n\t\t\t<div class='gallery-icon landscape'>\n\t\t\t\t<a href='https:\/\/pb.edu.pl\/sjo\/wp-content\/uploads\/sites\/9\/2021\/03\/prezenta-na-temat-polskiej-kultury-na-uczelni-w-Jerez.jpg'><img loading=\"lazy\" decoding=\"async\" width=\"1620\" height=\"1080\" src=\"https:\/\/pb.edu.pl\/sjo\/wp-content\/uploads\/sites\/9\/2021\/03\/prezenta-na-temat-polskiej-kultury-na-uczelni-w-Jerez.jpg\" class=\"attachment-full size-full\" alt=\"prezenta na temat polskiej kultury na uczelni w Jerez\" srcset=\"https:\/\/pb.edu.pl\/sjo\/wp-content\/uploads\/sites\/9\/2021\/03\/prezenta-na-temat-polskiej-kultury-na-uczelni-w-Jerez.jpg 1620w, https:\/\/pb.edu.pl\/sjo\/wp-content\/uploads\/sites\/9\/2021\/03\/prezenta-na-temat-polskiej-kultury-na-uczelni-w-Jerez-300x200.jpg 300w, https:\/\/pb.edu.pl\/sjo\/wp-content\/uploads\/sites\/9\/2021\/03\/prezenta-na-temat-polskiej-kultury-na-uczelni-w-Jerez-1024x683.jpg 1024w, https:\/\/pb.edu.pl\/sjo\/wp-content\/uploads\/sites\/9\/2021\/03\/prezenta-na-temat-polskiej-kultury-na-uczelni-w-Jerez-768x512.jpg 768w, https:\/\/pb.edu.pl\/sjo\/wp-content\/uploads\/sites\/9\/2021\/03\/prezenta-na-temat-polskiej-kultury-na-uczelni-w-Jerez-1536x1024.jpg 1536w, https:\/\/pb.edu.pl\/sjo\/wp-content\/uploads\/sites\/9\/2021\/03\/prezenta-na-temat-polskiej-kultury-na-uczelni-w-Jerez-480x320.jpg 480w\" sizes=\"auto, (max-width: 1620px) 100vw, 1620px\" \/><\/a>\n\t\t\t<\/div><\/figure>\n\t\t<\/div>\n\n<p><span style=\"font-size: 14pt\">&nbsp;<\/span><\/p>\n","protected":false},"excerpt":{"rendered":"<p>W dniach 25 &#8211; 29.09.2017 dwie cz\u0142onkinie Centrum J\u0119zyka i Kultury polskiej POLISH LAB, mgr<\/p>\n","protected":false},"author":6,"featured_media":0,"parent":26310,"menu_order":2,"comment_status":"closed","ping_status":"closed","template":"","meta":{"_acf_changed":false,"ngg_post_thumbnail":0,"footnotes":""},"class_list":["post-9065","page","type-page","status-publish","hentry"],"acf":[],"yoast_head":"<!-- This site is optimized with the Yoast SEO plugin v27.0 - https:\/\/yoast.com\/product\/yoast-seo-wordpress\/ -->\n<title>Tydzie\u0144 Polski w Jerez - Studium J\u0119zyk\u00f3w Obcych<\/title>\n<meta name=\"description\" content=\"W dniach 25 - 29.09.2017 dwie cz\u0142onkinie Centrum J\u0119zyka i Kultury polskiej POLISH LAB, mgr Ma\u0142gorzata Komarewska i Alina Jab\u0142o\u0144ska Domurat, przebywa\u0142y z\" \/>\n<meta name=\"robots\" content=\"index, follow, max-snippet:-1, max-image-preview:large, max-video-preview:-1\" \/>\n<link rel=\"canonical\" href=\"https:\/\/pb.edu.pl\/sjo\/polish-lab\/wydarzenia-kulturalne\/nasze-flagowe-projekty\/tydzien-polski-w-jerez\/\" \/>\n<meta property=\"og:locale\" content=\"pl_PL\" \/>\n<meta property=\"og:type\" content=\"article\" \/>\n<meta property=\"og:title\" content=\"Tydzie\u0144 Polski w Jerez - Studium J\u0119zyk\u00f3w Obcych\" \/>\n<meta property=\"og:description\" content=\"W dniach 25 - 29.09.2017 dwie cz\u0142onkinie Centrum J\u0119zyka i Kultury polskiej POLISH LAB, mgr Ma\u0142gorzata Komarewska i Alina Jab\u0142o\u0144ska Domurat, przebywa\u0142y z\" \/>\n<meta property=\"og:url\" content=\"https:\/\/pb.edu.pl\/sjo\/polish-lab\/wydarzenia-kulturalne\/nasze-flagowe-projekty\/tydzien-polski-w-jerez\/\" \/>\n<meta property=\"og:site_name\" content=\"Studium J\u0119zyk\u00f3w Obcych\" \/>\n<meta property=\"article:modified_time\" content=\"2025-05-27T08:59:47+00:00\" \/>\n<meta property=\"og:image\" content=\"https:\/\/pb.edu.pl\/sjo\/wp-content\/uploads\/sites\/9\/2021\/03\/mural-przedstawiajacy-czlowieka-w-masce-na-dziedzincu-Esuela-del-Arte-w-Jerez-Hiszpania.jpg\" \/>\n<meta name=\"twitter:label1\" content=\"Szacowany czas czytania\" \/>\n\t<meta name=\"twitter:data1\" content=\"2 minuty\" \/>\n<script type=\"application\/ld+json\" class=\"yoast-schema-graph\">{\"@context\":\"https:\/\/schema.org\",\"@graph\":[{\"@type\":\"WebPage\",\"@id\":\"https:\/\/pb.edu.pl\/sjo\/polish-lab\/wydarzenia-kulturalne\/nasze-flagowe-projekty\/tydzien-polski-w-jerez\/\",\"url\":\"https:\/\/pb.edu.pl\/sjo\/polish-lab\/wydarzenia-kulturalne\/nasze-flagowe-projekty\/tydzien-polski-w-jerez\/\",\"name\":\"Tydzie\u0144 Polski w Jerez - Studium J\u0119zyk\u00f3w Obcych\",\"isPartOf\":{\"@id\":\"https:\/\/pb.edu.pl\/sjo\/#website\"},\"datePublished\":\"2020-12-17T21:46:10+00:00\",\"dateModified\":\"2025-05-27T08:59:47+00:00\",\"description\":\"W dniach 25 - 29.09.2017 dwie cz\u0142onkinie Centrum J\u0119zyka i Kultury polskiej POLISH LAB, mgr Ma\u0142gorzata Komarewska i Alina Jab\u0142o\u0144ska Domurat, przebywa\u0142y z\",\"breadcrumb\":{\"@id\":\"https:\/\/pb.edu.pl\/sjo\/polish-lab\/wydarzenia-kulturalne\/nasze-flagowe-projekty\/tydzien-polski-w-jerez\/#breadcrumb\"},\"inLanguage\":\"pl-PL\",\"potentialAction\":[{\"@type\":\"ReadAction\",\"target\":[\"https:\/\/pb.edu.pl\/sjo\/polish-lab\/wydarzenia-kulturalne\/nasze-flagowe-projekty\/tydzien-polski-w-jerez\/\"]}]},{\"@type\":\"BreadcrumbList\",\"@id\":\"https:\/\/pb.edu.pl\/sjo\/polish-lab\/wydarzenia-kulturalne\/nasze-flagowe-projekty\/tydzien-polski-w-jerez\/#breadcrumb\",\"itemListElement\":[{\"@type\":\"ListItem\",\"position\":1,\"name\":\"Home\",\"item\":\"https:\/\/pb.edu.pl\/sjo\/\"},{\"@type\":\"ListItem\",\"position\":2,\"name\":\"Centrum J\u0119zyka i Kultury Polskiej POLISH LAB\",\"item\":\"https:\/\/pb.edu.pl\/sjo\/polish-lab\/\"},{\"@type\":\"ListItem\",\"position\":3,\"name\":\"Wydarzenia kulturalne\",\"item\":\"https:\/\/pb.edu.pl\/sjo\/polish-lab\/wydarzenia-kulturalne\/\"},{\"@type\":\"ListItem\",\"position\":4,\"name\":\"Nasze flagowe projekty\",\"item\":\"https:\/\/pb.edu.pl\/sjo\/polish-lab\/wydarzenia-kulturalne\/nasze-flagowe-projekty\/\"},{\"@type\":\"ListItem\",\"position\":5,\"name\":\"Tydzie\u0144 Polski w Jerez\"}]},{\"@type\":\"WebSite\",\"@id\":\"https:\/\/pb.edu.pl\/sjo\/#website\",\"url\":\"https:\/\/pb.edu.pl\/sjo\/\",\"name\":\"Studium J\u0119zyk\u00f3w Obcych\",\"description\":\"\",\"potentialAction\":[{\"@type\":\"SearchAction\",\"target\":{\"@type\":\"EntryPoint\",\"urlTemplate\":\"https:\/\/pb.edu.pl\/sjo\/?s={search_term_string}\"},\"query-input\":{\"@type\":\"PropertyValueSpecification\",\"valueRequired\":true,\"valueName\":\"search_term_string\"}}],\"inLanguage\":\"pl-PL\"}]}<\/script>\n<!-- \/ Yoast SEO plugin. -->","yoast_head_json":{"title":"Tydzie\u0144 Polski w Jerez - Studium J\u0119zyk\u00f3w Obcych","description":"W dniach 25 - 29.09.2017 dwie cz\u0142onkinie Centrum J\u0119zyka i Kultury polskiej POLISH LAB, mgr Ma\u0142gorzata Komarewska i Alina Jab\u0142o\u0144ska Domurat, przebywa\u0142y z","robots":{"index":"index","follow":"follow","max-snippet":"max-snippet:-1","max-image-preview":"max-image-preview:large","max-video-preview":"max-video-preview:-1"},"canonical":"https:\/\/pb.edu.pl\/sjo\/polish-lab\/wydarzenia-kulturalne\/nasze-flagowe-projekty\/tydzien-polski-w-jerez\/","og_locale":"pl_PL","og_type":"article","og_title":"Tydzie\u0144 Polski w Jerez - Studium J\u0119zyk\u00f3w Obcych","og_description":"W dniach 25 - 29.09.2017 dwie cz\u0142onkinie Centrum J\u0119zyka i Kultury polskiej POLISH LAB, mgr Ma\u0142gorzata Komarewska i Alina Jab\u0142o\u0144ska Domurat, przebywa\u0142y z","og_url":"https:\/\/pb.edu.pl\/sjo\/polish-lab\/wydarzenia-kulturalne\/nasze-flagowe-projekty\/tydzien-polski-w-jerez\/","og_site_name":"Studium J\u0119zyk\u00f3w Obcych","article_modified_time":"2025-05-27T08:59:47+00:00","og_image":[{"url":"https:\/\/pb.edu.pl\/sjo\/wp-content\/uploads\/sites\/9\/2021\/03\/mural-przedstawiajacy-czlowieka-w-masce-na-dziedzincu-Esuela-del-Arte-w-Jerez-Hiszpania.jpg","type":"","width":"","height":""}],"twitter_misc":{"Szacowany czas czytania":"2 minuty"},"schema":{"@context":"https:\/\/schema.org","@graph":[{"@type":"WebPage","@id":"https:\/\/pb.edu.pl\/sjo\/polish-lab\/wydarzenia-kulturalne\/nasze-flagowe-projekty\/tydzien-polski-w-jerez\/","url":"https:\/\/pb.edu.pl\/sjo\/polish-lab\/wydarzenia-kulturalne\/nasze-flagowe-projekty\/tydzien-polski-w-jerez\/","name":"Tydzie\u0144 Polski w Jerez - Studium J\u0119zyk\u00f3w Obcych","isPartOf":{"@id":"https:\/\/pb.edu.pl\/sjo\/#website"},"datePublished":"2020-12-17T21:46:10+00:00","dateModified":"2025-05-27T08:59:47+00:00","description":"W dniach 25 - 29.09.2017 dwie cz\u0142onkinie Centrum J\u0119zyka i Kultury polskiej POLISH LAB, mgr Ma\u0142gorzata Komarewska i Alina Jab\u0142o\u0144ska Domurat, przebywa\u0142y z","breadcrumb":{"@id":"https:\/\/pb.edu.pl\/sjo\/polish-lab\/wydarzenia-kulturalne\/nasze-flagowe-projekty\/tydzien-polski-w-jerez\/#breadcrumb"},"inLanguage":"pl-PL","potentialAction":[{"@type":"ReadAction","target":["https:\/\/pb.edu.pl\/sjo\/polish-lab\/wydarzenia-kulturalne\/nasze-flagowe-projekty\/tydzien-polski-w-jerez\/"]}]},{"@type":"BreadcrumbList","@id":"https:\/\/pb.edu.pl\/sjo\/polish-lab\/wydarzenia-kulturalne\/nasze-flagowe-projekty\/tydzien-polski-w-jerez\/#breadcrumb","itemListElement":[{"@type":"ListItem","position":1,"name":"Home","item":"https:\/\/pb.edu.pl\/sjo\/"},{"@type":"ListItem","position":2,"name":"Centrum J\u0119zyka i Kultury Polskiej POLISH LAB","item":"https:\/\/pb.edu.pl\/sjo\/polish-lab\/"},{"@type":"ListItem","position":3,"name":"Wydarzenia kulturalne","item":"https:\/\/pb.edu.pl\/sjo\/polish-lab\/wydarzenia-kulturalne\/"},{"@type":"ListItem","position":4,"name":"Nasze flagowe projekty","item":"https:\/\/pb.edu.pl\/sjo\/polish-lab\/wydarzenia-kulturalne\/nasze-flagowe-projekty\/"},{"@type":"ListItem","position":5,"name":"Tydzie\u0144 Polski w Jerez"}]},{"@type":"WebSite","@id":"https:\/\/pb.edu.pl\/sjo\/#website","url":"https:\/\/pb.edu.pl\/sjo\/","name":"Studium J\u0119zyk\u00f3w Obcych","description":"","potentialAction":[{"@type":"SearchAction","target":{"@type":"EntryPoint","urlTemplate":"https:\/\/pb.edu.pl\/sjo\/?s={search_term_string}"},"query-input":{"@type":"PropertyValueSpecification","valueRequired":true,"valueName":"search_term_string"}}],"inLanguage":"pl-PL"}]}},"_links":{"self":[{"href":"https:\/\/pb.edu.pl\/sjo\/wp-json\/wp\/v2\/pages\/9065","targetHints":{"allow":["GET"]}}],"collection":[{"href":"https:\/\/pb.edu.pl\/sjo\/wp-json\/wp\/v2\/pages"}],"about":[{"href":"https:\/\/pb.edu.pl\/sjo\/wp-json\/wp\/v2\/types\/page"}],"author":[{"embeddable":true,"href":"https:\/\/pb.edu.pl\/sjo\/wp-json\/wp\/v2\/users\/6"}],"replies":[{"embeddable":true,"href":"https:\/\/pb.edu.pl\/sjo\/wp-json\/wp\/v2\/comments?post=9065"}],"version-history":[{"count":0,"href":"https:\/\/pb.edu.pl\/sjo\/wp-json\/wp\/v2\/pages\/9065\/revisions"}],"up":[{"embeddable":true,"href":"https:\/\/pb.edu.pl\/sjo\/wp-json\/wp\/v2\/pages\/26310"}],"wp:attachment":[{"href":"https:\/\/pb.edu.pl\/sjo\/wp-json\/wp\/v2\/media?parent=9065"}],"curies":[{"name":"wp","href":"https:\/\/api.w.org\/{rel}","templated":true}]}}