{"id":9063,"date":"2020-12-17T22:45:19","date_gmt":"2020-12-17T21:45:19","guid":{"rendered":"https:\/\/pb.edu.pl\/sjo\/?page_id=9063"},"modified":"2025-05-27T10:58:50","modified_gmt":"2025-05-27T08:58:50","slug":"poloneza-czas-zaczac","status":"publish","type":"page","link":"https:\/\/pb.edu.pl\/sjo\/polish-lab\/wydarzenia-kulturalne\/nasze-flagowe-projekty\/poloneza-czas-zaczac\/","title":{"rendered":"Poloneza czas zacz\u0105\u0107"},"content":{"rendered":"<p><img loading=\"lazy\" decoding=\"async\" class=\"wp-image-9336 aligncenter\" src=\"https:\/\/pb.edu.pl\/sjo\/wp-content\/uploads\/sites\/9\/2021\/01\/loga-1.png\" alt=\"Logo Narodowej Agencji Wymiany Akademickiej, logo Polish Lab oraz logo Narodowej Agencji Wymiany Akademickiej\" width=\"967\" height=\"251\" srcset=\"https:\/\/pb.edu.pl\/sjo\/wp-content\/uploads\/sites\/9\/2021\/01\/loga-1.png 1566w, https:\/\/pb.edu.pl\/sjo\/wp-content\/uploads\/sites\/9\/2021\/01\/loga-1-300x78.png 300w, https:\/\/pb.edu.pl\/sjo\/wp-content\/uploads\/sites\/9\/2021\/01\/loga-1-1024x266.png 1024w, https:\/\/pb.edu.pl\/sjo\/wp-content\/uploads\/sites\/9\/2021\/01\/loga-1-768x200.png 768w, https:\/\/pb.edu.pl\/sjo\/wp-content\/uploads\/sites\/9\/2021\/01\/loga-1-1536x399.png 1536w\" sizes=\"auto, (max-width: 967px) 100vw, 967px\" \/><\/p>\n<p>Projekt finansowany przez Narodow\u0105 Agencj\u0119 Wymiany Akademickiej w ramach Programu Promocja J\u0119zyka Polskiego<\/p>\n<h2><span style=\"color: #008000;font-family: verdana, geneva, sans-serif;font-size: 12pt\"><strong>Projekt \u201ePoloneza czas zacz\u0105\u0107&#8230; &#8211; promocja j\u0119zyka polskiego oraz kultury polskiej poprzez zorganizowanie Tygodni Polskich (TP) na uczelniach partnerskich we W\u0142oszech i w Argentynie, w tym przeprowadzenie dzia\u0142a\u0144 edukacyjnych i informacyjno-promocyjnych z zastosowaniem sensorycznego oddzia\u0142ywania na zmys\u0142y odbiorc\u00f3w\u201d<\/strong><\/span><\/h2>\n<h3><strong><span style=\"font-family: verdana, geneva, sans-serif;font-size: 12pt\">Umowa finansowa z NAWA: &nbsp;PJP\/PJP\/2019\/1\/00031\/U<\/span><\/strong><\/h3>\n<h3><strong><span style=\"font-family: verdana, geneva, sans-serif;font-size: 12pt\">Termin realizacji: grudzie\u0144 2019 \u2013 grudzie\u0144 2020<\/span><\/strong><\/h3>\n<p><span style=\"font-family: verdana, geneva, sans-serif;font-size: 12pt\"><strong>Cel projektu:<\/strong> promocja j\u0119zyka i kultury polskiej poprzez podwy\u017cszanie jako\u015bci nauczania i presti\u017cu j\u0119zyka polskiego jako obcego, trwale wp\u0142ywaj\u0105cych na wizerunek Polski w \u015bwiecie.<\/span><\/p>\n<p>&nbsp;<\/p>\n<p><span style=\"font-family: verdana, geneva, sans-serif;font-size: 12pt\">W wersji pierwotnej Projekt przewidywa\u0142 dzia\u0142ania we wsp\u00f3\u0142pracy z Partnerami: Universit\u00e0 degli Studi di Bergamo (University of Bergamo, W\u0142ochy) i Universidad Nacional de Misiones (The University National of Misiones, Argentyna). Jednak w zwi\u0105zku z zawirowaniami spowodowanymi pandemi\u0105 COVID-19 krok po kroku wyeliminowani zostali g\u0142\u00f3wni partnerzy Projektu. Do wsp\u00f3\u0142pracy zaprosi\u0142y\u015bmy inne instytucje z Ameryki Po\u0142udniowej: Polonijn\u0105 Organizacj\u0119 Nauczycieli w Argentynie PONA, z siedzib\u0105 w Buenos Aires oraz Universidad de las Americas (UDLA) z Quito, stolicy Ekwadoru. &nbsp;<\/span><\/p>\n<p><span style=\"font-family: verdana, geneva, sans-serif;font-size: 12pt\">Z powodu pandemii, w wyniku szeregu istotnych zmian zatwierdzonych przez instytucj\u0119 finansuj\u0105c\u0105, wszystkie dzia\u0142ania zosta\u0142y realizowane w systemie zdalnym.<\/span><\/p>\n<div id='gallery-1' class='gallery galleryid-9063 gallery-columns-4 gallery-size-full'><figure class='gallery-item'>\n\t\t\t<div class='gallery-icon landscape'>\n\t\t\t\t<a href='https:\/\/pb.edu.pl\/sjo\/wp-content\/uploads\/sites\/9\/2020\/09\/zajecia-online-3.png'><img loading=\"lazy\" decoding=\"async\" width=\"1575\" height=\"1050\" src=\"https:\/\/pb.edu.pl\/sjo\/wp-content\/uploads\/sites\/9\/2020\/09\/zajecia-online-3.png\" class=\"attachment-full size-full\" alt=\"Zrzut ekranu w programie Zoom. 16 okienek z uczestnikami kursu. Prowadz\u0105ca mgr Ma\u0142gorzata Komarewska.\" srcset=\"https:\/\/pb.edu.pl\/sjo\/wp-content\/uploads\/sites\/9\/2020\/09\/zajecia-online-3.png 1575w, https:\/\/pb.edu.pl\/sjo\/wp-content\/uploads\/sites\/9\/2020\/09\/zajecia-online-3-300x200.png 300w, https:\/\/pb.edu.pl\/sjo\/wp-content\/uploads\/sites\/9\/2020\/09\/zajecia-online-3-1024x683.png 1024w, https:\/\/pb.edu.pl\/sjo\/wp-content\/uploads\/sites\/9\/2020\/09\/zajecia-online-3-768x512.png 768w, https:\/\/pb.edu.pl\/sjo\/wp-content\/uploads\/sites\/9\/2020\/09\/zajecia-online-3-1536x1024.png 1536w, https:\/\/pb.edu.pl\/sjo\/wp-content\/uploads\/sites\/9\/2020\/09\/zajecia-online-3-480x320.png 480w\" sizes=\"auto, (max-width: 1575px) 100vw, 1575px\" \/><\/a>\n\t\t\t<\/div><\/figure><figure class='gallery-item'>\n\t\t\t<div class='gallery-icon landscape'>\n\t\t\t\t<a href='https:\/\/pb.edu.pl\/sjo\/wp-content\/uploads\/sites\/9\/2021\/06\/warsztat-kulturowy-2.png'><img loading=\"lazy\" decoding=\"async\" width=\"1233\" height=\"1014\" src=\"https:\/\/pb.edu.pl\/sjo\/wp-content\/uploads\/sites\/9\/2021\/06\/warsztat-kulturowy-2.png\" class=\"attachment-full size-full\" alt=\"Zrzut ekranu w programie Zoom. Kilkana\u015bcie okienek z uczestnikami kursu. Prowadz\u0105ca mgr Alina Jab\u0142o\u0144ska Domurat.\" srcset=\"https:\/\/pb.edu.pl\/sjo\/wp-content\/uploads\/sites\/9\/2021\/06\/warsztat-kulturowy-2.png 1233w, https:\/\/pb.edu.pl\/sjo\/wp-content\/uploads\/sites\/9\/2021\/06\/warsztat-kulturowy-2-300x247.png 300w, https:\/\/pb.edu.pl\/sjo\/wp-content\/uploads\/sites\/9\/2021\/06\/warsztat-kulturowy-2-1024x842.png 1024w, https:\/\/pb.edu.pl\/sjo\/wp-content\/uploads\/sites\/9\/2021\/06\/warsztat-kulturowy-2-768x632.png 768w\" sizes=\"auto, (max-width: 1233px) 100vw, 1233px\" \/><\/a>\n\t\t\t<\/div><\/figure><figure class='gallery-item'>\n\t\t\t<div class='gallery-icon landscape'>\n\t\t\t\t<a href='https:\/\/pb.edu.pl\/sjo\/wp-content\/uploads\/sites\/9\/2021\/06\/warsztat-kulturowy-1.png'><img loading=\"lazy\" decoding=\"async\" width=\"1221\" height=\"1010\" src=\"https:\/\/pb.edu.pl\/sjo\/wp-content\/uploads\/sites\/9\/2021\/06\/warsztat-kulturowy-1.png\" class=\"attachment-full size-full\" alt=\"Zrzut ekranu w programie Zoom. Kilkana\u015bcie okienek z uczestnikami kursu.\" srcset=\"https:\/\/pb.edu.pl\/sjo\/wp-content\/uploads\/sites\/9\/2021\/06\/warsztat-kulturowy-1.png 1221w, https:\/\/pb.edu.pl\/sjo\/wp-content\/uploads\/sites\/9\/2021\/06\/warsztat-kulturowy-1-300x248.png 300w, https:\/\/pb.edu.pl\/sjo\/wp-content\/uploads\/sites\/9\/2021\/06\/warsztat-kulturowy-1-1024x847.png 1024w, https:\/\/pb.edu.pl\/sjo\/wp-content\/uploads\/sites\/9\/2021\/06\/warsztat-kulturowy-1-768x635.png 768w\" sizes=\"auto, (max-width: 1221px) 100vw, 1221px\" \/><\/a>\n\t\t\t<\/div><\/figure><figure class='gallery-item'>\n\t\t\t<div class='gallery-icon landscape'>\n\t\t\t\t<a href='https:\/\/pb.edu.pl\/sjo\/wp-content\/uploads\/sites\/9\/2021\/06\/zajecia-Dototy.png'><img loading=\"lazy\" decoding=\"async\" width=\"724\" height=\"502\" src=\"https:\/\/pb.edu.pl\/sjo\/wp-content\/uploads\/sites\/9\/2021\/06\/zajecia-Dototy.png\" class=\"attachment-full size-full\" alt=\"Zrzut ekranu w programie Zoom. 17 okienek z uczestnikami kursu. Prowadz\u0105ca mgr Dorota Szuper-Jakubiuk.\" srcset=\"https:\/\/pb.edu.pl\/sjo\/wp-content\/uploads\/sites\/9\/2021\/06\/zajecia-Dototy.png 724w, https:\/\/pb.edu.pl\/sjo\/wp-content\/uploads\/sites\/9\/2021\/06\/zajecia-Dototy-300x208.png 300w\" sizes=\"auto, (max-width: 724px) 100vw, 724px\" \/><\/a>\n\t\t\t<\/div><\/figure>\n\t\t<\/div>\n\n<p>&nbsp;<\/p>\n<p><span style=\"font-family: verdana, geneva, sans-serif;font-size: 12pt;color: #000000\">Dzia\u0142ania projektowe udowodni\u0142y, \u017ce nauka j\u0119zyka polskiego, przy \u015bwiadomym podej\u015bciu i w\u0142a\u015bciwej motywacji, mo\u017ce by\u0107 przyst\u0119pna i przyjemna, mo\u017ce dawa\u0107 satysfakcj\u0119 i by\u0107 elementem rozwoju osobistego os\u00f3b doros\u0142ych. Dzia\u0142ania edukacyjne obj\u0119\u0142y cykle autorskich zaj\u0119\u0107 z j\u0119zyka polskiego oraz autorskich kreatywnych angloj\u0119zycznych warsztat\u00f3w na temat r\u00f3\u017cnych aspekt\u00f3w polskiej kultury. <\/span><\/p>\n<p><span style=\"font-family: verdana, geneva, sans-serif;font-size: 12pt;color: #000000\">Wrzesie\u0144 2020 r. to miesi\u0105c dzia\u0142a\u0144 w\u015br\u00f3d Polonii argenty\u0144skiej. Przeprowadzi\u0142y\u015bmy 2 cykle po 5 dwugodzinnych zaj\u0119\u0107 z j\u0119zyka polskiego na poziomach A0 i A1 oraz cykl 5 warsztat\u00f3w kulturowych, tak\u017ce dwugodzinnych. Nasze wrze\u015bniowe zaj\u0119cia i warsztaty by\u0142y skierowane do odbiorc\u00f3w pozyskanych przez Polonijn\u0105 Organizacj\u0119 Nauczycieli z Argentyny, a s\u0142uchaczami byli uczniowie i nauczyciele j\u0119zyka polskiego z ca\u0142ej Argentyny. Dla nich nasze propozycje stanowi\u0142y ciekawy i inspiruj\u0105cy czynnik zach\u0119caj\u0105cy do kontynuacji nauki j\u0119zyka, doskonalenia warsztatu metodycznego oraz poznawania kultury polskiej. S\u0105 to ju\u017c kolejne pokolenia powojennych imigrant\u00f3w z Polski, cz\u0119sto niem\u00f3wi\u0105cych ju\u017c w j\u0119zyku przodk\u00f3w. W zwi\u0105zku z powy\u017cszym propagowanie uczenia si\u0119 j\u0119zyka polskiego w celu usprawnienia komunikacji by\u0142o w swoim za\u0142o\u017ceniu istotne.<\/span><\/p>\n<p><span style=\"font-family: verdana, geneva, sans-serif;font-size: 12pt;color: #000000\">Listopad by\u0142 miesi\u0105cem drugiej cz\u0119\u015bci naszych dzia\u0142a\u0144 projektowych, tym razem skierowanych do s\u0142uchaczy uczelni ekwadorskiej Universidad de las Americas (UDLA). Podobnie jak we wrze\u015bniu, obejmowa\u0142 cykle zaj\u0119\u0107 j. polskiego oraz angloj\u0119zyczne warsztaty o polskiej kulturze. Zaobserwowa\u0142y\u015bmy, \u017ce r\u00f3wnie\u017c tam nasze pomys\u0142y promuj\u0105ce j. polski i polsk\u0105 kultur\u0119 by\u0142y przyjmowane z du\u017cym zainteresowaniem. Wa\u017cnym podkre\u015blenia jest fakt, \u017ce zar\u00f3wno do Argentyny jak i Ekwadoru zosta\u0142a przekazana spora ilo\u015b\u0107 nowych podr\u0119cznik\u00f3w do nauki j. polskiego oraz przewodniki i albumy o Polsce w j\u0119zykach angielskim i hiszpa\u0144skim.<\/span><\/p>\n<p>&nbsp;<\/p>\n<h3><strong><span style=\"font-family: verdana, geneva, sans-serif;font-size: 12pt\">Dzia\u0142ania zrealizowane w Projekcie:<\/span><\/strong><\/h3>\n<ol style=\"list-style-type: upper-roman\">\n<li><span style=\"font-family: verdana, geneva, sans-serif;font-size: 12pt\">przeprowadzenie innowacyjnych autorskich zaj\u0119\u0107 z j\u0119zyka polskiego, w oparciu o internacjonalizmy i kr\u00f3tkie struktury komunikacyjne, kt\u00f3re obalaj\u0105 mit, \u017ce nasz j\u0119zyk ojczysty jest jednym z najtrudniejszych do nauczenia si\u0119,<\/span><\/li>\n<li><span style=\"font-family: verdana, geneva, sans-serif;font-size: 12pt\">przeprowadzenie serii warsztat\u00f3w dotycz\u0105cych r\u00f3\u017cnych aspekt\u00f3w polskiej kultury, np. \u017cycie codzienne, \u015bwi\u0119ta i tradycje, sztuka, itd. Warsztaty sk\u0142adaj\u0105cych si\u0119 z prezentacji, anegdot, dyskusji, oraz konkurs\u00f3w z nagrodami,<br \/>\n<\/span><\/li>\n<li><span style=\"font-family: verdana, geneva, sans-serif;font-size: 12pt\">skompletowanie i wysy\u0142ka zestaw\u00f3w podr\u0119cznik\u00f3w do nauki j\u0119zyka polskiego oraz album\u00f3w i przewodnik\u00f3w o Polsce wraz z zestawami nagr\u00f3d do o\u015brodk\u00f3w obj\u0119tych dzia\u0142aniami projektowymi,<\/span><\/li>\n<li><span style=\"font-family: verdana, geneva, sans-serif;font-size: 12pt\">panel dyskusyjny na platformie zoom podsumowuj\u0105cy dzia\u0142ania projektowe, z udzia\u0142em przedstawicieli o\u015brodk\u00f3w Partner\u00f3w oraz go\u015bcia specjalnego, dr. Konrada Kaziemierza Szamryka.<\/span><\/li>\n<\/ol>\n<div id='gallery-2' class='gallery galleryid-9063 gallery-columns-3 gallery-size-full'><figure class='gallery-item'>\n\t\t\t<div class='gallery-icon landscape'>\n\t\t\t\t<a href='https:\/\/pb.edu.pl\/sjo\/wp-content\/uploads\/sites\/9\/2021\/02\/Certyfikat-uczestnictwa-w-warsztztach-kulturowych.png'><img loading=\"lazy\" decoding=\"async\" width=\"1330\" height=\"915\" src=\"https:\/\/pb.edu.pl\/sjo\/wp-content\/uploads\/sites\/9\/2021\/02\/Certyfikat-uczestnictwa-w-warsztztach-kulturowych.png\" class=\"attachment-full size-full\" alt=\"Certyfikat uczestnictwa w warsztatach kulturowych\" srcset=\"https:\/\/pb.edu.pl\/sjo\/wp-content\/uploads\/sites\/9\/2021\/02\/Certyfikat-uczestnictwa-w-warsztztach-kulturowych.png 1330w, https:\/\/pb.edu.pl\/sjo\/wp-content\/uploads\/sites\/9\/2021\/02\/Certyfikat-uczestnictwa-w-warsztztach-kulturowych-300x206.png 300w, https:\/\/pb.edu.pl\/sjo\/wp-content\/uploads\/sites\/9\/2021\/02\/Certyfikat-uczestnictwa-w-warsztztach-kulturowych-1024x704.png 1024w, https:\/\/pb.edu.pl\/sjo\/wp-content\/uploads\/sites\/9\/2021\/02\/Certyfikat-uczestnictwa-w-warsztztach-kulturowych-768x528.png 768w\" sizes=\"auto, (max-width: 1330px) 100vw, 1330px\" \/><\/a>\n\t\t\t<\/div><\/figure><figure class='gallery-item'>\n\t\t\t<div class='gallery-icon landscape'>\n\t\t\t\t<a href='https:\/\/pb.edu.pl\/sjo\/wp-content\/uploads\/sites\/9\/2021\/01\/panel-dyskusyjny-1.jpg'><img loading=\"lazy\" decoding=\"async\" width=\"1620\" height=\"1080\" src=\"https:\/\/pb.edu.pl\/sjo\/wp-content\/uploads\/sites\/9\/2021\/01\/panel-dyskusyjny-1.jpg\" class=\"attachment-full size-full\" alt=\"Zrzut ekranu w programie Zoom. Twarze dwunastu uczestnik\u00f3w panelu dyskusyjnego.\" srcset=\"https:\/\/pb.edu.pl\/sjo\/wp-content\/uploads\/sites\/9\/2021\/01\/panel-dyskusyjny-1.jpg 1620w, https:\/\/pb.edu.pl\/sjo\/wp-content\/uploads\/sites\/9\/2021\/01\/panel-dyskusyjny-1-300x200.jpg 300w, https:\/\/pb.edu.pl\/sjo\/wp-content\/uploads\/sites\/9\/2021\/01\/panel-dyskusyjny-1-1024x683.jpg 1024w, https:\/\/pb.edu.pl\/sjo\/wp-content\/uploads\/sites\/9\/2021\/01\/panel-dyskusyjny-1-768x512.jpg 768w, https:\/\/pb.edu.pl\/sjo\/wp-content\/uploads\/sites\/9\/2021\/01\/panel-dyskusyjny-1-1536x1024.jpg 1536w, https:\/\/pb.edu.pl\/sjo\/wp-content\/uploads\/sites\/9\/2021\/01\/panel-dyskusyjny-1-480x320.jpg 480w\" sizes=\"auto, (max-width: 1620px) 100vw, 1620px\" \/><\/a>\n\t\t\t<\/div><\/figure><figure class='gallery-item'>\n\t\t\t<div class='gallery-icon landscape'>\n\t\t\t\t<a href='https:\/\/pb.edu.pl\/sjo\/wp-content\/uploads\/sites\/9\/2021\/03\/certyfikat.png'><img loading=\"lazy\" decoding=\"async\" width=\"1137\" height=\"758\" src=\"https:\/\/pb.edu.pl\/sjo\/wp-content\/uploads\/sites\/9\/2021\/03\/certyfikat.png\" class=\"attachment-full size-full\" alt=\"Certyfikat uczestnictwa w zaj\u0119ciach z j\u0119zyka polskiego\" srcset=\"https:\/\/pb.edu.pl\/sjo\/wp-content\/uploads\/sites\/9\/2021\/03\/certyfikat.png 1137w, https:\/\/pb.edu.pl\/sjo\/wp-content\/uploads\/sites\/9\/2021\/03\/certyfikat-300x200.png 300w, https:\/\/pb.edu.pl\/sjo\/wp-content\/uploads\/sites\/9\/2021\/03\/certyfikat-1024x683.png 1024w, https:\/\/pb.edu.pl\/sjo\/wp-content\/uploads\/sites\/9\/2021\/03\/certyfikat-768x512.png 768w, https:\/\/pb.edu.pl\/sjo\/wp-content\/uploads\/sites\/9\/2021\/03\/certyfikat-480x320.png 480w\" sizes=\"auto, (max-width: 1137px) 100vw, 1137px\" \/><\/a>\n\t\t\t<\/div><\/figure>\n\t\t<\/div>\n\n<p>&nbsp;<\/p>\n<h3><span style=\"font-family: verdana, geneva, sans-serif;font-size: 12pt\"><strong>Tematyka i konspekty z zaj\u0119\u0107 z j\u0119zyka polskiego:<\/strong><\/span><\/h3>\n<p><a class=\"pdf\" title=\"otworzy si\u0119 w nowej karcie\" href=\"https:\/\/pb.edu.pl\/sjo\/wp-content\/uploads\/sites\/9\/2021\/01\/A.-Zdrowie-i-choroby.pdf\" target=\"_blank\" rel=\"noopener\" data-id=\"9326\">A. Zdrowie i choroby (PDF, wersja dost\u0119pna cyfrowo, 2 MB)<\/a><\/p>\n<p><a class=\"pdf\" title=\"otworzy si\u0119 w nowej karcie\" href=\"https:\/\/pb.edu.pl\/sjo\/wp-content\/uploads\/sites\/9\/2021\/01\/B.-Gdzie-jest-.....pdf\" target=\"_blank\" rel=\"noopener\" data-id=\"9327\">B. Gdzie jest &#8230; (PDF, wersja dost\u0119pna cyfrowo, 1 MB)<\/a><\/p>\n<p><a class=\"pdf\" title=\"otworzy si\u0119 w nowej karcie\" href=\"https:\/\/pb.edu.pl\/sjo\/wp-content\/uploads\/sites\/9\/2021\/01\/C.-W-kawiarni.pdf\" target=\"_blank\" rel=\"noopener\" data-id=\"9328\">C. W kawiarni (PDF, wersja dost\u0119pna cyfrowo, 1 MB)<\/a><\/p>\n<p><a class=\"pdf\" title=\"otworzy si\u0119 w nowej karcie\" href=\"https:\/\/pb.edu.pl\/sjo\/wp-content\/uploads\/sites\/9\/2021\/01\/D.-W-restauracji-i-kantorze.pdf\" target=\"_blank\" rel=\"noopener\" data-id=\"9329\">D. W restauracji i kantorze (PDF, wersja dost\u0119pna cyfrowo, 1 MB)<\/a><\/p>\n<p><a class=\"pdf\" title=\"otworzy si\u0119 w nowej karcie\" href=\"https:\/\/pb.edu.pl\/sjo\/wp-content\/uploads\/sites\/9\/2021\/01\/E.-O-ktorej-godzinie-.....pdf\" target=\"_blank\" rel=\"noopener\" data-id=\"9330\">E. O kt\u00f3rej godzinie &#8230; (PDF, wersja dost\u0119pna cyfrowo, 1 021 KB)<\/a><\/p>\n<p><a class=\"pdf\" title=\"otworzy si\u0119 w nowej karcie\" href=\"https:\/\/pb.edu.pl\/sjo\/wp-content\/uploads\/sites\/9\/2021\/01\/F.-Czy-mowisz-po-polsku.pdf\" target=\"_blank\" rel=\"noopener\" data-id=\"9331\">F. Czy m\u00f3wisz po polsku (PDF, wersja dost\u0119pna cyfrowo, 514 KB)<\/a><\/p>\n<p><a class=\"pdf\" title=\"otworzy si\u0119 w nowej karcie\" href=\"https:\/\/pb.edu.pl\/sjo\/wp-content\/uploads\/sites\/9\/2021\/01\/G.-Hobby.pdf\" target=\"_blank\" rel=\"noopener\" data-id=\"9332\">G. Hobby (PDF, wersja dost\u0119pna cyfrowo, 356 KB)<\/a><\/p>\n<p><a class=\"pdf\" title=\"otworzy si\u0119 w nowej karcie\" href=\"https:\/\/pb.edu.pl\/sjo\/wp-content\/uploads\/sites\/9\/2021\/01\/H.-Kawa-czy-herbata.pdf\" target=\"_blank\" rel=\"noopener\" data-id=\"9333\">H. Kawa czy herbata (PDF, wersja dost\u0119pna cyfrowo, 695 KB)<\/a><\/p>\n<p><a class=\"pdf\" title=\"otworzy si\u0119 w nowej karcie\" href=\"https:\/\/pb.edu.pl\/sjo\/wp-content\/uploads\/sites\/9\/2021\/01\/I.-Miasto.pdf\" target=\"_blank\" rel=\"noopener\" data-id=\"9319\">I. Miasto (PDF, wersja dost\u0119pna cyfrowo, 1 MB)<\/a><\/p>\n<p><a class=\"pdf\" title=\"otworzy si\u0119 w nowej karcie\" href=\"https:\/\/pb.edu.pl\/sjo\/wp-content\/uploads\/sites\/9\/2021\/01\/J.-Praca.pdf\" target=\"_blank\" rel=\"noopener\" data-id=\"9320\">J. Praca (PDF, wersja dost\u0119pna cyfrowo, 996 KB)<\/a><\/p>\n<p><a class=\"pdf\" title=\"otworzy si\u0119 w nowej karcie\" href=\"https:\/\/pb.edu.pl\/sjo\/wp-content\/uploads\/sites\/9\/2021\/01\/K.-W-sklepie.pdf\" target=\"_blank\" rel=\"noopener\" data-id=\"9321\">K. W sklepie (PDF, wersja dost\u0119pna cyfrowo, 843 KB)<\/a><\/p>\n<p><a class=\"pdf\" title=\"otworzy si\u0119 w nowej karcie\" href=\"https:\/\/pb.edu.pl\/sjo\/wp-content\/uploads\/sites\/9\/2021\/01\/L.-Zycie-na-wsi.pdf\" target=\"_blank\" rel=\"noopener\" data-id=\"9322\">L. \u017bycie na wsi (PDF, wersja dost\u0119pna cyfrowo, 803 KB)<\/a><\/p>\n<p><a class=\"pdf\" title=\"otworzy si\u0119 w nowej karcie\" href=\"https:\/\/pb.edu.pl\/sjo\/wp-content\/uploads\/sites\/9\/2021\/01\/M.-Zycie-w-miescie.pdf\" target=\"_blank\" rel=\"noopener\" data-id=\"9323\">M. \u017bycie w mie\u015bcie (PDF, wersja dost\u0119pna cyfrowo, 650 KB)<\/a><\/p>\n<p><a class=\"pdf\" title=\"otworzy si\u0119 w nowej karcie\" href=\"https:\/\/pb.edu.pl\/sjo\/wp-content\/uploads\/sites\/9\/2021\/01\/N.-Lubie-czytac-ksiazki.pdf\" target=\"_blank\" rel=\"noopener\" data-id=\"9324\">N. Lubi\u0119 czyta\u0107 ksi\u0105\u017cki (PDF, wersja dost\u0119pna cyfrowo, 739 KB)<\/a><\/p>\n<p><a class=\"pdf\" title=\"otworzy si\u0119 w nowej karcie\" href=\"https:\/\/pb.edu.pl\/sjo\/wp-content\/uploads\/sites\/9\/2021\/01\/O.-Prosze-kawe.pdf\" target=\"_blank\" rel=\"noopener\" data-id=\"9325\">O. Prosz\u0119 kaw\u0119! (PDF, wersja dost\u0119pna cyfrowo, 309 KB)<\/a><\/p>\n<p>&nbsp;<\/p>\n<h3><span style=\"font-size: 12pt\"><strong><span style=\"font-family: verdana, geneva, sans-serif\">Tematyka warsztat\u00f3w:<\/span><\/strong><\/span><\/h3>\n<ol style=\"list-style-type: upper-alpha\">\n<li><span style=\"font-family: verdana, geneva, sans-serif;font-size: 12pt\">&nbsp;Polska na tle Europy i \u015bwiata: fakty, ciekawostki, cechy narodowe Polak\u00f3w<\/span><\/li>\n<li><span style=\"font-family: verdana, geneva, sans-serif;font-size: 12pt\">&nbsp;Obyczaje, \u015bwi\u0119ta; kuchnia polska<\/span><\/li>\n<li><span style=\"font-family: verdana, geneva, sans-serif;font-size: 12pt\">&nbsp;Historia i wybrane wsp\u00f3\u0142czesne problemy spo\u0142eczne<\/span><\/li>\n<li><span style=\"font-family: verdana, geneva, sans-serif;font-size: 12pt\">&nbsp;Turystyka: miejsca, kt\u00f3re trzeba zobaczy\u0107<\/span><\/li>\n<li><span style=\"font-family: verdana, geneva, sans-serif;font-size: 12pt\">&nbsp;Sztuka wsp\u00f3\u0142czesna: malarstwo i murale, film, muzyka<\/span><\/li>\n<\/ol>\n<div id='gallery-3' class='gallery galleryid-9063 gallery-columns-3 gallery-size-full'><figure class='gallery-item'>\n\t\t\t<div class='gallery-icon landscape'>\n\t\t\t\t<a href='https:\/\/pb.edu.pl\/sjo\/wp-content\/uploads\/sites\/9\/2021\/01\/Zrzut-ekranu-slajd-z-pocz\u0105tku-prezentacji-o-miejscach-do-zobaczenia-w-Polsce.jpg'><img loading=\"lazy\" decoding=\"async\" width=\"1920\" height=\"1080\" src=\"https:\/\/pb.edu.pl\/sjo\/wp-content\/uploads\/sites\/9\/2021\/01\/Zrzut-ekranu-slajd-z-pocz\u0105tku-prezentacji-o-miejscach-do-zobaczenia-w-Polsce.jpg\" class=\"attachment-full size-full\" alt=\"Zrzut ekranu - slajd z pocz\u0105tku prezentacji o miejscach do zobaczenia w Polsce\" srcset=\"https:\/\/pb.edu.pl\/sjo\/wp-content\/uploads\/sites\/9\/2021\/01\/Zrzut-ekranu-slajd-z-pocz\u0105tku-prezentacji-o-miejscach-do-zobaczenia-w-Polsce.jpg 1920w, https:\/\/pb.edu.pl\/sjo\/wp-content\/uploads\/sites\/9\/2021\/01\/Zrzut-ekranu-slajd-z-pocz\u0105tku-prezentacji-o-miejscach-do-zobaczenia-w-Polsce-300x169.jpg 300w, https:\/\/pb.edu.pl\/sjo\/wp-content\/uploads\/sites\/9\/2021\/01\/Zrzut-ekranu-slajd-z-pocz\u0105tku-prezentacji-o-miejscach-do-zobaczenia-w-Polsce-1024x576.jpg 1024w, https:\/\/pb.edu.pl\/sjo\/wp-content\/uploads\/sites\/9\/2021\/01\/Zrzut-ekranu-slajd-z-pocz\u0105tku-prezentacji-o-miejscach-do-zobaczenia-w-Polsce-768x432.jpg 768w, https:\/\/pb.edu.pl\/sjo\/wp-content\/uploads\/sites\/9\/2021\/01\/Zrzut-ekranu-slajd-z-pocz\u0105tku-prezentacji-o-miejscach-do-zobaczenia-w-Polsce-1536x864.jpg 1536w\" sizes=\"auto, (max-width: 1920px) 100vw, 1920px\" \/><\/a>\n\t\t\t<\/div><\/figure><figure class='gallery-item'>\n\t\t\t<div class='gallery-icon landscape'>\n\t\t\t\t<a href='https:\/\/pb.edu.pl\/sjo\/wp-content\/uploads\/sites\/9\/2021\/01\/Zrzut-ekranu-slajd-na-temat-Bia\u0142egostoku.jpg'><img loading=\"lazy\" decoding=\"async\" width=\"1920\" height=\"1080\" src=\"https:\/\/pb.edu.pl\/sjo\/wp-content\/uploads\/sites\/9\/2021\/01\/Zrzut-ekranu-slajd-na-temat-Bia\u0142egostoku.jpg\" class=\"attachment-full size-full\" alt=\"Zrzut ekranu - slajd na temat Bia\u0142egostoku\" srcset=\"https:\/\/pb.edu.pl\/sjo\/wp-content\/uploads\/sites\/9\/2021\/01\/Zrzut-ekranu-slajd-na-temat-Bia\u0142egostoku.jpg 1920w, https:\/\/pb.edu.pl\/sjo\/wp-content\/uploads\/sites\/9\/2021\/01\/Zrzut-ekranu-slajd-na-temat-Bia\u0142egostoku-300x169.jpg 300w, https:\/\/pb.edu.pl\/sjo\/wp-content\/uploads\/sites\/9\/2021\/01\/Zrzut-ekranu-slajd-na-temat-Bia\u0142egostoku-1024x576.jpg 1024w, https:\/\/pb.edu.pl\/sjo\/wp-content\/uploads\/sites\/9\/2021\/01\/Zrzut-ekranu-slajd-na-temat-Bia\u0142egostoku-768x432.jpg 768w, https:\/\/pb.edu.pl\/sjo\/wp-content\/uploads\/sites\/9\/2021\/01\/Zrzut-ekranu-slajd-na-temat-Bia\u0142egostoku-1536x864.jpg 1536w\" sizes=\"auto, (max-width: 1920px) 100vw, 1920px\" \/><\/a>\n\t\t\t<\/div><\/figure><figure class='gallery-item'>\n\t\t\t<div class='gallery-icon landscape'>\n\t\t\t\t<a href='https:\/\/pb.edu.pl\/sjo\/wp-content\/uploads\/sites\/9\/2021\/01\/pytania-konkursowe.jpg'><img loading=\"lazy\" decoding=\"async\" width=\"1920\" height=\"1080\" src=\"https:\/\/pb.edu.pl\/sjo\/wp-content\/uploads\/sites\/9\/2021\/01\/pytania-konkursowe.jpg\" class=\"attachment-full size-full\" alt=\"Zrzut ekranu pytania konkursowego o budynek uniwersytecki\" srcset=\"https:\/\/pb.edu.pl\/sjo\/wp-content\/uploads\/sites\/9\/2021\/01\/pytania-konkursowe.jpg 1920w, https:\/\/pb.edu.pl\/sjo\/wp-content\/uploads\/sites\/9\/2021\/01\/pytania-konkursowe-300x169.jpg 300w, https:\/\/pb.edu.pl\/sjo\/wp-content\/uploads\/sites\/9\/2021\/01\/pytania-konkursowe-1024x576.jpg 1024w, https:\/\/pb.edu.pl\/sjo\/wp-content\/uploads\/sites\/9\/2021\/01\/pytania-konkursowe-768x432.jpg 768w, https:\/\/pb.edu.pl\/sjo\/wp-content\/uploads\/sites\/9\/2021\/01\/pytania-konkursowe-1536x864.jpg 1536w\" sizes=\"auto, (max-width: 1920px) 100vw, 1920px\" \/><\/a>\n\t\t\t<\/div><\/figure>\n\t\t<\/div>\n\n<p>&nbsp;<\/p>\n<p><strong><span style=\"font-family: verdana, geneva, sans-serif;font-size: 12pt\">Wielop\u0142aszczyznowe korzy\u015bci z realizacji projektu:<\/span><\/strong><\/p>\n<ul style=\"list-style-type: square\">\n<li><span style=\"font-family: verdana, geneva, sans-serif;font-size: 12pt\">rozpowszechnienie w uczelniach i organizacjach Partner\u00f3w idei uczenia si\u0119 j\u0119zyka polskiego, jako ojczystego j\u0119zyka kraju, kt\u00f3rego pozycja w Europie i na \u015bwiecie nieustannie wzrasta,<\/span><\/li>\n<li><span style=\"font-family: verdana, geneva, sans-serif;font-size: 12pt\">popularyzacja nauczania j\u0119zyka polskiego, poprzez stosowanie prostych funkcji j\u0119zykowych, w tym internacjonalizm\u00f3w, w najbardziej przydatnych sytuacjach <\/span><span style=\"font-family: verdana, geneva, sans-serif;font-size: 12pt\">komunikacyjnych,<\/span><\/li>\n<li><span style=\"font-family: verdana, geneva, sans-serif;font-size: 12pt\">zapoznanie szerokiego grona odbiorc\u00f3w zagranicznych z elementami kultury polskiej<\/span><\/li>\n<li><span style=\"font-family: verdana, geneva, sans-serif;font-size: 12pt\">obalanie negatywnych stereotyp\u00f3w funkcjonuj\u0105cych w \u015bwiecie na temat Polak\u00f3w poprzez promowanie otwarto\u015bci, go\u015bcinno\u015bci, tolerancji narodu polskiego,<\/span><\/li>\n<li><span style=\"font-family: verdana, geneva, sans-serif;font-size: 12pt\">zainspirowanie zagranicznych odbiorc\u00f3w do poszukiwania kontakt\u00f3w w dziedzinach: zawodowych, biznesowych, naukowych,<\/span><\/li>\n<li><span style=\"font-family: verdana, geneva, sans-serif;font-size: 12pt\">zacie\u015bnienie wsp\u00f3\u0142pracy uczelni Wnioskodawcy z uczelniami i instytucjami partnerskimi.<\/span><\/li>\n<\/ul>\n<div id='gallery-4' class='gallery galleryid-9063 gallery-columns-4 gallery-size-full'><figure class='gallery-item'>\n\t\t\t<div class='gallery-icon portrait'>\n\t\t\t\t<a href='https:\/\/pb.edu.pl\/sjo\/wp-content\/uploads\/sites\/9\/2021\/02\/nagrody-3.jpg'><img loading=\"lazy\" decoding=\"async\" width=\"504\" height=\"672\" src=\"https:\/\/pb.edu.pl\/sjo\/wp-content\/uploads\/sites\/9\/2021\/02\/nagrody-3.jpg\" class=\"attachment-full size-full\" alt=\"zwyci\u0119\u017cczyni w quizie kulturowym w Buenos Aires odbiera nagrod\u0119 org\" srcset=\"https:\/\/pb.edu.pl\/sjo\/wp-content\/uploads\/sites\/9\/2021\/02\/nagrody-3.jpg 504w, https:\/\/pb.edu.pl\/sjo\/wp-content\/uploads\/sites\/9\/2021\/02\/nagrody-3-225x300.jpg 225w\" sizes=\"auto, (max-width: 504px) 100vw, 504px\" \/><\/a>\n\t\t\t<\/div><\/figure><figure class='gallery-item'>\n\t\t\t<div class='gallery-icon portrait'>\n\t\t\t\t<a href='https:\/\/pb.edu.pl\/sjo\/wp-content\/uploads\/sites\/9\/2021\/02\/nagrody-1.jpg'><img loading=\"lazy\" decoding=\"async\" width=\"503\" height=\"672\" src=\"https:\/\/pb.edu.pl\/sjo\/wp-content\/uploads\/sites\/9\/2021\/02\/nagrody-1.jpg\" class=\"attachment-full size-full\" alt=\"przekazanie nagr\u00f3d\" srcset=\"https:\/\/pb.edu.pl\/sjo\/wp-content\/uploads\/sites\/9\/2021\/02\/nagrody-1.jpg 503w, https:\/\/pb.edu.pl\/sjo\/wp-content\/uploads\/sites\/9\/2021\/02\/nagrody-1-225x300.jpg 225w\" sizes=\"auto, (max-width: 503px) 100vw, 503px\" \/><\/a>\n\t\t\t<\/div><\/figure><figure class='gallery-item'>\n\t\t\t<div class='gallery-icon portrait'>\n\t\t\t\t<a href='https:\/\/pb.edu.pl\/sjo\/wp-content\/uploads\/sites\/9\/2021\/02\/nagrody-2.jpg'><img loading=\"lazy\" decoding=\"async\" width=\"504\" height=\"672\" src=\"https:\/\/pb.edu.pl\/sjo\/wp-content\/uploads\/sites\/9\/2021\/02\/nagrody-2.jpg\" class=\"attachment-full size-full\" alt=\"przekazanie nagr\u00f3d\" srcset=\"https:\/\/pb.edu.pl\/sjo\/wp-content\/uploads\/sites\/9\/2021\/02\/nagrody-2.jpg 504w, https:\/\/pb.edu.pl\/sjo\/wp-content\/uploads\/sites\/9\/2021\/02\/nagrody-2-225x300.jpg 225w\" sizes=\"auto, (max-width: 504px) 100vw, 504px\" \/><\/a>\n\t\t\t<\/div><\/figure><figure class='gallery-item'>\n\t\t\t<div class='gallery-icon portrait'>\n\t\t\t\t<a href='https:\/\/pb.edu.pl\/sjo\/wp-content\/uploads\/sites\/9\/2021\/02\/nagrody-4.jpg'><img loading=\"lazy\" decoding=\"async\" width=\"503\" height=\"670\" src=\"https:\/\/pb.edu.pl\/sjo\/wp-content\/uploads\/sites\/9\/2021\/02\/nagrody-4.jpg\" class=\"attachment-full size-full\" alt=\"przekazanie nagr\u00f3d\" srcset=\"https:\/\/pb.edu.pl\/sjo\/wp-content\/uploads\/sites\/9\/2021\/02\/nagrody-4.jpg 503w, https:\/\/pb.edu.pl\/sjo\/wp-content\/uploads\/sites\/9\/2021\/02\/nagrody-4-225x300.jpg 225w\" sizes=\"auto, (max-width: 503px) 100vw, 503px\" \/><\/a>\n\t\t\t<\/div><\/figure>\n\t\t<\/div>\n\n<div id='gallery-5' class='gallery galleryid-9063 gallery-columns-2 gallery-size-full'><figure class='gallery-item'>\n\t\t\t<div class='gallery-icon landscape'>\n\t\t\t\t<a href='https:\/\/pb.edu.pl\/sjo\/wp-content\/uploads\/sites\/9\/2021\/01\/kilkadziesi\u0105t-album\u00f3w-o-polskce-i-podrecznik\u00f3w-do-nauki-j\u0119zyka-polskiego.jpg'><img loading=\"lazy\" decoding=\"async\" width=\"1620\" height=\"1080\" src=\"https:\/\/pb.edu.pl\/sjo\/wp-content\/uploads\/sites\/9\/2021\/01\/kilkadziesi\u0105t-album\u00f3w-o-polskce-i-podrecznik\u00f3w-do-nauki-j\u0119zyka-polskiego.jpg\" class=\"attachment-full size-full\" alt=\"kilkadziesi\u0105t album\u00f3w o polskce i podrecznik\u00f3w do nauki j\u0119zyka polskiego\" srcset=\"https:\/\/pb.edu.pl\/sjo\/wp-content\/uploads\/sites\/9\/2021\/01\/kilkadziesi\u0105t-album\u00f3w-o-polskce-i-podrecznik\u00f3w-do-nauki-j\u0119zyka-polskiego.jpg 1620w, https:\/\/pb.edu.pl\/sjo\/wp-content\/uploads\/sites\/9\/2021\/01\/kilkadziesi\u0105t-album\u00f3w-o-polskce-i-podrecznik\u00f3w-do-nauki-j\u0119zyka-polskiego-300x200.jpg 300w, https:\/\/pb.edu.pl\/sjo\/wp-content\/uploads\/sites\/9\/2021\/01\/kilkadziesi\u0105t-album\u00f3w-o-polskce-i-podrecznik\u00f3w-do-nauki-j\u0119zyka-polskiego-1024x683.jpg 1024w, https:\/\/pb.edu.pl\/sjo\/wp-content\/uploads\/sites\/9\/2021\/01\/kilkadziesi\u0105t-album\u00f3w-o-polskce-i-podrecznik\u00f3w-do-nauki-j\u0119zyka-polskiego-768x512.jpg 768w, https:\/\/pb.edu.pl\/sjo\/wp-content\/uploads\/sites\/9\/2021\/01\/kilkadziesi\u0105t-album\u00f3w-o-polskce-i-podrecznik\u00f3w-do-nauki-j\u0119zyka-polskiego-1536x1024.jpg 1536w, https:\/\/pb.edu.pl\/sjo\/wp-content\/uploads\/sites\/9\/2021\/01\/kilkadziesi\u0105t-album\u00f3w-o-polskce-i-podrecznik\u00f3w-do-nauki-j\u0119zyka-polskiego-480x320.jpg 480w\" sizes=\"auto, (max-width: 1620px) 100vw, 1620px\" \/><\/a>\n\t\t\t<\/div><\/figure><figure class='gallery-item'>\n\t\t\t<div class='gallery-icon landscape'>\n\t\t\t\t<a href='https:\/\/pb.edu.pl\/sjo\/wp-content\/uploads\/sites\/9\/2021\/01\/torby-p\u0142\u00f3cienne-teczki-d\u0142ugopisy-notesy-i-kalendarze-z-polskimi-wzorami-ludowymi-e1612824369669.jpg'><img loading=\"lazy\" decoding=\"async\" width=\"1620\" height=\"1080\" src=\"https:\/\/pb.edu.pl\/sjo\/wp-content\/uploads\/sites\/9\/2021\/01\/torby-p\u0142\u00f3cienne-teczki-d\u0142ugopisy-notesy-i-kalendarze-z-polskimi-wzorami-ludowymi-e1612824369669.jpg\" class=\"attachment-full size-full\" alt=\"torby p\u0142\u00f3cienne, teczki, d\u0142ugopisy, notesy i kalendarze z polskimi wzorami ludowymi\" srcset=\"https:\/\/pb.edu.pl\/sjo\/wp-content\/uploads\/sites\/9\/2021\/01\/torby-p\u0142\u00f3cienne-teczki-d\u0142ugopisy-notesy-i-kalendarze-z-polskimi-wzorami-ludowymi-e1612824369669.jpg 1620w, https:\/\/pb.edu.pl\/sjo\/wp-content\/uploads\/sites\/9\/2021\/01\/torby-p\u0142\u00f3cienne-teczki-d\u0142ugopisy-notesy-i-kalendarze-z-polskimi-wzorami-ludowymi-e1612824369669-300x200.jpg 300w, https:\/\/pb.edu.pl\/sjo\/wp-content\/uploads\/sites\/9\/2021\/01\/torby-p\u0142\u00f3cienne-teczki-d\u0142ugopisy-notesy-i-kalendarze-z-polskimi-wzorami-ludowymi-e1612824369669-1024x683.jpg 1024w, https:\/\/pb.edu.pl\/sjo\/wp-content\/uploads\/sites\/9\/2021\/01\/torby-p\u0142\u00f3cienne-teczki-d\u0142ugopisy-notesy-i-kalendarze-z-polskimi-wzorami-ludowymi-e1612824369669-768x512.jpg 768w, https:\/\/pb.edu.pl\/sjo\/wp-content\/uploads\/sites\/9\/2021\/01\/torby-p\u0142\u00f3cienne-teczki-d\u0142ugopisy-notesy-i-kalendarze-z-polskimi-wzorami-ludowymi-e1612824369669-1536x1024.jpg 1536w, https:\/\/pb.edu.pl\/sjo\/wp-content\/uploads\/sites\/9\/2021\/01\/torby-p\u0142\u00f3cienne-teczki-d\u0142ugopisy-notesy-i-kalendarze-z-polskimi-wzorami-ludowymi-e1612824369669-480x320.jpg 480w\" sizes=\"auto, (max-width: 1620px) 100vw, 1620px\" \/><\/a>\n\t\t\t<\/div><\/figure>\n\t\t<\/div>\n\n<p>&nbsp;<\/p>\n<p><strong><span style=\"font-family: verdana, geneva, sans-serif;font-size: 12pt\">Promocja dzia\u0142a\u0144 projektowych:<\/span><\/strong><\/p>\n<ul style=\"list-style-type: square\">\n<li><a href=\"https:\/\/pb.edu.pl\/2020\/11\/29\/45981\/\"><span style=\"font-family: verdana, geneva, sans-serif;font-size: 12pt\">oficjalna strona Politechniki Bia\u0142ostockiej<\/span><\/a><\/li>\n<li><a href=\"https:\/\/www.wrotapodlasia.pl\/pl\/edukacja\/edukacja_nauka\/nauczycielki-z-politechniki-bialostockiej-prowadza-zajecia-z-jezyka-polskiego-i-promuja-nasza-kulture-w-argentynie-i-ekwadorze.html\"><span style=\"font-family: verdana, geneva, sans-serif;font-size: 12pt\">Wrota Podlasia<\/span><\/a><\/li>\n<li><a href=\"https:\/\/bialystok.naszemiasto.pl\/nauczycielki-z-politechniki-bialostockiej-ucza-jezyka\/ar\/c5-8027717\"><span style=\"font-family: verdana, geneva, sans-serif;font-size: 12pt\">Bia\u0142ystok Nasze Miasto<\/span><\/a><\/li>\n<li><a href=\"https:\/\/ddb24.pl\/artykul\/jezyk-polski-i-polska\/1110116\"><span style=\"font-family: verdana, geneva, sans-serif;font-size: 12pt\">Dzie\u0144 Dobry Bia\u0142ystok<\/span><\/a><\/li>\n<\/ul>\n<p>&nbsp;<\/p>\n<p><span style=\"font-family: verdana, geneva, sans-serif;font-size: 12pt\">Projekt koordynowa\u0142a mgr Alina Jab\u0142o\u0144ska Domurat we wsp\u00f3\u0142pracy z mgr <\/span><span style=\"font-family: verdana, geneva, sans-serif;font-size: 12pt\">Dorot\u0105 Szuper-Jakubiuk<\/span><span style=\"font-family: verdana, geneva, sans-serif;font-size: 12pt\"> oraz mgr <\/span><span style=\"font-family: verdana, geneva, sans-serif;font-size: 12pt\">Ma\u0142gorzat\u0105 Komarewsk\u0105<\/span><span style=\"font-family: verdana, geneva, sans-serif;font-size: 12pt\">.<\/span><\/p>\n<div id='gallery-6' class='gallery galleryid-9063 gallery-columns-2 gallery-size-full'><figure class='gallery-item'>\n\t\t\t<div class='gallery-icon landscape'>\n\t\t\t\t<a href='https:\/\/pb.edu.pl\/sjo\/wp-content\/uploads\/sites\/9\/2021\/01\/3-autorki-projektu-stoj\u0105ce-w-budynku-CNK-Politechniki-Bia\u0142ostockiej.jpg'><img loading=\"lazy\" decoding=\"async\" width=\"1000\" height=\"666\" src=\"https:\/\/pb.edu.pl\/sjo\/wp-content\/uploads\/sites\/9\/2021\/01\/3-autorki-projektu-stoj\u0105ce-w-budynku-CNK-Politechniki-Bia\u0142ostockiej.jpg\" class=\"attachment-full size-full\" alt=\"Trzy autorki projektu stoj\u0105ce w budynku CNK Politechniki Bia\u0142ostockiej\" srcset=\"https:\/\/pb.edu.pl\/sjo\/wp-content\/uploads\/sites\/9\/2021\/01\/3-autorki-projektu-stoj\u0105ce-w-budynku-CNK-Politechniki-Bia\u0142ostockiej.jpg 1000w, https:\/\/pb.edu.pl\/sjo\/wp-content\/uploads\/sites\/9\/2021\/01\/3-autorki-projektu-stoj\u0105ce-w-budynku-CNK-Politechniki-Bia\u0142ostockiej-300x200.jpg 300w, https:\/\/pb.edu.pl\/sjo\/wp-content\/uploads\/sites\/9\/2021\/01\/3-autorki-projektu-stoj\u0105ce-w-budynku-CNK-Politechniki-Bia\u0142ostockiej-768x511.jpg 768w, https:\/\/pb.edu.pl\/sjo\/wp-content\/uploads\/sites\/9\/2021\/01\/3-autorki-projektu-stoj\u0105ce-w-budynku-CNK-Politechniki-Bia\u0142ostockiej-480x320.jpg 480w\" sizes=\"auto, (max-width: 1000px) 100vw, 1000px\" \/><\/a>\n\t\t\t<\/div><\/figure><figure class='gallery-item'>\n\t\t\t<div class='gallery-icon landscape'>\n\t\t\t\t<a href='https:\/\/pb.edu.pl\/sjo\/wp-content\/uploads\/sites\/9\/2021\/01\/3-autorki-stoj\u0105ce-na-tle-bannera-Centrum-Polish-Lab.jpg'><img loading=\"lazy\" decoding=\"async\" width=\"1000\" height=\"666\" src=\"https:\/\/pb.edu.pl\/sjo\/wp-content\/uploads\/sites\/9\/2021\/01\/3-autorki-stoj\u0105ce-na-tle-bannera-Centrum-Polish-Lab.jpg\" class=\"attachment-full size-full\" alt=\"Trzy autorki stoj\u0105ce na tle bannera Centrum Polish Lab\" srcset=\"https:\/\/pb.edu.pl\/sjo\/wp-content\/uploads\/sites\/9\/2021\/01\/3-autorki-stoj\u0105ce-na-tle-bannera-Centrum-Polish-Lab.jpg 1000w, https:\/\/pb.edu.pl\/sjo\/wp-content\/uploads\/sites\/9\/2021\/01\/3-autorki-stoj\u0105ce-na-tle-bannera-Centrum-Polish-Lab-300x200.jpg 300w, https:\/\/pb.edu.pl\/sjo\/wp-content\/uploads\/sites\/9\/2021\/01\/3-autorki-stoj\u0105ce-na-tle-bannera-Centrum-Polish-Lab-768x511.jpg 768w, https:\/\/pb.edu.pl\/sjo\/wp-content\/uploads\/sites\/9\/2021\/01\/3-autorki-stoj\u0105ce-na-tle-bannera-Centrum-Polish-Lab-480x320.jpg 480w\" sizes=\"auto, (max-width: 1000px) 100vw, 1000px\" \/><\/a>\n\t\t\t<\/div><\/figure>\n\t\t<\/div>\n\n<p>&nbsp;<\/p>\n<p>&nbsp;<\/p>\n","protected":false},"excerpt":{"rendered":"<p>Projekt finansowany przez Narodow\u0105 Agencj\u0119 Wymiany Akademickiej w ramach Programu Promocja J\u0119zyka Polskiego Projekt \u201ePoloneza<\/p>\n","protected":false},"author":6,"featured_media":0,"parent":26310,"menu_order":1,"comment_status":"closed","ping_status":"closed","template":"","meta":{"_acf_changed":false,"ngg_post_thumbnail":0,"footnotes":""},"class_list":["post-9063","page","type-page","status-publish","hentry"],"acf":[],"yoast_head":"<!-- This site is optimized with the Yoast SEO plugin v27.0 - https:\/\/yoast.com\/product\/yoast-seo-wordpress\/ -->\n<title>Poloneza czas zacz\u0105\u0107 - Studium J\u0119zyk\u00f3w Obcych<\/title>\n<meta name=\"description\" content=\"Projekt finansowany przez Narodow\u0105 Agencj\u0119 Wymiany Akademickiej w ramach Programu Promocja J\u0119zyka Polskiego Projekt \u201ePoloneza czas zacz\u0105\u0107... - promocja\" \/>\n<meta name=\"robots\" content=\"index, follow, max-snippet:-1, max-image-preview:large, max-video-preview:-1\" \/>\n<link rel=\"canonical\" href=\"https:\/\/pb.edu.pl\/sjo\/polish-lab\/wydarzenia-kulturalne\/nasze-flagowe-projekty\/poloneza-czas-zaczac\/\" \/>\n<meta property=\"og:locale\" content=\"pl_PL\" \/>\n<meta property=\"og:type\" content=\"article\" \/>\n<meta property=\"og:title\" content=\"Poloneza czas zacz\u0105\u0107 - Studium J\u0119zyk\u00f3w Obcych\" \/>\n<meta property=\"og:description\" content=\"Projekt finansowany przez Narodow\u0105 Agencj\u0119 Wymiany Akademickiej w ramach Programu Promocja J\u0119zyka Polskiego Projekt \u201ePoloneza czas zacz\u0105\u0107... - promocja\" \/>\n<meta property=\"og:url\" content=\"https:\/\/pb.edu.pl\/sjo\/polish-lab\/wydarzenia-kulturalne\/nasze-flagowe-projekty\/poloneza-czas-zaczac\/\" \/>\n<meta property=\"og:site_name\" content=\"Studium J\u0119zyk\u00f3w Obcych\" \/>\n<meta property=\"article:modified_time\" content=\"2025-05-27T08:58:50+00:00\" \/>\n<meta property=\"og:image\" content=\"https:\/\/pb.edu.pl\/sjo\/wp-content\/uploads\/sites\/9\/2020\/09\/zajecia-online-3.png\" \/>\n<meta name=\"twitter:label1\" content=\"Szacowany czas czytania\" \/>\n\t<meta name=\"twitter:data1\" content=\"6 minut\" \/>\n<script type=\"application\/ld+json\" class=\"yoast-schema-graph\">{\"@context\":\"https:\/\/schema.org\",\"@graph\":[{\"@type\":\"WebPage\",\"@id\":\"https:\/\/pb.edu.pl\/sjo\/polish-lab\/wydarzenia-kulturalne\/nasze-flagowe-projekty\/poloneza-czas-zaczac\/\",\"url\":\"https:\/\/pb.edu.pl\/sjo\/polish-lab\/wydarzenia-kulturalne\/nasze-flagowe-projekty\/poloneza-czas-zaczac\/\",\"name\":\"Poloneza czas zacz\u0105\u0107 - Studium J\u0119zyk\u00f3w Obcych\",\"isPartOf\":{\"@id\":\"https:\/\/pb.edu.pl\/sjo\/#website\"},\"primaryImageOfPage\":{\"@id\":\"https:\/\/pb.edu.pl\/sjo\/polish-lab\/wydarzenia-kulturalne\/nasze-flagowe-projekty\/poloneza-czas-zaczac\/#primaryimage\"},\"image\":{\"@id\":\"https:\/\/pb.edu.pl\/sjo\/polish-lab\/wydarzenia-kulturalne\/nasze-flagowe-projekty\/poloneza-czas-zaczac\/#primaryimage\"},\"thumbnailUrl\":\"https:\/\/pb.edu.pl\/sjo\/wp-content\/uploads\/sites\/9\/2021\/01\/loga-1.png\",\"datePublished\":\"2020-12-17T21:45:19+00:00\",\"dateModified\":\"2025-05-27T08:58:50+00:00\",\"description\":\"Projekt finansowany przez Narodow\u0105 Agencj\u0119 Wymiany Akademickiej w ramach Programu Promocja J\u0119zyka Polskiego Projekt \u201ePoloneza czas zacz\u0105\u0107... - promocja\",\"breadcrumb\":{\"@id\":\"https:\/\/pb.edu.pl\/sjo\/polish-lab\/wydarzenia-kulturalne\/nasze-flagowe-projekty\/poloneza-czas-zaczac\/#breadcrumb\"},\"inLanguage\":\"pl-PL\",\"potentialAction\":[{\"@type\":\"ReadAction\",\"target\":[\"https:\/\/pb.edu.pl\/sjo\/polish-lab\/wydarzenia-kulturalne\/nasze-flagowe-projekty\/poloneza-czas-zaczac\/\"]}]},{\"@type\":\"ImageObject\",\"inLanguage\":\"pl-PL\",\"@id\":\"https:\/\/pb.edu.pl\/sjo\/polish-lab\/wydarzenia-kulturalne\/nasze-flagowe-projekty\/poloneza-czas-zaczac\/#primaryimage\",\"url\":\"https:\/\/pb.edu.pl\/sjo\/wp-content\/uploads\/sites\/9\/2021\/01\/loga-1.png\",\"contentUrl\":\"https:\/\/pb.edu.pl\/sjo\/wp-content\/uploads\/sites\/9\/2021\/01\/loga-1.png\",\"width\":1566,\"height\":407,\"caption\":\"Logo Narodowej Agencji Wymiany Akademickiej, logo Polish Lab oraz logo Narodowej Agencji Wymiany Akademickiej\"},{\"@type\":\"BreadcrumbList\",\"@id\":\"https:\/\/pb.edu.pl\/sjo\/polish-lab\/wydarzenia-kulturalne\/nasze-flagowe-projekty\/poloneza-czas-zaczac\/#breadcrumb\",\"itemListElement\":[{\"@type\":\"ListItem\",\"position\":1,\"name\":\"Home\",\"item\":\"https:\/\/pb.edu.pl\/sjo\/\"},{\"@type\":\"ListItem\",\"position\":2,\"name\":\"Centrum J\u0119zyka i Kultury Polskiej POLISH LAB\",\"item\":\"https:\/\/pb.edu.pl\/sjo\/polish-lab\/\"},{\"@type\":\"ListItem\",\"position\":3,\"name\":\"Wydarzenia kulturalne\",\"item\":\"https:\/\/pb.edu.pl\/sjo\/polish-lab\/wydarzenia-kulturalne\/\"},{\"@type\":\"ListItem\",\"position\":4,\"name\":\"Nasze flagowe projekty\",\"item\":\"https:\/\/pb.edu.pl\/sjo\/polish-lab\/wydarzenia-kulturalne\/nasze-flagowe-projekty\/\"},{\"@type\":\"ListItem\",\"position\":5,\"name\":\"Poloneza czas zacz\u0105\u0107\"}]},{\"@type\":\"WebSite\",\"@id\":\"https:\/\/pb.edu.pl\/sjo\/#website\",\"url\":\"https:\/\/pb.edu.pl\/sjo\/\",\"name\":\"Studium J\u0119zyk\u00f3w Obcych\",\"description\":\"\",\"potentialAction\":[{\"@type\":\"SearchAction\",\"target\":{\"@type\":\"EntryPoint\",\"urlTemplate\":\"https:\/\/pb.edu.pl\/sjo\/?s={search_term_string}\"},\"query-input\":{\"@type\":\"PropertyValueSpecification\",\"valueRequired\":true,\"valueName\":\"search_term_string\"}}],\"inLanguage\":\"pl-PL\"}]}<\/script>\n<!-- \/ Yoast SEO plugin. -->","yoast_head_json":{"title":"Poloneza czas zacz\u0105\u0107 - Studium J\u0119zyk\u00f3w Obcych","description":"Projekt finansowany przez Narodow\u0105 Agencj\u0119 Wymiany Akademickiej w ramach Programu Promocja J\u0119zyka Polskiego Projekt \u201ePoloneza czas zacz\u0105\u0107... - promocja","robots":{"index":"index","follow":"follow","max-snippet":"max-snippet:-1","max-image-preview":"max-image-preview:large","max-video-preview":"max-video-preview:-1"},"canonical":"https:\/\/pb.edu.pl\/sjo\/polish-lab\/wydarzenia-kulturalne\/nasze-flagowe-projekty\/poloneza-czas-zaczac\/","og_locale":"pl_PL","og_type":"article","og_title":"Poloneza czas zacz\u0105\u0107 - Studium J\u0119zyk\u00f3w Obcych","og_description":"Projekt finansowany przez Narodow\u0105 Agencj\u0119 Wymiany Akademickiej w ramach Programu Promocja J\u0119zyka Polskiego Projekt \u201ePoloneza czas zacz\u0105\u0107... - promocja","og_url":"https:\/\/pb.edu.pl\/sjo\/polish-lab\/wydarzenia-kulturalne\/nasze-flagowe-projekty\/poloneza-czas-zaczac\/","og_site_name":"Studium J\u0119zyk\u00f3w Obcych","article_modified_time":"2025-05-27T08:58:50+00:00","og_image":[{"url":"https:\/\/pb.edu.pl\/sjo\/wp-content\/uploads\/sites\/9\/2020\/09\/zajecia-online-3.png","type":"","width":"","height":""}],"twitter_misc":{"Szacowany czas czytania":"6 minut"},"schema":{"@context":"https:\/\/schema.org","@graph":[{"@type":"WebPage","@id":"https:\/\/pb.edu.pl\/sjo\/polish-lab\/wydarzenia-kulturalne\/nasze-flagowe-projekty\/poloneza-czas-zaczac\/","url":"https:\/\/pb.edu.pl\/sjo\/polish-lab\/wydarzenia-kulturalne\/nasze-flagowe-projekty\/poloneza-czas-zaczac\/","name":"Poloneza czas zacz\u0105\u0107 - Studium J\u0119zyk\u00f3w Obcych","isPartOf":{"@id":"https:\/\/pb.edu.pl\/sjo\/#website"},"primaryImageOfPage":{"@id":"https:\/\/pb.edu.pl\/sjo\/polish-lab\/wydarzenia-kulturalne\/nasze-flagowe-projekty\/poloneza-czas-zaczac\/#primaryimage"},"image":{"@id":"https:\/\/pb.edu.pl\/sjo\/polish-lab\/wydarzenia-kulturalne\/nasze-flagowe-projekty\/poloneza-czas-zaczac\/#primaryimage"},"thumbnailUrl":"https:\/\/pb.edu.pl\/sjo\/wp-content\/uploads\/sites\/9\/2021\/01\/loga-1.png","datePublished":"2020-12-17T21:45:19+00:00","dateModified":"2025-05-27T08:58:50+00:00","description":"Projekt finansowany przez Narodow\u0105 Agencj\u0119 Wymiany Akademickiej w ramach Programu Promocja J\u0119zyka Polskiego Projekt \u201ePoloneza czas zacz\u0105\u0107... - promocja","breadcrumb":{"@id":"https:\/\/pb.edu.pl\/sjo\/polish-lab\/wydarzenia-kulturalne\/nasze-flagowe-projekty\/poloneza-czas-zaczac\/#breadcrumb"},"inLanguage":"pl-PL","potentialAction":[{"@type":"ReadAction","target":["https:\/\/pb.edu.pl\/sjo\/polish-lab\/wydarzenia-kulturalne\/nasze-flagowe-projekty\/poloneza-czas-zaczac\/"]}]},{"@type":"ImageObject","inLanguage":"pl-PL","@id":"https:\/\/pb.edu.pl\/sjo\/polish-lab\/wydarzenia-kulturalne\/nasze-flagowe-projekty\/poloneza-czas-zaczac\/#primaryimage","url":"https:\/\/pb.edu.pl\/sjo\/wp-content\/uploads\/sites\/9\/2021\/01\/loga-1.png","contentUrl":"https:\/\/pb.edu.pl\/sjo\/wp-content\/uploads\/sites\/9\/2021\/01\/loga-1.png","width":1566,"height":407,"caption":"Logo Narodowej Agencji Wymiany Akademickiej, logo Polish Lab oraz logo Narodowej Agencji Wymiany Akademickiej"},{"@type":"BreadcrumbList","@id":"https:\/\/pb.edu.pl\/sjo\/polish-lab\/wydarzenia-kulturalne\/nasze-flagowe-projekty\/poloneza-czas-zaczac\/#breadcrumb","itemListElement":[{"@type":"ListItem","position":1,"name":"Home","item":"https:\/\/pb.edu.pl\/sjo\/"},{"@type":"ListItem","position":2,"name":"Centrum J\u0119zyka i Kultury Polskiej POLISH LAB","item":"https:\/\/pb.edu.pl\/sjo\/polish-lab\/"},{"@type":"ListItem","position":3,"name":"Wydarzenia kulturalne","item":"https:\/\/pb.edu.pl\/sjo\/polish-lab\/wydarzenia-kulturalne\/"},{"@type":"ListItem","position":4,"name":"Nasze flagowe projekty","item":"https:\/\/pb.edu.pl\/sjo\/polish-lab\/wydarzenia-kulturalne\/nasze-flagowe-projekty\/"},{"@type":"ListItem","position":5,"name":"Poloneza czas zacz\u0105\u0107"}]},{"@type":"WebSite","@id":"https:\/\/pb.edu.pl\/sjo\/#website","url":"https:\/\/pb.edu.pl\/sjo\/","name":"Studium J\u0119zyk\u00f3w Obcych","description":"","potentialAction":[{"@type":"SearchAction","target":{"@type":"EntryPoint","urlTemplate":"https:\/\/pb.edu.pl\/sjo\/?s={search_term_string}"},"query-input":{"@type":"PropertyValueSpecification","valueRequired":true,"valueName":"search_term_string"}}],"inLanguage":"pl-PL"}]}},"_links":{"self":[{"href":"https:\/\/pb.edu.pl\/sjo\/wp-json\/wp\/v2\/pages\/9063","targetHints":{"allow":["GET"]}}],"collection":[{"href":"https:\/\/pb.edu.pl\/sjo\/wp-json\/wp\/v2\/pages"}],"about":[{"href":"https:\/\/pb.edu.pl\/sjo\/wp-json\/wp\/v2\/types\/page"}],"author":[{"embeddable":true,"href":"https:\/\/pb.edu.pl\/sjo\/wp-json\/wp\/v2\/users\/6"}],"replies":[{"embeddable":true,"href":"https:\/\/pb.edu.pl\/sjo\/wp-json\/wp\/v2\/comments?post=9063"}],"version-history":[{"count":0,"href":"https:\/\/pb.edu.pl\/sjo\/wp-json\/wp\/v2\/pages\/9063\/revisions"}],"up":[{"embeddable":true,"href":"https:\/\/pb.edu.pl\/sjo\/wp-json\/wp\/v2\/pages\/26310"}],"wp:attachment":[{"href":"https:\/\/pb.edu.pl\/sjo\/wp-json\/wp\/v2\/media?parent=9063"}],"curies":[{"name":"wp","href":"https:\/\/api.w.org\/{rel}","templated":true}]}}