{"id":795,"date":"2017-11-30T21:50:50","date_gmt":"2017-11-30T20:50:50","guid":{"rendered":"https:\/\/pb.edu.pl\/sjo\/?page_id=795"},"modified":"2017-11-30T22:05:32","modified_gmt":"2017-11-30T21:05:32","slug":"jezyk-specjalistyczny-nowe-wyzwania","status":"publish","type":"page","link":"https:\/\/pb.edu.pl\/sjo\/wydarzenia-sjo\/wydarzenia-archiwum\/szkolimy-sie\/jezyk-specjalistyczny-nowe-wyzwania\/","title":{"rendered":"J\u0119zyk specjalistyczny &#8211; nowe wyzwania"},"content":{"rendered":"<p>Warsztaty metodyczne pt. \u201eJ\u0118ZYK SPECJALISTYCZNY \u2013 NOWE WYZWANIA\u201d, zorganizowane 19.09.2017 przez Studium Praktycznej Nauki J\u0119zyk\u00f3w Obcych Politechniki Krakowskiej, cieszy\u0142y si\u0119 du\u017cym powodzeniem w\u015br\u00f3d wyk\u0142adowc\u00f3w wy\u017cszych uczelni z ca\u0142ej Polski. Studium J\u0119zyk\u00f3w Obcych PB reprezentowa\u0142o siedmioro wyk\u0142adowc\u00f3w: mgr Sylwia Dobkowska, mgr Dorota Ostrowska, mgr Beata Smolarczyk, mgr Urszula Socho\u0144-Okruszko, mgr Dorota Szuper-Jakubiuk, mgr Dorota \u015aleszy\u0144ska i mgr Maciej \u015aleszy\u0144ski.<\/p>\n<p>Z wyk\u0142adu inauguracyjnego \u201eDziesi\u0119\u0107 rzeczy, kt\u00f3re zawsze chcieli\u015bcie zrobi\u0107 w klasie, ale nie mieli\u015bcie odwagi spr\u00f3bowa\u0107\u201d, wyg\u0142oszonego przez mgra Czes\u0142awa Ki\u0144skiego i dra Jacka \u0141aguna w lekki i \u017cartobliwy spos\u00f3b, dowiedzieli\u015bmy si\u0119 np. jak cieszy\u0107 si\u0119 ba\u0142aganem czy poszale\u0107 z podr\u0119cznikiem. Dalszy program warsztat\u00f3w, dobrany do indywidualnych zainteresowa\u0144 uczestnik\u00f3w, obejmowa\u0142 prace z tekstami specjalistycznymi ze szczeg\u00f3lnym uwzgl\u0119dnieniem r\u00f3\u017cnych technik czytania, wprowadzania i utrwalania s\u0142ownictwa, a tak\u017ce rozwijania sprawno\u015bci m\u00f3wienia. Przyk\u0142adowe tematy warsztat\u00f3w: \u201eNo Pain, Lots of Gain\u201d, \u201eMission Possible? \u2013 Czyli jak zaanga\u017cowa\u0107 studenta po sze\u015bciu godzinach zaj\u0119\u0107 i ci\u0119\u017ckim kolokwium z fizyki\u201d, oraz \u201eCan learning\/teaching how to excavate, to build and to drill be a thrill? (Czy uczenie jak kopa\u0107, wierci\u0107 i budowa\u0107 mo\u017ce ekscytowa\u0107)\u201d? Prelegenci z r\u00f3\u017cnym sta\u017cem pracy (m.in. znane autorki skrypt\u00f3w: mgr Alicja P\u00f3\u0142torak-Filipowska, mgr Sandra Kuli\u0144ska-Stanek mgr Ilona Wojew\u00f3dzka-Olsz\u00f3wka) demonstrowali, jak przygotowywa\u0107 materia\u0142y i prowadzi\u0107 zaj\u0119cia z j\u0119zyka specjalistycznego z wykorzystaniem \u015brodk\u00f3w multimedialnych w dziedzinach takich jak architektura, budownictwo l\u0105dowe, energetyka i elektronika, informatyka, in\u017cynieria \u015brodowiska czy mechanika.<\/p>\n<p>Warsztaty okaza\u0142y si\u0119 platform\u0105 wymiany do\u015bwiadcze\u0144 w zakresie nauczania j\u0119zyka specjalistycznego, daj\u0105c\u0105 r\u00f3wnie\u017c uczestnikom sposobno\u015b\u0107 dzielenia si\u0119 z innymi swoimi spostrze\u017ceniami i rozwi\u0105zaniami. By\u0142y te\u017c dla nas niepowtarzaln\u0105 okazj\u0105 do przypomnienia sobie, jak to jest by\u0107 studentk\u0105 czy studentem. W przerwach mogli\u015bmy zapozna\u0107 si\u0119 ze skryptami do nauki j\u0119zyka specjalistycznego autorstwa pracownik\u00f3w SPNJO PK.<\/p>\n<p>Gratulujemy Studium Praktycznej Nauki J\u0119zyk\u00f3w Obcych Politechniki Krakowskiej tak interesuj\u0105cego i \u015bwietnie zorganizowanego wydarzenia, kt\u00f3re wzbudzi\u0142o w nas ch\u0119\u0107 przeprowadzenia w przysz\u0142o\u015bci podobnej imprezy w SJO PB.<\/p>\n<p>Dorota Ostrowska<\/p>\n<p>&nbsp;<\/p>\n<div id='gallery-1' class='gallery galleryid-795 gallery-columns-2 gallery-size-full'><figure class='gallery-item'>\n\t\t\t<div class='gallery-icon landscape'>\n\t\t\t\t<a href='https:\/\/pb.edu.pl\/sjo\/wp-content\/uploads\/sites\/9\/2017\/11\/Politechnika_Krakowska_2017_1.jpg'><img loading=\"lazy\" decoding=\"async\" width=\"725\" height=\"480\" src=\"https:\/\/pb.edu.pl\/sjo\/wp-content\/uploads\/sites\/9\/2017\/11\/Politechnika_Krakowska_2017_1.jpg\" class=\"attachment-full size-full\" alt=\"uczestnicy warsztat\u00f3w\" srcset=\"https:\/\/pb.edu.pl\/sjo\/wp-content\/uploads\/sites\/9\/2017\/11\/Politechnika_Krakowska_2017_1.jpg 725w, https:\/\/pb.edu.pl\/sjo\/wp-content\/uploads\/sites\/9\/2017\/11\/Politechnika_Krakowska_2017_1-300x199.jpg 300w\" sizes=\"auto, (max-width: 725px) 100vw, 725px\" \/><\/a>\n\t\t\t<\/div><\/figure><figure class='gallery-item'>\n\t\t\t<div class='gallery-icon landscape'>\n\t\t\t\t<a href='https:\/\/pb.edu.pl\/sjo\/wp-content\/uploads\/sites\/9\/2017\/11\/Politechnika_Krakowska_2017_2.jpg'><img loading=\"lazy\" decoding=\"async\" width=\"725\" height=\"480\" src=\"https:\/\/pb.edu.pl\/sjo\/wp-content\/uploads\/sites\/9\/2017\/11\/Politechnika_Krakowska_2017_2.jpg\" class=\"attachment-full size-full\" alt=\"uczestnicy warsztat\u00f3w\" srcset=\"https:\/\/pb.edu.pl\/sjo\/wp-content\/uploads\/sites\/9\/2017\/11\/Politechnika_Krakowska_2017_2.jpg 725w, https:\/\/pb.edu.pl\/sjo\/wp-content\/uploads\/sites\/9\/2017\/11\/Politechnika_Krakowska_2017_2-300x199.jpg 300w\" sizes=\"auto, (max-width: 725px) 100vw, 725px\" \/><\/a>\n\t\t\t<\/div><\/figure><figure class='gallery-item'>\n\t\t\t<div class='gallery-icon landscape'>\n\t\t\t\t<a href='https:\/\/pb.edu.pl\/sjo\/wp-content\/uploads\/sites\/9\/2017\/11\/Politechnika_Krakowska_2017_4.jpg'><img loading=\"lazy\" decoding=\"async\" width=\"725\" height=\"480\" src=\"https:\/\/pb.edu.pl\/sjo\/wp-content\/uploads\/sites\/9\/2017\/11\/Politechnika_Krakowska_2017_4.jpg\" class=\"attachment-full size-full\" alt=\"uczestnicy warsztat\u00f3w\" srcset=\"https:\/\/pb.edu.pl\/sjo\/wp-content\/uploads\/sites\/9\/2017\/11\/Politechnika_Krakowska_2017_4.jpg 725w, https:\/\/pb.edu.pl\/sjo\/wp-content\/uploads\/sites\/9\/2017\/11\/Politechnika_Krakowska_2017_4-300x199.jpg 300w\" sizes=\"auto, (max-width: 725px) 100vw, 725px\" \/><\/a>\n\t\t\t<\/div><\/figure><figure class='gallery-item'>\n\t\t\t<div class='gallery-icon landscape'>\n\t\t\t\t<a href='https:\/\/pb.edu.pl\/sjo\/wp-content\/uploads\/sites\/9\/2017\/11\/Politechnika_Krakowska_2017_3.jpg'><img loading=\"lazy\" decoding=\"async\" width=\"725\" height=\"480\" src=\"https:\/\/pb.edu.pl\/sjo\/wp-content\/uploads\/sites\/9\/2017\/11\/Politechnika_Krakowska_2017_3.jpg\" class=\"attachment-full size-full\" alt=\"uczestnicy warsztat\u00f3w\" srcset=\"https:\/\/pb.edu.pl\/sjo\/wp-content\/uploads\/sites\/9\/2017\/11\/Politechnika_Krakowska_2017_3.jpg 725w, https:\/\/pb.edu.pl\/sjo\/wp-content\/uploads\/sites\/9\/2017\/11\/Politechnika_Krakowska_2017_3-300x199.jpg 300w\" sizes=\"auto, (max-width: 725px) 100vw, 725px\" \/><\/a>\n\t\t\t<\/div><\/figure>\n\t\t<\/div>\n\n","protected":false},"excerpt":{"rendered":"<p>Warsztaty metodyczne pt. \u201eJ\u0118ZYK SPECJALISTYCZNY \u2013 NOWE WYZWANIA\u201d, zorganizowane 19.09.2017 przez Studium Praktycznej Nauki J\u0119zyk\u00f3w<\/p>\n","protected":false},"author":6,"featured_media":0,"parent":768,"menu_order":0,"comment_status":"closed","ping_status":"closed","template":"","meta":{"_acf_changed":false,"ngg_post_thumbnail":0,"footnotes":""},"class_list":["post-795","page","type-page","status-publish","hentry"],"acf":[],"yoast_head":"<!-- This site is optimized with the Yoast SEO plugin v27.0 - https:\/\/yoast.com\/product\/yoast-seo-wordpress\/ -->\n<title>J\u0119zyk specjalistyczny - nowe wyzwania - Studium J\u0119zyk\u00f3w Obcych<\/title>\n<meta name=\"description\" content=\"Warsztaty metodyczne pt. \u201eJ\u0118ZYK SPECJALISTYCZNY \u2013 NOWE WYZWANIA\u201d, zorganizowane 19.09.2017 przez Studium Praktycznej Nauki J\u0119zyk\u00f3w Obcych Politechniki\" \/>\n<meta name=\"robots\" content=\"index, follow, max-snippet:-1, max-image-preview:large, max-video-preview:-1\" \/>\n<link rel=\"canonical\" href=\"https:\/\/pb.edu.pl\/sjo\/wydarzenia-sjo\/wydarzenia-archiwum\/szkolimy-sie\/jezyk-specjalistyczny-nowe-wyzwania\/\" \/>\n<meta property=\"og:locale\" content=\"pl_PL\" \/>\n<meta property=\"og:type\" content=\"article\" \/>\n<meta property=\"og:title\" content=\"J\u0119zyk specjalistyczny - nowe wyzwania - Studium J\u0119zyk\u00f3w Obcych\" \/>\n<meta property=\"og:description\" content=\"Warsztaty metodyczne pt. \u201eJ\u0118ZYK SPECJALISTYCZNY \u2013 NOWE WYZWANIA\u201d, zorganizowane 19.09.2017 przez Studium Praktycznej Nauki J\u0119zyk\u00f3w Obcych Politechniki\" \/>\n<meta property=\"og:url\" content=\"https:\/\/pb.edu.pl\/sjo\/wydarzenia-sjo\/wydarzenia-archiwum\/szkolimy-sie\/jezyk-specjalistyczny-nowe-wyzwania\/\" \/>\n<meta property=\"og:site_name\" content=\"Studium J\u0119zyk\u00f3w Obcych\" \/>\n<meta property=\"article:modified_time\" content=\"2017-11-30T21:05:32+00:00\" \/>\n<meta property=\"og:image\" content=\"https:\/\/pb.edu.pl\/sjo\/wp-content\/uploads\/sites\/9\/2017\/11\/Politechnika_Krakowska_2017_1.jpg\" \/>\n<meta name=\"twitter:label1\" content=\"Szacowany czas czytania\" \/>\n\t<meta name=\"twitter:data1\" content=\"2 minuty\" \/>\n<script type=\"application\/ld+json\" class=\"yoast-schema-graph\">{\"@context\":\"https:\/\/schema.org\",\"@graph\":[{\"@type\":\"WebPage\",\"@id\":\"https:\/\/pb.edu.pl\/sjo\/wydarzenia-sjo\/wydarzenia-archiwum\/szkolimy-sie\/jezyk-specjalistyczny-nowe-wyzwania\/\",\"url\":\"https:\/\/pb.edu.pl\/sjo\/wydarzenia-sjo\/wydarzenia-archiwum\/szkolimy-sie\/jezyk-specjalistyczny-nowe-wyzwania\/\",\"name\":\"J\u0119zyk specjalistyczny - nowe wyzwania - Studium J\u0119zyk\u00f3w Obcych\",\"isPartOf\":{\"@id\":\"https:\/\/pb.edu.pl\/sjo\/#website\"},\"datePublished\":\"2017-11-30T20:50:50+00:00\",\"dateModified\":\"2017-11-30T21:05:32+00:00\",\"description\":\"Warsztaty metodyczne pt. \u201eJ\u0118ZYK SPECJALISTYCZNY \u2013 NOWE WYZWANIA\u201d, zorganizowane 19.09.2017 przez Studium Praktycznej Nauki J\u0119zyk\u00f3w Obcych Politechniki\",\"breadcrumb\":{\"@id\":\"https:\/\/pb.edu.pl\/sjo\/wydarzenia-sjo\/wydarzenia-archiwum\/szkolimy-sie\/jezyk-specjalistyczny-nowe-wyzwania\/#breadcrumb\"},\"inLanguage\":\"pl-PL\",\"potentialAction\":[{\"@type\":\"ReadAction\",\"target\":[\"https:\/\/pb.edu.pl\/sjo\/wydarzenia-sjo\/wydarzenia-archiwum\/szkolimy-sie\/jezyk-specjalistyczny-nowe-wyzwania\/\"]}]},{\"@type\":\"BreadcrumbList\",\"@id\":\"https:\/\/pb.edu.pl\/sjo\/wydarzenia-sjo\/wydarzenia-archiwum\/szkolimy-sie\/jezyk-specjalistyczny-nowe-wyzwania\/#breadcrumb\",\"itemListElement\":[{\"@type\":\"ListItem\",\"position\":1,\"name\":\"Home\",\"item\":\"https:\/\/pb.edu.pl\/sjo\/\"},{\"@type\":\"ListItem\",\"position\":2,\"name\":\"Wydarzenia SJO\",\"item\":\"https:\/\/pb.edu.pl\/sjo\/wydarzenia-sjo\/\"},{\"@type\":\"ListItem\",\"position\":3,\"name\":\"Wydarzenia\",\"item\":\"https:\/\/pb.edu.pl\/sjo\/wydarzenia-sjo\/wydarzenia-archiwum\/\"},{\"@type\":\"ListItem\",\"position\":4,\"name\":\"Szkolimy si\u0119\",\"item\":\"https:\/\/pb.edu.pl\/sjo\/wydarzenia-sjo\/wydarzenia-archiwum\/szkolimy-sie\/\"},{\"@type\":\"ListItem\",\"position\":5,\"name\":\"J\u0119zyk specjalistyczny &#8211; nowe wyzwania\"}]},{\"@type\":\"WebSite\",\"@id\":\"https:\/\/pb.edu.pl\/sjo\/#website\",\"url\":\"https:\/\/pb.edu.pl\/sjo\/\",\"name\":\"Studium J\u0119zyk\u00f3w Obcych\",\"description\":\"\",\"potentialAction\":[{\"@type\":\"SearchAction\",\"target\":{\"@type\":\"EntryPoint\",\"urlTemplate\":\"https:\/\/pb.edu.pl\/sjo\/?s={search_term_string}\"},\"query-input\":{\"@type\":\"PropertyValueSpecification\",\"valueRequired\":true,\"valueName\":\"search_term_string\"}}],\"inLanguage\":\"pl-PL\"}]}<\/script>\n<!-- \/ Yoast SEO plugin. -->","yoast_head_json":{"title":"J\u0119zyk specjalistyczny - nowe wyzwania - Studium J\u0119zyk\u00f3w Obcych","description":"Warsztaty metodyczne pt. \u201eJ\u0118ZYK SPECJALISTYCZNY \u2013 NOWE WYZWANIA\u201d, zorganizowane 19.09.2017 przez Studium Praktycznej Nauki J\u0119zyk\u00f3w Obcych Politechniki","robots":{"index":"index","follow":"follow","max-snippet":"max-snippet:-1","max-image-preview":"max-image-preview:large","max-video-preview":"max-video-preview:-1"},"canonical":"https:\/\/pb.edu.pl\/sjo\/wydarzenia-sjo\/wydarzenia-archiwum\/szkolimy-sie\/jezyk-specjalistyczny-nowe-wyzwania\/","og_locale":"pl_PL","og_type":"article","og_title":"J\u0119zyk specjalistyczny - nowe wyzwania - Studium J\u0119zyk\u00f3w Obcych","og_description":"Warsztaty metodyczne pt. \u201eJ\u0118ZYK SPECJALISTYCZNY \u2013 NOWE WYZWANIA\u201d, zorganizowane 19.09.2017 przez Studium Praktycznej Nauki J\u0119zyk\u00f3w Obcych Politechniki","og_url":"https:\/\/pb.edu.pl\/sjo\/wydarzenia-sjo\/wydarzenia-archiwum\/szkolimy-sie\/jezyk-specjalistyczny-nowe-wyzwania\/","og_site_name":"Studium J\u0119zyk\u00f3w Obcych","article_modified_time":"2017-11-30T21:05:32+00:00","og_image":[{"url":"https:\/\/pb.edu.pl\/sjo\/wp-content\/uploads\/sites\/9\/2017\/11\/Politechnika_Krakowska_2017_1.jpg","type":"","width":"","height":""}],"twitter_misc":{"Szacowany czas czytania":"2 minuty"},"schema":{"@context":"https:\/\/schema.org","@graph":[{"@type":"WebPage","@id":"https:\/\/pb.edu.pl\/sjo\/wydarzenia-sjo\/wydarzenia-archiwum\/szkolimy-sie\/jezyk-specjalistyczny-nowe-wyzwania\/","url":"https:\/\/pb.edu.pl\/sjo\/wydarzenia-sjo\/wydarzenia-archiwum\/szkolimy-sie\/jezyk-specjalistyczny-nowe-wyzwania\/","name":"J\u0119zyk specjalistyczny - nowe wyzwania - Studium J\u0119zyk\u00f3w Obcych","isPartOf":{"@id":"https:\/\/pb.edu.pl\/sjo\/#website"},"datePublished":"2017-11-30T20:50:50+00:00","dateModified":"2017-11-30T21:05:32+00:00","description":"Warsztaty metodyczne pt. \u201eJ\u0118ZYK SPECJALISTYCZNY \u2013 NOWE WYZWANIA\u201d, zorganizowane 19.09.2017 przez Studium Praktycznej Nauki J\u0119zyk\u00f3w Obcych Politechniki","breadcrumb":{"@id":"https:\/\/pb.edu.pl\/sjo\/wydarzenia-sjo\/wydarzenia-archiwum\/szkolimy-sie\/jezyk-specjalistyczny-nowe-wyzwania\/#breadcrumb"},"inLanguage":"pl-PL","potentialAction":[{"@type":"ReadAction","target":["https:\/\/pb.edu.pl\/sjo\/wydarzenia-sjo\/wydarzenia-archiwum\/szkolimy-sie\/jezyk-specjalistyczny-nowe-wyzwania\/"]}]},{"@type":"BreadcrumbList","@id":"https:\/\/pb.edu.pl\/sjo\/wydarzenia-sjo\/wydarzenia-archiwum\/szkolimy-sie\/jezyk-specjalistyczny-nowe-wyzwania\/#breadcrumb","itemListElement":[{"@type":"ListItem","position":1,"name":"Home","item":"https:\/\/pb.edu.pl\/sjo\/"},{"@type":"ListItem","position":2,"name":"Wydarzenia SJO","item":"https:\/\/pb.edu.pl\/sjo\/wydarzenia-sjo\/"},{"@type":"ListItem","position":3,"name":"Wydarzenia","item":"https:\/\/pb.edu.pl\/sjo\/wydarzenia-sjo\/wydarzenia-archiwum\/"},{"@type":"ListItem","position":4,"name":"Szkolimy si\u0119","item":"https:\/\/pb.edu.pl\/sjo\/wydarzenia-sjo\/wydarzenia-archiwum\/szkolimy-sie\/"},{"@type":"ListItem","position":5,"name":"J\u0119zyk specjalistyczny &#8211; nowe wyzwania"}]},{"@type":"WebSite","@id":"https:\/\/pb.edu.pl\/sjo\/#website","url":"https:\/\/pb.edu.pl\/sjo\/","name":"Studium J\u0119zyk\u00f3w Obcych","description":"","potentialAction":[{"@type":"SearchAction","target":{"@type":"EntryPoint","urlTemplate":"https:\/\/pb.edu.pl\/sjo\/?s={search_term_string}"},"query-input":{"@type":"PropertyValueSpecification","valueRequired":true,"valueName":"search_term_string"}}],"inLanguage":"pl-PL"}]}},"_links":{"self":[{"href":"https:\/\/pb.edu.pl\/sjo\/wp-json\/wp\/v2\/pages\/795","targetHints":{"allow":["GET"]}}],"collection":[{"href":"https:\/\/pb.edu.pl\/sjo\/wp-json\/wp\/v2\/pages"}],"about":[{"href":"https:\/\/pb.edu.pl\/sjo\/wp-json\/wp\/v2\/types\/page"}],"author":[{"embeddable":true,"href":"https:\/\/pb.edu.pl\/sjo\/wp-json\/wp\/v2\/users\/6"}],"replies":[{"embeddable":true,"href":"https:\/\/pb.edu.pl\/sjo\/wp-json\/wp\/v2\/comments?post=795"}],"version-history":[{"count":0,"href":"https:\/\/pb.edu.pl\/sjo\/wp-json\/wp\/v2\/pages\/795\/revisions"}],"up":[{"embeddable":true,"href":"https:\/\/pb.edu.pl\/sjo\/wp-json\/wp\/v2\/pages\/768"}],"wp:attachment":[{"href":"https:\/\/pb.edu.pl\/sjo\/wp-json\/wp\/v2\/media?parent=795"}],"curies":[{"name":"wp","href":"https:\/\/api.w.org\/{rel}","templated":true}]}}