{"id":508,"date":"2017-11-28T17:05:53","date_gmt":"2017-11-28T16:05:53","guid":{"rendered":"https:\/\/pb.edu.pl\/sjo\/?page_id=508"},"modified":"2017-11-28T17:09:59","modified_gmt":"2017-11-28T16:09:59","slug":"konkurs-na-prezentacje-2013","status":"publish","type":"page","link":"https:\/\/pb.edu.pl\/sjo\/wydarzenia-sjo\/wydarzenia-archiwum\/konkurs-na-prezentacje-2013\/","title":{"rendered":"Konkurs na prezentacj\u0119 2013"},"content":{"rendered":"<div class=\"node-content\">\n<div class=\"field field-name-body field-type-text-with-summary field-label-hidden view-mode-full\">\n<div class=\"field-items\">\n<div class=\"field-item even\">\n<p>Ruszy\u0142a trzecia edycja konkursu na prezentacje w j\u0119zyku obcym organizowanego przez Studium J\u0119zyk\u00f3w Obcych PB pod patronatem Dziekan\u00f3w Wydzia\u0142\u00f3w PB.<\/p>\n<p>Temat obecnej edycji to: <strong>Nowe technologie \/ trendy \/ rozwi\u0105zania<\/strong>.<\/p>\n<p>&nbsp;<\/p>\n<p>Laureaci fina\u0142u konkursu na <strong>Wydziale Mechanicznym<\/strong>:<\/p>\n<p>&nbsp; &nbsp;&nbsp; Maciej Re\u0107ko (Automatyka i Robotyka)<\/p>\n<p>&nbsp;&nbsp;&nbsp;&nbsp; Pawe\u0142 \u017bubrycki (Automatyka i Robotyka)<\/p>\n<p>18 maja 2013 nagrody wr\u0119czy\u0142 Prodziekan d.s. Studenckich i Dydaktyki, dr in\u017c. Leon Demianiuk<\/p>\n<p>&nbsp;<\/p>\n<p>Na <strong>Wydziale Architektury<\/strong> do fina\u0142u zakwalifikowali si\u0119:<\/p>\n<p>&nbsp;&nbsp;&nbsp;&nbsp; Anna Wojciula (Grafika)<\/p>\n<p>&nbsp;&nbsp;&nbsp;&nbsp; Monika Krasowska (Architektura Wn\u0119trz)<\/p>\n<p>&nbsp;&nbsp;&nbsp;&nbsp; Aneta Rumi\u0144ska (Architektura Wn\u0119trz)<\/p>\n<p>&nbsp;&nbsp;&nbsp;&nbsp; Justyna \u017bak (Architektura Wn\u0119trz)<\/p>\n<p>&nbsp;&nbsp;&nbsp;&nbsp; Iryna Illich (Architektura i Urbanistyka)<\/p>\n<p>&nbsp;<\/p>\n<p>Na <strong><u>Wydziale Budownictwa i In\u017cynierii \u015arodowiska<\/u><\/strong> do fina\u0142u zakwalifikowali si\u0119:<\/p>\n<p>&nbsp;&nbsp;&nbsp;&nbsp; Sebastian Chitruk (Gospodarka Przestrzenna)<\/p>\n<p>&nbsp;<\/p>\n<p>Na <strong><u>Wydziale Informatyki<\/u><\/strong> I nagrod\u0119 otrzymali:<\/p>\n<p>&nbsp;&nbsp;&nbsp;&nbsp; Rafa\u0142 Kostro (Informatyka)<\/p>\n<p>&nbsp;&nbsp;&nbsp;&nbsp; Kamil Boraty\u0144ski (Matematyka)<\/p>\n<p>wyr\u00f3\u017cnienia:<\/p>\n<p>&nbsp;&nbsp;&nbsp;&nbsp; Dawid Jewdokimow<\/p>\n<p>&nbsp;&nbsp;&nbsp;&nbsp; Tsimofiej Zaretski<\/p>\n<p>&nbsp;<\/p>\n<p>W eliminacjach fina\u0142owych prezentacje <strong>w j\u0119zyku rosyjskim<\/strong> wyg\u0142osili:<\/p>\n<p>&nbsp;&nbsp;&nbsp;&nbsp; Aleksandra Zofia Szaty\u0142owicz (Budownictwo)<\/p>\n<p>&nbsp;&nbsp;&nbsp;&nbsp; Paulina Szyrenos (Politologia)<\/p>\n<p>&nbsp;&nbsp;&nbsp;&nbsp; i Monika Agnieszka Myrcha (Architektura Wn\u0119trz)<\/p>\n<p>&nbsp;<\/p>\n<p>Prezentacja <strong>w j\u0119zyku niemieckim<\/strong>:<\/p>\n<p>Sylwia Jakimik (Gospodarka Przestrzenna)<\/p>\n<p>GRATULUJEMY!<\/p>\n<\/div>\n<\/div>\n<\/div>\n<\/div>\n","protected":false},"excerpt":{"rendered":"<p>Ruszy\u0142a trzecia edycja konkursu na prezentacje w j\u0119zyku obcym organizowanego przez Studium J\u0119zyk\u00f3w Obcych PB<\/p>\n","protected":false},"author":6,"featured_media":0,"parent":137,"menu_order":0,"comment_status":"closed","ping_status":"closed","template":"","meta":{"_acf_changed":false,"ngg_post_thumbnail":0,"footnotes":""},"class_list":["post-508","page","type-page","status-publish","hentry"],"acf":[],"yoast_head":"<!-- This site is optimized with the Yoast SEO plugin v27.0 - https:\/\/yoast.com\/product\/yoast-seo-wordpress\/ -->\n<title>Konkurs na prezentacj\u0119 2013 - Studium J\u0119zyk\u00f3w Obcych<\/title>\n<meta name=\"description\" content=\"Ruszy\u0142a trzecia edycja konkursu na prezentacje w j\u0119zyku obcym organizowanego przez Studium J\u0119zyk\u00f3w Obcych PB pod patronatem Dziekan\u00f3w Wydzia\u0142\u00f3w PB. Temat\" \/>\n<meta name=\"robots\" content=\"index, follow, max-snippet:-1, max-image-preview:large, max-video-preview:-1\" \/>\n<link rel=\"canonical\" href=\"https:\/\/pb.edu.pl\/sjo\/wydarzenia-sjo\/wydarzenia-archiwum\/konkurs-na-prezentacje-2013\/\" \/>\n<meta property=\"og:locale\" content=\"pl_PL\" \/>\n<meta property=\"og:type\" content=\"article\" \/>\n<meta property=\"og:title\" content=\"Konkurs na prezentacj\u0119 2013 - Studium J\u0119zyk\u00f3w Obcych\" \/>\n<meta property=\"og:description\" content=\"Ruszy\u0142a trzecia edycja konkursu na prezentacje w j\u0119zyku obcym organizowanego przez Studium J\u0119zyk\u00f3w Obcych PB pod patronatem Dziekan\u00f3w Wydzia\u0142\u00f3w PB. Temat\" \/>\n<meta property=\"og:url\" content=\"https:\/\/pb.edu.pl\/sjo\/wydarzenia-sjo\/wydarzenia-archiwum\/konkurs-na-prezentacje-2013\/\" \/>\n<meta property=\"og:site_name\" content=\"Studium J\u0119zyk\u00f3w Obcych\" \/>\n<meta property=\"article:modified_time\" content=\"2017-11-28T16:09:59+00:00\" \/>\n<meta name=\"twitter:label1\" content=\"Szacowany czas czytania\" \/>\n\t<meta name=\"twitter:data1\" content=\"1 minuta\" \/>\n<script type=\"application\/ld+json\" class=\"yoast-schema-graph\">{\"@context\":\"https:\/\/schema.org\",\"@graph\":[{\"@type\":\"WebPage\",\"@id\":\"https:\/\/pb.edu.pl\/sjo\/wydarzenia-sjo\/wydarzenia-archiwum\/konkurs-na-prezentacje-2013\/\",\"url\":\"https:\/\/pb.edu.pl\/sjo\/wydarzenia-sjo\/wydarzenia-archiwum\/konkurs-na-prezentacje-2013\/\",\"name\":\"Konkurs na prezentacj\u0119 2013 - Studium J\u0119zyk\u00f3w Obcych\",\"isPartOf\":{\"@id\":\"https:\/\/pb.edu.pl\/sjo\/#website\"},\"datePublished\":\"2017-11-28T16:05:53+00:00\",\"dateModified\":\"2017-11-28T16:09:59+00:00\",\"description\":\"Ruszy\u0142a trzecia edycja konkursu na prezentacje w j\u0119zyku obcym organizowanego przez Studium J\u0119zyk\u00f3w Obcych PB pod patronatem Dziekan\u00f3w Wydzia\u0142\u00f3w PB. Temat\",\"breadcrumb\":{\"@id\":\"https:\/\/pb.edu.pl\/sjo\/wydarzenia-sjo\/wydarzenia-archiwum\/konkurs-na-prezentacje-2013\/#breadcrumb\"},\"inLanguage\":\"pl-PL\",\"potentialAction\":[{\"@type\":\"ReadAction\",\"target\":[\"https:\/\/pb.edu.pl\/sjo\/wydarzenia-sjo\/wydarzenia-archiwum\/konkurs-na-prezentacje-2013\/\"]}]},{\"@type\":\"BreadcrumbList\",\"@id\":\"https:\/\/pb.edu.pl\/sjo\/wydarzenia-sjo\/wydarzenia-archiwum\/konkurs-na-prezentacje-2013\/#breadcrumb\",\"itemListElement\":[{\"@type\":\"ListItem\",\"position\":1,\"name\":\"Home\",\"item\":\"https:\/\/pb.edu.pl\/sjo\/\"},{\"@type\":\"ListItem\",\"position\":2,\"name\":\"Wydarzenia SJO\",\"item\":\"https:\/\/pb.edu.pl\/sjo\/wydarzenia-sjo\/\"},{\"@type\":\"ListItem\",\"position\":3,\"name\":\"Wydarzenia\",\"item\":\"https:\/\/pb.edu.pl\/sjo\/wydarzenia-sjo\/wydarzenia-archiwum\/\"},{\"@type\":\"ListItem\",\"position\":4,\"name\":\"Konkurs na prezentacj\u0119 2013\"}]},{\"@type\":\"WebSite\",\"@id\":\"https:\/\/pb.edu.pl\/sjo\/#website\",\"url\":\"https:\/\/pb.edu.pl\/sjo\/\",\"name\":\"Studium J\u0119zyk\u00f3w Obcych\",\"description\":\"\",\"potentialAction\":[{\"@type\":\"SearchAction\",\"target\":{\"@type\":\"EntryPoint\",\"urlTemplate\":\"https:\/\/pb.edu.pl\/sjo\/?s={search_term_string}\"},\"query-input\":{\"@type\":\"PropertyValueSpecification\",\"valueRequired\":true,\"valueName\":\"search_term_string\"}}],\"inLanguage\":\"pl-PL\"}]}<\/script>\n<!-- \/ Yoast SEO plugin. -->","yoast_head_json":{"title":"Konkurs na prezentacj\u0119 2013 - Studium J\u0119zyk\u00f3w Obcych","description":"Ruszy\u0142a trzecia edycja konkursu na prezentacje w j\u0119zyku obcym organizowanego przez Studium J\u0119zyk\u00f3w Obcych PB pod patronatem Dziekan\u00f3w Wydzia\u0142\u00f3w PB. Temat","robots":{"index":"index","follow":"follow","max-snippet":"max-snippet:-1","max-image-preview":"max-image-preview:large","max-video-preview":"max-video-preview:-1"},"canonical":"https:\/\/pb.edu.pl\/sjo\/wydarzenia-sjo\/wydarzenia-archiwum\/konkurs-na-prezentacje-2013\/","og_locale":"pl_PL","og_type":"article","og_title":"Konkurs na prezentacj\u0119 2013 - Studium J\u0119zyk\u00f3w Obcych","og_description":"Ruszy\u0142a trzecia edycja konkursu na prezentacje w j\u0119zyku obcym organizowanego przez Studium J\u0119zyk\u00f3w Obcych PB pod patronatem Dziekan\u00f3w Wydzia\u0142\u00f3w PB. Temat","og_url":"https:\/\/pb.edu.pl\/sjo\/wydarzenia-sjo\/wydarzenia-archiwum\/konkurs-na-prezentacje-2013\/","og_site_name":"Studium J\u0119zyk\u00f3w Obcych","article_modified_time":"2017-11-28T16:09:59+00:00","twitter_misc":{"Szacowany czas czytania":"1 minuta"},"schema":{"@context":"https:\/\/schema.org","@graph":[{"@type":"WebPage","@id":"https:\/\/pb.edu.pl\/sjo\/wydarzenia-sjo\/wydarzenia-archiwum\/konkurs-na-prezentacje-2013\/","url":"https:\/\/pb.edu.pl\/sjo\/wydarzenia-sjo\/wydarzenia-archiwum\/konkurs-na-prezentacje-2013\/","name":"Konkurs na prezentacj\u0119 2013 - Studium J\u0119zyk\u00f3w Obcych","isPartOf":{"@id":"https:\/\/pb.edu.pl\/sjo\/#website"},"datePublished":"2017-11-28T16:05:53+00:00","dateModified":"2017-11-28T16:09:59+00:00","description":"Ruszy\u0142a trzecia edycja konkursu na prezentacje w j\u0119zyku obcym organizowanego przez Studium J\u0119zyk\u00f3w Obcych PB pod patronatem Dziekan\u00f3w Wydzia\u0142\u00f3w PB. Temat","breadcrumb":{"@id":"https:\/\/pb.edu.pl\/sjo\/wydarzenia-sjo\/wydarzenia-archiwum\/konkurs-na-prezentacje-2013\/#breadcrumb"},"inLanguage":"pl-PL","potentialAction":[{"@type":"ReadAction","target":["https:\/\/pb.edu.pl\/sjo\/wydarzenia-sjo\/wydarzenia-archiwum\/konkurs-na-prezentacje-2013\/"]}]},{"@type":"BreadcrumbList","@id":"https:\/\/pb.edu.pl\/sjo\/wydarzenia-sjo\/wydarzenia-archiwum\/konkurs-na-prezentacje-2013\/#breadcrumb","itemListElement":[{"@type":"ListItem","position":1,"name":"Home","item":"https:\/\/pb.edu.pl\/sjo\/"},{"@type":"ListItem","position":2,"name":"Wydarzenia SJO","item":"https:\/\/pb.edu.pl\/sjo\/wydarzenia-sjo\/"},{"@type":"ListItem","position":3,"name":"Wydarzenia","item":"https:\/\/pb.edu.pl\/sjo\/wydarzenia-sjo\/wydarzenia-archiwum\/"},{"@type":"ListItem","position":4,"name":"Konkurs na prezentacj\u0119 2013"}]},{"@type":"WebSite","@id":"https:\/\/pb.edu.pl\/sjo\/#website","url":"https:\/\/pb.edu.pl\/sjo\/","name":"Studium J\u0119zyk\u00f3w Obcych","description":"","potentialAction":[{"@type":"SearchAction","target":{"@type":"EntryPoint","urlTemplate":"https:\/\/pb.edu.pl\/sjo\/?s={search_term_string}"},"query-input":{"@type":"PropertyValueSpecification","valueRequired":true,"valueName":"search_term_string"}}],"inLanguage":"pl-PL"}]}},"_links":{"self":[{"href":"https:\/\/pb.edu.pl\/sjo\/wp-json\/wp\/v2\/pages\/508","targetHints":{"allow":["GET"]}}],"collection":[{"href":"https:\/\/pb.edu.pl\/sjo\/wp-json\/wp\/v2\/pages"}],"about":[{"href":"https:\/\/pb.edu.pl\/sjo\/wp-json\/wp\/v2\/types\/page"}],"author":[{"embeddable":true,"href":"https:\/\/pb.edu.pl\/sjo\/wp-json\/wp\/v2\/users\/6"}],"replies":[{"embeddable":true,"href":"https:\/\/pb.edu.pl\/sjo\/wp-json\/wp\/v2\/comments?post=508"}],"version-history":[{"count":0,"href":"https:\/\/pb.edu.pl\/sjo\/wp-json\/wp\/v2\/pages\/508\/revisions"}],"up":[{"embeddable":true,"href":"https:\/\/pb.edu.pl\/sjo\/wp-json\/wp\/v2\/pages\/137"}],"wp:attachment":[{"href":"https:\/\/pb.edu.pl\/sjo\/wp-json\/wp\/v2\/media?parent=508"}],"curies":[{"name":"wp","href":"https:\/\/api.w.org\/{rel}","templated":true}]}}