{"id":27778,"date":"2025-01-02T09:55:08","date_gmt":"2025-01-02T08:55:08","guid":{"rendered":"https:\/\/pb.edu.pl\/sjo\/?page_id=27778"},"modified":"2025-02-10T12:16:14","modified_gmt":"2025-02-10T11:16:14","slug":"informacja-o-przetwarzaniu-danych-osobowych-na-potrzeby-organizacji-egzaminow","status":"publish","type":"page","link":"https:\/\/pb.edu.pl\/sjo\/informacja-o-przetwarzaniu-danych-osobowych-na-potrzeby-organizacji-egzaminow\/","title":{"rendered":"Informacja o przetwarzaniu danych osobowych na potrzeby organizacji egzamin\u00f3w"},"content":{"rendered":"<p>Informacja Administratora w zwi\u0105zku z przetwarzaniem danych osobowych na potrzeby organizacji egzamin\u00f3w \u2013 zgodnie z art. 13 ust. 1 i 2 Rozporz\u0105dzenia Parlamentu Europejskiego i Rady (UE) 2016\/679 z dnia 27 kwietnia 2016 r. w sprawie ochrony os\u00f3b fizycznych w zwi\u0105zku z przetwarzaniem danych osobowych i w sprawie swobodnego przep\u0142ywu takich danych oraz uchylenia dyrektywy 95\/46\/WE (zwanego dalej RODO)<\/p>\n<p>&nbsp;<\/p>\n<ol>\n<li>Administratorem Pani\/Pana danych osobowych jest Politechnika Bia\u0142ostocka, ul. Wiejska 45A, 15-351 Bia\u0142ystok (dalej Uczelnia), tel.: 85 746 90 00, <a href=\"http:\/\/www.bip.pb.edu.pl\">www.bip.pb.edu.pl<\/a>, e-mail: <a href=\"#\" rel=\"nofollow\"  onclick=\"this.href='mailto:' + 'rektorat' + '@' + 'pb.edu.pl.'\">rektorat [at] pb.edu.pl.<\/a><\/li>\n<li>Administrator, zgodnie z art. 37 ust. 1 lit. a RODO, powo\u0142a\u0142 Inspektora Ochrony Danych, z kt\u00f3rym w sprawach zwi\u0105zanych z przetwarzaniem Pani\/Pana danych osobowych, mo\u017ce si\u0119 Pani\/Pan kontaktowa\u0107 za pomoc\u0105 poczty elektronicznej pod adresem: <a href=\"#\" rel=\"nofollow\"  onclick=\"this.href='mailto:' + 'iod' + '@' + 'pb.edu.pl.'\">iod [at] pb.edu.pl.<\/a><\/li>\n<li>Pani\/Pana dane osobowe przetwarzane b\u0119d\u0105:\n<ol type=\"a\">\n<li>w celu rejestracji i organizacji egzaminu \u2014 na podstawie art. 6 ust. 1 lit. e RODO,<\/li>\n<li>w celach rachunkowych, w zwi\u0105zku z wype\u0142nieniem obowi\u0105zku prawnego ci\u0105\u017c\u0105cego na Administratorze, na podstawie art. 6 ust. 1 lit. c RODO,<\/li>\n<li>w celu windykacji nale\u017cno\u015bci i\/lub dochodzenia roszcze\u0144 jako prawnie uzasadniony interes Administratora, na podstawie art. 6 ust. 1 lit. f RODO,<\/li>\n<li>w przypadku konieczno\u015bci dostosowania egzaminu wynikaj\u0105cych ze specjalnych potrzeb egzaminowanego dane osobowe dotycz\u0105ce stanu zdrowia przetwarzane b\u0119d\u0105 w tym celu na podstawie art. 9 ust. 2 lit. b RODO,<\/li>\n<li>w celu dokumentowania przebiegu egzamin\u00f3w oraz promocji poprzez przetwarzanie wizerunk\u00f3w uczestnik\u00f3w konkursu w zakresie, w jakim zezwolenie na rozpowszechnianie wizerunku nie jest wymagane przez przepisy prawa autorskiego \u2014 na podstawie art. 6 ust. 1 lit. a RODO,<\/li>\n<li>w celu informowania o wydarzeniach kulturalnych i szkoleniowych organizowanych przez Politechnik\u0119 Bia\u0142ostock\u0105 na podstawie udzielonej zgody- art. 6 ust. 1 lit. a RODO.<\/li>\n<\/ol>\n<\/li>\n<li>Odbiorcami Pani\/Pana danych osobowych mog\u0105 by\u0107 banki, dostawcy us\u0142ug pocztowych i kurierskich, podmioty realizuj\u0105ce us\u0142ugi na rzecz Uczelni m.in. dostawcy us\u0142ug internetowych, obs\u0142uga prawna, u\u017cytkownicy stron internetowych administratora i portali spo\u0142eczno\u015bciowych, na kt\u00f3rych administrator posiada konto, w zakresie przetwarzania wizerunku uczestnik\u00f3w oraz inne podmioty uprawnione na podstawie przepis\u00f3w prawa. Pani\/Pana dane osobowe b\u0119d\u0105 przekazywane podmiotom wsp\u00f3\u0142pracuj\u0105cym z telc gGmbH Frankfurt am Main, Bleichstra\u00dfe 1, 60313 Frankfurt am Main, Germany.&nbsp;<\/li>\n<li>Pani\/Pana dane osobowe b\u0119d\u0105 przechowywane w okresach niezb\u0119dnych do realizacji wy\u017cej okre\u015blonych cel\u00f3w, a nast\u0119pnie przez okres przewidziany przepisami prawa.<\/li>\n<li>Przys\u0142uguje Pani\/Panu prawo dost\u0119pu do tre\u015bci swoich danych oraz z zastrze\u017ceniem przepis\u00f3w prawa przys\u0142uguje Pani\/Panu prawo do:\n<ol type=\"a\">\n<li>cofni\u0119cia udzielonej zgody, z zastrze\u017ceniem, \u017ce cofni\u0119cie zgody nie b\u0119dzie wp\u0142ywa\u0107 ma zgodno\u015b\u0107 z prawem przetwarzania, kt\u00f3rego dokonano na podstawie Pani\/Pana zgody przed jej wycofaniem,<\/li>\n<li>sprostowania danych,<\/li>\n<li>usuni\u0119cia danych,<\/li>\n<li>ograniczenia przetwarzania danych,<\/li>\n<li>wniesienia sprzeciwu wobec przetwarzania danych osobowych,<\/li>\n<\/ol>\n<\/li>\n<li>Gdy uzna Pan\/Pani, \u017ce przetwarzanie danych osobowych narusza powszechnie obowi\u0105zuj\u0105ce przepisy w tym zakresie przys\u0142uguje Panu\/Pani prawo do wniesienia skargi do organu nadzorczego. W Polsce jest to Prezes Urz\u0119du Ochrony Danych Osobowych,<\/li>\n<li>Podanie przez Pani\u0105\/Pana danych osobowych jest dobrowolne, ale niezb\u0119dne do wzi\u0119cia udzia\u0142u egzaminie. Konsekwencj\u0105 niepodania danych osobowych b\u0119dzie brak mo\u017cliwo\u015bci uczestniczenia w egzaminie*.<\/li>\n<li>Pani\/Pana dane osobowe nie b\u0119d\u0105 wykorzystywane do zautomatyzowanego podejmowania decyzji ani profilowania, o kt\u00f3rym mowa w art. 22 rozporz\u0105dzenia.<\/li>\n<\/ol>\n<p>&nbsp;<\/p>\n","protected":false},"excerpt":{"rendered":"<p>Informacja Administratora w zwi\u0105zku z przetwarzaniem danych osobowych na potrzeby organizacji egzamin\u00f3w \u2013 zgodnie z<\/p>\n","protected":false},"author":6,"featured_media":0,"parent":0,"menu_order":0,"comment_status":"closed","ping_status":"closed","template":"","meta":{"_acf_changed":false,"ngg_post_thumbnail":0,"footnotes":""},"class_list":["post-27778","page","type-page","status-publish","hentry"],"acf":[],"yoast_head":"<!-- This site is optimized with the Yoast SEO plugin v27.0 - https:\/\/yoast.com\/product\/yoast-seo-wordpress\/ -->\n<title>Informacja o przetwarzaniu danych osobowych na potrzeby organizacji egzamin\u00f3w - Studium J\u0119zyk\u00f3w Obcych<\/title>\n<meta name=\"description\" content=\"Informacja Administratora w zwi\u0105zku z przetwarzaniem danych osobowych na potrzeby organizacji egzamin\u00f3w \u2013 zgodnie z art. 13 ust. 1 i 2 Rozporz\u0105dzenia\" \/>\n<meta name=\"robots\" content=\"index, follow, max-snippet:-1, max-image-preview:large, max-video-preview:-1\" \/>\n<link rel=\"canonical\" href=\"https:\/\/pb.edu.pl\/sjo\/informacja-o-przetwarzaniu-danych-osobowych-na-potrzeby-organizacji-egzaminow\/\" \/>\n<meta property=\"og:locale\" content=\"pl_PL\" \/>\n<meta property=\"og:type\" content=\"article\" \/>\n<meta property=\"og:title\" content=\"Informacja o przetwarzaniu danych osobowych na potrzeby organizacji egzamin\u00f3w - Studium J\u0119zyk\u00f3w Obcych\" \/>\n<meta property=\"og:description\" content=\"Informacja Administratora w zwi\u0105zku z przetwarzaniem danych osobowych na potrzeby organizacji egzamin\u00f3w \u2013 zgodnie z art. 13 ust. 1 i 2 Rozporz\u0105dzenia\" \/>\n<meta property=\"og:url\" content=\"https:\/\/pb.edu.pl\/sjo\/informacja-o-przetwarzaniu-danych-osobowych-na-potrzeby-organizacji-egzaminow\/\" \/>\n<meta property=\"og:site_name\" content=\"Studium J\u0119zyk\u00f3w Obcych\" \/>\n<meta property=\"article:modified_time\" content=\"2025-02-10T11:16:14+00:00\" \/>\n<meta name=\"twitter:label1\" content=\"Szacowany czas czytania\" \/>\n\t<meta name=\"twitter:data1\" content=\"3 minuty\" \/>\n<script type=\"application\/ld+json\" class=\"yoast-schema-graph\">{\"@context\":\"https:\/\/schema.org\",\"@graph\":[{\"@type\":\"WebPage\",\"@id\":\"https:\/\/pb.edu.pl\/sjo\/informacja-o-przetwarzaniu-danych-osobowych-na-potrzeby-organizacji-egzaminow\/\",\"url\":\"https:\/\/pb.edu.pl\/sjo\/informacja-o-przetwarzaniu-danych-osobowych-na-potrzeby-organizacji-egzaminow\/\",\"name\":\"Informacja o przetwarzaniu danych osobowych na potrzeby organizacji egzamin\u00f3w - Studium J\u0119zyk\u00f3w Obcych\",\"isPartOf\":{\"@id\":\"https:\/\/pb.edu.pl\/sjo\/#website\"},\"datePublished\":\"2025-01-02T08:55:08+00:00\",\"dateModified\":\"2025-02-10T11:16:14+00:00\",\"description\":\"Informacja Administratora w zwi\u0105zku z przetwarzaniem danych osobowych na potrzeby organizacji egzamin\u00f3w \u2013 zgodnie z art. 13 ust. 1 i 2 Rozporz\u0105dzenia\",\"breadcrumb\":{\"@id\":\"https:\/\/pb.edu.pl\/sjo\/informacja-o-przetwarzaniu-danych-osobowych-na-potrzeby-organizacji-egzaminow\/#breadcrumb\"},\"inLanguage\":\"pl-PL\",\"potentialAction\":[{\"@type\":\"ReadAction\",\"target\":[\"https:\/\/pb.edu.pl\/sjo\/informacja-o-przetwarzaniu-danych-osobowych-na-potrzeby-organizacji-egzaminow\/\"]}]},{\"@type\":\"BreadcrumbList\",\"@id\":\"https:\/\/pb.edu.pl\/sjo\/informacja-o-przetwarzaniu-danych-osobowych-na-potrzeby-organizacji-egzaminow\/#breadcrumb\",\"itemListElement\":[{\"@type\":\"ListItem\",\"position\":1,\"name\":\"Home\",\"item\":\"https:\/\/pb.edu.pl\/sjo\/\"},{\"@type\":\"ListItem\",\"position\":2,\"name\":\"Informacja o przetwarzaniu danych osobowych na potrzeby organizacji egzamin\u00f3w\"}]},{\"@type\":\"WebSite\",\"@id\":\"https:\/\/pb.edu.pl\/sjo\/#website\",\"url\":\"https:\/\/pb.edu.pl\/sjo\/\",\"name\":\"Studium J\u0119zyk\u00f3w Obcych\",\"description\":\"\",\"potentialAction\":[{\"@type\":\"SearchAction\",\"target\":{\"@type\":\"EntryPoint\",\"urlTemplate\":\"https:\/\/pb.edu.pl\/sjo\/?s={search_term_string}\"},\"query-input\":{\"@type\":\"PropertyValueSpecification\",\"valueRequired\":true,\"valueName\":\"search_term_string\"}}],\"inLanguage\":\"pl-PL\"}]}<\/script>\n<!-- \/ Yoast SEO plugin. -->","yoast_head_json":{"title":"Informacja o przetwarzaniu danych osobowych na potrzeby organizacji egzamin\u00f3w - Studium J\u0119zyk\u00f3w Obcych","description":"Informacja Administratora w zwi\u0105zku z przetwarzaniem danych osobowych na potrzeby organizacji egzamin\u00f3w \u2013 zgodnie z art. 13 ust. 1 i 2 Rozporz\u0105dzenia","robots":{"index":"index","follow":"follow","max-snippet":"max-snippet:-1","max-image-preview":"max-image-preview:large","max-video-preview":"max-video-preview:-1"},"canonical":"https:\/\/pb.edu.pl\/sjo\/informacja-o-przetwarzaniu-danych-osobowych-na-potrzeby-organizacji-egzaminow\/","og_locale":"pl_PL","og_type":"article","og_title":"Informacja o przetwarzaniu danych osobowych na potrzeby organizacji egzamin\u00f3w - Studium J\u0119zyk\u00f3w Obcych","og_description":"Informacja Administratora w zwi\u0105zku z przetwarzaniem danych osobowych na potrzeby organizacji egzamin\u00f3w \u2013 zgodnie z art. 13 ust. 1 i 2 Rozporz\u0105dzenia","og_url":"https:\/\/pb.edu.pl\/sjo\/informacja-o-przetwarzaniu-danych-osobowych-na-potrzeby-organizacji-egzaminow\/","og_site_name":"Studium J\u0119zyk\u00f3w Obcych","article_modified_time":"2025-02-10T11:16:14+00:00","twitter_misc":{"Szacowany czas czytania":"3 minuty"},"schema":{"@context":"https:\/\/schema.org","@graph":[{"@type":"WebPage","@id":"https:\/\/pb.edu.pl\/sjo\/informacja-o-przetwarzaniu-danych-osobowych-na-potrzeby-organizacji-egzaminow\/","url":"https:\/\/pb.edu.pl\/sjo\/informacja-o-przetwarzaniu-danych-osobowych-na-potrzeby-organizacji-egzaminow\/","name":"Informacja o przetwarzaniu danych osobowych na potrzeby organizacji egzamin\u00f3w - Studium J\u0119zyk\u00f3w Obcych","isPartOf":{"@id":"https:\/\/pb.edu.pl\/sjo\/#website"},"datePublished":"2025-01-02T08:55:08+00:00","dateModified":"2025-02-10T11:16:14+00:00","description":"Informacja Administratora w zwi\u0105zku z przetwarzaniem danych osobowych na potrzeby organizacji egzamin\u00f3w \u2013 zgodnie z art. 13 ust. 1 i 2 Rozporz\u0105dzenia","breadcrumb":{"@id":"https:\/\/pb.edu.pl\/sjo\/informacja-o-przetwarzaniu-danych-osobowych-na-potrzeby-organizacji-egzaminow\/#breadcrumb"},"inLanguage":"pl-PL","potentialAction":[{"@type":"ReadAction","target":["https:\/\/pb.edu.pl\/sjo\/informacja-o-przetwarzaniu-danych-osobowych-na-potrzeby-organizacji-egzaminow\/"]}]},{"@type":"BreadcrumbList","@id":"https:\/\/pb.edu.pl\/sjo\/informacja-o-przetwarzaniu-danych-osobowych-na-potrzeby-organizacji-egzaminow\/#breadcrumb","itemListElement":[{"@type":"ListItem","position":1,"name":"Home","item":"https:\/\/pb.edu.pl\/sjo\/"},{"@type":"ListItem","position":2,"name":"Informacja o przetwarzaniu danych osobowych na potrzeby organizacji egzamin\u00f3w"}]},{"@type":"WebSite","@id":"https:\/\/pb.edu.pl\/sjo\/#website","url":"https:\/\/pb.edu.pl\/sjo\/","name":"Studium J\u0119zyk\u00f3w Obcych","description":"","potentialAction":[{"@type":"SearchAction","target":{"@type":"EntryPoint","urlTemplate":"https:\/\/pb.edu.pl\/sjo\/?s={search_term_string}"},"query-input":{"@type":"PropertyValueSpecification","valueRequired":true,"valueName":"search_term_string"}}],"inLanguage":"pl-PL"}]}},"_links":{"self":[{"href":"https:\/\/pb.edu.pl\/sjo\/wp-json\/wp\/v2\/pages\/27778","targetHints":{"allow":["GET"]}}],"collection":[{"href":"https:\/\/pb.edu.pl\/sjo\/wp-json\/wp\/v2\/pages"}],"about":[{"href":"https:\/\/pb.edu.pl\/sjo\/wp-json\/wp\/v2\/types\/page"}],"author":[{"embeddable":true,"href":"https:\/\/pb.edu.pl\/sjo\/wp-json\/wp\/v2\/users\/6"}],"replies":[{"embeddable":true,"href":"https:\/\/pb.edu.pl\/sjo\/wp-json\/wp\/v2\/comments?post=27778"}],"version-history":[{"count":0,"href":"https:\/\/pb.edu.pl\/sjo\/wp-json\/wp\/v2\/pages\/27778\/revisions"}],"wp:attachment":[{"href":"https:\/\/pb.edu.pl\/sjo\/wp-json\/wp\/v2\/media?parent=27778"}],"curies":[{"name":"wp","href":"https:\/\/api.w.org\/{rel}","templated":true}]}}