{"id":25995,"date":"2024-05-28T14:46:15","date_gmt":"2024-05-28T12:46:15","guid":{"rendered":"https:\/\/pb.edu.pl\/sjo\/?page_id=25995"},"modified":"2026-03-25T00:48:40","modified_gmt":"2026-03-24T23:48:40","slug":"kursy-jezyka-polskiego-jako-obcego-2","status":"publish","type":"page","link":"https:\/\/pb.edu.pl\/sjo\/polish-lab\/kursy-jezyka-polskiego-jako-obcego-2\/","title":{"rendered":"Kursy j\u0119zyka polskiego jako obcego"},"content":{"rendered":"<h1>Kursy j\u0119zyka polskiego jako obcego<\/h1>\n<div class=\"row content\">\n<div class=\"col-xs-12\">\n<p>Kursy wiosenne rozpoczynaj\u0105 si\u0119<strong><span style=\"font-size: 14pt\"> w poniedzia\u0142ek<\/span>, <span style=\"font-size: 14pt\">9 marca 2026 r.<\/span><\/strong><\/p>\n<\/div>\n<\/div>\n<p>Zapraszamy serdecznie.<\/p>\n<div class=\"row\">\n<div class=\"col-md-3\">\n<a class=\"image\" href=\"https:\/\/pb.edu.pl\/sjo\/polish-lab\/kursy-jezyka-polskiego-jako-obcego-2\/kursy-jesienne\/\"><img decoding=\"async\" src=\"https:\/\/pb.edu.pl\/sjo\/wp-content\/uploads\/sites\/9\/2024\/08\/8.png\" alt=\"\"><\/a><br \/>\n<\/div>\n<div class=\"col-md-3\">\n<a class=\"image\" href=\"https:\/\/pb.edu.pl\/sjo\/polish-lab\/kursy-jezyka-polskiego-jako-obcego-2\/kursy-wiosenne\/\"><img decoding=\"async\" src=\"https:\/\/pb.edu.pl\/sjo\/wp-content\/uploads\/sites\/9\/2024\/08\/7.png\" alt=\"\"><\/a><br \/>\n<\/div>\n<div class=\"col-md-3\">\n<a class=\"image\" href=\"https:\/\/pb.edu.pl\/sjo\/polish-lab\/kursy-jezyka-polskiego-jako-obcego-2\/kursy-wakacyjne\/\"><img decoding=\"async\" src=\"https:\/\/pb.edu.pl\/sjo\/wp-content\/uploads\/sites\/9\/2024\/08\/2.png\" alt=\"\"><\/a><br \/>\n<\/div>\n<div class=\"col-md-3\">\n<a class=\"image\" href=\"\/sjo\/polish-lab\/kursy-jezyka-polskiego\/metodyka\/\"><img decoding=\"async\" src=\"https:\/\/pb.edu.pl\/sjo\/wp-content\/uploads\/sites\/9\/2024\/08\/METODYKA-NAUCZANIA-PL.png\" alt=\"Metodyka nauczania\"><\/a><br \/>\n<\/div>\n<\/div>\n<p>&nbsp;<\/p>\n<p><a class=\"pdf\" href=\"https:\/\/pb.edu.pl\/sjo\/wp-content\/uploads\/sites\/9\/2025\/01\/Centrum-POLISH-LAB-Regulamin-kwalifikacji-jezykowej-oraz-uczestnictwa-w-kursach-Centrum-POLISH-LAB.pdf\" target=\"_blank\" rel=\"noopener\" data-id=\"27838\">Centrum POLISH LAB &#8211; Regulamin kwalifikacji j\u0119zykowej oraz uczestnictwa w kursach Centrum POLISH LAB. (PDF, 49 KB, otworzy si\u0119 w nowej karcie)<\/a>&nbsp;<\/p>\n<h1>Inne kursy i szkolenia<\/h1>\n<p>Szkolenie na egzaminator\u00f3w pa\u0144stwowych egzamin\u00f3w certyfikatowych odb\u0119dzie si\u0119 <span style=\"font-size: 14pt\"><strong>18 i 25 kwietnia 2026 r. (w soboty)<\/strong><\/span>. Rejestracja otwarta &#8211;&nbsp; <a href=\"https:\/\/irk2.uci.pb.edu.pl\/pl\/offer\/KURSY_Z_DOSTEPEM_2025_2026\/programme\/POLISH_LAB_KURS_ONLINE_2026_EGZ\/\"><span style=\"color: #0000ff\">internetowa rejestracja kandydat\u00f3w online (IRK)<\/span><\/a><\/p>\n<div>Wi\u0119cej o szkoleniu &#8211; po klikni\u0119ciu w grafik\u0119 poni\u017cej.<\/div>\n<div>&nbsp;<\/div>\n<div style=\"margin: 0 auto;max-width: 850px\"><div class=\"row\">\n<div class=\"col-md-4\">\n<\/div>\n<div class=\"col-md-4\">\n<a class=\"image\" href=\"https:\/\/pb.edu.pl\/sjo\/polish-lab\/kursy-jezyka-polskiego-jako-obcego-2\/kurs-na-egzaminatora\/\"><img decoding=\"async\" src=\"https:\/\/pb.edu.pl\/sjo\/wp-content\/uploads\/sites\/9\/2025\/07\/PL-szkolenie-na-egzaminatora.png\" alt=\"Kurs na egzaminatora\"><\/a><br \/>\n<\/div>\n<\/div>\n&nbsp;<\/div>\n","protected":false},"excerpt":{"rendered":"<p>Kursy j\u0119zyka polskiego jako obcego Kursy wiosenne rozpoczynaj\u0105 si\u0119 w poniedzia\u0142ek, 9 marca 2026 r.<\/p>\n","protected":false},"author":6,"featured_media":0,"parent":8106,"menu_order":0,"comment_status":"closed","ping_status":"closed","template":"templates\/dzial.php","meta":{"_acf_changed":false,"ngg_post_thumbnail":0,"footnotes":""},"class_list":["post-25995","page","type-page","status-publish","hentry"],"acf":[],"yoast_head":"<!-- This site is optimized with the Yoast SEO plugin v27.0 - https:\/\/yoast.com\/product\/yoast-seo-wordpress\/ -->\n<title>Kursy j\u0119zyka polskiego jako obcego - Studium J\u0119zyk\u00f3w Obcych<\/title>\n<meta name=\"description\" content=\"Kursy j\u0119zyka polskiego jako obcego Kursy wiosenne rozpoczynaj\u0105 si\u0119 w poniedzia\u0142ek, 9 marca 2026 r. Zapraszamy serdecznie. &nbsp; Centrum POLISH LAB -\" \/>\n<meta name=\"robots\" content=\"index, follow, max-snippet:-1, max-image-preview:large, max-video-preview:-1\" \/>\n<link rel=\"canonical\" href=\"https:\/\/pb.edu.pl\/sjo\/polish-lab\/kursy-jezyka-polskiego-jako-obcego-2\/\" \/>\n<meta property=\"og:locale\" content=\"pl_PL\" \/>\n<meta property=\"og:type\" content=\"article\" \/>\n<meta property=\"og:title\" content=\"Kursy j\u0119zyka polskiego jako obcego - Studium J\u0119zyk\u00f3w Obcych\" \/>\n<meta property=\"og:description\" content=\"Kursy j\u0119zyka polskiego jako obcego Kursy wiosenne rozpoczynaj\u0105 si\u0119 w poniedzia\u0142ek, 9 marca 2026 r. Zapraszamy serdecznie. &nbsp; Centrum POLISH LAB -\" \/>\n<meta property=\"og:url\" content=\"https:\/\/pb.edu.pl\/sjo\/polish-lab\/kursy-jezyka-polskiego-jako-obcego-2\/\" \/>\n<meta property=\"og:site_name\" content=\"Studium J\u0119zyk\u00f3w Obcych\" \/>\n<meta property=\"article:modified_time\" content=\"2026-03-24T23:48:40+00:00\" \/>\n<meta property=\"og:image\" content=\"https:\/\/pb.edu.pl\/sjo\/wp-content\/uploads\/sites\/9\/2024\/08\/8.png\" \/>\n<meta name=\"twitter:label1\" content=\"Szacowany czas czytania\" \/>\n\t<meta name=\"twitter:data1\" content=\"2 minuty\" \/>\n<script type=\"application\/ld+json\" class=\"yoast-schema-graph\">{\"@context\":\"https:\/\/schema.org\",\"@graph\":[{\"@type\":\"WebPage\",\"@id\":\"https:\/\/pb.edu.pl\/sjo\/polish-lab\/kursy-jezyka-polskiego-jako-obcego-2\/\",\"url\":\"https:\/\/pb.edu.pl\/sjo\/polish-lab\/kursy-jezyka-polskiego-jako-obcego-2\/\",\"name\":\"Kursy j\u0119zyka polskiego jako obcego - Studium J\u0119zyk\u00f3w Obcych\",\"isPartOf\":{\"@id\":\"https:\/\/pb.edu.pl\/sjo\/#website\"},\"primaryImageOfPage\":{\"@id\":\"https:\/\/pb.edu.pl\/sjo\/polish-lab\/kursy-jezyka-polskiego-jako-obcego-2\/#primaryimage\"},\"image\":{\"@id\":\"https:\/\/pb.edu.pl\/sjo\/polish-lab\/kursy-jezyka-polskiego-jako-obcego-2\/#primaryimage\"},\"thumbnailUrl\":\"https:\/\/pb.edu.pl\/sjo\/wp-content\/uploads\/sites\/9\/2024\/08\/8.png\",\"datePublished\":\"2024-05-28T12:46:15+00:00\",\"dateModified\":\"2026-03-24T23:48:40+00:00\",\"description\":\"Kursy j\u0119zyka polskiego jako obcego Kursy wiosenne rozpoczynaj\u0105 si\u0119 w poniedzia\u0142ek, 9 marca 2026 r. Zapraszamy serdecznie. &nbsp; Centrum POLISH LAB -\",\"breadcrumb\":{\"@id\":\"https:\/\/pb.edu.pl\/sjo\/polish-lab\/kursy-jezyka-polskiego-jako-obcego-2\/#breadcrumb\"},\"inLanguage\":\"pl-PL\",\"potentialAction\":[{\"@type\":\"ReadAction\",\"target\":[\"https:\/\/pb.edu.pl\/sjo\/polish-lab\/kursy-jezyka-polskiego-jako-obcego-2\/\"]}]},{\"@type\":\"ImageObject\",\"inLanguage\":\"pl-PL\",\"@id\":\"https:\/\/pb.edu.pl\/sjo\/polish-lab\/kursy-jezyka-polskiego-jako-obcego-2\/#primaryimage\",\"url\":\"https:\/\/pb.edu.pl\/sjo\/wp-content\/uploads\/sites\/9\/2024\/08\/8.png\",\"contentUrl\":\"https:\/\/pb.edu.pl\/sjo\/wp-content\/uploads\/sites\/9\/2024\/08\/8.png\",\"width\":799,\"height\":533},{\"@type\":\"BreadcrumbList\",\"@id\":\"https:\/\/pb.edu.pl\/sjo\/polish-lab\/kursy-jezyka-polskiego-jako-obcego-2\/#breadcrumb\",\"itemListElement\":[{\"@type\":\"ListItem\",\"position\":1,\"name\":\"Home\",\"item\":\"https:\/\/pb.edu.pl\/sjo\/\"},{\"@type\":\"ListItem\",\"position\":2,\"name\":\"Centrum J\u0119zyka i Kultury Polskiej POLISH LAB\",\"item\":\"https:\/\/pb.edu.pl\/sjo\/polish-lab\/\"},{\"@type\":\"ListItem\",\"position\":3,\"name\":\"Kursy j\u0119zyka polskiego jako obcego\"}]},{\"@type\":\"WebSite\",\"@id\":\"https:\/\/pb.edu.pl\/sjo\/#website\",\"url\":\"https:\/\/pb.edu.pl\/sjo\/\",\"name\":\"Studium J\u0119zyk\u00f3w Obcych\",\"description\":\"\",\"potentialAction\":[{\"@type\":\"SearchAction\",\"target\":{\"@type\":\"EntryPoint\",\"urlTemplate\":\"https:\/\/pb.edu.pl\/sjo\/?s={search_term_string}\"},\"query-input\":{\"@type\":\"PropertyValueSpecification\",\"valueRequired\":true,\"valueName\":\"search_term_string\"}}],\"inLanguage\":\"pl-PL\"}]}<\/script>\n<!-- \/ Yoast SEO plugin. -->","yoast_head_json":{"title":"Kursy j\u0119zyka polskiego jako obcego - Studium J\u0119zyk\u00f3w Obcych","description":"Kursy j\u0119zyka polskiego jako obcego Kursy wiosenne rozpoczynaj\u0105 si\u0119 w poniedzia\u0142ek, 9 marca 2026 r. Zapraszamy serdecznie. &nbsp; Centrum POLISH LAB -","robots":{"index":"index","follow":"follow","max-snippet":"max-snippet:-1","max-image-preview":"max-image-preview:large","max-video-preview":"max-video-preview:-1"},"canonical":"https:\/\/pb.edu.pl\/sjo\/polish-lab\/kursy-jezyka-polskiego-jako-obcego-2\/","og_locale":"pl_PL","og_type":"article","og_title":"Kursy j\u0119zyka polskiego jako obcego - Studium J\u0119zyk\u00f3w Obcych","og_description":"Kursy j\u0119zyka polskiego jako obcego Kursy wiosenne rozpoczynaj\u0105 si\u0119 w poniedzia\u0142ek, 9 marca 2026 r. Zapraszamy serdecznie. &nbsp; Centrum POLISH LAB -","og_url":"https:\/\/pb.edu.pl\/sjo\/polish-lab\/kursy-jezyka-polskiego-jako-obcego-2\/","og_site_name":"Studium J\u0119zyk\u00f3w Obcych","article_modified_time":"2026-03-24T23:48:40+00:00","og_image":[{"url":"https:\/\/pb.edu.pl\/sjo\/wp-content\/uploads\/sites\/9\/2024\/08\/8.png","type":"","width":"","height":""}],"twitter_misc":{"Szacowany czas czytania":"2 minuty"},"schema":{"@context":"https:\/\/schema.org","@graph":[{"@type":"WebPage","@id":"https:\/\/pb.edu.pl\/sjo\/polish-lab\/kursy-jezyka-polskiego-jako-obcego-2\/","url":"https:\/\/pb.edu.pl\/sjo\/polish-lab\/kursy-jezyka-polskiego-jako-obcego-2\/","name":"Kursy j\u0119zyka polskiego jako obcego - Studium J\u0119zyk\u00f3w Obcych","isPartOf":{"@id":"https:\/\/pb.edu.pl\/sjo\/#website"},"primaryImageOfPage":{"@id":"https:\/\/pb.edu.pl\/sjo\/polish-lab\/kursy-jezyka-polskiego-jako-obcego-2\/#primaryimage"},"image":{"@id":"https:\/\/pb.edu.pl\/sjo\/polish-lab\/kursy-jezyka-polskiego-jako-obcego-2\/#primaryimage"},"thumbnailUrl":"https:\/\/pb.edu.pl\/sjo\/wp-content\/uploads\/sites\/9\/2024\/08\/8.png","datePublished":"2024-05-28T12:46:15+00:00","dateModified":"2026-03-24T23:48:40+00:00","description":"Kursy j\u0119zyka polskiego jako obcego Kursy wiosenne rozpoczynaj\u0105 si\u0119 w poniedzia\u0142ek, 9 marca 2026 r. Zapraszamy serdecznie. &nbsp; Centrum POLISH LAB -","breadcrumb":{"@id":"https:\/\/pb.edu.pl\/sjo\/polish-lab\/kursy-jezyka-polskiego-jako-obcego-2\/#breadcrumb"},"inLanguage":"pl-PL","potentialAction":[{"@type":"ReadAction","target":["https:\/\/pb.edu.pl\/sjo\/polish-lab\/kursy-jezyka-polskiego-jako-obcego-2\/"]}]},{"@type":"ImageObject","inLanguage":"pl-PL","@id":"https:\/\/pb.edu.pl\/sjo\/polish-lab\/kursy-jezyka-polskiego-jako-obcego-2\/#primaryimage","url":"https:\/\/pb.edu.pl\/sjo\/wp-content\/uploads\/sites\/9\/2024\/08\/8.png","contentUrl":"https:\/\/pb.edu.pl\/sjo\/wp-content\/uploads\/sites\/9\/2024\/08\/8.png","width":799,"height":533},{"@type":"BreadcrumbList","@id":"https:\/\/pb.edu.pl\/sjo\/polish-lab\/kursy-jezyka-polskiego-jako-obcego-2\/#breadcrumb","itemListElement":[{"@type":"ListItem","position":1,"name":"Home","item":"https:\/\/pb.edu.pl\/sjo\/"},{"@type":"ListItem","position":2,"name":"Centrum J\u0119zyka i Kultury Polskiej POLISH LAB","item":"https:\/\/pb.edu.pl\/sjo\/polish-lab\/"},{"@type":"ListItem","position":3,"name":"Kursy j\u0119zyka polskiego jako obcego"}]},{"@type":"WebSite","@id":"https:\/\/pb.edu.pl\/sjo\/#website","url":"https:\/\/pb.edu.pl\/sjo\/","name":"Studium J\u0119zyk\u00f3w Obcych","description":"","potentialAction":[{"@type":"SearchAction","target":{"@type":"EntryPoint","urlTemplate":"https:\/\/pb.edu.pl\/sjo\/?s={search_term_string}"},"query-input":{"@type":"PropertyValueSpecification","valueRequired":true,"valueName":"search_term_string"}}],"inLanguage":"pl-PL"}]}},"_links":{"self":[{"href":"https:\/\/pb.edu.pl\/sjo\/wp-json\/wp\/v2\/pages\/25995","targetHints":{"allow":["GET"]}}],"collection":[{"href":"https:\/\/pb.edu.pl\/sjo\/wp-json\/wp\/v2\/pages"}],"about":[{"href":"https:\/\/pb.edu.pl\/sjo\/wp-json\/wp\/v2\/types\/page"}],"author":[{"embeddable":true,"href":"https:\/\/pb.edu.pl\/sjo\/wp-json\/wp\/v2\/users\/6"}],"replies":[{"embeddable":true,"href":"https:\/\/pb.edu.pl\/sjo\/wp-json\/wp\/v2\/comments?post=25995"}],"version-history":[{"count":15,"href":"https:\/\/pb.edu.pl\/sjo\/wp-json\/wp\/v2\/pages\/25995\/revisions"}],"predecessor-version":[{"id":31200,"href":"https:\/\/pb.edu.pl\/sjo\/wp-json\/wp\/v2\/pages\/25995\/revisions\/31200"}],"up":[{"embeddable":true,"href":"https:\/\/pb.edu.pl\/sjo\/wp-json\/wp\/v2\/pages\/8106"}],"wp:attachment":[{"href":"https:\/\/pb.edu.pl\/sjo\/wp-json\/wp\/v2\/media?parent=25995"}],"curies":[{"name":"wp","href":"https:\/\/api.w.org\/{rel}","templated":true}]}}