{"id":23363,"date":"2023-12-15T01:54:49","date_gmt":"2023-12-15T00:54:49","guid":{"rendered":"https:\/\/pb.edu.pl\/sjo\/?page_id=23363"},"modified":"2025-05-27T10:49:42","modified_gmt":"2025-05-27T08:49:42","slug":"international-staff-week-na-politechnice-xii-2023-warsztaty-kulturowe","status":"publish","type":"page","link":"https:\/\/pb.edu.pl\/sjo\/polish-lab\/wydarzenia-kulturalne\/warsztaty-kulturowe\/international-staff-week-na-politechnice-xii-2023-warsztaty-kulturowe\/","title":{"rendered":"International Staff Week na Politechnice &#8211; XII 2023 &#8211; Warsztaty kulturowe"},"content":{"rendered":"<p><span style=\"font-family: verdana, geneva, sans-serif;font-size: 12pt\">W Erasmus+ International Staff Weeks organizowanych przez Biuro ds. Wsp\u00f3\u0142pracy Mi\u0119dzynarodowej jestem obecna od samego pocz\u0105tku. Mam przyjemno\u015b\u0107 prowadzi\u0107 warsztaty kulturowe, podczas kt\u00f3rych staram si\u0119 przekaza\u0107 informacje o Polsce w taki spos\u00f3b, \u017ceby uczestnicy zapami\u0119tali jak najwi\u0119cej. Przedstawiam fakty, cz\u0119sto nieoczywiste, obalam mity, potwierdzam stereotypy lub im zadaj\u0119 k\u0142am, zaskakuj\u0119 ciekawostkami, a na koniec testuj\u0119 poprzez wsp\u00f3ln\u0105 zabaw\u0119. Ponadto ucz\u0119 wymawia\u0107 polskie d\u017awi\u0119ki oraz oko\u0142o tuzina najbardziej przydatnych wyra\u017ce\u0144, kt\u00f3rymi go\u015bcie b\u0119d\u0105 mogli \u2018zaskoczy\u0107\u2019 polskich koleg\u00f3w. Na bie\u017c\u0105co mo\u017cna komentowa\u0107, por\u00f3wnywa\u0107, dopytywa\u0107. Prawd\u0119 m\u00f3wi\u0105c, w mgnieniu oka up\u0142ywa czas przeznaczony na to dzia\u0142anie?<\/span><\/p>\n<p><span style=\"font-family: verdana, geneva, sans-serif;font-size: 12pt\">W ubieg\u0142ym tygodniu, 5 grudnia 2023 r. r\u00f3wnie\u017c prowadzi\u0142am warsztaty kulturowe dla bardzo r\u00f3\u017cnorodnej geograficznie grupy uczestnik\u00f3w XI International Staff Week. Dodatkowo mia\u0142am okazj\u0119 sprawdzi\u0107, ile uczestnicy zapami\u0119tali z moich zaj\u0119\u0107 na zako\u0144czenie uroczystego obiadu. Quiz w aplikacji Kahoot wzbudzi\u0142 sporo emocji i wy\u0142oni\u0142 troje zwyci\u0119zc\u00f3w z zaskakuj\u0105co wysok\u0105 punktacj\u0105! Zwyci\u0119zcy otrzymali hojne nagrody rzeczowe i zostali upami\u0119tnieni na fotografiach wraz z prowadz\u0105c\u0105, pisz\u0105c\u0105 te s\u0142owa?<\/span><\/p>\n<p><span style=\"font-size: 10pt\"><em>mgr Alina J. Jab\u0142o\u0144ska Domurat<\/em><\/span><\/p>\n<p><span style=\"font-size: 10pt\"><em>Koordynator Centrum J\u0119zyka i Kultury Polskiej POLISH LAB<\/em><\/span><\/p>\nngg_shortcode_0_placeholder\n<div class=\"embed-responsive embed-responsive-16by9\"><iframe loading=\"lazy\" title=\"11. International Staff Week. Reprezentanci 15 kraj\u00f3w spotkali si\u0119 w Politechnice Bia\u0142ostockiej\" width=\"500\" height=\"281\" src=\"https:\/\/www.youtube.com\/embed\/iY4ZTBcKY74?start=131&#038;feature=oembed\" frameborder=\"0\" allow=\"accelerometer; autoplay; clipboard-write; encrypted-media; gyroscope; picture-in-picture; web-share\" referrerpolicy=\"strict-origin-when-cross-origin\" allowfullscreen><\/iframe><\/div>\n","protected":false},"excerpt":{"rendered":"<p>W Erasmus+ International Staff Weeks organizowanych przez Biuro ds. Wsp\u00f3\u0142pracy Mi\u0119dzynarodowej jestem obecna od samego<\/p>\n","protected":false},"author":77,"featured_media":0,"parent":26308,"menu_order":0,"comment_status":"closed","ping_status":"closed","template":"","meta":{"_acf_changed":false,"ngg_post_thumbnail":0,"footnotes":""},"class_list":["post-23363","page","type-page","status-publish","hentry"],"acf":[],"yoast_head":"<!-- This site is optimized with the Yoast SEO plugin v27.0 - https:\/\/yoast.com\/product\/yoast-seo-wordpress\/ -->\n<title>International Staff Week na Politechnice - XII 2023 - Warsztaty kulturowe - Studium J\u0119zyk\u00f3w Obcych<\/title>\n<meta name=\"description\" content=\"W Erasmus+ International Staff Weeks organizowanych przez Biuro ds. Wsp\u00f3\u0142pracy Mi\u0119dzynarodowej jestem obecna od samego pocz\u0105tku. Mam przyjemno\u015b\u0107 prowadzi\u0107\" \/>\n<meta name=\"robots\" content=\"index, follow, max-snippet:-1, max-image-preview:large, max-video-preview:-1\" \/>\n<link rel=\"canonical\" href=\"https:\/\/pb.edu.pl\/sjo\/polish-lab\/wydarzenia-kulturalne\/warsztaty-kulturowe\/international-staff-week-na-politechnice-xii-2023-warsztaty-kulturowe\/\" \/>\n<meta property=\"og:locale\" content=\"pl_PL\" \/>\n<meta property=\"og:type\" content=\"article\" \/>\n<meta property=\"og:title\" content=\"International Staff Week na Politechnice - XII 2023 - Warsztaty kulturowe - Studium J\u0119zyk\u00f3w Obcych\" \/>\n<meta property=\"og:description\" content=\"W Erasmus+ International Staff Weeks organizowanych przez Biuro ds. Wsp\u00f3\u0142pracy Mi\u0119dzynarodowej jestem obecna od samego pocz\u0105tku. Mam przyjemno\u015b\u0107 prowadzi\u0107\" \/>\n<meta property=\"og:url\" content=\"https:\/\/pb.edu.pl\/sjo\/polish-lab\/wydarzenia-kulturalne\/warsztaty-kulturowe\/international-staff-week-na-politechnice-xii-2023-warsztaty-kulturowe\/\" \/>\n<meta property=\"og:site_name\" content=\"Studium J\u0119zyk\u00f3w Obcych\" \/>\n<meta property=\"article:modified_time\" content=\"2025-05-27T08:49:42+00:00\" \/>\n<meta name=\"twitter:label1\" content=\"Szacowany czas czytania\" \/>\n\t<meta name=\"twitter:data1\" content=\"2 minuty\" \/>\n<script type=\"application\/ld+json\" class=\"yoast-schema-graph\">{\"@context\":\"https:\/\/schema.org\",\"@graph\":[{\"@type\":\"WebPage\",\"@id\":\"https:\/\/pb.edu.pl\/sjo\/polish-lab\/wydarzenia-kulturalne\/warsztaty-kulturowe\/international-staff-week-na-politechnice-xii-2023-warsztaty-kulturowe\/\",\"url\":\"https:\/\/pb.edu.pl\/sjo\/polish-lab\/wydarzenia-kulturalne\/warsztaty-kulturowe\/international-staff-week-na-politechnice-xii-2023-warsztaty-kulturowe\/\",\"name\":\"International Staff Week na Politechnice - XII 2023 - Warsztaty kulturowe - Studium J\u0119zyk\u00f3w Obcych\",\"isPartOf\":{\"@id\":\"https:\/\/pb.edu.pl\/sjo\/#website\"},\"datePublished\":\"2023-12-15T00:54:49+00:00\",\"dateModified\":\"2025-05-27T08:49:42+00:00\",\"description\":\"W Erasmus+ International Staff Weeks organizowanych przez Biuro ds. Wsp\u00f3\u0142pracy Mi\u0119dzynarodowej jestem obecna od samego pocz\u0105tku. Mam przyjemno\u015b\u0107 prowadzi\u0107\",\"breadcrumb\":{\"@id\":\"https:\/\/pb.edu.pl\/sjo\/polish-lab\/wydarzenia-kulturalne\/warsztaty-kulturowe\/international-staff-week-na-politechnice-xii-2023-warsztaty-kulturowe\/#breadcrumb\"},\"inLanguage\":\"pl-PL\",\"potentialAction\":[{\"@type\":\"ReadAction\",\"target\":[\"https:\/\/pb.edu.pl\/sjo\/polish-lab\/wydarzenia-kulturalne\/warsztaty-kulturowe\/international-staff-week-na-politechnice-xii-2023-warsztaty-kulturowe\/\"]}]},{\"@type\":\"BreadcrumbList\",\"@id\":\"https:\/\/pb.edu.pl\/sjo\/polish-lab\/wydarzenia-kulturalne\/warsztaty-kulturowe\/international-staff-week-na-politechnice-xii-2023-warsztaty-kulturowe\/#breadcrumb\",\"itemListElement\":[{\"@type\":\"ListItem\",\"position\":1,\"name\":\"Home\",\"item\":\"https:\/\/pb.edu.pl\/sjo\/\"},{\"@type\":\"ListItem\",\"position\":2,\"name\":\"Centrum J\u0119zyka i Kultury Polskiej POLISH LAB\",\"item\":\"https:\/\/pb.edu.pl\/sjo\/polish-lab\/\"},{\"@type\":\"ListItem\",\"position\":3,\"name\":\"Wydarzenia kulturalne\",\"item\":\"https:\/\/pb.edu.pl\/sjo\/polish-lab\/wydarzenia-kulturalne\/\"},{\"@type\":\"ListItem\",\"position\":4,\"name\":\"Warsztaty kulturowe\",\"item\":\"https:\/\/pb.edu.pl\/sjo\/polish-lab\/wydarzenia-kulturalne\/warsztaty-kulturowe\/\"},{\"@type\":\"ListItem\",\"position\":5,\"name\":\"International Staff Week na Politechnice &#8211; XII 2023 &#8211; Warsztaty kulturowe\"}]},{\"@type\":\"WebSite\",\"@id\":\"https:\/\/pb.edu.pl\/sjo\/#website\",\"url\":\"https:\/\/pb.edu.pl\/sjo\/\",\"name\":\"Studium J\u0119zyk\u00f3w Obcych\",\"description\":\"\",\"potentialAction\":[{\"@type\":\"SearchAction\",\"target\":{\"@type\":\"EntryPoint\",\"urlTemplate\":\"https:\/\/pb.edu.pl\/sjo\/?s={search_term_string}\"},\"query-input\":{\"@type\":\"PropertyValueSpecification\",\"valueRequired\":true,\"valueName\":\"search_term_string\"}}],\"inLanguage\":\"pl-PL\"}]}<\/script>\n<!-- \/ Yoast SEO plugin. -->","yoast_head_json":{"title":"International Staff Week na Politechnice - XII 2023 - Warsztaty kulturowe - Studium J\u0119zyk\u00f3w Obcych","description":"W Erasmus+ International Staff Weeks organizowanych przez Biuro ds. Wsp\u00f3\u0142pracy Mi\u0119dzynarodowej jestem obecna od samego pocz\u0105tku. Mam przyjemno\u015b\u0107 prowadzi\u0107","robots":{"index":"index","follow":"follow","max-snippet":"max-snippet:-1","max-image-preview":"max-image-preview:large","max-video-preview":"max-video-preview:-1"},"canonical":"https:\/\/pb.edu.pl\/sjo\/polish-lab\/wydarzenia-kulturalne\/warsztaty-kulturowe\/international-staff-week-na-politechnice-xii-2023-warsztaty-kulturowe\/","og_locale":"pl_PL","og_type":"article","og_title":"International Staff Week na Politechnice - XII 2023 - Warsztaty kulturowe - Studium J\u0119zyk\u00f3w Obcych","og_description":"W Erasmus+ International Staff Weeks organizowanych przez Biuro ds. Wsp\u00f3\u0142pracy Mi\u0119dzynarodowej jestem obecna od samego pocz\u0105tku. Mam przyjemno\u015b\u0107 prowadzi\u0107","og_url":"https:\/\/pb.edu.pl\/sjo\/polish-lab\/wydarzenia-kulturalne\/warsztaty-kulturowe\/international-staff-week-na-politechnice-xii-2023-warsztaty-kulturowe\/","og_site_name":"Studium J\u0119zyk\u00f3w Obcych","article_modified_time":"2025-05-27T08:49:42+00:00","twitter_misc":{"Szacowany czas czytania":"2 minuty"},"schema":{"@context":"https:\/\/schema.org","@graph":[{"@type":"WebPage","@id":"https:\/\/pb.edu.pl\/sjo\/polish-lab\/wydarzenia-kulturalne\/warsztaty-kulturowe\/international-staff-week-na-politechnice-xii-2023-warsztaty-kulturowe\/","url":"https:\/\/pb.edu.pl\/sjo\/polish-lab\/wydarzenia-kulturalne\/warsztaty-kulturowe\/international-staff-week-na-politechnice-xii-2023-warsztaty-kulturowe\/","name":"International Staff Week na Politechnice - XII 2023 - Warsztaty kulturowe - Studium J\u0119zyk\u00f3w Obcych","isPartOf":{"@id":"https:\/\/pb.edu.pl\/sjo\/#website"},"datePublished":"2023-12-15T00:54:49+00:00","dateModified":"2025-05-27T08:49:42+00:00","description":"W Erasmus+ International Staff Weeks organizowanych przez Biuro ds. Wsp\u00f3\u0142pracy Mi\u0119dzynarodowej jestem obecna od samego pocz\u0105tku. Mam przyjemno\u015b\u0107 prowadzi\u0107","breadcrumb":{"@id":"https:\/\/pb.edu.pl\/sjo\/polish-lab\/wydarzenia-kulturalne\/warsztaty-kulturowe\/international-staff-week-na-politechnice-xii-2023-warsztaty-kulturowe\/#breadcrumb"},"inLanguage":"pl-PL","potentialAction":[{"@type":"ReadAction","target":["https:\/\/pb.edu.pl\/sjo\/polish-lab\/wydarzenia-kulturalne\/warsztaty-kulturowe\/international-staff-week-na-politechnice-xii-2023-warsztaty-kulturowe\/"]}]},{"@type":"BreadcrumbList","@id":"https:\/\/pb.edu.pl\/sjo\/polish-lab\/wydarzenia-kulturalne\/warsztaty-kulturowe\/international-staff-week-na-politechnice-xii-2023-warsztaty-kulturowe\/#breadcrumb","itemListElement":[{"@type":"ListItem","position":1,"name":"Home","item":"https:\/\/pb.edu.pl\/sjo\/"},{"@type":"ListItem","position":2,"name":"Centrum J\u0119zyka i Kultury Polskiej POLISH LAB","item":"https:\/\/pb.edu.pl\/sjo\/polish-lab\/"},{"@type":"ListItem","position":3,"name":"Wydarzenia kulturalne","item":"https:\/\/pb.edu.pl\/sjo\/polish-lab\/wydarzenia-kulturalne\/"},{"@type":"ListItem","position":4,"name":"Warsztaty kulturowe","item":"https:\/\/pb.edu.pl\/sjo\/polish-lab\/wydarzenia-kulturalne\/warsztaty-kulturowe\/"},{"@type":"ListItem","position":5,"name":"International Staff Week na Politechnice &#8211; XII 2023 &#8211; Warsztaty kulturowe"}]},{"@type":"WebSite","@id":"https:\/\/pb.edu.pl\/sjo\/#website","url":"https:\/\/pb.edu.pl\/sjo\/","name":"Studium J\u0119zyk\u00f3w Obcych","description":"","potentialAction":[{"@type":"SearchAction","target":{"@type":"EntryPoint","urlTemplate":"https:\/\/pb.edu.pl\/sjo\/?s={search_term_string}"},"query-input":{"@type":"PropertyValueSpecification","valueRequired":true,"valueName":"search_term_string"}}],"inLanguage":"pl-PL"}]}},"_links":{"self":[{"href":"https:\/\/pb.edu.pl\/sjo\/wp-json\/wp\/v2\/pages\/23363","targetHints":{"allow":["GET"]}}],"collection":[{"href":"https:\/\/pb.edu.pl\/sjo\/wp-json\/wp\/v2\/pages"}],"about":[{"href":"https:\/\/pb.edu.pl\/sjo\/wp-json\/wp\/v2\/types\/page"}],"author":[{"embeddable":true,"href":"https:\/\/pb.edu.pl\/sjo\/wp-json\/wp\/v2\/users\/77"}],"replies":[{"embeddable":true,"href":"https:\/\/pb.edu.pl\/sjo\/wp-json\/wp\/v2\/comments?post=23363"}],"version-history":[{"count":0,"href":"https:\/\/pb.edu.pl\/sjo\/wp-json\/wp\/v2\/pages\/23363\/revisions"}],"up":[{"embeddable":true,"href":"https:\/\/pb.edu.pl\/sjo\/wp-json\/wp\/v2\/pages\/26308"}],"wp:attachment":[{"href":"https:\/\/pb.edu.pl\/sjo\/wp-json\/wp\/v2\/media?parent=23363"}],"curies":[{"name":"wp","href":"https:\/\/api.w.org\/{rel}","templated":true}]}}