{"id":21716,"date":"2023-09-08T13:03:46","date_gmt":"2023-09-08T11:03:46","guid":{"rendered":"https:\/\/pb.edu.pl\/sjo\/?page_id=21716"},"modified":"2023-11-14T14:17:15","modified_gmt":"2023-11-14T13:17:15","slug":"grzyby","status":"publish","type":"page","link":"https:\/\/pb.edu.pl\/sjo\/polish-lab\/czy-wiecie-ze\/grzyby\/","title":{"rendered":"Grzyby"},"content":{"rendered":"<p><span style=\"font-size: 12pt;font-family: verdana, geneva, sans-serif\">Polacy uwielbiaj\u0105 grzyby, zar\u00f3wno te rosn\u0105ce w&nbsp;lasach i&nbsp;na \u0142\u0105kach, jak i&nbsp;hodowlane. Zbieranie grzyb\u00f3w le\u015bnych jest pasj\u0105 setek tysi\u0119cy naszych rodak\u00f3w, a najbardziej po\u017c\u0105dane s\u0105 <strong>borowiki, kanie, rydze, ma\u015blaki, podgrzybki, kurki<\/strong>. Grzybiarze znaj\u0105 si\u0119 doskonale na tej materii, potrafi\u0105 bezb\u0142\u0119dnie rozr\u00f3\u017cni\u0107 grzyby jadalne&nbsp; od truj\u0105cych. Znaj\u0105 dziesi\u0105tki przepis\u00f3w na dania z grzybami: pieczone, sma\u017cone, gotowane, marynowane, suszone, duszone \u2013 grzyby jako dania g\u0142\u00f3wne, zupy, jako dodatkowe sk\u0142adniki da\u0144 oraz jako przystawki.<\/span><\/p>\n<div id='gallery-1' class='gallery galleryid-21716 gallery-columns-5 gallery-size-medium'><figure class='gallery-item'>\n\t\t\t<div class='gallery-icon landscape'>\n\t\t\t\t<a href='https:\/\/pb.edu.pl\/sjo\/wp-content\/uploads\/sites\/9\/2023\/10\/grzyby-AdobeStock_71391053-scaled.jpeg'><img loading=\"lazy\" decoding=\"async\" width=\"300\" height=\"200\" src=\"https:\/\/pb.edu.pl\/sjo\/wp-content\/uploads\/sites\/9\/2023\/10\/grzyby-AdobeStock_71391053-300x200.jpeg\" class=\"attachment-medium size-medium\" alt=\"dwa borowiki\" srcset=\"https:\/\/pb.edu.pl\/sjo\/wp-content\/uploads\/sites\/9\/2023\/10\/grzyby-AdobeStock_71391053-300x200.jpeg 300w, https:\/\/pb.edu.pl\/sjo\/wp-content\/uploads\/sites\/9\/2023\/10\/grzyby-AdobeStock_71391053-1024x683.jpeg 1024w, https:\/\/pb.edu.pl\/sjo\/wp-content\/uploads\/sites\/9\/2023\/10\/grzyby-AdobeStock_71391053-768x512.jpeg 768w, https:\/\/pb.edu.pl\/sjo\/wp-content\/uploads\/sites\/9\/2023\/10\/grzyby-AdobeStock_71391053-1536x1024.jpeg 1536w, https:\/\/pb.edu.pl\/sjo\/wp-content\/uploads\/sites\/9\/2023\/10\/grzyby-AdobeStock_71391053-2048x1365.jpeg 2048w, https:\/\/pb.edu.pl\/sjo\/wp-content\/uploads\/sites\/9\/2023\/10\/grzyby-AdobeStock_71391053-480x320.jpeg 480w\" sizes=\"auto, (max-width: 300px) 100vw, 300px\" \/><\/a>\n\t\t\t<\/div><\/figure><figure class='gallery-item'>\n\t\t\t<div class='gallery-icon landscape'>\n\t\t\t\t<a href='https:\/\/pb.edu.pl\/sjo\/wp-content\/uploads\/sites\/9\/2023\/10\/grzyby-AdobeStock_120515510-scaled.jpeg'><img loading=\"lazy\" decoding=\"async\" width=\"300\" height=\"200\" src=\"https:\/\/pb.edu.pl\/sjo\/wp-content\/uploads\/sites\/9\/2023\/10\/grzyby-AdobeStock_120515510-300x200.jpeg\" class=\"attachment-medium size-medium\" alt=\"dziewczyna zbieraj\u0105ca grzyby w lesie\" srcset=\"https:\/\/pb.edu.pl\/sjo\/wp-content\/uploads\/sites\/9\/2023\/10\/grzyby-AdobeStock_120515510-300x200.jpeg 300w, https:\/\/pb.edu.pl\/sjo\/wp-content\/uploads\/sites\/9\/2023\/10\/grzyby-AdobeStock_120515510-1024x683.jpeg 1024w, https:\/\/pb.edu.pl\/sjo\/wp-content\/uploads\/sites\/9\/2023\/10\/grzyby-AdobeStock_120515510-768x512.jpeg 768w, https:\/\/pb.edu.pl\/sjo\/wp-content\/uploads\/sites\/9\/2023\/10\/grzyby-AdobeStock_120515510-1536x1024.jpeg 1536w, https:\/\/pb.edu.pl\/sjo\/wp-content\/uploads\/sites\/9\/2023\/10\/grzyby-AdobeStock_120515510-2048x1365.jpeg 2048w, https:\/\/pb.edu.pl\/sjo\/wp-content\/uploads\/sites\/9\/2023\/10\/grzyby-AdobeStock_120515510-480x320.jpeg 480w\" sizes=\"auto, (max-width: 300px) 100vw, 300px\" \/><\/a>\n\t\t\t<\/div><\/figure><figure class='gallery-item'>\n\t\t\t<div class='gallery-icon landscape'>\n\t\t\t\t<a href='https:\/\/pb.edu.pl\/sjo\/wp-content\/uploads\/sites\/9\/2023\/10\/grzy-AdobeStock_43883959-scaled.jpeg'><img loading=\"lazy\" decoding=\"async\" width=\"300\" height=\"200\" src=\"https:\/\/pb.edu.pl\/sjo\/wp-content\/uploads\/sites\/9\/2023\/10\/grzy-AdobeStock_43883959-300x200.jpeg\" class=\"attachment-medium size-medium\" alt=\"grzyby kurki w koszyku\" srcset=\"https:\/\/pb.edu.pl\/sjo\/wp-content\/uploads\/sites\/9\/2023\/10\/grzy-AdobeStock_43883959-300x200.jpeg 300w, https:\/\/pb.edu.pl\/sjo\/wp-content\/uploads\/sites\/9\/2023\/10\/grzy-AdobeStock_43883959-1024x681.jpeg 1024w, https:\/\/pb.edu.pl\/sjo\/wp-content\/uploads\/sites\/9\/2023\/10\/grzy-AdobeStock_43883959-768x511.jpeg 768w, https:\/\/pb.edu.pl\/sjo\/wp-content\/uploads\/sites\/9\/2023\/10\/grzy-AdobeStock_43883959-1536x1022.jpeg 1536w, https:\/\/pb.edu.pl\/sjo\/wp-content\/uploads\/sites\/9\/2023\/10\/grzy-AdobeStock_43883959-2048x1363.jpeg 2048w, https:\/\/pb.edu.pl\/sjo\/wp-content\/uploads\/sites\/9\/2023\/10\/grzy-AdobeStock_43883959-480x320.jpeg 480w\" sizes=\"auto, (max-width: 300px) 100vw, 300px\" \/><\/a>\n\t\t\t<\/div><\/figure><figure class='gallery-item'>\n\t\t\t<div class='gallery-icon landscape'>\n\t\t\t\t<a href='https:\/\/pb.edu.pl\/sjo\/wp-content\/uploads\/sites\/9\/2023\/10\/grzyby-AdobeStock_2267259352-scaled.jpeg'><img loading=\"lazy\" decoding=\"async\" width=\"300\" height=\"200\" src=\"https:\/\/pb.edu.pl\/sjo\/wp-content\/uploads\/sites\/9\/2023\/10\/grzyby-AdobeStock_2267259352-300x200.jpeg\" class=\"attachment-medium size-medium\" alt=\"Kosz pe\u0142en \u015bwie\u017co zebranych grzyb\u00f3w, borowiki i czerwone ko\u017alarze na drewnianym tle\" srcset=\"https:\/\/pb.edu.pl\/sjo\/wp-content\/uploads\/sites\/9\/2023\/10\/grzyby-AdobeStock_2267259352-300x200.jpeg 300w, https:\/\/pb.edu.pl\/sjo\/wp-content\/uploads\/sites\/9\/2023\/10\/grzyby-AdobeStock_2267259352-1024x683.jpeg 1024w, https:\/\/pb.edu.pl\/sjo\/wp-content\/uploads\/sites\/9\/2023\/10\/grzyby-AdobeStock_2267259352-768x512.jpeg 768w, https:\/\/pb.edu.pl\/sjo\/wp-content\/uploads\/sites\/9\/2023\/10\/grzyby-AdobeStock_2267259352-1536x1024.jpeg 1536w, https:\/\/pb.edu.pl\/sjo\/wp-content\/uploads\/sites\/9\/2023\/10\/grzyby-AdobeStock_2267259352-2048x1365.jpeg 2048w, https:\/\/pb.edu.pl\/sjo\/wp-content\/uploads\/sites\/9\/2023\/10\/grzyby-AdobeStock_2267259352-480x320.jpeg 480w\" sizes=\"auto, (max-width: 300px) 100vw, 300px\" \/><\/a>\n\t\t\t<\/div><\/figure><figure class='gallery-item'>\n\t\t\t<div class='gallery-icon landscape'>\n\t\t\t\t<a href='https:\/\/pb.edu.pl\/sjo\/wp-content\/uploads\/sites\/9\/2023\/10\/grzyby-AdobeStock_453460278-scaled.jpeg'><img loading=\"lazy\" decoding=\"async\" width=\"300\" height=\"206\" src=\"https:\/\/pb.edu.pl\/sjo\/wp-content\/uploads\/sites\/9\/2023\/10\/grzyby-AdobeStock_453460278-300x206.jpeg\" class=\"attachment-medium size-medium\" alt=\"Grzyby le\u015bne u\u0142o\u017cone w naczyniach\" srcset=\"https:\/\/pb.edu.pl\/sjo\/wp-content\/uploads\/sites\/9\/2023\/10\/grzyby-AdobeStock_453460278-300x206.jpeg 300w, https:\/\/pb.edu.pl\/sjo\/wp-content\/uploads\/sites\/9\/2023\/10\/grzyby-AdobeStock_453460278-1024x704.jpeg 1024w, https:\/\/pb.edu.pl\/sjo\/wp-content\/uploads\/sites\/9\/2023\/10\/grzyby-AdobeStock_453460278-768x528.jpeg 768w, https:\/\/pb.edu.pl\/sjo\/wp-content\/uploads\/sites\/9\/2023\/10\/grzyby-AdobeStock_453460278-1536x1057.jpeg 1536w, https:\/\/pb.edu.pl\/sjo\/wp-content\/uploads\/sites\/9\/2023\/10\/grzyby-AdobeStock_453460278-2048x1409.jpeg 2048w\" sizes=\"auto, (max-width: 300px) 100vw, 300px\" \/><\/a>\n\t\t\t<\/div><\/figure>\n\t\t<\/div>\n\n<p><span style=\"font-size: 12pt;font-family: verdana, geneva, sans-serif\">Poza grzybami le\u015bnymi nami\u0119tnie spo\u017cywamy grzyby hodowlane, czyli przede wszystkim <strong>pieczarki<\/strong>. Historia jedzenia pieczarek w Polsce si\u0119ga a\u017c XVIII wieku, kiedy to podr\u00f3\u017cuj\u0105ca po Europie Zachodniej szlachta polska, zachwycona serwowanymi tam potrawami z tymi grzybkami, postanowi\u0142a przenie\u015b\u0107 je na polskie sto\u0142y. Przez d\u0142ugi czas pieczarki uznawane by\u0142y za danie r\u00f3wnie ekskluzywne i wykwintne, na r\u00f3wni z&nbsp;truflami.&nbsp;<\/span><\/p>\n<p><span style=\"font-size: 12pt;font-family: verdana, geneva, sans-serif\">Obecnie <strong>Polska jest liderem produkcji pieczarek<\/strong><strong> nie tylko w&nbsp;Europie, <\/strong>ale te\u017c najwi\u0119kszym eksporterem na \u015bwiecie. Nasz udzia\u0142 w \u015bwiatowym eksporcie wynosi a\u017c 32% (2021 r.). Do zagranicznych odbiorc\u00f3w, m.in. do Niemiec, Holandii, Francji, Wielkiej Brytanii i kraj\u00f3w ba\u0142ka\u0144skich, trafia ponad po\u0142owa krajowej produkcji pieczarek. <strong>Polska pieczarka w\u015br\u00f3d smakoszy posiada opini\u0119 najlepszej w Europie m.in. dzi\u0119ki du\u017cej zawarto\u015bci suchej masy.<\/strong> Innym istotnym powodem jest stosunkowo niska cena. Co ciekawe, w Polsce zbi\u00f3r odbywa si\u0119 r\u0119cznie.<\/span><\/p>\n<p><span style=\"font-size: 12pt;font-family: verdana, geneva, sans-serif\">A czy wiecie, \u017ce\u2026 od kilku lat to w\u0142a\u015bnie <strong>Podlasie produkuje najwi\u0119cej pieczarek w kraju<\/strong>? Tak, to w\u0142a\u015bnie nasze wojew\u00f3dztwo jest obecnie najwi\u0119kszym w&nbsp;Europie centrum uprawy pieczarek. Podlaskie zak\u0142ady uprawy tych grzyb\u00f3w s\u0105 w&nbsp;pe\u0142ni zmechanizowane, <strong>posiadaj\u0105 certyfikaty jako\u015bci<\/strong>, odpowiednio wyszkolonych pracownik\u00f3w i sprawne, rozbudowane zaplecze logistyczne, tak \u017ceby \u015bwie\u017ce pieczarki trafia\u0142y do sklep\u00f3w, supermarket\u00f3w i na targi w najbardziej odleg\u0142ych rejonach \u015bwiata w mo\u017cliwie najkr\u00f3tszym czasie.<\/span><\/p>\n<div id='gallery-2' class='gallery galleryid-21716 gallery-columns-5 gallery-size-medium'><figure class='gallery-item'>\n\t\t\t<div class='gallery-icon landscape'>\n\t\t\t\t<a href='https:\/\/pb.edu.pl\/sjo\/polish-lab\/czy-wiecie-ze\/grzyby\/3-26\/'><img loading=\"lazy\" decoding=\"async\" width=\"300\" height=\"251\" src=\"https:\/\/pb.edu.pl\/sjo\/wp-content\/uploads\/sites\/9\/2023\/10\/3-300x251.png\" class=\"attachment-medium size-medium\" alt=\"\" srcset=\"https:\/\/pb.edu.pl\/sjo\/wp-content\/uploads\/sites\/9\/2023\/10\/3-300x251.png 300w, https:\/\/pb.edu.pl\/sjo\/wp-content\/uploads\/sites\/9\/2023\/10\/3-768x644.png 768w, https:\/\/pb.edu.pl\/sjo\/wp-content\/uploads\/sites\/9\/2023\/10\/3.png 940w\" sizes=\"auto, (max-width: 300px) 100vw, 300px\" \/><\/a>\n\t\t\t<\/div><\/figure><figure class='gallery-item'>\n\t\t\t<div class='gallery-icon landscape'>\n\t\t\t\t<a href='https:\/\/pb.edu.pl\/sjo\/polish-lab\/czy-wiecie-ze\/grzyby\/aa\/'><img loading=\"lazy\" decoding=\"async\" width=\"300\" height=\"196\" src=\"https:\/\/pb.edu.pl\/sjo\/wp-content\/uploads\/sites\/9\/2023\/10\/aa-300x196.png\" class=\"attachment-medium size-medium\" alt=\"Cztery faszerowane pieczarki\" srcset=\"https:\/\/pb.edu.pl\/sjo\/wp-content\/uploads\/sites\/9\/2023\/10\/aa-300x196.png 300w, https:\/\/pb.edu.pl\/sjo\/wp-content\/uploads\/sites\/9\/2023\/10\/aa-768x501.png 768w, https:\/\/pb.edu.pl\/sjo\/wp-content\/uploads\/sites\/9\/2023\/10\/aa.png 784w\" sizes=\"auto, (max-width: 300px) 100vw, 300px\" \/><\/a>\n\t\t\t<\/div><\/figure><figure class='gallery-item'>\n\t\t\t<div class='gallery-icon landscape'>\n\t\t\t\t<a href='https:\/\/pb.edu.pl\/sjo\/polish-lab\/czy-wiecie-ze\/grzyby\/grzyby-adobestock_542029482\/'><img loading=\"lazy\" decoding=\"async\" width=\"300\" height=\"196\" src=\"https:\/\/pb.edu.pl\/sjo\/wp-content\/uploads\/sites\/9\/2023\/10\/grzyby-AdobeStock_542029482-scaled-e1696974064359-300x196.jpeg\" class=\"attachment-medium size-medium\" alt=\"zupa pieczarkowa w talerzu\" srcset=\"https:\/\/pb.edu.pl\/sjo\/wp-content\/uploads\/sites\/9\/2023\/10\/grzyby-AdobeStock_542029482-scaled-e1696974064359-300x196.jpeg 300w, https:\/\/pb.edu.pl\/sjo\/wp-content\/uploads\/sites\/9\/2023\/10\/grzyby-AdobeStock_542029482-scaled-e1696974064359-1024x670.jpeg 1024w, https:\/\/pb.edu.pl\/sjo\/wp-content\/uploads\/sites\/9\/2023\/10\/grzyby-AdobeStock_542029482-scaled-e1696974064359-768x503.jpeg 768w, https:\/\/pb.edu.pl\/sjo\/wp-content\/uploads\/sites\/9\/2023\/10\/grzyby-AdobeStock_542029482-scaled-e1696974064359-1536x1006.jpeg 1536w, https:\/\/pb.edu.pl\/sjo\/wp-content\/uploads\/sites\/9\/2023\/10\/grzyby-AdobeStock_542029482-scaled-e1696974064359-2048x1341.jpeg 2048w\" sizes=\"auto, (max-width: 300px) 100vw, 300px\" \/><\/a>\n\t\t\t<\/div><\/figure><figure class='gallery-item'>\n\t\t\t<div class='gallery-icon landscape'>\n\t\t\t\t<a href='https:\/\/pb.edu.pl\/sjo\/polish-lab\/czy-wiecie-ze\/grzyby\/pieczarki\/'><img loading=\"lazy\" decoding=\"async\" width=\"300\" height=\"193\" src=\"https:\/\/pb.edu.pl\/sjo\/wp-content\/uploads\/sites\/9\/2023\/10\/grzyby-AdobeStock_146420989-scaled-e1696973833425-300x193.jpeg\" class=\"attachment-medium size-medium\" alt=\"Pokrojone pieczarki na desce do krojenia\" srcset=\"https:\/\/pb.edu.pl\/sjo\/wp-content\/uploads\/sites\/9\/2023\/10\/grzyby-AdobeStock_146420989-scaled-e1696973833425-300x193.jpeg 300w, https:\/\/pb.edu.pl\/sjo\/wp-content\/uploads\/sites\/9\/2023\/10\/grzyby-AdobeStock_146420989-scaled-e1696973833425-1024x659.jpeg 1024w, https:\/\/pb.edu.pl\/sjo\/wp-content\/uploads\/sites\/9\/2023\/10\/grzyby-AdobeStock_146420989-scaled-e1696973833425-768x494.jpeg 768w, https:\/\/pb.edu.pl\/sjo\/wp-content\/uploads\/sites\/9\/2023\/10\/grzyby-AdobeStock_146420989-scaled-e1696973833425-1536x988.jpeg 1536w, https:\/\/pb.edu.pl\/sjo\/wp-content\/uploads\/sites\/9\/2023\/10\/grzyby-AdobeStock_146420989-scaled-e1696973833425-2048x1318.jpeg 2048w\" sizes=\"auto, (max-width: 300px) 100vw, 300px\" \/><\/a>\n\t\t\t<\/div><\/figure><figure class='gallery-item'>\n\t\t\t<div class='gallery-icon landscape'>\n\t\t\t\t<a href='https:\/\/pb.edu.pl\/sjo\/polish-lab\/czy-wiecie-ze\/grzyby\/wyposazymy-pieczarkarnie-na-egzotycznej-wyspie\/'><img loading=\"lazy\" decoding=\"async\" width=\"300\" height=\"196\" src=\"https:\/\/pb.edu.pl\/sjo\/wp-content\/uploads\/sites\/9\/2023\/10\/wyposazymy-pieczarkarnie-na-egzotycznej-wyspie-e1696973435818-300x196.jpg\" class=\"attachment-medium size-medium\" alt=\"https:\/\/www.agro-projects.eu\/firma\/\" aria-describedby=\"gallery-2-22287\" srcset=\"https:\/\/pb.edu.pl\/sjo\/wp-content\/uploads\/sites\/9\/2023\/10\/wyposazymy-pieczarkarnie-na-egzotycznej-wyspie-e1696973435818-300x196.jpg 300w, https:\/\/pb.edu.pl\/sjo\/wp-content\/uploads\/sites\/9\/2023\/10\/wyposazymy-pieczarkarnie-na-egzotycznej-wyspie-e1696973435818-1024x667.jpg 1024w, https:\/\/pb.edu.pl\/sjo\/wp-content\/uploads\/sites\/9\/2023\/10\/wyposazymy-pieczarkarnie-na-egzotycznej-wyspie-e1696973435818-768x501.jpg 768w, https:\/\/pb.edu.pl\/sjo\/wp-content\/uploads\/sites\/9\/2023\/10\/wyposazymy-pieczarkarnie-na-egzotycznej-wyspie-e1696973435818-1536x1001.jpg 1536w, https:\/\/pb.edu.pl\/sjo\/wp-content\/uploads\/sites\/9\/2023\/10\/wyposazymy-pieczarkarnie-na-egzotycznej-wyspie-e1696973435818.jpg 1654w\" sizes=\"auto, (max-width: 300px) 100vw, 300px\" \/><\/a>\n\t\t\t<\/div>\n\t\t\t\t<figcaption class='wp-caption-text gallery-caption' id='gallery-2-22287'>\n\t\t\t\thttps:\/\/www.agro-projects.eu\/firma\/\n\t\t\t\t<\/figcaption><\/figure>\n\t\t<\/div>\n\n<p>Zdj\u0119cia: Adobe Stock, Canva<\/p>\n","protected":false},"excerpt":{"rendered":"<p>Polacy uwielbiaj\u0105 grzyby, zar\u00f3wno te rosn\u0105ce w&nbsp;lasach i&nbsp;na \u0142\u0105kach, jak i&nbsp;hodowlane. Zbieranie grzyb\u00f3w le\u015bnych jest<\/p>\n","protected":false},"author":6,"featured_media":0,"parent":8281,"menu_order":0,"comment_status":"closed","ping_status":"closed","template":"","meta":{"_acf_changed":false,"ngg_post_thumbnail":0,"footnotes":""},"class_list":["post-21716","page","type-page","status-publish","hentry"],"acf":[],"yoast_head":"<!-- This site is optimized with the Yoast SEO plugin v27.0 - https:\/\/yoast.com\/product\/yoast-seo-wordpress\/ -->\n<title>Grzyby - Studium J\u0119zyk\u00f3w Obcych<\/title>\n<meta name=\"description\" content=\"Polacy uwielbiaj\u0105 grzyby, zar\u00f3wno te rosn\u0105ce w&nbsp;lasach i&nbsp;na \u0142\u0105kach, jak i&nbsp;hodowlane. Zbieranie grzyb\u00f3w le\u015bnych jest pasj\u0105 setek tysi\u0119cy\" \/>\n<meta name=\"robots\" content=\"index, follow, max-snippet:-1, max-image-preview:large, max-video-preview:-1\" \/>\n<link rel=\"canonical\" href=\"https:\/\/pb.edu.pl\/sjo\/polish-lab\/czy-wiecie-ze\/grzyby\/\" \/>\n<meta property=\"og:locale\" content=\"pl_PL\" \/>\n<meta property=\"og:type\" content=\"article\" \/>\n<meta property=\"og:title\" content=\"Grzyby - Studium J\u0119zyk\u00f3w Obcych\" \/>\n<meta property=\"og:description\" content=\"Polacy uwielbiaj\u0105 grzyby, zar\u00f3wno te rosn\u0105ce w&nbsp;lasach i&nbsp;na \u0142\u0105kach, jak i&nbsp;hodowlane. Zbieranie grzyb\u00f3w le\u015bnych jest pasj\u0105 setek tysi\u0119cy\" \/>\n<meta property=\"og:url\" content=\"https:\/\/pb.edu.pl\/sjo\/polish-lab\/czy-wiecie-ze\/grzyby\/\" \/>\n<meta property=\"og:site_name\" content=\"Studium J\u0119zyk\u00f3w Obcych\" \/>\n<meta property=\"article:modified_time\" content=\"2023-11-14T13:17:15+00:00\" \/>\n<meta property=\"og:image\" content=\"https:\/\/pb.edu.pl\/sjo\/wp-content\/uploads\/sites\/9\/2023\/10\/grzyby-AdobeStock_71391053-300x200.jpeg\" \/>\n<meta name=\"twitter:label1\" content=\"Szacowany czas czytania\" \/>\n\t<meta name=\"twitter:data1\" content=\"2 minuty\" \/>\n<script type=\"application\/ld+json\" class=\"yoast-schema-graph\">{\"@context\":\"https:\/\/schema.org\",\"@graph\":[{\"@type\":\"WebPage\",\"@id\":\"https:\/\/pb.edu.pl\/sjo\/polish-lab\/czy-wiecie-ze\/grzyby\/\",\"url\":\"https:\/\/pb.edu.pl\/sjo\/polish-lab\/czy-wiecie-ze\/grzyby\/\",\"name\":\"Grzyby - Studium J\u0119zyk\u00f3w Obcych\",\"isPartOf\":{\"@id\":\"https:\/\/pb.edu.pl\/sjo\/#website\"},\"datePublished\":\"2023-09-08T11:03:46+00:00\",\"dateModified\":\"2023-11-14T13:17:15+00:00\",\"description\":\"Polacy uwielbiaj\u0105 grzyby, zar\u00f3wno te rosn\u0105ce w&nbsp;lasach i&nbsp;na \u0142\u0105kach, jak i&nbsp;hodowlane. Zbieranie grzyb\u00f3w le\u015bnych jest pasj\u0105 setek tysi\u0119cy\",\"breadcrumb\":{\"@id\":\"https:\/\/pb.edu.pl\/sjo\/polish-lab\/czy-wiecie-ze\/grzyby\/#breadcrumb\"},\"inLanguage\":\"pl-PL\",\"potentialAction\":[{\"@type\":\"ReadAction\",\"target\":[\"https:\/\/pb.edu.pl\/sjo\/polish-lab\/czy-wiecie-ze\/grzyby\/\"]}]},{\"@type\":\"BreadcrumbList\",\"@id\":\"https:\/\/pb.edu.pl\/sjo\/polish-lab\/czy-wiecie-ze\/grzyby\/#breadcrumb\",\"itemListElement\":[{\"@type\":\"ListItem\",\"position\":1,\"name\":\"Home\",\"item\":\"https:\/\/pb.edu.pl\/sjo\/\"},{\"@type\":\"ListItem\",\"position\":2,\"name\":\"Centrum J\u0119zyka i Kultury Polskiej POLISH LAB\",\"item\":\"https:\/\/pb.edu.pl\/sjo\/polish-lab\/\"},{\"@type\":\"ListItem\",\"position\":3,\"name\":\"O Polsce i Polakach\",\"item\":\"https:\/\/pb.edu.pl\/sjo\/polish-lab\/czy-wiecie-ze\/\"},{\"@type\":\"ListItem\",\"position\":4,\"name\":\"Grzyby\"}]},{\"@type\":\"WebSite\",\"@id\":\"https:\/\/pb.edu.pl\/sjo\/#website\",\"url\":\"https:\/\/pb.edu.pl\/sjo\/\",\"name\":\"Studium J\u0119zyk\u00f3w Obcych\",\"description\":\"\",\"potentialAction\":[{\"@type\":\"SearchAction\",\"target\":{\"@type\":\"EntryPoint\",\"urlTemplate\":\"https:\/\/pb.edu.pl\/sjo\/?s={search_term_string}\"},\"query-input\":{\"@type\":\"PropertyValueSpecification\",\"valueRequired\":true,\"valueName\":\"search_term_string\"}}],\"inLanguage\":\"pl-PL\"}]}<\/script>\n<!-- \/ Yoast SEO plugin. -->","yoast_head_json":{"title":"Grzyby - Studium J\u0119zyk\u00f3w Obcych","description":"Polacy uwielbiaj\u0105 grzyby, zar\u00f3wno te rosn\u0105ce w&nbsp;lasach i&nbsp;na \u0142\u0105kach, jak i&nbsp;hodowlane. Zbieranie grzyb\u00f3w le\u015bnych jest pasj\u0105 setek tysi\u0119cy","robots":{"index":"index","follow":"follow","max-snippet":"max-snippet:-1","max-image-preview":"max-image-preview:large","max-video-preview":"max-video-preview:-1"},"canonical":"https:\/\/pb.edu.pl\/sjo\/polish-lab\/czy-wiecie-ze\/grzyby\/","og_locale":"pl_PL","og_type":"article","og_title":"Grzyby - Studium J\u0119zyk\u00f3w Obcych","og_description":"Polacy uwielbiaj\u0105 grzyby, zar\u00f3wno te rosn\u0105ce w&nbsp;lasach i&nbsp;na \u0142\u0105kach, jak i&nbsp;hodowlane. Zbieranie grzyb\u00f3w le\u015bnych jest pasj\u0105 setek tysi\u0119cy","og_url":"https:\/\/pb.edu.pl\/sjo\/polish-lab\/czy-wiecie-ze\/grzyby\/","og_site_name":"Studium J\u0119zyk\u00f3w Obcych","article_modified_time":"2023-11-14T13:17:15+00:00","og_image":[{"url":"https:\/\/pb.edu.pl\/sjo\/wp-content\/uploads\/sites\/9\/2023\/10\/grzyby-AdobeStock_71391053-300x200.jpeg","type":"","width":"","height":""}],"twitter_misc":{"Szacowany czas czytania":"2 minuty"},"schema":{"@context":"https:\/\/schema.org","@graph":[{"@type":"WebPage","@id":"https:\/\/pb.edu.pl\/sjo\/polish-lab\/czy-wiecie-ze\/grzyby\/","url":"https:\/\/pb.edu.pl\/sjo\/polish-lab\/czy-wiecie-ze\/grzyby\/","name":"Grzyby - Studium J\u0119zyk\u00f3w Obcych","isPartOf":{"@id":"https:\/\/pb.edu.pl\/sjo\/#website"},"datePublished":"2023-09-08T11:03:46+00:00","dateModified":"2023-11-14T13:17:15+00:00","description":"Polacy uwielbiaj\u0105 grzyby, zar\u00f3wno te rosn\u0105ce w&nbsp;lasach i&nbsp;na \u0142\u0105kach, jak i&nbsp;hodowlane. Zbieranie grzyb\u00f3w le\u015bnych jest pasj\u0105 setek tysi\u0119cy","breadcrumb":{"@id":"https:\/\/pb.edu.pl\/sjo\/polish-lab\/czy-wiecie-ze\/grzyby\/#breadcrumb"},"inLanguage":"pl-PL","potentialAction":[{"@type":"ReadAction","target":["https:\/\/pb.edu.pl\/sjo\/polish-lab\/czy-wiecie-ze\/grzyby\/"]}]},{"@type":"BreadcrumbList","@id":"https:\/\/pb.edu.pl\/sjo\/polish-lab\/czy-wiecie-ze\/grzyby\/#breadcrumb","itemListElement":[{"@type":"ListItem","position":1,"name":"Home","item":"https:\/\/pb.edu.pl\/sjo\/"},{"@type":"ListItem","position":2,"name":"Centrum J\u0119zyka i Kultury Polskiej POLISH LAB","item":"https:\/\/pb.edu.pl\/sjo\/polish-lab\/"},{"@type":"ListItem","position":3,"name":"O Polsce i Polakach","item":"https:\/\/pb.edu.pl\/sjo\/polish-lab\/czy-wiecie-ze\/"},{"@type":"ListItem","position":4,"name":"Grzyby"}]},{"@type":"WebSite","@id":"https:\/\/pb.edu.pl\/sjo\/#website","url":"https:\/\/pb.edu.pl\/sjo\/","name":"Studium J\u0119zyk\u00f3w Obcych","description":"","potentialAction":[{"@type":"SearchAction","target":{"@type":"EntryPoint","urlTemplate":"https:\/\/pb.edu.pl\/sjo\/?s={search_term_string}"},"query-input":{"@type":"PropertyValueSpecification","valueRequired":true,"valueName":"search_term_string"}}],"inLanguage":"pl-PL"}]}},"_links":{"self":[{"href":"https:\/\/pb.edu.pl\/sjo\/wp-json\/wp\/v2\/pages\/21716","targetHints":{"allow":["GET"]}}],"collection":[{"href":"https:\/\/pb.edu.pl\/sjo\/wp-json\/wp\/v2\/pages"}],"about":[{"href":"https:\/\/pb.edu.pl\/sjo\/wp-json\/wp\/v2\/types\/page"}],"author":[{"embeddable":true,"href":"https:\/\/pb.edu.pl\/sjo\/wp-json\/wp\/v2\/users\/6"}],"replies":[{"embeddable":true,"href":"https:\/\/pb.edu.pl\/sjo\/wp-json\/wp\/v2\/comments?post=21716"}],"version-history":[{"count":0,"href":"https:\/\/pb.edu.pl\/sjo\/wp-json\/wp\/v2\/pages\/21716\/revisions"}],"up":[{"embeddable":true,"href":"https:\/\/pb.edu.pl\/sjo\/wp-json\/wp\/v2\/pages\/8281"}],"wp:attachment":[{"href":"https:\/\/pb.edu.pl\/sjo\/wp-json\/wp\/v2\/media?parent=21716"}],"curies":[{"name":"wp","href":"https:\/\/api.w.org\/{rel}","templated":true}]}}