{"id":20330,"date":"2023-05-04T14:25:28","date_gmt":"2023-05-04T12:25:28","guid":{"rendered":"https:\/\/pb.edu.pl\/sjo\/?page_id=20330"},"modified":"2024-01-02T15:55:52","modified_gmt":"2024-01-02T14:55:52","slug":"bup","status":"publish","type":"page","link":"https:\/\/pb.edu.pl\/sjo\/projekty-2-2\/baltic-university-programme\/bup\/","title":{"rendered":"BUP &#8211; aktualno\u015bci"},"content":{"rendered":"\t\t<div class=\"box news-box \">\n\t\t<div class=\"row\">\n\t\t\t\n\t\t\t\n\t\t\t\t\n\t\t\t\t\t\t\t\t\t\t<div class=\"col-sm-3\">\n\t\t\t\t\t\t\t\n<article class=\"format-standard\">\n    <span class=\"date text-right\"><i class=\"fal fa-calendar-alt\"><\/i> 02-04-2026<\/span>\n    <a href=\"https:\/\/pb.edu.pl\/sjo\/2026\/04\/02\/szkola-letnia-bup-science-and-sail-2026\/\">\n      <div class=\"article-image\">\n        <img loading=\"lazy\" decoding=\"async\" width=\"480\" height=\"300\" src=\"https:\/\/pb.edu.pl\/sjo\/wp-content\/uploads\/sites\/9\/2026\/04\/BUP-April-2026-480x300.png\" class=\"attachment-medium-image-16x10 size-medium-image-16x10 wp-post-image\" alt=\"\" srcset=\"https:\/\/pb.edu.pl\/sjo\/wp-content\/uploads\/sites\/9\/2026\/04\/BUP-April-2026-480x300.png 480w, https:\/\/pb.edu.pl\/sjo\/wp-content\/uploads\/sites\/9\/2026\/04\/BUP-April-2026-300x188.png 300w, https:\/\/pb.edu.pl\/sjo\/wp-content\/uploads\/sites\/9\/2026\/04\/BUP-April-2026-1024x640.png 1024w, https:\/\/pb.edu.pl\/sjo\/wp-content\/uploads\/sites\/9\/2026\/04\/BUP-April-2026-768x480.png 768w, https:\/\/pb.edu.pl\/sjo\/wp-content\/uploads\/sites\/9\/2026\/04\/BUP-April-2026.png 1080w\" sizes=\"auto, (max-width: 480px) 100vw, 480px\" \/>      <\/div>\n      <h3>Szko\u0142a Letnia BUP Science and Sail 2026<\/h3>\n      This BUP summer school has a focus on the Baltic Sea    <\/a>\n<\/article>\t\t\t\t\t\t<\/div>\n\t\t\t\t\t\t\t\t\t\t\t<div class=\"col-sm-3\">\n\t\t\t\t\t\t\t\n<article class=\"format-standard\">\n    <span class=\"date text-right\"><i class=\"fal fa-calendar-alt\"><\/i> 01-04-2026<\/span>\n    <a href=\"https:\/\/pb.edu.pl\/sjo\/2026\/04\/01\/wizyta-studyjna-erasmus-w-tallinnie-budowanie-mostow-dla-zrownowazonej-i-innowacyjnej-edukacji\/\">\n      <div class=\"article-image\">\n        <img loading=\"lazy\" decoding=\"async\" width=\"480\" height=\"300\" src=\"https:\/\/pb.edu.pl\/sjo\/wp-content\/uploads\/sites\/9\/2026\/04\/Tallina-Ulikool-480x300.png\" class=\"attachment-medium-image-16x10 size-medium-image-16x10 wp-post-image\" alt=\"\" srcset=\"https:\/\/pb.edu.pl\/sjo\/wp-content\/uploads\/sites\/9\/2026\/04\/Tallina-Ulikool-480x300.png 480w, https:\/\/pb.edu.pl\/sjo\/wp-content\/uploads\/sites\/9\/2026\/04\/Tallina-Ulikool-300x188.png 300w, https:\/\/pb.edu.pl\/sjo\/wp-content\/uploads\/sites\/9\/2026\/04\/Tallina-Ulikool-1024x640.png 1024w, https:\/\/pb.edu.pl\/sjo\/wp-content\/uploads\/sites\/9\/2026\/04\/Tallina-Ulikool-768x480.png 768w, https:\/\/pb.edu.pl\/sjo\/wp-content\/uploads\/sites\/9\/2026\/04\/Tallina-Ulikool.png 1080w\" sizes=\"auto, (max-width: 480px) 100vw, 480px\" \/>      <\/div>\n      <h3>Wizyta studyjna Erasmus w Tallinnie: budowanie most\u00f3w dla zr\u00f3wnowa\u017conej i innowacyjnej edukacji<\/h3>\n      W ubieg\u0142ym tygodniu mgr Aniela Staszewska uczestniczy\u0142a w mobilno\u015bci pracowniczej Erasmus+    <\/a>\n<\/article>\t\t\t\t\t\t<\/div>\n\t\t\t\t\t\t\t\t\t\t\t<div class=\"col-sm-3\">\n\t\t\t\t\t\t\t\n<article class=\"format-standard\">\n    <span class=\"date text-right\"><i class=\"fal fa-calendar-alt\"><\/i> 09-03-2026<\/span>\n    <a href=\"https:\/\/pb.edu.pl\/sjo\/2026\/03\/09\/baltic-university-programme-w-maju-i-czerwcu-konferencje-i-szkola-letnia-dla-doktorantow\/\">\n      <div class=\"article-image\">\n        <img loading=\"lazy\" decoding=\"async\" width=\"480\" height=\"300\" src=\"https:\/\/pb.edu.pl\/sjo\/wp-content\/uploads\/sites\/9\/2026\/03\/BUP-03.2026-480x300.png\" class=\"attachment-medium-image-16x10 size-medium-image-16x10 wp-post-image\" alt=\"\" srcset=\"https:\/\/pb.edu.pl\/sjo\/wp-content\/uploads\/sites\/9\/2026\/03\/BUP-03.2026-480x300.png 480w, https:\/\/pb.edu.pl\/sjo\/wp-content\/uploads\/sites\/9\/2026\/03\/BUP-03.2026-300x188.png 300w, https:\/\/pb.edu.pl\/sjo\/wp-content\/uploads\/sites\/9\/2026\/03\/BUP-03.2026-1024x640.png 1024w, https:\/\/pb.edu.pl\/sjo\/wp-content\/uploads\/sites\/9\/2026\/03\/BUP-03.2026-768x480.png 768w, https:\/\/pb.edu.pl\/sjo\/wp-content\/uploads\/sites\/9\/2026\/03\/BUP-03.2026.png 1080w\" sizes=\"auto, (max-width: 480px) 100vw, 480px\" \/>      <\/div>\n      <h3>Baltic University Programme w maju i czerwcu \u2013 konferencje i szko\u0142a letnia dla doktorant\u00f3w<\/h3>\n      Poni\u017cej przedstawiamy informacje o nadchodz\u0105cych wydarzeniach Baltic University Programme, kt\u00f3re odb\u0119d\u0105    <\/a>\n<\/article>\t\t\t\t\t\t<\/div>\n\t\t\t\t\t\t\t\t\t\t\t<div class=\"col-sm-3\">\n\t\t\t\t\t\t\t\n<article class=\"format-standard\">\n    <span class=\"date text-right\"><i class=\"fal fa-calendar-alt\"><\/i> 29-01-2026<\/span>\n    <a href=\"https:\/\/pb.edu.pl\/sjo\/2026\/01\/29\/sustainable-regional-development-of-the-baltic-sea-region-studencka-perspektywa\/\">\n      <div class=\"article-image\">\n        <img loading=\"lazy\" decoding=\"async\" width=\"480\" height=\"300\" src=\"https:\/\/pb.edu.pl\/sjo\/wp-content\/uploads\/sites\/9\/2026\/01\/BUP-plakaty-2026-480x300.png\" class=\"attachment-medium-image-16x10 size-medium-image-16x10 wp-post-image\" alt=\"\" srcset=\"https:\/\/pb.edu.pl\/sjo\/wp-content\/uploads\/sites\/9\/2026\/01\/BUP-plakaty-2026-480x300.png 480w, https:\/\/pb.edu.pl\/sjo\/wp-content\/uploads\/sites\/9\/2026\/01\/BUP-plakaty-2026-300x188.png 300w, https:\/\/pb.edu.pl\/sjo\/wp-content\/uploads\/sites\/9\/2026\/01\/BUP-plakaty-2026-1024x640.png 1024w, https:\/\/pb.edu.pl\/sjo\/wp-content\/uploads\/sites\/9\/2026\/01\/BUP-plakaty-2026-768x480.png 768w, https:\/\/pb.edu.pl\/sjo\/wp-content\/uploads\/sites\/9\/2026\/01\/BUP-plakaty-2026.png 1080w\" sizes=\"auto, (max-width: 480px) 100vw, 480px\" \/>      <\/div>\n      <h3>Sustainable Regional Development of the Baltic Sea Region &#8211; studencka perspektywa<\/h3>\n      W przestrzeni SJO pojawi\u0142a si\u0119 mini-wystawa prezentuj\u0105ca efekty pracy student\u00f3w szerszej    <\/a>\n<\/article>\t\t\t\t\t\t<\/div>\n\t\t\t\t\t\t\t\t\t\t\t<div class=\"col-sm-3\">\n\t\t\t\t\t\t\t\n<article class=\"format-standard\">\n    <span class=\"date text-right\"><i class=\"fal fa-calendar-alt\"><\/i> 19-01-2026<\/span>\n    <a href=\"https:\/\/pb.edu.pl\/sjo\/2026\/01\/19\/act-summer-school-juz-w-sierpniu\/\">\n      <div class=\"article-image\">\n        <img loading=\"lazy\" decoding=\"async\" width=\"480\" height=\"300\" src=\"https:\/\/pb.edu.pl\/sjo\/wp-content\/uploads\/sites\/9\/2026\/01\/act-www-480x300.png\" class=\"attachment-medium-image-16x10 size-medium-image-16x10 wp-post-image\" alt=\"\" srcset=\"https:\/\/pb.edu.pl\/sjo\/wp-content\/uploads\/sites\/9\/2026\/01\/act-www-480x300.png 480w, https:\/\/pb.edu.pl\/sjo\/wp-content\/uploads\/sites\/9\/2026\/01\/act-www-300x188.png 300w, https:\/\/pb.edu.pl\/sjo\/wp-content\/uploads\/sites\/9\/2026\/01\/act-www-1024x640.png 1024w, https:\/\/pb.edu.pl\/sjo\/wp-content\/uploads\/sites\/9\/2026\/01\/act-www-768x480.png 768w, https:\/\/pb.edu.pl\/sjo\/wp-content\/uploads\/sites\/9\/2026\/01\/act-www.png 1080w\" sizes=\"auto, (max-width: 480px) 100vw, 480px\" \/>      <\/div>\n      <h3>ACT! Summer School ju\u017c w sierpniu!<\/h3>\n      The ACT! summer school &nbsp; This event offers an intensive, interdisciplinary    <\/a>\n<\/article>\t\t\t\t\t\t<\/div>\n\t\t\t\t\t\t\t\t\t\t\t<div class=\"col-sm-3\">\n\t\t\t\t\t\t\t\n<article class=\"format-standard\">\n    <span class=\"date text-right\"><i class=\"fal fa-calendar-alt\"><\/i> 13-01-2026<\/span>\n    <a href=\"https:\/\/pb.edu.pl\/sjo\/2026\/01\/13\/bup-master-thesis-training-2026-miedzynarodowe-wsparcie-dla-magistrantow\/\">\n      <div class=\"article-image\">\n        <img loading=\"lazy\" decoding=\"async\" width=\"480\" height=\"300\" src=\"https:\/\/pb.edu.pl\/sjo\/wp-content\/uploads\/sites\/9\/2026\/01\/BUP-January-2026-480x300.png\" class=\"attachment-medium-image-16x10 size-medium-image-16x10 wp-post-image\" alt=\"\" srcset=\"https:\/\/pb.edu.pl\/sjo\/wp-content\/uploads\/sites\/9\/2026\/01\/BUP-January-2026-480x300.png 480w, https:\/\/pb.edu.pl\/sjo\/wp-content\/uploads\/sites\/9\/2026\/01\/BUP-January-2026-300x188.png 300w, https:\/\/pb.edu.pl\/sjo\/wp-content\/uploads\/sites\/9\/2026\/01\/BUP-January-2026-1024x640.png 1024w, https:\/\/pb.edu.pl\/sjo\/wp-content\/uploads\/sites\/9\/2026\/01\/BUP-January-2026-768x480.png 768w, https:\/\/pb.edu.pl\/sjo\/wp-content\/uploads\/sites\/9\/2026\/01\/BUP-January-2026.png 1080w\" sizes=\"auto, (max-width: 480px) 100vw, 480px\" \/>      <\/div>\n      <h3>BUP Master Thesis Training 2026 \u2013 mi\u0119dzynarodowe wsparcie dla magistrant\u00f3w<\/h3>\n      We invite all master students at BUP participating universities to consider    <\/a>\n<\/article>\t\t\t\t\t\t<\/div>\n\t\t\t\t\t\t\t\t\t\t\t<div class=\"col-sm-3\">\n\t\t\t\t\t\t\t\n<article class=\"format-standard\">\n    <span class=\"date text-right\"><i class=\"fal fa-calendar-alt\"><\/i> 10-12-2025<\/span>\n    <a href=\"https:\/\/pb.edu.pl\/sjo\/2025\/12\/10\/water-issues-in-the-baltic-sea-region-spotkanie-informacyjne-o-baltic-university-programme\/\">\n      <div class=\"article-image\">\n        <img loading=\"lazy\" decoding=\"async\" width=\"480\" height=\"300\" src=\"https:\/\/pb.edu.pl\/sjo\/wp-content\/uploads\/sites\/9\/2025\/12\/fot.-H.-Bramska-09.12.2025-480x300.png\" class=\"attachment-medium-image-16x10 size-medium-image-16x10 wp-post-image\" alt=\"\" srcset=\"https:\/\/pb.edu.pl\/sjo\/wp-content\/uploads\/sites\/9\/2025\/12\/fot.-H.-Bramska-09.12.2025-480x300.png 480w, https:\/\/pb.edu.pl\/sjo\/wp-content\/uploads\/sites\/9\/2025\/12\/fot.-H.-Bramska-09.12.2025-300x188.png 300w, https:\/\/pb.edu.pl\/sjo\/wp-content\/uploads\/sites\/9\/2025\/12\/fot.-H.-Bramska-09.12.2025-1024x640.png 1024w, https:\/\/pb.edu.pl\/sjo\/wp-content\/uploads\/sites\/9\/2025\/12\/fot.-H.-Bramska-09.12.2025-768x480.png 768w, https:\/\/pb.edu.pl\/sjo\/wp-content\/uploads\/sites\/9\/2025\/12\/fot.-H.-Bramska-09.12.2025.png 1080w\" sizes=\"auto, (max-width: 480px) 100vw, 480px\" \/>      <\/div>\n      <h3>Water Issues in the Baltic Sea Region \u2013 spotkanie informacyjne o Baltic University Programme<\/h3>\n      Wczoraj, 9 grudnia 2025 r., w Auli 031 w budynku CNK    <\/a>\n<\/article>\t\t\t\t\t\t<\/div>\n\t\t\t\t\t\t\t\t\t\t\t<div class=\"col-sm-3\">\n\t\t\t\t\t\t\t\n<article class=\"format-standard\">\n    <span class=\"date text-right\"><i class=\"fal fa-calendar-alt\"><\/i> 08-12-2025<\/span>\n    <a href=\"https:\/\/pb.edu.pl\/sjo\/2025\/12\/08\/wizyta-profesora-z-estonii-na-sjo-i-lekcja-gospodarki-o-obiegu-zamknietym-po-angielsku\/\">\n      <div class=\"article-image\">\n        <img loading=\"lazy\" decoding=\"async\" width=\"480\" height=\"300\" src=\"https:\/\/pb.edu.pl\/sjo\/wp-content\/uploads\/sites\/9\/2025\/12\/Dr-Veiko-Karu-grudzien-2025-480x300.png\" class=\"attachment-medium-image-16x10 size-medium-image-16x10 wp-post-image\" alt=\"\" srcset=\"https:\/\/pb.edu.pl\/sjo\/wp-content\/uploads\/sites\/9\/2025\/12\/Dr-Veiko-Karu-grudzien-2025-480x300.png 480w, https:\/\/pb.edu.pl\/sjo\/wp-content\/uploads\/sites\/9\/2025\/12\/Dr-Veiko-Karu-grudzien-2025-300x188.png 300w, https:\/\/pb.edu.pl\/sjo\/wp-content\/uploads\/sites\/9\/2025\/12\/Dr-Veiko-Karu-grudzien-2025-1024x640.png 1024w, https:\/\/pb.edu.pl\/sjo\/wp-content\/uploads\/sites\/9\/2025\/12\/Dr-Veiko-Karu-grudzien-2025-768x480.png 768w, https:\/\/pb.edu.pl\/sjo\/wp-content\/uploads\/sites\/9\/2025\/12\/Dr-Veiko-Karu-grudzien-2025.png 1080w\" sizes=\"auto, (max-width: 480px) 100vw, 480px\" \/>      <\/div>\n      <h3>Wizyta profesora z Estonii na SJO i lekcja gospodarki o obiegu zamkni\u0119tym po angielsku<\/h3>\n      Podczas XV International Staff Week studenci Studium J\u0119zyk\u00f3w Obcych mieli przyjemno\u015b\u0107    <\/a>\n<\/article>\t\t\t\t\t\t<\/div>\n\t\t\t\t\t\n\t\t\t\t\n\t\t\t\t\t<\/div>\n\t\t\n\t<nav class=\"navigation pagination\" aria-label=\"Stronicowanie wpis\u00f3w\">\n\t\t<h2 class=\"screen-reader-text\">Stronicowanie wpis\u00f3w<\/h2>\n\t\t<div class=\"nav-links\"><span aria-current=\"page\" class=\"page-numbers current\">1<\/span>\n<a class=\"page-numbers\" href=\"https:\/\/pb.edu.pl\/sjo\/wp-json\/wp\/v2\/pages\/20330\/page\/2\/\">2<\/a>\n<a class=\"page-numbers\" href=\"https:\/\/pb.edu.pl\/sjo\/wp-json\/wp\/v2\/pages\/20330\/page\/3\/\">3<\/a>\n<a class=\"page-numbers\" href=\"https:\/\/pb.edu.pl\/sjo\/wp-json\/wp\/v2\/pages\/20330\/page\/4\/\">4<\/a>\n<a class=\"next page-numbers\" href=\"https:\/\/pb.edu.pl\/sjo\/wp-json\/wp\/v2\/pages\/20330\/page\/2\/\">Nast\u0119pne<\/a><\/div>\n\t<\/nav>\t\t\t<\/div>\n\n","protected":false},"excerpt":{"rendered":"","protected":false},"author":6,"featured_media":0,"parent":19176,"menu_order":0,"comment_status":"closed","ping_status":"closed","template":"","meta":{"_acf_changed":false,"ngg_post_thumbnail":0,"footnotes":""},"class_list":["post-20330","page","type-page","status-publish","hentry"],"acf":[],"yoast_head":"<!-- This site is optimized with the Yoast SEO plugin v27.0 - https:\/\/yoast.com\/product\/yoast-seo-wordpress\/ -->\n<title>BUP - aktualno\u015bci - Studium J\u0119zyk\u00f3w Obcych<\/title>\n<meta name=\"robots\" content=\"index, follow, max-snippet:-1, max-image-preview:large, max-video-preview:-1\" \/>\n<link rel=\"canonical\" href=\"https:\/\/pb.edu.pl\/sjo\/projekty-2-2\/baltic-university-programme\/bup\/\" \/>\n<meta property=\"og:locale\" content=\"pl_PL\" \/>\n<meta property=\"og:type\" content=\"article\" \/>\n<meta property=\"og:title\" content=\"BUP - aktualno\u015bci - Studium J\u0119zyk\u00f3w Obcych\" \/>\n<meta property=\"og:url\" content=\"https:\/\/pb.edu.pl\/sjo\/projekty-2-2\/baltic-university-programme\/bup\/\" \/>\n<meta property=\"og:site_name\" content=\"Studium J\u0119zyk\u00f3w Obcych\" \/>\n<meta property=\"article:modified_time\" content=\"2024-01-02T14:55:52+00:00\" \/>\n<meta name=\"twitter:label1\" content=\"Szacowany czas czytania\" \/>\n\t<meta name=\"twitter:data1\" content=\"1 minuta\" \/>\n<script type=\"application\/ld+json\" class=\"yoast-schema-graph\">{\"@context\":\"https:\/\/schema.org\",\"@graph\":[{\"@type\":\"WebPage\",\"@id\":\"https:\/\/pb.edu.pl\/sjo\/projekty-2-2\/baltic-university-programme\/bup\/\",\"url\":\"https:\/\/pb.edu.pl\/sjo\/projekty-2-2\/baltic-university-programme\/bup\/\",\"name\":\"BUP - aktualno\u015bci - Studium J\u0119zyk\u00f3w Obcych\",\"isPartOf\":{\"@id\":\"https:\/\/pb.edu.pl\/sjo\/#website\"},\"datePublished\":\"2023-05-04T12:25:28+00:00\",\"dateModified\":\"2024-01-02T14:55:52+00:00\",\"breadcrumb\":{\"@id\":\"https:\/\/pb.edu.pl\/sjo\/projekty-2-2\/baltic-university-programme\/bup\/#breadcrumb\"},\"inLanguage\":\"pl-PL\",\"potentialAction\":[{\"@type\":\"ReadAction\",\"target\":[\"https:\/\/pb.edu.pl\/sjo\/projekty-2-2\/baltic-university-programme\/bup\/\"]}]},{\"@type\":\"BreadcrumbList\",\"@id\":\"https:\/\/pb.edu.pl\/sjo\/projekty-2-2\/baltic-university-programme\/bup\/#breadcrumb\",\"itemListElement\":[{\"@type\":\"ListItem\",\"position\":1,\"name\":\"Home\",\"item\":\"https:\/\/pb.edu.pl\/sjo\/\"},{\"@type\":\"ListItem\",\"position\":2,\"name\":\"Projekty\",\"item\":\"https:\/\/pb.edu.pl\/sjo\/projekty-2-2\/\"},{\"@type\":\"ListItem\",\"position\":3,\"name\":\"Baltic University Programme\",\"item\":\"https:\/\/pb.edu.pl\/sjo\/projekty-2-2\/baltic-university-programme\/\"},{\"@type\":\"ListItem\",\"position\":4,\"name\":\"BUP &#8211; aktualno\u015bci\"}]},{\"@type\":\"WebSite\",\"@id\":\"https:\/\/pb.edu.pl\/sjo\/#website\",\"url\":\"https:\/\/pb.edu.pl\/sjo\/\",\"name\":\"Studium J\u0119zyk\u00f3w Obcych\",\"description\":\"\",\"potentialAction\":[{\"@type\":\"SearchAction\",\"target\":{\"@type\":\"EntryPoint\",\"urlTemplate\":\"https:\/\/pb.edu.pl\/sjo\/?s={search_term_string}\"},\"query-input\":{\"@type\":\"PropertyValueSpecification\",\"valueRequired\":true,\"valueName\":\"search_term_string\"}}],\"inLanguage\":\"pl-PL\"}]}<\/script>\n<!-- \/ Yoast SEO plugin. -->","yoast_head_json":{"title":"BUP - aktualno\u015bci - Studium J\u0119zyk\u00f3w Obcych","robots":{"index":"index","follow":"follow","max-snippet":"max-snippet:-1","max-image-preview":"max-image-preview:large","max-video-preview":"max-video-preview:-1"},"canonical":"https:\/\/pb.edu.pl\/sjo\/projekty-2-2\/baltic-university-programme\/bup\/","og_locale":"pl_PL","og_type":"article","og_title":"BUP - aktualno\u015bci - Studium J\u0119zyk\u00f3w Obcych","og_url":"https:\/\/pb.edu.pl\/sjo\/projekty-2-2\/baltic-university-programme\/bup\/","og_site_name":"Studium J\u0119zyk\u00f3w Obcych","article_modified_time":"2024-01-02T14:55:52+00:00","twitter_misc":{"Szacowany czas czytania":"1 minuta"},"schema":{"@context":"https:\/\/schema.org","@graph":[{"@type":"WebPage","@id":"https:\/\/pb.edu.pl\/sjo\/projekty-2-2\/baltic-university-programme\/bup\/","url":"https:\/\/pb.edu.pl\/sjo\/projekty-2-2\/baltic-university-programme\/bup\/","name":"BUP - aktualno\u015bci - Studium J\u0119zyk\u00f3w Obcych","isPartOf":{"@id":"https:\/\/pb.edu.pl\/sjo\/#website"},"datePublished":"2023-05-04T12:25:28+00:00","dateModified":"2024-01-02T14:55:52+00:00","breadcrumb":{"@id":"https:\/\/pb.edu.pl\/sjo\/projekty-2-2\/baltic-university-programme\/bup\/#breadcrumb"},"inLanguage":"pl-PL","potentialAction":[{"@type":"ReadAction","target":["https:\/\/pb.edu.pl\/sjo\/projekty-2-2\/baltic-university-programme\/bup\/"]}]},{"@type":"BreadcrumbList","@id":"https:\/\/pb.edu.pl\/sjo\/projekty-2-2\/baltic-university-programme\/bup\/#breadcrumb","itemListElement":[{"@type":"ListItem","position":1,"name":"Home","item":"https:\/\/pb.edu.pl\/sjo\/"},{"@type":"ListItem","position":2,"name":"Projekty","item":"https:\/\/pb.edu.pl\/sjo\/projekty-2-2\/"},{"@type":"ListItem","position":3,"name":"Baltic University Programme","item":"https:\/\/pb.edu.pl\/sjo\/projekty-2-2\/baltic-university-programme\/"},{"@type":"ListItem","position":4,"name":"BUP &#8211; aktualno\u015bci"}]},{"@type":"WebSite","@id":"https:\/\/pb.edu.pl\/sjo\/#website","url":"https:\/\/pb.edu.pl\/sjo\/","name":"Studium J\u0119zyk\u00f3w Obcych","description":"","potentialAction":[{"@type":"SearchAction","target":{"@type":"EntryPoint","urlTemplate":"https:\/\/pb.edu.pl\/sjo\/?s={search_term_string}"},"query-input":{"@type":"PropertyValueSpecification","valueRequired":true,"valueName":"search_term_string"}}],"inLanguage":"pl-PL"}]}},"_links":{"self":[{"href":"https:\/\/pb.edu.pl\/sjo\/wp-json\/wp\/v2\/pages\/20330","targetHints":{"allow":["GET"]}}],"collection":[{"href":"https:\/\/pb.edu.pl\/sjo\/wp-json\/wp\/v2\/pages"}],"about":[{"href":"https:\/\/pb.edu.pl\/sjo\/wp-json\/wp\/v2\/types\/page"}],"author":[{"embeddable":true,"href":"https:\/\/pb.edu.pl\/sjo\/wp-json\/wp\/v2\/users\/6"}],"replies":[{"embeddable":true,"href":"https:\/\/pb.edu.pl\/sjo\/wp-json\/wp\/v2\/comments?post=20330"}],"version-history":[{"count":0,"href":"https:\/\/pb.edu.pl\/sjo\/wp-json\/wp\/v2\/pages\/20330\/revisions"}],"up":[{"embeddable":true,"href":"https:\/\/pb.edu.pl\/sjo\/wp-json\/wp\/v2\/pages\/19176"}],"wp:attachment":[{"href":"https:\/\/pb.edu.pl\/sjo\/wp-json\/wp\/v2\/media?parent=20330"}],"curies":[{"name":"wp","href":"https:\/\/api.w.org\/{rel}","templated":true}]}}