{"id":18745,"date":"2023-02-15T11:49:39","date_gmt":"2023-02-15T10:49:39","guid":{"rendered":"https:\/\/pb.edu.pl\/sjo\/?page_id=18745"},"modified":"2025-11-26T14:24:34","modified_gmt":"2025-11-26T13:24:34","slug":"poczatek-przygody-z-niemieckim","status":"publish","type":"page","link":"https:\/\/pb.edu.pl\/sjo\/dla-studenta\/lektoraty-obieralne\/poczatek-przygody-z-niemieckim\/","title":{"rendered":"Pocz\u0105tek przygody z niemieckim"},"content":{"rendered":"<h2>Czego si\u0119 mog\u0119 nauczy\u0107?<\/h2>\n<p>Umiej\u0119tno\u015b\u0107&nbsp; poprawnego komunikowania si\u0119 w j\u0119zyku niemieckim jest niezb\u0119dna dla ka\u017cdego, kto zamierza pracowa\u0107, studiowa\u0107 lub po prostu funkcjonowa\u0107 w \u015brodowisku j\u0119zyka niemieckiego (np. na uczelni partnerskiej PB, podczas wymiany w ramach programu Erasmus+, w pracy, podczas wyjazd\u00f3w turystycznych, biznesowych itp.).&nbsp;<br \/>\nNa naszych zaj\u0119ciach nauczysz si\u0119 podstaw j\u0119zyka niemieckiego, zar\u00f3wno w mowie jak i pi\u015bmie. W przyjemnej atmosferze zaczniesz komunikowa\u0107 si\u0119 w j\u0119zyku niemieckim na poziomie A1\/A2 i <span style=\"color: #000000\">przekonasz si\u0119, \u017ce jest to du\u017co prostsze ni\u017c do tej pory my\u015bla\u0142e\u015b\/a\u015b. Serdecznie zapraszam na moje zaj\u0119cia.<\/span><\/p>\n<h2><span style=\"color: #000000\">Kiedy?<\/span><\/h2>\n<p><span style=\"color: #000000\">Zaj\u0119cia odbywaj\u0105 si\u0119 we czwartki w godzinach 16:15 \u2013 17:45. Lektorat rusza od semestru letniego 2025\/26.<\/span><\/p>\n<h2><span style=\"color: #000000\">Brzmi ciekawie! Rejestruj\u0119 si\u0119.<\/span><\/h2>\n<p><span style=\"color: #000000\">Zarejestruj si\u0119 przez <a style=\"color: #000000\" href=\"https:\/\/usosweb.pb.edu.pl\/kontroler.php?_action=news\/default\">USOSweb<\/a> do 23.01.2026.<\/span><\/p>\n<h2>Kto prowadzi zaj\u0119cia?<\/h2>\n<p><strong><img loading=\"lazy\" decoding=\"async\" class=\"alignleft wp-image-13481\" src=\"https:\/\/pb.edu.pl\/sjo\/wp-content\/uploads\/sites\/9\/2022\/04\/AK-300x300.png\" alt=\"Profil_AKuzmicz\" width=\"350\" height=\"350\" srcset=\"https:\/\/pb.edu.pl\/sjo\/wp-content\/uploads\/sites\/9\/2022\/04\/AK-300x300.png 300w, https:\/\/pb.edu.pl\/sjo\/wp-content\/uploads\/sites\/9\/2022\/04\/AK.png 500w\" sizes=\"auto, (max-width: 350px) 100vw, 350px\" \/><\/strong><\/p>\n<p>&nbsp;<\/p>\n<p>&nbsp;<\/p>\n<p><strong>Mgr Artur Ku\u017amicz<\/strong><\/p>\n<p>Wyk\u0142adowca j\u0119zyka niemieckiego w SJO PB. Uko\u0144czy\u0142 germanistyk\u0119 na Uniwersytecie w Lipsku\/RFN. Naucza j\u0119zyka niemieckiego w Studium J\u0119zyk\u00f3w Obcych PB, Akademickim Liceum Og\u00f3lnokszta\u0142c\u0105cym PB oraz w szkole INFOTECH. T\u0142umacz przysi\u0119g\u0142y j\u0119zyka niemieckiego.<br \/>\nUczy z pasj\u0105, kt\u00f3r\u0105 chcia\u0142by zaszczepi\u0107 tak\u017ce swoim s\u0142uchaczom.<\/p>\n<a href=\"#\" rel=\"nofollow\"  onclick=\"this.href='mailto:' + 'a.kuzmicz' + '@' + 'pb.edu.pl'\">a.kuzmicz [at] pb.edu.pl<\/a>\n","protected":false},"excerpt":{"rendered":"<p>Czego si\u0119 mog\u0119 nauczy\u0107? Umiej\u0119tno\u015b\u0107&nbsp; poprawnego komunikowania si\u0119 w j\u0119zyku niemieckim jest niezb\u0119dna dla ka\u017cdego,<\/p>\n","protected":false},"author":6,"featured_media":0,"parent":18747,"menu_order":0,"comment_status":"closed","ping_status":"closed","template":"","meta":{"_acf_changed":false,"ngg_post_thumbnail":0,"footnotes":""},"class_list":["post-18745","page","type-page","status-publish","hentry"],"acf":[],"yoast_head":"<!-- This site is optimized with the Yoast SEO plugin v27.0 - https:\/\/yoast.com\/product\/yoast-seo-wordpress\/ -->\n<title>Pocz\u0105tek przygody z niemieckim - Studium J\u0119zyk\u00f3w Obcych<\/title>\n<meta name=\"description\" content=\"Czego si\u0119 mog\u0119 nauczy\u0107? Umiej\u0119tno\u015b\u0107&nbsp; poprawnego komunikowania si\u0119 w j\u0119zyku niemieckim jest niezb\u0119dna dla ka\u017cdego, kto zamierza pracowa\u0107, studiowa\u0107\" \/>\n<meta name=\"robots\" content=\"index, follow, max-snippet:-1, max-image-preview:large, max-video-preview:-1\" \/>\n<link rel=\"canonical\" href=\"https:\/\/pb.edu.pl\/sjo\/dla-studenta\/lektoraty-obieralne\/poczatek-przygody-z-niemieckim\/\" \/>\n<meta property=\"og:locale\" content=\"pl_PL\" \/>\n<meta property=\"og:type\" content=\"article\" \/>\n<meta property=\"og:title\" content=\"Pocz\u0105tek przygody z niemieckim - Studium J\u0119zyk\u00f3w Obcych\" \/>\n<meta property=\"og:description\" content=\"Czego si\u0119 mog\u0119 nauczy\u0107? Umiej\u0119tno\u015b\u0107&nbsp; poprawnego komunikowania si\u0119 w j\u0119zyku niemieckim jest niezb\u0119dna dla ka\u017cdego, kto zamierza pracowa\u0107, studiowa\u0107\" \/>\n<meta property=\"og:url\" content=\"https:\/\/pb.edu.pl\/sjo\/dla-studenta\/lektoraty-obieralne\/poczatek-przygody-z-niemieckim\/\" \/>\n<meta property=\"og:site_name\" content=\"Studium J\u0119zyk\u00f3w Obcych\" \/>\n<meta property=\"article:modified_time\" content=\"2025-11-26T13:24:34+00:00\" \/>\n<meta property=\"og:image\" content=\"https:\/\/pb.edu.pl\/sjo\/wp-content\/uploads\/sites\/9\/2022\/04\/AK.png\" \/>\n\t<meta property=\"og:image:width\" content=\"500\" \/>\n\t<meta property=\"og:image:height\" content=\"500\" \/>\n\t<meta property=\"og:image:type\" content=\"image\/png\" \/>\n<meta name=\"twitter:label1\" content=\"Szacowany czas czytania\" \/>\n\t<meta name=\"twitter:data1\" content=\"2 minuty\" \/>\n<script type=\"application\/ld+json\" class=\"yoast-schema-graph\">{\"@context\":\"https:\/\/schema.org\",\"@graph\":[{\"@type\":\"WebPage\",\"@id\":\"https:\/\/pb.edu.pl\/sjo\/dla-studenta\/lektoraty-obieralne\/poczatek-przygody-z-niemieckim\/\",\"url\":\"https:\/\/pb.edu.pl\/sjo\/dla-studenta\/lektoraty-obieralne\/poczatek-przygody-z-niemieckim\/\",\"name\":\"Pocz\u0105tek przygody z niemieckim - Studium J\u0119zyk\u00f3w Obcych\",\"isPartOf\":{\"@id\":\"https:\/\/pb.edu.pl\/sjo\/#website\"},\"primaryImageOfPage\":{\"@id\":\"https:\/\/pb.edu.pl\/sjo\/dla-studenta\/lektoraty-obieralne\/poczatek-przygody-z-niemieckim\/#primaryimage\"},\"image\":{\"@id\":\"https:\/\/pb.edu.pl\/sjo\/dla-studenta\/lektoraty-obieralne\/poczatek-przygody-z-niemieckim\/#primaryimage\"},\"thumbnailUrl\":\"https:\/\/pb.edu.pl\/sjo\/wp-content\/uploads\/sites\/9\/2022\/04\/AK-300x300.png\",\"datePublished\":\"2023-02-15T10:49:39+00:00\",\"dateModified\":\"2025-11-26T13:24:34+00:00\",\"description\":\"Czego si\u0119 mog\u0119 nauczy\u0107? Umiej\u0119tno\u015b\u0107&nbsp; poprawnego komunikowania si\u0119 w j\u0119zyku niemieckim jest niezb\u0119dna dla ka\u017cdego, kto zamierza pracowa\u0107, studiowa\u0107\",\"breadcrumb\":{\"@id\":\"https:\/\/pb.edu.pl\/sjo\/dla-studenta\/lektoraty-obieralne\/poczatek-przygody-z-niemieckim\/#breadcrumb\"},\"inLanguage\":\"pl-PL\",\"potentialAction\":[{\"@type\":\"ReadAction\",\"target\":[\"https:\/\/pb.edu.pl\/sjo\/dla-studenta\/lektoraty-obieralne\/poczatek-przygody-z-niemieckim\/\"]}]},{\"@type\":\"ImageObject\",\"inLanguage\":\"pl-PL\",\"@id\":\"https:\/\/pb.edu.pl\/sjo\/dla-studenta\/lektoraty-obieralne\/poczatek-przygody-z-niemieckim\/#primaryimage\",\"url\":\"https:\/\/pb.edu.pl\/sjo\/wp-content\/uploads\/sites\/9\/2022\/04\/AK.png\",\"contentUrl\":\"https:\/\/pb.edu.pl\/sjo\/wp-content\/uploads\/sites\/9\/2022\/04\/AK.png\",\"width\":500,\"height\":500,\"caption\":\"Profil_AKuzmicz\"},{\"@type\":\"BreadcrumbList\",\"@id\":\"https:\/\/pb.edu.pl\/sjo\/dla-studenta\/lektoraty-obieralne\/poczatek-przygody-z-niemieckim\/#breadcrumb\",\"itemListElement\":[{\"@type\":\"ListItem\",\"position\":1,\"name\":\"Home\",\"item\":\"https:\/\/pb.edu.pl\/sjo\/\"},{\"@type\":\"ListItem\",\"position\":2,\"name\":\"Studiuj\u0119 w PB\",\"item\":\"https:\/\/pb.edu.pl\/sjo\/dla-studenta\/\"},{\"@type\":\"ListItem\",\"position\":3,\"name\":\"Lektoraty obieralne\",\"item\":\"https:\/\/pb.edu.pl\/sjo\/dla-studenta\/lektoraty-obieralne\/\"},{\"@type\":\"ListItem\",\"position\":4,\"name\":\"Pocz\u0105tek przygody z niemieckim\"}]},{\"@type\":\"WebSite\",\"@id\":\"https:\/\/pb.edu.pl\/sjo\/#website\",\"url\":\"https:\/\/pb.edu.pl\/sjo\/\",\"name\":\"Studium J\u0119zyk\u00f3w Obcych\",\"description\":\"\",\"potentialAction\":[{\"@type\":\"SearchAction\",\"target\":{\"@type\":\"EntryPoint\",\"urlTemplate\":\"https:\/\/pb.edu.pl\/sjo\/?s={search_term_string}\"},\"query-input\":{\"@type\":\"PropertyValueSpecification\",\"valueRequired\":true,\"valueName\":\"search_term_string\"}}],\"inLanguage\":\"pl-PL\"}]}<\/script>\n<!-- \/ Yoast SEO plugin. -->","yoast_head_json":{"title":"Pocz\u0105tek przygody z niemieckim - Studium J\u0119zyk\u00f3w Obcych","description":"Czego si\u0119 mog\u0119 nauczy\u0107? Umiej\u0119tno\u015b\u0107&nbsp; poprawnego komunikowania si\u0119 w j\u0119zyku niemieckim jest niezb\u0119dna dla ka\u017cdego, kto zamierza pracowa\u0107, studiowa\u0107","robots":{"index":"index","follow":"follow","max-snippet":"max-snippet:-1","max-image-preview":"max-image-preview:large","max-video-preview":"max-video-preview:-1"},"canonical":"https:\/\/pb.edu.pl\/sjo\/dla-studenta\/lektoraty-obieralne\/poczatek-przygody-z-niemieckim\/","og_locale":"pl_PL","og_type":"article","og_title":"Pocz\u0105tek przygody z niemieckim - Studium J\u0119zyk\u00f3w Obcych","og_description":"Czego si\u0119 mog\u0119 nauczy\u0107? Umiej\u0119tno\u015b\u0107&nbsp; poprawnego komunikowania si\u0119 w j\u0119zyku niemieckim jest niezb\u0119dna dla ka\u017cdego, kto zamierza pracowa\u0107, studiowa\u0107","og_url":"https:\/\/pb.edu.pl\/sjo\/dla-studenta\/lektoraty-obieralne\/poczatek-przygody-z-niemieckim\/","og_site_name":"Studium J\u0119zyk\u00f3w Obcych","article_modified_time":"2025-11-26T13:24:34+00:00","og_image":[{"width":500,"height":500,"url":"https:\/\/pb.edu.pl\/sjo\/wp-content\/uploads\/sites\/9\/2022\/04\/AK.png","type":"image\/png"}],"twitter_misc":{"Szacowany czas czytania":"2 minuty"},"schema":{"@context":"https:\/\/schema.org","@graph":[{"@type":"WebPage","@id":"https:\/\/pb.edu.pl\/sjo\/dla-studenta\/lektoraty-obieralne\/poczatek-przygody-z-niemieckim\/","url":"https:\/\/pb.edu.pl\/sjo\/dla-studenta\/lektoraty-obieralne\/poczatek-przygody-z-niemieckim\/","name":"Pocz\u0105tek przygody z niemieckim - Studium J\u0119zyk\u00f3w Obcych","isPartOf":{"@id":"https:\/\/pb.edu.pl\/sjo\/#website"},"primaryImageOfPage":{"@id":"https:\/\/pb.edu.pl\/sjo\/dla-studenta\/lektoraty-obieralne\/poczatek-przygody-z-niemieckim\/#primaryimage"},"image":{"@id":"https:\/\/pb.edu.pl\/sjo\/dla-studenta\/lektoraty-obieralne\/poczatek-przygody-z-niemieckim\/#primaryimage"},"thumbnailUrl":"https:\/\/pb.edu.pl\/sjo\/wp-content\/uploads\/sites\/9\/2022\/04\/AK-300x300.png","datePublished":"2023-02-15T10:49:39+00:00","dateModified":"2025-11-26T13:24:34+00:00","description":"Czego si\u0119 mog\u0119 nauczy\u0107? Umiej\u0119tno\u015b\u0107&nbsp; poprawnego komunikowania si\u0119 w j\u0119zyku niemieckim jest niezb\u0119dna dla ka\u017cdego, kto zamierza pracowa\u0107, studiowa\u0107","breadcrumb":{"@id":"https:\/\/pb.edu.pl\/sjo\/dla-studenta\/lektoraty-obieralne\/poczatek-przygody-z-niemieckim\/#breadcrumb"},"inLanguage":"pl-PL","potentialAction":[{"@type":"ReadAction","target":["https:\/\/pb.edu.pl\/sjo\/dla-studenta\/lektoraty-obieralne\/poczatek-przygody-z-niemieckim\/"]}]},{"@type":"ImageObject","inLanguage":"pl-PL","@id":"https:\/\/pb.edu.pl\/sjo\/dla-studenta\/lektoraty-obieralne\/poczatek-przygody-z-niemieckim\/#primaryimage","url":"https:\/\/pb.edu.pl\/sjo\/wp-content\/uploads\/sites\/9\/2022\/04\/AK.png","contentUrl":"https:\/\/pb.edu.pl\/sjo\/wp-content\/uploads\/sites\/9\/2022\/04\/AK.png","width":500,"height":500,"caption":"Profil_AKuzmicz"},{"@type":"BreadcrumbList","@id":"https:\/\/pb.edu.pl\/sjo\/dla-studenta\/lektoraty-obieralne\/poczatek-przygody-z-niemieckim\/#breadcrumb","itemListElement":[{"@type":"ListItem","position":1,"name":"Home","item":"https:\/\/pb.edu.pl\/sjo\/"},{"@type":"ListItem","position":2,"name":"Studiuj\u0119 w PB","item":"https:\/\/pb.edu.pl\/sjo\/dla-studenta\/"},{"@type":"ListItem","position":3,"name":"Lektoraty obieralne","item":"https:\/\/pb.edu.pl\/sjo\/dla-studenta\/lektoraty-obieralne\/"},{"@type":"ListItem","position":4,"name":"Pocz\u0105tek przygody z niemieckim"}]},{"@type":"WebSite","@id":"https:\/\/pb.edu.pl\/sjo\/#website","url":"https:\/\/pb.edu.pl\/sjo\/","name":"Studium J\u0119zyk\u00f3w Obcych","description":"","potentialAction":[{"@type":"SearchAction","target":{"@type":"EntryPoint","urlTemplate":"https:\/\/pb.edu.pl\/sjo\/?s={search_term_string}"},"query-input":{"@type":"PropertyValueSpecification","valueRequired":true,"valueName":"search_term_string"}}],"inLanguage":"pl-PL"}]}},"_links":{"self":[{"href":"https:\/\/pb.edu.pl\/sjo\/wp-json\/wp\/v2\/pages\/18745","targetHints":{"allow":["GET"]}}],"collection":[{"href":"https:\/\/pb.edu.pl\/sjo\/wp-json\/wp\/v2\/pages"}],"about":[{"href":"https:\/\/pb.edu.pl\/sjo\/wp-json\/wp\/v2\/types\/page"}],"author":[{"embeddable":true,"href":"https:\/\/pb.edu.pl\/sjo\/wp-json\/wp\/v2\/users\/6"}],"replies":[{"embeddable":true,"href":"https:\/\/pb.edu.pl\/sjo\/wp-json\/wp\/v2\/comments?post=18745"}],"version-history":[{"count":0,"href":"https:\/\/pb.edu.pl\/sjo\/wp-json\/wp\/v2\/pages\/18745\/revisions"}],"up":[{"embeddable":true,"href":"https:\/\/pb.edu.pl\/sjo\/wp-json\/wp\/v2\/pages\/18747"}],"wp:attachment":[{"href":"https:\/\/pb.edu.pl\/sjo\/wp-json\/wp\/v2\/media?parent=18745"}],"curies":[{"name":"wp","href":"https:\/\/api.w.org\/{rel}","templated":true}]}}