{"id":1024,"date":"2017-12-04T22:45:27","date_gmt":"2017-12-04T21:45:27","guid":{"rendered":"https:\/\/pb.edu.pl\/sjo\/?page_id=1024"},"modified":"2020-12-18T00:49:33","modified_gmt":"2020-12-17T23:49:33","slug":"kapital-jezykowy-wyznacznikiem-sukcesu","status":"publish","type":"page","link":"https:\/\/pb.edu.pl\/sjo\/wydarzenia-sjo\/wydarzenia-archiwum\/szkolimy-sie\/kapital-jezykowy-wyznacznikiem-sukcesu\/","title":{"rendered":"Kapita\u0142 j\u0119zykowy wyznacznikiem sukcesu"},"content":{"rendered":"<p>1 grudnia 2017 w Warszawie odby\u0142a si\u0119 Og\u00f3lnopolska Konferencja Akademicka zorganizowana przez Educational Testing Service (ETS) Global, \u015bwiatowego lidera w tworzeniu standard\u00f3w oceny kompetencji j\u0119zykowej. Spotkanie dedykowane by\u0142o przedstawicielom Centr\u00f3w J\u0119zykowych Uczelni Wy\u017cszych. Z ramienia Studium J\u0119zyk\u00f3w Obcych PB w konferencji udzia\u0142 wzi\u0119li: dr Ewa Ligocka, mgr Liliana Sienkiewicz, mgr Urszula Socho\u0144, mgr Maciej \u015aleszy\u0144ski. Konferencja skupiona by\u0142a na egzaminie TOEIC. Przedstawione zosta\u0142y najwa\u017cniejsze jego atuty i mo\u017cliwo\u015bci zastosowania. Zaprezentowano dobre praktyki i rekomendacje, a koledzy z uczelni rzeszowskiej, toru\u0144skiej i szczeci\u0144skiej podzielili si\u0119 swoimi do\u015bwiadczeniami i spostrze\u017ceniami dotycz\u0105cymi organizacji i przeprowadzania egzaminu. Nast\u0119pnie pani Daniel Muresan przedstawi\u0142a najwa\u017cniejsze atuty testu TOEIC, a w warsztatach przeprowadzonych przez Ann\u0119 Klimczuk i Dorot\u0119 Sierpie\u0144 mogli\u015bmy sprawdzi\u0107 nasze zdolno\u015bci menad\u017cerskie. Konferencj\u0119 zako\u0144czy\u0142o ciekawe szkolenie przeprowadzone przez dr Joann\u0119 Femiak z Personnel Training Institute dotycz\u0105ce motywacyjnych aspekt\u00f3w pracy w zespole, ze szczeg\u00f3lnym uwzgl\u0119dnieniem pracy w zespo\u0142ach nauczania j\u0119zyk\u00f3w obcych uczelni wy\u017cszych. Nasze spotkanie by\u0142 r\u00f3wnie\u017c wspania\u0142\u0105 okazj\u0105 do rozm\u00f3w i wymiany do\u015bwiadcze\u0144, do odnowienia znajomo\u015bci i wsp\u00f3lnego szukania inspiracji do dalszej pracy.<\/p>\n<p>Niezwykle mi\u0142ym i wa\u017cnym akcentem ko\u0144cz\u0105cym konferencj\u0119 by\u0142o wyr\u00f3\u017cnienie nas przez ETS Global specjalnym podzi\u0119kowaniem: <strong>\u201eza owocn\u0105 wsp\u00f3\u0142prac\u0119 oraz wk\u0142ad i zaanga\u017cowanie w popularyzacj\u0119 test\u00f3w TOEIC dla pracownik\u00f3w i lektor\u00f3w Studium J\u0119zyk\u00f3w Obcych Politechniki Bia\u0142ostockiej\u201d.<\/strong> Znale\u017ali\u015bmy si\u0119 w czo\u0142\u00f3wce najlepszej dziesi\u0105tki spo\u015br\u00f3d wszystkich Centr\u00f3w J\u0119zykowych Uczelni Wy\u017cszych w Polsce! Tak trzyma\u0107!<\/p>\n<div id='gallery-1' class='gallery galleryid-1024 gallery-columns-2 gallery-size-full'><figure class='gallery-item'>\n\t\t\t<div class='gallery-icon landscape'>\n\t\t\t\t<a href='https:\/\/pb.edu.pl\/sjo\/wp-content\/uploads\/sites\/9\/2018\/01\/TOEIC-Warszawa_01.jpg'><img loading=\"lazy\" decoding=\"async\" width=\"1200\" height=\"800\" src=\"https:\/\/pb.edu.pl\/sjo\/wp-content\/uploads\/sites\/9\/2018\/01\/TOEIC-Warszawa_01.jpg\" class=\"attachment-full size-full\" alt=\"Pracownicy SJO na konferencji &quot;Kapita\u0142 j\u0119zykowy wyznacznikiem sukcesu na wsp\u00f3\u0142czesnym rynku pracy&quot;\" srcset=\"https:\/\/pb.edu.pl\/sjo\/wp-content\/uploads\/sites\/9\/2018\/01\/TOEIC-Warszawa_01.jpg 1200w, https:\/\/pb.edu.pl\/sjo\/wp-content\/uploads\/sites\/9\/2018\/01\/TOEIC-Warszawa_01-300x200.jpg 300w, https:\/\/pb.edu.pl\/sjo\/wp-content\/uploads\/sites\/9\/2018\/01\/TOEIC-Warszawa_01-768x512.jpg 768w, https:\/\/pb.edu.pl\/sjo\/wp-content\/uploads\/sites\/9\/2018\/01\/TOEIC-Warszawa_01-1024x683.jpg 1024w, https:\/\/pb.edu.pl\/sjo\/wp-content\/uploads\/sites\/9\/2018\/01\/TOEIC-Warszawa_01-480x320.jpg 480w\" sizes=\"auto, (max-width: 1200px) 100vw, 1200px\" \/><\/a>\n\t\t\t<\/div><\/figure><figure class='gallery-item'>\n\t\t\t<div class='gallery-icon landscape'>\n\t\t\t\t<a href='https:\/\/pb.edu.pl\/sjo\/wp-content\/uploads\/sites\/9\/2018\/01\/TOEIC-Warszawa_06.jpg'><img loading=\"lazy\" decoding=\"async\" width=\"1200\" height=\"800\" src=\"https:\/\/pb.edu.pl\/sjo\/wp-content\/uploads\/sites\/9\/2018\/01\/TOEIC-Warszawa_06.jpg\" class=\"attachment-full size-full\" alt=\"Pracownicy SJO na konferencji &quot;Kapita\u0142 j\u0119zykowy wyznacznikiem sukcesu na wsp\u00f3\u0142czesnym rynku pracy&quot;\" srcset=\"https:\/\/pb.edu.pl\/sjo\/wp-content\/uploads\/sites\/9\/2018\/01\/TOEIC-Warszawa_06.jpg 1200w, https:\/\/pb.edu.pl\/sjo\/wp-content\/uploads\/sites\/9\/2018\/01\/TOEIC-Warszawa_06-300x200.jpg 300w, https:\/\/pb.edu.pl\/sjo\/wp-content\/uploads\/sites\/9\/2018\/01\/TOEIC-Warszawa_06-768x512.jpg 768w, https:\/\/pb.edu.pl\/sjo\/wp-content\/uploads\/sites\/9\/2018\/01\/TOEIC-Warszawa_06-1024x683.jpg 1024w, https:\/\/pb.edu.pl\/sjo\/wp-content\/uploads\/sites\/9\/2018\/01\/TOEIC-Warszawa_06-480x320.jpg 480w\" sizes=\"auto, (max-width: 1200px) 100vw, 1200px\" \/><\/a>\n\t\t\t<\/div><\/figure><figure class='gallery-item'>\n\t\t\t<div class='gallery-icon landscape'>\n\t\t\t\t<a href='https:\/\/pb.edu.pl\/sjo\/wp-content\/uploads\/sites\/9\/2018\/01\/TOEIC-Warszawa_05.jpg'><img loading=\"lazy\" decoding=\"async\" width=\"1200\" height=\"800\" src=\"https:\/\/pb.edu.pl\/sjo\/wp-content\/uploads\/sites\/9\/2018\/01\/TOEIC-Warszawa_05.jpg\" class=\"attachment-full size-full\" alt=\"Pracownicy SJO na konferencji &quot;Kapita\u0142 j\u0119zykowy wyznacznikiem sukcesu na wsp\u00f3\u0142czesnym rynku pracy&quot;\" srcset=\"https:\/\/pb.edu.pl\/sjo\/wp-content\/uploads\/sites\/9\/2018\/01\/TOEIC-Warszawa_05.jpg 1200w, https:\/\/pb.edu.pl\/sjo\/wp-content\/uploads\/sites\/9\/2018\/01\/TOEIC-Warszawa_05-300x200.jpg 300w, https:\/\/pb.edu.pl\/sjo\/wp-content\/uploads\/sites\/9\/2018\/01\/TOEIC-Warszawa_05-768x512.jpg 768w, https:\/\/pb.edu.pl\/sjo\/wp-content\/uploads\/sites\/9\/2018\/01\/TOEIC-Warszawa_05-1024x683.jpg 1024w, https:\/\/pb.edu.pl\/sjo\/wp-content\/uploads\/sites\/9\/2018\/01\/TOEIC-Warszawa_05-480x320.jpg 480w\" sizes=\"auto, (max-width: 1200px) 100vw, 1200px\" \/><\/a>\n\t\t\t<\/div><\/figure><figure class='gallery-item'>\n\t\t\t<div class='gallery-icon landscape'>\n\t\t\t\t<a href='https:\/\/pb.edu.pl\/sjo\/wp-content\/uploads\/sites\/9\/2018\/01\/TOEIC-Warszawa_08.jpg'><img loading=\"lazy\" decoding=\"async\" width=\"1200\" height=\"800\" src=\"https:\/\/pb.edu.pl\/sjo\/wp-content\/uploads\/sites\/9\/2018\/01\/TOEIC-Warszawa_08.jpg\" class=\"attachment-full size-full\" alt=\"Pracownicy SJO na konferencji &quot;Kapita\u0142 j\u0119zykowy wyznacznikiem sukcesu na wsp\u00f3\u0142czesnym rynku pracy&quot;\" srcset=\"https:\/\/pb.edu.pl\/sjo\/wp-content\/uploads\/sites\/9\/2018\/01\/TOEIC-Warszawa_08.jpg 1200w, https:\/\/pb.edu.pl\/sjo\/wp-content\/uploads\/sites\/9\/2018\/01\/TOEIC-Warszawa_08-300x200.jpg 300w, https:\/\/pb.edu.pl\/sjo\/wp-content\/uploads\/sites\/9\/2018\/01\/TOEIC-Warszawa_08-768x512.jpg 768w, https:\/\/pb.edu.pl\/sjo\/wp-content\/uploads\/sites\/9\/2018\/01\/TOEIC-Warszawa_08-1024x683.jpg 1024w, https:\/\/pb.edu.pl\/sjo\/wp-content\/uploads\/sites\/9\/2018\/01\/TOEIC-Warszawa_08-480x320.jpg 480w\" sizes=\"auto, (max-width: 1200px) 100vw, 1200px\" \/><\/a>\n\t\t\t<\/div><\/figure><figure class='gallery-item'>\n\t\t\t<div class='gallery-icon landscape'>\n\t\t\t\t<a href='https:\/\/pb.edu.pl\/sjo\/wp-content\/uploads\/sites\/9\/2018\/01\/TOEIC-Warszawa_07.jpg'><img loading=\"lazy\" decoding=\"async\" width=\"1200\" height=\"800\" src=\"https:\/\/pb.edu.pl\/sjo\/wp-content\/uploads\/sites\/9\/2018\/01\/TOEIC-Warszawa_07.jpg\" class=\"attachment-full size-full\" alt=\"Pracownicy SJO na konferencji &quot;Kapita\u0142 j\u0119zykowy wyznacznikiem sukcesu na wsp\u00f3\u0142czesnym rynku pracy&quot;\" srcset=\"https:\/\/pb.edu.pl\/sjo\/wp-content\/uploads\/sites\/9\/2018\/01\/TOEIC-Warszawa_07.jpg 1200w, https:\/\/pb.edu.pl\/sjo\/wp-content\/uploads\/sites\/9\/2018\/01\/TOEIC-Warszawa_07-300x200.jpg 300w, https:\/\/pb.edu.pl\/sjo\/wp-content\/uploads\/sites\/9\/2018\/01\/TOEIC-Warszawa_07-768x512.jpg 768w, https:\/\/pb.edu.pl\/sjo\/wp-content\/uploads\/sites\/9\/2018\/01\/TOEIC-Warszawa_07-1024x683.jpg 1024w, https:\/\/pb.edu.pl\/sjo\/wp-content\/uploads\/sites\/9\/2018\/01\/TOEIC-Warszawa_07-480x320.jpg 480w\" sizes=\"auto, (max-width: 1200px) 100vw, 1200px\" \/><\/a>\n\t\t\t<\/div><\/figure><figure class='gallery-item'>\n\t\t\t<div class='gallery-icon landscape'>\n\t\t\t\t<a href='https:\/\/pb.edu.pl\/sjo\/wp-content\/uploads\/sites\/9\/2018\/01\/TOEIC-Warszawa_10.jpg'><img loading=\"lazy\" decoding=\"async\" width=\"1200\" height=\"800\" src=\"https:\/\/pb.edu.pl\/sjo\/wp-content\/uploads\/sites\/9\/2018\/01\/TOEIC-Warszawa_10.jpg\" class=\"attachment-full size-full\" alt=\"Pracownicy SJO na konferencji &quot;Kapita\u0142 j\u0119zykowy wyznacznikiem sukcesu na wsp\u00f3\u0142czesnym rynku pracy&quot;\" srcset=\"https:\/\/pb.edu.pl\/sjo\/wp-content\/uploads\/sites\/9\/2018\/01\/TOEIC-Warszawa_10.jpg 1200w, https:\/\/pb.edu.pl\/sjo\/wp-content\/uploads\/sites\/9\/2018\/01\/TOEIC-Warszawa_10-300x200.jpg 300w, https:\/\/pb.edu.pl\/sjo\/wp-content\/uploads\/sites\/9\/2018\/01\/TOEIC-Warszawa_10-768x512.jpg 768w, https:\/\/pb.edu.pl\/sjo\/wp-content\/uploads\/sites\/9\/2018\/01\/TOEIC-Warszawa_10-1024x683.jpg 1024w, https:\/\/pb.edu.pl\/sjo\/wp-content\/uploads\/sites\/9\/2018\/01\/TOEIC-Warszawa_10-480x320.jpg 480w\" sizes=\"auto, (max-width: 1200px) 100vw, 1200px\" \/><\/a>\n\t\t\t<\/div><\/figure>\n\t\t<\/div>\n\n<p>&nbsp;&nbsp;&nbsp;&nbsp;<\/p>\n","protected":false},"excerpt":{"rendered":"<p>1 grudnia 2017 w Warszawie odby\u0142a si\u0119 Og\u00f3lnopolska Konferencja Akademicka zorganizowana przez Educational Testing Service<\/p>\n","protected":false},"author":6,"featured_media":0,"parent":768,"menu_order":0,"comment_status":"closed","ping_status":"closed","template":"","meta":{"_acf_changed":false,"ngg_post_thumbnail":0,"footnotes":""},"class_list":["post-1024","page","type-page","status-publish","hentry"],"acf":[],"yoast_head":"<!-- This site is optimized with the Yoast SEO plugin v27.0 - https:\/\/yoast.com\/product\/yoast-seo-wordpress\/ -->\n<title>Kapita\u0142 j\u0119zykowy wyznacznikiem sukcesu - Studium J\u0119zyk\u00f3w Obcych<\/title>\n<meta name=\"description\" content=\"1 grudnia 2017 w Warszawie odby\u0142a si\u0119 Og\u00f3lnopolska Konferencja Akademicka zorganizowana przez Educational Testing Service (ETS) Global, \u015bwiatowego lidera\" \/>\n<meta name=\"robots\" content=\"noindex, nofollow\" \/>\n<meta property=\"og:locale\" content=\"pl_PL\" \/>\n<meta property=\"og:type\" content=\"article\" \/>\n<meta property=\"og:title\" content=\"Kapita\u0142 j\u0119zykowy wyznacznikiem sukcesu - Studium J\u0119zyk\u00f3w Obcych\" \/>\n<meta property=\"og:description\" content=\"1 grudnia 2017 w Warszawie odby\u0142a si\u0119 Og\u00f3lnopolska Konferencja Akademicka zorganizowana przez Educational Testing Service (ETS) Global, \u015bwiatowego lidera\" \/>\n<meta property=\"og:url\" content=\"https:\/\/pb.edu.pl\/sjo\/wydarzenia-sjo\/wydarzenia-archiwum\/szkolimy-sie\/kapital-jezykowy-wyznacznikiem-sukcesu\/\" \/>\n<meta property=\"og:site_name\" content=\"Studium J\u0119zyk\u00f3w Obcych\" \/>\n<meta property=\"article:modified_time\" content=\"2020-12-17T23:49:33+00:00\" \/>\n<meta property=\"og:image\" content=\"https:\/\/pb.edu.pl\/sjo\/wp-content\/uploads\/sites\/9\/2018\/01\/TOEIC-Warszawa_01.jpg\" \/>\n<meta name=\"twitter:label1\" content=\"Szacowany czas czytania\" \/>\n\t<meta name=\"twitter:data1\" content=\"1 minuta\" \/>\n<script type=\"application\/ld+json\" class=\"yoast-schema-graph\">{\"@context\":\"https:\/\/schema.org\",\"@graph\":[{\"@type\":\"WebPage\",\"@id\":\"https:\/\/pb.edu.pl\/sjo\/wydarzenia-sjo\/wydarzenia-archiwum\/szkolimy-sie\/kapital-jezykowy-wyznacznikiem-sukcesu\/\",\"url\":\"https:\/\/pb.edu.pl\/sjo\/wydarzenia-sjo\/wydarzenia-archiwum\/szkolimy-sie\/kapital-jezykowy-wyznacznikiem-sukcesu\/\",\"name\":\"Kapita\u0142 j\u0119zykowy wyznacznikiem sukcesu - Studium J\u0119zyk\u00f3w Obcych\",\"isPartOf\":{\"@id\":\"https:\/\/pb.edu.pl\/sjo\/#website\"},\"datePublished\":\"2017-12-04T21:45:27+00:00\",\"dateModified\":\"2020-12-17T23:49:33+00:00\",\"description\":\"1 grudnia 2017 w Warszawie odby\u0142a si\u0119 Og\u00f3lnopolska Konferencja Akademicka zorganizowana przez Educational Testing Service (ETS) Global, \u015bwiatowego lidera\",\"breadcrumb\":{\"@id\":\"https:\/\/pb.edu.pl\/sjo\/wydarzenia-sjo\/wydarzenia-archiwum\/szkolimy-sie\/kapital-jezykowy-wyznacznikiem-sukcesu\/#breadcrumb\"},\"inLanguage\":\"pl-PL\",\"potentialAction\":[{\"@type\":\"ReadAction\",\"target\":[\"https:\/\/pb.edu.pl\/sjo\/wydarzenia-sjo\/wydarzenia-archiwum\/szkolimy-sie\/kapital-jezykowy-wyznacznikiem-sukcesu\/\"]}]},{\"@type\":\"BreadcrumbList\",\"@id\":\"https:\/\/pb.edu.pl\/sjo\/wydarzenia-sjo\/wydarzenia-archiwum\/szkolimy-sie\/kapital-jezykowy-wyznacznikiem-sukcesu\/#breadcrumb\",\"itemListElement\":[{\"@type\":\"ListItem\",\"position\":1,\"name\":\"Home\",\"item\":\"https:\/\/pb.edu.pl\/sjo\/\"},{\"@type\":\"ListItem\",\"position\":2,\"name\":\"Wydarzenia SJO\",\"item\":\"https:\/\/pb.edu.pl\/sjo\/wydarzenia-sjo\/\"},{\"@type\":\"ListItem\",\"position\":3,\"name\":\"Wydarzenia\",\"item\":\"https:\/\/pb.edu.pl\/sjo\/wydarzenia-sjo\/wydarzenia-archiwum\/\"},{\"@type\":\"ListItem\",\"position\":4,\"name\":\"Szkolimy si\u0119\",\"item\":\"https:\/\/pb.edu.pl\/sjo\/wydarzenia-sjo\/wydarzenia-archiwum\/szkolimy-sie\/\"},{\"@type\":\"ListItem\",\"position\":5,\"name\":\"Kapita\u0142 j\u0119zykowy wyznacznikiem sukcesu\"}]},{\"@type\":\"WebSite\",\"@id\":\"https:\/\/pb.edu.pl\/sjo\/#website\",\"url\":\"https:\/\/pb.edu.pl\/sjo\/\",\"name\":\"Studium J\u0119zyk\u00f3w Obcych\",\"description\":\"\",\"potentialAction\":[{\"@type\":\"SearchAction\",\"target\":{\"@type\":\"EntryPoint\",\"urlTemplate\":\"https:\/\/pb.edu.pl\/sjo\/?s={search_term_string}\"},\"query-input\":{\"@type\":\"PropertyValueSpecification\",\"valueRequired\":true,\"valueName\":\"search_term_string\"}}],\"inLanguage\":\"pl-PL\"}]}<\/script>\n<!-- \/ Yoast SEO plugin. -->","yoast_head_json":{"title":"Kapita\u0142 j\u0119zykowy wyznacznikiem sukcesu - Studium J\u0119zyk\u00f3w Obcych","description":"1 grudnia 2017 w Warszawie odby\u0142a si\u0119 Og\u00f3lnopolska Konferencja Akademicka zorganizowana przez Educational Testing Service (ETS) Global, \u015bwiatowego lidera","robots":{"index":"noindex","follow":"nofollow"},"og_locale":"pl_PL","og_type":"article","og_title":"Kapita\u0142 j\u0119zykowy wyznacznikiem sukcesu - Studium J\u0119zyk\u00f3w Obcych","og_description":"1 grudnia 2017 w Warszawie odby\u0142a si\u0119 Og\u00f3lnopolska Konferencja Akademicka zorganizowana przez Educational Testing Service (ETS) Global, \u015bwiatowego lidera","og_url":"https:\/\/pb.edu.pl\/sjo\/wydarzenia-sjo\/wydarzenia-archiwum\/szkolimy-sie\/kapital-jezykowy-wyznacznikiem-sukcesu\/","og_site_name":"Studium J\u0119zyk\u00f3w Obcych","article_modified_time":"2020-12-17T23:49:33+00:00","og_image":[{"url":"https:\/\/pb.edu.pl\/sjo\/wp-content\/uploads\/sites\/9\/2018\/01\/TOEIC-Warszawa_01.jpg","type":"","width":"","height":""}],"twitter_misc":{"Szacowany czas czytania":"1 minuta"},"schema":{"@context":"https:\/\/schema.org","@graph":[{"@type":"WebPage","@id":"https:\/\/pb.edu.pl\/sjo\/wydarzenia-sjo\/wydarzenia-archiwum\/szkolimy-sie\/kapital-jezykowy-wyznacznikiem-sukcesu\/","url":"https:\/\/pb.edu.pl\/sjo\/wydarzenia-sjo\/wydarzenia-archiwum\/szkolimy-sie\/kapital-jezykowy-wyznacznikiem-sukcesu\/","name":"Kapita\u0142 j\u0119zykowy wyznacznikiem sukcesu - Studium J\u0119zyk\u00f3w Obcych","isPartOf":{"@id":"https:\/\/pb.edu.pl\/sjo\/#website"},"datePublished":"2017-12-04T21:45:27+00:00","dateModified":"2020-12-17T23:49:33+00:00","description":"1 grudnia 2017 w Warszawie odby\u0142a si\u0119 Og\u00f3lnopolska Konferencja Akademicka zorganizowana przez Educational Testing Service (ETS) Global, \u015bwiatowego lidera","breadcrumb":{"@id":"https:\/\/pb.edu.pl\/sjo\/wydarzenia-sjo\/wydarzenia-archiwum\/szkolimy-sie\/kapital-jezykowy-wyznacznikiem-sukcesu\/#breadcrumb"},"inLanguage":"pl-PL","potentialAction":[{"@type":"ReadAction","target":["https:\/\/pb.edu.pl\/sjo\/wydarzenia-sjo\/wydarzenia-archiwum\/szkolimy-sie\/kapital-jezykowy-wyznacznikiem-sukcesu\/"]}]},{"@type":"BreadcrumbList","@id":"https:\/\/pb.edu.pl\/sjo\/wydarzenia-sjo\/wydarzenia-archiwum\/szkolimy-sie\/kapital-jezykowy-wyznacznikiem-sukcesu\/#breadcrumb","itemListElement":[{"@type":"ListItem","position":1,"name":"Home","item":"https:\/\/pb.edu.pl\/sjo\/"},{"@type":"ListItem","position":2,"name":"Wydarzenia SJO","item":"https:\/\/pb.edu.pl\/sjo\/wydarzenia-sjo\/"},{"@type":"ListItem","position":3,"name":"Wydarzenia","item":"https:\/\/pb.edu.pl\/sjo\/wydarzenia-sjo\/wydarzenia-archiwum\/"},{"@type":"ListItem","position":4,"name":"Szkolimy si\u0119","item":"https:\/\/pb.edu.pl\/sjo\/wydarzenia-sjo\/wydarzenia-archiwum\/szkolimy-sie\/"},{"@type":"ListItem","position":5,"name":"Kapita\u0142 j\u0119zykowy wyznacznikiem sukcesu"}]},{"@type":"WebSite","@id":"https:\/\/pb.edu.pl\/sjo\/#website","url":"https:\/\/pb.edu.pl\/sjo\/","name":"Studium J\u0119zyk\u00f3w Obcych","description":"","potentialAction":[{"@type":"SearchAction","target":{"@type":"EntryPoint","urlTemplate":"https:\/\/pb.edu.pl\/sjo\/?s={search_term_string}"},"query-input":{"@type":"PropertyValueSpecification","valueRequired":true,"valueName":"search_term_string"}}],"inLanguage":"pl-PL"}]}},"_links":{"self":[{"href":"https:\/\/pb.edu.pl\/sjo\/wp-json\/wp\/v2\/pages\/1024","targetHints":{"allow":["GET"]}}],"collection":[{"href":"https:\/\/pb.edu.pl\/sjo\/wp-json\/wp\/v2\/pages"}],"about":[{"href":"https:\/\/pb.edu.pl\/sjo\/wp-json\/wp\/v2\/types\/page"}],"author":[{"embeddable":true,"href":"https:\/\/pb.edu.pl\/sjo\/wp-json\/wp\/v2\/users\/6"}],"replies":[{"embeddable":true,"href":"https:\/\/pb.edu.pl\/sjo\/wp-json\/wp\/v2\/comments?post=1024"}],"version-history":[{"count":0,"href":"https:\/\/pb.edu.pl\/sjo\/wp-json\/wp\/v2\/pages\/1024\/revisions"}],"up":[{"embeddable":true,"href":"https:\/\/pb.edu.pl\/sjo\/wp-json\/wp\/v2\/pages\/768"}],"wp:attachment":[{"href":"https:\/\/pb.edu.pl\/sjo\/wp-json\/wp\/v2\/media?parent=1024"}],"curies":[{"name":"wp","href":"https:\/\/api.w.org\/{rel}","templated":true}]}}