{"id":20361,"date":"2020-12-17T22:45:19","date_gmt":"2020-12-17T21:45:19","guid":{"rendered":"https:\/\/pb.edu.pl\/sjo\/learning-polish\/projects\/poloneza-czas-zaczac\/"},"modified":"2023-05-12T13:41:40","modified_gmt":"2023-05-12T11:41:40","slug":"time-to-start-polonaise","status":"publish","type":"page","link":"https:\/\/pb.edu.pl\/sjo\/en\/learning-polish\/projects\/time-to-start-polonaise\/","title":{"rendered":"Time to start Polonaise"},"content":{"rendered":"<p><img loading=\"lazy\" decoding=\"async\" class=\"wp-image-9336 aligncenter\" src=\"https:\/\/pb.edu.pl\/sjo\/wp-content\/uploads\/sites\/9\/2021\/01\/loga-1.png\" alt=\"Logo Narodowej Agencji Wymiany Akademickiej, logo Polish Lab oraz logo Narodowej Agencji Wymiany Akademickiej\" width=\"967\" height=\"251\" srcset=\"https:\/\/pb.edu.pl\/sjo\/wp-content\/uploads\/sites\/9\/2021\/01\/loga-1.png 1566w, https:\/\/pb.edu.pl\/sjo\/wp-content\/uploads\/sites\/9\/2021\/01\/loga-1-300x78.png 300w, https:\/\/pb.edu.pl\/sjo\/wp-content\/uploads\/sites\/9\/2021\/01\/loga-1-1024x266.png 1024w, https:\/\/pb.edu.pl\/sjo\/wp-content\/uploads\/sites\/9\/2021\/01\/loga-1-768x200.png 768w, https:\/\/pb.edu.pl\/sjo\/wp-content\/uploads\/sites\/9\/2021\/01\/loga-1-1536x399.png 1536w\" sizes=\"auto, (max-width: 967px) 100vw, 967px\" \/><\/p>\n<p>Project financed by the National Agency for Academic Exchange within the framework of the Polish Language Promotion Programme.<\/p>\n<h2><span style=\"color: #008000;font-family: verdana, geneva, sans-serif;font-size: 12pt\"><strong>Project &#8220;Time to start Polonaise&#8230; &#8211; promotion of the Polish language and culture by organizing Polish Weeks (PW) at partner universities in Italy and Argentina, including carrying out educational, informative and promotional activities using sensory interaction with the senses of the audience&#8221;<\/strong><\/span><\/h2>\n<h3><strong><span style=\"font-family: verdana, geneva, sans-serif;font-size: 12pt\">NAWA Financial agreement No. PJP\/PJP\/2019\/1\/00031\/U<\/span><\/strong><\/h3>\n<h3><strong><span style=\"font-family: verdana, geneva, sans-serif;font-size: 12pt\">Implementation date: December 2019 &#8211; December 2020<\/span><\/strong><\/h3>\n<p><span style=\"font-family: verdana, geneva, sans-serif;font-size: 12pt\"><strong>Purpose of the Project:<\/strong> promotion of Polish language and culture by increasing the quality of teaching and prestige of Polish as a foreign language, permanently impacting the image of Poland in the world.<\/span><\/p>\n<p>&nbsp;<\/p>\n<p><span style=\"font-family: verdana, geneva, sans-serif;font-size: 12pt\">In its original version, the Project envisaged activities in cooperation with Partners: Universit\u00e0 degli Studi di Bergamo (University of Bergamo, Italy) and Universidad Nacional de Misiones (The University National of Misiones, Argentina). However, due to the turmoil caused by the COVID-19 pandemic, step by step the main partners of the Project were eliminated. In due course, we invited other South American institutions to cooperate: PONA, the Polish Teachers&#8217; Organization of Argentina, based in Buenos Aires, and the Universidad de las Americas (UDLA) of Quito, the capital of Ecuador.&nbsp;<\/span><\/p>\n<p><span style=\"font-family: verdana, geneva, sans-serif;font-size: 12pt\">Due to the pandemic, as a result of a number of significant changes approved by the funding body, all activities were implemented remotely.<\/span><\/p>\n<div id='gallery-1' class='gallery galleryid-20361 gallery-columns-4 gallery-size-full'><figure class='gallery-item'>\n\t\t\t<div class='gallery-icon landscape'>\n\t\t\t\t<a href='https:\/\/pb.edu.pl\/sjo\/wp-content\/uploads\/sites\/9\/2020\/09\/zajecia-online-3.png'><img loading=\"lazy\" decoding=\"async\" width=\"1575\" height=\"1050\" src=\"https:\/\/pb.edu.pl\/sjo\/wp-content\/uploads\/sites\/9\/2020\/09\/zajecia-online-3.png\" class=\"attachment-full size-full\" alt=\"\" srcset=\"https:\/\/pb.edu.pl\/sjo\/wp-content\/uploads\/sites\/9\/2020\/09\/zajecia-online-3.png 1575w, https:\/\/pb.edu.pl\/sjo\/wp-content\/uploads\/sites\/9\/2020\/09\/zajecia-online-3-300x200.png 300w, https:\/\/pb.edu.pl\/sjo\/wp-content\/uploads\/sites\/9\/2020\/09\/zajecia-online-3-1024x683.png 1024w, https:\/\/pb.edu.pl\/sjo\/wp-content\/uploads\/sites\/9\/2020\/09\/zajecia-online-3-768x512.png 768w, https:\/\/pb.edu.pl\/sjo\/wp-content\/uploads\/sites\/9\/2020\/09\/zajecia-online-3-1536x1024.png 1536w, https:\/\/pb.edu.pl\/sjo\/wp-content\/uploads\/sites\/9\/2020\/09\/zajecia-online-3-480x320.png 480w\" sizes=\"auto, (max-width: 1575px) 100vw, 1575px\" \/><\/a>\n\t\t\t<\/div><\/figure><figure class='gallery-item'>\n\t\t\t<div class='gallery-icon landscape'>\n\t\t\t\t<a href='https:\/\/pb.edu.pl\/sjo\/wp-content\/uploads\/sites\/9\/2021\/06\/warsztat-kulturowy-2.png'><img loading=\"lazy\" decoding=\"async\" width=\"1233\" height=\"1014\" src=\"https:\/\/pb.edu.pl\/sjo\/wp-content\/uploads\/sites\/9\/2021\/06\/warsztat-kulturowy-2.png\" class=\"attachment-full size-full\" alt=\"\" srcset=\"https:\/\/pb.edu.pl\/sjo\/wp-content\/uploads\/sites\/9\/2021\/06\/warsztat-kulturowy-2.png 1233w, https:\/\/pb.edu.pl\/sjo\/wp-content\/uploads\/sites\/9\/2021\/06\/warsztat-kulturowy-2-300x247.png 300w, https:\/\/pb.edu.pl\/sjo\/wp-content\/uploads\/sites\/9\/2021\/06\/warsztat-kulturowy-2-1024x842.png 1024w, https:\/\/pb.edu.pl\/sjo\/wp-content\/uploads\/sites\/9\/2021\/06\/warsztat-kulturowy-2-768x632.png 768w\" sizes=\"auto, (max-width: 1233px) 100vw, 1233px\" \/><\/a>\n\t\t\t<\/div><\/figure><figure class='gallery-item'>\n\t\t\t<div class='gallery-icon landscape'>\n\t\t\t\t<a href='https:\/\/pb.edu.pl\/sjo\/wp-content\/uploads\/sites\/9\/2021\/06\/warsztat-kulturowy-1.png'><img loading=\"lazy\" decoding=\"async\" width=\"1221\" height=\"1010\" src=\"https:\/\/pb.edu.pl\/sjo\/wp-content\/uploads\/sites\/9\/2021\/06\/warsztat-kulturowy-1.png\" class=\"attachment-full size-full\" alt=\"\" srcset=\"https:\/\/pb.edu.pl\/sjo\/wp-content\/uploads\/sites\/9\/2021\/06\/warsztat-kulturowy-1.png 1221w, https:\/\/pb.edu.pl\/sjo\/wp-content\/uploads\/sites\/9\/2021\/06\/warsztat-kulturowy-1-300x248.png 300w, https:\/\/pb.edu.pl\/sjo\/wp-content\/uploads\/sites\/9\/2021\/06\/warsztat-kulturowy-1-1024x847.png 1024w, https:\/\/pb.edu.pl\/sjo\/wp-content\/uploads\/sites\/9\/2021\/06\/warsztat-kulturowy-1-768x635.png 768w\" sizes=\"auto, (max-width: 1221px) 100vw, 1221px\" \/><\/a>\n\t\t\t<\/div><\/figure><figure class='gallery-item'>\n\t\t\t<div class='gallery-icon landscape'>\n\t\t\t\t<a href='https:\/\/pb.edu.pl\/sjo\/wp-content\/uploads\/sites\/9\/2021\/06\/zajecia-Dototy.png'><img loading=\"lazy\" decoding=\"async\" width=\"724\" height=\"502\" src=\"https:\/\/pb.edu.pl\/sjo\/wp-content\/uploads\/sites\/9\/2021\/06\/zajecia-Dototy.png\" class=\"attachment-full size-full\" alt=\"\" srcset=\"https:\/\/pb.edu.pl\/sjo\/wp-content\/uploads\/sites\/9\/2021\/06\/zajecia-Dototy.png 724w, https:\/\/pb.edu.pl\/sjo\/wp-content\/uploads\/sites\/9\/2021\/06\/zajecia-Dototy-300x208.png 300w\" sizes=\"auto, (max-width: 724px) 100vw, 724px\" \/><\/a>\n\t\t\t<\/div><\/figure>\n\t\t<\/div>\n\n<p>&nbsp;<\/p>\n<p><span style=\"font-family: verdana, geneva, sans-serif;font-size: 12pt;color: #000000\">The project activities proved that learning Polish, with a conscious approach and the right motivation, can be accessible and enjoyable, can give satisfaction and be an element of personal development for adults. Educational activities included a series of original Polish language classes and original creative English-language workshops on various aspects of Polish culture.<\/span><\/p>\n<p><span style=\"font-family: verdana, geneva, sans-serif;font-size: 12pt;color: #000000\">September 2020 was a month of activities among the Polish community of Argentina. We conducted 2 cycles of 5 two-hour Polish language classes at A0 and A1 levels and a series of 5 cultural workshops, also two hours long. Our September classes and workshops were aimed at an audience acquired by the Polish Teachers&#8217; Organization of Argentina, and the audience was Polish language students and teachers from all over Argentina. For them, our proposals were an interesting and inspiring factor encouraging them to continue learning the language, improving their methodological skills and learning about Polish culture. They are the next generation of post-war immigrants from Poland, often no longer speaking the language of their ancestors. Therefore, promotion of learning Polish to improve communication was important in its conception.<\/span><\/p>\n<p><span style=\"font-family: verdana, geneva, sans-serif;font-size: 12pt;color: #000000\">November was the month of the second part of our project activities, this time aimed at students of the Universidad de las Americas (UDLA) in Ecuador. As in September, it included a series of Polish language classes and English-language workshops on Polish culture. We observed that also there our ideas promoting Polish language and Polish culture were received with great interest. It is important to emphasize that a large number of new Polish language textbooks, as well as guides and albums about Poland in English and Spanish, were donated to both Argentina and Ecuador.<\/span><\/p>\n<p>&nbsp;<\/p>\n<h3><strong><span style=\"font-family: verdana, geneva, sans-serif;font-size: 12pt\">Activities implemented within the Project:<\/span><\/strong><\/h3>\n<ol style=\"list-style-type: upper-roman\">\n<li><span style=\"font-family: verdana, geneva, sans-serif;font-size: 12pt\">conducting innovative original Polish language classes, based on internationalisms and short communication structures that dispel the myth that our native language is one of the most difficult to learn,<\/span><\/li>\n<li><span style=\"font-family: verdana, geneva, sans-serif;font-size: 12pt\">conducting a series of workshops on various aspects of Polish culture, e.g. daily life, holidays and traditions, art, etc. Workshops consisting of presentations, anecdotes, discussions, and contests with prizes,<\/span><\/li>\n<li><span style=\"font-family: verdana, geneva, sans-serif;font-size: 12pt\">purchasing and shipment of sets of Polish language textbooks, albums and guidebooks about Poland, along with prize sets &#8211; to the centers covered by the project activities,<\/span><\/li>\n<li><span style=\"font-family: verdana, geneva, sans-serif;font-size: 12pt\">panel discussion on the Zoom platform summarizing the project activities, with the participation of representatives of the Partner centers and a special guest, Dr. Konrad Kaziemierz Szamryk.<\/span><\/li>\n<\/ol>\n<div id='gallery-2' class='gallery galleryid-20361 gallery-columns-3 gallery-size-full'><figure class='gallery-item'>\n\t\t\t<div class='gallery-icon landscape'>\n\t\t\t\t<a href='https:\/\/pb.edu.pl\/sjo\/wp-content\/uploads\/sites\/9\/2021\/02\/Certyfikat-uczestnictwa-w-warsztztach-kulturowych.png'><img loading=\"lazy\" decoding=\"async\" width=\"1330\" height=\"915\" src=\"https:\/\/pb.edu.pl\/sjo\/wp-content\/uploads\/sites\/9\/2021\/02\/Certyfikat-uczestnictwa-w-warsztztach-kulturowych.png\" class=\"attachment-full size-full\" alt=\"\" srcset=\"https:\/\/pb.edu.pl\/sjo\/wp-content\/uploads\/sites\/9\/2021\/02\/Certyfikat-uczestnictwa-w-warsztztach-kulturowych.png 1330w, https:\/\/pb.edu.pl\/sjo\/wp-content\/uploads\/sites\/9\/2021\/02\/Certyfikat-uczestnictwa-w-warsztztach-kulturowych-300x206.png 300w, https:\/\/pb.edu.pl\/sjo\/wp-content\/uploads\/sites\/9\/2021\/02\/Certyfikat-uczestnictwa-w-warsztztach-kulturowych-1024x704.png 1024w, https:\/\/pb.edu.pl\/sjo\/wp-content\/uploads\/sites\/9\/2021\/02\/Certyfikat-uczestnictwa-w-warsztztach-kulturowych-768x528.png 768w\" sizes=\"auto, (max-width: 1330px) 100vw, 1330px\" \/><\/a>\n\t\t\t<\/div><\/figure><figure class='gallery-item'>\n\t\t\t<div class='gallery-icon landscape'>\n\t\t\t\t<a href='https:\/\/pb.edu.pl\/sjo\/wp-content\/uploads\/sites\/9\/2021\/01\/panel-dyskusyjny-1.jpg'><img loading=\"lazy\" decoding=\"async\" width=\"1620\" height=\"1080\" src=\"https:\/\/pb.edu.pl\/sjo\/wp-content\/uploads\/sites\/9\/2021\/01\/panel-dyskusyjny-1.jpg\" class=\"attachment-full size-full\" alt=\"\" srcset=\"https:\/\/pb.edu.pl\/sjo\/wp-content\/uploads\/sites\/9\/2021\/01\/panel-dyskusyjny-1.jpg 1620w, https:\/\/pb.edu.pl\/sjo\/wp-content\/uploads\/sites\/9\/2021\/01\/panel-dyskusyjny-1-300x200.jpg 300w, https:\/\/pb.edu.pl\/sjo\/wp-content\/uploads\/sites\/9\/2021\/01\/panel-dyskusyjny-1-1024x683.jpg 1024w, https:\/\/pb.edu.pl\/sjo\/wp-content\/uploads\/sites\/9\/2021\/01\/panel-dyskusyjny-1-768x512.jpg 768w, https:\/\/pb.edu.pl\/sjo\/wp-content\/uploads\/sites\/9\/2021\/01\/panel-dyskusyjny-1-1536x1024.jpg 1536w, https:\/\/pb.edu.pl\/sjo\/wp-content\/uploads\/sites\/9\/2021\/01\/panel-dyskusyjny-1-480x320.jpg 480w\" sizes=\"auto, (max-width: 1620px) 100vw, 1620px\" \/><\/a>\n\t\t\t<\/div><\/figure><figure class='gallery-item'>\n\t\t\t<div class='gallery-icon landscape'>\n\t\t\t\t<a href='https:\/\/pb.edu.pl\/sjo\/wp-content\/uploads\/sites\/9\/2021\/03\/certyfikat.png'><img loading=\"lazy\" decoding=\"async\" width=\"1137\" height=\"758\" src=\"https:\/\/pb.edu.pl\/sjo\/wp-content\/uploads\/sites\/9\/2021\/03\/certyfikat.png\" class=\"attachment-full size-full\" alt=\"\" srcset=\"https:\/\/pb.edu.pl\/sjo\/wp-content\/uploads\/sites\/9\/2021\/03\/certyfikat.png 1137w, https:\/\/pb.edu.pl\/sjo\/wp-content\/uploads\/sites\/9\/2021\/03\/certyfikat-300x200.png 300w, https:\/\/pb.edu.pl\/sjo\/wp-content\/uploads\/sites\/9\/2021\/03\/certyfikat-1024x683.png 1024w, https:\/\/pb.edu.pl\/sjo\/wp-content\/uploads\/sites\/9\/2021\/03\/certyfikat-768x512.png 768w, https:\/\/pb.edu.pl\/sjo\/wp-content\/uploads\/sites\/9\/2021\/03\/certyfikat-480x320.png 480w\" sizes=\"auto, (max-width: 1137px) 100vw, 1137px\" \/><\/a>\n\t\t\t<\/div><\/figure>\n\t\t<\/div>\n\n<p>&nbsp;<\/p>\n<div id='gallery-3' class='gallery galleryid-20361 gallery-columns-3 gallery-size-full'><figure class='gallery-item'>\n\t\t\t<div class='gallery-icon landscape'>\n\t\t\t\t<a href='https:\/\/pb.edu.pl\/sjo\/wp-content\/uploads\/sites\/9\/2021\/01\/Zrzut-ekranu-slajd-z-pocz\u0105tku-prezentacji-o-miejscach-do-zobaczenia-w-Polsce.jpg'><img loading=\"lazy\" decoding=\"async\" width=\"1920\" height=\"1080\" src=\"https:\/\/pb.edu.pl\/sjo\/wp-content\/uploads\/sites\/9\/2021\/01\/Zrzut-ekranu-slajd-z-pocz\u0105tku-prezentacji-o-miejscach-do-zobaczenia-w-Polsce.jpg\" class=\"attachment-full size-full\" alt=\"\" srcset=\"https:\/\/pb.edu.pl\/sjo\/wp-content\/uploads\/sites\/9\/2021\/01\/Zrzut-ekranu-slajd-z-pocz\u0105tku-prezentacji-o-miejscach-do-zobaczenia-w-Polsce.jpg 1920w, https:\/\/pb.edu.pl\/sjo\/wp-content\/uploads\/sites\/9\/2021\/01\/Zrzut-ekranu-slajd-z-pocz\u0105tku-prezentacji-o-miejscach-do-zobaczenia-w-Polsce-300x169.jpg 300w, https:\/\/pb.edu.pl\/sjo\/wp-content\/uploads\/sites\/9\/2021\/01\/Zrzut-ekranu-slajd-z-pocz\u0105tku-prezentacji-o-miejscach-do-zobaczenia-w-Polsce-1024x576.jpg 1024w, https:\/\/pb.edu.pl\/sjo\/wp-content\/uploads\/sites\/9\/2021\/01\/Zrzut-ekranu-slajd-z-pocz\u0105tku-prezentacji-o-miejscach-do-zobaczenia-w-Polsce-768x432.jpg 768w, https:\/\/pb.edu.pl\/sjo\/wp-content\/uploads\/sites\/9\/2021\/01\/Zrzut-ekranu-slajd-z-pocz\u0105tku-prezentacji-o-miejscach-do-zobaczenia-w-Polsce-1536x864.jpg 1536w\" sizes=\"auto, (max-width: 1920px) 100vw, 1920px\" \/><\/a>\n\t\t\t<\/div><\/figure><figure class='gallery-item'>\n\t\t\t<div class='gallery-icon landscape'>\n\t\t\t\t<a href='https:\/\/pb.edu.pl\/sjo\/wp-content\/uploads\/sites\/9\/2021\/01\/Zrzut-ekranu-slajd-na-temat-Bia\u0142egostoku.jpg'><img loading=\"lazy\" decoding=\"async\" width=\"1920\" height=\"1080\" src=\"https:\/\/pb.edu.pl\/sjo\/wp-content\/uploads\/sites\/9\/2021\/01\/Zrzut-ekranu-slajd-na-temat-Bia\u0142egostoku.jpg\" class=\"attachment-full size-full\" alt=\"\" srcset=\"https:\/\/pb.edu.pl\/sjo\/wp-content\/uploads\/sites\/9\/2021\/01\/Zrzut-ekranu-slajd-na-temat-Bia\u0142egostoku.jpg 1920w, https:\/\/pb.edu.pl\/sjo\/wp-content\/uploads\/sites\/9\/2021\/01\/Zrzut-ekranu-slajd-na-temat-Bia\u0142egostoku-300x169.jpg 300w, https:\/\/pb.edu.pl\/sjo\/wp-content\/uploads\/sites\/9\/2021\/01\/Zrzut-ekranu-slajd-na-temat-Bia\u0142egostoku-1024x576.jpg 1024w, https:\/\/pb.edu.pl\/sjo\/wp-content\/uploads\/sites\/9\/2021\/01\/Zrzut-ekranu-slajd-na-temat-Bia\u0142egostoku-768x432.jpg 768w, https:\/\/pb.edu.pl\/sjo\/wp-content\/uploads\/sites\/9\/2021\/01\/Zrzut-ekranu-slajd-na-temat-Bia\u0142egostoku-1536x864.jpg 1536w\" sizes=\"auto, (max-width: 1920px) 100vw, 1920px\" \/><\/a>\n\t\t\t<\/div><\/figure><figure class='gallery-item'>\n\t\t\t<div class='gallery-icon landscape'>\n\t\t\t\t<a href='https:\/\/pb.edu.pl\/sjo\/wp-content\/uploads\/sites\/9\/2021\/01\/pytania-konkursowe.jpg'><img loading=\"lazy\" decoding=\"async\" width=\"1920\" height=\"1080\" src=\"https:\/\/pb.edu.pl\/sjo\/wp-content\/uploads\/sites\/9\/2021\/01\/pytania-konkursowe.jpg\" class=\"attachment-full size-full\" alt=\"\" srcset=\"https:\/\/pb.edu.pl\/sjo\/wp-content\/uploads\/sites\/9\/2021\/01\/pytania-konkursowe.jpg 1920w, https:\/\/pb.edu.pl\/sjo\/wp-content\/uploads\/sites\/9\/2021\/01\/pytania-konkursowe-300x169.jpg 300w, https:\/\/pb.edu.pl\/sjo\/wp-content\/uploads\/sites\/9\/2021\/01\/pytania-konkursowe-1024x576.jpg 1024w, https:\/\/pb.edu.pl\/sjo\/wp-content\/uploads\/sites\/9\/2021\/01\/pytania-konkursowe-768x432.jpg 768w, https:\/\/pb.edu.pl\/sjo\/wp-content\/uploads\/sites\/9\/2021\/01\/pytania-konkursowe-1536x864.jpg 1536w\" sizes=\"auto, (max-width: 1920px) 100vw, 1920px\" \/><\/a>\n\t\t\t<\/div><\/figure>\n\t\t<\/div>\n\n<p>&nbsp;<\/p>\n<p><strong><span style=\"font-family: verdana, geneva, sans-serif;font-size: 12pt\">Multi-level benefits of the project:<\/span><\/strong><\/p>\n<ul style=\"list-style-type: square\">\n<li><span style=\"font-family: verdana, geneva, sans-serif;font-size: 12pt\">dissemination in the universities and organizations of the Partners of the idea of learning Polish, as the native language of a country whose position in Europe and the world is constantly increasing,<\/span><\/li>\n<li><span style=\"font-family: verdana, geneva, sans-serif;font-size: 12pt\">popularizing the teaching of the Polish language, through the use of simple language functions, including internationalisms, in the most useful communication situations,<\/span><\/li>\n<li><span style=\"font-family: verdana, geneva, sans-serif;font-size: 12pt\">acquainting a wide foreign audience with elements of Polish culture<\/span><\/li>\n<li><span style=\"font-family: verdana, geneva, sans-serif;font-size: 12pt\">dispelling negative stereotypes functioning in the world about Poles by promoting openness, hospitality, tolerance and other qualities of the Polish nation,<\/span><\/li>\n<li><span style=\"font-family: verdana, geneva, sans-serif;font-size: 12pt\">inspiring foreign audiences to seek contacts in the following fields: professional, business, scientific,<\/span><\/li>\n<li><span style=\"font-family: verdana, geneva, sans-serif;font-size: 12pt\">strengthening cooperation of the Applicant&#8217;s university with partner universities and institutions.<\/span><\/li>\n<\/ul>\n<div id='gallery-4' class='gallery galleryid-20361 gallery-columns-4 gallery-size-full'><figure class='gallery-item'>\n\t\t\t<div class='gallery-icon portrait'>\n\t\t\t\t<a href='https:\/\/pb.edu.pl\/sjo\/wp-content\/uploads\/sites\/9\/2021\/02\/nagrody-3.jpg'><img loading=\"lazy\" decoding=\"async\" width=\"504\" height=\"672\" src=\"https:\/\/pb.edu.pl\/sjo\/wp-content\/uploads\/sites\/9\/2021\/02\/nagrody-3.jpg\" class=\"attachment-full size-full\" alt=\"\" srcset=\"https:\/\/pb.edu.pl\/sjo\/wp-content\/uploads\/sites\/9\/2021\/02\/nagrody-3.jpg 504w, https:\/\/pb.edu.pl\/sjo\/wp-content\/uploads\/sites\/9\/2021\/02\/nagrody-3-225x300.jpg 225w\" sizes=\"auto, (max-width: 504px) 100vw, 504px\" \/><\/a>\n\t\t\t<\/div><\/figure><figure class='gallery-item'>\n\t\t\t<div class='gallery-icon portrait'>\n\t\t\t\t<a href='https:\/\/pb.edu.pl\/sjo\/wp-content\/uploads\/sites\/9\/2021\/02\/nagrody-1.jpg'><img loading=\"lazy\" decoding=\"async\" width=\"503\" height=\"672\" src=\"https:\/\/pb.edu.pl\/sjo\/wp-content\/uploads\/sites\/9\/2021\/02\/nagrody-1.jpg\" class=\"attachment-full size-full\" alt=\"\" srcset=\"https:\/\/pb.edu.pl\/sjo\/wp-content\/uploads\/sites\/9\/2021\/02\/nagrody-1.jpg 503w, https:\/\/pb.edu.pl\/sjo\/wp-content\/uploads\/sites\/9\/2021\/02\/nagrody-1-225x300.jpg 225w\" sizes=\"auto, (max-width: 503px) 100vw, 503px\" \/><\/a>\n\t\t\t<\/div><\/figure><figure class='gallery-item'>\n\t\t\t<div class='gallery-icon portrait'>\n\t\t\t\t<a href='https:\/\/pb.edu.pl\/sjo\/wp-content\/uploads\/sites\/9\/2021\/02\/nagrody-2.jpg'><img loading=\"lazy\" decoding=\"async\" width=\"504\" height=\"672\" src=\"https:\/\/pb.edu.pl\/sjo\/wp-content\/uploads\/sites\/9\/2021\/02\/nagrody-2.jpg\" class=\"attachment-full size-full\" alt=\"\" srcset=\"https:\/\/pb.edu.pl\/sjo\/wp-content\/uploads\/sites\/9\/2021\/02\/nagrody-2.jpg 504w, https:\/\/pb.edu.pl\/sjo\/wp-content\/uploads\/sites\/9\/2021\/02\/nagrody-2-225x300.jpg 225w\" sizes=\"auto, (max-width: 504px) 100vw, 504px\" \/><\/a>\n\t\t\t<\/div><\/figure><figure class='gallery-item'>\n\t\t\t<div class='gallery-icon portrait'>\n\t\t\t\t<a href='https:\/\/pb.edu.pl\/sjo\/wp-content\/uploads\/sites\/9\/2021\/02\/nagrody-4.jpg'><img loading=\"lazy\" decoding=\"async\" width=\"503\" height=\"670\" src=\"https:\/\/pb.edu.pl\/sjo\/wp-content\/uploads\/sites\/9\/2021\/02\/nagrody-4.jpg\" class=\"attachment-full size-full\" alt=\"\" srcset=\"https:\/\/pb.edu.pl\/sjo\/wp-content\/uploads\/sites\/9\/2021\/02\/nagrody-4.jpg 503w, https:\/\/pb.edu.pl\/sjo\/wp-content\/uploads\/sites\/9\/2021\/02\/nagrody-4-225x300.jpg 225w\" sizes=\"auto, (max-width: 503px) 100vw, 503px\" \/><\/a>\n\t\t\t<\/div><\/figure>\n\t\t<\/div>\n\n<div id='gallery-5' class='gallery galleryid-20361 gallery-columns-2 gallery-size-full'><figure class='gallery-item'>\n\t\t\t<div class='gallery-icon landscape'>\n\t\t\t\t<a href='https:\/\/pb.edu.pl\/sjo\/wp-content\/uploads\/sites\/9\/2021\/01\/kilkadziesi\u0105t-album\u00f3w-o-polskce-i-podrecznik\u00f3w-do-nauki-j\u0119zyka-polskiego.jpg'><img loading=\"lazy\" decoding=\"async\" width=\"1620\" height=\"1080\" src=\"https:\/\/pb.edu.pl\/sjo\/wp-content\/uploads\/sites\/9\/2021\/01\/kilkadziesi\u0105t-album\u00f3w-o-polskce-i-podrecznik\u00f3w-do-nauki-j\u0119zyka-polskiego.jpg\" class=\"attachment-full size-full\" alt=\"\" srcset=\"https:\/\/pb.edu.pl\/sjo\/wp-content\/uploads\/sites\/9\/2021\/01\/kilkadziesi\u0105t-album\u00f3w-o-polskce-i-podrecznik\u00f3w-do-nauki-j\u0119zyka-polskiego.jpg 1620w, https:\/\/pb.edu.pl\/sjo\/wp-content\/uploads\/sites\/9\/2021\/01\/kilkadziesi\u0105t-album\u00f3w-o-polskce-i-podrecznik\u00f3w-do-nauki-j\u0119zyka-polskiego-300x200.jpg 300w, https:\/\/pb.edu.pl\/sjo\/wp-content\/uploads\/sites\/9\/2021\/01\/kilkadziesi\u0105t-album\u00f3w-o-polskce-i-podrecznik\u00f3w-do-nauki-j\u0119zyka-polskiego-1024x683.jpg 1024w, https:\/\/pb.edu.pl\/sjo\/wp-content\/uploads\/sites\/9\/2021\/01\/kilkadziesi\u0105t-album\u00f3w-o-polskce-i-podrecznik\u00f3w-do-nauki-j\u0119zyka-polskiego-768x512.jpg 768w, https:\/\/pb.edu.pl\/sjo\/wp-content\/uploads\/sites\/9\/2021\/01\/kilkadziesi\u0105t-album\u00f3w-o-polskce-i-podrecznik\u00f3w-do-nauki-j\u0119zyka-polskiego-1536x1024.jpg 1536w, https:\/\/pb.edu.pl\/sjo\/wp-content\/uploads\/sites\/9\/2021\/01\/kilkadziesi\u0105t-album\u00f3w-o-polskce-i-podrecznik\u00f3w-do-nauki-j\u0119zyka-polskiego-480x320.jpg 480w\" sizes=\"auto, (max-width: 1620px) 100vw, 1620px\" \/><\/a>\n\t\t\t<\/div><\/figure><figure class='gallery-item'>\n\t\t\t<div class='gallery-icon landscape'>\n\t\t\t\t<a href='https:\/\/pb.edu.pl\/sjo\/wp-content\/uploads\/sites\/9\/2021\/01\/torby-p\u0142\u00f3cienne-teczki-d\u0142ugopisy-notesy-i-kalendarze-z-polskimi-wzorami-ludowymi-e1612824369669.jpg'><img loading=\"lazy\" decoding=\"async\" width=\"1620\" height=\"1080\" src=\"https:\/\/pb.edu.pl\/sjo\/wp-content\/uploads\/sites\/9\/2021\/01\/torby-p\u0142\u00f3cienne-teczki-d\u0142ugopisy-notesy-i-kalendarze-z-polskimi-wzorami-ludowymi-e1612824369669.jpg\" class=\"attachment-full size-full\" alt=\"\" srcset=\"https:\/\/pb.edu.pl\/sjo\/wp-content\/uploads\/sites\/9\/2021\/01\/torby-p\u0142\u00f3cienne-teczki-d\u0142ugopisy-notesy-i-kalendarze-z-polskimi-wzorami-ludowymi-e1612824369669.jpg 1620w, https:\/\/pb.edu.pl\/sjo\/wp-content\/uploads\/sites\/9\/2021\/01\/torby-p\u0142\u00f3cienne-teczki-d\u0142ugopisy-notesy-i-kalendarze-z-polskimi-wzorami-ludowymi-e1612824369669-300x200.jpg 300w, https:\/\/pb.edu.pl\/sjo\/wp-content\/uploads\/sites\/9\/2021\/01\/torby-p\u0142\u00f3cienne-teczki-d\u0142ugopisy-notesy-i-kalendarze-z-polskimi-wzorami-ludowymi-e1612824369669-1024x683.jpg 1024w, https:\/\/pb.edu.pl\/sjo\/wp-content\/uploads\/sites\/9\/2021\/01\/torby-p\u0142\u00f3cienne-teczki-d\u0142ugopisy-notesy-i-kalendarze-z-polskimi-wzorami-ludowymi-e1612824369669-768x512.jpg 768w, https:\/\/pb.edu.pl\/sjo\/wp-content\/uploads\/sites\/9\/2021\/01\/torby-p\u0142\u00f3cienne-teczki-d\u0142ugopisy-notesy-i-kalendarze-z-polskimi-wzorami-ludowymi-e1612824369669-1536x1024.jpg 1536w, https:\/\/pb.edu.pl\/sjo\/wp-content\/uploads\/sites\/9\/2021\/01\/torby-p\u0142\u00f3cienne-teczki-d\u0142ugopisy-notesy-i-kalendarze-z-polskimi-wzorami-ludowymi-e1612824369669-480x320.jpg 480w\" sizes=\"auto, (max-width: 1620px) 100vw, 1620px\" \/><\/a>\n\t\t\t<\/div><\/figure>\n\t\t<\/div>\n\n","protected":false},"excerpt":{"rendered":"<p>Project financed by the National Agency for Academic Exchange within the framework of the Polish<\/p>\n","protected":false},"author":6,"featured_media":0,"parent":18083,"menu_order":1,"comment_status":"closed","ping_status":"closed","template":"","meta":{"_acf_changed":false,"ngg_post_thumbnail":0,"footnotes":""},"class_list":["post-20361","page","type-page","status-publish","hentry"],"acf":[],"yoast_head":"<!-- This site is optimized with the Yoast SEO plugin v27.0 - https:\/\/yoast.com\/product\/yoast-seo-wordpress\/ -->\n<title>Time to start Polonaise - Foreign Language Centre<\/title>\n<meta name=\"description\" content=\"Project financed by the National Agency for Academic Exchange within the framework of the Polish Language Promotion Programme. Project &quot;Time to start\" \/>\n<meta name=\"robots\" content=\"index, follow, max-snippet:-1, max-image-preview:large, max-video-preview:-1\" \/>\n<link rel=\"canonical\" href=\"https:\/\/pb.edu.pl\/sjo\/en\/learning-polish\/projects\/time-to-start-polonaise\/\" \/>\n<meta property=\"og:locale\" content=\"en_US\" \/>\n<meta property=\"og:type\" content=\"article\" \/>\n<meta property=\"og:title\" content=\"Time to start Polonaise - Foreign Language Centre\" \/>\n<meta property=\"og:description\" content=\"Project financed by the National Agency for Academic Exchange within the framework of the Polish Language Promotion Programme. Project &quot;Time to start\" \/>\n<meta property=\"og:url\" content=\"https:\/\/pb.edu.pl\/sjo\/en\/learning-polish\/projects\/time-to-start-polonaise\/\" \/>\n<meta property=\"og:site_name\" content=\"Foreign Language Centre\" \/>\n<meta property=\"article:modified_time\" content=\"2023-05-12T11:41:40+00:00\" \/>\n<meta property=\"og:image\" content=\"https:\/\/pb.edu.pl\/sjo\/wp-content\/uploads\/sites\/9\/2021\/01\/loga-1.png\" \/>\n<meta name=\"twitter:label1\" content=\"Est. reading time\" \/>\n\t<meta name=\"twitter:data1\" content=\"5 minutes\" \/>\n<script type=\"application\/ld+json\" class=\"yoast-schema-graph\">{\"@context\":\"https:\/\/schema.org\",\"@graph\":[{\"@type\":\"WebPage\",\"@id\":\"https:\/\/pb.edu.pl\/sjo\/en\/learning-polish\/projects\/time-to-start-polonaise\/\",\"url\":\"https:\/\/pb.edu.pl\/sjo\/en\/learning-polish\/projects\/time-to-start-polonaise\/\",\"name\":\"Time to start Polonaise - Foreign Language Centre\",\"isPartOf\":{\"@id\":\"https:\/\/pb.edu.pl\/sjo\/#website\"},\"primaryImageOfPage\":{\"@id\":\"https:\/\/pb.edu.pl\/sjo\/en\/learning-polish\/projects\/time-to-start-polonaise\/#primaryimage\"},\"image\":{\"@id\":\"https:\/\/pb.edu.pl\/sjo\/en\/learning-polish\/projects\/time-to-start-polonaise\/#primaryimage\"},\"thumbnailUrl\":\"https:\/\/pb.edu.pl\/sjo\/wp-content\/uploads\/sites\/9\/2021\/01\/loga-1.png\",\"datePublished\":\"2020-12-17T21:45:19+00:00\",\"dateModified\":\"2023-05-12T11:41:40+00:00\",\"description\":\"Project financed by the National Agency for Academic Exchange within the framework of the Polish Language Promotion Programme. Project \\\"Time to start\",\"breadcrumb\":{\"@id\":\"https:\/\/pb.edu.pl\/sjo\/en\/learning-polish\/projects\/time-to-start-polonaise\/#breadcrumb\"},\"inLanguage\":\"en-US\",\"potentialAction\":[{\"@type\":\"ReadAction\",\"target\":[\"https:\/\/pb.edu.pl\/sjo\/en\/learning-polish\/projects\/time-to-start-polonaise\/\"]}]},{\"@type\":\"ImageObject\",\"inLanguage\":\"en-US\",\"@id\":\"https:\/\/pb.edu.pl\/sjo\/en\/learning-polish\/projects\/time-to-start-polonaise\/#primaryimage\",\"url\":\"https:\/\/pb.edu.pl\/sjo\/wp-content\/uploads\/sites\/9\/2021\/01\/loga-1.png\",\"contentUrl\":\"https:\/\/pb.edu.pl\/sjo\/wp-content\/uploads\/sites\/9\/2021\/01\/loga-1.png\"},{\"@type\":\"BreadcrumbList\",\"@id\":\"https:\/\/pb.edu.pl\/sjo\/en\/learning-polish\/projects\/time-to-start-polonaise\/#breadcrumb\",\"itemListElement\":[{\"@type\":\"ListItem\",\"position\":1,\"name\":\"Home\",\"item\":\"https:\/\/pb.edu.pl\/sjo\/en\/\"},{\"@type\":\"ListItem\",\"position\":2,\"name\":\"Learning Polish\",\"item\":\"https:\/\/pb.edu.pl\/sjo\/en\/learning-polish\/\"},{\"@type\":\"ListItem\",\"position\":3,\"name\":\"Projects\",\"item\":\"https:\/\/pb.edu.pl\/sjo\/en\/learning-polish\/projects\/\"},{\"@type\":\"ListItem\",\"position\":4,\"name\":\"Time to start Polonaise\"}]},{\"@type\":\"WebSite\",\"@id\":\"https:\/\/pb.edu.pl\/sjo\/#website\",\"url\":\"https:\/\/pb.edu.pl\/sjo\/\",\"name\":\"Foreign Language Centre\",\"description\":\"\",\"potentialAction\":[{\"@type\":\"SearchAction\",\"target\":{\"@type\":\"EntryPoint\",\"urlTemplate\":\"https:\/\/pb.edu.pl\/sjo\/?s={search_term_string}\"},\"query-input\":{\"@type\":\"PropertyValueSpecification\",\"valueRequired\":true,\"valueName\":\"search_term_string\"}}],\"inLanguage\":\"en-US\"}]}<\/script>\n<!-- \/ Yoast SEO plugin. -->","yoast_head_json":{"title":"Time to start Polonaise - Foreign Language Centre","description":"Project financed by the National Agency for Academic Exchange within the framework of the Polish Language Promotion Programme. Project \"Time to start","robots":{"index":"index","follow":"follow","max-snippet":"max-snippet:-1","max-image-preview":"max-image-preview:large","max-video-preview":"max-video-preview:-1"},"canonical":"https:\/\/pb.edu.pl\/sjo\/en\/learning-polish\/projects\/time-to-start-polonaise\/","og_locale":"en_US","og_type":"article","og_title":"Time to start Polonaise - Foreign Language Centre","og_description":"Project financed by the National Agency for Academic Exchange within the framework of the Polish Language Promotion Programme. Project \"Time to start","og_url":"https:\/\/pb.edu.pl\/sjo\/en\/learning-polish\/projects\/time-to-start-polonaise\/","og_site_name":"Foreign Language Centre","article_modified_time":"2023-05-12T11:41:40+00:00","og_image":[{"url":"https:\/\/pb.edu.pl\/sjo\/wp-content\/uploads\/sites\/9\/2021\/01\/loga-1.png","type":"","width":"","height":""}],"twitter_misc":{"Est. reading time":"5 minutes"},"schema":{"@context":"https:\/\/schema.org","@graph":[{"@type":"WebPage","@id":"https:\/\/pb.edu.pl\/sjo\/en\/learning-polish\/projects\/time-to-start-polonaise\/","url":"https:\/\/pb.edu.pl\/sjo\/en\/learning-polish\/projects\/time-to-start-polonaise\/","name":"Time to start Polonaise - Foreign Language Centre","isPartOf":{"@id":"https:\/\/pb.edu.pl\/sjo\/#website"},"primaryImageOfPage":{"@id":"https:\/\/pb.edu.pl\/sjo\/en\/learning-polish\/projects\/time-to-start-polonaise\/#primaryimage"},"image":{"@id":"https:\/\/pb.edu.pl\/sjo\/en\/learning-polish\/projects\/time-to-start-polonaise\/#primaryimage"},"thumbnailUrl":"https:\/\/pb.edu.pl\/sjo\/wp-content\/uploads\/sites\/9\/2021\/01\/loga-1.png","datePublished":"2020-12-17T21:45:19+00:00","dateModified":"2023-05-12T11:41:40+00:00","description":"Project financed by the National Agency for Academic Exchange within the framework of the Polish Language Promotion Programme. Project \"Time to start","breadcrumb":{"@id":"https:\/\/pb.edu.pl\/sjo\/en\/learning-polish\/projects\/time-to-start-polonaise\/#breadcrumb"},"inLanguage":"en-US","potentialAction":[{"@type":"ReadAction","target":["https:\/\/pb.edu.pl\/sjo\/en\/learning-polish\/projects\/time-to-start-polonaise\/"]}]},{"@type":"ImageObject","inLanguage":"en-US","@id":"https:\/\/pb.edu.pl\/sjo\/en\/learning-polish\/projects\/time-to-start-polonaise\/#primaryimage","url":"https:\/\/pb.edu.pl\/sjo\/wp-content\/uploads\/sites\/9\/2021\/01\/loga-1.png","contentUrl":"https:\/\/pb.edu.pl\/sjo\/wp-content\/uploads\/sites\/9\/2021\/01\/loga-1.png"},{"@type":"BreadcrumbList","@id":"https:\/\/pb.edu.pl\/sjo\/en\/learning-polish\/projects\/time-to-start-polonaise\/#breadcrumb","itemListElement":[{"@type":"ListItem","position":1,"name":"Home","item":"https:\/\/pb.edu.pl\/sjo\/en\/"},{"@type":"ListItem","position":2,"name":"Learning Polish","item":"https:\/\/pb.edu.pl\/sjo\/en\/learning-polish\/"},{"@type":"ListItem","position":3,"name":"Projects","item":"https:\/\/pb.edu.pl\/sjo\/en\/learning-polish\/projects\/"},{"@type":"ListItem","position":4,"name":"Time to start Polonaise"}]},{"@type":"WebSite","@id":"https:\/\/pb.edu.pl\/sjo\/#website","url":"https:\/\/pb.edu.pl\/sjo\/","name":"Foreign Language Centre","description":"","potentialAction":[{"@type":"SearchAction","target":{"@type":"EntryPoint","urlTemplate":"https:\/\/pb.edu.pl\/sjo\/?s={search_term_string}"},"query-input":{"@type":"PropertyValueSpecification","valueRequired":true,"valueName":"search_term_string"}}],"inLanguage":"en-US"}]}},"_links":{"self":[{"href":"https:\/\/pb.edu.pl\/sjo\/en\/wp-json\/wp\/v2\/pages\/20361","targetHints":{"allow":["GET"]}}],"collection":[{"href":"https:\/\/pb.edu.pl\/sjo\/en\/wp-json\/wp\/v2\/pages"}],"about":[{"href":"https:\/\/pb.edu.pl\/sjo\/en\/wp-json\/wp\/v2\/types\/page"}],"author":[{"embeddable":true,"href":"https:\/\/pb.edu.pl\/sjo\/en\/wp-json\/wp\/v2\/users\/6"}],"replies":[{"embeddable":true,"href":"https:\/\/pb.edu.pl\/sjo\/en\/wp-json\/wp\/v2\/comments?post=20361"}],"version-history":[{"count":0,"href":"https:\/\/pb.edu.pl\/sjo\/en\/wp-json\/wp\/v2\/pages\/20361\/revisions"}],"up":[{"embeddable":true,"href":"https:\/\/pb.edu.pl\/sjo\/en\/wp-json\/wp\/v2\/pages\/18083"}],"wp:attachment":[{"href":"https:\/\/pb.edu.pl\/sjo\/en\/wp-json\/wp\/v2\/media?parent=20361"}],"curies":[{"name":"wp","href":"https:\/\/api.w.org\/{rel}","templated":true}]}}