{"id":2925,"date":"2024-05-07T10:07:18","date_gmt":"2024-05-07T08:07:18","guid":{"rendered":"https:\/\/pb.edu.pl\/signum\/?page_id=2925"},"modified":"2024-05-07T10:07:18","modified_gmt":"2024-05-07T08:07:18","slug":"fundacja-matematykow-wroclawskich-o-uli-marciniak","status":"publish","type":"page","link":"https:\/\/pb.edu.pl\/signum\/konkurs\/memorial-urszuli-marciniak\/fundacja-matematykow-wroclawskich-o-uli-marciniak\/","title":{"rendered":"Fundacja Matematyk\u00f3w Wroc\u0142awskich o Uli Marciniak"},"content":{"rendered":"<div align=\"justify\"><b>Fundacja Matematyk\u00f3w Wroc\u0142awskich o Uli Marciniak<\/b><\/div>\n<div align=\"justify\">Ula urodzi\u0142a si\u0119 w Warszawie 24 III 1977 roku. Uko\u0144czy\u0142a studia matematyczne na Uniwersytecie Warszawskim. By\u0142a te\u017c zami\u0142owan\u0105 poetk\u0105, designerk\u0105, fotografk\u0105 i podr\u00f3\u017cniczk\u0105. Od dzieci\u0144stwa uwielbia\u0142a wymy\u015bla\u0107 dla innych zagadki, \u0142amig\u0142\u00f3wki, puzzle, rebusy i gry planszowe. Swoj\u0105 pasj\u0105 chcia\u0142a si\u0119 dzieli\u0107 ze wszystkimi. Dwa lata po studiach za\u0142o\u017cy\u0142a&nbsp;<a href=\"http:\/\/www.wydawnictwologi.pl\/index.php?route=common\/home\" target=\"_blank\" rel=\"noopener\">wydawnictwo Logi<\/a>&nbsp;i rozpocz\u0119\u0142a cykliczne wydawanie pocz\u0105tkowo zeszyt\u00f3w z obrazkami logicznymi, a wkr\u00f3tce szerokiej gamy \u0142amig\u0142\u00f3wek logicznych w formie papierowej i elektronicznej. Firma okaza\u0142a si\u0119 sporym sukcesem. Ula prowadzi\u0142a j\u0105 z wielk\u0105 pasj\u0105. Swoimi zeszytami sponsorowa\u0142a niezliczon\u0105 ilo\u015b\u0107 szkolnych konkurs\u00f3w, a egzemplarze archiwalne wysy\u0142a\u0142a do\u2026 zak\u0142ad\u00f3w karnych. Egzemplarze \u201eObrazk\u00f3w logicznych\u201d i \u201eLogi-mix\u00f3w\u201d, kt\u00f3re wysz\u0142y spod Jej r\u0119ki, od samego pocz\u0105tku otrzymywali tak\u017ce laureaci wszystkich konkurs\u00f3w organizowanych przez Fundacj\u0119 Matematyk\u00f3w Wroc\u0142awskich.<\/div>\n<div align=\"justify\">&nbsp;<\/div>\n<div align=\"justify\">O swojej dzia\u0142alno\u015bci pisa\u0142a tak:&nbsp;<em>Urodzi\u0142am si\u0119 w czasach, kiedy nie by\u0142o internetu, a \u0142amig\u0142\u00f3wek w kioskach by\u0142o naprawd\u0119 niewiele. Trzeba wi\u0119c by\u0142o wymy\u015bla\u0107 samemu! Studiowa\u0142am matematyk\u0119 na Uniwersytecie Warszawskim, gdzie mo\u017cna by\u0142o na co dzie\u0144 mie\u0107 do czynienia z logik\u0105, zadaniami, g\u0142\u00f3wkowaniem, wi\u0119c \u2013 cho\u0107 nie by\u0142am najlepsz\u0105 studentk\u0105 \u2013 to okres studi\u00f3w wspominam bardzo mi\u0142o. W 2003 roku pracowa\u0142am w \u00f3wczesnym Generali, a w wolnym czasie rozwi\u0105zywa\u0142am obrazki logiczne. Mia\u0142am zawsze du\u017co zagranicznych gazetek z \u0142amig\u0142\u00f3wkami, kt\u00f3re z wszelakich podr\u00f3\u017cy przywozi\u0142 mi m\u00f3j tata. Zacz\u0119\u0142am patrze\u0107 jakie maj\u0105 tytu\u0142y, ok\u0142adki, \u015brodki, papier, ceny\u2026 Zacz\u0119\u0142am kalkulowa\u0107 i projektowa\u0107. Tak wi\u0119c gdy w Generali obj\u0119\u0142y mnie zwolnienia grupowe, to ucieszy\u0142o mnie to niezmiernie i tak oto znalaz\u0142am si\u0119 w Urz\u0119dzie Gminy Bielany w Warszawie i zarejestrowa\u0142am LOGI. Do dzi\u015b LOGI jest moj\u0105 mi\u0142o\u015bci\u0105 i moj\u0105 pasj\u0105. Stale staram si\u0119 t\u0119 firm\u0119 rozwija\u0107 i udoskonala\u0107. Staram si\u0119 utrzymywa\u0107 miesi\u0119czniki na wysokim poziomie, zar\u00f3wno merytorycznym, jak i jako\u015bciowym (gruby, dobrej jako\u015bci papier, lakierowana ok\u0142adka i sprawdzona drukarnia). Oczywi\u015bcie zawsze z niecierpliwo\u015bci\u0105 czekam na Wasze komentarze i opinie i cieszy mnie ka\u017cde mi\u0142o s\u0142owo, kt\u00f3re od Was otrzymuj\u0119. Dzi\u0119kuj\u0119, \u017ce jeste\u015bcie ze mn\u0105 na dobre i na z\u0142e&nbsp;?<\/em><\/div>\n<div align=\"justify\">&nbsp;<\/div>\n<div align=\"justify\">Wsp\u00f3lnie z Ul\u0105 planowali\u015bmy organizacj\u0119 w 2016 roku I Mistrzostw Dolnego \u015al\u0105ska w \u0141amig\u0142\u00f3wkach. Niestety w czerwcu 2016 roku pokona\u0142a j\u0105 bezlitosna choroba. Ula odesz\u0142a w wieku zaledwie 39 lat \u2013 do ko\u0144ca kreatywna, szlachetna i pi\u0119kna. Jej dzie\u0142o jest nadal kontynuowane przez rodzin\u0119 i przyjaci\u00f3\u0142 z po\u017cytkiem dla nas wszystkich.<\/div>\n<div align=\"justify\">&nbsp;<\/div>\n<div align=\"justify\">Wys\u0142uchaj te\u017c&nbsp;<u><a href=\"https:\/\/polskieradio24.pl\/130\/8645\/Artykul\/2526431,Matematyczne-lamiglowki-byly-jej-pasja-Danuta-Marciniak-wspomina-zmarla-corke\" target=\"_blank\" rel=\"noopener\">audycj\u0119<\/a><\/u>&nbsp;Magdaleny Merty w PR po\u015bwi\u0119conej Uli Marciniak i Memoria\u0142owi.<\/div>\n","protected":false},"excerpt":{"rendered":"<p>Fundacja Matematyk\u00f3w Wroc\u0142awskich o Uli Marciniak Ula urodzi\u0142a si\u0119 w Warszawie 24 III 1977 roku.<\/p>\n","protected":false},"author":171,"featured_media":0,"parent":2571,"menu_order":0,"comment_status":"closed","ping_status":"closed","template":"","meta":{"_acf_changed":false,"ngg_post_thumbnail":0,"footnotes":""},"class_list":["post-2925","page","type-page","status-publish","hentry"],"acf":[],"_links":{"self":[{"href":"https:\/\/pb.edu.pl\/signum\/wp-json\/wp\/v2\/pages\/2925","targetHints":{"allow":["GET"]}}],"collection":[{"href":"https:\/\/pb.edu.pl\/signum\/wp-json\/wp\/v2\/pages"}],"about":[{"href":"https:\/\/pb.edu.pl\/signum\/wp-json\/wp\/v2\/types\/page"}],"author":[{"embeddable":true,"href":"https:\/\/pb.edu.pl\/signum\/wp-json\/wp\/v2\/users\/171"}],"replies":[{"embeddable":true,"href":"https:\/\/pb.edu.pl\/signum\/wp-json\/wp\/v2\/comments?post=2925"}],"version-history":[{"count":0,"href":"https:\/\/pb.edu.pl\/signum\/wp-json\/wp\/v2\/pages\/2925\/revisions"}],"up":[{"embeddable":true,"href":"https:\/\/pb.edu.pl\/signum\/wp-json\/wp\/v2\/pages\/2571"}],"wp:attachment":[{"href":"https:\/\/pb.edu.pl\/signum\/wp-json\/wp\/v2\/media?parent=2925"}],"curies":[{"name":"wp","href":"https:\/\/api.w.org\/{rel}","templated":true}]}}