{"id":24,"date":"2021-01-04T23:16:31","date_gmt":"2021-01-04T22:16:31","guid":{"rendered":"https:\/\/pb.edu.pl\/rpkbialystok\/?page_id=24"},"modified":"2021-01-04T23:16:31","modified_gmt":"2021-01-04T22:16:31","slug":"aktualnosci","status":"publish","type":"page","link":"https:\/\/pb.edu.pl\/rpkbialystok\/aktualnosci\/","title":{"rendered":"Aktualno\u015bci"},"content":{"rendered":"\t\t<div class=\"box news-box \">\n\t\t<div class=\"row\">\n\t\t\t\n\t\t\t\n\t\t\t\t\n\t\t\t\t\t\t\t\t\t\t<div class=\"col-sm-3\">\n\t\t\t\t\t\t\t\n<article class=\"format-standard\">\n    <span class=\"date text-right\"><i class=\"fal fa-calendar-alt\"><\/i> 20-01-2022<\/span>\n    <a href=\"https:\/\/pb.edu.pl\/rpkbialystok\/2022\/01\/20\/poszukiwanie-partnerow-do-projektu-he-podczas-dnia-informacyjnego-malta\/\">\n      <div class=\"article-image\">\n        <img loading=\"lazy\" decoding=\"async\" width=\"424\" height=\"300\" src=\"https:\/\/pb.edu.pl\/rpkbialystok\/wp-content\/uploads\/sites\/59\/2021\/06\/network-577009_1920.jpg\" class=\"attachment-medium-image-16x10 size-medium-image-16x10 wp-post-image\" alt=\"\" srcset=\"https:\/\/pb.edu.pl\/rpkbialystok\/wp-content\/uploads\/sites\/59\/2021\/06\/network-577009_1920.jpg 1920w, https:\/\/pb.edu.pl\/rpkbialystok\/wp-content\/uploads\/sites\/59\/2021\/06\/network-577009_1920-300x212.jpg 300w, https:\/\/pb.edu.pl\/rpkbialystok\/wp-content\/uploads\/sites\/59\/2021\/06\/network-577009_1920-1024x724.jpg 1024w, https:\/\/pb.edu.pl\/rpkbialystok\/wp-content\/uploads\/sites\/59\/2021\/06\/network-577009_1920-768x543.jpg 768w, https:\/\/pb.edu.pl\/rpkbialystok\/wp-content\/uploads\/sites\/59\/2021\/06\/network-577009_1920-1536x1086.jpg 1536w\" sizes=\"auto, (max-width: 424px) 100vw, 424px\" \/>      <\/div>\n      <h3>Poszukiwanie partner\u00f3w do projektu HE podczas Dnia informacyjnego &#8211; Malta<\/h3>\n      Malta\u0144ska Rada Nauki i Technologii 25 stycznia 2022 r., organizuje dzie\u0144    <\/a>\n<\/article>\t\t\t\t\t\t<\/div>\n\t\t\t\t\t\t\t\t\t\t\t<div class=\"col-sm-3\">\n\t\t\t\t\t\t\t\n<article class=\"format-standard\">\n    <span class=\"date text-right\"><i class=\"fal fa-calendar-alt\"><\/i> 11-01-2022<\/span>\n    <a href=\"https:\/\/pb.edu.pl\/rpkbialystok\/2022\/01\/11\/webinarium-pt-misja-ue-adaptacja-do-zmian-klimatu-jak-uzyskac-odpornosc-klimatyczna-do-2030\/\">\n      <div class=\"article-image\">\n        <img loading=\"lazy\" decoding=\"async\" width=\"438\" height=\"300\" src=\"https:\/\/pb.edu.pl\/rpkbialystok\/wp-content\/uploads\/sites\/59\/2021\/11\/webinar.jpg\" class=\"attachment-medium-image-16x10 size-medium-image-16x10 wp-post-image\" alt=\"\" srcset=\"https:\/\/pb.edu.pl\/rpkbialystok\/wp-content\/uploads\/sites\/59\/2021\/11\/webinar.jpg 837w, https:\/\/pb.edu.pl\/rpkbialystok\/wp-content\/uploads\/sites\/59\/2021\/11\/webinar-300x205.jpg 300w, https:\/\/pb.edu.pl\/rpkbialystok\/wp-content\/uploads\/sites\/59\/2021\/11\/webinar-768x526.jpg 768w\" sizes=\"auto, (max-width: 438px) 100vw, 438px\" \/>      <\/div>\n      <h3>Webinarium pt.: Misja UE: adaptacja do zmian klimatu \u2013 jak uzyska\u0107 odporno\u015b\u0107 klimatyczn\u0105 do 2030<\/h3>\n      Szanowni Pa\u0144stwo, w imieniu Biura NCBR w Brukseli\/BSP&nbsp;oraz Biura&nbsp;PolSCA PAN zapraszamy    <\/a>\n<\/article>\t\t\t\t\t\t<\/div>\n\t\t\t\t\t\t\t\t\t\t\t<div class=\"col-sm-3\">\n\t\t\t\t\t\t\t\n<article class=\"format-standard\">\n    <span class=\"date text-right\"><i class=\"fal fa-calendar-alt\"><\/i> 13-12-2021<\/span>\n    <a href=\"https:\/\/pb.edu.pl\/rpkbialystok\/2021\/12\/13\/kurs-agile-project-management-20-i-22-12-2021\/\">\n      <div class=\"article-image\">\n        <img loading=\"lazy\" decoding=\"async\" width=\"300\" height=\"78\" src=\"https:\/\/pb.edu.pl\/rpkbialystok\/wp-content\/uploads\/sites\/59\/2021\/12\/agilepm-logo800-300x78-1.jpg\" class=\"attachment-medium-image-16x10 size-medium-image-16x10 wp-post-image\" alt=\"\" \/>      <\/div>\n      <h3>Kurs Agile Project Management &#8211; 20 i 22.12.2021<\/h3>\n      Regionalny Punkt Kontaktowy Program\u00f3w Badawczych UE serdecznie zaprasza na zdalny kurs    <\/a>\n<\/article>\t\t\t\t\t\t<\/div>\n\t\t\t\t\t\t\t\t\t\t\t<div class=\"col-sm-3\">\n\t\t\t\t\t\t\t\n<article class=\"format-standard\">\n    <span class=\"date text-right\"><i class=\"fal fa-calendar-alt\"><\/i> 03-12-2021<\/span>\n    <a href=\"https:\/\/pb.edu.pl\/rpkbialystok\/2021\/12\/03\/uwaga-funding-tenders-portal-bedzie-niedostepny\/\">\n      <div class=\"article-image\">\n        <img loading=\"lazy\" decoding=\"async\" width=\"480\" height=\"221\" src=\"https:\/\/pb.edu.pl\/rpkbialystok\/wp-content\/uploads\/sites\/59\/2021\/12\/portal.jpg\" class=\"attachment-medium-image-16x10 size-medium-image-16x10 wp-post-image\" alt=\"\" srcset=\"https:\/\/pb.edu.pl\/rpkbialystok\/wp-content\/uploads\/sites\/59\/2021\/12\/portal.jpg 2431w, https:\/\/pb.edu.pl\/rpkbialystok\/wp-content\/uploads\/sites\/59\/2021\/12\/portal-300x138.jpg 300w, https:\/\/pb.edu.pl\/rpkbialystok\/wp-content\/uploads\/sites\/59\/2021\/12\/portal-1024x471.jpg 1024w, https:\/\/pb.edu.pl\/rpkbialystok\/wp-content\/uploads\/sites\/59\/2021\/12\/portal-768x354.jpg 768w, https:\/\/pb.edu.pl\/rpkbialystok\/wp-content\/uploads\/sites\/59\/2021\/12\/portal-1536x707.jpg 1536w, https:\/\/pb.edu.pl\/rpkbialystok\/wp-content\/uploads\/sites\/59\/2021\/12\/portal-2048x943.jpg 2048w\" sizes=\"auto, (max-width: 480px) 100vw, 480px\" \/>      <\/div>\n      <h3>Uwaga!!! Funding &amp; Tenders Portal b\u0119dzie niedost\u0119pny<\/h3>\n      Szanowni Pa\u0144stwo, informujemy, i\u017c Funding &amp; Tenders Portal w dniu 4    <\/a>\n<\/article>\t\t\t\t\t\t<\/div>\n\t\t\t\t\t\t\t\t\t\t\t<div class=\"col-sm-3\">\n\t\t\t\t\t\t\t\n<article class=\"format-standard\">\n    <span class=\"date text-right\"><i class=\"fal fa-calendar-alt\"><\/i> 30-11-2021<\/span>\n    <a href=\"https:\/\/pb.edu.pl\/rpkbialystok\/2021\/11\/30\/speed-dating-z-horyzontem-europa-ankieta-umb\/\">\n      <div class=\"article-image\">\n        <img loading=\"lazy\" decoding=\"async\" width=\"450\" height=\"300\" src=\"https:\/\/pb.edu.pl\/rpkbialystok\/wp-content\/uploads\/sites\/59\/2021\/11\/consulting-gd9e49887f_1920.jpg\" class=\"attachment-medium-image-16x10 size-medium-image-16x10 wp-post-image\" alt=\"\" srcset=\"https:\/\/pb.edu.pl\/rpkbialystok\/wp-content\/uploads\/sites\/59\/2021\/11\/consulting-gd9e49887f_1920.jpg 1920w, https:\/\/pb.edu.pl\/rpkbialystok\/wp-content\/uploads\/sites\/59\/2021\/11\/consulting-gd9e49887f_1920-300x200.jpg 300w, https:\/\/pb.edu.pl\/rpkbialystok\/wp-content\/uploads\/sites\/59\/2021\/11\/consulting-gd9e49887f_1920-1024x683.jpg 1024w, https:\/\/pb.edu.pl\/rpkbialystok\/wp-content\/uploads\/sites\/59\/2021\/11\/consulting-gd9e49887f_1920-768x512.jpg 768w, https:\/\/pb.edu.pl\/rpkbialystok\/wp-content\/uploads\/sites\/59\/2021\/11\/consulting-gd9e49887f_1920-1536x1024.jpg 1536w, https:\/\/pb.edu.pl\/rpkbialystok\/wp-content\/uploads\/sites\/59\/2021\/11\/consulting-gd9e49887f_1920-480x320.jpg 480w\" sizes=\"auto, (max-width: 450px) 100vw, 450px\" \/>      <\/div>\n      <h3>Speed dating z Horyzontem Europa &#8211; Ankieta UMB<\/h3>\n      Program Ramowy Unii Europejskiej Horyzont Europa jest najwi\u0119kszym w historii Unii    <\/a>\n<\/article>\t\t\t\t\t\t<\/div>\n\t\t\t\t\t\t\t\t\t\t\t<div class=\"col-sm-3\">\n\t\t\t\t\t\t\t\n<article class=\"format-standard\">\n    <span class=\"date text-right\"><i class=\"fal fa-calendar-alt\"><\/i> 30-11-2021<\/span>\n    <a href=\"https:\/\/pb.edu.pl\/rpkbialystok\/2021\/11\/30\/erc-info-day-in-poland\/\">\n      <div class=\"article-image\">\n        <img loading=\"lazy\" decoding=\"async\" width=\"314\" height=\"300\" src=\"https:\/\/pb.edu.pl\/rpkbialystok\/wp-content\/uploads\/sites\/59\/2021\/02\/LOGO-ERC.jpg\" class=\"attachment-medium-image-16x10 size-medium-image-16x10 wp-post-image\" alt=\"\" srcset=\"https:\/\/pb.edu.pl\/rpkbialystok\/wp-content\/uploads\/sites\/59\/2021\/02\/LOGO-ERC.jpg 603w, https:\/\/pb.edu.pl\/rpkbialystok\/wp-content\/uploads\/sites\/59\/2021\/02\/LOGO-ERC-300x287.jpg 300w\" sizes=\"auto, (max-width: 314px) 100vw, 314px\" \/>      <\/div>\n      <h3>ERC Info Day in Poland<\/h3>\n      Serdecznie zapraszamy na Dzie\u0144 Informacyjny ERC, kt\u00f3ry organizuje Krajowy Punkt Kontaktowy    <\/a>\n<\/article>\t\t\t\t\t\t<\/div>\n\t\t\t\t\t\t\t\t\t\t\t<div class=\"col-sm-3\">\n\t\t\t\t\t\t\t\n<article class=\"format-standard\">\n    <span class=\"date text-right\"><i class=\"fal fa-calendar-alt\"><\/i> 26-11-2021<\/span>\n    <a href=\"https:\/\/pb.edu.pl\/rpkbialystok\/2021\/11\/26\/harmonogram-spotkan-organizowanych-przez-rpk-bialystok-w-grudniu-2021\/\">\n      <div class=\"article-image\">\n        <img loading=\"lazy\" decoding=\"async\" width=\"450\" height=\"300\" src=\"https:\/\/pb.edu.pl\/rpkbialystok\/wp-content\/uploads\/sites\/59\/2021\/11\/calendar-gb41e98cbf_1920.jpg\" class=\"attachment-medium-image-16x10 size-medium-image-16x10 wp-post-image\" alt=\"\" srcset=\"https:\/\/pb.edu.pl\/rpkbialystok\/wp-content\/uploads\/sites\/59\/2021\/11\/calendar-gb41e98cbf_1920.jpg 1920w, https:\/\/pb.edu.pl\/rpkbialystok\/wp-content\/uploads\/sites\/59\/2021\/11\/calendar-gb41e98cbf_1920-300x200.jpg 300w, https:\/\/pb.edu.pl\/rpkbialystok\/wp-content\/uploads\/sites\/59\/2021\/11\/calendar-gb41e98cbf_1920-1024x683.jpg 1024w, https:\/\/pb.edu.pl\/rpkbialystok\/wp-content\/uploads\/sites\/59\/2021\/11\/calendar-gb41e98cbf_1920-768x512.jpg 768w, https:\/\/pb.edu.pl\/rpkbialystok\/wp-content\/uploads\/sites\/59\/2021\/11\/calendar-gb41e98cbf_1920-1536x1024.jpg 1536w, https:\/\/pb.edu.pl\/rpkbialystok\/wp-content\/uploads\/sites\/59\/2021\/11\/calendar-gb41e98cbf_1920-480x320.jpg 480w\" sizes=\"auto, (max-width: 450px) 100vw, 450px\" \/>      <\/div>\n      <h3>Harmonogram spotka\u0144 organizowanych przez RPK Bia\u0142ystok w grudniu 2021<\/h3>\n      Szanowni Pa\u0144stwo, zapraszamy do zapoznania si\u0119 harmonogramem spotka\u0144 organizowanych przez RPK    <\/a>\n<\/article>\t\t\t\t\t\t<\/div>\n\t\t\t\t\t\t\t\t\t\t\t<div class=\"col-sm-3\">\n\t\t\t\t\t\t\t\n<article class=\"format-standard\">\n    <span class=\"date text-right\"><i class=\"fal fa-calendar-alt\"><\/i> 24-11-2021<\/span>\n    <a href=\"https:\/\/pb.edu.pl\/rpkbialystok\/2021\/11\/24\/webinar-dot-wykorzystania-baz-patentowych-nowy-espacenet-funkcjonalnosc-bazy-oraz-sposoby-formulowania-zapytan\/\">\n      <div class=\"article-image\">\n        <img loading=\"lazy\" decoding=\"async\" width=\"438\" height=\"300\" src=\"https:\/\/pb.edu.pl\/rpkbialystok\/wp-content\/uploads\/sites\/59\/2021\/11\/webinar.jpg\" class=\"attachment-medium-image-16x10 size-medium-image-16x10 wp-post-image\" alt=\"\" srcset=\"https:\/\/pb.edu.pl\/rpkbialystok\/wp-content\/uploads\/sites\/59\/2021\/11\/webinar.jpg 837w, https:\/\/pb.edu.pl\/rpkbialystok\/wp-content\/uploads\/sites\/59\/2021\/11\/webinar-300x205.jpg 300w, https:\/\/pb.edu.pl\/rpkbialystok\/wp-content\/uploads\/sites\/59\/2021\/11\/webinar-768x526.jpg 768w\" sizes=\"auto, (max-width: 438px) 100vw, 438px\" \/>      <\/div>\n      <h3>Webinar dot. korzystania z baz patentowych &#8211; nowy Espacenet, funkcjonalno\u015b\u0107 bazy oraz sposoby formu\u0142owania zapyta\u0144<\/h3>\n      Regionalny Punkt Kontaktowy Program\u00f3w Badawczych UE w dniu 14.12.2021 serdecznie zaprasza    <\/a>\n<\/article>\t\t\t\t\t\t<\/div>\n\t\t\t\t\t\t\t\t\t\t\t<div class=\"col-sm-3\">\n\t\t\t\t\t\t\t\n<article class=\"format-standard\">\n    <span class=\"date text-right\"><i class=\"fal fa-calendar-alt\"><\/i> 22-11-2021<\/span>\n    <a href=\"https:\/\/pb.edu.pl\/rpkbialystok\/2021\/11\/22\/warsztaty-z-pitchingu\/\">\n      <div class=\"article-image\">\n        <img loading=\"lazy\" decoding=\"async\" width=\"480\" height=\"289\" src=\"https:\/\/pb.edu.pl\/rpkbialystok\/wp-content\/uploads\/sites\/59\/2021\/11\/job-g0def2d48a_1920.jpg\" class=\"attachment-medium-image-16x10 size-medium-image-16x10 wp-post-image\" alt=\"\" srcset=\"https:\/\/pb.edu.pl\/rpkbialystok\/wp-content\/uploads\/sites\/59\/2021\/11\/job-g0def2d48a_1920.jpg 1920w, https:\/\/pb.edu.pl\/rpkbialystok\/wp-content\/uploads\/sites\/59\/2021\/11\/job-g0def2d48a_1920-300x181.jpg 300w, https:\/\/pb.edu.pl\/rpkbialystok\/wp-content\/uploads\/sites\/59\/2021\/11\/job-g0def2d48a_1920-1024x617.jpg 1024w, https:\/\/pb.edu.pl\/rpkbialystok\/wp-content\/uploads\/sites\/59\/2021\/11\/job-g0def2d48a_1920-768x462.jpg 768w, https:\/\/pb.edu.pl\/rpkbialystok\/wp-content\/uploads\/sites\/59\/2021\/11\/job-g0def2d48a_1920-1536x925.jpg 1536w\" sizes=\"auto, (max-width: 480px) 100vw, 480px\" \/>      <\/div>\n      <h3>Warsztaty z Pitchingu<\/h3>\n      Regionalny Punkt Kontaktowy Program\u00f3w Badawczych UE w dniu 08.12.2021 serdecznie zaprasza    <\/a>\n<\/article>\t\t\t\t\t\t<\/div>\n\t\t\t\t\t\t\t\t\t\t\t<div class=\"col-sm-3\">\n\t\t\t\t\t\t\t\n<article class=\"format-standard\">\n    <span class=\"date text-right\"><i class=\"fal fa-calendar-alt\"><\/i> 03-11-2021<\/span>\n    <a href=\"https:\/\/pb.edu.pl\/rpkbialystok\/2021\/11\/03\/harmonogram-spotkan-organizowanych-przez-rpk-bialystok-w-listopadzie-2021\/\">\n      <div class=\"article-image\">\n        <img loading=\"lazy\" decoding=\"async\" width=\"450\" height=\"300\" src=\"https:\/\/pb.edu.pl\/rpkbialystok\/wp-content\/uploads\/sites\/59\/2021\/11\/calendar-gb41e98cbf_1920.jpg\" class=\"attachment-medium-image-16x10 size-medium-image-16x10 wp-post-image\" alt=\"\" srcset=\"https:\/\/pb.edu.pl\/rpkbialystok\/wp-content\/uploads\/sites\/59\/2021\/11\/calendar-gb41e98cbf_1920.jpg 1920w, https:\/\/pb.edu.pl\/rpkbialystok\/wp-content\/uploads\/sites\/59\/2021\/11\/calendar-gb41e98cbf_1920-300x200.jpg 300w, https:\/\/pb.edu.pl\/rpkbialystok\/wp-content\/uploads\/sites\/59\/2021\/11\/calendar-gb41e98cbf_1920-1024x683.jpg 1024w, https:\/\/pb.edu.pl\/rpkbialystok\/wp-content\/uploads\/sites\/59\/2021\/11\/calendar-gb41e98cbf_1920-768x512.jpg 768w, https:\/\/pb.edu.pl\/rpkbialystok\/wp-content\/uploads\/sites\/59\/2021\/11\/calendar-gb41e98cbf_1920-1536x1024.jpg 1536w, https:\/\/pb.edu.pl\/rpkbialystok\/wp-content\/uploads\/sites\/59\/2021\/11\/calendar-gb41e98cbf_1920-480x320.jpg 480w\" sizes=\"auto, (max-width: 450px) 100vw, 450px\" \/>      <\/div>\n      <h3>Harmonogram spotka\u0144 organizowanych przez RPK Bia\u0142ystok w listopadzie 2021<\/h3>\n      Szanowni Pa\u0144stwo, zapraszamy do zapoznania si\u0119 harmonogramem spotka\u0144 organizowanych przez RPK    <\/a>\n<\/article>\t\t\t\t\t\t<\/div>\n\t\t\t\t\t\t\t\t\t\t\t<div class=\"col-sm-3\">\n\t\t\t\t\t\t\t\n<article class=\"format-standard\">\n    <span class=\"date text-right\"><i class=\"fal fa-calendar-alt\"><\/i> 03-11-2021<\/span>\n    <a href=\"https:\/\/pb.edu.pl\/rpkbialystok\/2021\/11\/03\/eit-otwiera-konkurs-na-nowa-wspolnote-wiedzy-i-innowacji-kic\/\">\n      <div class=\"article-image\">\n        <img loading=\"lazy\" decoding=\"async\" width=\"447\" height=\"300\" src=\"https:\/\/pb.edu.pl\/rpkbialystok\/wp-content\/uploads\/sites\/59\/2021\/11\/New-KIC-culture_call_850.jpg\" class=\"attachment-medium-image-16x10 size-medium-image-16x10 wp-post-image\" alt=\"\" srcset=\"https:\/\/pb.edu.pl\/rpkbialystok\/wp-content\/uploads\/sites\/59\/2021\/11\/New-KIC-culture_call_850.jpg 850w, https:\/\/pb.edu.pl\/rpkbialystok\/wp-content\/uploads\/sites\/59\/2021\/11\/New-KIC-culture_call_850-300x201.jpg 300w, https:\/\/pb.edu.pl\/rpkbialystok\/wp-content\/uploads\/sites\/59\/2021\/11\/New-KIC-culture_call_850-768x515.jpg 768w\" sizes=\"auto, (max-width: 447px) 100vw, 447px\" \/>      <\/div>\n      <h3>EIT otwiera konkurs na now\u0105 Wsp\u00f3lnot\u0119 Wiedzy i Innowacji (KIC)<\/h3>\n      Europejski Instytut Innowacji i Technologii (EIT) og\u0142osi\u0142 zaproszenie do sk\u0142adania wniosk\u00f3w    <\/a>\n<\/article>\t\t\t\t\t\t<\/div>\n\t\t\t\t\t\t\t\t\t\t\t<div class=\"col-sm-3\">\n\t\t\t\t\t\t\t\n<article class=\"format-standard\">\n    <span class=\"date text-right\"><i class=\"fal fa-calendar-alt\"><\/i> 03-11-2021<\/span>\n    <a href=\"https:\/\/pb.edu.pl\/rpkbialystok\/2021\/11\/03\/turcja-i-republika-moldawii-przystepuja-do-programu-horyzont-europa\/\">\n      <div class=\"article-image\">\n        <img loading=\"lazy\" decoding=\"async\" width=\"447\" height=\"300\" src=\"https:\/\/pb.edu.pl\/rpkbialystok\/wp-content\/uploads\/sites\/59\/2021\/07\/Konkursy-w-HE.png\" class=\"attachment-medium-image-16x10 size-medium-image-16x10 wp-post-image\" alt=\"\" srcset=\"https:\/\/pb.edu.pl\/rpkbialystok\/wp-content\/uploads\/sites\/59\/2021\/07\/Konkursy-w-HE.png 850w, https:\/\/pb.edu.pl\/rpkbialystok\/wp-content\/uploads\/sites\/59\/2021\/07\/Konkursy-w-HE-300x201.png 300w, https:\/\/pb.edu.pl\/rpkbialystok\/wp-content\/uploads\/sites\/59\/2021\/07\/Konkursy-w-HE-768x515.png 768w\" sizes=\"auto, (max-width: 447px) 100vw, 447px\" \/>      <\/div>\n      <h3>Turcja i Republika Mo\u0142dawii przyst\u0119puj\u0105 do programu Horyzont Europa<\/h3>\n      W ostatnich dniach pa\u017adziernika 2021 r. Komisja Europejska podpisa\u0142a z Turcj\u0105    <\/a>\n<\/article>\t\t\t\t\t\t<\/div>\n\t\t\t\t\t\n\t\t\t\t\n\t\t\t\t\t<\/div>\n\t\t\n\t<nav class=\"navigation pagination\" aria-label=\"Stronicowanie wpis\u00f3w\">\n\t\t<h2 class=\"screen-reader-text\">Stronicowanie wpis\u00f3w<\/h2>\n\t\t<div class=\"nav-links\"><span aria-current=\"page\" class=\"page-numbers current\">1<\/span>\n<a class=\"page-numbers\" href=\"https:\/\/pb.edu.pl\/rpkbialystok\/wp-json\/wp\/v2\/pages\/24\/page\/2\/\">2<\/a>\n<a class=\"page-numbers\" href=\"https:\/\/pb.edu.pl\/rpkbialystok\/wp-json\/wp\/v2\/pages\/24\/page\/3\/\">3<\/a>\n<span class=\"page-numbers dots\">&hellip;<\/span>\n<a class=\"page-numbers\" href=\"https:\/\/pb.edu.pl\/rpkbialystok\/wp-json\/wp\/v2\/pages\/24\/page\/10\/\">10<\/a>\n<a class=\"next page-numbers\" href=\"https:\/\/pb.edu.pl\/rpkbialystok\/wp-json\/wp\/v2\/pages\/24\/page\/2\/\">Nast\u0119pne<\/a><\/div>\n\t<\/nav>\t\t\t<\/div>\n\n","protected":false},"excerpt":{"rendered":"","protected":false},"author":2,"featured_media":0,"parent":0,"menu_order":3,"comment_status":"closed","ping_status":"closed","template":"","meta":{"_acf_changed":false,"ngg_post_thumbnail":0,"footnotes":""},"class_list":["post-24","page","type-page","status-publish","hentry"],"acf":[],"_links":{"self":[{"href":"https:\/\/pb.edu.pl\/rpkbialystok\/wp-json\/wp\/v2\/pages\/24","targetHints":{"allow":["GET"]}}],"collection":[{"href":"https:\/\/pb.edu.pl\/rpkbialystok\/wp-json\/wp\/v2\/pages"}],"about":[{"href":"https:\/\/pb.edu.pl\/rpkbialystok\/wp-json\/wp\/v2\/types\/page"}],"author":[{"embeddable":true,"href":"https:\/\/pb.edu.pl\/rpkbialystok\/wp-json\/wp\/v2\/users\/2"}],"replies":[{"embeddable":true,"href":"https:\/\/pb.edu.pl\/rpkbialystok\/wp-json\/wp\/v2\/comments?post=24"}],"version-history":[{"count":0,"href":"https:\/\/pb.edu.pl\/rpkbialystok\/wp-json\/wp\/v2\/pages\/24\/revisions"}],"wp:attachment":[{"href":"https:\/\/pb.edu.pl\/rpkbialystok\/wp-json\/wp\/v2\/media?parent=24"}],"curies":[{"name":"wp","href":"https:\/\/api.w.org\/{rel}","templated":true}]}}