{"id":1937,"date":"2023-11-27T17:19:58","date_gmt":"2023-11-27T16:19:58","guid":{"rendered":"https:\/\/pb.edu.pl\/pzp\/?page_id=1937"},"modified":"2026-03-31T19:31:37","modified_gmt":"2026-03-31T17:31:37","slug":"formularz-rejestracyjny","status":"publish","type":"page","link":"https:\/\/pb.edu.pl\/pzp\/warsztaty\/formularz-rejestracyjny\/","title":{"rendered":"Formularz rejestracyjny na warsztaty organizowane w ramach profilaktyki zdrowia psychicznego w PB"},"content":{"rendered":"<p>Pola oznaczone gwiazdk\u0105 (*) s\u0105 obowi\u0105zkowe do wype\u0142nienia.<\/p>\n\n<div class=\"wpcf7 no-js\" id=\"wpcf7-f3039-o1\" lang=\"pl-PL\" dir=\"ltr\" data-wpcf7-id=\"3039\">\n<div class=\"screen-reader-response\"><p role=\"status\" aria-live=\"polite\" aria-atomic=\"true\"><\/p> <ul><\/ul><\/div>\n<form action=\"\/pzp\/wp-json\/wp\/v2\/pages\/1937#wpcf7-f3039-o1\" method=\"post\" class=\"wpcf7-form init\" aria-label=\"Formularz kontaktowy\" novalidate=\"novalidate\" data-status=\"init\">\n<fieldset class=\"hidden-fields-container\"><input type=\"hidden\" name=\"_wpcf7\" value=\"3039\" \/><input type=\"hidden\" name=\"_wpcf7_version\" value=\"6.1.5\" \/><input type=\"hidden\" name=\"_wpcf7_locale\" value=\"pl_PL\" \/><input type=\"hidden\" name=\"_wpcf7_unit_tag\" value=\"wpcf7-f3039-o1\" \/><input type=\"hidden\" name=\"_wpcf7_container_post\" value=\"0\" \/><input type=\"hidden\" name=\"_wpcf7_posted_data_hash\" value=\"\" \/><input type=\"hidden\" name=\"_wpcf7cf_hidden_group_fields\" value=\"[]\" \/><input type=\"hidden\" name=\"_wpcf7cf_hidden_groups\" value=\"[]\" \/><input type=\"hidden\" name=\"_wpcf7cf_visible_groups\" value=\"[]\" \/><input type=\"hidden\" name=\"_wpcf7cf_repeaters\" value=\"[]\" \/><input type=\"hidden\" name=\"_wpcf7cf_steps\" value=\"{}\" \/><input type=\"hidden\" name=\"_wpcf7cf_options\" value=\"{&quot;form_id&quot;:3039,&quot;conditions&quot;:[{&quot;then_field&quot;:&quot;group-pracownik&quot;,&quot;and_rules&quot;:[{&quot;if_field&quot;:&quot;grupa&quot;,&quot;operator&quot;:&quot;equals&quot;,&quot;if_value&quot;:&quot;Pracownik&quot;}]},{&quot;then_field&quot;:&quot;group-student&quot;,&quot;and_rules&quot;:[{&quot;if_field&quot;:&quot;grupa&quot;,&quot;operator&quot;:&quot;equals&quot;,&quot;if_value&quot;:&quot;Student&quot;}]}],&quot;settings&quot;:{&quot;animation&quot;:&quot;yes&quot;,&quot;animation_intime&quot;:200,&quot;animation_outtime&quot;:200,&quot;conditions_ui&quot;:&quot;normal&quot;,&quot;notice_dismissed&quot;:false,&quot;notice_dismissed_update-cf7-5.6.2&quot;:true}}\" \/>\n<\/fieldset>\n<div class=\"wpcf7-turnstile cf-turnstile\" data-sitekey=\"0x4AAAAAACDP-G-k0g-pygWP\" data-response-field-name=\"_wpcf7_turnstile_response\"><\/div>\n\n<div class=\"row\">\n\t<div class=\"col-md-12 mx-auto\">\n\t\t<div class=\"row\">\n\t\t\t<div class=\"col-md-5\">\n\t\t\t\t<p><label for=\"imie\"> Imi\u0119 Nazwisko: * <\/label><br \/>\n<span class=\"wpcf7-form-control-wrap\" data-name=\"imie\"><input size=\"40\" maxlength=\"400\" class=\"wpcf7-form-control wpcf7-text wpcf7-validates-as-required\" id=\"imie\" aria-required=\"true\" aria-invalid=\"false\" value=\"\" type=\"text\" name=\"imie\" \/><\/span>\n\t\t\t\t<\/p>\n\t\t\t<\/div>\n\t\t\t<div class=\"col-md-5\">\n\t\t\t\t<p><label for=\"email\"> Adres e-mail: * <\/label><br \/>\n<span class=\"wpcf7-form-control-wrap\" data-name=\"email\"><input size=\"40\" maxlength=\"400\" class=\"wpcf7-form-control wpcf7-email wpcf7-validates-as-required wpcf7-text wpcf7-validates-as-email\" id=\"email\" aria-required=\"true\" aria-invalid=\"false\" value=\"\" type=\"email\" name=\"email\" \/><\/span>\n\t\t\t\t<\/p>\n\t\t\t<\/div>\n\t\t<\/div>\n\t\t<div class=\"row\">\n\t\t\t<div class=\"col-md-10\">\n\t\t\t\t<p><label for=\"grupa\"> Grupa docelowa: * <\/label><br \/>\n<span class=\"wpcf7-form-control-wrap\" data-name=\"grupa\"><span class=\"wpcf7-form-control wpcf7-radio\" id=\"grupa\"><span class=\"wpcf7-list-item first\"><label><input type=\"radio\" name=\"grupa\" value=\"Pracownik\" \/><span class=\"wpcf7-list-item-label\">Pracownik<\/span><\/label><\/span><span class=\"wpcf7-list-item last\"><label><input type=\"radio\" name=\"grupa\" value=\"Student\" \/><span class=\"wpcf7-list-item-label\">Student<\/span><\/label><\/span><\/span><\/span>\n\t\t\t\t<\/p>\n\t\t\t<\/div>\n\t\t<\/div>\n\t\t<div data-id=\"group-pracownik\" data-orig_data_id=\"group-pracownik\" data-clear_on_hide class=\"\" data-class=\"wpcf7cf_group\">\n\t\t\t<div class=\"row\">\n\t\t\t\t<div class=\"col-md-10\">\n\t\t\t\t\t<p><label for=\"warsztaty-pracownik\"> Warsztaty: * <\/label><br \/>\n<span class=\"wpcf7-form-control-wrap\" data-name=\"warsztaty-pracownik\"><span class=\"wpcf7-form-control wpcf7-checkbox\" id=\"warsztaty-pracownik\"><span class=\"wpcf7-list-item first\"><label><input type=\"checkbox\" name=\"warsztaty-pracownik[]\" value=\"Techniki efektywnej nauki i zapami\u0119tywania - 17.04.2026, godz. 9:00-12:00\" \/><span class=\"wpcf7-list-item-label\">Techniki efektywnej nauki i zapami\u0119tywania - 17.04.2026, godz. 9:00-12:00<\/span><\/label><\/span><span class=\"wpcf7-list-item\"><label><input type=\"checkbox\" name=\"warsztaty-pracownik[]\" value=\"Budowanie pewno\u015bci siebie - 28.04.2026, godz. 9:00-12:00\" \/><span class=\"wpcf7-list-item-label\">Budowanie pewno\u015bci siebie - 28.04.2026, godz. 9:00-12:00<\/span><\/label><\/span><span class=\"wpcf7-list-item\"><label><input type=\"checkbox\" name=\"warsztaty-pracownik[]\" value=\"Efektywna komunikacja - 04.05.2026, godz. 9:00-12:00\" \/><span class=\"wpcf7-list-item-label\">Efektywna komunikacja - 04.05.2026, godz. 9:00-12:00<\/span><\/label><\/span><span class=\"wpcf7-list-item\"><label><input type=\"checkbox\" name=\"warsztaty-pracownik[]\" value=\"Zarz\u0105dzanie informacj\u0105 i cyfrowy detoks - 05.05.2026, godz. 9:00-12:00\" \/><span class=\"wpcf7-list-item-label\">Zarz\u0105dzanie informacj\u0105 i cyfrowy detoks - 05.05.2026, godz. 9:00-12:00<\/span><\/label><\/span><span class=\"wpcf7-list-item\"><label><input type=\"checkbox\" name=\"warsztaty-pracownik[]\" value=\"Sztuka asertywno\u015bci - 07.05.2026, godz. 12:00-15:00\" \/><span class=\"wpcf7-list-item-label\">Sztuka asertywno\u015bci - 07.05.2026, godz. 12:00-15:00<\/span><\/label><\/span><span class=\"wpcf7-list-item\"><label><input type=\"checkbox\" name=\"warsztaty-pracownik[]\" value=\"Zarz\u0105dzanie stresem i relaksacja - 11.05.2026, godz. 09:00-12:00\" \/><span class=\"wpcf7-list-item-label\">Zarz\u0105dzanie stresem i relaksacja - 11.05.2026, godz. 09:00-12:00<\/span><\/label><\/span><span class=\"wpcf7-list-item\"><label><input type=\"checkbox\" name=\"warsztaty-pracownik[]\" value=\"Work-life balance \u2013 jak znale\u017a\u0107 r\u00f3wnowag\u0119 - 12.05.2026, godz. 09:00-12:00\" \/><span class=\"wpcf7-list-item-label\">Work-life balance \u2013 jak znale\u017a\u0107 r\u00f3wnowag\u0119 - 12.05.2026, godz. 09:00-12:00<\/span><\/label><\/span><span class=\"wpcf7-list-item\"><label><input type=\"checkbox\" name=\"warsztaty-pracownik[]\" value=\"Wypalenie zawodowe \u2013 rozpoznawanie i zapobieganie - 18.05.2026, godz. 12:15-15:15\" \/><span class=\"wpcf7-list-item-label\">Wypalenie zawodowe \u2013 rozpoznawanie i zapobieganie - 18.05.2026, godz. 12:15-15:15<\/span><\/label><\/span><span class=\"wpcf7-list-item\"><label><input type=\"checkbox\" name=\"warsztaty-pracownik[]\" value=\"Samo\u015bwiadomo\u015b\u0107 my\u015bli i uczu\u0107 - 19.05.2026, godz. 12:15-15:15\" \/><span class=\"wpcf7-list-item-label\">Samo\u015bwiadomo\u015b\u0107 my\u015bli i uczu\u0107 - 19.05.2026, godz. 12:15-15:15<\/span><\/label><\/span><span class=\"wpcf7-list-item last\"><label><input type=\"checkbox\" name=\"warsztaty-pracownik[]\" value=\"Wellbeing finansowy - 25.05.2026, godz. 9:00-12:00\" \/><span class=\"wpcf7-list-item-label\">Wellbeing finansowy - 25.05.2026, godz. 9:00-12:00<\/span><\/label><\/span><\/span><\/span>\n\t\t\t\t\t<\/p>\n\t\t\t\t<\/div>\n\t\t\t<\/div>\n\t\t<\/div>\n\t\t<div data-id=\"group-student\" data-orig_data_id=\"group-student\" data-clear_on_hide class=\"\" data-class=\"wpcf7cf_group\">\n\t\t\t<div class=\"row\">\n\t\t\t\t<div class=\"col-md-10\">\n\t\t\t\t\t<p><label for=\"warsztaty-student\"> Warsztaty: * <\/label><br \/>\n<span class=\"wpcf7-form-control-wrap\" data-name=\"warsztaty-student\"><span class=\"wpcf7-form-control wpcf7-checkbox\" id=\"warsztaty-student\"><span class=\"wpcf7-list-item first\"><label><input type=\"checkbox\" name=\"warsztaty-student[]\" value=\"Techniki efektywnej nauki i zapami\u0119tywania - 24.04.2026, godz. 9:00-12:00\" \/><span class=\"wpcf7-list-item-label\">Techniki efektywnej nauki i zapami\u0119tywania - 24.04.2026, godz. 9:00-12:00<\/span><\/label><\/span><span class=\"wpcf7-list-item\"><label><input type=\"checkbox\" name=\"warsztaty-student[]\" value=\"Budowanie pewno\u015bci siebie - 29.04.2026, godz. 11:00-14:00\" \/><span class=\"wpcf7-list-item-label\">Budowanie pewno\u015bci siebie - 29.04.2026, godz. 11:00-14:00<\/span><\/label><\/span><span class=\"wpcf7-list-item\"><label><input type=\"checkbox\" name=\"warsztaty-student[]\" value=\"Efektywna komunikacja - 04.05.2026, godz. 12:15-15:15\" \/><span class=\"wpcf7-list-item-label\">Efektywna komunikacja - 04.05.2026, godz. 12:15-15:15<\/span><\/label><\/span><span class=\"wpcf7-list-item\"><label><input type=\"checkbox\" name=\"warsztaty-student[]\" value=\"Zarz\u0105dzanie informacj\u0105 i cyfrowy detoks - 05.05.2026, godz. 12:15-15:15\" \/><span class=\"wpcf7-list-item-label\">Zarz\u0105dzanie informacj\u0105 i cyfrowy detoks - 05.05.2026, godz. 12:15-15:15<\/span><\/label><\/span><span class=\"wpcf7-list-item\"><label><input type=\"checkbox\" name=\"warsztaty-student[]\" value=\"Sztuka asertywno\u015bci - 08.05.2026, godz. 9:00-12:00\" \/><span class=\"wpcf7-list-item-label\">Sztuka asertywno\u015bci - 08.05.2026, godz. 9:00-12:00<\/span><\/label><\/span><span class=\"wpcf7-list-item\"><label><input type=\"checkbox\" name=\"warsztaty-student[]\" value=\"Zarz\u0105dzanie stresem i relaksacja - 11.05.2026, godz. 12:15-15:15\" \/><span class=\"wpcf7-list-item-label\">Zarz\u0105dzanie stresem i relaksacja - 11.05.2026, godz. 12:15-15:15<\/span><\/label><\/span><span class=\"wpcf7-list-item\"><label><input type=\"checkbox\" name=\"warsztaty-student[]\" value=\"Work-life balance \u2013 jak znale\u017a\u0107 r\u00f3wnowag\u0119 - 18.05.2026, godz. 9:00-12:00\" \/><span class=\"wpcf7-list-item-label\">Work-life balance \u2013 jak znale\u017a\u0107 r\u00f3wnowag\u0119 - 18.05.2026, godz. 9:00-12:00<\/span><\/label><\/span><span class=\"wpcf7-list-item\"><label><input type=\"checkbox\" name=\"warsztaty-student[]\" value=\"Wypalenie zawodowe \u2013 rozpoznawanie i zapobieganie - 19.05.2026, godz. 9:00-12:00\" \/><span class=\"wpcf7-list-item-label\">Wypalenie zawodowe \u2013 rozpoznawanie i zapobieganie - 19.05.2026, godz. 9:00-12:00<\/span><\/label><\/span><span class=\"wpcf7-list-item\"><label><input type=\"checkbox\" name=\"warsztaty-student[]\" value=\"Samo\u015bwiadomo\u015b\u0107 my\u015bli i uczu\u0107 - 22.05.2026, godz. 9:00-12:00\" \/><span class=\"wpcf7-list-item-label\">Samo\u015bwiadomo\u015b\u0107 my\u015bli i uczu\u0107 - 22.05.2026, godz. 9:00-12:00<\/span><\/label><\/span><span class=\"wpcf7-list-item last\"><label><input type=\"checkbox\" name=\"warsztaty-student[]\" value=\"Wellbeing finansowy - 29.05.2026, godz. 9:00-12:00\" \/><span class=\"wpcf7-list-item-label\">Wellbeing finansowy - 29.05.2026, godz. 9:00-12:00<\/span><\/label><\/span><\/span><\/span>\n\t\t\t\t\t<\/p>\n\t\t\t\t<\/div>\n\t\t\t<\/div>\n\t\t<\/div>\n\t\t<div class=\"row\">\n\t\t\t<div class=\"col-md-12\">\n\t\t\t<hr \/>\n\t\t\t<\/div>\n\t\t<\/div>\n\t\t<div class=\"row\">\n\t\t\t<div class=\"col-md-12\">\n\t\t\t\t<p><span class=\"wpcf7-form-control-wrap\" data-name=\"acceptance-100\"><span class=\"wpcf7-form-control wpcf7-acceptance\"><span class=\"wpcf7-list-item\"><label><input type=\"checkbox\" name=\"acceptance-100\" value=\"1\" aria-invalid=\"false\" \/><span class=\"wpcf7-list-item-label\">Przyjmuj\u0119 do wiadomo\u015bci i\u017c w zwi\u0105zku ze stacjonarn\u0105 organizacj\u0105 wydarzenia, w celu informacyjno-promocyjnym, Organizator dokonuje rejestracji przebiegu wydarzenia za pomoc\u0105 relacji fotograficznych w wyniku czego zdj\u0119cia z wizerunkami Uczestnik\u00f3w, jako element obrazu dokumentuj\u0105cego przebieg tego wydarzenia mog\u0105 zosta\u0107 zamieszczone na stronie internetowej Organizatora i profilach spo\u0142eczno\u015bciowych, na kt\u00f3rych Organizator posiada konto. Poprzez sw\u00f3j udzia\u0142 w warsztatach wyra\u017cam zgod\u0119 na przetwarzanie wizerunku zarejestrowanego w trakcie przebiegu warsztat\u00f3w.<\/span><\/label><\/span><\/span><\/span><br \/>\n<span class=\"wpcf7-form-control-wrap\" data-name=\"acceptance-101\"><span class=\"wpcf7-form-control wpcf7-acceptance\"><span class=\"wpcf7-list-item\"><label><input type=\"checkbox\" name=\"acceptance-101\" value=\"1\" aria-invalid=\"false\" \/><span class=\"wpcf7-list-item-label\">Zapozna\u0142am\/em si\u0119 z informacj\u0105 administratora dotycz\u0105c\u0105 przetwarzania danych osobowych.<\/span><\/label><\/span><\/span><\/span>\n\t\t\t\t<\/p>\n\t\t\t\t<p style=\"text-indent: 0px\"><a class=\"pdf\" href=\"https:\/\/pb.edu.pl\/pzp\/wp-content\/uploads\/sites\/99\/2025\/11\/klauzula_RODO_warsztaty-2025-Profilaktyka-Zdrowia-Psychicznego.pdf\" target=\"_blank\" data-id=\"1262\" rel=\"noopener\">Klauzula informacyjne dotycz\u0105c\u0105 przetwarzania danych osobowych uczestnik\u00f3w warsztat\u00f3w organizowanych w ramach profilaktyki zdrowia psychicznego w Politechnice Bia\u0142ostockiej <span>(PDF, 154 KB, otworzy si\u0119 w nowej karcie)<\/span><\/a>\n\t\t\t\t<\/p>\n\t\t\t<\/div>\n\t\t<\/div>\n\t\t<div class=\"row\">\n\t\t\t<div class=\"col-12 text-right\">\n\t\t\t\t<p>&nbsp;<br \/>\n<input class=\"wpcf7-form-control wpcf7-submit has-spinner\" type=\"submit\" value=\"Wy\u015blij zg\u0142oszenie\" \/>\n\t\t\t\t<\/p>\n\t\t\t<\/div>\n\t\t<\/div>\n\t<\/div>\n<\/div><div class=\"wpcf7-response-output\" aria-hidden=\"true\"><\/div>\n<\/form>\n<\/div>\n\n","protected":false},"excerpt":{"rendered":"<p>Pola oznaczone gwiazdk\u0105 (*) s\u0105 obowi\u0105zkowe do wype\u0142nienia.<\/p>\n","protected":false},"author":2,"featured_media":0,"parent":1878,"menu_order":1,"comment_status":"closed","ping_status":"closed","template":"","meta":{"_acf_changed":false,"ngg_post_thumbnail":0,"footnotes":""},"class_list":["post-1937","page","type-page","status-publish","hentry"],"acf":[],"_links":{"self":[{"href":"https:\/\/pb.edu.pl\/pzp\/wp-json\/wp\/v2\/pages\/1937","targetHints":{"allow":["GET"]}}],"collection":[{"href":"https:\/\/pb.edu.pl\/pzp\/wp-json\/wp\/v2\/pages"}],"about":[{"href":"https:\/\/pb.edu.pl\/pzp\/wp-json\/wp\/v2\/types\/page"}],"author":[{"embeddable":true,"href":"https:\/\/pb.edu.pl\/pzp\/wp-json\/wp\/v2\/users\/2"}],"replies":[{"embeddable":true,"href":"https:\/\/pb.edu.pl\/pzp\/wp-json\/wp\/v2\/comments?post=1937"}],"version-history":[{"count":1,"href":"https:\/\/pb.edu.pl\/pzp\/wp-json\/wp\/v2\/pages\/1937\/revisions"}],"predecessor-version":[{"id":3040,"href":"https:\/\/pb.edu.pl\/pzp\/wp-json\/wp\/v2\/pages\/1937\/revisions\/3040"}],"up":[{"embeddable":true,"href":"https:\/\/pb.edu.pl\/pzp\/wp-json\/wp\/v2\/pages\/1878"}],"wp:attachment":[{"href":"https:\/\/pb.edu.pl\/pzp\/wp-json\/wp\/v2\/media?parent=1937"}],"curies":[{"name":"wp","href":"https:\/\/api.w.org\/{rel}","templated":true}]}}