{"id":15,"date":"2021-12-23T12:22:51","date_gmt":"2021-12-23T11:22:51","guid":{"rendered":"https:\/\/pb.edu.pl\/piknik-rodzinny-2025\/?page_id=15"},"modified":"2026-04-30T15:09:45","modified_gmt":"2026-04-30T13:09:45","slug":"zaprojektowani-pb","status":"publish","type":"page","link":"https:\/\/pb.edu.pl\/piknik-rodzinny-2026\/","title":{"rendered":"Piknik Rodzinny Politechniki Bia\u0142ostockiej 2026"},"content":{"rendered":"<div class=\"img-full\">\n<p><img decoding=\"async\" src=\"https:\/\/pb.edu.pl\/piknik-rodzinny-2026\/wp-content\/uploads\/sites\/151\/2026\/04\/banner-piknik-rodzinny-new.jpg\" alt=\"Piknik rodzinny Politechniki Bia\u0142ostockiej 31 maja 2026 r.\"><\/p>\n<div class=\"img-full-text\">\n<div class=\"img-logo\">&nbsp;<\/div>\n<div class=\"img-logo-2\">&nbsp;<\/div>\n<div class=\"img-full-pb\">&nbsp;<\/div>\n<div class=\"img-full-button\">&nbsp;<\/div>\n<\/div>\n<\/div>\n<div class=\"h3 gray\">\n<p>Si\u0142a naszej uczelni to przede wszystkim ludzie! Czas wsp\u00f3lnie stworzy\u0107 co\u015b wyj\u0105tkowego!<\/p>\n<p>Zapraszamy na Piknik Rodzinny Politechniki Bia\u0142ostockiej.<\/p>\n<p>\u0141\u0105czmy pokolenia integruj\u0105c ca\u0142\u0105 spo\u0142eczno\u015b\u0107 \u2013 Pracownik\u00f3w, Doktorant\u00f3w i Student\u00f3w PB oraz nasze Rodziny.<br \/>\nTo b\u0119dzie wyj\u0105tkowy Dzie\u0144 Dziecka wype\u0142niony dobr\u0105 energi\u0105, kt\u00f3ra nie zna metryki.<\/p>\n<p>Widzimy si\u0119 31 maja 2026 roku w godzinach 13-19 na terenach zielonych przed Wydzia\u0142em Elektrycznym.<\/p>\n<\/div>\n<p>&nbsp;<\/p>\n<div id=\"atrakcje-piknik\" class=\"href\">&nbsp;<\/div>\n<div class=\"atrakcje-bg\">\n<div class=\"h1\">Atrakcje<\/div>\n<div class=\"row\">\n<div class=\"col-md-4\">\n<div class=\"modal-link\"><a class=\"article-image\" href=\"#modal-1\" data-toggle=\"modal\"><img loading=\"lazy\" decoding=\"async\" class=\"img-responsive\" src=\"https:\/\/pb.edu.pl\/piknik-rodzinny-2026\/wp-content\/uploads\/sites\/151\/2026\/04\/dmuchance-kwiatek.png\" alt=\"\" width=\"262\" height=\"231\">Miasteczko dmuchane<\/a><\/div>\n<div id=\"modal-1\" class=\"modal fade\" role=\"dialog\" aria-labelledby=\"myModalLabel\">\n<div class=\"modal-dialog\" role=\"document\">\n<div class=\"modal-content\">\n<div class=\"modal-header\"><button class=\"close\" type=\"button\" data-dismiss=\"modal\" aria-label=\"Zamknij\"><span aria-hidden=\"true\">\u00d7<\/span><\/button><\/div>\n<div class=\"modal-body\">\n<p><strong>Miasteczko dmuchane<\/strong> zawsze robi WOW!<\/p>\n<p>To przestrze\u0144 frajdy w rozmiarze XXL! Idealna dla dzieci, ale te\u017c dla doros\u0142ych, kt\u00f3rzy chc\u0105 na chwil\u0119 wr\u00f3ci\u0107 do beztroskiej zabawy.<\/p>\n<p>Co czeka na uczestnik\u00f3w?<br \/>\nA\u017c 4 zamki dmuchane! Ze \u015bciank\u0105 wspinaczkow\u0105, zje\u017cd\u017calniami i poduch\u0105 do skakania.<br \/>\nTo b\u0119dzie prawdziwe centrum dobrej zabawy!<\/p>\n<\/div>\n<\/div>\n<\/div>\n<\/div>\n<\/div>\n<div class=\"col-md-4\">\n<div class=\"modal-link\"><a class=\"article-image\" href=\"#modal-2\" data-toggle=\"modal\"><img loading=\"lazy\" decoding=\"async\" class=\"img-responsive\" src=\"https:\/\/pb.edu.pl\/piknik-rodzinny-2026\/wp-content\/uploads\/sites\/151\/2026\/04\/atrakcje-dla-maluszkow-kwiatek-new.png\" alt=\"\" width=\"243\" height=\"230\">K\u0105cik dla maluszka<\/a><\/div>\n<div id=\"modal-2\" class=\"modal fade\" role=\"dialog\" aria-labelledby=\"myModalLabel\">\n<div class=\"modal-dialog\" role=\"document\">\n<div class=\"modal-content\">\n<div class=\"modal-header\"><button class=\"close\" type=\"button\" data-dismiss=\"modal\" aria-label=\"Zamknij\"><span aria-hidden=\"true\">\u00d7<\/span><\/button><\/div>\n<div class=\"modal-body\">\n<p><strong>Namiot ze stref\u0105 maluszka<\/strong> to przyjazna przestrze\u0144 stworzona z my\u015bl\u0105 o najm\u0142odszych uczestnikach wydarzenia.<\/p>\n<p>To miejsce, w kt\u00f3rym dzieci mog\u0105 spokojnie si\u0119 bawi\u0107 i poznawa\u0107 \u015bwiat poprzez sensoryczne aktywno\u015bci\u2026 a rodzice znajd\u0105 chwil\u0119 wytchnienia.<\/p>\n<p>W strefie maluszka czekaj\u0105:<\/p>\n<ul>\n<li>stanowisko plastyczne \u2013 pierwsze kreatywne prace kolorami,<\/li>\n<li>dywanik z zabawkami \u2013 bezpieczna przestrze\u0144 do swobodnej zabawy,<\/li>\n<li>bujak \u2013 radosna aktywno\u015b\u0107 ruchowa dla najm\u0142odszych.<\/li>\n<\/ul>\n<p>Miejsce wyposa\u017cone jest w przewijak.<\/p>\n<\/div>\n<\/div>\n<\/div>\n<\/div>\n<\/div>\n<div class=\"col-md-4\">\n<div class=\"modal-link\"><a class=\"article-image\" href=\"#modal-3\" data-toggle=\"modal\"><img loading=\"lazy\" decoding=\"async\" class=\"img-responsive\" src=\"https:\/\/pb.edu.pl\/piknik-rodzinny-2026\/wp-content\/uploads\/sites\/151\/2026\/04\/atrakcje-dla-dzieci-kwiatek.png\" alt=\"\" width=\"262\" height=\"231\">Atrakcje dla dzieci<\/a><\/div>\n<div id=\"modal-3\" class=\"modal fade\" role=\"dialog\" aria-labelledby=\"myModalLabel\">\n<div class=\"modal-dialog\" role=\"document\">\n<div class=\"modal-content\">\n<div class=\"modal-header\"><button class=\"close\" type=\"button\" data-dismiss=\"modal\" aria-label=\"Zamknij\"><span aria-hidden=\"true\">\u00d7<\/span><\/button><\/div>\n<div class=\"modal-body\">\n<p><strong>Wst\u0119p do \u015bwiata wyobra\u017ani.<\/strong><\/p>\n<p>Przygotowali\u015bmy atrakcje, kt\u00f3re zach\u0119caj\u0105 do kreatywno\u015bci i odkrywania nowych aktywno\u015bci w przyjaznej atmosferze. Ka\u017cde stanowisko daje mo\u017cliwo\u015b\u0107 tw\u00f3rczego dzia\u0142ania i wsp\u00f3lnej zabawy, kt\u00f3ra anga\u017cuje i rozwija junior\u00f3w.<\/p>\n<p>W programie:<\/p>\n<ul>\n<li>stoisko tw\u00f3rcze \u2013 kreatywne zaj\u0119cia rozwijaj\u0105ce wyobra\u017ani\u0119,<\/li>\n<li>stoisko konstruktorskie \u2013 budowanie, testowanie i eksperymentowanie,<\/li>\n<li>du\u017ce gry \u2013 znane zabawy w powi\u0119kszonym formacie,<\/li>\n<li>stoisko cyrkowe \u2013 magiczna frajda dla ka\u017cdego dziecka,<\/li>\n<li>zabawy z chust\u0105 animacyjn\u0105 \u2013 ruch, kolory i wsp\u00f3lna integracja,<\/li>\n<li>ba\u0144ki mydlane \u2013 efekt szcz\u0119\u015bcia gwarantowany,<\/li>\n<li>skr\u0119cania balon\u00f3w \u2013 to zawsze dzia\u0142a,<\/li>\n<li>malowanie twarzy \u2013 dzieciaki to uwielbiaj\u0105!<\/li>\n<\/ul>\n<\/div>\n<\/div>\n<\/div>\n<\/div>\n<\/div>\n<\/div>\n<div class=\"row\">\n<div class=\"col-md-4\">\n<div class=\"modal-link\"><a class=\"article-image\" href=\"#modal-4\" data-toggle=\"modal\"><img loading=\"lazy\" decoding=\"async\" class=\"img-responsive\" src=\"https:\/\/pb.edu.pl\/piknik-rodzinny-2026\/wp-content\/uploads\/sites\/151\/2026\/04\/atrakcje-dla-duzych-i-malyach-kwiatek-new.png\" alt=\"\" width=\"243\" height=\"236\">Atrakcje dla du\u017cych i ma\u0142ych<\/a><\/div>\n<div id=\"modal-4\" class=\"modal fade\" role=\"dialog\" aria-labelledby=\"myModalLabel\">\n<div class=\"modal-dialog\" role=\"document\">\n<div class=\"modal-content\">\n<div class=\"modal-header\"><button class=\"close\" type=\"button\" data-dismiss=\"modal\" aria-label=\"Zamknij\"><span aria-hidden=\"true\">\u00d7<\/span><\/button><\/div>\n<div class=\"modal-body\">\n<p><strong>\u0141\u0105czymy pokolenia.<\/strong><\/p>\n<p>W tej strefie miksujemy atrakcje zar\u00f3wno dla dzieci, jak i doros\u0142ych. Ka\u017cdy znajdzie tu co\u015b dla siebie \u2013 od spokojnych aktywno\u015bci po dynamiczne wyzwania i sportowe emocje.<\/p>\n<p>W programie:<\/p>\n<ul>\n<li>strefa konstrukcyjna XXL \u2013 wielkie klocki do budowania bez ogranicze\u0144,<\/li>\n<li>bumper ball \u2013 dmuchane kule nap\u0119dzane si\u0142\u0105 mi\u0119\u015bni,<\/li>\n<li>zawody sumo \u2013 rywalizacja w dmuchanych strojach,<\/li>\n<li>animacje rodzinne, taneczne i sportowe,<\/li>\n<li>kszta\u0142tki rehabilitacyjne \u2013 piankowe klocki XXL dla ma\u0142ych i du\u017cych,<\/li>\n<li>zawody \u0142ucznicze \u2013 sprawdzian celno\u015bci i sportowych emocji.<\/li>\n<\/ul>\n<\/div>\n<\/div>\n<\/div>\n<\/div>\n<\/div>\n<div class=\"col-md-4\">\n<div class=\"modal-link\"><a class=\"article-image\" href=\"#modal-5\" data-toggle=\"modal\"><img loading=\"lazy\" decoding=\"async\" class=\"img-responsive\" src=\"https:\/\/pb.edu.pl\/piknik-rodzinny-2026\/wp-content\/uploads\/sites\/151\/2026\/04\/fotobudka-kwiatek.png\" alt=\"\" width=\"284\" height=\"231\">Fotobudka<\/a><\/div>\n<div id=\"modal-5\" class=\"modal fade\" role=\"dialog\" aria-labelledby=\"myModalLabel\">\n<div class=\"modal-dialog\" role=\"document\">\n<div class=\"modal-content\">\n<div class=\"modal-header\"><button class=\"close\" type=\"button\" data-dismiss=\"modal\" aria-label=\"Zamknij\"><span aria-hidden=\"true\">\u00d7<\/span><\/button><\/div>\n<div class=\"modal-body\">\n<p><strong>Fotobudka<\/strong> to idealna okazja, by zatrzyma\u0107 wsp\u00f3lne chwile. Na uczestnik\u00f3w czeka mn\u00f3stwo \u015bmiesznych gad\u017cet\u00f3w i rekwizyt\u00f3w, dzi\u0119ki kt\u00f3rym zdj\u0119cia z rodzin\u0105 czy wsp\u00f3\u0142pracownikami nabior\u0105 wyj\u0105tkowego charakteru. To przestrze\u0144 do spontanicznej zabawy i tworzenia pami\u0105tek, kt\u00f3re zostaj\u0105 na d\u0142ugo.<\/p>\n<p>Na miejscu obecna b\u0119dzie r\u00f3wnie\u017c obs\u0142uga, kt\u00f3ra pomo\u017ce w korzystaniu z fotobudki i zadba o to, by ka\u017cdy m\u00f3g\u0142 bez trudu odebra\u0107 swoje idealne zdj\u0119cie.<\/p>\n<\/div>\n<\/div>\n<\/div>\n<\/div>\n<\/div>\n<div class=\"col-md-4\">\n<div class=\"modal-link\"><a class=\"article-image\" href=\"#modal-6\" data-toggle=\"modal\"><img loading=\"lazy\" decoding=\"async\" class=\"img-responsive\" src=\"https:\/\/pb.edu.pl\/piknik-rodzinny-2026\/wp-content\/uploads\/sites\/151\/2026\/04\/warsztaty-taneczne-kwiatek.png\" alt=\"\" width=\"284\" height=\"231\">Warsztaty taneczne<br \/>\ndla dzieci i doros\u0142ych<\/a><\/div>\n<div id=\"modal-6\" class=\"modal fade\" role=\"dialog\" aria-labelledby=\"myModalLabel\">\n<div class=\"modal-dialog\" role=\"document\">\n<div class=\"modal-content\">\n<div class=\"modal-header\"><button class=\"close\" type=\"button\" data-dismiss=\"modal\" aria-label=\"Zamknij\"><span aria-hidden=\"true\">\u00d7<\/span><\/button><\/div>\n<div class=\"modal-body\">\n<p>Lubisz ta\u0144czy\u0107? We\u017a udzia\u0142 w warsztatach z instruktorem i porwij na parkiet swoj\u0105 rodzin\u0119. Nasze zaj\u0119cia to po\u0142\u0105czenie nauki ta\u0144ca i kreatywnych animacji, kt\u00f3re anga\u017cuj\u0105 zar\u00f3wno dzieci, jak i doros\u0142ych.<\/p>\n<p><strong>Warsztaty i animacje dla dzieci (3\u201314 lat):<\/strong><\/p>\n<ul>\n<li>dynamiczne zaj\u0119cia taneczne prowadzone przez instruktor\u00f3w i grupy pokazowe w stylach: jazz, baby dance, balet, hip hop, TikTok, dance mix,<\/li>\n<li>nauka prostych uk\u0142ad\u00f3w dostosowanych do wieku,<\/li>\n<li>animacje ruchowe i zabawy integracyjne,<\/li>\n<li>mini konkursy.<\/li>\n<\/ul>\n<p><strong>Taniec dla doros\u0142ych i dzieci w parach:<\/strong><\/p>\n<ul>\n<li>integracyjne zaj\u0119cia taneczne dla r\u00f3\u017cnych pokole\u0144,<\/li>\n<li>proste choreografie prowadzone przez profesjonalnych tancerzy,<\/li>\n<li>konkursy i wsp\u00f3lne aktywno\u015bci dla par.<\/li>\n<\/ul>\n<p>Czekaj\u0105 nas dwie godziny pe\u0142ne ruchu i wsp\u00f3lnej zabawy, kt\u00f3re \u0142\u0105cz\u0105 pokolenia w ta\u0144cu.<\/p>\n<p>Dodatkowe atrakcje: konkursy z nagrodami (wej\u015bci\u00f3wki na zaj\u0119cia do Fabryki Ta\u0144ca).<\/p>\n<\/div>\n<\/div>\n<\/div>\n<\/div>\n<\/div>\n<\/div>\n<div class=\"row\">\n<div class=\"col-md-4\">\n<div class=\"modal-link\"><a class=\"article-image\" href=\"#modal-7\" data-toggle=\"modal\"><img loading=\"lazy\" decoding=\"async\" class=\"img-responsive\" src=\"https:\/\/pb.edu.pl\/piknik-rodzinny-2026\/wp-content\/uploads\/sites\/151\/2026\/04\/pokaz-studia-tanca-kadryl-2-new.png\" alt=\"\" width=\"263\" height=\"226\">Pokaz ta\u0144ca towarzyskiego<\/a><\/div>\n<div id=\"modal-7\" class=\"modal fade\" role=\"dialog\" aria-labelledby=\"myModalLabel\">\n<div class=\"modal-dialog\" role=\"document\">\n<div class=\"modal-content\">\n<div class=\"modal-header\"><button class=\"close\" type=\"button\" data-dismiss=\"modal\" aria-label=\"Zamknij\"><span aria-hidden=\"true\">\u00d7<\/span><\/button><\/div>\n<div class=\"modal-body\">\n<p><strong>Pokaz profesjonalnego ta\u0144ca towarzyskiego<\/strong> w wykonaniu mistrz\u00f3w ze Studia Ta\u0144ca Kadryl Justyna &amp; Gracjan to pe\u0142ne energii i emocji widowisko, kt\u00f3re zachwyci ka\u017cdego widza i mo\u017ce sta\u0107 si\u0119 inspiracj\u0105 do rozpocz\u0119cia w\u0142asnej przygody na parkiecie.<\/p>\n<p>W programie znajdzie si\u0119 r\u00f3\u017cnorodna prezentacja umiej\u0119tno\u015bci tancerzy: efektowna formacja dziewcz\u0119ca, wyst\u0119p pary dzieci\u0119cej oraz pokazy dw\u00f3ch par dzieci\u0119co-m\u0142odzie\u017cowych.<\/p>\n<\/div>\n<\/div>\n<\/div>\n<\/div>\n<\/div>\n<div class=\"col-md-4\">\n<div class=\"modal-link\"><a class=\"article-image\" href=\"#modal-8\" data-toggle=\"modal\"><img loading=\"lazy\" decoding=\"async\" class=\"img-responsive\" src=\"https:\/\/pb.edu.pl\/piknik-rodzinny-2026\/wp-content\/uploads\/sites\/151\/2026\/04\/kalistenika.png\" alt=\"\" width=\"284\" height=\"231\">Kalistenika<\/a><\/div>\n<div id=\"modal-8\" class=\"modal fade\" role=\"dialog\" aria-labelledby=\"myModalLabel\">\n<div class=\"modal-dialog\" role=\"document\">\n<div class=\"modal-content\">\n<div class=\"modal-header\"><button class=\"close\" type=\"button\" data-dismiss=\"modal\" aria-label=\"Zamknij\"><span aria-hidden=\"true\">\u00d7<\/span><\/button><\/div>\n<div class=\"modal-body\">\n<p><strong>Strefa kalisteniki<\/strong> to \u015bwietna okazja, by zobaczy\u0107, jak wiele mo\u017cna osi\u0105gn\u0105\u0107, wykorzystuj\u0105c tylko ci\u0119\u017car w\u0142asnego cia\u0142a \u2013 i spr\u00f3bowa\u0107 swoich si\u0142!<\/p>\n<p>W programie:<\/p>\n<ul>\n<li>klatka do podci\u0105gania \u2013 przestrze\u0144 do \u0107wicze\u0144 i wyzwa\u0144,<\/li>\n<li>pokazy efektownych \u0107wicze\u0144 kalistenicznych,<\/li>\n<li>nauka stania na r\u0119kach i innych trik\u00f3w,<\/li>\n<li>instrukta\u017c prostych \u0107wicze\u0144 dla ka\u017cdego,<\/li>\n<li>konkursy sprawno\u015bciowe \u2013 m.in. zwis na dr\u0105\u017cku na czas.<\/li>\n<\/ul>\n<p>Aktywno\u015b\u0107, dobra zabawa i zdrowa rywalizacja gwarantowane!<\/p>\n<\/div>\n<\/div>\n<\/div>\n<\/div>\n<\/div>\n<div class=\"col-md-4\">\n<div class=\"modal-link\"><a class=\"article-image\" href=\"#modal-9\" data-toggle=\"modal\"><img loading=\"lazy\" decoding=\"async\" class=\"img-responsive\" src=\"https:\/\/pb.edu.pl\/piknik-rodzinny-2026\/wp-content\/uploads\/sites\/151\/2026\/04\/strefa-gastro.png\" alt=\"\" width=\"284\" height=\"231\">Strefa gastro<\/a><\/div>\n<div id=\"modal-9\" class=\"modal fade\" role=\"dialog\" aria-labelledby=\"myModalLabel\">\n<div class=\"modal-dialog\" role=\"document\">\n<div class=\"modal-content\">\n<div class=\"modal-header\"><button class=\"close\" type=\"button\" data-dismiss=\"modal\" aria-label=\"Zamknij\"><span aria-hidden=\"true\">\u00d7<\/span><\/button><\/div>\n<div class=\"modal-body\">\n<p>Od klasycznych piknikowych smak\u00f3w, po s\u0142odko\u015bci i orze\u017awiaj\u0105ce napoje.<\/p>\n<p><strong>Zapraszamy do strefy gastro.<\/strong><\/p>\n<p>Przek\u0105ski b\u0119d\u0105 wydawane na podstawie opaski wst\u0119pu, kt\u00f3r\u0105 mo\u017cna odebra\u0107 w Dziale Promocji i Komunikacji PB, ul. Wiejska 45 A, niski parter, pok\u00f3j A 029, od poniedzia\u0142ku do pi\u0105tku w godz. 8.00-15.00, a w dniu 28 maja do godz. 12.00. Opask\u0119 mo\u017ce r\u00f3wnie\u017c odebra\u0107 w dniu wydarzenia na stoisku przy wej\u015bciu od godz. 13.00.<\/p>\n<p>W menu:<\/p>\n<ul>\n<li>hot dogi \u2013 szybka i klasyczna przek\u0105ska,<\/li>\n<li>zapiekanki \u2013 chrupi\u0105ce i syc\u0105ce,<\/li>\n<li>z\u0142ociste frytki,<\/li>\n<li>aromatyczna kark\u00f3wka,<\/li>\n<li>gofry \u2013 s\u0142odkie co nieco,<\/li>\n<li>lody \u2013 idealny wyb\u00f3r!<\/li>\n<\/ul>\n<p>Dodatkowo, w namiocie:<\/p>\n<ul>\n<li>kawa i herbata \u2013 chwila relaksu,<\/li>\n<li>zimna lemoniada \u2013 orze\u017awienie w piknikowym stylu,<\/li>\n<li>wata cukrowa \u2013 kolorowa klasyka dzieci\u0144stwa,<\/li>\n<li>popcorn \u2013 idealny do chrupania podczas zabawy.<\/li>\n<\/ul>\n<p>Smacznego!<\/p>\n<\/div>\n<\/div>\n<\/div>\n<\/div>\n<\/div>\n<\/div>\n<\/div>\n<p><img loading=\"lazy\" decoding=\"async\" class=\"aligncenter size-full wp-image-883\" src=\"https:\/\/pb.edu.pl\/piknik-rodzinny-2026\/wp-content\/uploads\/sites\/151\/2026\/04\/listki-pod-atracje.png\" alt=\"grafika ozdobna\" width=\"653\" height=\"257\" srcset=\"https:\/\/pb.edu.pl\/piknik-rodzinny-2026\/wp-content\/uploads\/sites\/151\/2026\/04\/listki-pod-atracje.png 653w, https:\/\/pb.edu.pl\/piknik-rodzinny-2026\/wp-content\/uploads\/sites\/151\/2026\/04\/listki-pod-atracje-300x118.png 300w\" sizes=\"auto, (max-width: 653px) 100vw, 653px\" \/><\/p>\n<div id=\"zapisy-piknik\" class=\"href\">&nbsp;<\/div>\n<p>&nbsp;<\/p>\n<div class=\"row\">\n<div class=\"col-md-3\">&nbsp;<\/div>\n<div class=\"col-md-6\"><a class=\"btn btn-zapisy d-block\" href=\"\/piknik-rodzinny-2026\/zapisy\/\">ZAPISZ SI\u0118 NA PIKNIK<\/a><\/div>\n<div class=\"col-md-3\">&nbsp;<\/div>\n<\/div>\n<p>&nbsp;<br \/>\n<strong class=\"h2 kolor-voucher\">Zapisy na wydarzenie trwaj\u0105 do 28 maja do ko\u0144ca dnia.<\/strong><\/p>\n<div class=\"h3 kolor-voucher\">Co warto wiedzie\u0107?<\/div>\n<ul class=\"kolor-voucher\">\n<li>W pikniku mog\u0105 wzi\u0105\u0107 udzia\u0142 Pracownicy i Studenci Politechniki Bia\u0142ostockiej wraz z Rodzinami, kt\u00f3rzy zapisali si\u0119 na stronie wydarzenia.<\/li>\n<li>W formularzu rejestracyjnym nale\u017cy poda\u0107 swoje dane oraz liczb\u0119 os\u00f3b z najbli\u017cszej Rodziny, kt\u00f3re b\u0119d\u0105 r\u00f3wnie\u017c obecne. To wa\u017cne ze wzgl\u0119d\u00f3w organizacyjnych.<\/li>\n<li>Po dokonaniu zapisu nale\u017cy odebra\u0107 opask\u0119 uczestnika\/\u00f3w, kt\u00f3ra uprawnia do wej\u015bcia na teren wydarzenia. Opaski b\u0119d\u0105 wydawane w Dziale Promocji i Komunikacji PB, ul. Wiejska 45 A, niski parter, pok\u00f3j A 029, od poniedzia\u0142ku do pi\u0105tku w godz. 8.00-15.00, a w dniu 28 maja do godz. 12.00. Opask\u0119 mo\u017ce r\u00f3wnie\u017c odebra\u0107 w dniu wydarzenia na stoisku przy wej\u015bciu od godz. 13.00.<\/li>\n<\/ul>\n<div class=\"harmonogram-bg\">\n<div id=\"harmonogram-piknik\" class=\"href\">&nbsp;<\/div>\n<div class=\"h1 biel\">Harmonogram<\/div>\n<p>&nbsp;<br \/>\n<span class=\"wieksza\">godz. 13:00<\/span> &#8211; otwarcie bramek piknikowych<\/p>\n<p>godz. 14:00 \u2013 przywitanie Go\u015bci przez dr hab. in\u017c. Mart\u0119 Kosior-Kazberuk, prof. PB, Rektor Politechniki Bia\u0142ostockiej<\/p>\n<p>14:15-15:15 \u2013 warsztaty taneczne dla dzieci (3\u201314 lat)<\/p>\n<p>15:15-16:15 \u2013 warsztaty taneczne dla doros\u0142ych i dzieci w parach<\/p>\n<p>16:15-17:00 \u2013 konkursy dla dzieci<\/p>\n<p>17:00-17:45 \u2013 pokaz ta\u0144ca towarzyskiego<\/p>\n<p>19:00 \u2013 zako\u0144czenie Pikniku Rodzinnego PB<\/p>\n<p>Od godz. 13.00 do godz. 19.00 \u2013 DJ, wyst\u0119py, atrakcje towarzysz\u0105ce, catering.<\/p>\n<p>&nbsp;<\/p>\n<\/div>\n<p><img loading=\"lazy\" decoding=\"async\" class=\"alignnone size-full wp-image-891\" src=\"https:\/\/pb.edu.pl\/piknik-rodzinny-2026\/wp-content\/uploads\/sites\/151\/2026\/04\/kwiatek-pod-harmonogram-1.png\" alt=\"grafika ozdobna\" width=\"399\" height=\"400\" srcset=\"https:\/\/pb.edu.pl\/piknik-rodzinny-2026\/wp-content\/uploads\/sites\/151\/2026\/04\/kwiatek-pod-harmonogram-1.png 399w, https:\/\/pb.edu.pl\/piknik-rodzinny-2026\/wp-content\/uploads\/sites\/151\/2026\/04\/kwiatek-pod-harmonogram-1-300x300.png 300w, https:\/\/pb.edu.pl\/piknik-rodzinny-2026\/wp-content\/uploads\/sites\/151\/2026\/04\/kwiatek-pod-harmonogram-1-150x150.png 150w\" sizes=\"auto, (max-width: 399px) 100vw, 399px\" \/><br \/>\n&nbsp;<\/p>\n<div id=\"kontakt\" class=\"href\">&nbsp;<\/div>\n<div class=\"h1 kolor-voucher\">Kontakt<\/div>\n<div class=\"kolor-voucher\"><strong>Dzia\u0142 Promocji i Komunikacji<\/strong><br \/>\nPolitechnika Bia\u0142ostocka<br \/>\nWiejska 45 A, 15-351 Bia\u0142ystok<i class=\"fal fa-phone\"><\/i> (+48) 85 746 97 24<br \/>\n<i class=\"fal fa-phone\"><\/i> (+48) 85 746 97 27<br \/>\n<i class=\"fal fa-phone\"><\/i> (+48) 85 746 70 47<i class=\"fal fa-envelope\"><\/i> <a href=\"#\" rel=\"nofollow\"  onclick=\"this.href='mailto:' + 'biuroprasowe' + '@' + 'pb.edu.pl'\">biuroprasowe [at] pb.edu.pl<\/a>\n<\/div>\n<p>&nbsp;<\/p>\n<div class=\"mapa-bg\">\n<div id=\"mapa\" class=\"href\">&nbsp;<\/div>\n<p>&nbsp;<\/p>\n<div class=\"h1 biel\">Spotykamy si\u0119 tutaj<\/div>\n<div class=\"kolor-voucher\">Nasz piknik odb\u0119dzie si\u0119 na terenie zielonym przed Wydzia\u0142em Elektrycznym Politechniki Bia\u0142ostockiej. Do zobaczenia!<\/div>\n<p>&nbsp;<br \/>\n<img loading=\"lazy\" decoding=\"async\" class=\"alignnone size-full wp-image-951\" src=\"https:\/\/pb.edu.pl\/piknik-rodzinny-2026\/wp-content\/uploads\/sites\/151\/2026\/04\/mapa-new.png\" alt=\"mapa z oznaczeniem stref wydarzenia\" width=\"1213\" height=\"676\" srcset=\"https:\/\/pb.edu.pl\/piknik-rodzinny-2026\/wp-content\/uploads\/sites\/151\/2026\/04\/mapa-new.png 1213w, https:\/\/pb.edu.pl\/piknik-rodzinny-2026\/wp-content\/uploads\/sites\/151\/2026\/04\/mapa-new-300x167.png 300w, https:\/\/pb.edu.pl\/piknik-rodzinny-2026\/wp-content\/uploads\/sites\/151\/2026\/04\/mapa-new-1024x571.png 1024w, https:\/\/pb.edu.pl\/piknik-rodzinny-2026\/wp-content\/uploads\/sites\/151\/2026\/04\/mapa-new-768x428.png 768w\" sizes=\"auto, (max-width: 1213px) 100vw, 1213px\" \/><\/p>\n<\/div>\n<p>&nbsp;<br \/>\n&nbsp;<\/p>\n<div class=\"row\">\n<div class=\"col-md-2\">&nbsp;<\/div>\n<div class=\"col-md-8\"><a class=\"btn btn-zapisy d-block\" href=\"https:\/\/pb.edu.pl\/2025\/06\/02\/rodzinny-piknik-politechniki-bialostockiej-zgromadzil-1300-uczestnikow\/\">Zobaczcie, jak \u015bwietnie bawili\u015bmy si\u0119 rok temu! Obejrzyjcie fotogaleri\u0119 wydarzenia!<\/a><\/div>\n<div class=\"col-md-2\">&nbsp;<\/div>\n<\/div>\n<p>&nbsp;<\/p>\n","protected":false},"excerpt":{"rendered":"<p>&nbsp; &nbsp; &nbsp; &nbsp; Si\u0142a naszej uczelni to przede wszystkim ludzie! Czas wsp\u00f3lnie stworzy\u0107 co\u015b<\/p>\n","protected":false},"author":2,"featured_media":0,"parent":0,"menu_order":0,"comment_status":"closed","ping_status":"closed","template":"","meta":{"_acf_changed":false,"ngg_post_thumbnail":0,"footnotes":""},"class_list":["post-15","page","type-page","status-publish","hentry"],"acf":[],"_links":{"self":[{"href":"https:\/\/pb.edu.pl\/piknik-rodzinny-2026\/wp-json\/wp\/v2\/pages\/15","targetHints":{"allow":["GET"]}}],"collection":[{"href":"https:\/\/pb.edu.pl\/piknik-rodzinny-2026\/wp-json\/wp\/v2\/pages"}],"about":[{"href":"https:\/\/pb.edu.pl\/piknik-rodzinny-2026\/wp-json\/wp\/v2\/types\/page"}],"author":[{"embeddable":true,"href":"https:\/\/pb.edu.pl\/piknik-rodzinny-2026\/wp-json\/wp\/v2\/users\/2"}],"replies":[{"embeddable":true,"href":"https:\/\/pb.edu.pl\/piknik-rodzinny-2026\/wp-json\/wp\/v2\/comments?post=15"}],"version-history":[{"count":109,"href":"https:\/\/pb.edu.pl\/piknik-rodzinny-2026\/wp-json\/wp\/v2\/pages\/15\/revisions"}],"predecessor-version":[{"id":994,"href":"https:\/\/pb.edu.pl\/piknik-rodzinny-2026\/wp-json\/wp\/v2\/pages\/15\/revisions\/994"}],"wp:attachment":[{"href":"https:\/\/pb.edu.pl\/piknik-rodzinny-2026\/wp-json\/wp\/v2\/media?parent=15"}],"curies":[{"name":"wp","href":"https:\/\/api.w.org\/{rel}","templated":true}]}}