{"id":17,"date":"2018-12-11T17:22:47","date_gmt":"2018-12-11T16:22:47","guid":{"rendered":"https:\/\/pb.edu.pl\/pbbud\/?page_id=17"},"modified":"2021-01-15T20:30:04","modified_gmt":"2021-01-15T19:30:04","slug":"aktualnosci","status":"publish","type":"page","link":"https:\/\/pb.edu.pl\/pbbud\/aktualnosci\/","title":{"rendered":"Aktualno\u015bci"},"content":{"rendered":"\t\t<div class=\"box news-box \">\n\t\t<div class=\"row\">\n\t\t\t\n\t\t\t\n\t\t\t\t\n\t\t\t\t\t\t\t\t\t\t<div class=\"col-sm-3\">\n\t\t\t\t\t\t\t\n<article class=\"format-standard\">\n    <span class=\"date text-right\"><i class=\"fal fa-calendar-alt\"><\/i> 13-04-2026<\/span>\n    <a href=\"https:\/\/pb.edu.pl\/pbbud\/2026\/04\/13\/18-kwietnia-2026-roku-kolejne-zajecia\/\">\n      <div class=\"article-image\">\n        <img loading=\"lazy\" decoding=\"async\" width=\"480\" height=\"300\" src=\"https:\/\/pb.edu.pl\/pbbud\/wp-content\/uploads\/sites\/27\/2026\/04\/zajecia-nowa-grafika-2025-480x300.jpg\" class=\"attachment-medium-image-16x10 size-medium-image-16x10 wp-post-image\" alt=\"\" \/>      <\/div>\n      <h3>18 kwietnia 2026 roku \u2013 kolejne zaj\u0119cia<\/h3>\n      Szanowni Pa\u0144stwo, Informujemy, \u017ce najbli\u017csze spotkanie w ramach PB BUD odb\u0119dzie    <\/a>\n<\/article>\t\t\t\t\t\t<\/div>\n\t\t\t\t\t\t\t\t\t\t\t<div class=\"col-sm-3\">\n\t\t\t\t\t\t\t\n<article class=\"format-standard\">\n    <span class=\"date text-right\"><i class=\"fal fa-calendar-alt\"><\/i> 16-03-2026<\/span>\n    <a href=\"https:\/\/pb.edu.pl\/pbbud\/2026\/03\/16\/21-marca-2026-roku-kolejne-zajecia-2\/\">\n      <div class=\"article-image\">\n        <img loading=\"lazy\" decoding=\"async\" width=\"480\" height=\"300\" src=\"https:\/\/pb.edu.pl\/pbbud\/wp-content\/uploads\/sites\/27\/2026\/03\/grafika-informujaca-o-kolejnych-zajeciach-480x300.jpg\" class=\"attachment-medium-image-16x10 size-medium-image-16x10 wp-post-image\" alt=\"\" \/>      <\/div>\n      <h3>21\u00a0marca 2025 roku \u2013 kolejne zaj\u0119cia<\/h3>\n      Szanowni Pa\u0144stwo, Informujemy, \u017ce najbli\u017csze spotkanie w ramach PB BUD odb\u0119dzie    <\/a>\n<\/article>\t\t\t\t\t\t<\/div>\n\t\t\t\t\t\t\t\t\t\t\t<div class=\"col-sm-3\">\n\t\t\t\t\t\t\t\n<article class=\"format-standard\">\n    <span class=\"date text-right\"><i class=\"fal fa-calendar-alt\"><\/i> 25-02-2026<\/span>\n    <a href=\"https:\/\/pb.edu.pl\/pbbud\/2026\/02\/25\/28-lutego-2026-roku-kolejne-zajecia\/\">\n      <div class=\"article-image\">\n        <img loading=\"lazy\" decoding=\"async\" width=\"480\" height=\"300\" src=\"https:\/\/pb.edu.pl\/pbbud\/wp-content\/uploads\/sites\/27\/2026\/02\/zajecia-nowa-grafika-2026-480x300.jpg\" class=\"attachment-medium-image-16x10 size-medium-image-16x10 wp-post-image\" alt=\"\" \/>      <\/div>\n      <h3>28 lutego 2026 roku \u2013 kolejne zaj\u0119cia<\/h3>\n      Szanowni Pa\u0144stwo, Informujemy, \u017ce najbli\u017csze spotkanie w ramach PB BUD odb\u0119dzie    <\/a>\n<\/article>\t\t\t\t\t\t<\/div>\n\t\t\t\t\t\t\t\t\t\t\t<div class=\"col-sm-3\">\n\t\t\t\t\t\t\t\n<article class=\"format-standard\">\n    <span class=\"date text-right\"><i class=\"fal fa-calendar-alt\"><\/i> 29-01-2026<\/span>\n    <a href=\"https:\/\/pb.edu.pl\/pbbud\/2026\/01\/29\/7-lutego-2026-roku-kolejne-zajecia\/\">\n      <div class=\"article-image\">\n        <img loading=\"lazy\" decoding=\"async\" width=\"480\" height=\"300\" src=\"https:\/\/pb.edu.pl\/pbbud\/wp-content\/uploads\/sites\/27\/2026\/01\/zajecia-nowa-grafika-2025aa-480x300.jpg\" class=\"attachment-medium-image-16x10 size-medium-image-16x10 wp-post-image\" alt=\"\" \/>      <\/div>\n      <h3>7 lutego 2026 roku \u2013 kolejne zaj\u0119cia<\/h3>\n      Szanowni Pa\u0144stwo, Informujemy, \u017ce najbli\u017csze spotkanie w ramach PB BUD odb\u0119dzie    <\/a>\n<\/article>\t\t\t\t\t\t<\/div>\n\t\t\t\t\t\t\t\t\t\t\t<div class=\"col-sm-3\">\n\t\t\t\t\t\t\t\n<article class=\"format-standard\">\n    <span class=\"date text-right\"><i class=\"fal fa-calendar-alt\"><\/i> 23-12-2025<\/span>\n    <a href=\"https:\/\/pb.edu.pl\/pbbud\/2025\/12\/23\/10-stycznia-2026-roku-kolejne-zajecia\/\">\n      <div class=\"article-image\">\n        <img loading=\"lazy\" decoding=\"async\" width=\"480\" height=\"300\" src=\"https:\/\/pb.edu.pl\/pbbud\/wp-content\/uploads\/sites\/27\/2025\/12\/zajecia-nowa-grafika-asaf-480x300.jpg\" class=\"attachment-medium-image-16x10 size-medium-image-16x10 wp-post-image\" alt=\"\" \/>      <\/div>\n      <h3>10 stycznia 2026 roku \u2013 kolejne zaj\u0119cia<\/h3>\n      Szanowni Pa\u0144stwo, Informujemy, \u017ce najbli\u017csze spotkanie w ramach PB BUD odb\u0119dzie    <\/a>\n<\/article>\t\t\t\t\t\t<\/div>\n\t\t\t\t\t\t\t\t\t\t\t<div class=\"col-sm-3\">\n\t\t\t\t\t\t\t\n<article class=\"format-standard\">\n    <span class=\"date text-right\"><i class=\"fal fa-calendar-alt\"><\/i> 03-12-2025<\/span>\n    <a href=\"https:\/\/pb.edu.pl\/pbbud\/2025\/12\/03\/6-grudnia2025-roku-kolejne-zajecia\/\">\n      <div class=\"article-image\">\n        <img loading=\"lazy\" decoding=\"async\" width=\"480\" height=\"300\" src=\"https:\/\/pb.edu.pl\/pbbud\/wp-content\/uploads\/sites\/27\/2025\/12\/zajecia-nowa-grafika-2025a-480x300.jpg\" class=\"attachment-medium-image-16x10 size-medium-image-16x10 wp-post-image\" alt=\"\" \/>      <\/div>\n      <h3>6 grudnia2025 roku \u2013 kolejne zaj\u0119cia<\/h3>\n      Szanowni Pa\u0144stwo, Informujemy, \u017ce najbli\u017csze spotkanie w ramach PB BUD odb\u0119dzie    <\/a>\n<\/article>\t\t\t\t\t\t<\/div>\n\t\t\t\t\t\t\t\t\t\t\t<div class=\"col-sm-3\">\n\t\t\t\t\t\t\t\n<article class=\"format-standard\">\n    <span class=\"date text-right\"><i class=\"fal fa-calendar-alt\"><\/i> 01-12-2025<\/span>\n    <a href=\"https:\/\/pb.edu.pl\/pbbud\/2025\/12\/01\/wystartowal-17-podlaski-uniwersytet-dzieciecy-250-uczniow-rozpoczelo-zajecia-w-politechnice-bialostockiej\/\">\n      <div class=\"article-image\">\n        <img loading=\"lazy\" decoding=\"async\" width=\"480\" height=\"300\" src=\"https:\/\/pb.edu.pl\/pbbud\/wp-content\/uploads\/sites\/27\/2025\/12\/2025-11-29-Inauguracja-PUD-fot-Dariusz-Piekut-PB-36-2048x1280-1-480x300.jpg\" class=\"attachment-medium-image-16x10 size-medium-image-16x10 wp-post-image\" alt=\"\" srcset=\"https:\/\/pb.edu.pl\/pbbud\/wp-content\/uploads\/sites\/27\/2025\/12\/2025-11-29-Inauguracja-PUD-fot-Dariusz-Piekut-PB-36-2048x1280-1-480x300.jpg 480w, https:\/\/pb.edu.pl\/pbbud\/wp-content\/uploads\/sites\/27\/2025\/12\/2025-11-29-Inauguracja-PUD-fot-Dariusz-Piekut-PB-36-2048x1280-1-300x188.jpg 300w, https:\/\/pb.edu.pl\/pbbud\/wp-content\/uploads\/sites\/27\/2025\/12\/2025-11-29-Inauguracja-PUD-fot-Dariusz-Piekut-PB-36-2048x1280-1-1024x640.jpg 1024w, https:\/\/pb.edu.pl\/pbbud\/wp-content\/uploads\/sites\/27\/2025\/12\/2025-11-29-Inauguracja-PUD-fot-Dariusz-Piekut-PB-36-2048x1280-1-768x480.jpg 768w, https:\/\/pb.edu.pl\/pbbud\/wp-content\/uploads\/sites\/27\/2025\/12\/2025-11-29-Inauguracja-PUD-fot-Dariusz-Piekut-PB-36-2048x1280-1-1536x960.jpg 1536w, https:\/\/pb.edu.pl\/pbbud\/wp-content\/uploads\/sites\/27\/2025\/12\/2025-11-29-Inauguracja-PUD-fot-Dariusz-Piekut-PB-36-2048x1280-1.jpg 2048w\" sizes=\"auto, (max-width: 480px) 100vw, 480px\" \/>      <\/div>\n      <h3>Wystartowa\u0142 17. Podlaski Uniwersytet Dzieci\u0119cy. 250 uczni\u00f3w rozpocz\u0119\u0142o zaj\u0119cia w Politechnice Bia\u0142ostockiej<\/h3>\n          <\/a>\n<\/article>\t\t\t\t\t\t<\/div>\n\t\t\t\t\t\t\t\t\t\t\t<div class=\"col-sm-3\">\n\t\t\t\t\t\t\t\n<article class=\"format-standard\">\n    <span class=\"date text-right\"><i class=\"fal fa-calendar-alt\"><\/i> 25-11-2025<\/span>\n    <a href=\"https:\/\/pb.edu.pl\/pbbud\/2025\/11\/25\/29-listopada-2025-roku-uroczysta-inauguracja\/\">\n      <div class=\"article-image\">\n        <img loading=\"lazy\" decoding=\"async\" width=\"450\" height=\"300\" src=\"https:\/\/pb.edu.pl\/pbbud\/wp-content\/uploads\/sites\/27\/2021\/11\/indeks-2021.jpg\" class=\"attachment-medium-image-16x10 size-medium-image-16x10 wp-post-image\" alt=\"\" srcset=\"https:\/\/pb.edu.pl\/pbbud\/wp-content\/uploads\/sites\/27\/2021\/11\/indeks-2021.jpg 480w, https:\/\/pb.edu.pl\/pbbud\/wp-content\/uploads\/sites\/27\/2021\/11\/indeks-2021-300x200.jpg 300w\" sizes=\"auto, (max-width: 450px) 100vw, 450px\" \/>      <\/div>\n      <h3>29\u00a0listopada 2025 roku \u2013 uroczysta inauguracja<\/h3>\n      Szanowni Pa\u0144stwo, Informujemy, \u017ce pierwsze spotkanie w ramach PB BUD w    <\/a>\n<\/article>\t\t\t\t\t\t<\/div>\n\t\t\t\t\t\t\t\t\t\t\t<div class=\"col-sm-3\">\n\t\t\t\t\t\t\t\n<article class=\"format-standard\">\n    <span class=\"date text-right\"><i class=\"fal fa-calendar-alt\"><\/i> 03-11-2025<\/span>\n    <a href=\"https:\/\/pb.edu.pl\/pbbud\/2025\/11\/03\/5-listopada-2025-rekrutacja\/\">\n      <div class=\"article-image\">\n        <img loading=\"lazy\" decoding=\"async\" width=\"450\" height=\"300\" src=\"https:\/\/pb.edu.pl\/pbbud\/wp-content\/uploads\/sites\/27\/2022\/10\/Logotyp-Politechnika-Bialostocka-Bialostocki-Uniwersytet-Dzieciecy-wpis.png\" class=\"attachment-medium-image-16x10 size-medium-image-16x10 wp-post-image\" alt=\"\" srcset=\"https:\/\/pb.edu.pl\/pbbud\/wp-content\/uploads\/sites\/27\/2022\/10\/Logotyp-Politechnika-Bialostocka-Bialostocki-Uniwersytet-Dzieciecy-wpis.png 1200w, https:\/\/pb.edu.pl\/pbbud\/wp-content\/uploads\/sites\/27\/2022\/10\/Logotyp-Politechnika-Bialostocka-Bialostocki-Uniwersytet-Dzieciecy-wpis-300x200.png 300w, https:\/\/pb.edu.pl\/pbbud\/wp-content\/uploads\/sites\/27\/2022\/10\/Logotyp-Politechnika-Bialostocka-Bialostocki-Uniwersytet-Dzieciecy-wpis-1024x683.png 1024w, https:\/\/pb.edu.pl\/pbbud\/wp-content\/uploads\/sites\/27\/2022\/10\/Logotyp-Politechnika-Bialostocka-Bialostocki-Uniwersytet-Dzieciecy-wpis-768x512.png 768w, https:\/\/pb.edu.pl\/pbbud\/wp-content\/uploads\/sites\/27\/2022\/10\/Logotyp-Politechnika-Bialostocka-Bialostocki-Uniwersytet-Dzieciecy-wpis-480x320.png 480w\" sizes=\"auto, (max-width: 450px) 100vw, 450px\" \/>      <\/div>\n      <h3>5 listopada 2025 \u2013 REKRUTACJA<\/h3>\n      Szanowni Pa\u0144stwo, Przypominamy, \u017ce rekrutacja do udzia\u0142u w projekcie \u201ePolitechnika Bia\u0142ostocka    <\/a>\n<\/article>\t\t\t\t\t\t<\/div>\n\t\t\t\t\t\t\t\t\t\t\t<div class=\"col-sm-3\">\n\t\t\t\t\t\t\t\n<article class=\"format-standard\">\n    <span class=\"date text-right\"><i class=\"fal fa-calendar-alt\"><\/i> 30-10-2025<\/span>\n    <a href=\"https:\/\/pb.edu.pl\/pbbud\/2025\/10\/30\/podlaski-uniwersytet-dzieciecy-uruchamia-politechnika-bialostocka-po-raz-17\/\">\n      <div class=\"article-image\">\n        <img loading=\"lazy\" decoding=\"async\" width=\"480\" height=\"300\" src=\"https:\/\/pb.edu.pl\/pbbud\/wp-content\/uploads\/sites\/27\/2025\/10\/2025-10-29-konferencja-prasowa-PUD-fot-Iryna-Mikhno-PB-1-2-2048x1280-1-480x300.jpg\" class=\"attachment-medium-image-16x10 size-medium-image-16x10 wp-post-image\" alt=\"\" srcset=\"https:\/\/pb.edu.pl\/pbbud\/wp-content\/uploads\/sites\/27\/2025\/10\/2025-10-29-konferencja-prasowa-PUD-fot-Iryna-Mikhno-PB-1-2-2048x1280-1-480x300.jpg 480w, https:\/\/pb.edu.pl\/pbbud\/wp-content\/uploads\/sites\/27\/2025\/10\/2025-10-29-konferencja-prasowa-PUD-fot-Iryna-Mikhno-PB-1-2-2048x1280-1-300x188.jpg 300w, https:\/\/pb.edu.pl\/pbbud\/wp-content\/uploads\/sites\/27\/2025\/10\/2025-10-29-konferencja-prasowa-PUD-fot-Iryna-Mikhno-PB-1-2-2048x1280-1-1024x640.jpg 1024w, https:\/\/pb.edu.pl\/pbbud\/wp-content\/uploads\/sites\/27\/2025\/10\/2025-10-29-konferencja-prasowa-PUD-fot-Iryna-Mikhno-PB-1-2-2048x1280-1-768x480.jpg 768w, https:\/\/pb.edu.pl\/pbbud\/wp-content\/uploads\/sites\/27\/2025\/10\/2025-10-29-konferencja-prasowa-PUD-fot-Iryna-Mikhno-PB-1-2-2048x1280-1-1536x960.jpg 1536w, https:\/\/pb.edu.pl\/pbbud\/wp-content\/uploads\/sites\/27\/2025\/10\/2025-10-29-konferencja-prasowa-PUD-fot-Iryna-Mikhno-PB-1-2-2048x1280-1.jpg 2048w\" sizes=\"auto, (max-width: 480px) 100vw, 480px\" \/>      <\/div>\n      <h3>Podlaski Uniwersytet Dzieci\u0119cy uruchamia Politechnika Bia\u0142ostocka po raz 17<\/h3>\n      Politechnika Bia\u0142ostocka po raz  17. organizuje Podlaski Uniwersytet Dzieci\u0119cy    <\/a>\n<\/article>\t\t\t\t\t\t<\/div>\n\t\t\t\t\t\t\t\t\t\t\t<div class=\"col-sm-3\">\n\t\t\t\t\t\t\t\n<article class=\"format-standard\">\n    <span class=\"date text-right\"><i class=\"fal fa-calendar-alt\"><\/i> 09-06-2025<\/span>\n    <a href=\"https:\/\/pb.edu.pl\/pbbud\/2025\/06\/09\/podlaski-uniwersytet-dzieciecy-245-uczniow-szkol-podstawowych-zakonczylo-rok-akademicki-2024-2025-w-politechnice-bialostockiej\/\">\n      <div class=\"article-image\">\n        <img loading=\"lazy\" decoding=\"async\" width=\"480\" height=\"300\" src=\"https:\/\/pb.edu.pl\/pbbud\/wp-content\/uploads\/sites\/27\/2025\/06\/2025-06-07-PUD-zakonczenie-fot-Dariusz-Piekut-PB-1-2048x1280-1-480x300.jpg\" class=\"attachment-medium-image-16x10 size-medium-image-16x10 wp-post-image\" alt=\"\" srcset=\"https:\/\/pb.edu.pl\/pbbud\/wp-content\/uploads\/sites\/27\/2025\/06\/2025-06-07-PUD-zakonczenie-fot-Dariusz-Piekut-PB-1-2048x1280-1-480x300.jpg 480w, https:\/\/pb.edu.pl\/pbbud\/wp-content\/uploads\/sites\/27\/2025\/06\/2025-06-07-PUD-zakonczenie-fot-Dariusz-Piekut-PB-1-2048x1280-1-300x188.jpg 300w, https:\/\/pb.edu.pl\/pbbud\/wp-content\/uploads\/sites\/27\/2025\/06\/2025-06-07-PUD-zakonczenie-fot-Dariusz-Piekut-PB-1-2048x1280-1-1024x640.jpg 1024w, https:\/\/pb.edu.pl\/pbbud\/wp-content\/uploads\/sites\/27\/2025\/06\/2025-06-07-PUD-zakonczenie-fot-Dariusz-Piekut-PB-1-2048x1280-1-768x480.jpg 768w, https:\/\/pb.edu.pl\/pbbud\/wp-content\/uploads\/sites\/27\/2025\/06\/2025-06-07-PUD-zakonczenie-fot-Dariusz-Piekut-PB-1-2048x1280-1-1536x960.jpg 1536w, https:\/\/pb.edu.pl\/pbbud\/wp-content\/uploads\/sites\/27\/2025\/06\/2025-06-07-PUD-zakonczenie-fot-Dariusz-Piekut-PB-1-2048x1280-1.jpg 2048w\" sizes=\"auto, (max-width: 480px) 100vw, 480px\" \/>      <\/div>\n      <h3>Podlaski Uniwersytet Dzieci\u0119cy \u2013 245 uczni\u00f3w szk\u00f3\u0142 podstawowych zako\u0144czy\u0142o rok akademicki 2024\/2025 w Politechnice Bia\u0142ostockiej<\/h3>\n          <\/a>\n<\/article>\t\t\t\t\t\t<\/div>\n\t\t\t\t\t\t\t\t\t\t\t<div class=\"col-sm-3\">\n\t\t\t\t\t\t\t\n<article class=\"format-standard\">\n    <span class=\"date text-right\"><i class=\"fal fa-calendar-alt\"><\/i> 03-06-2025<\/span>\n    <a href=\"https:\/\/pb.edu.pl\/pbbud\/2025\/06\/03\/7-czerwca-2025-roku-uroczyste-zakonczenie-2\/\">\n      <div class=\"article-image\">\n        <img loading=\"lazy\" decoding=\"async\" width=\"480\" height=\"300\" src=\"https:\/\/pb.edu.pl\/pbbud\/wp-content\/uploads\/sites\/27\/2025\/06\/UROCZYSTE-ZAKONCZENIE-480x300.png\" class=\"attachment-medium-image-16x10 size-medium-image-16x10 wp-post-image\" alt=\"\" \/>      <\/div>\n      <h3>7 czerwca 2025 roku \u2013 uroczyste zako\u0144czenie<\/h3>\n      Informujemy, \u017ce 7 czerwca 2025 roku (sobota) odb\u0119dzie si\u0119 uroczyste zako\u0144czenie    <\/a>\n<\/article>\t\t\t\t\t\t<\/div>\n\t\t\t\t\t\n\t\t\t\t\n\t\t\t\t\t<\/div>\n\t\t\n\t<nav class=\"navigation pagination\" aria-label=\"Stronicowanie wpis\u00f3w\">\n\t\t<h2 class=\"screen-reader-text\">Stronicowanie wpis\u00f3w<\/h2>\n\t\t<div class=\"nav-links\"><span aria-current=\"page\" class=\"page-numbers current\">1<\/span>\n<a class=\"page-numbers\" href=\"https:\/\/pb.edu.pl\/pbbud\/wp-json\/wp\/v2\/pages\/17\/page\/2\/\">2<\/a>\n<a class=\"page-numbers\" href=\"https:\/\/pb.edu.pl\/pbbud\/wp-json\/wp\/v2\/pages\/17\/page\/3\/\">3<\/a>\n<span class=\"page-numbers dots\">&hellip;<\/span>\n<a class=\"page-numbers\" href=\"https:\/\/pb.edu.pl\/pbbud\/wp-json\/wp\/v2\/pages\/17\/page\/9\/\">9<\/a>\n<a class=\"next page-numbers\" href=\"https:\/\/pb.edu.pl\/pbbud\/wp-json\/wp\/v2\/pages\/17\/page\/2\/\">Nast\u0119pne<\/a><\/div>\n\t<\/nav>\t\t\t<\/div>\n\n<hr>\n<div class=\"text-center\">Wpisy archiwalne &#8211; <a href=\"http:\/\/archiwalny-pbbud.pb.edu.pl\/\">archiwalna wersja serwisu www<\/a>.<\/div>\n","protected":false},"excerpt":{"rendered":"<p>Wpisy archiwalne &#8211; archiwalna wersja serwisu www.<\/p>\n","protected":false},"author":2,"featured_media":0,"parent":0,"menu_order":1,"comment_status":"closed","ping_status":"closed","template":"","meta":{"_acf_changed":false,"ngg_post_thumbnail":0,"footnotes":""},"class_list":["post-17","page","type-page","status-publish","hentry"],"acf":[],"_links":{"self":[{"href":"https:\/\/pb.edu.pl\/pbbud\/wp-json\/wp\/v2\/pages\/17","targetHints":{"allow":["GET"]}}],"collection":[{"href":"https:\/\/pb.edu.pl\/pbbud\/wp-json\/wp\/v2\/pages"}],"about":[{"href":"https:\/\/pb.edu.pl\/pbbud\/wp-json\/wp\/v2\/types\/page"}],"author":[{"embeddable":true,"href":"https:\/\/pb.edu.pl\/pbbud\/wp-json\/wp\/v2\/users\/2"}],"replies":[{"embeddable":true,"href":"https:\/\/pb.edu.pl\/pbbud\/wp-json\/wp\/v2\/comments?post=17"}],"version-history":[{"count":0,"href":"https:\/\/pb.edu.pl\/pbbud\/wp-json\/wp\/v2\/pages\/17\/revisions"}],"wp:attachment":[{"href":"https:\/\/pb.edu.pl\/pbbud\/wp-json\/wp\/v2\/media?parent=17"}],"curies":[{"name":"wp","href":"https:\/\/api.w.org\/{rel}","templated":true}]}}