{"id":757,"date":"2020-04-10T07:46:50","date_gmt":"2020-04-10T05:46:50","guid":{"rendered":"https:\/\/pb.edu.pl\/pb2020\/?page_id=757"},"modified":"2023-05-05T08:26:43","modified_gmt":"2023-05-05T06:26:43","slug":"rekrutacja-do-projektu","status":"publish","type":"page","link":"https:\/\/pb.edu.pl\/pb2020\/rekrutacja-do-projektu\/","title":{"rendered":"Rekrutacja do projektu"},"content":{"rendered":"<div><img loading=\"lazy\" decoding=\"async\" class=\"alignnone size-full wp-image-1700\" src=\"https:\/\/pb.edu.pl\/pb2020\/wp-content\/uploads\/sites\/21\/2022\/09\/belka-POWER_pl.jpg\" alt=\"\" width=\"1871\" height=\"183\" srcset=\"https:\/\/pb.edu.pl\/pb2020\/wp-content\/uploads\/sites\/21\/2022\/09\/belka-POWER_pl.jpg 1871w, https:\/\/pb.edu.pl\/pb2020\/wp-content\/uploads\/sites\/21\/2022\/09\/belka-POWER_pl-300x29.jpg 300w, https:\/\/pb.edu.pl\/pb2020\/wp-content\/uploads\/sites\/21\/2022\/09\/belka-POWER_pl-1024x100.jpg 1024w, https:\/\/pb.edu.pl\/pb2020\/wp-content\/uploads\/sites\/21\/2022\/09\/belka-POWER_pl-768x75.jpg 768w, https:\/\/pb.edu.pl\/pb2020\/wp-content\/uploads\/sites\/21\/2022\/09\/belka-POWER_pl-1536x150.jpg 1536w\" sizes=\"auto, (max-width: 1871px) 100vw, 1871px\" \/><\/div>\n<div>\n<div class=\"panel-group\" id=\"custom-collapse-0\">\n<div class=\"panel panel-default\">\n\t\t\t\t<div class=\"panel-heading\">\n\t\t\t\t\t<div class=\"panel-title\">\n\t\t\t\t\t\t<a class=\"collapsed h4\" data-toggle=\"collapse\" data-parent=\"#custom-collapse-0\" href=\"#custom-collapse-0-0\">Rekrutacja pracownik\u00f3w kadry dydaktycznej<\/a>\n\t\t\t\t\t<\/div>\n\t\t\t\t<\/div>\n\t\t\t\t<div id=\"custom-collapse-0-0\" class=\"panel-collapse collapse\">\n\t\t\t\t\t<div class=\"panel-body\">\nRekrutacja pracownik\u00f3w kadry dydaktycznej do projektu &#8222;PB 2020 &#8211; Zintegrowany Program Rozwoju Politechnik Bia\u0142ostockiej&#8221; realizowanego z Programu Operacyjnego Wiedza Edukacja Rozw\u00f3j.<\/p>\n<p><a title=\"\" href=\"https:\/\/pb.edu.pl\/pb2020\/rekrutacja-do-projektu\/formularz-rekrutacji-kadra-dydaktyczna\/\" rel=\"noopener\">Przejd\u017a do rekrutacji dla kadry dydaktycznej<\/a><\/p>\n<\/div>\n\t\t\t\t<\/div>\n\t\t\t<\/div>\n<div class=\"panel panel-default\">\n\t\t\t\t<div class=\"panel-heading\">\n\t\t\t\t\t<div class=\"panel-title\">\n\t\t\t\t\t\t<a class=\"collapsed h4\" data-toggle=\"collapse\" data-parent=\"#custom-collapse-0\" href=\"#custom-collapse-0-1\">Rekrutacja pracownik\u00f3w kadry zarz\u0105dzaj\u0105cej<\/a>\n\t\t\t\t\t<\/div>\n\t\t\t\t<\/div>\n\t\t\t\t<div id=\"custom-collapse-0-1\" class=\"panel-collapse collapse\">\n\t\t\t\t\t<div class=\"panel-body\">\nRekrutacja pracownik\u00f3w kadry zarz\u0105dzaj\u0105cej do projektu &#8222;PB 2020 &#8211; Zintegrowany Program Rozwoju Politechnik Bia\u0142ostockiej&#8221; realizowanego z Programu Operacyjnego Wiedza Edukacja Rozw\u00f3j.<\/p>\n<p><a title=\"Strona otworzy si\u0119 w nowym oknie\" href=\"https:\/\/pb.edu.pl\/pb2020\/rekrutacja-do-projektu\/formularz-rekrutacji-kadra-zarzadzajaca\/\" target=\"_blank\" rel=\"noopener\">Przejd\u017a do rekrutacji dla kadry zarz\u0105dzaj\u0105cej<\/a><\/p>\n<\/div>\n\t\t\t\t<\/div>\n\t\t\t<\/div>\n<div class=\"panel panel-default\">\n\t\t\t\t<div class=\"panel-heading\">\n\t\t\t\t\t<div class=\"panel-title\">\n\t\t\t\t\t\t<a class=\"collapsed h4\" data-toggle=\"collapse\" data-parent=\"#custom-collapse-0\" href=\"#custom-collapse-0-2\">Rekrutacja pracownik\u00f3w kadry IT<\/a>\n\t\t\t\t\t<\/div>\n\t\t\t\t<\/div>\n\t\t\t\t<div id=\"custom-collapse-0-2\" class=\"panel-collapse collapse\">\n\t\t\t\t\t<div class=\"panel-body\">\nRekrutacja pracownik\u00f3w kadry IT do projektu &#8222;PB 2020 &#8211; Zintegrowany Program Rozwoju Politechnik Bia\u0142ostockiej&#8221; realizowanego z Programu Operacyjnego Wiedza Edukacja Rozw\u00f3j.<\/p>\n<p><a title=\"Strona otworzy si\u0119 w nowym oknie\" href=\"https:\/\/pb.edu.pl\/pb2020\/rekrutacja-do-projektu\/formularz-rekrutacji-kadry-it\/\" target=\"_blank\" rel=\"noopener\">Przejd\u017a do rekrutacji kadry IT<\/a><\/p>\n<\/div>\n\t\t\t\t<\/div>\n\t\t\t<\/div>\n<div class=\"panel panel-default\">\n\t\t\t\t<div class=\"panel-heading\">\n\t\t\t\t\t<div class=\"panel-title\">\n\t\t\t\t\t\t<a class=\"collapsed h4\" data-toggle=\"collapse\" data-parent=\"#custom-collapse-0\" href=\"#custom-collapse-0-3\">Rekrutacja pracownik\u00f3w kadry administracyjnej<\/a>\n\t\t\t\t\t<\/div>\n\t\t\t\t<\/div>\n\t\t\t\t<div id=\"custom-collapse-0-3\" class=\"panel-collapse collapse\">\n\t\t\t\t\t<div class=\"panel-body\">\nRekrutacja pracownik\u00f3w kadry administracyjnej do projektu &#8222;PB 2020 &#8211; Zintegrowany Program Rozwoju Politechnik Bia\u0142ostockiej&#8221; realizowanego z Programu Operacyjnego Wiedza Edukacja Rozw\u00f3j.<\/p>\n<p><a title=\"Strona otworzy si\u0119 w nowym oknie\" href=\"https:\/\/pb.edu.pl\/pb2020\/rekrutacja-do-projektu\/formularz-rekrutacji-kadry-administracyjnej\/\" target=\"_blank\" rel=\"noopener\">Przejd\u017a do rekrutacji kadry administracyjnej<\/a><\/p>\n<\/div>\n\t\t\t\t<\/div>\n\t\t\t<\/div>\n<div class=\"panel panel-default\">\n\t\t\t\t<div class=\"panel-heading\">\n\t\t\t\t\t<div class=\"panel-title\">\n\t\t\t\t\t\t<a class=\"collapsed h4\" data-toggle=\"collapse\" data-parent=\"#custom-collapse-0\" href=\"#custom-collapse-0-4\">Rekrutacja student\u00f3w do Fabryki Dobrego In\u017cyniera<\/a>\n\t\t\t\t\t<\/div>\n\t\t\t\t<\/div>\n\t\t\t\t<div id=\"custom-collapse-0-4\" class=\"panel-collapse collapse\">\n\t\t\t\t\t<div class=\"panel-body\">\nRekrutacja student\u00f3w 4-rech ostatnich semestr\u00f3w I i II stopnia studi\u00f3w stacjonarnych do Fabryki Dobrego In\u017cyniera z projektu &#8222;PB 2020 &#8211; Zintegrowany Program Rozwoju Politechnik Bia\u0142ostockiej&#8221; realizowanego z Programu Operacyjnego Wiedza Edukacja Rozw\u00f3j.<\/p>\n<p><a title=\"Strona otworzy si\u0119 w nowym oknie\" href=\"https:\/\/pb.edu.pl\/pb2020\/rekrutacja-do-projektu\/formularz-rekrutacji-fdi\/\" target=\"_blank\" rel=\"noopener\">Przejd\u017a do rekrutacji student\u00f3w do FDI<\/a><\/p>\n<\/div>\n\t\t\t\t<\/div>\n\t\t\t<\/div>\n<\/div>\n<\/div>\n","protected":false},"excerpt":{"rendered":"","protected":false},"author":2,"featured_media":0,"parent":0,"menu_order":10,"comment_status":"closed","ping_status":"closed","template":"","meta":{"_acf_changed":false,"ngg_post_thumbnail":0,"footnotes":""},"class_list":["post-757","page","type-page","status-publish","hentry"],"acf":[],"_links":{"self":[{"href":"https:\/\/pb.edu.pl\/pb2020\/wp-json\/wp\/v2\/pages\/757","targetHints":{"allow":["GET"]}}],"collection":[{"href":"https:\/\/pb.edu.pl\/pb2020\/wp-json\/wp\/v2\/pages"}],"about":[{"href":"https:\/\/pb.edu.pl\/pb2020\/wp-json\/wp\/v2\/types\/page"}],"author":[{"embeddable":true,"href":"https:\/\/pb.edu.pl\/pb2020\/wp-json\/wp\/v2\/users\/2"}],"replies":[{"embeddable":true,"href":"https:\/\/pb.edu.pl\/pb2020\/wp-json\/wp\/v2\/comments?post=757"}],"version-history":[{"count":0,"href":"https:\/\/pb.edu.pl\/pb2020\/wp-json\/wp\/v2\/pages\/757\/revisions"}],"wp:attachment":[{"href":"https:\/\/pb.edu.pl\/pb2020\/wp-json\/wp\/v2\/media?parent=757"}],"curies":[{"name":"wp","href":"https:\/\/api.w.org\/{rel}","templated":true}]}}