{"id":14,"date":"2017-11-22T21:36:06","date_gmt":"2017-11-22T20:36:06","guid":{"rendered":"https:\/\/pb.edu.pl\/owi\/?page_id=14"},"modified":"2019-12-09T14:12:35","modified_gmt":"2019-12-09T13:12:35","slug":"aktualnosci","status":"publish","type":"page","link":"https:\/\/pb.edu.pl\/owi\/aktualnosci\/","title":{"rendered":"Aktualno\u015bci"},"content":{"rendered":"\t\t<div class=\"box news-box \">\n\t\t<div class=\"row\">\n\t\t\t\n\t\t\t\n\t\t\t\t\n\t\t\t\t\t\t\t\t\t\t<div class=\"col-sm-3\">\n\t\t\t\t\t\t\t\n<article class=\"format-standard\">\n    <span class=\"date text-right\"><i class=\"fal fa-calendar-alt\"><\/i> 13-03-2026<\/span>\n    <a href=\"https:\/\/pb.edu.pl\/owi\/2026\/03\/13\/530\/\">\n      <div class=\"article-image\">\n        <img loading=\"lazy\" decoding=\"async\" width=\"480\" height=\"300\" src=\"https:\/\/pb.edu.pl\/owi\/wp-content\/uploads\/sites\/12\/2026\/03\/2026-03-ctt-szkolenia-wlasnosc-intelektualna-www-480x300.jpg\" class=\"attachment-medium-image-16x10 size-medium-image-16x10 wp-post-image\" alt=\"\" srcset=\"https:\/\/pb.edu.pl\/owi\/wp-content\/uploads\/sites\/12\/2026\/03\/2026-03-ctt-szkolenia-wlasnosc-intelektualna-www-480x300.jpg 480w, https:\/\/pb.edu.pl\/owi\/wp-content\/uploads\/sites\/12\/2026\/03\/2026-03-ctt-szkolenia-wlasnosc-intelektualna-www-300x187.jpg 300w, https:\/\/pb.edu.pl\/owi\/wp-content\/uploads\/sites\/12\/2026\/03\/2026-03-ctt-szkolenia-wlasnosc-intelektualna-www-1024x640.jpg 1024w, https:\/\/pb.edu.pl\/owi\/wp-content\/uploads\/sites\/12\/2026\/03\/2026-03-ctt-szkolenia-wlasnosc-intelektualna-www-768x480.jpg 768w, https:\/\/pb.edu.pl\/owi\/wp-content\/uploads\/sites\/12\/2026\/03\/2026-03-ctt-szkolenia-wlasnosc-intelektualna-www-1536x960.jpg 1536w, https:\/\/pb.edu.pl\/owi\/wp-content\/uploads\/sites\/12\/2026\/03\/2026-03-ctt-szkolenia-wlasnosc-intelektualna-www-2048x1279.jpg 2048w\" sizes=\"auto, (max-width: 480px) 100vw, 480px\" \/>      <\/div>\n      <h3>CTT PB zaprasza 23 i 24 marca 2026 r. na kolejne szkolenia z zakresu ochrony w\u0142asno\u015bci intelektualnej<\/h3>\n       Ochrona w\u0142asno\u015bci intelektualnej, zdolno\u015b\u0107 patentowa \u2013 szkolenia z udzia\u0142em ekspert\u00f3w    <\/a>\n<\/article>\t\t\t\t\t\t<\/div>\n\t\t\t\t\t\t\t\t\t\t\t<div class=\"col-sm-3\">\n\t\t\t\t\t\t\t\n<article class=\"format-standard\">\n    <span class=\"date text-right\"><i class=\"fal fa-calendar-alt\"><\/i> 12-03-2026<\/span>\n    <a href=\"https:\/\/pb.edu.pl\/owi\/2026\/03\/12\/508\/\">\n      <div class=\"article-image\">\n        <img loading=\"lazy\" decoding=\"async\" width=\"480\" height=\"300\" src=\"https:\/\/pb.edu.pl\/owi\/wp-content\/uploads\/sites\/12\/2026\/03\/2026-03-mamy-patent-mrozek-www-480x300.jpg\" class=\"attachment-medium-image-16x10 size-medium-image-16x10 wp-post-image\" alt=\"\" srcset=\"https:\/\/pb.edu.pl\/owi\/wp-content\/uploads\/sites\/12\/2026\/03\/2026-03-mamy-patent-mrozek-www-480x300.jpg 480w, https:\/\/pb.edu.pl\/owi\/wp-content\/uploads\/sites\/12\/2026\/03\/2026-03-mamy-patent-mrozek-www-300x188.jpg 300w, https:\/\/pb.edu.pl\/owi\/wp-content\/uploads\/sites\/12\/2026\/03\/2026-03-mamy-patent-mrozek-www-1024x640.jpg 1024w, https:\/\/pb.edu.pl\/owi\/wp-content\/uploads\/sites\/12\/2026\/03\/2026-03-mamy-patent-mrozek-www-768x480.jpg 768w, https:\/\/pb.edu.pl\/owi\/wp-content\/uploads\/sites\/12\/2026\/03\/2026-03-mamy-patent-mrozek-www.jpg 1080w\" sizes=\"auto, (max-width: 480px) 100vw, 480px\" \/>      <\/div>\n      <h3>PB z kolejnym patentem!<\/h3>\n      Chip immunosensora dla powierzchniowego rezonansu plazmon\u00f3w (SPR) w wersji imaging...    <\/a>\n<\/article>\t\t\t\t\t\t<\/div>\n\t\t\t\t\t\t\t\t\t\t\t<div class=\"col-sm-3\">\n\t\t\t\t\t\t\t\n<article class=\"format-standard\">\n    <span class=\"date text-right\"><i class=\"fal fa-calendar-alt\"><\/i> 03-02-2026<\/span>\n    <a href=\"https:\/\/pb.edu.pl\/owi\/2026\/02\/03\/514\/\">\n      <div class=\"article-image\">\n        <img loading=\"lazy\" decoding=\"async\" width=\"480\" height=\"300\" src=\"https:\/\/pb.edu.pl\/owi\/wp-content\/uploads\/sites\/12\/2026\/02\/2026-02-04-mamy-patent-wasilewska-szusta-www-1080x6751-1-480x300.jpg\" class=\"attachment-medium-image-16x10 size-medium-image-16x10 wp-post-image\" alt=\"\" srcset=\"https:\/\/pb.edu.pl\/owi\/wp-content\/uploads\/sites\/12\/2026\/02\/2026-02-04-mamy-patent-wasilewska-szusta-www-1080x6751-1-480x300.jpg 480w, https:\/\/pb.edu.pl\/owi\/wp-content\/uploads\/sites\/12\/2026\/02\/2026-02-04-mamy-patent-wasilewska-szusta-www-1080x6751-1-300x188.jpg 300w, https:\/\/pb.edu.pl\/owi\/wp-content\/uploads\/sites\/12\/2026\/02\/2026-02-04-mamy-patent-wasilewska-szusta-www-1080x6751-1-1024x640.jpg 1024w, https:\/\/pb.edu.pl\/owi\/wp-content\/uploads\/sites\/12\/2026\/02\/2026-02-04-mamy-patent-wasilewska-szusta-www-1080x6751-1-768x480.jpg 768w, https:\/\/pb.edu.pl\/owi\/wp-content\/uploads\/sites\/12\/2026\/02\/2026-02-04-mamy-patent-wasilewska-szusta-www-1080x6751-1.jpg 1080w\" sizes=\"auto, (max-width: 480px) 100vw, 480px\" \/>      <\/div>\n      <h3>Wsp\u00f3lny patent Politechniki Bia\u0142ostockiej i Politechniki Gda\u0144skiej!<\/h3>\n      Urz\u0105dzenie do badania zu\u017cycia powierzchni g\u00f3rnych warstw nawierzchni drogowych     <\/a>\n<\/article>\t\t\t\t\t\t<\/div>\n\t\t\t\t\t\t\t\t\t\t\t<div class=\"col-sm-3\">\n\t\t\t\t\t\t\t\n<article class=\"format-standard\">\n    <span class=\"date text-right\"><i class=\"fal fa-calendar-alt\"><\/i> 26-01-2026<\/span>\n    <a href=\"https:\/\/pb.edu.pl\/owi\/2026\/01\/26\/518\/\">\n      <div class=\"article-image\">\n        <img loading=\"lazy\" decoding=\"async\" width=\"480\" height=\"300\" src=\"https:\/\/pb.edu.pl\/owi\/wp-content\/uploads\/sites\/12\/2026\/03\/2026-01-26-mamy-patent-szpica-www-480x300.jpg\" class=\"attachment-medium-image-16x10 size-medium-image-16x10 wp-post-image\" alt=\"\" srcset=\"https:\/\/pb.edu.pl\/owi\/wp-content\/uploads\/sites\/12\/2026\/03\/2026-01-26-mamy-patent-szpica-www-480x300.jpg 480w, https:\/\/pb.edu.pl\/owi\/wp-content\/uploads\/sites\/12\/2026\/03\/2026-01-26-mamy-patent-szpica-www-300x188.jpg 300w, https:\/\/pb.edu.pl\/owi\/wp-content\/uploads\/sites\/12\/2026\/03\/2026-01-26-mamy-patent-szpica-www-1024x640.jpg 1024w, https:\/\/pb.edu.pl\/owi\/wp-content\/uploads\/sites\/12\/2026\/03\/2026-01-26-mamy-patent-szpica-www-768x480.jpg 768w, https:\/\/pb.edu.pl\/owi\/wp-content\/uploads\/sites\/12\/2026\/03\/2026-01-26-mamy-patent-szpica-www.jpg 1080w\" sizes=\"auto, (max-width: 480px) 100vw, 480px\" \/>      <\/div>\n      <h3>W\u0142oski patent dla Politechniki Bia\u0142ostockiej <\/h3>\n      Patent na testowanie wtryskiwaczy paliw LPG i wodorowych dla Politechniki Bia\u0142ostockiej    <\/a>\n<\/article>\t\t\t\t\t\t<\/div>\n\t\t\t\t\t\t\t\t\t\t\t<div class=\"col-sm-3\">\n\t\t\t\t\t\t\t\n<article class=\"format-standard\">\n    <span class=\"date text-right\"><i class=\"fal fa-calendar-alt\"><\/i> 03-12-2025<\/span>\n    <a href=\"https:\/\/pb.edu.pl\/owi\/2025\/12\/03\/521\/\">\n      <div class=\"article-image\">\n        <img loading=\"lazy\" decoding=\"async\" width=\"480\" height=\"300\" src=\"https:\/\/pb.edu.pl\/owi\/wp-content\/uploads\/sites\/12\/2026\/03\/2025-11-26-mamy-patent-boltryk-post-www-480x300.jpg\" class=\"attachment-medium-image-16x10 size-medium-image-16x10 wp-post-image\" alt=\"\" srcset=\"https:\/\/pb.edu.pl\/owi\/wp-content\/uploads\/sites\/12\/2026\/03\/2025-11-26-mamy-patent-boltryk-post-www-480x300.jpg 480w, https:\/\/pb.edu.pl\/owi\/wp-content\/uploads\/sites\/12\/2026\/03\/2025-11-26-mamy-patent-boltryk-post-www-300x188.jpg 300w, https:\/\/pb.edu.pl\/owi\/wp-content\/uploads\/sites\/12\/2026\/03\/2025-11-26-mamy-patent-boltryk-post-www-1024x640.jpg 1024w, https:\/\/pb.edu.pl\/owi\/wp-content\/uploads\/sites\/12\/2026\/03\/2025-11-26-mamy-patent-boltryk-post-www-768x480.jpg 768w, https:\/\/pb.edu.pl\/owi\/wp-content\/uploads\/sites\/12\/2026\/03\/2025-11-26-mamy-patent-boltryk-post-www.jpg 1080w\" sizes=\"auto, (max-width: 480px) 100vw, 480px\" \/>      <\/div>\n      <h3>Politechnika Bia\u0142ostocka uzyska\u0142a kolejny patent <\/h3>\n      Politechnika Bia\u0142ostocka ma patent na nowe nawierzchnie drogowe...    <\/a>\n<\/article>\t\t\t\t\t\t<\/div>\n\t\t\t\t\t\t\t\t\t\t\t<div class=\"col-sm-3\">\n\t\t\t\t\t\t\t\n<article class=\"format-standard\">\n    <span class=\"date text-right\"><i class=\"fal fa-calendar-alt\"><\/i> 29-10-2025<\/span>\n    <a href=\"https:\/\/pb.edu.pl\/owi\/2025\/10\/29\/527\/\">\n      <div class=\"article-image\">\n        <img loading=\"lazy\" decoding=\"async\" width=\"480\" height=\"300\" src=\"https:\/\/pb.edu.pl\/owi\/wp-content\/uploads\/sites\/12\/2026\/03\/2025-10-24-mamy-patent-lempicka-www-1080x675-1-480x300.jpg\" class=\"attachment-medium-image-16x10 size-medium-image-16x10 wp-post-image\" alt=\"\" srcset=\"https:\/\/pb.edu.pl\/owi\/wp-content\/uploads\/sites\/12\/2026\/03\/2025-10-24-mamy-patent-lempicka-www-1080x675-1-480x300.jpg 480w, https:\/\/pb.edu.pl\/owi\/wp-content\/uploads\/sites\/12\/2026\/03\/2025-10-24-mamy-patent-lempicka-www-1080x675-1-300x188.jpg 300w, https:\/\/pb.edu.pl\/owi\/wp-content\/uploads\/sites\/12\/2026\/03\/2025-10-24-mamy-patent-lempicka-www-1080x675-1-1024x640.jpg 1024w, https:\/\/pb.edu.pl\/owi\/wp-content\/uploads\/sites\/12\/2026\/03\/2025-10-24-mamy-patent-lempicka-www-1080x675-1-768x480.jpg 768w, https:\/\/pb.edu.pl\/owi\/wp-content\/uploads\/sites\/12\/2026\/03\/2025-10-24-mamy-patent-lempicka-www-1080x675-1.jpg 1080w\" sizes=\"auto, (max-width: 480px) 100vw, 480px\" \/>      <\/div>\n      <h3>Wsp\u00f3lny patent PB i UMK w Toruniu <\/h3>\n      Kompozycja cementu szk\u0142o-jonomerowego z substancj\u0105 bioaktywn\u0105 do zastosowa\u0144 stomatologicznych    <\/a>\n<\/article>\t\t\t\t\t\t<\/div>\n\t\t\t\t\t\t\t\t\t\t\t<div class=\"col-sm-3\">\n\t\t\t\t\t\t\t\n<article class=\"format-standard\">\n    <span class=\"date text-right\"><i class=\"fal fa-calendar-alt\"><\/i> 04-09-2025<\/span>\n    <a href=\"https:\/\/pb.edu.pl\/owi\/2025\/09\/04\/478\/\">\n      <div class=\"article-image\">\n              <\/div>\n      <h3>Nowy Rzecznik Patentowy Uczelni <\/h3>\n      Szanowni Pa\u0144stwo, zapraszamy na dy\u017cury Rzecznika Patentowego PB, mgr. in\u017c. Arkadiusza    <\/a>\n<\/article>\t\t\t\t\t\t<\/div>\n\t\t\t\t\t\t\t\t\t\t\t<div class=\"col-sm-3\">\n\t\t\t\t\t\t\t\n<article class=\"format-standard\">\n    <span class=\"date text-right\"><i class=\"fal fa-calendar-alt\"><\/i> 06-02-2025<\/span>\n    <a href=\"https:\/\/pb.edu.pl\/owi\/2025\/02\/06\/470\/\">\n      <div class=\"article-image\">\n              <\/div>\n      <h3>Dy\u017cury Rzecznika Patentowego PB w 2025 roku <\/h3>\n      Szanowni Pa\u0144stwo, zapraszamy na dy\u017cury Rzecznika Patentowego, dr Magdaleny Rutkowskiej-Sowy, w    <\/a>\n<\/article>\t\t\t\t\t\t<\/div>\n\t\t\t\t\t\t\t\t\t\t\t<div class=\"col-sm-3\">\n\t\t\t\t\t\t\t\n<article class=\"format-standard\">\n    <span class=\"date text-right\"><i class=\"fal fa-calendar-alt\"><\/i> 23-01-2025<\/span>\n    <a href=\"https:\/\/pb.edu.pl\/owi\/2025\/01\/23\/politechnika-bialostocka-wspoltworca-patentu-nowa-nawierzchnia-poroelastyczna-redukuje-halas-toczenia-pojazdow\/\">\n      <div class=\"article-image\">\n        <img loading=\"lazy\" decoding=\"async\" width=\"480\" height=\"300\" src=\"https:\/\/pb.edu.pl\/owi\/wp-content\/uploads\/sites\/12\/2025\/01\/2025-01-23-mamy-patent-gardziejczyk-nawierzchnia-www-1080x675-1-480x300.jpg\" class=\"attachment-medium-image-16x10 size-medium-image-16x10 wp-post-image\" alt=\"\" srcset=\"https:\/\/pb.edu.pl\/owi\/wp-content\/uploads\/sites\/12\/2025\/01\/2025-01-23-mamy-patent-gardziejczyk-nawierzchnia-www-1080x675-1-480x300.jpg 480w, https:\/\/pb.edu.pl\/owi\/wp-content\/uploads\/sites\/12\/2025\/01\/2025-01-23-mamy-patent-gardziejczyk-nawierzchnia-www-1080x675-1-300x188.jpg 300w, https:\/\/pb.edu.pl\/owi\/wp-content\/uploads\/sites\/12\/2025\/01\/2025-01-23-mamy-patent-gardziejczyk-nawierzchnia-www-1080x675-1-1024x640.jpg 1024w, https:\/\/pb.edu.pl\/owi\/wp-content\/uploads\/sites\/12\/2025\/01\/2025-01-23-mamy-patent-gardziejczyk-nawierzchnia-www-1080x675-1-768x480.jpg 768w, https:\/\/pb.edu.pl\/owi\/wp-content\/uploads\/sites\/12\/2025\/01\/2025-01-23-mamy-patent-gardziejczyk-nawierzchnia-www-1080x675-1.jpg 1080w\" sizes=\"auto, (max-width: 480px) 100vw, 480px\" \/>      <\/div>\n      <h3>Politechnika Bia\u0142ostocka wsp\u00f3\u0142tw\u00f3rc\u0105 patentu<\/h3>\n      Nowa nawierzchnia poroelastyczna redukuje ha\u0142as toczenia pojazd\u00f3w...     <\/a>\n<\/article>\t\t\t\t\t\t<\/div>\n\t\t\t\t\t\t\t\t\t\t\t<div class=\"col-sm-3\">\n\t\t\t\t\t\t\t\n<article class=\"format-standard\">\n    <span class=\"date text-right\"><i class=\"fal fa-calendar-alt\"><\/i> 27-11-2024<\/span>\n    <a href=\"https:\/\/pb.edu.pl\/owi\/2024\/11\/27\/dyzur-stacjonarny-rzecznika-patentowego-pb-w-grudniu\/\">\n      <div class=\"article-image\">\n              <\/div>\n      <h3>Dy\u017cur stacjonarny rzecznika patentowego PB w grudniu<\/h3>\n      Szanowni Pa\u0144stwo, dy\u017cur Rzecznika Patentowego PB, dr Magdaleny Rutkowskiej-Sowy, odbywa si\u0119    <\/a>\n<\/article>\t\t\t\t\t\t<\/div>\n\t\t\t\t\t\n\t\t\t\t\n\t\t\t\t\t<\/div>\n\t\t\n\t<nav class=\"navigation pagination\" aria-label=\"Stronicowanie wpis\u00f3w\">\n\t\t<h2 class=\"screen-reader-text\">Stronicowanie wpis\u00f3w<\/h2>\n\t\t<div class=\"nav-links\"><span aria-current=\"page\" class=\"page-numbers current\">1<\/span>\n<a class=\"page-numbers\" href=\"https:\/\/pb.edu.pl\/owi\/wp-json\/wp\/v2\/pages\/14\/page\/2\/\">2<\/a>\n<a class=\"page-numbers\" href=\"https:\/\/pb.edu.pl\/owi\/wp-json\/wp\/v2\/pages\/14\/page\/3\/\">3<\/a>\n<a class=\"next page-numbers\" href=\"https:\/\/pb.edu.pl\/owi\/wp-json\/wp\/v2\/pages\/14\/page\/2\/\">Nast\u0119pne<\/a><\/div>\n\t<\/nav>\t\t\t<\/div>\n\n","protected":false},"excerpt":{"rendered":"","protected":false},"author":2,"featured_media":0,"parent":0,"menu_order":2,"comment_status":"closed","ping_status":"closed","template":"","meta":{"_acf_changed":false,"ngg_post_thumbnail":0,"footnotes":""},"class_list":["post-14","page","type-page","status-publish","hentry"],"acf":[],"_links":{"self":[{"href":"https:\/\/pb.edu.pl\/owi\/wp-json\/wp\/v2\/pages\/14","targetHints":{"allow":["GET"]}}],"collection":[{"href":"https:\/\/pb.edu.pl\/owi\/wp-json\/wp\/v2\/pages"}],"about":[{"href":"https:\/\/pb.edu.pl\/owi\/wp-json\/wp\/v2\/types\/page"}],"author":[{"embeddable":true,"href":"https:\/\/pb.edu.pl\/owi\/wp-json\/wp\/v2\/users\/2"}],"replies":[{"embeddable":true,"href":"https:\/\/pb.edu.pl\/owi\/wp-json\/wp\/v2\/comments?post=14"}],"version-history":[{"count":0,"href":"https:\/\/pb.edu.pl\/owi\/wp-json\/wp\/v2\/pages\/14\/revisions"}],"wp:attachment":[{"href":"https:\/\/pb.edu.pl\/owi\/wp-json\/wp\/v2\/media?parent=14"}],"curies":[{"name":"wp","href":"https:\/\/api.w.org\/{rel}","templated":true}]}}