{"id":12,"date":"2017-11-22T21:31:02","date_gmt":"2017-11-22T20:31:02","guid":{"rendered":"https:\/\/pb.edu.pl\/owi\/?page_id=12"},"modified":"2026-01-12T09:18:45","modified_gmt":"2026-01-12T08:18:45","slug":"osrodek-wlasnosci-intelektualnej","status":"publish","type":"page","link":"https:\/\/pb.edu.pl\/owi\/","title":{"rendered":"O\u015brodek W\u0142asno\u015bci Intelektualnej"},"content":{"rendered":"<div id=\"box-menu\" class=\"href\">&nbsp;<\/div>\n<div class=\"row\">\n<div class=\"col-md-4\">\n\t<div class=\"boxlink animated zoomIn \">\n\t\t<a href=\"\/owi\/oferta\/\" class=\"no-icon\">\n\t\t\t<div class=\"boxlink-title\">Oferta<span><\/span><\/div>\n\t\t\t<div class=\"boxlink-content\">\n\t\t\t\t<img decoding=\"async\" class=\"aligncenter wp-image-534 size-full\" src=\"https:\/\/pb.edu.pl\/owi\/wp-content\/uploads\/sites\/12\/2017\/12\/oferta.png\" alt=\"\">\t\t\t<\/div>\n\t\t<\/a>\n\t<\/div>\n\n<\/div>\n<div class=\"col-md-4\">\n\t<div class=\"boxlink animated zoomIn \">\n\t\t<a href=\"https:\/\/bazawiedzy.pb.edu.pl\/search\/patent?ps=20&amp;t=simple&amp;showRel=false&amp;lang=pl&amp;qp=&amp;cid=343126\" class=\"no-icon\">\n\t\t\t<div class=\"boxlink-title\">Baza patent\u00f3w<span><\/span><\/div>\n\t\t\t<div class=\"boxlink-content\">\n\t\t\t\t<img decoding=\"async\" class=\"aligncenter wp-image-534 size-full\" src=\"https:\/\/pb.edu.pl\/owi\/wp-content\/uploads\/sites\/12\/2017\/12\/baza_patentow.png\" alt=\"\">\t\t\t<\/div>\n\t\t<\/a>\n\t<\/div>\n\n<\/div>\n<div class=\"col-md-4\">\n\t<div class=\"boxlink animated zoomIn \">\n\t\t<a href=\"\/owi\/baza-wiedzy\/\" class=\"no-icon\">\n\t\t\t<div class=\"boxlink-title\">Baza wiedzy<span><\/span><\/div>\n\t\t\t<div class=\"boxlink-content\">\n\t\t\t\t<img decoding=\"async\" class=\"aligncenter wp-image-534 size-full\" src=\"https:\/\/pb.edu.pl\/owi\/wp-content\/uploads\/sites\/12\/2017\/12\/baza_wiedzy.png\" alt=\"\">\t\t\t<\/div>\n\t\t<\/a>\n\t<\/div>\n\n<\/div>\n<\/div>\n<div id=\"pobierz\" class=\"href\">&nbsp;<\/div>\n<div class=\"row\">\n<div class=\"col-md-12 text-center\"><a class=\"button text-center animated zoomIn lead\" style=\"width: 100%\" title=\"Pobierz\" href=\"https:\/\/pb.edu.pl\/owi\/wp-content\/uploads\/sites\/12\/2025\/10\/Karta-zgloszenia-wyniku-w-Politechnice-Bialostockiej.docx\"><strong>Formularz zg\u0142oszeniowy (DOCX, 35 KB)<\/strong><\/a><\/div>\n<\/div>\n<div class=\"row\">\n<div class=\"col-md-12 text-center\"><a class=\"button text-center animated zoomIn lead\" style=\"width: 100%\" href=\"https:\/\/pb.edu.pl\/owi\/wp-content\/uploads\/sites\/12\/2018\/12\/Informacja-o-przetwarzaniu-danych-osobowych.pdf\" target=\"_blank\" rel=\"noopener noreferrer\"><strong>Informacja o przetwarzaniu danych osobowych (PDF, 143 KB, otworzy si\u0119 w nowej karcie)<\/strong><\/a><\/div>\n<\/div>\n<div style=\"text-align: center\"><strong><span style=\"font-size: 18pt\"><a title=\"\" href=\"https:\/\/siecotwartychinnowacji.pl\/baza-wiedzy\/poziomy-gotowosci-technologicznej-trl-czyli-od-idei-do-realizacji\/\">Poziom gotowo\u015bci technologicznej produktu (TRL)<\/a><\/span><\/strong><\/div>\n<div style=\"text-align: center\">&nbsp;<\/div>\n<div style=\"text-align: center\"><strong><span style=\"font-size: 18pt\"><a href=\"https:\/\/krajoweinteligentnespecjalizacje.pl\/\">Krajowe Inteligentne Specjalizacje (KIS)<\/a><\/span><\/strong><\/div>\n<div style=\"text-align: center\">&nbsp;<\/div>\n<div style=\"text-align: center\"><strong><span style=\"font-size: 18pt\"><a href=\"https:\/\/regionalneprogramyoperacyjne.pl\/inteligentne-specjalizacje-wojewodztwa-podlaskiego\/\">Regionalne Inteligentne Specjalizacje Wojew\u00f3dztwa<\/a><\/span><\/strong><strong><span style=\"font-size: 18pt\"><a href=\"https:\/\/regionalneprogramyoperacyjne.pl\/inteligentne-specjalizacje-wojewodztwa-podlaskiego\/\"> Podlaskiego (RIS)<\/a><\/span><\/strong><\/div>\n<div>&nbsp;<\/div>\n<p>&nbsp;<\/p>\n<p><a class=\"h1 color\" style=\"text-decoration: none\" title=\"poka\u017c wszystkie Aktualno\u015bci\" href=\"\/owi\/aktualnosci\/\">Aktualno\u015bci <i class=\"fa fa-caret-right\" aria-hidden=\"true\"><\/i><\/a><br \/>\n\t\t<div class=\"box news-box \">\n\t\t<div class=\"row\">\n\t\t\t\n\t\t\t\n\t\t\t\t\n\t\t\t\t\t\t\t\t\t\t<div class=\"col-sm-3\">\n\t\t\t\t\t\t\t\n<article class=\"format-standard\">\n    <span class=\"date text-right\"><i class=\"fal fa-calendar-alt\"><\/i> 13-03-2026<\/span>\n    <a href=\"https:\/\/pb.edu.pl\/owi\/2026\/03\/13\/530\/\">\n      <div class=\"article-image\">\n        <img loading=\"lazy\" decoding=\"async\" width=\"480\" height=\"300\" src=\"https:\/\/pb.edu.pl\/owi\/wp-content\/uploads\/sites\/12\/2026\/03\/2026-03-ctt-szkolenia-wlasnosc-intelektualna-www-480x300.jpg\" class=\"attachment-medium-image-16x10 size-medium-image-16x10 wp-post-image\" alt=\"\" srcset=\"https:\/\/pb.edu.pl\/owi\/wp-content\/uploads\/sites\/12\/2026\/03\/2026-03-ctt-szkolenia-wlasnosc-intelektualna-www-480x300.jpg 480w, https:\/\/pb.edu.pl\/owi\/wp-content\/uploads\/sites\/12\/2026\/03\/2026-03-ctt-szkolenia-wlasnosc-intelektualna-www-300x187.jpg 300w, https:\/\/pb.edu.pl\/owi\/wp-content\/uploads\/sites\/12\/2026\/03\/2026-03-ctt-szkolenia-wlasnosc-intelektualna-www-1024x640.jpg 1024w, https:\/\/pb.edu.pl\/owi\/wp-content\/uploads\/sites\/12\/2026\/03\/2026-03-ctt-szkolenia-wlasnosc-intelektualna-www-768x480.jpg 768w, https:\/\/pb.edu.pl\/owi\/wp-content\/uploads\/sites\/12\/2026\/03\/2026-03-ctt-szkolenia-wlasnosc-intelektualna-www-1536x960.jpg 1536w, https:\/\/pb.edu.pl\/owi\/wp-content\/uploads\/sites\/12\/2026\/03\/2026-03-ctt-szkolenia-wlasnosc-intelektualna-www-2048x1279.jpg 2048w\" sizes=\"auto, (max-width: 480px) 100vw, 480px\" \/>      <\/div>\n      <h3>CTT PB zaprasza 23 i 24 marca 2026 r. na kolejne szkolenia z zakresu ochrony w\u0142asno\u015bci intelektualnej<\/h3>\n       Ochrona w\u0142asno\u015bci intelektualnej, zdolno\u015b\u0107 patentowa \u2013 szkolenia z udzia\u0142em ekspert\u00f3w    <\/a>\n<\/article>\t\t\t\t\t\t<\/div>\n\t\t\t\t\t\t\t\t\t\t\t<div class=\"col-sm-3\">\n\t\t\t\t\t\t\t\n<article class=\"format-standard\">\n    <span class=\"date text-right\"><i class=\"fal fa-calendar-alt\"><\/i> 12-03-2026<\/span>\n    <a href=\"https:\/\/pb.edu.pl\/owi\/2026\/03\/12\/508\/\">\n      <div class=\"article-image\">\n        <img loading=\"lazy\" decoding=\"async\" width=\"480\" height=\"300\" src=\"https:\/\/pb.edu.pl\/owi\/wp-content\/uploads\/sites\/12\/2026\/03\/2026-03-mamy-patent-mrozek-www-480x300.jpg\" class=\"attachment-medium-image-16x10 size-medium-image-16x10 wp-post-image\" alt=\"\" srcset=\"https:\/\/pb.edu.pl\/owi\/wp-content\/uploads\/sites\/12\/2026\/03\/2026-03-mamy-patent-mrozek-www-480x300.jpg 480w, https:\/\/pb.edu.pl\/owi\/wp-content\/uploads\/sites\/12\/2026\/03\/2026-03-mamy-patent-mrozek-www-300x188.jpg 300w, https:\/\/pb.edu.pl\/owi\/wp-content\/uploads\/sites\/12\/2026\/03\/2026-03-mamy-patent-mrozek-www-1024x640.jpg 1024w, https:\/\/pb.edu.pl\/owi\/wp-content\/uploads\/sites\/12\/2026\/03\/2026-03-mamy-patent-mrozek-www-768x480.jpg 768w, https:\/\/pb.edu.pl\/owi\/wp-content\/uploads\/sites\/12\/2026\/03\/2026-03-mamy-patent-mrozek-www.jpg 1080w\" sizes=\"auto, (max-width: 480px) 100vw, 480px\" \/>      <\/div>\n      <h3>PB z kolejnym patentem!<\/h3>\n      Chip immunosensora dla powierzchniowego rezonansu plazmon\u00f3w (SPR) w wersji imaging...    <\/a>\n<\/article>\t\t\t\t\t\t<\/div>\n\t\t\t\t\t\t\t\t\t\t\t<div class=\"col-sm-3\">\n\t\t\t\t\t\t\t\n<article class=\"format-standard\">\n    <span class=\"date text-right\"><i class=\"fal fa-calendar-alt\"><\/i> 03-02-2026<\/span>\n    <a href=\"https:\/\/pb.edu.pl\/owi\/2026\/02\/03\/514\/\">\n      <div class=\"article-image\">\n        <img loading=\"lazy\" decoding=\"async\" width=\"480\" height=\"300\" src=\"https:\/\/pb.edu.pl\/owi\/wp-content\/uploads\/sites\/12\/2026\/02\/2026-02-04-mamy-patent-wasilewska-szusta-www-1080x6751-1-480x300.jpg\" class=\"attachment-medium-image-16x10 size-medium-image-16x10 wp-post-image\" alt=\"\" srcset=\"https:\/\/pb.edu.pl\/owi\/wp-content\/uploads\/sites\/12\/2026\/02\/2026-02-04-mamy-patent-wasilewska-szusta-www-1080x6751-1-480x300.jpg 480w, https:\/\/pb.edu.pl\/owi\/wp-content\/uploads\/sites\/12\/2026\/02\/2026-02-04-mamy-patent-wasilewska-szusta-www-1080x6751-1-300x188.jpg 300w, https:\/\/pb.edu.pl\/owi\/wp-content\/uploads\/sites\/12\/2026\/02\/2026-02-04-mamy-patent-wasilewska-szusta-www-1080x6751-1-1024x640.jpg 1024w, https:\/\/pb.edu.pl\/owi\/wp-content\/uploads\/sites\/12\/2026\/02\/2026-02-04-mamy-patent-wasilewska-szusta-www-1080x6751-1-768x480.jpg 768w, https:\/\/pb.edu.pl\/owi\/wp-content\/uploads\/sites\/12\/2026\/02\/2026-02-04-mamy-patent-wasilewska-szusta-www-1080x6751-1.jpg 1080w\" sizes=\"auto, (max-width: 480px) 100vw, 480px\" \/>      <\/div>\n      <h3>Wsp\u00f3lny patent Politechniki Bia\u0142ostockiej i Politechniki Gda\u0144skiej!<\/h3>\n      Urz\u0105dzenie do badania zu\u017cycia powierzchni g\u00f3rnych warstw nawierzchni drogowych     <\/a>\n<\/article>\t\t\t\t\t\t<\/div>\n\t\t\t\t\t\t\t\t\t\t\t<div class=\"col-sm-3\">\n\t\t\t\t\t\t\t\n<article class=\"format-standard\">\n    <span class=\"date text-right\"><i class=\"fal fa-calendar-alt\"><\/i> 26-01-2026<\/span>\n    <a href=\"https:\/\/pb.edu.pl\/owi\/2026\/01\/26\/518\/\">\n      <div class=\"article-image\">\n        <img loading=\"lazy\" decoding=\"async\" width=\"480\" height=\"300\" src=\"https:\/\/pb.edu.pl\/owi\/wp-content\/uploads\/sites\/12\/2026\/03\/2026-01-26-mamy-patent-szpica-www-480x300.jpg\" class=\"attachment-medium-image-16x10 size-medium-image-16x10 wp-post-image\" alt=\"\" srcset=\"https:\/\/pb.edu.pl\/owi\/wp-content\/uploads\/sites\/12\/2026\/03\/2026-01-26-mamy-patent-szpica-www-480x300.jpg 480w, https:\/\/pb.edu.pl\/owi\/wp-content\/uploads\/sites\/12\/2026\/03\/2026-01-26-mamy-patent-szpica-www-300x188.jpg 300w, https:\/\/pb.edu.pl\/owi\/wp-content\/uploads\/sites\/12\/2026\/03\/2026-01-26-mamy-patent-szpica-www-1024x640.jpg 1024w, https:\/\/pb.edu.pl\/owi\/wp-content\/uploads\/sites\/12\/2026\/03\/2026-01-26-mamy-patent-szpica-www-768x480.jpg 768w, https:\/\/pb.edu.pl\/owi\/wp-content\/uploads\/sites\/12\/2026\/03\/2026-01-26-mamy-patent-szpica-www.jpg 1080w\" sizes=\"auto, (max-width: 480px) 100vw, 480px\" \/>      <\/div>\n      <h3>W\u0142oski patent dla Politechniki Bia\u0142ostockiej <\/h3>\n      Patent na testowanie wtryskiwaczy paliw LPG i wodorowych dla Politechniki Bia\u0142ostockiej    <\/a>\n<\/article>\t\t\t\t\t\t<\/div>\n\t\t\t\t\t\n\t\t\t\t\n\t\t\t\t\t<\/div>\n\t\t\t\t\t<\/div>\n\n","protected":false},"excerpt":{"rendered":"<p>&nbsp; &nbsp; Formularz zg\u0142oszeniowy (DOCX, 35 KB) Informacja o przetwarzaniu danych osobowych (PDF, 143 KB,<\/p>\n","protected":false},"author":2,"featured_media":0,"parent":0,"menu_order":1,"comment_status":"closed","ping_status":"closed","template":"templates\/dzial.php","meta":{"_acf_changed":false,"ngg_post_thumbnail":0,"footnotes":""},"class_list":["post-12","page","type-page","status-publish","hentry"],"acf":[],"_links":{"self":[{"href":"https:\/\/pb.edu.pl\/owi\/wp-json\/wp\/v2\/pages\/12","targetHints":{"allow":["GET"]}}],"collection":[{"href":"https:\/\/pb.edu.pl\/owi\/wp-json\/wp\/v2\/pages"}],"about":[{"href":"https:\/\/pb.edu.pl\/owi\/wp-json\/wp\/v2\/types\/page"}],"author":[{"embeddable":true,"href":"https:\/\/pb.edu.pl\/owi\/wp-json\/wp\/v2\/users\/2"}],"replies":[{"embeddable":true,"href":"https:\/\/pb.edu.pl\/owi\/wp-json\/wp\/v2\/comments?post=12"}],"version-history":[{"count":0,"href":"https:\/\/pb.edu.pl\/owi\/wp-json\/wp\/v2\/pages\/12\/revisions"}],"wp:attachment":[{"href":"https:\/\/pb.edu.pl\/owi\/wp-json\/wp\/v2\/media?parent=12"}],"curies":[{"name":"wp","href":"https:\/\/api.w.org\/{rel}","templated":true}]}}