{"id":3961,"date":"2026-03-10T09:25:37","date_gmt":"2026-03-10T08:25:37","guid":{"rendered":"https:\/\/pb.edu.pl\/moja-zielona-politechnika\/?page_id=3961"},"modified":"2026-03-12T14:17:28","modified_gmt":"2026-03-12T13:17:28","slug":"zielona-akademia-seniora","status":"publish","type":"page","link":"https:\/\/pb.edu.pl\/moja-zielona-politechnika\/zielona-akademia-seniora\/","title":{"rendered":"Zielona Akademia Seniora"},"content":{"rendered":"<p><img loading=\"lazy\" decoding=\"async\" class=\"alignnone size-full wp-image-3969\" src=\"https:\/\/pb.edu.pl\/moja-zielona-politechnika\/wp-content\/uploads\/sites\/106\/2026\/03\/Akademia.jpg\" alt=\"Zielona Akademia Seniora\" width=\"1140\" height=\"91\" srcset=\"https:\/\/pb.edu.pl\/moja-zielona-politechnika\/wp-content\/uploads\/sites\/106\/2026\/03\/Akademia.jpg 1140w, https:\/\/pb.edu.pl\/moja-zielona-politechnika\/wp-content\/uploads\/sites\/106\/2026\/03\/Akademia-300x24.jpg 300w, https:\/\/pb.edu.pl\/moja-zielona-politechnika\/wp-content\/uploads\/sites\/106\/2026\/03\/Akademia-1024x82.jpg 1024w, https:\/\/pb.edu.pl\/moja-zielona-politechnika\/wp-content\/uploads\/sites\/106\/2026\/03\/Akademia-768x61.jpg 768w\" sizes=\"auto, (max-width: 1140px) 100vw, 1140px\" \/><\/p>\n<p>&nbsp;<\/p>\n<p>Politechnika Bia\u0142ostocka zaprasza na cykl spotka\u0144 <span style=\"font-size: 12pt\"><strong><span style=\"color: #008080\">\u201eZielona Akademia Seniora\u201d<\/span><\/strong><\/span> \u2013 wyj\u0105tkow\u0105 inicjatyw\u0119 skierowan\u0105 do senior\u00f3w, kt\u00f3rzy chc\u0105 poszerzy\u0107 swoj\u0105 wiedz\u0119 o \u015brodowisku, energii i wyzwaniach wsp\u00f3\u0142czesnego \u015bwiata. Podczas spotka\u0144 uczestnicy b\u0119d\u0105 mieli okazj\u0119 wys\u0142ucha\u0107 naukowc\u00f3w Politechniki Bia\u0142ostockiej, kt\u00f3rzy w przyst\u0119pny spos\u00f3b opowiedz\u0105 o zagadnieniach zwi\u0105zanych ze zr\u00f3wnowa\u017conym rozwojem, ochron\u0105 przyrody, oszcz\u0119dzaniem energii czy odpowiedzialn\u0105 konsumpcj\u0105.<\/p>\n<p data-start=\"544\" data-end=\"877\">\u201eZielona Akademia Seniora\u201d to nie tylko okazja do zdobycia nowej wiedzy, ale r\u00f3wnie\u017c do wsp\u00f3lnego sp\u0119dzenia czasu, zadawania pyta\u0144 ekspertom oraz wymiany do\u015bwiadcze\u0144 w przyjaznej atmosferze. Spotkania maj\u0105 na celu pokazanie, \u017ce troska o \u015brodowisko naturalne mo\u017ce by\u0107 elementem codziennych dzia\u0142a\u0144 ka\u017cdego z nas, niezale\u017cnie od wieku.<\/p>\n<p data-start=\"879\" data-end=\"1037\" data-is-last-node=\"\" data-is-only-node=\"\">Serdecznie zapraszamy do udzia\u0142u w wydarzeniu i wsp\u00f3lnego odkrywania, jak w prosty spos\u00f3b mo\u017cemy dba\u0107 o otaczaj\u0105c\u0105 nas przyrod\u0119 i przysz\u0142o\u015b\u0107 kolejnych pokole\u0144.<\/p>\n<p>Rejestracja telefoniczna: <strong>85 746 90 78 <\/strong>w godzinach <strong>8.00 &#8211; 14.30<\/strong><\/p>\n<p><strong><a href=\"#rejestracja\"><span style=\"font-size: 14pt\">Rejestracja elektroniczna<\/span><\/a><\/strong><\/p>\n<p><span style=\"font-size: 18pt\"><strong><span style=\"color: #008080\">Harmonogram Zielonej Akademii Seniora<\/span><\/strong><\/span><\/p>\n<p>\ud83d\udcc5 Data: <strong>01.04.2026r.<\/strong><br data-start=\"937\" data-end=\"940\">\u23f0 Godzina: <strong>17.15&nbsp;<\/strong><br data-start=\"949\" data-end=\"952\">\ud83d\udccd Miejsce: <strong>Politechnika Bia\u0142ostocka, ul. Wiejska 45D, Wydzia\u0142 Elektryczny, Aula I<\/strong><\/p>\n<p>17.15 Uroczyste otwarcie z udzia\u0142em Jej Magnificencji Rektor Politechniki Bia\u0142ostockiej dr hab. in\u017c. Marty Kosior-Kazberuk, prof. PB<\/p>\n<p>17.25 Wsp\u00f3lne zdj\u0119cie<\/p>\n<p>17.30 <span style=\"font-size: 1.5rem\">dr in\u017c. Agnieszka Wysocka-Czubaszek: \u201e<\/span><strong style=\"font-size: 1.5rem\">Rozw\u00f3j zr\u00f3wnowa\u017cony czy za wszelk\u0105 cen\u0119? Oto jest pytanie<\/strong><span style=\"font-size: 1.5rem\">\u201d<\/span><\/p>\n<p>18.15 Przerwa<\/p>\n<p>18.30 <span style=\"font-size: 1.5rem\">dr in\u017c. Monika Puchlik: \u201e<\/span><strong style=\"font-size: 1.5rem\">Woda w lesie, \u017cycie w przyrodzie \u2013 jak drzewa pomagaj\u0105 zatrzyma\u0107 deszcz<\/strong><span style=\"font-size: 1.5rem\">\u201d<\/span><\/p>\n<p>19.15 Zako\u0144czenie<\/p>\n<hr>\n<p>\ud83d\udcc5 Data: <strong>29.04.2026r.<\/strong><br data-start=\"937\" data-end=\"940\">\u23f0 Godzina: <strong>17.15<\/strong><br data-start=\"949\" data-end=\"952\">\ud83d\udccd Miejsce: <strong>Politechnika Bia\u0142ostocka, ul. Wiejska 45D, Wydzia\u0142 Elektryczny, Aula I<\/strong><\/p>\n<p>17.15 dr hab. in\u017c. Jacek Kusznier, prof. PB: \u201e<strong>Przysz\u0142o\u015b\u0107 jest elektryczna<\/strong>\u201d<\/p>\n<p>18.00 Przerwa<\/p>\n<p>18.15 dr hab. in\u017c. Maciej Zajkowski, prof. PB: \u201e<strong>Jak inteligentnie oszcz\u0119dza\u0107 energi\u0119<\/strong>?\u201d<\/p>\n<p>19.00 Zako\u0144czenie<\/p>\n<hr>\n<p>\ud83d\udcc5 Data: <strong>20.05.2026r.<\/strong><br data-start=\"937\" data-end=\"940\">\u23f0 Godzina: <strong>17.15<\/strong><br data-start=\"949\" data-end=\"952\">\ud83d\udccd Miejsce: <strong>Politechnika Bia\u0142ostocka, ul. Wiejska 45D, Wydzia\u0142 Elektryczny, Aula I<\/strong><\/p>\n<p>17.15 dr in\u017c. Joanna Godlewska: \u201e<strong>Mniej znaczy wi\u0119cej \u2013 zr\u00f3wnowa\u017cona konsumpcja w praktyce<\/strong>\u201d<\/p>\n<p>18.00 Przerwa<\/p>\n<p>18.15 mgr in\u017c. Marcin Czubaszek: \u201e<strong>Mniej znaczy wi\u0119cej \u2013 zr\u00f3wnowa\u017cona konsumpcja w praktyce<\/strong>\u201d<\/p>\n<p>19.00 Zako\u0144czenie<\/p>\n<hr>\n<p>\ud83d\udcc5 Data: <strong>17.06.2026r.<\/strong><br data-start=\"937\" data-end=\"940\">\u23f0 Godzina: <strong>17.15<\/strong><br data-start=\"949\" data-end=\"952\">\ud83d\udccd Miejsce: <strong>Politechnika Bia\u0142ostocka, ul. Wiejska 45D, Wydzia\u0142 Elektryczny, Aula I<\/strong><\/p>\n<p>17.15 dr Dan Wo\u0142kowycki: \u201e<strong>Obcy w\u015br\u00f3d nas. Inwazyjne gatunki ro\u015blin i zwierz\u0105t w naszym otoczeniu<\/strong>\u201d<\/p>\n<p>18.00 Przerwa<a id=\"rejestracja\"><\/a><\/p>\n<p>18.15 mgr in\u017c. Konrad Wilamowski: \u201e<strong>Zapylacze w naszym otoczeniu \u2013 murarka ogrodowa i jej rola w przyrodzie\u201d<\/strong><\/p>\n<p>19.00 Zako\u0144czenie<\/p>\n<hr>\n<p><span style=\"font-size: 24pt\"><strong>Rejestracja na wydarzenie<\/strong><\/span><\/p>\n<p><span style=\"color: #ff0000;font-size: 12pt\">* &#8211; pola wymagane<\/span><\/p>\n\n<div class=\"wpcf7 no-js\" id=\"wpcf7-f3974-o1\" lang=\"pl-PL\" dir=\"ltr\" data-wpcf7-id=\"3974\">\n<div class=\"screen-reader-response\"><p role=\"status\" aria-live=\"polite\" aria-atomic=\"true\"><\/p> <ul><\/ul><\/div>\n<form action=\"\/moja-zielona-politechnika\/wp-json\/wp\/v2\/pages\/3961#wpcf7-f3974-o1\" method=\"post\" class=\"wpcf7-form init\" aria-label=\"Formularz kontaktowy\" novalidate=\"novalidate\" data-status=\"init\">\n<fieldset class=\"hidden-fields-container\"><input type=\"hidden\" name=\"_wpcf7\" value=\"3974\" \/><input type=\"hidden\" name=\"_wpcf7_version\" value=\"6.1.5\" \/><input type=\"hidden\" name=\"_wpcf7_locale\" value=\"pl_PL\" \/><input type=\"hidden\" name=\"_wpcf7_unit_tag\" value=\"wpcf7-f3974-o1\" \/><input type=\"hidden\" name=\"_wpcf7_container_post\" value=\"0\" \/><input type=\"hidden\" name=\"_wpcf7_posted_data_hash\" value=\"\" \/><input type=\"hidden\" name=\"_wpcf7cf_hidden_group_fields\" value=\"[]\" \/><input type=\"hidden\" name=\"_wpcf7cf_hidden_groups\" value=\"[]\" \/><input type=\"hidden\" name=\"_wpcf7cf_visible_groups\" value=\"[]\" \/><input type=\"hidden\" name=\"_wpcf7cf_repeaters\" value=\"[]\" \/><input type=\"hidden\" name=\"_wpcf7cf_steps\" value=\"{}\" \/><input type=\"hidden\" name=\"_wpcf7cf_options\" value=\"{&quot;form_id&quot;:3974,&quot;conditions&quot;:[],&quot;settings&quot;:{&quot;animation&quot;:&quot;yes&quot;,&quot;animation_intime&quot;:200,&quot;animation_outtime&quot;:200,&quot;conditions_ui&quot;:&quot;normal&quot;,&quot;notice_dismissed&quot;:false,&quot;notice_dismissed_update-cf7-5.6.2&quot;:true}}\" \/>\n<\/fieldset>\n<div class=\"wpcf7-turnstile cf-turnstile\" data-sitekey=\"0x4AAAAAACDP-G-k0g-pygWP\" data-response-field-name=\"_wpcf7_turnstile_response\"><\/div>\n\n<div class=\"row\">\n\t<div class=\"col-md-8 mx-auto\">\n\t\t<div class=\"row\">\n\t\t\t<div class=\"col-md-6\">\n\t\t\t\t<p><label for=\"imie\"> Imi\u0119: * <\/label><br \/>\n<span class=\"wpcf7-form-control-wrap\" data-name=\"imie\"><input size=\"40\" maxlength=\"400\" class=\"wpcf7-form-control wpcf7-text wpcf7-validates-as-required\" id=\"imie\" aria-required=\"true\" aria-invalid=\"false\" value=\"\" type=\"text\" name=\"imie\" \/><\/span>\n\t\t\t\t<\/p>\n\t\t\t<\/div>\n\t\t\t<div class=\"col-md-6\">\n\t\t\t\t<p><label for=\"nazwisko\"> Nazwisko: * <\/label><br \/>\n<span class=\"wpcf7-form-control-wrap\" data-name=\"nazwisko\"><input size=\"40\" maxlength=\"400\" class=\"wpcf7-form-control wpcf7-text wpcf7-validates-as-required\" id=\"nazwisko\" aria-required=\"true\" aria-invalid=\"false\" value=\"\" type=\"text\" name=\"nazwisko\" \/><\/span>\n\t\t\t\t<\/p>\n\t\t\t<\/div>\n\t\t\t<div class=\"col-md-6\">\n\t\t\t\t<p><label for=\"telefon\"> Numer telefonu kontaktowego: * <\/label><br \/>\n<span class=\"wpcf7-form-control-wrap\" data-name=\"telefon\"><input size=\"40\" maxlength=\"400\" class=\"wpcf7-form-control wpcf7-text wpcf7-validates-as-required\" id=\"telefon\" aria-required=\"true\" aria-invalid=\"false\" value=\"\" type=\"text\" name=\"telefon\" \/><\/span>\n\t\t\t\t<\/p>\n\t\t\t<\/div>\n\t\t\t<div class=\"col-md-6\">\n\t\t\t\t<p><label for=\"your-mail\"> Adres e-mail je\u015bli posiadasz: <\/label><br \/>\n<span class=\"wpcf7-form-control-wrap\" data-name=\"your-mail\"><input size=\"40\" maxlength=\"400\" class=\"wpcf7-form-control wpcf7-email wpcf7-text wpcf7-validates-as-email\" id=\"your-mail\" aria-invalid=\"false\" value=\"\" type=\"email\" name=\"your-mail\" \/><\/span>\n\t\t\t\t<\/p>\n\t\t\t<\/div>\n\t\t<\/div>\n\t\t<div class=\"row\">\n\t\t\t<div class=\"col-md-12\">\n\t\t\t<hr \/>\n\t\t\t<\/div>\n\t\t<\/div>\n\t\t<p>Rejestruj\u0119 si\u0119 na nast\u0119puj\u0105ce terminy:\n\t\t<\/p>\n\t\t<p><span class=\"wpcf7-form-control-wrap\" data-name=\"checkbox-380\"><span class=\"wpcf7-form-control wpcf7-checkbox wpcf7-validates-as-required\"><span class=\"wpcf7-list-item first\"><label><input type=\"checkbox\" name=\"checkbox-380[]\" value=\"01.04.2026\" \/><span class=\"wpcf7-list-item-label\">01.04.2026<\/span><\/label><\/span><span class=\"wpcf7-list-item\"><label><input type=\"checkbox\" name=\"checkbox-380[]\" value=\"29.04.2026\" \/><span class=\"wpcf7-list-item-label\">29.04.2026<\/span><\/label><\/span><span class=\"wpcf7-list-item\"><label><input type=\"checkbox\" name=\"checkbox-380[]\" value=\"20.05.2026\" \/><span class=\"wpcf7-list-item-label\">20.05.2026<\/span><\/label><\/span><span class=\"wpcf7-list-item last\"><label><input type=\"checkbox\" name=\"checkbox-380[]\" value=\"17.06.2026\" \/><span class=\"wpcf7-list-item-label\">17.06.2026<\/span><\/label><\/span><\/span><\/span><br \/>\n\t\t<hr \/>\n\t\t<\/p>\n\t\t<div class=\"row\">\n\t\t\t<div class=\"col-md-12\">\n\t\t\t\t<p><span class=\"wpcf7-form-control-wrap\" data-name=\"acceptance-100\"><span class=\"wpcf7-form-control wpcf7-acceptance\"><span class=\"wpcf7-list-item\"><label><input type=\"checkbox\" name=\"acceptance-100\" value=\"1\" aria-invalid=\"false\" \/><span class=\"wpcf7-list-item-label\">Zapozna\u0142am\/em si\u0119 z informacj\u0105 administratora dotycz\u0105c\u0105 przetwarzania danych osobowych i poprzez sw\u00f3j udzia\u0142 w wydarzeniu wyra\u017cam zgod\u0119 na przetwarzanie wizerunku zarejestrowanego w trakcie jego przebiegu.<\/span><\/label><\/span><\/span><\/span>\n\t\t\t\t<\/p>\n\t\t\t\t<p style=\"text-indent: 0px\"><a class=\"pdf\" href=\"https:\/\/pb.edu.pl\/moja-zielona-politechnika\/wp-content\/uploads\/sites\/106\/2026\/03\/Informacja-Administratora.pdf\" target=\"_blank\" rel=\"noopener\" data-id=\"3978\">Informacja Administratora (PDF, 78 KB, otworzy si\u0119 w nowej karcie)<\/a>\n\t\t\t\t<\/p>\n\t\t\t<\/div>\n\t\t<\/div>\n\t\t<div class=\"row\">\n\t\t\t<div class=\"col-12 text-right\">\n\t\t\t\t<p>&nbsp;\n\t\t\t\t<\/p>\n\t\t\t\t<div>\n\t\t\t\t\t<p><input type=\"submit\" value=\"Wy\u015blij\" style=\"font-size:3rem;padding:12px 30px;background-color:#00494B !important;color:#ffffff;border:none;border-radius:6px\" \/>\n\t\t\t\t\t<\/p>\n\t\t\t\t<\/div>\n\t\t\t<\/div>\n\t\t<\/div>\n\t<\/div>\n<\/div><div class=\"wpcf7-response-output\" aria-hidden=\"true\"><\/div>\n<\/form>\n<\/div>\n\n","protected":false},"excerpt":{"rendered":"<p>&nbsp; Politechnika Bia\u0142ostocka zaprasza na cykl spotka\u0144 \u201eZielona Akademia Seniora\u201d \u2013 wyj\u0105tkow\u0105 inicjatyw\u0119 skierowan\u0105 do<\/p>\n","protected":false},"author":76,"featured_media":0,"parent":0,"menu_order":0,"comment_status":"closed","ping_status":"closed","template":"","meta":{"_acf_changed":false,"ngg_post_thumbnail":0,"footnotes":""},"class_list":["post-3961","page","type-page","status-publish","hentry"],"acf":[],"_links":{"self":[{"href":"https:\/\/pb.edu.pl\/moja-zielona-politechnika\/wp-json\/wp\/v2\/pages\/3961","targetHints":{"allow":["GET"]}}],"collection":[{"href":"https:\/\/pb.edu.pl\/moja-zielona-politechnika\/wp-json\/wp\/v2\/pages"}],"about":[{"href":"https:\/\/pb.edu.pl\/moja-zielona-politechnika\/wp-json\/wp\/v2\/types\/page"}],"author":[{"embeddable":true,"href":"https:\/\/pb.edu.pl\/moja-zielona-politechnika\/wp-json\/wp\/v2\/users\/76"}],"replies":[{"embeddable":true,"href":"https:\/\/pb.edu.pl\/moja-zielona-politechnika\/wp-json\/wp\/v2\/comments?post=3961"}],"version-history":[{"count":33,"href":"https:\/\/pb.edu.pl\/moja-zielona-politechnika\/wp-json\/wp\/v2\/pages\/3961\/revisions"}],"predecessor-version":[{"id":4008,"href":"https:\/\/pb.edu.pl\/moja-zielona-politechnika\/wp-json\/wp\/v2\/pages\/3961\/revisions\/4008"}],"wp:attachment":[{"href":"https:\/\/pb.edu.pl\/moja-zielona-politechnika\/wp-json\/wp\/v2\/media?parent=3961"}],"curies":[{"name":"wp","href":"https:\/\/api.w.org\/{rel}","templated":true}]}}