{"id":954,"date":"2022-02-15T10:24:39","date_gmt":"2022-02-15T09:24:39","guid":{"rendered":"https:\/\/pb.edu.pl\/mint\/?page_id=954"},"modified":"2026-04-10T18:33:30","modified_gmt":"2026-04-10T16:33:30","slug":"pl","status":"publish","type":"page","link":"https:\/\/pb.edu.pl\/mint\/pl\/","title":{"rendered":"pl"},"content":{"rendered":"<p>&nbsp;<br \/>\n<a name=\"tu-skacz\"><\/a>&nbsp;<\/p>\n<div id=\"box-menu\" class=\"href\">&nbsp;<\/div>\n<div class=\"row\">\n<div class=\"col-md-6\"><\/div>\n<div class=\"col-md-6\">\n<div class=\"text-right\"><a class=\"lang pl disabled\" title=\"switch to Polish\" href=\"\/mint\/pl\/\">PL<\/a> <a class=\"lang en\" title=\"English\" href=\"\/mint\/\">EN<\/a> <a class=\"lang de\" title=\"switch to German\" href=\"\/mint\/de\/\">DE<\/a><\/div>\n<\/div><\/div>\n<p>&nbsp;<\/p>\n<div class=\"h2\">Projekt MINT<\/div>\n<p>Projekt wsp\u00f3lnych lekcji \u2013 MINT: analiza gleby, wody i powietrza. Celem naszego projektu jest nawi\u0105zanie i pog\u0142\u0119bienie d\u0142ugotrwa\u0142ej i owocnej wsp\u00f3\u0142pracy mi\u0119dzy uczniami polskich i niemieckich szk\u00f3\u0142. Pracujemy nad stworzeniem \u015brodowiska sprzyjaj\u0105cego wsp\u00f3\u0142pracy, w kt\u00f3rym b\u0119dziemy mogli dzieli\u0107 si\u0119 spostrze\u017ceniami, wymienia\u0107 pomys\u0142ami i wsp\u00f3lnie si\u0119 rozwija\u0107. Opr\u00f3cz naukowego celu, jakim jest opracowanie jednolitej metodologii badawczej, zebranie wynik\u00f3w bada\u0144 dotycz\u0105cych zanieczyszczenia wody, powietrza i gleby oraz stworzenie strony internetowej (w j\u0119zyku angielskim, niemieckim i polskim) z wynikami bada\u0144, d\u0105\u017cymy do u\u0142atwienia wzajemnego zrozumienia naszych kraj\u00f3w, kultur, historii i zwyczaj\u00f3w.<\/p>\n<p>Polsko-Niemiecka Wsp\u00f3\u0142praca M\u0142odzie\u017cy (PNWM) u\u0142atwia spotkania i wsp\u00f3lne przedsi\u0119wzi\u0119cia m\u0142odzie\u017cy z Polski i Niemiec. Zapewnia wsparcie finansowe i pomoc dla projekt\u00f3w, kt\u00f3re s\u0105 przedmiotem wsp\u00f3lnego zainteresowania Polski i Niemiec.<\/p>\n<p>&nbsp;<\/p>\n<div class=\"h4\">Jak to wszystko nam si\u0119 uda\u0142o?<\/div>\n<p>\u017badna z rzeczy, kt\u00f3re uda\u0142o nam si\u0119 osi\u0105gn\u0105\u0107 przez lata wsp\u00f3\u0142pracy nie by\u0142aby mo\u017cliwa bez pomocy, kt\u00f3r\u0105 otrzymali\u015bmy z PNWM.<\/p>\n<p><span style=\"font-weight: 400\">PNWM wspiera spotkania m\u0142odzie\u017cowe, kt\u00f3re s\u0105 tak r\u00f3\u017cnorodne pod wzgl\u0119dem temat\u00f3w i form, jak zainteresowania m\u0142odych ludzi \u2013 od teatru, przez mi\u0119dzyszkolne projekty ekologiczne, po mecze hokeja na trawie.<\/span><\/p>\n<p>&nbsp;<\/p>\n<p><span style=\"font-weight: 400\">PNWM buduje fundamenty dla dobrych relacji mi\u0119dzy Polakami, a Niemcami.<\/span><\/p>\n<p><span style=\"font-weight: 400\">PNWM uwalnia energi\u0119 m\u0142odych Polak\u00f3w i Niemc\u00f3w, umo\u017cliwiaj\u0105c im tw\u00f3rcz\u0105 wsp\u00f3\u0142prac\u0119. DPJW jest otwarta na pomys\u0142y i inicjatywy m\u0142odych ludzi ze wszystkich \u015brodowisk \u2013 tak r\u00f3\u017cnorodnych, jak Polska i Niemcy.<\/span><\/p>\n<p><a href=\"https:\/\/dpjw.org\/about-us\/\"><img loading=\"lazy\" decoding=\"async\" class=\"alignnone wp-image-808\" src=\"https:\/\/pb.edu.pl\/mint\/wp-content\/uploads\/sites\/78\/2022\/01\/dpjw-1.jpg\" alt=\"\" width=\"598\" height=\"340\" srcset=\"https:\/\/pb.edu.pl\/mint\/wp-content\/uploads\/sites\/78\/2022\/01\/dpjw-1.jpg 753w, https:\/\/pb.edu.pl\/mint\/wp-content\/uploads\/sites\/78\/2022\/01\/dpjw-1-300x171.jpg 300w\" sizes=\"auto, (max-width: 598px) 100vw, 598px\" \/><\/a><\/p>\n<p>&nbsp;<\/p>\n<div class=\"h4\">Kilka informacji o nas<\/div>\n<p><strong>ALOPB <\/strong>to niepubliczna szko\u0142a \u015brednia o uprawnieniach szko\u0142y publicznej<\/strong>, kt\u00f3ra funkcjonuje w strukturach uczelni. Powsta\u0142a w 2016 roku z my\u015bl\u0105 o zdolnych i ambitnych uczniach zainteresowanych nauk\u0105 przedmiot\u00f3w \u015bcis\u0142ych, chc\u0105cych korzysta\u0107 z nowoczesnych technologii oraz z doskonale wyposa\u017conej bazy dydaktycznej Politechniki Bia\u0142ostockiej. Liceum stawia na nauczanie w rozszerzonym zakresie matematyki, informatyki, fizyki, chemii, biologii oraz j\u0119zyka angielskiego. Jako drugi j\u0119zyk obcy uczniowie mog\u0105 wybra\u0107 j\u0119zyk niemiecki lub j\u0119zyk rosyjski.<\/p>\n<p><a href=\"\/mint\/en\/alopb\/\" rel=\"noopener\">Wi\u0119cej o ALO PB<\/a><br \/>\n&nbsp;<\/p>\n<div class=\"h4\">Z kim pracujemy?<\/div>\n<p>Od 2025 roku, dzi\u0119ki pracy naszej nauczyciela i koordynatora MINTa w szkole, Pana Artura Ku\u017amicza, pracujemy nie z jedn\u0105, a a\u017c z czterema niemieckimi szko\u0142ami, o kt\u00f3rych informacji znajduj\u0105 si\u0119 poni\u017cej<\/p>\n<div class=\"row\">\n<div class=\"col-sm-3 text-center\"><a class=\"button\" style=\"width: 100%;padding: 0px 5px 10px 5px\" href=\"\/mint\/en\/elisabeth-gymnasium-halle\/\"><img loading=\"lazy\" decoding=\"async\" class=\"alignnone wp-image-900 size-full\" src=\"https:\/\/pb.edu.pl\/mint\/wp-content\/uploads\/sites\/78\/2022\/02\/elisabeth-gymnasium1.jpg\" alt=\"\" width=\"640\" height=\"428\"><span style=\"font-size: 11pt\"><strong>Elisabeth-Gymnasium Halle<\/strong><\/span><\/a><\/div>\n<div class=\"col-sm-3 text-center\"><a class=\"button\" style=\"width: 100%;padding: 0px 5px 10px 5px\" href=\"\/mint\/pl\/realschule-kirn\/\"><img loading=\"lazy\" decoding=\"async\" class=\"alignnone wp-image-819 size-full\" src=\"https:\/\/pb.edu.pl\/mint\/wp-content\/uploads\/sites\/78\/2025\/10\/Kirn_thumbnail.jpg\" alt=\"\" width=\"640\" height=\"428\"><span style=\"font-size: 11pt\"><strong>Realschule Plus Kirn<\/strong><\/span><\/a><\/div>\n<div class=\"col-sm-3 text-center\"><a class=\"button\" style=\"width: 100%;padding: 0px 5px 10px 5px\" href=\"\/mint\/en\/work-in-progres\/\"><img loading=\"lazy\" decoding=\"async\" class=\"alignnone wp-image-891 size-full\" src=\"https:\/\/pb.edu.pl\/mint\/wp-content\/uploads\/sites\/78\/2025\/10\/Wurzburg_thumbnail.jpg\" alt=\"\" width=\"640\" height=\"428\"><strong><span style=\"font-size: 11pt\">Klara-Oppenheimer-Schule<\/span><\/strong><\/a><\/div>\n<div class=\"col-sm-3 text-center\"><a class=\"button\" style=\"width: 100%;padding: 0px 5px 10px 5px\" href=\"\/mint\/pl\/robert-bosch-berufskolleg\/\"><img loading=\"lazy\" decoding=\"async\" class=\"alignnone wp-image-879 size-full\" src=\"https:\/\/pb.edu.pl\/mint\/wp-content\/uploads\/sites\/78\/2025\/10\/rbbk_thumbnail.jpg\" alt=\"\" width=\"639\" height=\"428\"><strong><span style=\"font-size: 11pt\">Robert Bosch Berufskolleg<\/span><\/strong><\/a><\/div>\n<\/div>\n<div id=\"box-menu\" class=\"href\">&nbsp;<\/div>\n<p>&nbsp;<\/p>\n<p>&nbsp;<\/p>\n<table style=\"border-collapse: collapse;width: 100%;height: 22px\">\n<tbody>\n<tr style=\"height: 22px\">\n<td style=\"width: 25.8714%;height: 22px\">Murmansker Str. 14&nbsp;<\/p>\n<p>06130 Halle (Saale)<\/p>\n<p>+49 (0345) 1201230<\/p>\n<p><a href=\"https:\/\/www.ess-elisabeth.de\/\">https:\/\/www.ess-elisabeth.de\/<\/a><\/td>\n<td style=\"width: 25.7989%;height: 22px\">Kallenfelser Str. 71<\/p>\n<p>55506 Kirn<\/p>\n<p><span class=\"mobile-font-size-14 theming-theme-accent3\">+49 (0675) 2137530<\/span><\/p>\n<p><a href=\"https:\/\/www.realschule-kirn.de\/\">https:\/\/www.realschule-kirn.de\/<\/a><\/td>\n<td style=\"width: 26.0893%;height: 22px\">Stettiner Str. 1<\/p>\n<p>97072 W\u00fcrzburg<\/p>\n<p>+49 (0931) 7908100<\/p>\n<p><a href=\"https:\/\/www.klara-oppenheimer-schule.de\/\">https:\/\/www.klara-oppenheimer-schule.de\/<\/a><\/td>\n<td style=\"width: 22.2404%;height: 22px\">August Thyssen Str. 45<\/p>\n<p>47166 Duisburg<\/p>\n<p>+49 (0203) 2835486<\/p>\n<p><a href=\"https:\/\/rbbk-duisburg.de\/\">https:\/\/rbbk-duisburg.de\/<\/a><\/td>\n<\/tr>\n<\/tbody>\n<\/table>\n<p>&nbsp;<\/p>\n<div class=\"col-sm-3 text-center\"><a class=\"button\" style=\"width: 100%;padding: 0px 5px 10px 5px\" href=\"\/mint\/pl\/badania\/\"><img loading=\"lazy\" decoding=\"async\" class=\"alignnone wp-image-900 size-full\" src=\"https:\/\/pb.edu.pl\/mint\/wp-content\/uploads\/sites\/78\/2022\/02\/3_proba_.png\" alt=\"\" width=\"640\" height=\"428\"><span style=\"font-size: 11pt\"><strong>Nasze badania<\/strong><\/span><\/a><\/div>\n<div class=\"col-sm-3 text-center\"><a class=\"button\" style=\"width: 100%;padding: 0px 5px 10px 5px\" href=\"\/mint\/pl\/zdjecia\/\"><img loading=\"lazy\" decoding=\"async\" class=\"alignnone wp-image-819 size-full\" src=\"https:\/\/pb.edu.pl\/mint\/wp-content\/uploads\/sites\/78\/2023\/03\/x100v_thum.png\" alt=\"\" width=\"640\" height=\"428\"><span style=\"font-size: 11pt\"><strong>Zdj\u0119cia<\/strong><\/span><\/a><\/div>\n<div class=\"col-sm-3 text-center\"><a class=\"button\" style=\"width: 100%;padding: 0px 5px 10px 5px\" href=\"\/mint\/en\/media-o-nas\/\"><img loading=\"lazy\" decoding=\"async\" class=\"alignnone wp-image-891 size-full\" src=\"https:\/\/pb.edu.pl\/mint\/wp-content\/uploads\/sites\/78\/2023\/06\/MEDIA.png\" alt=\"\" width=\"640\" height=\"428\"><strong><span style=\"font-size: 11pt\">Media o nas<\/span><\/strong><\/a><\/div>\n<div class=\"col-sm-3 text-center\"><a class=\"button\" style=\"width: 100%;padding: 0px 5px 10px 5px\" href=\"\/mint\/en\/work-in-progres\/\"><img loading=\"lazy\" decoding=\"async\" class=\"alignnone wp-image-879 size-full\" src=\"https:\/\/pb.edu.pl\/mint\/wp-content\/uploads\/sites\/78\/2020\/10\/cdias-pb-www-KONTAKT.jpg\" alt=\"\" width=\"639\" height=\"428\"><strong><span style=\"font-size: 11pt\">Wa\u017cne informacje<\/span><\/strong><\/a><\/div>\n","protected":false},"excerpt":{"rendered":"<p>&nbsp; &nbsp; &nbsp; &nbsp; Projekt MINT Projekt wsp\u00f3lnych lekcji \u2013 MINT: analiza gleby, wody i<\/p>\n","protected":false},"author":107,"featured_media":48,"parent":0,"menu_order":2,"comment_status":"closed","ping_status":"closed","template":"templates\/reprezentacyjna-4_8.php","meta":{"_acf_changed":false,"ngg_post_thumbnail":0,"footnotes":""},"class_list":["post-954","page","type-page","status-publish","has-post-thumbnail","hentry"],"acf":[],"_links":{"self":[{"href":"https:\/\/pb.edu.pl\/mint\/wp-json\/wp\/v2\/pages\/954","targetHints":{"allow":["GET"]}}],"collection":[{"href":"https:\/\/pb.edu.pl\/mint\/wp-json\/wp\/v2\/pages"}],"about":[{"href":"https:\/\/pb.edu.pl\/mint\/wp-json\/wp\/v2\/types\/page"}],"author":[{"embeddable":true,"href":"https:\/\/pb.edu.pl\/mint\/wp-json\/wp\/v2\/users\/107"}],"replies":[{"embeddable":true,"href":"https:\/\/pb.edu.pl\/mint\/wp-json\/wp\/v2\/comments?post=954"}],"version-history":[{"count":1,"href":"https:\/\/pb.edu.pl\/mint\/wp-json\/wp\/v2\/pages\/954\/revisions"}],"predecessor-version":[{"id":2164,"href":"https:\/\/pb.edu.pl\/mint\/wp-json\/wp\/v2\/pages\/954\/revisions\/2164"}],"wp:featuredmedia":[{"embeddable":true,"href":"https:\/\/pb.edu.pl\/mint\/wp-json\/wp\/v2\/media\/48"}],"wp:attachment":[{"href":"https:\/\/pb.edu.pl\/mint\/wp-json\/wp\/v2\/media?parent=954"}],"curies":[{"name":"wp","href":"https:\/\/api.w.org\/{rel}","templated":true}]}}