{"id":40,"date":"2017-11-13T22:20:00","date_gmt":"2017-11-13T21:20:00","guid":{"rendered":"https:\/\/pb.edu.pl\/liceum-ogolnoksztalcace\/?page_id=40"},"modified":"2026-04-17T15:15:51","modified_gmt":"2026-04-17T13:15:51","slug":"kadra-pedagogiczna","status":"publish","type":"page","link":"https:\/\/pb.edu.pl\/liceum-ogolnoksztalcace\/o-szkole\/kadra-pedagogiczna\/","title":{"rendered":"Kadra pedagogiczna"},"content":{"rendered":"<p>Kadr\u0119 Akademickiego Liceum Og\u00f3lnokszta\u0142c\u0105cego PB tworzy grono wyspecjalizowanych nauczycieli. Jest to zesp\u00f3\u0142 kreatywnych, ch\u0119tnych do wsp\u00f3\u0142pracy z uczniami i rodzicami pedagog\u00f3w. Przez lata praktyki nasi nauczyciele wypracowali takie metody nauczania, kt\u00f3re przynosz\u0105 najlepsze rezultaty, gwarantuj\u0105 wysok\u0105 jako\u015b\u0107 kszta\u0142cenia uczni\u00f3w, a tak\u017ce osi\u0105gni\u0119cie satysfakcjonuj\u0105cego wyniku na egzaminie maturalnym. Nasi nauczyciele wiedz\u0105, jak zdopingowa\u0107 uczni\u00f3w do nauki i rozwija\u0107 ich pasje. Dbaj\u0105 przy tym o przyjazn\u0105 atmosfer\u0119 podczas zaj\u0119\u0107 i budowanie dobrych relacji z uczniami.<\/p>\n<p><!-- I RZAD --><\/p>\n<div class=\"row\">&nbsp;<\/div>\n<p><img loading=\"lazy\" decoding=\"async\" class=\"aligncenter size-full wp-image-9431\" src=\"https:\/\/pb.edu.pl\/liceum-ogolnoksztalcace\/wp-content\/uploads\/sites\/10\/2023\/06\/Wiszowata-Walczak-Katarztyna-300x300-1.png\" alt=\"\" width=\"300\" height=\"300\"><\/p>\n<div class=\"row\">\n<p style=\"text-align: center\"><strong>dr Katarzyna Wiszowata-Walczak<\/strong><br \/>\nDyrektor Szko\u0142y<\/p>\n<p style=\"text-align: center\">Moja przygoda z histori\u0105 rozpocz\u0119\u0142a si\u0119 na Uniwersytecie w Bia\u0142ymstoku, tam r\u00f3wnie\u017c w 2016 roku obroni\u0142am prac\u0119 doktorsk\u0105, specjalizuj\u0119 si\u0119 w historii nuncjatury apostolskiej w Polsce. Od wielu lat zwi\u0105zana jestem z Instytutem Bada\u0144 nad Dziedzictwem Kulturowym Europy. W ramach tej pracy rozwijam moje zainteresowania naukowe, organizuj\u0119 cykliczne konferencje, anga\u017cuj\u0119 si\u0119 w prac\u0119 wydawnicz\u0105 Instytutu, a tak\u017ce jestem uczestnikiem wielu mi\u0119dzynarodowych projekt\u00f3w naukowych m.in. dotycz\u0105cych archiwali\u00f3w \u2013 polonik\u00f3w w Watykanie, Sztokholmie, Lwowie, Mi\u0144sku, S. Petersburgu etc. Od 2009 r. jestem rzeczoznawc\u0105 Ministra Edukacji Narodowej w zakresie opinii merytorycznej podr\u0119cznik\u00f3w do historii i wiedzy o spo\u0142ecze\u0144stwie. Trzykrotnie by\u0142am stypendystk\u0105 Ministra Kultury i Dziedzictwa Narodowego (2010, 2014, 2018). W 2016 roku zosta\u0142am uhonorowana odznak\u0105 Ministra Kultury i Dziedzictwa Narodowego \u201eZas\u0142u\u017cony dla Kultury Polskiej\u201d.<\/p>\n<p>&nbsp;<\/p>\n<p><img loading=\"lazy\" decoding=\"async\" class=\"aligncenter size-full wp-image-9431\" src=\"https:\/\/pb.edu.pl\/liceum-ogolnoksztalcace\/wp-content\/uploads\/sites\/10\/2023\/07\/358491249_1393564374756991_8636894838474972800_n.png\" alt=\"\" width=\"300\" height=\"300\"><\/p>\n<p style=\"text-align: center\"><strong>mgr Pawe\u0142 Malinowski<\/strong><br \/>\nWicedyrektor Szko\u0142y<\/p>\n<p style=\"text-align: center\">Jestem absolwentem filologii angielskiej na Uniwersytecie w Bia\u0142ymstoku. Praca z lud\u017ami, przekazywanie im mojej wiedzy oraz inspirowanie do poznawania j\u0119zyka angielskiego jest moj\u0105 pasj\u0105, a kontakt z drugim cz\u0142owiekiem niezmiennie mnie fascynuje. Od lat interesuj\u0119 si\u0119 kultur\u0105 kraj\u00f3w iberyjskich, a mi\u0142o\u015b\u0107 ta zaowocowa\u0142a zdaniem certyfikatu DELE na poziomie B2. Naucza\u0142em na wszystkich etapach edukacji &#8211; od zer\u00f3wki, przez szko\u0142\u0119 podstawow\u0105 i liceum, a\u017c po wy\u017csz\u0105 uczelni\u0119. Zdoby\u0142em uprawnienia egzaminatora TELC oraz egzaminatora maturalnego z j\u0119zyka angielskiego. Prywatnie jestem mi\u0142o\u015bnikiem kot\u00f3w, podr\u00f3\u017cy i puzzli. Wierz\u0119, \u017ce ka\u017cda chwila po\u015bwi\u0119cona nauce jest jak kolejny puzzel, z kt\u00f3rych z czasem powstaje pi\u0119kny obraz &#8211; bieg\u0142e pos\u0142ugiwanie si\u0119 j\u0119zykiem. Zapraszam do wsp\u00f3lnej podr\u00f3\u017cy w angloj\u0119zyczny \u015bwiat.<\/p>\n<\/div>\n<div class=\"row\">\n<div class=\"col-sm-4\">\n<img loading=\"lazy\" decoding=\"async\" class=\"aligncenter wp-image-5761 size-medium\" src=\"https:\/\/pb.edu.pl\/liceum-ogolnoksztalcace\/wp-content\/uploads\/sites\/10\/2021\/03\/Sajewicz-Helena-300x300.png\" alt=\"\" width=\"300\" height=\"300\" srcset=\"https:\/\/pb.edu.pl\/liceum-ogolnoksztalcace\/wp-content\/uploads\/sites\/10\/2021\/03\/Sajewicz-Helena-300x300.png 300w, https:\/\/pb.edu.pl\/liceum-ogolnoksztalcace\/wp-content\/uploads\/sites\/10\/2021\/03\/Sajewicz-Helena-768x768.png 768w, https:\/\/pb.edu.pl\/liceum-ogolnoksztalcace\/wp-content\/uploads\/sites\/10\/2021\/03\/Sajewicz-Helena.png 900w\" sizes=\"auto, (max-width: 300px) 100vw, 300px\" \/><\/p>\n<p style=\"text-align: center\"><strong>mgr Helena Sajewicz<\/strong><br \/>\nPedagog<\/p>\n<p style=\"text-align: center\">Jestem absolwentk\u0105 Wydzia\u0142u Matematyczno\u2013Przyrodniczego Filii Uniwersytetu Warszawskiego w Bia\u0142ymstoku na kierunku fizyka. W 2001 roku uko\u0144czy\u0142am studia podyplomowe w zakresie pedagogiki opieku\u0144czo-wychowawczej na Uniwersytecie w Bia\u0142ymstoku. W roku 2002 uzyska\u0142am stopie\u0144 nauczyciela dyplomowanego. Uko\u0144czy\u0142am studia podyplomowe w zakresie doradztwa zawodowego na Uniwersytecie w Bia\u0142ymstoku oraz wychowania seksualnego na Wydziale Pedagogiki Uniwersytetu Warszawskiego. Uzupe\u0142niaj\u0105c swoje kwalifikacje zawodowe uko\u0144czy\u0142am tak\u017ce studium przeciwdzia\u0142ania przemocy w rodzinie prowadzone przez Centrum Szkolenia Psychoedukacyjnego Instytutu Psychologii Zdrowia w Warszawie. Posiadam uprawnienia do prowadzenia grup socjoterapeutycznych dla dzieci i m\u0142odzie\u017cy oraz jestem certyfikowanym trenerem TZA \u2013 ART. Bardzo lubi\u0119 swoj\u0105 prac\u0119. Pragn\u0119 wspiera\u0107 naszych uczni\u00f3w w ich rozwoju i uwra\u017cliwia\u0107 na los drugiego cz\u0142owieka.<\/p>\n<\/div>\n<div class=\"col-sm-4\">\n<img loading=\"lazy\" decoding=\"async\" class=\"alignnone size-medium wp-image-11536 aligncenter\" src=\"https:\/\/pb.edu.pl\/liceum-ogolnoksztalcace\/wp-content\/uploads\/sites\/10\/2024\/03\/8eb8e361-e8bb-47f4-bb33-e3d37b95e3bf-300x300.jpg\" alt=\"\" width=\"300\" height=\"300\" srcset=\"https:\/\/pb.edu.pl\/liceum-ogolnoksztalcace\/wp-content\/uploads\/sites\/10\/2024\/03\/8eb8e361-e8bb-47f4-bb33-e3d37b95e3bf-300x300.jpg 300w, https:\/\/pb.edu.pl\/liceum-ogolnoksztalcace\/wp-content\/uploads\/sites\/10\/2024\/03\/8eb8e361-e8bb-47f4-bb33-e3d37b95e3bf-768x768.jpg 768w, https:\/\/pb.edu.pl\/liceum-ogolnoksztalcace\/wp-content\/uploads\/sites\/10\/2024\/03\/8eb8e361-e8bb-47f4-bb33-e3d37b95e3bf.jpg 900w\" sizes=\"auto, (max-width: 300px) 100vw, 300px\" \/><\/p>\n<p style=\"text-align: center\"><strong>mgr Beata Paszukow<\/strong><br \/>\nPsycholog<\/p>\n<p style=\"text-align: center\">Z wykszta\u0142cenia jestem psychologiem, terapeut\u0105, pedagogiem. Od ponad 20 lat jestem zwi\u0105zana zawodowo ze szko\u0142\u0105. Spotkania z uczniami daj\u0105 mi satysfakcj\u0119 i rado\u015b\u0107. Rozmowy wywo\u0142uj\u0105 we mnie g\u0142\u00f3d wiedzy, potrzeb\u0119 poszukiwania odpowiedzi i sposob\u00f3w niesienia pomocy, dlatego wci\u0105\u017c si\u0119 ucz\u0119. Ceni\u0119 ciep\u0142o p\u0142yn\u0105ce<br \/>\nz relacji z innymi. Lubi\u0119 muzyk\u0119, zapach kawy i podr\u00f3\u017ce \u2013 r\u00f3wnie\u017c te, w kt\u00f3rych mog\u0119 by\u0107 oparciem i towarzyszem w drodze do zmiany\u2026<\/p>\n<\/div>\n<div class=\"col-sm-4\">\n<img loading=\"lazy\" decoding=\"async\" class=\"aligncenter size-full wp-image-13589\" src=\"https:\/\/pb.edu.pl\/liceum-ogolnoksztalcace\/wp-content\/uploads\/sites\/10\/2024\/10\/Sawicka-Grygorczuk-Emilia.png\" alt=\"\" width=\"300\" height=\"300\"><\/p>\n<p style=\"text-align: center\"><strong>mgr Emilia Sawicka-Grygorczuk<\/strong><br \/>\nPsycholog, psychoterapeuta, pedagog specjalny<\/p>\n<p style=\"text-align: center\">Osi\u0105gn\u0119\u0142am pe\u0142noletno\u015b\u0107 w dzia\u0142aniach na rzecz wsparcia i rozwoju dzieci, m\u0142odzie\u017cy z bia\u0142ostockich plac\u00f3wek o\u015bwiatowych. Z wykszta\u0142cenia jestem pedagogiem, doradc\u0105 zawodowym, socjoterapeut\u0105, terapeut\u0105 os\u00f3b w spektrum autyzmu, terapeut\u0105 \u015brodowiskowym, trenerem: &#8222;Szko\u0142y dla rodzic\u00f3w&#8221;, umiej\u0119tno\u015bci spo\u0142ecznych i zast\u0119powania agresji. Odnajduj\u0119 rado\u015b\u0107 w kontaktach z lud\u017ami i przyrod\u0105. W czasie wolnym odkrywam \u015bwiat, je\u017cd\u017c\u0119 konno, w\u0119druj\u0119 po g\u00f3rskich i le\u015bnych szlakach.<\/p>\n<\/div>\n<\/div>\n<div class=\"row\">\n<div class=\"col-sm-4\">\n<img loading=\"lazy\" decoding=\"async\" class=\"aligncenter wp-image-5737 size-medium\" src=\"https:\/\/pb.edu.pl\/liceum-ogolnoksztalcace\/wp-content\/uploads\/sites\/10\/2021\/03\/Anisimowicz-Hubert-300x300.png\" alt=\"\" width=\"300\" height=\"300\" srcset=\"https:\/\/pb.edu.pl\/liceum-ogolnoksztalcace\/wp-content\/uploads\/sites\/10\/2021\/03\/Anisimowicz-Hubert-300x300.png 300w, https:\/\/pb.edu.pl\/liceum-ogolnoksztalcace\/wp-content\/uploads\/sites\/10\/2021\/03\/Anisimowicz-Hubert-768x768.png 768w, https:\/\/pb.edu.pl\/liceum-ogolnoksztalcace\/wp-content\/uploads\/sites\/10\/2021\/03\/Anisimowicz-Hubert.png 900w\" sizes=\"auto, (max-width: 300px) 100vw, 300px\" \/><\/p>\n<p style=\"text-align: center\"><strong>mgr Hubert Anisimowicz<\/strong><br \/>\nMatematyka<\/p>\n<p style=\"text-align: center\">Uczy\u0107 lubi\u0142em od zawsze, dlatego ju\u017c od pocz\u0105tku studi\u00f3w magisterskich pracowa\u0142em w Instytucie Matematycznym Uniwersytetu Wroc\u0142awskiego jako tutor, pomagaj\u0105c studentom pierwszego roku w zmaganiach ze Wst\u0119pem do matematyki i Algebr\u0105 liniow\u0105. Po uko\u0144czeniu studi\u00f3w na specjalno\u015bci matematyka w ekonomii i ubezpieczeniach prowadzi\u0142em kursy maturalne, zaj\u0119cia z Algebry liniowej i Algebry abstrakcyjnej, ale r\u00f3wnie\u017c z j\u0119zyka angielskiego (uko\u0144czy\u0142em studia podyplomowe w zakresie t\u0142umacze\u0144 specjalistycznych). Dok\u0142adam wszelkich stara\u0144, aby moje lekcje by\u0142y ciekawe, a uczniowie nie tylko zdobyli konieczn\u0105 wiedz\u0119 teoretyczn\u0105, ale r\u00f3wnie\u017c potrafili j\u0105 wykorzysta\u0107 w kontek\u015bcie praktycznym. A kiedy przestaj\u0119 by\u0107 matematykiem lubi\u0119 uczy\u0107 si\u0119 j\u0119zyk\u00f3w obcych, gra\u0107 w gry planszowe i karciane oraz szyde\u0142kowa\u0107 i robi\u0107 na drutach. Serdecznie zapraszam na lekcje, na kt\u00f3rych poznasz Kr\u00f3low\u0105 Nauk oraz dowiesz si\u0119 innych ciekawych rzeczy, np. jak wym\u00f3wi\u0107 &#8222;Eyjafjallaj\u00f6kull&#8221;!<\/p>\n<\/div>\n<div class=\"col-sm-4\">\n<img loading=\"lazy\" decoding=\"async\" class=\"aligncenter wp-image-5745\" src=\"https:\/\/pb.edu.pl\/liceum-ogolnoksztalcace\/wp-content\/uploads\/sites\/10\/2021\/03\/Gladzki-Marek-300x300.png\" alt=\"\" width=\"300\" height=\"300\" srcset=\"https:\/\/pb.edu.pl\/liceum-ogolnoksztalcace\/wp-content\/uploads\/sites\/10\/2021\/03\/Gladzki-Marek-300x300.png 300w, https:\/\/pb.edu.pl\/liceum-ogolnoksztalcace\/wp-content\/uploads\/sites\/10\/2021\/03\/Gladzki-Marek-768x768.png 768w, https:\/\/pb.edu.pl\/liceum-ogolnoksztalcace\/wp-content\/uploads\/sites\/10\/2021\/03\/Gladzki-Marek.png 900w\" sizes=\"auto, (max-width: 300px) 100vw, 300px\" \/><\/p>\n<p style=\"text-align: center\"><strong>mgr Marek G\u0142adzki<\/strong><br \/>\nMatematyka<\/p>\n<p style=\"text-align: center\">Jestem nauczycielem matematyki od 2015 roku. Uko\u0144czy\u0142em studia magisterskie na Uniwersytecie w Bia\u0142ymstoku. Staram si\u0119 zarazi\u0107 uczni\u00f3w moj\u0105 pasj\u0105 do przedmiot\u00f3w \u015bcis\u0142ych. Dbam o to, aby moje lekcje by\u0142y atrakcyjne i uczniowie mogli poczu\u0107, \u017ce matematyka naprawd\u0119 jest kr\u00f3low\u0105 nauk. Kolejny rok z rz\u0119du moi podopieczni wygrywaj\u0105 konkursy matematyczne i ju\u017c w szkole \u015bredniej otrzymuj\u0105 indeksy na wy\u017csze uczelnie. Prywatnie uwielbiam gra\u0107 w gry planszowe i karciane.<\/p>\n<\/div>\n<div class=\"col-sm-4\">\n<img loading=\"lazy\" decoding=\"async\" class=\"aligncenter size-full wp-image-738\" src=\"https:\/\/pb.edu.pl\/liceum-ogolnoksztalcace\/wp-content\/uploads\/sites\/10\/2018\/03\/dakowicz.png\" alt=\"\" width=\"300\" height=\"300\"><\/p>\n<p style=\"text-align: center\"><strong>mgr Ma\u0142gorzata Niena\u0142towska<\/strong><br \/>\nMatematyka, Ko\u0142o olimpijskie matematyczne<\/p>\n<p style=\"text-align: center\">Jestem absolwentk\u0105 Wydzia\u0142u Matematyki Uniwersytetu w Bia\u0142ymstoku oraz Wydzia\u0142u Informatyki Politechniki Bia\u0142ostockiej. Uko\u0144czy\u0142am studia podyplomowe w zakresie pedagogiki leczniczej oraz edukacji i terapii os\u00f3b zaburzeniami ze spektrum autyzmu. Posiadam uprawnienia egzaminatora i od kilku lat wsp\u00f3\u0142pracuj\u0119 z OKE w \u0141om\u017cy przy sprawdzaniu prac maturalnych oraz egzaminu \u00f3smoklasisty. Zawodowo kieruj\u0119 si\u0119 s\u0142owami Janusza Korczaka: &#8222;Wychowawca, kt\u00f3ry nie wt\u0142acza, a wyzwala, nie ci\u0105gnie, a wznosi, nie ugniata, a kszta\u0142tuje, nie dyktuje, a uczy, nie \u017c\u0105da, a zapytuje, prze\u017cyje wraz z dzieckiem wiele natchnionych chwil&#8221;.<\/p>\n<\/div>\n<\/div>\n<div class=\"row\">\n<div class=\"col-sm-4\">\n<img loading=\"lazy\" decoding=\"async\" class=\"aligncenter wp-image-5738 size-medium\" src=\"https:\/\/pb.edu.pl\/liceum-ogolnoksztalcace\/wp-content\/uploads\/sites\/10\/2021\/03\/Babicz-Zdzislaw-300x300.png\" alt=\"\" width=\"300\" height=\"300\" srcset=\"https:\/\/pb.edu.pl\/liceum-ogolnoksztalcace\/wp-content\/uploads\/sites\/10\/2021\/03\/Babicz-Zdzislaw-300x300.png 300w, https:\/\/pb.edu.pl\/liceum-ogolnoksztalcace\/wp-content\/uploads\/sites\/10\/2021\/03\/Babicz-Zdzislaw-768x768.png 768w, https:\/\/pb.edu.pl\/liceum-ogolnoksztalcace\/wp-content\/uploads\/sites\/10\/2021\/03\/Babicz-Zdzislaw.png 900w\" sizes=\"auto, (max-width: 300px) 100vw, 300px\" \/><\/p>\n<p style=\"text-align: center\"><strong>mgr Zdzis\u0142aw Babicz<\/strong><br \/>\nInformatyka, Fizyka gier komputerowych<\/p>\n<p style=\"text-align: center\">Uko\u0144czy\u0142em studia podyplomowe na Uniwersytecie Warszawskim Filia w Bia\u0142ymstoku oraz Politechnice Bia\u0142ostockiej. Uczy\u0142em fizyki i informatyki w I Liceum Og\u00f3lnokszta\u0142c\u0105cym w Bia\u0142ymstoku. Jako konsultant ds. technologii informacyjnej i wicedyrektor Centrum Edukacji Nauczycieli organizowa\u0142em i prowadzi\u0142em szkolenia dla nauczycieli w zakresie komputerowego wspomagania dydaktyki. Prowadzi\u0142em zaj\u0119cia z informatyki na studiach podyplomowych dla nauczycieli organizowanych przez uczelnie Bia\u0142egostoku i \u0141om\u017cy. By\u0142em Wojew\u00f3dzkim Koordynatorem Podlaskiej Platformy Edukacyjnej. W roku 2017 znalaz\u0142em si\u0119 na Li\u015bcie 100 Szerokiego Porozumienia na Rzecz Umiej\u0119tno\u015bci Cyfrowych. Jestem cz\u0142onkiem Polskiego Towarzystwa Informatycznego i wiceprezesem Oddzia\u0142u Bia\u0142ostockiego PTI. Moje hobby to urz\u0105dzanie starego, wiejskiego siedliska i jazda na rowerze.<\/p>\n<\/div>\n<div class=\"col-sm-4\">\n<img loading=\"lazy\" decoding=\"async\" class=\"aligncenter wp-image-5756 size-medium\" src=\"https:\/\/pb.edu.pl\/liceum-ogolnoksztalcace\/wp-content\/uploads\/sites\/10\/2021\/03\/Michalowski-Rafal-300x300.png\" alt=\"\" width=\"300\" height=\"300\" srcset=\"https:\/\/pb.edu.pl\/liceum-ogolnoksztalcace\/wp-content\/uploads\/sites\/10\/2021\/03\/Michalowski-Rafal-300x300.png 300w, https:\/\/pb.edu.pl\/liceum-ogolnoksztalcace\/wp-content\/uploads\/sites\/10\/2021\/03\/Michalowski-Rafal-768x768.png 768w, https:\/\/pb.edu.pl\/liceum-ogolnoksztalcace\/wp-content\/uploads\/sites\/10\/2021\/03\/Michalowski-Rafal.png 900w\" sizes=\"auto, (max-width: 300px) 100vw, 300px\" \/><\/p>\n<p style=\"text-align: center\"><strong>mgr Rafa\u0142 Micha\u0142owski<\/strong><br \/>\nInformatyka<\/p>\n<p style=\"text-align: center\">Informatyka to moja pasja. Jestem absolwentem Wydzia\u0142u Elektrycznego Politechniki Bia\u0142ostockiej, natomiast na Wydziale Informatyki uko\u0144czy\u0142em studia podyplomowe. Jednak moja przygoda z informatyk\u0105 zacz\u0119\u0142a si\u0119 jeszcze w po\u0142owie lat 80 ubieg\u0142ego wieku, kiedy to pisa\u0142em pierwsze programy w j\u0119zyku BASIC na komputer ZX Spectrum 48. Obecnie interesuj\u0119 si\u0119 aplikacjami internetowymi, aplikacjami mobilnymi, Internetem Rzeczy, elementami sztucznej inteligencji oraz programowaniem mikrokontroler\u00f3w (Arduino i ESP32). Swoimi pasjami staram zara\u017ca\u0107 si\u0119 innych w tym m\u0142odzie\u017c, z kt\u00f3r\u0105 pracuj\u0119 jako nauczyciel od 1999 roku. W tym czasie uzyska\u0142em r\u00f3\u017cne tytu\u0142y w tym 2 najwa\u017cniejsze: Apple Distinguished Educator oraz Microsoft Innovative Educator Expert.<\/p>\n<\/div>\n<div class=\"col-sm-4\">\n<img loading=\"lazy\" decoding=\"async\" class=\"aligncenter wp-image-5758 size-medium\" src=\"https:\/\/pb.edu.pl\/liceum-ogolnoksztalcace\/wp-content\/uploads\/sites\/10\/2021\/03\/Pogrebniak-Anetta-300x300.png\" alt=\"\" width=\"300\" height=\"300\" srcset=\"https:\/\/pb.edu.pl\/liceum-ogolnoksztalcace\/wp-content\/uploads\/sites\/10\/2021\/03\/Pogrebniak-Anetta-300x300.png 300w, https:\/\/pb.edu.pl\/liceum-ogolnoksztalcace\/wp-content\/uploads\/sites\/10\/2021\/03\/Pogrebniak-Anetta-768x768.png 768w, https:\/\/pb.edu.pl\/liceum-ogolnoksztalcace\/wp-content\/uploads\/sites\/10\/2021\/03\/Pogrebniak-Anetta.png 900w\" sizes=\"auto, (max-width: 300px) 100vw, 300px\" \/><\/p>\n<p style=\"text-align: center\"><strong>mgr in\u017c. Anetta Pogrebniak<\/strong><br \/>\nInformatyka, Aplikacje mobilne, Ko\u0142o informatyczne<\/p>\n<p style=\"text-align: center\">Uko\u0144czy\u0142am studia magisterskie na Wydziale Informatyki Politechniki Bia\u0142ostockiej. Jestem nauczycielem dyplomowanym z kilkunastoletnim sta\u017cem. Posiadam do\u015bwiadczenie w pracy z dzie\u0107mi i m\u0142odzie\u017c\u0105 oraz osobami doros\u0142ymi. Od 2004 roku pracuj\u0119 na stanowisku nauczyciela informatyki w szkole podstawowej, a od 2019 w ALOPB. Jestem opiekunem wielu laureat\u00f3w konkurs\u00f3w i olimpiad informatycznych. Przez kilka lat pracowa\u0142am w szkole policealnej na kierunku Technik Informatyk. Bardzo lubi\u0119 swoj\u0105 prac\u0119.<\/p>\n<\/div>\n<\/div>\n<div class=\"row\">\n<div class=\"col-sm-4\">\n<img loading=\"lazy\" decoding=\"async\" class=\"aligncenter wp-image-5763 size-medium\" src=\"https:\/\/pb.edu.pl\/liceum-ogolnoksztalcace\/wp-content\/uploads\/sites\/10\/2021\/03\/Smolewska-Marzena-300x300.png\" alt=\"\" width=\"300\" height=\"300\" srcset=\"https:\/\/pb.edu.pl\/liceum-ogolnoksztalcace\/wp-content\/uploads\/sites\/10\/2021\/03\/Smolewska-Marzena-300x300.png 300w, https:\/\/pb.edu.pl\/liceum-ogolnoksztalcace\/wp-content\/uploads\/sites\/10\/2021\/03\/Smolewska-Marzena-768x768.png 768w, https:\/\/pb.edu.pl\/liceum-ogolnoksztalcace\/wp-content\/uploads\/sites\/10\/2021\/03\/Smolewska-Marzena.png 900w\" sizes=\"auto, (max-width: 300px) 100vw, 300px\" \/><\/p>\n<p style=\"text-align: center\"><strong>mgr Marzena Smolewska<\/strong><br \/>\nChemia<\/p>\n<p style=\"text-align: center\">Po uko\u0144czeniu studi\u00f3w na Uniwersytecie w Bia\u0142ymstoku na kierunku chemia, tj. w latach 2006-2008, pracowa\u0142am w Dziale Laboratoryjnym Okr\u0119gowej Stacji Chemiczno-Rolniczej w Bia\u0142ymstoku. W latach 2008-2011 pracowa\u0142am w Instytucie Chemii Uniwersytetu w Bia\u0142ymstoku, gdzie m.in. prowadzi\u0142am zaj\u0119cia z przedmiot\u00f3w: Chemia \u015arodowiska i \u0106wiczenia Specjalizacyjne z technik chromatograficznych. Od listopada 2011 roku pracuj\u0119 na Wydziale Budownictwa i Nauk o \u015arodowisku Politechniki Bia\u0142ostockiej na stanowisku Specjalisty in\u017cynieryjno-technicznego. Pocz\u0105tkowo pracowa\u0142am w Katedrze Technologii w In\u017cynierii i Ochronie \u015arodowiska, natomiast obecnie w nowo powsta\u0142ym Wydzia\u0142owym Laboratorium Chemicznym.<\/p>\n<\/div>\n<div class=\"col-sm-4\">\n<img loading=\"lazy\" decoding=\"async\" class=\"aligncenter wp-image-5753 size-medium\" src=\"https:\/\/pb.edu.pl\/liceum-ogolnoksztalcace\/wp-content\/uploads\/sites\/10\/2021\/03\/Kokoszkiewicz-Kamil-300x300.png\" alt=\"\" width=\"300\" height=\"300\" srcset=\"https:\/\/pb.edu.pl\/liceum-ogolnoksztalcace\/wp-content\/uploads\/sites\/10\/2021\/03\/Kokoszkiewicz-Kamil-300x300.png 300w, https:\/\/pb.edu.pl\/liceum-ogolnoksztalcace\/wp-content\/uploads\/sites\/10\/2021\/03\/Kokoszkiewicz-Kamil-768x768.png 768w, https:\/\/pb.edu.pl\/liceum-ogolnoksztalcace\/wp-content\/uploads\/sites\/10\/2021\/03\/Kokoszkiewicz-Kamil.png 900w\" sizes=\"auto, (max-width: 300px) 100vw, 300px\" \/><\/p>\n<p style=\"text-align: center\"><strong>mgr Kamil Kokoszkiewicz<\/strong><br \/>\nFizyka<\/p>\n<p style=\"text-align: center\">Uko\u0144czy\u0142em fizyk\u0119 na Uniwersytecie w Bia\u0142ymstoku. Posiadam 14 letnie do\u015bwiadczenie pracy jako nauczyciel akademicki na Politechnice Bia\u0142ostockiej i 15 letnie jako nauczyciel dyplomowany w liceach og\u00f3lnokszta\u0142c\u0105cych. Zapraszam do wsp\u00f3lnego odkrywania \u015bwiata, kt\u00f3rego fizyka jest integraln\u0105 cz\u0119\u015bci\u0105.<\/p>\n<\/div>\n<div class=\"col-sm-4\">\n<img loading=\"lazy\" decoding=\"async\" class=\"aligncenter wp-image-5757 size-medium\" src=\"https:\/\/pb.edu.pl\/liceum-ogolnoksztalcace\/wp-content\/uploads\/sites\/10\/2021\/03\/Nowik-Grzegorz-300x300.png\" alt=\"\" width=\"300\" height=\"300\" srcset=\"https:\/\/pb.edu.pl\/liceum-ogolnoksztalcace\/wp-content\/uploads\/sites\/10\/2021\/03\/Nowik-Grzegorz-300x300.png 300w, https:\/\/pb.edu.pl\/liceum-ogolnoksztalcace\/wp-content\/uploads\/sites\/10\/2021\/03\/Nowik-Grzegorz-768x768.png 768w, https:\/\/pb.edu.pl\/liceum-ogolnoksztalcace\/wp-content\/uploads\/sites\/10\/2021\/03\/Nowik-Grzegorz.png 900w\" sizes=\"auto, (max-width: 300px) 100vw, 300px\" \/><\/p>\n<p style=\"text-align: center\"><strong>mgr Grzegorz Nowik<\/strong><br \/>\nFizyka, Internet rzeczy<\/p>\n<p style=\"text-align: center\">Jestem nauczycielem fizyki, informatyki oraz wychowania fizycznego. Wiedz\u0119 z tych dziedzin wykorzystuj\u0119 do prowadzenia zaj\u0119\u0107 z robotyki. Podczas moich zaj\u0119\u0107 lutujemy, wiercimy, pi\u0142ujemy, programujemy i \u015bwietnie si\u0119 przy tym bawimy. Zbudowane roboty bior\u0105 udzia\u0142 w zawodach w ca\u0142ej Polsce, dzi\u0119ki czemu mamy mo\u017cliwo\u015b\u0107 wymiany do\u015bwiadcze\u0144 z innymi konstruktorami. Moi podopieczni z ALOPB osi\u0105gali sukcesy r\u00f3wnie\u017c na arenie mi\u0119dzynarodowej. Zapraszam na zaj\u0119cia!<\/p>\n<\/div>\n<\/div>\n<div class=\"row\">\n<div class=\"col-sm-4\">\n<img loading=\"lazy\" decoding=\"async\" class=\"aligncenter wp-image-5792 size-medium\" src=\"https:\/\/pb.edu.pl\/liceum-ogolnoksztalcace\/wp-content\/uploads\/sites\/10\/2021\/03\/Boltruszko-Joanna-300x300.png\" alt=\"\" width=\"300\" height=\"300\" srcset=\"https:\/\/pb.edu.pl\/liceum-ogolnoksztalcace\/wp-content\/uploads\/sites\/10\/2021\/03\/Boltruszko-Joanna-300x300.png 300w, https:\/\/pb.edu.pl\/liceum-ogolnoksztalcace\/wp-content\/uploads\/sites\/10\/2021\/03\/Boltruszko-Joanna-768x768.png 768w, https:\/\/pb.edu.pl\/liceum-ogolnoksztalcace\/wp-content\/uploads\/sites\/10\/2021\/03\/Boltruszko-Joanna.png 900w\" sizes=\"auto, (max-width: 300px) 100vw, 300px\" \/><\/p>\n<p style=\"text-align: center\"><strong>dr Joanna Sabina Bo\u0142truszko<\/strong><br \/>\nBiologia<\/p>\n<p style=\"text-align: center\">Uko\u0144czy\u0142am studia magisterskie na Wydziale Matematyczno &#8211; Przyrodniczym Uniwersytetu Warszawskiego. W 2014 roku na Uniwersytecie w Bia\u0142ymstoku uzyska\u0142am stopie\u0144 naukowy doktora nauk biologicznych w dyscyplinie biologia. Przez 18 lat by\u0142am pracownikiem naukowym oraz nauczycielem akademickim na Uniwersytecie w Bia\u0142ymstoku. Jestem autork\u0105 prac naukowych opisuj\u0105cych organizmy epizoiczne oraz kurs\u00f3w iTunes U w ramach projektu iPad w edukacji &#8211; dost\u0119pnych na stronie firmy Apple. Posiadam uprawnienia egzaminatora maturalnego OKE. Opr\u00f3cz biologii moj\u0105 pasj\u0105 jest sport. Przez wiele lat intensywnie trenowa\u0142am siatk\u00f3wk\u0119 w MKS \u201eJuvenia\u201d Bia\u0142ystok. Propaguj\u0119 nowoczesne sposoby nauczania oparte na systemie fi\u0144skim. Prywatnie jestem optymistk\u0105, pasjonatk\u0105 kultury Japonii, nowinek technologicznych, samochod\u00f3w &#8211; zw\u0142aszcza elektrycznych.<\/p>\n<\/div>\n<div class=\"col-sm-4\">\n<img loading=\"lazy\" decoding=\"async\" class=\"aligncenter wp-image-5769 size-medium\" src=\"https:\/\/pb.edu.pl\/liceum-ogolnoksztalcace\/wp-content\/uploads\/sites\/10\/2023\/07\/357522713_777312067456020_1807311982675668918_n-300x300.png\" alt=\"\" width=\"300\" height=\"300\"><\/p>\n<p style=\"text-align: center\"><strong>mgr Iwona Zedlewska<\/strong><br \/>\nGeografia<\/p>\n<p style=\"text-align: center\">Tytu\u0142 magistra geografii uzyska\u0142am na Uniwersytecie Pedagogicznym w Krakowie. Po studiach odby\u0142am roczny sta\u017c w szkole w Hiszpanii, gdzie doskonali\u0142am swoje umiej\u0119tno\u015bci pedagogiczne i j\u0119zykowe. Do\u015bwiadczenie pracy w liceum o profilu mundurowym, poszerzy\u0142o moje zainteresowania, w zwi\u0105zku z czym uzyska\u0142am kolejny dyplom i przyjemno\u015b\u0107 nauczania Edukacji dla bezpiecze\u0144stwa. Do dzi\u015b pozostaj\u0119 entuzjastk\u0105 kultury iberyjskiej, j\u0119zyka hiszpa\u0144skiego i ch\u0119tnie odbywam podr\u00f3\u017ce. Uwielbiam przyrod\u0119 i ceni\u0119 jej unikalno\u015b\u0107, dlatego staram si\u0119 zobaczy\u0107 ka\u017cde cudo natury osobi\u015bcie. Moje pasje b\u0119d\u0119 szerzy\u0142a w\u015br\u00f3d uczni\u00f3w, by zaszczepi\u0107 w nich bezpieczne odkrywanie pi\u0119kna naszej Planety.<\/p>\n<\/div>\n<div class=\"col-sm-4\">\n<img loading=\"lazy\" decoding=\"async\" class=\"aligncenter wp-image-5746 size-medium\" src=\"https:\/\/pb.edu.pl\/liceum-ogolnoksztalcace\/wp-content\/uploads\/sites\/10\/2021\/03\/Gorski-Radoslaw-300x300.png\" alt=\"\" width=\"300\" height=\"300\" srcset=\"https:\/\/pb.edu.pl\/liceum-ogolnoksztalcace\/wp-content\/uploads\/sites\/10\/2021\/03\/Gorski-Radoslaw-300x300.png 300w, https:\/\/pb.edu.pl\/liceum-ogolnoksztalcace\/wp-content\/uploads\/sites\/10\/2021\/03\/Gorski-Radoslaw-768x768.png 768w, https:\/\/pb.edu.pl\/liceum-ogolnoksztalcace\/wp-content\/uploads\/sites\/10\/2021\/03\/Gorski-Radoslaw.png 900w\" sizes=\"auto, (max-width: 300px) 100vw, 300px\" \/><\/p>\n<p style=\"text-align: center\"><strong>dr Rados\u0142aw G\u00f3rski<\/strong><br \/>\nRysunek odr\u0119czny, Ko\u0142o rysunku odr\u0119cznego<\/p>\n<p style=\"text-align: center\">Urodzony w 1982 roku w Warszawie. Absolwent Pa\u0144stwowego Liceum Sztuk Plastycznych im. J\u00f3zefa Che\u0142mo\u0144skiego w Na\u0142\u0119czowie. Nast\u0119pnie studia na Wydziale Architektury PB na kierunku Architektury Wn\u0119trz oraz Architektura i Urbanistyka. W czasie trwania studi\u00f3w II stopnia rozpocz\u0105\u0142 sta\u017c na Wydziale Architektury PB w katedrze Architektury Wn\u0119trz jako asystent &nbsp;prof. Henryki Noskiewicz-Ga\u0142\u0105zki oraz prof. Barbary Borkowskiej- Larysz. Od 2016r. nauczyciel w Akademickim Liceum Og\u00f3lnokszta\u0142c\u0105cym Politechniki Bia\u0142ostockiej. W 2019 r. uko\u0144czy\u0142 studia podyplomowe na Uniwersytecie w Bia\u0142ymstoku z pedagogiki. W lipcu 2021r. uzyska\u0142 stopie\u0144 doktora sztuki na Wydziale Architektury Wn\u0119trz Akademii Sztuk Pi\u0119knych w Warszawie. W grudniu 2022 r. uzyska\u0142 uprawnienia budowlane do projektowania bez ogranicze\u0144. Projektuje architektur\u0119 oraz wn\u0119trza wraz z \u017con\u0105 Ann\u0105 Konopko-G\u00f3rsk\u0105. Bra\u0142 udzia\u0142 w wystawach w Polsce i za granic\u0105.<\/p>\n<\/div>\n<\/div>\n<div class=\"row\">\n<div class=\"col-sm-4\">\n<img loading=\"lazy\" decoding=\"async\" class=\"aligncenter size-full wp-image-738\" src=\"https:\/\/pb.edu.pl\/liceum-ogolnoksztalcace\/wp-content\/uploads\/sites\/10\/2023\/09\/bankiewicz.png\" alt=\"\" width=\"300\" height=\"300\"><\/p>\n<p style=\"text-align: center\"><strong>mgr Iwona Bankiewicz-Zabielska<\/strong><br \/>\nJ\u0119zyk polski<\/p>\n<p style=\"text-align: center\">Jestem absolwentk\u0105 filologii polskiej Uniwersytetu w Bia\u0142ymstoku. Ponadto uko\u0144czy\u0142am studia podyplomowe z historii oraz studia podyplomowe z logopedii na tym samym uniwersytecie. Od wielu lat z niezmienn\u0105 pasj\u0105 ucz\u0119 j\u0119zyka polskiego bia\u0142ostockich licealist\u00f3w. Z ogromn\u0105 ciekawo\u015bci\u0105 s\u0142ucham m\u0142odych ludzi i pozwalam im swobodnie rozmawia\u0107 o literaturze minionych epok, szukaj\u0105c w niej uniwersalnych zagadnie\u0144. Ch\u0119tnie wykorzystuj\u0119 metody aktywne, kt\u00f3re anga\u017cuj\u0105 uczni\u00f3w i pozwalaj\u0105 odkrywa\u0107 im siebie. W swojej pracy staram si\u0119 \u0142\u0105czy\u0107 dobr\u0105 atmosfer\u0119 podczas lekcji oraz wysokie wymagania. W\u015br\u00f3d uczni\u00f3w ceni\u0119 szczero\u015b\u0107, poczucie humoru, ambicje i w\u0142asne zdanie. W wolnych chwilach uwielbiam gotowa\u0107, czyta\u0107 ksi\u0105\u017cki, podr\u00f3\u017cowa\u0107. Szczeg\u00f3lnie bliskie mojemu sercu s\u0105 w\u0142oskie klimaty. Mojej pracy przy\u015bwieca motto: &#8222;Kto chce pracowa\u0107 owocnie musi mie\u0107 w sercu mi\u0142o\u015b\u0107, a w pracy cierpliwo\u015b\u0107&#8230;&#8221; &#8211; \u015bw. Jan Bosko<\/p>\n<\/div>\n<div class=\"col-sm-4\">\n<img loading=\"lazy\" decoding=\"async\" class=\"aligncenter wp-image-738\" src=\"https:\/\/pb.edu.pl\/liceum-ogolnoksztalcace\/wp-content\/uploads\/sites\/10\/2021\/11\/paulina-dzitkowska.png\" alt=\"\" width=\"300\" height=\"300\"><\/p>\n<p style=\"text-align: center\"><strong>mgr Paulina Borowska<\/strong><br \/>\nJ\u0119zyk polski<\/p>\n<p style=\"text-align: center\">Tytu\u0142 magistra kulturoznawstwa otrzyma\u0142am w 2017 roku na Uniwersytecie w Bia\u0142ymstoku. Uko\u0144czy\u0142am studia podyplomowe w zakresie: j\u0119zyka polskiego, pedagogiki sztuki oraz bibliotekoznawstwa i informacji naukowej. Wsp\u00f3\u0142tworzy\u0142am projekt Kultura nie gryzie. By\u0142am cz\u0142onkiem Komisji Kultury w Parlamencie Studenckim Uniwersytetu w Bia\u0142ymstoku. Obs\u0142ugiwa\u0142am media jako rzecznik bia\u0142ostockich Juwenali\u00f3w oraz w Stowarzyszeniu Wiosna (Szlachetna Paczka, Akademia Przysz\u0142o\u015bci dzia\u0142aj\u0105ce w wojew\u00f3dztwie podlaskim). Wszystkie te do\u015bwiadczenia wykorzystuj\u0119 w pracy z m\u0142odzie\u017c\u0105.<\/p>\n<\/div>\n<div class=\"col-sm-4\">\n<img loading=\"lazy\" decoding=\"async\" class=\"aligncenter size-medium wp-image-5779\" src=\"https:\/\/pb.edu.pl\/liceum-ogolnoksztalcace\/wp-content\/uploads\/sites\/10\/2021\/03\/Rutkowska-Ewa-2-300x300.png\" alt=\"\" width=\"300\" height=\"300\" srcset=\"https:\/\/pb.edu.pl\/liceum-ogolnoksztalcace\/wp-content\/uploads\/sites\/10\/2021\/03\/Rutkowska-Ewa-2-300x300.png 300w, https:\/\/pb.edu.pl\/liceum-ogolnoksztalcace\/wp-content\/uploads\/sites\/10\/2021\/03\/Rutkowska-Ewa-2-768x768.png 768w, https:\/\/pb.edu.pl\/liceum-ogolnoksztalcace\/wp-content\/uploads\/sites\/10\/2021\/03\/Rutkowska-Ewa-2.png 900w\" sizes=\"auto, (max-width: 300px) 100vw, 300px\" \/><\/p>\n<p style=\"text-align: center\"><strong>dr Ewa Rutkowska<\/strong><br \/>\nJ\u0119zyk polski<\/p>\n<p style=\"text-align: center\">Jestem absolwentk\u0105 Uniwersytetu Gda\u0144skiego. W 2013 r. z\u0142o\u017cy\u0142am rozpraw\u0119 doktorsk\u0105 i uzyska\u0142am tytu\u0142 doktora nauk filologicznych o specjalno\u015bci j\u0119zykoznawstwo. Mam wieloletnie do\u015bwiadczenie w pracy dydaktycznej. Posiadam kwalifikacje do nauczania j\u0119zyka polskiego, rosyjskiego oraz j\u0119zyka polskiego jako obcego. W latach 2013-2020 pracowa\u0142am na uniwersytetach w Chinach jako wyk\u0142adowca j\u0119zyka polskiego oraz ekspert j\u0119zyka polskiego i kultury polskiej. Prowadzi\u0142am tam r\u00f3wnie\u017c badania naukowe dotycz\u0105ce zagadnie\u0144 z dziedziny glottodydaktyki. Wyniki swoich bada\u0144 prezentowa\u0142am na mi\u0119dzynarodowych konferencjach w Chinach i w Japonii. Biegle pos\u0142uguj\u0119 si\u0119 j\u0119zykiem rosyjskim, a podczas pobytu w Chinach zdoby\u0142am podstawy j\u0119zyka chi\u0144skiego. Nauczanie jest moj\u0105 pasj\u0105. Moim priorytetem jest wysoka jako\u015b\u0107 nauczania oraz skuteczne zach\u0119canie uczni\u00f3w do nauki. Jestem wymagaj\u0105ca, konkretna i kreatywna. Uwielbiam podr\u00f3\u017ce po \u015bwiecie i poznawanie nowych kultur. Lubi\u0119 aktywnie sp\u0119dza\u0107 czas. Ciekawa ksi\u0105\u017cka, teatr, ambitne kino i muzyka klasyczna, to co\u015b, bez czego trudno mi si\u0119 obej\u015b\u0107.<\/p>\n<\/div>\n<\/div>\n<div class=\"row\">\n<div class=\"col-sm-4\">\n<div class=\"col-sm-4\"><\/div>\n<img loading=\"lazy\" decoding=\"async\" class=\"aligncenter wp-image-5744 size-medium\" src=\"https:\/\/pb.edu.pl\/liceum-ogolnoksztalcace\/wp-content\/uploads\/sites\/10\/2021\/03\/Dobkowska-Sylwia-300x300.png\" alt=\"\" width=\"300\" height=\"300\" srcset=\"https:\/\/pb.edu.pl\/liceum-ogolnoksztalcace\/wp-content\/uploads\/sites\/10\/2021\/03\/Dobkowska-Sylwia-300x300.png 300w, https:\/\/pb.edu.pl\/liceum-ogolnoksztalcace\/wp-content\/uploads\/sites\/10\/2021\/03\/Dobkowska-Sylwia-768x768.png 768w, https:\/\/pb.edu.pl\/liceum-ogolnoksztalcace\/wp-content\/uploads\/sites\/10\/2021\/03\/Dobkowska-Sylwia.png 900w\" sizes=\"auto, (max-width: 300px) 100vw, 300px\" \/><\/p>\n<p style=\"text-align: center\"><strong>mgr Sylwia Dobkowska<\/strong><br \/>\nJ\u0119zyk angielski<\/p>\n<p style=\"text-align: center\">W 2007 r. uzyska\u0142am tytu\u0142 magistra filologii angielskiej na Uniwersytecie w Bia\u0142ymstoku. Od tamtej pory pracuj\u0119 jako nauczyciel akademicki w Studium J\u0119zyk\u00f3w Obcych Politechniki Bia\u0142ostockiej, a w 2019 r. do\u0142\u0105czy\u0142am do zespo\u0142u nauczycieli w Akademickim Liceum Og\u00f3lnokszta\u0142c\u0105cym Politechniki Bia\u0142ostockiej. Wiele lat pracowa\u0142am te\u017c jako lektor j\u0119zyka angielskiego w prywatnej szkole j\u0119zykowej. Od najm\u0142odszych lat pragn\u0119\u0142am zosta\u0107 nauczycielem j\u0119zyka angielskiego, a praca z m\u0142odzie\u017c\u0105 stale utwierdza mnie w przekonaniu, i\u017c by\u0142 to najlepszy wyb\u00f3r. Staram si\u0119 nieustannie udoskonala\u0107 sw\u00f3j warsztat poprzez udzia\u0142 w licznych szkoleniach, a na zaj\u0119ciach d\u0105\u017c\u0119 do tego, by j\u0119zyk angielski by\u0142 dla uczni\u00f3w drog\u0105 do odkrywania swoich pasji, nauka za\u015b kojarzy\u0142a si\u0119 z przyjemno\u015bci\u0105, a nie przykrym obowi\u0105zkiem. \u201eI have no special talents. I am only passionately curious\u201d &#8211; Albert Einstein.<\/p>\n<\/div>\n<div class=\"col-sm-4\">\n<img loading=\"lazy\" decoding=\"async\" class=\"aligncenter wp-image-5749 size-medium\" src=\"https:\/\/pb.edu.pl\/liceum-ogolnoksztalcace\/wp-content\/uploads\/sites\/10\/2021\/03\/Jaworowska-Ewelina-300x300.png\" alt=\"\" width=\"300\" height=\"300\" srcset=\"https:\/\/pb.edu.pl\/liceum-ogolnoksztalcace\/wp-content\/uploads\/sites\/10\/2021\/03\/Jaworowska-Ewelina-300x300.png 300w, https:\/\/pb.edu.pl\/liceum-ogolnoksztalcace\/wp-content\/uploads\/sites\/10\/2021\/03\/Jaworowska-Ewelina-768x768.png 768w, https:\/\/pb.edu.pl\/liceum-ogolnoksztalcace\/wp-content\/uploads\/sites\/10\/2021\/03\/Jaworowska-Ewelina.png 900w\" sizes=\"auto, (max-width: 300px) 100vw, 300px\" \/><\/p>\n<p style=\"text-align: center\"><strong>mgr Ewelina Jaworowska<\/strong><br \/>\nJ\u0119zyk angielski<\/p>\n<p style=\"text-align: center\">Jestem absolwentk\u0105 filologii angielskiej Uniwersytetu Warszawskiego. Mam wieloletnie do\u015bwiadczenie w nauczaniu m\u0142odzie\u017cy. Pracowa\u0142am z osobami w wieku od 6 do 60 lat. Pe\u0142ni\u0119 funkcj\u0119 egzaminatora maturalnego z j\u0119zyka angielskiego. Jestem przekonana, \u017ce czynna umiej\u0119tno\u015b\u0107 pos\u0142ugiwania si\u0119 j\u0119zykiem angielskim jest bardzo wa\u017cna we wsp\u00f3\u0142czesnym \u015bwiecie i otwiera wiele mo\u017cliwo\u015bci przed m\u0142odymi lud\u017ami. Ciesz\u0119 si\u0119, \u017ce nale\u017c\u0119 do tych szcz\u0119\u015bliwc\u00f3w, kt\u00f3rzy robi\u0105 to, co lubi\u0105.<\/p>\n<\/div>\n<\/div>\n<div class=\"row\">\n<div class=\"col-sm-4\">\n<img loading=\"lazy\" decoding=\"async\" class=\"aligncenter size-full wp-image-13407\" src=\"https:\/\/pb.edu.pl\/liceum-ogolnoksztalcace\/wp-content\/uploads\/sites\/10\/2024\/10\/Lewoc-Monika.png\" alt=\"\" width=\"300\" height=\"300\"><\/p>\n<p style=\"text-align: center\"><strong>mgr Monika Lewoc<\/strong><br \/>\nJ\u0119zyk angielski, Ko\u0142o olimpijskie j. angielskiego<\/p>\n<p style=\"text-align: center\">J\u0119zyka angielskiego ucz\u0119 od ponad 10 lat i przez ca\u0142y ten czas jest to nie tylko moja praca, ale r\u00f3wnie\u017c pasja. Specjalizuj\u0119 si\u0119 w komunikatywnych metodach nauczania j\u0119zyka. Wychodz\u0119 bowiem z za\u0142o\u017cenia, \u017ce przede wszystkim jest on nam potrzebny w codziennym \u017cyciu. Stosowa\u0142am to podej\u015bcie podczas pracy w szko\u0142ach j\u0119zykowych, w kt\u00f3rych by\u0142am metodykiem oraz prowadzi\u0142am zaj\u0119cia dla dzieci, m\u0142odzie\u017cy i doros\u0142ych. Studia magisterskie na kierunku metodyka nauczania j\u0119zyka angielskiego sko\u0144czy\u0142am na Uniwersytecie Durham w Wielkiej Brytanii. Wcze\u015bniej uzyska\u0142am tytu\u0142 licencjata na kierunku Romanistyka w Hunter College w Stanach Zjednoczonych.<\/p>\n<\/div>\n<div class=\"col-sm-4\">\n<img loading=\"lazy\" decoding=\"async\" class=\"aligncenter wp-image-5743 size-medium\" src=\"https:\/\/pb.edu.pl\/liceum-ogolnoksztalcace\/wp-content\/uploads\/sites\/10\/2021\/03\/Buczkowicz-Honorata-300x300.png\" alt=\"\" width=\"300\" height=\"300\" srcset=\"https:\/\/pb.edu.pl\/liceum-ogolnoksztalcace\/wp-content\/uploads\/sites\/10\/2021\/03\/Buczkowicz-Honorata-300x300.png 300w, https:\/\/pb.edu.pl\/liceum-ogolnoksztalcace\/wp-content\/uploads\/sites\/10\/2021\/03\/Buczkowicz-Honorata-768x768.png 768w, https:\/\/pb.edu.pl\/liceum-ogolnoksztalcace\/wp-content\/uploads\/sites\/10\/2021\/03\/Buczkowicz-Honorata.png 900w\" sizes=\"auto, (max-width: 300px) 100vw, 300px\" \/><\/p>\n<p style=\"text-align: center\"><strong>mgr Honorata Buczkowicz<\/strong><br \/>\nJ\u0119zyk niemiecki<\/p>\n<p style=\"text-align: center\">Jestem absolwentk\u0105 filologii germa\u0144skiej na Uniwersytecie Rzeszowskim. Chcia\u0142abym, aby moje lekcje by\u0142y odkrywcze, pasjonuj\u0105ce i pe\u0142ne \u201e\u017cywego\u201d j\u0119zyka, dlatego te\u017c b\u0119dziemy wsp\u00f3lnie odkrywa\u0107 kultur\u0119, zwyczaje, codzienno\u015b\u0107, niezwyk\u0142e miejsca \u2013 wszystko, co wi\u0105\u017ce si\u0119 z krajami niemieckoj\u0119zycznymi. Do\u015bwiadczenie pedagogiczne, jako nauczyciel j\u0119zyka niemieckiego, zdobywa\u0142am w szko\u0142ach na poziomie gimnazjalnym oraz ponadgimnazjalnym. Uko\u0144czy\u0142am te\u017c studia podyplomowe na kierunku Translacja jako przek\u0142ad interkulturowy oraz specjalistyczne kursy zawodowe: J\u0119zyk niemiecki w turystyce oraz J\u0119zyk niemiecki w biznesie na Uniwersytecie Rzeszowskim. Do zobaczenia! Tsch\u00fcss!<\/p>\n<\/div>\n<div class=\"col-sm-4\">\n<img loading=\"lazy\" decoding=\"async\" class=\"aligncenter wp-image-5754 size-medium\" src=\"https:\/\/pb.edu.pl\/liceum-ogolnoksztalcace\/wp-content\/uploads\/sites\/10\/2021\/03\/Kuzmicz-Artur-300x300.png\" alt=\"\" width=\"300\" height=\"300\" srcset=\"https:\/\/pb.edu.pl\/liceum-ogolnoksztalcace\/wp-content\/uploads\/sites\/10\/2021\/03\/Kuzmicz-Artur-300x300.png 300w, https:\/\/pb.edu.pl\/liceum-ogolnoksztalcace\/wp-content\/uploads\/sites\/10\/2021\/03\/Kuzmicz-Artur-768x768.png 768w, https:\/\/pb.edu.pl\/liceum-ogolnoksztalcace\/wp-content\/uploads\/sites\/10\/2021\/03\/Kuzmicz-Artur.png 900w\" sizes=\"auto, (max-width: 300px) 100vw, 300px\" \/><\/p>\n<p style=\"text-align: center\"><strong>mgr Artur Ku\u017amicz<\/strong><br \/>\nJ\u0119zyk niemiecki<\/p>\n<p style=\"text-align: center\">W 1992 r. uzyska\u0142em tytu\u0142 magistra filologii germa\u0144skiej na Uniwersytecie w Lipsku (RFN). Szko\u0142a \u015brednia specjalizuj\u0105ca si\u0119 w nauczaniu j\u0119zyka niemieckiego (XLIX Liceum Og\u00f3lnokszta\u0142c\u0105ce im. Johanna Wolfganga Goethego w Warszawie) ugruntowa\u0142a moje zainteresowanie krajami niemieckoj\u0119zycznymi, w szczeg\u00f3lno\u015bci Niemcami. Intensywny kontakt z \u017cywym j\u0119zykiem niemieckim pozwala\u0142 mi ca\u0142y czas doskonali\u0107 moje umiej\u0119tno\u015bci. Po latach okaza\u0142o si\u0119, \u017ce hobby sta\u0142o si\u0119 te\u017c moj\u0105 prac\u0105. Po studiach filologicznych podj\u0105\u0142em prac\u0119 jako nauczyciel w liceum, a p\u00f3\u017aniej jako nauczyciel akademicki. Pracuj\u0119 tak\u017ce jako lektor j\u0119zyka niemieckiego i t\u0142umacz. Praca z m\u0142odzie\u017c\u0105 sprawia mi du\u017co satysfakcji i jest dla mnie wyzwaniem.<\/p>\n<\/div>\n<\/div>\n<div class=\"row\">\n<div class=\"col-sm-4\">\n<img loading=\"lazy\" decoding=\"async\" class=\"aligncenter size-full wp-image-738\" src=\"https:\/\/pb.edu.pl\/liceum-ogolnoksztalcace\/wp-content\/uploads\/sites\/10\/2018\/03\/dakowicz.png\" alt=\"\" width=\"300\" height=\"300\"><\/p>\n<p style=\"text-align: center\"><strong>mgr Micha\u0142 Stepaniuk<\/strong><br \/>\nJ\u0119zyk hiszpa\u0144ski, Ko\u0142o j. hiszpa\u0144skiego<\/p>\n<p style=\"text-align: center\">Jestem absolwentem Kolegium Mi\u0119dzywydzia\u0142owych Indywidualnych Studi\u00f3w Humanistycznych na Uniwersytecie Warszawskim. Swoje \u015bcie\u017cki edukacyjne realizowa\u0142em w Instytucie Stosowanych Nauk Spo\u0142ecznych oraz w Instytucie Studi\u00f3w Iberyjskich i Iberoameryka\u0144skich. Obie specjalizacje towarzysz\u0105 mi od pocz\u0105tku mojej kariery zawodowej. Lubi\u0119 prac\u0119 z m\u0142odzie\u017c\u0105, kt\u00f3rej staram si\u0119 pokazywa\u0107 j\u0119zyk hiszpa\u0144ski w kontek\u015bcie kultury, historii i zagadnie\u0144 spo\u0142ecznych hiszpa\u0144skoj\u0119zycznego kr\u0119gu kulturowego. Moim celem na ka\u017cdych zaj\u0119ciach jest skuteczna nauka przy pomocy metody komunikacyjnej oraz \u017cywej interakcji z uczniami.<\/p>\n<\/div>\n<div class=\"col-sm-4\">\n<img loading=\"lazy\" decoding=\"async\" class=\"aligncenter wp-image-5741 size-medium\" src=\"https:\/\/pb.edu.pl\/liceum-ogolnoksztalcace\/wp-content\/uploads\/sites\/10\/2021\/03\/Borodzicz-Monika-300x300.png\" alt=\"\" width=\"300\" height=\"300\" srcset=\"https:\/\/pb.edu.pl\/liceum-ogolnoksztalcace\/wp-content\/uploads\/sites\/10\/2021\/03\/Borodzicz-Monika-300x300.png 300w, https:\/\/pb.edu.pl\/liceum-ogolnoksztalcace\/wp-content\/uploads\/sites\/10\/2021\/03\/Borodzicz-Monika-768x768.png 768w, https:\/\/pb.edu.pl\/liceum-ogolnoksztalcace\/wp-content\/uploads\/sites\/10\/2021\/03\/Borodzicz-Monika.png 900w\" sizes=\"auto, (max-width: 300px) 100vw, 300px\" \/><\/p>\n<p style=\"text-align: center\"><strong>mgr Monika Borodzicz<\/strong><br \/>\nJ\u0119zyk rosyjski<\/p>\n<p style=\"text-align: center\">W 2007 r. uzyska\u0142am tytu\u0142 magistra filologii rosyjskiej na Uniwersytecie w Bia\u0142ymstoku. Od tego czasu pracuj\u0119 jako nauczyciel w gimnazjum i liceum og\u00f3lnokszta\u0142c\u0105cym, a tak\u017ce jako lektor w szkole j\u0119zykowej. J\u0119zyk rosyjski od zawsze by\u0142 mi bardzo bliski i dlatego to on wytyczy\u0142 moj\u0105 drog\u0119 zawodow\u0105. Stale staram si\u0119 rozwija\u0107 swoje umiej\u0119tno\u015bci i podnosi\u0107 kwalifikacje, a efektem tego jest zdobycie uprawnie\u0144 egzaminatora maturalnego oraz licencji egzaminatora TELC. Prywatnie jestem ogromn\u0105 mi\u0142o\u015bniczk\u0105 g\u00f3r i ca\u0142y wolny czas oddaj\u0119 tej pasji. Zapraszam na zaj\u0119cia wszystkich chc\u0105cych pozna\u0107 j\u0119zyk najwi\u0119kszego pa\u0144stwa \u015bwiata!<\/p>\n<\/div>\n<div class=\"col-sm-4\">\n<p><img loading=\"lazy\" decoding=\"async\" class=\"aligncenter\" src=\"https:\/\/pb.edu.pl\/liceum-ogolnoksztalcace\/wp-content\/uploads\/sites\/10\/2018\/03\/dakowicz.png\" width=\"298\" height=\"298\"><\/p>\n<p style=\"text-align: center\"><strong>mgr Anna Dziewi\u0105tkowska-G\u00f3rka<\/strong><\/p>\n<p style=\"text-align: center\">J\u0119zyk angielski<\/p>\n<p style=\"text-align: center\">J\u0119zyki obce by\u0142y moj\u0105 pasj\u0105 od zawsze i to w\u0142a\u015bnie z moich w\u0142asnych do\u015bwiadcze\u0144 staram si\u0119 czerpa\u0107 w pracy zawodowej, by lepiej rozumie\u0107 i skutecznie wspiera\u0107 uczni\u00f3w w ich wyzwaniach. Uczy\u0142am si\u0119 rosyjskiego, hiszpa\u0144skiego, francuskiego, w\u0142oskiego i \u0142aciny, ale to j\u0119zyk angielski zajmuje szczeg\u00f3lne miejsce w moim \u017cyciu. Uko\u0144czy\u0142am filologi\u0119 angielsk\u0105 na Uniwersytecie w Bia\u0142ymstoku, a stopie\u0144 magistra uzyska\u0142am na Uniwersytecie Warszawskim. Na przestrzeni ostatnich 10 lat pracowa\u0142am z r\u00f3\u017cnymi grupami wiekowymi na wszystkich poziomach zaawansowania. Specjalizuj\u0119 si\u0119 w przygotowaniu do egzaminu maturalnego, FCE i CAE, co potwierdzaj\u0105 sukcesy moich podopiecznych. Nauka j\u0119zyka to proces, a ja chc\u0119 towarzyszy\u0107 moim uczniom w tej drodze, inspiruj\u0105c ich do dzia\u0142ania i pokazuj\u0105c jak fascynuj\u0105cym narz\u0119dziem jest j\u0119zyk. Poza nauczaniem: mi\u0142o\u015bniczka plansz\u00f3wek, kot\u00f3w, R&amp;B i w\u0142oskiego dolce vita.<\/p>\n<\/div>\n<div class=\"col-sm-4\">\n<p>&nbsp;<\/p>\n<p><img loading=\"lazy\" decoding=\"async\" class=\"aligncenter\" src=\"https:\/\/pb.edu.pl\/liceum-ogolnoksztalcace\/wp-content\/uploads\/sites\/10\/2018\/03\/dakowicz.png\" width=\"300\" height=\"300\"><\/p>\n<p style=\"text-align: center\"><strong>mgr Aleksander Ciwoniuk<\/strong><\/p>\n<p style=\"text-align: center\">EDB<\/p>\n<p style=\"text-align: center\">Jestem absolwentem Wydzia\u0142u Pedagogiki i Psychologii Uniwersytetu w Bia\u0142ymstoku.<br \/>\nPosiadam uko\u0144czone studia podyplomowe z edukacji dla bezpiecze\u0144stwa. Doskonal\u0119 si\u0119 na kursach pierwszej pomocy Jestem nauczycielem mianowanym i od lat pracuj\u0119 z m\u0142odzie\u017c\u0105 w szko\u0142ach podstawowych i \u015brednich. Lubi\u0119 ksi\u0105\u017cki militarne i historyczne. Jestem sympatykiem Naszej Bia\u0142ostockiej Jagiellonii.<\/p>\n<\/div>\n<div class=\"col-sm-4\">\n<p>&nbsp;<\/p>\n<p><img loading=\"lazy\" decoding=\"async\" class=\"aligncenter wp-image-5773 size-medium\" src=\"https:\/\/pb.edu.pl\/liceum-ogolnoksztalcace\/wp-content\/uploads\/sites\/10\/2021\/03\/Milkowska-Wioletta-300x300.png\" alt=\"\" width=\"300\" height=\"300\" srcset=\"https:\/\/pb.edu.pl\/liceum-ogolnoksztalcace\/wp-content\/uploads\/sites\/10\/2021\/03\/Milkowska-Wioletta-300x300.png 300w, https:\/\/pb.edu.pl\/liceum-ogolnoksztalcace\/wp-content\/uploads\/sites\/10\/2021\/03\/Milkowska-Wioletta-768x768.png 768w, https:\/\/pb.edu.pl\/liceum-ogolnoksztalcace\/wp-content\/uploads\/sites\/10\/2021\/03\/Milkowska-Wioletta.png 900w\" sizes=\"auto, (max-width: 300px) 100vw, 300px\" \/><\/p>\n<p style=\"text-align: center\"><strong>prof. Wioletta Mi\u0142kowska<\/strong><br \/>\nMuzyka<\/p>\n<p style=\"text-align: center\">Dyrygent, pedagog, profesor sztuk muzycznych. Prowadzi klas\u0119 dyrygentury na Wydziale Instrumentalno-Pedagogicznym w Bia\u0142ymstoku Uniwersytetu Muzycznego Fryderyka Chopina. Jest dyrygentem i kierownikiem artystycznym Ch\u00f3ru Politechniki Bia\u0142ostockiej (od 1997 r.), a tak\u017ce Ch\u00f3ru Komendy Wojew\u00f3dzkiej Policji w Bia\u0142ymstoku (od 2005 r.). Koncertowa\u0142a w wielu krajach Europy, Kanadzie oraz USA. Zajmuje si\u0119 tak\u017ce dzia\u0142alno\u015bci\u0105 naukow\u0105, kt\u00f3rej efektem s\u0105 liczne publikacje. Wioletta Mi\u0142kowska jest animatorem m\u0142odzie\u017cowego ruchu ch\u00f3ralnego na Podlasiu. Jest tak\u017ce wsp\u00f3\u0142za\u0142o\u017cycielem Mi\u0119dzynarodowego Ch\u00f3ru Morza Ba\u0142tyckiego. Uhonorowana Medalem K E N oraz Statuetk\u0105 \u201eNauczyciel M\u0105dry Sercem\u201d, odznaczeniem Ministra Kultury i Dziedzictwa Narodowego Zas\u0142u\u017cony Kulturze Gloria Artis.<\/p>\n<\/div>\n<div class=\"col-sm-4\">\n<p>&nbsp;<\/p>\n<\/div>\n<div class=\"col-sm-4\">\n<img loading=\"lazy\" decoding=\"async\" class=\"aligncenter size-full wp-image-13406\" src=\"https:\/\/pb.edu.pl\/liceum-ogolnoksztalcace\/wp-content\/uploads\/sites\/10\/2024\/10\/Stulgis-Magdalena.png\" alt=\"\" width=\"300\" height=\"300\"><\/p>\n<p style=\"text-align: center\"><strong>mgr Magdalena Stulgis-Matejko<\/strong><br \/>\nHistoria, Historia i tera\u017aniejszo\u015b\u0107<\/p>\n<p style=\"text-align: center\">Jestem absolwentk\u0105 Wydzia\u0142u Historyczno-Socjologicznego Uniwersytetu w Bia\u0142ymstoku na kierunku historia. Od wrze\u015bnia 2023 r. pe\u0142ni\u0119 tak\u017ce funkcj\u0119 sekretarza Komitetu Okr\u0119gowego Olimpiady Historycznej Junior\u00f3w organizowanej przez Polskie Towarzystwo Historyczne. Histori\u0105 zajmuj\u0119 si\u0119 r\u00f3wnie\u017c naukowo. W kr\u0119gu moich zainteresowa\u0144 znajduj\u0105 si\u0119 mi\u0119dzy innymi zagadnienia zwi\u0105zane z dyplomacj\u0105, stosunki polityczne pa\u0144stwa polsko-litewskiego z Cesarstwem, oraz szeroko pojmowana kultura dworska w XVI-XVIII w. Zami\u0142owanie do historii chc\u0119 przekazywa\u0107 podczas prowadzonych przeze mnie lekcji.<\/p>\n<\/div>\n<\/div>\n<div class=\"row\">\n<div class=\"col-sm-4\">\n<img loading=\"lazy\" decoding=\"async\" class=\"aligncenter wp-image-5748 size-medium\" src=\"https:\/\/pb.edu.pl\/liceum-ogolnoksztalcace\/wp-content\/uploads\/sites\/10\/2021\/03\/Jablonski-Krzysztof-300x300.png\" alt=\"\" width=\"300\" height=\"300\" srcset=\"https:\/\/pb.edu.pl\/liceum-ogolnoksztalcace\/wp-content\/uploads\/sites\/10\/2021\/03\/Jablonski-Krzysztof-300x300.png 300w, https:\/\/pb.edu.pl\/liceum-ogolnoksztalcace\/wp-content\/uploads\/sites\/10\/2021\/03\/Jablonski-Krzysztof-768x768.png 768w, https:\/\/pb.edu.pl\/liceum-ogolnoksztalcace\/wp-content\/uploads\/sites\/10\/2021\/03\/Jablonski-Krzysztof.png 900w\" sizes=\"auto, (max-width: 300px) 100vw, 300px\" \/><\/p>\n<p style=\"text-align: center\"><strong>mgr Krzysztof Jab\u0142o\u0144ski<\/strong><br \/>\nReligia katolicka<\/p>\n<p style=\"text-align: center\">Jestem absolwentem Papieskiego Wydzia\u0142u Teologicznego w Warszawie. Moja pasj\u0105 s\u0105 sztuki walki i muzyka. Posiadam stopie\u0144 mistrzowski w karate i jestem trenerem w Akademii Karate w Warszawie.<\/p>\n<\/div>\n<div class=\"col-sm-4\">\n<img loading=\"lazy\" decoding=\"async\" class=\"aligncenter wp-image-5764 size-medium\" src=\"https:\/\/pb.edu.pl\/liceum-ogolnoksztalcace\/wp-content\/uploads\/sites\/10\/2021\/03\/Sulima-Dariusz-300x300.png\" alt=\"\" width=\"300\" height=\"300\" srcset=\"https:\/\/pb.edu.pl\/liceum-ogolnoksztalcace\/wp-content\/uploads\/sites\/10\/2021\/03\/Sulima-Dariusz-300x300.png 300w, https:\/\/pb.edu.pl\/liceum-ogolnoksztalcace\/wp-content\/uploads\/sites\/10\/2021\/03\/Sulima-Dariusz-768x768.png 768w, https:\/\/pb.edu.pl\/liceum-ogolnoksztalcace\/wp-content\/uploads\/sites\/10\/2021\/03\/Sulima-Dariusz.png 900w\" sizes=\"auto, (max-width: 300px) 100vw, 300px\" \/><\/p>\n<p style=\"text-align: center\"><strong>ks. Dariusz Sulima<\/strong><br \/>\nReligia prawos\u0142awna<\/p>\n<p style=\"text-align: center\">Absolwent Prawos\u0142awnego Seminarium Duchowego w Warszawie oraz Absolwent Uniwersytetu w Bia\u0142ymstoku Wydzia\u0142u Historyczno-Socjologicznego. Wieloletni realizator d\u017awi\u0119ku i wicedyrektor w Radiu Orthodoxia. Od lat zwi\u0105zany z m\u0142odzie\u017c\u0105. W latach 2010-2020 przewodnicz\u0105cy Bractwa M\u0142odzie\u017cy Prawos\u0142awnej parafii \u015aw. Ducha oraz w latach 2017-2018 r. przewodnicz\u0105cy Bractwa M\u0142odzie\u017cy Prawos\u0142awnej Diecezji Bia\u0142ostocko-Gda\u0144skiej. Od kilku lat pracuje w V Liceum Og\u00f3lnokszta\u0142c\u0105cym im. Jana III Sobieskiego w Bia\u0142ymstoku jako nauczyciel religii prawos\u0142awnej i historii.<\/p>\n<\/div>\n<div class=\"col-sm-4\">\n<p><img loading=\"lazy\" decoding=\"async\" class=\"aligncenter\" src=\"https:\/\/pb.edu.pl\/liceum-ogolnoksztalcace\/wp-content\/uploads\/sites\/10\/2018\/03\/dakowicz.png\" width=\"302\" height=\"302\"><\/p>\n<p style=\"text-align: center\"><strong>mgr Barbara Gordon<\/strong><\/p>\n<p style=\"text-align: center\">J\u0119zyk angielski<\/p>\n<p style=\"text-align: center\">Uko\u0144czy\u0142am studia licencjackie z j\u0119zyka angielskiego stosowanego z j\u0119zykiem hiszpa\u0144skim oraz studia magisterskie z filologii angielskiej na Uniwersytecie w Bia\u0142ymstoku. W trakcie obu etap\u00f3w kszta\u0142cenia zdoby\u0142am solidne podstawy j\u0119zykoznawcze, literaturoznawcze oraz praktyczne umiej\u0119tno\u015bci j\u0119zykowe, zar\u00f3wno w j\u0119zyku angielskim, jak i hiszpa\u0144skim. Ju\u017c w liceum odkry\u0142am swoj\u0105 pasj\u0119 do nauczania j\u0119zyka angielskiego, kt\u00f3r\u0105 aktywnie rozwija\u0142am prowadz\u0105c zaj\u0119cia i wspieraj\u0105c innych w nauce. Opr\u00f3cz zainteresowa\u0144 j\u0119zykowych, moj\u0105 pasj\u0105 jest rysowanie i grafika komputerowa, kt\u00f3re pozwalaj\u0105 mi na tw\u00f3rcze wyra\u017canie siebie. Prywatnie jestem mi\u0142o\u015bniczk\u0105 kot\u00f3w &#8211; ich niezale\u017cno\u015b\u0107 i wyj\u0105tkowy charakter zawsze mnie inspiruj\u0105.<\/p>\n<\/div>\n<\/div>\n<div class=\"row\">\n<div class=\"col-sm-4\">\n<img loading=\"lazy\" decoding=\"async\" class=\"aligncenter wp-image-5751 size-medium\" src=\"https:\/\/pb.edu.pl\/liceum-ogolnoksztalcace\/wp-content\/uploads\/sites\/10\/2021\/03\/Kierdelewicz-Jaroslaw-300x300.png\" alt=\"\" width=\"300\" height=\"300\" srcset=\"https:\/\/pb.edu.pl\/liceum-ogolnoksztalcace\/wp-content\/uploads\/sites\/10\/2021\/03\/Kierdelewicz-Jaroslaw-300x300.png 300w, https:\/\/pb.edu.pl\/liceum-ogolnoksztalcace\/wp-content\/uploads\/sites\/10\/2021\/03\/Kierdelewicz-Jaroslaw-768x768.png 768w, https:\/\/pb.edu.pl\/liceum-ogolnoksztalcace\/wp-content\/uploads\/sites\/10\/2021\/03\/Kierdelewicz-Jaroslaw.png 900w\" sizes=\"auto, (max-width: 300px) 100vw, 300px\" \/><\/p>\n<p style=\"text-align: center\"><strong>mgr Jaros\u0142aw Kierdelewicz<\/strong><br \/>\nWychowanie fizyczne<\/p>\n<p style=\"text-align: center\">Jestem absolwentem Akademii Wychowania Fizycznego i Sportu im. J\u0119drzeja \u015aniadeckiego w Gda\u0144sku i trenerem II klasy pi\u0142ki no\u017cnej. Pracowa\u0142em z dzie\u0107mi w szkole podstawowej. Od 2003 roku pracuj\u0119 w Studium Wychowania Fizycznego i Sportu Politechniki Bia\u0142ostockiej.<\/p>\n<\/div>\n<div class=\"col-sm-4\">\n<img loading=\"lazy\" decoding=\"async\" class=\"aligncenter size-full wp-image-738\" src=\"https:\/\/pb.edu.pl\/liceum-ogolnoksztalcace\/wp-content\/uploads\/sites\/10\/2018\/03\/dakowicz.png\" alt=\"\" width=\"300\" height=\"300\"><\/p>\n<p style=\"text-align: center\"><strong>mgr Pawe\u0142 Kukli\u0144ski<\/strong><br \/>\nWychowanie fizyczne<\/p>\n<p style=\"text-align: center\">Jestem absolwentem Akademii Wychowania Fizycznego im. J\u00f3zefa Pi\u0142sudskiego w Warszawie i trenerem II klasy lekkiej atletyki. Przez osiem lat pracowa\u0142em z m\u0142odzie\u017c\u0105 w liceum og\u00f3lnokszta\u0142c\u0105cym. Posiadam uprawnienia instruktorskie m.in. z narciarstwa zjazdowego i tenisa. Od 15 lat je\u017cd\u017c\u0119 na kolonie i obozy dla dzieci i m\u0142odzie\u017cy jako kierownik i instruktor. Obecnie pracuj\u0119 r\u00f3wnie\u017c w Studium Wychowania Fizycznego i Sportu Politechniki Bia\u0142ostockiej.<\/p>\n<\/div>\n<div class=\"col-sm-4\">\n<img loading=\"lazy\" decoding=\"async\" class=\"aligncenter wp-image-5765 size-medium\" src=\"https:\/\/pb.edu.pl\/liceum-ogolnoksztalcace\/wp-content\/uploads\/sites\/10\/2021\/03\/Szczerbinski-Dawid-300x300.png\" alt=\"\" width=\"300\" height=\"300\" srcset=\"https:\/\/pb.edu.pl\/liceum-ogolnoksztalcace\/wp-content\/uploads\/sites\/10\/2021\/03\/Szczerbinski-Dawid-300x300.png 300w, https:\/\/pb.edu.pl\/liceum-ogolnoksztalcace\/wp-content\/uploads\/sites\/10\/2021\/03\/Szczerbinski-Dawid-768x768.png 768w, https:\/\/pb.edu.pl\/liceum-ogolnoksztalcace\/wp-content\/uploads\/sites\/10\/2021\/03\/Szczerbinski-Dawid.png 900w\" sizes=\"auto, (max-width: 300px) 100vw, 300px\" \/><\/p>\n<p style=\"text-align: center\"><strong>mgr Dawid Szczerbi\u0144ski<\/strong><br \/>\nWychowanie fizyczne<\/p>\n<p style=\"text-align: center\">Tytu\u0142 magistra zdoby\u0142em w Akademii Wychowania Fizycznego i Sportu im. J\u0119drzeja \u015aniadeckiego w Gda\u0144sku. Jestem trenerem klasy II koszyk\u00f3wki oraz posiadam uprawnienia instruktorskie z zakresu: pi\u0142ki no\u017cnej, p\u0142ywania, pi\u0142ki r\u0119cznej i pi\u0142ki siatkowej. Pracowa\u0142em z dzie\u0107mi i m\u0142odzie\u017c\u0105 w szko\u0142ach podstawowych i gimnazjach. Obecnie zach\u0119cam do uprawiania sportu student\u00f3w Politechniki Bia\u0142ostockiej.<\/p>\n<\/div>\n<\/div>\n<div class=\"row\">\n<div class=\"col-sm-4\"><\/div>\n<div class=\"col-sm-4\">\n<img loading=\"lazy\" decoding=\"async\" class=\"aligncenter wp-image-5767 size-medium\" src=\"https:\/\/pb.edu.pl\/liceum-ogolnoksztalcace\/wp-content\/uploads\/sites\/10\/2021\/03\/Widelska-Urszula-300x300.png\" alt=\"\" width=\"300\" height=\"300\" srcset=\"https:\/\/pb.edu.pl\/liceum-ogolnoksztalcace\/wp-content\/uploads\/sites\/10\/2021\/03\/Widelska-Urszula-300x300.png 300w, https:\/\/pb.edu.pl\/liceum-ogolnoksztalcace\/wp-content\/uploads\/sites\/10\/2021\/03\/Widelska-Urszula-768x768.png 768w, https:\/\/pb.edu.pl\/liceum-ogolnoksztalcace\/wp-content\/uploads\/sites\/10\/2021\/03\/Widelska-Urszula.png 900w\" sizes=\"auto, (max-width: 300px) 100vw, 300px\" \/><\/p>\n<p style=\"text-align: center\"><strong>dr Urszula Widelska<\/strong><br \/>\nPodstawy przedsi\u0119biorczo\u015bci, My\u015blenie projektowe<\/p>\n<p style=\"text-align: center\">Z wykszta\u0142cenia ekonomistka, z zawodu nauczyciel akademicki. Uwa\u017cam, \u017ce lekcje przedsi\u0119biorczo\u015bci to \u015bwietna okazja to tego, \u017ceby m\u00f3c si\u0119 przekona\u0107, \u017ce marzenia da si\u0119 zmaterializowa\u0107, bo jak powiedzia\u0142 Walt Disney: \u201eJe\u015bli potrafisz o czym\u015b marzy\u0107, to potrafisz tak\u017ce tego dokona\u0107\u201d. Jestem przekonana, \u017ce wiedza o rynku, pieni\u0105dzach, biznesie jest bardzo potrzebna, a wr\u0119cz elementarna. Pozwala nie nam tylko zrozumie\u0107 meandry ekonomii, ale tak\u017ce u\u015bwiadamia jak wa\u017cna jest praca nad sob\u0105. Pog\u0142\u0119biaj\u0105c wiedz\u0119 o przedsi\u0119biorczo\u015bci, niejednokrotnie przekonujemy si\u0119, \u017ce sukces jest wypadkow\u0105 nie tylko szcz\u0119\u015bcia, ale przede wszystkim ci\u0119\u017ckiej pracy.<\/p>\n<\/div>\n<div class=\"col-sm-4\"><\/div>\n<p><img loading=\"lazy\" decoding=\"async\" class=\"aligncenter size-full wp-image-738\" src=\"https:\/\/pb.edu.pl\/liceum-ogolnoksztalcace\/wp-content\/uploads\/sites\/10\/2018\/03\/dakowicz.png\" alt=\"\" width=\"300\" height=\"300\"><\/p>\n<p style=\"text-align: center\"><strong>mgr Izabela Bartoszuk<\/strong><\/p>\n<p style=\"text-align: center\">wychowanie fizyczne<\/p>\n<p style=\"text-align: center\">Uko\u0144czy\u0142am studia magisterskie na Akademii Wychowania Fizycznego i Sportu im. J\u0119drzeja \u015aniadeckiego w Gda\u0144sku. Jestem nauczycielem dyplomowanym z kilkunastoletnim sta\u017cem. Od 2002 roku pracuj\u0119 na stanowisku nauczyciela wychowania fizycznego w szkole podstawowej.<br \/>\nPosiadam uprawnienia instruktorskie m.in. z pi\u0142ki r\u0119cznej i pi\u0142ki siatkowej oraz koszyk\u00f3wki. Jestem s\u0119dzi\u0105 aerobiku w Podlaskim Wojew\u00f3dzkim Szkolnym Zwi\u0105zku Sportowym. Posiadam uprawnienia trenera personalnego oraz instruktora fitness. Przez 14 lat prowadzi\u0142am zaj\u0119cia z aerobiku w &nbsp;bia\u0142ostockich &nbsp;klubach fitness.<br \/>\n<\/div>\n<div class=\"row\">\n<div class=\"col-sm-6\">\n<img loading=\"lazy\" decoding=\"async\" class=\"aligncenter wp-image-5795 size-medium\" src=\"https:\/\/pb.edu.pl\/liceum-ogolnoksztalcace\/wp-content\/uploads\/sites\/10\/2021\/03\/Giedrojc-Juraha-Stanislawa-300x300.png\" alt=\"\" width=\"300\" height=\"300\" srcset=\"https:\/\/pb.edu.pl\/liceum-ogolnoksztalcace\/wp-content\/uploads\/sites\/10\/2021\/03\/Giedrojc-Juraha-Stanislawa-300x300.png 300w, https:\/\/pb.edu.pl\/liceum-ogolnoksztalcace\/wp-content\/uploads\/sites\/10\/2021\/03\/Giedrojc-Juraha-Stanislawa-768x768.png 768w, https:\/\/pb.edu.pl\/liceum-ogolnoksztalcace\/wp-content\/uploads\/sites\/10\/2021\/03\/Giedrojc-Juraha-Stanislawa.png 900w\" sizes=\"auto, (max-width: 300px) 100vw, 300px\" \/><\/p>\n<p style=\"text-align: center\"><strong>Stanis\u0142awa Giedroj\u0107-Juraha<\/strong><br \/>\nSekretariat<\/p>\n<\/div>\n<div class=\"col-sm-6\">\n<img loading=\"lazy\" decoding=\"async\" class=\"aligncenter wp-image-5796 size-medium\" src=\"https:\/\/pb.edu.pl\/liceum-ogolnoksztalcace\/wp-content\/uploads\/sites\/10\/2021\/03\/Kislowska-Bozena-300x300.png\" alt=\"\" width=\"300\" height=\"300\" srcset=\"https:\/\/pb.edu.pl\/liceum-ogolnoksztalcace\/wp-content\/uploads\/sites\/10\/2021\/03\/Kislowska-Bozena-300x300.png 300w, https:\/\/pb.edu.pl\/liceum-ogolnoksztalcace\/wp-content\/uploads\/sites\/10\/2021\/03\/Kislowska-Bozena-768x768.png 768w, https:\/\/pb.edu.pl\/liceum-ogolnoksztalcace\/wp-content\/uploads\/sites\/10\/2021\/03\/Kislowska-Bozena.png 900w\" sizes=\"auto, (max-width: 300px) 100vw, 300px\" \/><\/p>\n<p style=\"text-align: center\"><strong>Bo\u017cena Goljaszewska<\/strong><br \/>\nSekretariat<\/p>\n<\/div>\n<\/div>\n","protected":false},"excerpt":{"rendered":"<p>Kadr\u0119 Akademickiego Liceum Og\u00f3lnokszta\u0142c\u0105cego PB tworzy grono wyspecjalizowanych nauczycieli. Jest to zesp\u00f3\u0142 kreatywnych, ch\u0119tnych do<\/p>\n","protected":false},"author":2,"featured_media":0,"parent":18,"menu_order":3,"comment_status":"closed","ping_status":"closed","template":"","meta":{"_acf_changed":false,"ngg_post_thumbnail":0,"footnotes":""},"class_list":["post-40","page","type-page","status-publish","hentry"],"acf":[],"yoast_head":"<!-- This site is optimized with the Yoast SEO plugin v27.0 - https:\/\/yoast.com\/product\/yoast-seo-wordpress\/ -->\n<title>Akademickie Liceum Og\u00f3lnokszta\u0142c\u0105ce Politechniki Bia\u0142ostockiej - Kadra<\/title>\n<meta name=\"description\" content=\"Kadr\u0119 Akademickiego Liceum Og\u00f3lnokszta\u0142c\u0105cego PB tworzy grono wyspecjalizowanych, kreatywnych nauczycieli.\" \/>\n<meta name=\"robots\" content=\"index, follow, max-snippet:-1, max-image-preview:large, max-video-preview:-1\" \/>\n<link rel=\"canonical\" href=\"https:\/\/pb.edu.pl\/liceum-ogolnoksztalcace\/o-szkole\/kadra-pedagogiczna\/\" \/>\n<meta name=\"twitter:label1\" content=\"Szacowany czas czytania\" \/>\n\t<meta name=\"twitter:data1\" content=\"31 minut\" \/>\n<script type=\"application\/ld+json\" class=\"yoast-schema-graph\">{\"@context\":\"https:\/\/schema.org\",\"@graph\":[{\"@type\":\"WebPage\",\"@id\":\"https:\/\/pb.edu.pl\/liceum-ogolnoksztalcace\/o-szkole\/kadra-pedagogiczna\/\",\"url\":\"https:\/\/pb.edu.pl\/liceum-ogolnoksztalcace\/o-szkole\/kadra-pedagogiczna\/\",\"name\":\"Akademickie Liceum Og\u00f3lnokszta\u0142c\u0105ce Politechniki Bia\u0142ostockiej - Kadra\",\"isPartOf\":{\"@id\":\"https:\/\/pb.edu.pl\/liceum-ogolnoksztalcace\/#website\"},\"primaryImageOfPage\":{\"@id\":\"https:\/\/pb.edu.pl\/liceum-ogolnoksztalcace\/o-szkole\/kadra-pedagogiczna\/#primaryimage\"},\"image\":{\"@id\":\"https:\/\/pb.edu.pl\/liceum-ogolnoksztalcace\/o-szkole\/kadra-pedagogiczna\/#primaryimage\"},\"thumbnailUrl\":\"https:\/\/pb.edu.pl\/liceum-ogolnoksztalcace\/wp-content\/uploads\/sites\/10\/2023\/06\/Wiszowata-Walczak-Katarztyna-300x300-1.png\",\"datePublished\":\"2017-11-13T21:20:00+00:00\",\"dateModified\":\"2026-04-17T13:15:51+00:00\",\"description\":\"Kadr\u0119 Akademickiego Liceum Og\u00f3lnokszta\u0142c\u0105cego PB tworzy grono wyspecjalizowanych, kreatywnych nauczycieli.\",\"breadcrumb\":{\"@id\":\"https:\/\/pb.edu.pl\/liceum-ogolnoksztalcace\/o-szkole\/kadra-pedagogiczna\/#breadcrumb\"},\"inLanguage\":\"pl-PL\",\"potentialAction\":[{\"@type\":\"ReadAction\",\"target\":[\"https:\/\/pb.edu.pl\/liceum-ogolnoksztalcace\/o-szkole\/kadra-pedagogiczna\/\"]}]},{\"@type\":\"ImageObject\",\"inLanguage\":\"pl-PL\",\"@id\":\"https:\/\/pb.edu.pl\/liceum-ogolnoksztalcace\/o-szkole\/kadra-pedagogiczna\/#primaryimage\",\"url\":\"https:\/\/pb.edu.pl\/liceum-ogolnoksztalcace\/wp-content\/uploads\/sites\/10\/2023\/06\/Wiszowata-Walczak-Katarztyna-300x300-1.png\",\"contentUrl\":\"https:\/\/pb.edu.pl\/liceum-ogolnoksztalcace\/wp-content\/uploads\/sites\/10\/2023\/06\/Wiszowata-Walczak-Katarztyna-300x300-1.png\",\"width\":300,\"height\":300},{\"@type\":\"BreadcrumbList\",\"@id\":\"https:\/\/pb.edu.pl\/liceum-ogolnoksztalcace\/o-szkole\/kadra-pedagogiczna\/#breadcrumb\",\"itemListElement\":[{\"@type\":\"ListItem\",\"position\":1,\"name\":\"Home\",\"item\":\"https:\/\/pb.edu.pl\/liceum-ogolnoksztalcace\/\"},{\"@type\":\"ListItem\",\"position\":2,\"name\":\"Szko\u0142a\",\"item\":\"https:\/\/pb.edu.pl\/liceum-ogolnoksztalcace\/o-szkole\/\"},{\"@type\":\"ListItem\",\"position\":3,\"name\":\"Kadra pedagogiczna\"}]},{\"@type\":\"WebSite\",\"@id\":\"https:\/\/pb.edu.pl\/liceum-ogolnoksztalcace\/#website\",\"url\":\"https:\/\/pb.edu.pl\/liceum-ogolnoksztalcace\/\",\"name\":\"Akademickie Liceum Og\u00f3lnokszta\u0142c\u0105ce Politechniki Bia\u0142ostockiej\",\"description\":\"\",\"potentialAction\":[{\"@type\":\"SearchAction\",\"target\":{\"@type\":\"EntryPoint\",\"urlTemplate\":\"https:\/\/pb.edu.pl\/liceum-ogolnoksztalcace\/?s={search_term_string}\"},\"query-input\":{\"@type\":\"PropertyValueSpecification\",\"valueRequired\":true,\"valueName\":\"search_term_string\"}}],\"inLanguage\":\"pl-PL\"}]}<\/script>\n<!-- \/ Yoast SEO plugin. -->","yoast_head_json":{"title":"Akademickie Liceum Og\u00f3lnokszta\u0142c\u0105ce Politechniki Bia\u0142ostockiej - Kadra","description":"Kadr\u0119 Akademickiego Liceum Og\u00f3lnokszta\u0142c\u0105cego PB tworzy grono wyspecjalizowanych, kreatywnych nauczycieli.","robots":{"index":"index","follow":"follow","max-snippet":"max-snippet:-1","max-image-preview":"max-image-preview:large","max-video-preview":"max-video-preview:-1"},"canonical":"https:\/\/pb.edu.pl\/liceum-ogolnoksztalcace\/o-szkole\/kadra-pedagogiczna\/","twitter_misc":{"Szacowany czas czytania":"31 minut"},"schema":{"@context":"https:\/\/schema.org","@graph":[{"@type":"WebPage","@id":"https:\/\/pb.edu.pl\/liceum-ogolnoksztalcace\/o-szkole\/kadra-pedagogiczna\/","url":"https:\/\/pb.edu.pl\/liceum-ogolnoksztalcace\/o-szkole\/kadra-pedagogiczna\/","name":"Akademickie Liceum Og\u00f3lnokszta\u0142c\u0105ce Politechniki Bia\u0142ostockiej - Kadra","isPartOf":{"@id":"https:\/\/pb.edu.pl\/liceum-ogolnoksztalcace\/#website"},"primaryImageOfPage":{"@id":"https:\/\/pb.edu.pl\/liceum-ogolnoksztalcace\/o-szkole\/kadra-pedagogiczna\/#primaryimage"},"image":{"@id":"https:\/\/pb.edu.pl\/liceum-ogolnoksztalcace\/o-szkole\/kadra-pedagogiczna\/#primaryimage"},"thumbnailUrl":"https:\/\/pb.edu.pl\/liceum-ogolnoksztalcace\/wp-content\/uploads\/sites\/10\/2023\/06\/Wiszowata-Walczak-Katarztyna-300x300-1.png","datePublished":"2017-11-13T21:20:00+00:00","dateModified":"2026-04-17T13:15:51+00:00","description":"Kadr\u0119 Akademickiego Liceum Og\u00f3lnokszta\u0142c\u0105cego PB tworzy grono wyspecjalizowanych, kreatywnych nauczycieli.","breadcrumb":{"@id":"https:\/\/pb.edu.pl\/liceum-ogolnoksztalcace\/o-szkole\/kadra-pedagogiczna\/#breadcrumb"},"inLanguage":"pl-PL","potentialAction":[{"@type":"ReadAction","target":["https:\/\/pb.edu.pl\/liceum-ogolnoksztalcace\/o-szkole\/kadra-pedagogiczna\/"]}]},{"@type":"ImageObject","inLanguage":"pl-PL","@id":"https:\/\/pb.edu.pl\/liceum-ogolnoksztalcace\/o-szkole\/kadra-pedagogiczna\/#primaryimage","url":"https:\/\/pb.edu.pl\/liceum-ogolnoksztalcace\/wp-content\/uploads\/sites\/10\/2023\/06\/Wiszowata-Walczak-Katarztyna-300x300-1.png","contentUrl":"https:\/\/pb.edu.pl\/liceum-ogolnoksztalcace\/wp-content\/uploads\/sites\/10\/2023\/06\/Wiszowata-Walczak-Katarztyna-300x300-1.png","width":300,"height":300},{"@type":"BreadcrumbList","@id":"https:\/\/pb.edu.pl\/liceum-ogolnoksztalcace\/o-szkole\/kadra-pedagogiczna\/#breadcrumb","itemListElement":[{"@type":"ListItem","position":1,"name":"Home","item":"https:\/\/pb.edu.pl\/liceum-ogolnoksztalcace\/"},{"@type":"ListItem","position":2,"name":"Szko\u0142a","item":"https:\/\/pb.edu.pl\/liceum-ogolnoksztalcace\/o-szkole\/"},{"@type":"ListItem","position":3,"name":"Kadra pedagogiczna"}]},{"@type":"WebSite","@id":"https:\/\/pb.edu.pl\/liceum-ogolnoksztalcace\/#website","url":"https:\/\/pb.edu.pl\/liceum-ogolnoksztalcace\/","name":"Akademickie Liceum Og\u00f3lnokszta\u0142c\u0105ce Politechniki Bia\u0142ostockiej","description":"","potentialAction":[{"@type":"SearchAction","target":{"@type":"EntryPoint","urlTemplate":"https:\/\/pb.edu.pl\/liceum-ogolnoksztalcace\/?s={search_term_string}"},"query-input":{"@type":"PropertyValueSpecification","valueRequired":true,"valueName":"search_term_string"}}],"inLanguage":"pl-PL"}]}},"_links":{"self":[{"href":"https:\/\/pb.edu.pl\/liceum-ogolnoksztalcace\/wp-json\/wp\/v2\/pages\/40","targetHints":{"allow":["GET"]}}],"collection":[{"href":"https:\/\/pb.edu.pl\/liceum-ogolnoksztalcace\/wp-json\/wp\/v2\/pages"}],"about":[{"href":"https:\/\/pb.edu.pl\/liceum-ogolnoksztalcace\/wp-json\/wp\/v2\/types\/page"}],"author":[{"embeddable":true,"href":"https:\/\/pb.edu.pl\/liceum-ogolnoksztalcace\/wp-json\/wp\/v2\/users\/2"}],"replies":[{"embeddable":true,"href":"https:\/\/pb.edu.pl\/liceum-ogolnoksztalcace\/wp-json\/wp\/v2\/comments?post=40"}],"version-history":[{"count":4,"href":"https:\/\/pb.edu.pl\/liceum-ogolnoksztalcace\/wp-json\/wp\/v2\/pages\/40\/revisions"}],"predecessor-version":[{"id":20600,"href":"https:\/\/pb.edu.pl\/liceum-ogolnoksztalcace\/wp-json\/wp\/v2\/pages\/40\/revisions\/20600"}],"up":[{"embeddable":true,"href":"https:\/\/pb.edu.pl\/liceum-ogolnoksztalcace\/wp-json\/wp\/v2\/pages\/18"}],"wp:attachment":[{"href":"https:\/\/pb.edu.pl\/liceum-ogolnoksztalcace\/wp-json\/wp\/v2\/media?parent=40"}],"curies":[{"name":"wp","href":"https:\/\/api.w.org\/{rel}","templated":true}]}}