{"id":7696,"date":"2022-03-18T21:52:57","date_gmt":"2022-03-18T20:52:57","guid":{"rendered":"https:\/\/pb.edu.pl\/bwm\/?page_id=7696"},"modified":"2023-11-16T09:45:52","modified_gmt":"2023-11-16T08:45:52","slug":"projekty","status":"publish","type":"page","link":"https:\/\/pb.edu.pl\/iros\/program-edukacja\/projekty\/","title":{"rendered":"Projekty"},"content":{"rendered":"<div class=\"h2 text-center\">Komponent I<\/div>\n<div class=\"panel-group\" id=\"custom-collapse-0\">\n<div class=\"panel panel-default\">\n\t\t\t\t<div class=\"panel-heading\">\n\t\t\t\t\t<div class=\"panel-title\">\n\t\t\t\t\t\t<a class=\"collapsed h4\" data-toggle=\"collapse\" data-parent=\"#custom-collapse-0\" href=\"#custom-collapse-0-0\">Zarz\u0105dzanie oparte na do\u015bwiadczeniu \u2013 dobre praktyki w zarz\u0105dzaniu uczelni\u0105 wy\u017csz\u0105 ZREALIZOWANY<\/a>\n\t\t\t\t\t<\/div>\n\t\t\t\t<\/div>\n\t\t\t\t<div id=\"custom-collapse-0-0\" class=\"panel-collapse collapse\">\n\t\t\t\t\t<div class=\"panel-body\">\n<p><strong>Profesjonalny rozw\u00f3j kadry &#8211; Wizyty studyjne<\/strong><\/p>\n<p><strong>Cele projektu: <\/strong>podniesienie kompetencji kadry zarz\u0105dzaj\u0105cej Politechniki Bia\u0142ostockiej oraz wzmocnienie i rozszerzenie wsp\u00f3\u0142pracy z partnerem zagranicznym \u2013 Molde University College w Norwegii.&nbsp;Projekt zak\u0142ada wyjazd 5 os\u00f3b z PB do Molde University College w Norwegii na wizyt\u0119 studyjn\u0105.<\/p>\n<p>Zebrana wiedza ma pos\u0142u\u017cy\u0107 wypracowaniu najskuteczniejszego modelu zarz\u0105dzania w Politechnice Bia\u0142ostockiej, dostosowanego do zasob\u00f3w, mo\u017cliwo\u015bci i potrzeb Uczelni oraz opracowaniu planu przysz\u0142ych projekt\u00f3w realizowanych wsp\u00f3lnie z Molde University College w Norwegii.<\/p>\n<p><strong>LIDER:<\/strong> Politechnika Bia\u0142ostocka<\/p>\n<p><strong>PARTNER:<\/strong> Molde University College<\/p>\n<p><strong>Warto\u015b\u0107 projektu:<\/strong> 8475,00 EUR<\/p>\n<\/div>\n\t\t\t\t<\/div>\n\t\t\t<\/div>\n<\/div>\n<div class=\"h2 text-center\">Komponent II<\/div>\n<div class=\"panel-group\" id=\"custom-collapse-1\">\n<div class=\"panel panel-default\">\n\t\t\t\t<div class=\"panel-heading\">\n\t\t\t\t\t<div class=\"panel-title\">\n\t\t\t\t\t\t<a class=\"collapsed h4\" data-toggle=\"collapse\" data-parent=\"#custom-collapse-1\" href=\"#custom-collapse-1-1\">Mobilno\u015b\u0107 w szkolnictwie wy\u017cszym 2020 ZREALIZOWANY<\/a>\n\t\t\t\t\t<\/div>\n\t\t\t\t<\/div>\n\t\t\t\t<div id=\"custom-collapse-1-1\" class=\"panel-collapse collapse\">\n\t\t\t\t\t<div class=\"panel-body\">\n<p><strong>Mobilno\u015b\u0107 w szkolnictwie wy\u017cszym 2021<br \/>\n<\/strong><\/p>\n<p>Realizowany na PB projekt <strong>Mobilno\u015b\u0107 w szkolnictwie wy\u017cszym 2021<\/strong> korzysta z dofinansowania o warto\u015bci 17000 \u20ac otrzymanego od Islandii, Liechtensteinu i Norwegii w ramach funduszy EOG.<\/p>\n<p><strong>Cele projektu: <\/strong>realizacja cel\u00f3w programowych, podniesienie kompetencji pracownik\u00f3w Politechniki Bia\u0142ostockiej oraz wzmocnienie i rozszerzenie wsp\u00f3\u0142pracy z partnerem zagranicznym z Pa\u0144stw-Darczy\u0144c\u00f3w \u2013 Molde University College (MUC) w Norwegii. Realizacja wyjazd\u00f3w pracownik\u00f3w PB i przyjazd\u00f3w pracownik\u00f3w MUC, podniesienie kompetencji uczestnik\u00f3w mobilno\u015bci oraz wymiana do\u015bwiadcze\u0144 pomi\u0119dzy spo\u0142eczno\u015bciami akademickimi uczelni partnerskich.<\/p>\n<p><strong>LIDER:<\/strong> Politechnika Bia\u0142ostocka<\/p>\n<p><strong>PARTNER:<\/strong> Molde University College<\/p>\n<p><strong>Warto\u015b\u0107 projektu:<\/strong> 20 000,00 EUR<\/p>\n<div class=\"col-sm-14 text-center\"><a class=\"button text-center animated zoomIn lead\" style=\"width: 100%\" href=\"https:\/\/pb.edu.pl\/iros\/program-edukacja\/o-projekcie\/mobilnosc-pracownikow\/\"><strong>Wytyczne dotycz\u0105ce wyjazd\u00f3w<\/strong><\/a><\/div>\n<\/div>\n\t\t\t\t<\/div>\n\t\t\t<\/div>\n<\/div>\n<div class=\"panel-group\" id=\"custom-collapse-2\">\n<div class=\"panel panel-default\">\n\t\t\t\t<div class=\"panel-heading\">\n\t\t\t\t\t<div class=\"panel-title\">\n\t\t\t\t\t\t<a class=\"collapsed h4\" data-toggle=\"collapse\" data-parent=\"#custom-collapse-2\" href=\"#custom-collapse-2-2\">Mobilno\u015b\u0107 w szkolnictwie wy\u017cszym 2019 ZREALIZOWANY<\/a>\n\t\t\t\t\t<\/div>\n\t\t\t\t<\/div>\n\t\t\t\t<div id=\"custom-collapse-2-2\" class=\"panel-collapse collapse\">\n\t\t\t\t\t<div class=\"panel-body\">\n<p><strong>Mobilno\u015b\u0107 w szkolnictwie wy\u017cszym 2019<br \/>\n<\/strong><\/p>\n<p><strong>Cele projektu:&nbsp;<\/strong>podniesienie kompetencji pracownik\u00f3w i student\u00f3w Politechniki Bia\u0142ostockiej oraz rozpocz\u0119cie i rozwini\u0119cie wsp\u00f3\u0142pracy z partnerami z Norwegii. Realizacja wyjazd\u00f3w pracownik\u00f3w i student\u00f3w PB oraz przyjazd\u00f3w pracownik\u00f3w i student\u00f3w z uczelni partnerskich.<\/p>\n<p><strong>LIDER:<\/strong> Politechnika Bia\u0142ostocka<\/p>\n<p><strong>PARTNERZY:<\/strong> University of Agder, Norwegian University of Technical Sciences<\/p>\n<p><strong>Warto\u015b\u0107 projektu:<\/strong> 70 250,00 EUR<\/p>\n<div class=\"col-sm-14 text-center\"><a class=\"button text-center animated zoomIn lead\" style=\"width: 100%\" href=\"https:\/\/pb.edu.pl\/iros\/program-edukacja\/o-projekcie\/\"><strong>Szczeg\u00f3\u0142y projektu<\/strong><\/a><\/div>\n<\/div>\n\t\t\t\t<\/div>\n\t\t\t<\/div>\n<\/div>\n<div class=\"h2 text-center\">Komponent III<\/div>\n<div class=\"panel-group\" id=\"custom-collapse-3\">\n<div class=\"panel panel-default\">\n\t\t\t\t<div class=\"panel-heading\">\n\t\t\t\t\t<div class=\"panel-title\">\n\t\t\t\t\t\t<a class=\"collapsed h4\" data-toggle=\"collapse\" data-parent=\"#custom-collapse-3\" href=\"#custom-collapse-3-3\">Technologie przysz\u0142o\u015bci w dzisiejszej szkole W TRAKCIE REALIZACJI<\/a>\n\t\t\t\t\t<\/div>\n\t\t\t\t<\/div>\n\t\t\t\t<div id=\"custom-collapse-3-3\" class=\"panel-collapse collapse\">\n\t\t\t\t\t<div class=\"panel-body\">\n<p><strong>Wsp\u00f3\u0142praca instytucjonalna na rzecz poprawy jako\u015bci i dopasowania kszta\u0142cenia i szkolenia zawodowego (VET) oraz zawodowego kszta\u0142cenia ustawicznego<\/strong><\/p>\n<p><strong>Cele projektu: <\/strong><\/p>\n<ul>\n<li>Poszerzenie oferty kszta\u0142cenia w szkolnictwie zawodowym na poziomie \u015brednim i wy\u017cszym oraz dostosowanie programu nauczania do bie\u017c\u0105cych potrzeb rynku pracy w bran\u017cy IT (przygotowanie nowych kompletnych program\u00f3w nauczania w Technikum Programistycznym INFOTECH i na Wydziale Informatyki PB).<\/li>\n<li>Poszerzenie oferty zawodowego kszta\u0142cenia ustawicznego (przygotowanie 2-letniego kursu programistycznego dla os\u00f3b doros\u0142ych, przygotowanie podstawowego kursu programistycznego skierowanego do mniejszo\u015bci polskiej w Islandii).<\/li>\n<li>Rozszerzenie wsp\u00f3\u0142pracy oraz ponadnarodowa wymiana do\u015bwiadcze\u0144 pomi\u0119dzy Islandi\u0105 i Polsk\u0105 w obszarze: edukacji zdalnej, gamifikacji, budowania relacji pomi\u0119dzy biznesem a edukacj\u0105.<\/li>\n<li>Podniesienie jako\u015bci edukacji zdalnej poprzez upowszechnienie narz\u0119dzi i metod efektywnego nauczania zdalnego ( szkolenia, wyposa\u017cenie pracowni na potrzeby szkole\u0144).<\/li>\n<\/ul>\n<p><strong>LIDER:<\/strong> Fundacja Partnerstwo na Rzecz Rozwoju<\/p>\n<p><strong>PARTNERZY:<\/strong> Politechnika Bia\u0142ostocka (Wydzia\u0142 Informatyki), Keilir Academy z Islandii<\/p>\n<p><strong>Warto\u015b\u0107 projektu: <\/strong>241 290 EUR, Kwota dofinansowania: 217 161 EUR + wk\u0142ad w\u0142asny 24 129 EUR<\/p>\n<\/div>\n\t\t\t\t<\/div>\n\t\t\t<\/div>\n<\/div>\n<div class=\"h2 text-center\">Komponent IV<\/div>\n<div class=\"panel-group\" id=\"custom-collapse-4\">\n<div class=\"panel panel-default\">\n\t\t\t\t<div class=\"panel-heading\">\n\t\t\t\t\t<div class=\"panel-title\">\n\t\t\t\t\t\t<a class=\"collapsed h4\" data-toggle=\"collapse\" data-parent=\"#custom-collapse-4\" href=\"#custom-collapse-4-4\">System IT Wspieraj\u0105cy szkolnictwo wy\u017csze i rozw\u00f3j kariery z wykorzystaniem metodyki foresight (FORHESIT) W TRAKCIE REALIZACJI<\/a>\n\t\t\t\t\t<\/div>\n\t\t\t\t<\/div>\n\t\t\t\t<div id=\"custom-collapse-4-4\" class=\"panel-collapse collapse\">\n\t\t\t\t\t<div class=\"panel-body\">\n<p><strong>Wsp\u00f3\u0142praca instytucjonalna na rzecz poprawy jako\u015bci i dopasowania oferty edukacyjnej na wszystkich poziomach oraz we wszelkich formach ( z wy\u0142\u0105czeniem VET i zawodowego kszta\u0142cenia ustawicznego)<\/strong><\/p>\n<p><strong>Cele projektu:&nbsp;<\/strong>modyfikacja narz\u0119dzia IT Tool \u201eHorizons of the Future\u201d poprzez:<\/p>\n<ul>\n<li>rozw\u00f3j modu\u0142u dotycz\u0105cego generowania czynnik\u00f3w wp\u0142ywaj\u0105cych na wybrany obszar analizy (np. rynek pracy, system edukacji)<\/li>\n<li>dodanie modu\u0142u dotycz\u0105cego analizy SWOT umo\u017cliwiaj\u0105cego warto\u015bciowanie wcze\u015bniej zidentyfikowanych czynnik\u00f3w pod k\u0105tem mocnych, s\u0142abych stron, szans i zagro\u017ce\u0144 analizy SWOT;<\/li>\n<li>rozw\u00f3j modu\u0142u dotycz\u0105cego budowy scenariuszy.<\/li>\n<\/ul>\n<p>Narz\u0119dzie proponowane jest do prac na 2 poziomach:<\/p>\n<ol>\n<li>do wykorzystania w pracy wyk\u0142adowcy lub doradcy z biura karier \u2013 na potrzeby prowadzenia warsztat\u00f3w ukierunkowanych na przysz\u0142o\u015b\u0107, np. z tematyki: przysz\u0142o\u015b\u0107 rynku pracy, przysz\u0142o\u015b\u0107 edukacji (w ramach zaj\u0119\u0107 ze studentami lub pracy uczelnianych biur karier);<\/li>\n<li>do wykorzystania indywidualnego, na potrzeby analizy uwarunkowa\u0144 indywidualnych \u015bcie\u017cek kariery oraz rozwoju osobistego (np. analizy jakich kompetencji potrzebuje student w przypadku zaistnienia scenariuszy wygenerowanych na poziomie pierwszym).<\/li>\n<\/ol>\n<p><strong>LIDER:&nbsp;<\/strong>Sie\u0107 Badawcza \u0141ukasiewicz \u2013 Instytut Technologii Eksploatacji<\/p>\n<p><strong>PARTNERZY:&nbsp;<\/strong>Politechnika Bia\u0142ostocka (Wydzia\u0142 In\u017cynierii Zarz\u0105dzania),&nbsp;IMD Pawelec Marcin,&nbsp;Norwegian Board of Technology \u2013 Teknologir\u00e5det<\/p>\n<p><strong>Warto\u015b\u0107 projektu:&nbsp;<\/strong>148 620 EUR<\/p>\n<\/div>\n\t\t\t\t<\/div>\n\t\t\t<\/div>\n<\/div>\n<p>&nbsp;<\/p>\n<p><img loading=\"lazy\" decoding=\"async\" class=\"alignnone size-full wp-image-2368\" src=\"https:\/\/pb.edu.pl\/iros\/wp-content\/uploads\/sites\/24\/2020\/07\/eea_grants4x-300x111-1.png\" alt=\"\" width=\"300\" height=\"111\"><\/p>\n","protected":false},"excerpt":{"rendered":"<p>Komponent I Komponent II Komponent III Komponent IV &nbsp;<\/p>\n","protected":false},"author":2,"featured_media":0,"parent":2311,"menu_order":2,"comment_status":"closed","ping_status":"closed","template":"","meta":{"_acf_changed":false,"ngg_post_thumbnail":0,"footnotes":""},"class_list":["post-7696","page","type-page","status-publish","hentry"],"acf":[],"_links":{"self":[{"href":"https:\/\/pb.edu.pl\/iros\/wp-json\/wp\/v2\/pages\/7696","targetHints":{"allow":["GET"]}}],"collection":[{"href":"https:\/\/pb.edu.pl\/iros\/wp-json\/wp\/v2\/pages"}],"about":[{"href":"https:\/\/pb.edu.pl\/iros\/wp-json\/wp\/v2\/types\/page"}],"author":[{"embeddable":true,"href":"https:\/\/pb.edu.pl\/iros\/wp-json\/wp\/v2\/users\/2"}],"replies":[{"embeddable":true,"href":"https:\/\/pb.edu.pl\/iros\/wp-json\/wp\/v2\/comments?post=7696"}],"version-history":[{"count":0,"href":"https:\/\/pb.edu.pl\/iros\/wp-json\/wp\/v2\/pages\/7696\/revisions"}],"up":[{"embeddable":true,"href":"https:\/\/pb.edu.pl\/iros\/wp-json\/wp\/v2\/pages\/2311"}],"wp:attachment":[{"href":"https:\/\/pb.edu.pl\/iros\/wp-json\/wp\/v2\/media?parent=7696"}],"curies":[{"name":"wp","href":"https:\/\/api.w.org\/{rel}","templated":true}]}}