{"id":2440,"date":"2020-07-31T09:39:40","date_gmt":"2020-07-31T07:39:40","guid":{"rendered":"https:\/\/pb.edu.pl\/bwm\/?page_id=2440"},"modified":"2023-02-15T09:53:26","modified_gmt":"2023-02-15T08:53:26","slug":"mobilnosc-pracownikow","status":"publish","type":"page","link":"https:\/\/pb.edu.pl\/iros\/program-edukacja\/o-projekcie\/mobilnosc-pracownikow\/","title":{"rendered":"Mobilno\u015b\u0107 pracownik\u00f3w"},"content":{"rendered":"<p><img loading=\"lazy\" decoding=\"async\" class=\"alignnone wp-image-3966 size-full\" src=\"https:\/\/pb.edu.pl\/iros\/wp-content\/uploads\/sites\/24\/2021\/01\/logo_edukacja_frse.png\" alt=\"\" width=\"1073\" height=\"172\" srcset=\"https:\/\/pb.edu.pl\/iros\/wp-content\/uploads\/sites\/24\/2021\/01\/logo_edukacja_frse.png 1073w, https:\/\/pb.edu.pl\/iros\/wp-content\/uploads\/sites\/24\/2021\/01\/logo_edukacja_frse-300x48.png 300w, https:\/\/pb.edu.pl\/iros\/wp-content\/uploads\/sites\/24\/2021\/01\/logo_edukacja_frse-1024x164.png 1024w, https:\/\/pb.edu.pl\/iros\/wp-content\/uploads\/sites\/24\/2021\/01\/logo_edukacja_frse-768x123.png 768w\" sizes=\"auto, (max-width: 1073px) 100vw, 1073px\" \/><\/p>\n<h2>Wyjazdy nauczycieli<\/h2>\n<div class=\"panel-group\" id=\"custom-collapse-0\">\n<div class=\"panel panel-default\">\n\t\t\t\t<div class=\"panel-heading\">\n\t\t\t\t\t<div class=\"panel-title\">\n\t\t\t\t\t\t<a class=\"collapsed h4\" data-toggle=\"collapse\" data-parent=\"#custom-collapse-0\" href=\"#custom-collapse-0-0\">Og\u00f3lne zasady wyjazdu w ramach Programu Edukacja<\/a>\n\t\t\t\t\t<\/div>\n\t\t\t\t<\/div>\n\t\t\t\t<div id=\"custom-collapse-0-0\" class=\"panel-collapse collapse\">\n\t\t\t\t\t<div class=\"panel-body\">\n<p>&nbsp;<\/p>\n<p>Przy kwalifikowaniu kandydat\u00f3w na wyjazd Uczelnia bierze pod uwag\u0119:<\/p>\n<ul>\n<li>kompetencje j\u0119zykowe;<\/li>\n<li>przygotowanie do promowania r\u00f3\u017cnych form kszta\u0142cenia i wsp\u00f3\u0142pracy z PB;<\/li>\n<li>aktywn\u0105 wsp\u00f3\u0142prac\u0119 naukow\u0105 lub inn\u0105 z instytucj\u0105, do kt\u00f3rej planowany jest wyjazd;<\/li>\n<li>rozpocz\u0119te rozmowy (korespondencja e-mail) w sprawie rozszerzenia wsp\u00f3\u0142pracy;<\/li>\n<li>prowadzenie zaj\u0119\u0107 dla student\u00f3w Erasmus+ w roku akademickim, w kt\u00f3rym planowany jest wyjazd;<\/li>\n<li>co najmniej pozytywny wynik z ostatniej oceny parametrycznej pracownik\u00f3w;<\/li>\n<li>organizacj\u0119 wyjazdu na 3-4 miesi\u0105ce przed planowan\u0105 dat\u0105 podr\u00f3\u017cy (dotyczy wyjazd\u00f3w do kraj\u00f3w, kt\u00f3re nie granicz\u0105 z Polsk\u0105);<\/li>\n<li>wyjazd nie powinien odbywa\u0107 si\u0119 po raz drugi lub trzeci do tej samej uczelni.<\/li>\n<\/ul>\n<p>Kandydatury os\u00f3b prowadz\u0105cych zaj\u0119cia, opiekun\u00f3w praktyk student\u00f3w zagranicznych w ramach programu Erasmus+, ubiegaj\u0105cych si\u0119 po raz pierwszy o wyjazd, os\u00f3b stanowi\u0105cych m\u0142odsz\u0105 kadr\u0119 dydaktyczn\u0105 oraz wyjazdy koordynator\u00f3w i pracownik\u00f3w Biura (przynajmniej jeden raz w roku) s\u0105 traktowane priorytetowo.<\/p>\n<p>&nbsp;<\/p>\n<p><strong>Stawki stypendium w aktualnym projekcie:<\/strong><br \/>\n275 \u20ac jednorazowy rycza\u0142t na koszty podr\u00f3\u017cy,<br \/>\n250 \u20ac \/ dzie\u0144 &#8211; stawka stypendium wyjazdowego.<\/p>\n<\/div>\n\t\t\t\t<\/div>\n\t\t\t<\/div>\n<div class=\"panel panel-default\">\n\t\t\t\t<div class=\"panel-heading\">\n\t\t\t\t\t<div class=\"panel-title\">\n\t\t\t\t\t\t<a class=\"collapsed h4\" data-toggle=\"collapse\" data-parent=\"#custom-collapse-0\" href=\"#custom-collapse-0-1\">Przed wyjazdem<\/a>\n\t\t\t\t\t<\/div>\n\t\t\t\t<\/div>\n\t\t\t\t<div id=\"custom-collapse-0-1\" class=\"panel-collapse collapse\">\n\t\t\t\t\t<div class=\"panel-body\">\n<ul>\n<li>Nauczyciel kontaktuje si\u0119 z uczelni\u0105 partnersk\u0105 w celu uzgodnienia terminu wizyty (mo\u017ce skorzysta\u0107 z pomocy wydzia\u0142owego koordynatora Programu Edukacja).<br \/>\nKontakt z uczelni\u0105 partnersk\u0105 nale\u017cy nawi\u0105za\u0107 z wyprzedzeniem umo\u017cliwiaj\u0105cym opracowanie programu pobytu w uczelni zagranicznej obejmuj\u0105cego, mi\u0119dzy innymi, spotkania ze studentami, wyk\u0142adowcami, pracownikami IRO (odpowiednik BWM), koordynatorami Programu Erasmus+<span style=\"font-size: 1.5rem\">&nbsp;itp. Nale\u017cy zadba\u0107 o to, aby informacja o spotkaniach zosta\u0142a rozpowszechniona, np. na stronie internetowej uczelni przyjmuj\u0105cej (spotkania mog\u0105 dotyczy\u0107 np. promowania kszta\u0142cenia w PB, program\u00f3w roboczych dotycz\u0105cych wsp\u00f3\u0142pracy, aplikowania o wsp\u00f3lne projekty).<\/span><\/li>\n<\/ul>\n<ul>\n<li>Po uzgodnieniu terminu wizyty nauczyciel wysy\u0142a do uczelni partnerskiej skan wype\u0142nionego formularza <strong>Mobility Agreement &#8211; Staff Mobility for Teaching<\/strong> z pro\u015bb\u0105 o akceptacj\u0119 terminu wyjazdu i tematyki zaj\u0119\u0107 dydaktycznych\/zakresu dzia\u0142a\u0144.<\/li>\n<li>Na ok. 90&nbsp; dni przed planowanym wyjazdem nauczyciel dostarcza do Biura Wsp\u00f3\u0142pracy Mi\u0119dzynarodowej formularz Mobility Agreement &#8211; Staff Mobility for Teaching zaakceptowany przez uczelni\u0119 partnersk\u0105, wydzia\u0142owego koordynatora Programu Erasmus+ oraz dziekana, a tak\u017ce <strong>Wniosek wyjazdowy<\/strong> (obowi\u0105zuj\u0105cy w PB) zaakceptowany przez bezpo\u015bredniego prze\u0142o\u017conego, wydzia\u0142owego koordynatora Programu Erasmus+ oraz dziekana. Przesy\u0142a do BWM <strong>Ankiet\u0119 osobow\u0105<\/strong> (o ile nie zrobi\u0142 tego wcze\u015bniej).<br \/>\nPo potwierdzeniu \u017ar\u00f3d\u0142a finansowania oraz akceptacji ww. dokument\u00f3w przez kierownika BWM, Prorektor ds. Wsp\u00f3\u0142pracy Mi\u0119dzynarodowej podejmuje decyzj\u0119 dotycz\u0105c\u0105 wyjazdu nauczyciela w ramach podnoszenia kwalifikacji zawodowych.<\/li>\n<\/ul>\n<ul>\n<li>Po uzyskaniu zgody na wyjazd nauczyciel dokonuje zakupu biletu lotniczego\/kolejowego\/autobusowego, rezerwuje hotel itp.<\/li>\n<li>Na 7 dni przed wyjazdem nauczyciel otrzymuje stypendium z rycza\u0142tem na koszty podr\u00f3\u017cy. Rycza\u0142t na podr\u00f3\u017c, zgodnie z <a title=\"\" href=\"http:\/\/ec.europa.eu\/programmes\/erasmus-plus\/resources\/distance-calculator_pl\" rel=\"noopener noreferrer\">kalkulatorem odleg\u0142o\u015bci Komisji Europejskiej<\/a> otrzymuj\u0105 osoby wyje\u017cd\u017caj\u0105ce do pozosta\u0142ych kraj\u00f3w UE.<\/li>\n<li>BWM przygotowuje umow\u0119 finansow\u0105 pomi\u0119dzy nauczycielem a PB na wyjazd w ramach Programu Edukacja i na 7 dni przed wyjazdem zaprasza nauczyciela po odbi\u00f3r\n<ul>\n<li>umowy finansowej,<\/li>\n<li>stypendium,<\/li>\n<li>karty ubezpieczeniowej.<\/li>\n<\/ul>\n<\/li>\n<\/ul>\n<p>Okres pobytu w uczelni zagranicznej (bez dni przeznaczonych na podr\u00f3\u017c): od 2 do 5 dni roboczych.<\/p>\n<p>Liczba dni jest uzale\u017cniona od zakresu zada\u0144 zaplanowanych do wykonania podczas pobytu w uczelni przyjmuj\u0105cej.<br \/>\n&nbsp;<br \/>\n<\/div>\n\t\t\t\t<\/div>\n\t\t\t<\/div>\n<div class=\"panel panel-default\">\n\t\t\t\t<div class=\"panel-heading\">\n\t\t\t\t\t<div class=\"panel-title\">\n\t\t\t\t\t\t<a class=\"collapsed h4\" data-toggle=\"collapse\" data-parent=\"#custom-collapse-0\" href=\"#custom-collapse-0-2\">W trakcie wyjazdu<\/a>\n\t\t\t\t\t<\/div>\n\t\t\t\t<\/div>\n\t\t\t\t<div id=\"custom-collapse-0-2\" class=\"panel-collapse collapse\">\n\t\t\t\t\t<div class=\"panel-body\">\nNauczyciel uczestniczy we wszystkich zaplanowanych zaj\u0119ciach i spotkaniach:<\/p>\n<ul>\n<li>promuje r\u00f3\u017cne formy i warunki kszta\u0142cenia w PB:<br \/>\n&#8211; oferta w ramach Programu Erasmus+ oraz dla freemover\u00f3w,<br \/>\n&#8211; umowy o podw\u00f3jnym dyplomowaniu,<\/li>\n<li>ocenia perspektywy wymiany student\u00f3w,<\/li>\n<li>weryfikuje mo\u017cliwo\u015bci wsp\u00f3\u0142pracy naukowej, dydaktycznej:<br \/>\n&#8211; wsp\u00f3lne naukowe tematy robocze,<br \/>\n&#8211; wsp\u00f3lne aplikowanie o projekty,<br \/>\n&#8211; og\u00f3lna dwustronna umowa o wsp\u00f3\u0142pracy (prorektorzy, dziekani),<br \/>\n&#8211; inne.<\/li>\n<\/ul>\n<p>&nbsp;<br \/>\n<\/div>\n\t\t\t\t<\/div>\n\t\t\t<\/div>\n<div class=\"panel panel-default\">\n\t\t\t\t<div class=\"panel-heading\">\n\t\t\t\t\t<div class=\"panel-title\">\n\t\t\t\t\t\t<a class=\"collapsed h4\" data-toggle=\"collapse\" data-parent=\"#custom-collapse-0\" href=\"#custom-collapse-0-3\">Po powrocie<\/a>\n\t\t\t\t\t<\/div>\n\t\t\t\t<\/div>\n\t\t\t\t<div id=\"custom-collapse-0-3\" class=\"panel-collapse collapse\">\n\t\t\t\t\t<div class=\"panel-body\">\nW terminie 7 dni od powrotu nauczyciel sk\u0142ada w BWM nast\u0119puj\u0105ce dokumenty\/materia\u0142y:<\/p>\n<ul>\n<li><strong> Confirmation letter<\/strong>, tj. dokument po\u015bwiadczaj\u0105cy czas pobytu i liczb\u0119 godzin zrealizowanych zaj\u0119\u0107, przygotowany przez uczelni\u0119 przyjmuj\u0105c\u0105. Okres pobytu potwierdzonego przez uczelni\u0119 przyjmuj\u0105c\u0105 musi si\u0119 zgadza\u0107 z terminem podanym w<strong>&nbsp;Staff Mobility for Teaching<\/strong> oraz w umowie finansowej (tj. od 2 do 4 dni);<\/li>\n<li><strong>Sprawozdanie <\/strong>z realizacji programu pobytu \u2013 w formie ankiety (z konkretnymi informacjami, wnioskami i propozycjami);<\/li>\n<li><strong>Materia\u0142y informacyjne<\/strong> o uczelni przyjmuj\u0105cej, propozycje wsp\u00f3\u0142pracy itp.;<\/li>\n<li>Przekazuje zainteresowanym studentom informacje o wizytowanej uczelni (np. na pro\u015bb\u0119 wydzia\u0142owego koordynatora Programu Edukacja, dziekana, samych student\u00f3w).<\/li>\n<\/ul>\n<\/div>\n\t\t\t\t<\/div>\n\t\t\t<\/div>\n<div class=\"panel panel-default\">\n\t\t\t\t<div class=\"panel-heading\">\n\t\t\t\t\t<div class=\"panel-title\">\n\t\t\t\t\t\t<a class=\"collapsed h4\" data-toggle=\"collapse\" data-parent=\"#custom-collapse-0\" href=\"#custom-collapse-0-4\">Dokumenty do pobrania<\/a>\n\t\t\t\t\t<\/div>\n\t\t\t\t<\/div>\n\t\t\t\t<div id=\"custom-collapse-0-4\" class=\"panel-collapse collapse\">\n\t\t\t\t\t<div class=\"panel-body\">\n<p><a class=\"docx\" title=\"pobierz plik\" href=\"https:\/\/pb.edu.pl\/iros\/wp-content\/uploads\/sites\/24\/2021\/10\/mobility_agreement_staff_teaching.docx\" data-id=\"6236\">Education mobility_agreement_staff_teaching (DOCX, 109 KB)<\/a><\/p>\n<p><a class=\"docx\" title=\"pobierz plik\" href=\"https:\/\/pb.edu.pl\/iros\/wp-content\/uploads\/sites\/24\/2022\/02\/Ankieta-osobowa-EDUKACJA.docx\" data-id=\"7473\">Ankieta osobowa EDUKACJA (DOCX, 941 KB)<\/a><\/p>\n<p><a class=\"docx\" title=\"pobierz plik\" href=\"https:\/\/pb.edu.pl\/iros\/wp-content\/uploads\/sites\/24\/2023\/02\/Polecenie-Wyjazdu-STA-EDUKACJA-2023.docx\" data-id=\"9021\">Polecenie wyjazdu STA EDUKACJA 2023 (DOCX, 40 KB)<\/a><\/p>\n<p><a class=\"docx\" title=\"pobierz plik\" href=\"https:\/\/pb.edu.pl\/iros\/wp-content\/uploads\/sites\/24\/2022\/03\/ankieta-ex-post-wyjazd-dydaktyczny.docx\" data-id=\"7650\">Ankieta EX POST STA (DOCX, 78 KB)<\/a><\/p>\n<p>&nbsp;<\/p>\n<\/div>\n\t\t\t\t<\/div>\n\t\t\t<\/div>\n<\/div>\n<h2>Wyjazdy administracji<\/h2>\n<div class=\"panel-group\" id=\"custom-collapse-1\">\n<div class=\"panel panel-default\">\n\t\t\t\t<div class=\"panel-heading\">\n\t\t\t\t\t<div class=\"panel-title\">\n\t\t\t\t\t\t<a class=\"collapsed h4\" data-toggle=\"collapse\" data-parent=\"#custom-collapse-1\" href=\"#custom-collapse-1-5\">Og\u00f3lne zasady wyjazdu w ramach Programu Edukacja<\/a>\n\t\t\t\t\t<\/div>\n\t\t\t\t<\/div>\n\t\t\t\t<div id=\"custom-collapse-1-5\" class=\"panel-collapse collapse\">\n\t\t\t\t\t<div class=\"panel-body\">\n<p>Przy kwalifikowaniu kandydat\u00f3w na wyjazd Uczelnia bierze pod uwag\u0119:<\/p>\n<ul>\n<li>kompetencje j\u0119zykowe;<\/li>\n<li>przygotowanie do promowania r\u00f3\u017cnych form kszta\u0142cenia i wsp\u00f3\u0142pracy z PB;<\/li>\n<li>organizacj\u0119 wyjazdu na 3-4 miesi\u0105ce przed planowan\u0105 dat\u0105 podr\u00f3\u017cy (dotyczy wyjazd\u00f3w do kraj\u00f3w, kt\u00f3re nie granicz\u0105 z Polsk\u0105);<\/li>\n<li>wyjazd nie powinien odbywa\u0107 si\u0119 po raz drugi lub trzeci do tej samej uczelni.<\/li>\n<\/ul>\n<p>Wyjazdy pracownik\u00f3w BWM oraz pozosta\u0142ych pracownik\u00f3w administracji ubiegaj\u0105cych si\u0119 o wyjazd po raz pierwszy traktowane s\u0105 priorytetowo.<br \/>\n<\/div>\n\t\t\t\t<\/div>\n\t\t\t<\/div>\n<div class=\"panel panel-default\">\n\t\t\t\t<div class=\"panel-heading\">\n\t\t\t\t\t<div class=\"panel-title\">\n\t\t\t\t\t\t<a class=\"collapsed h4\" data-toggle=\"collapse\" data-parent=\"#custom-collapse-1\" href=\"#custom-collapse-1-6\">Przed wyjazdem<\/a>\n\t\t\t\t\t<\/div>\n\t\t\t\t<\/div>\n\t\t\t\t<div id=\"custom-collapse-1-6\" class=\"panel-collapse collapse\">\n\t\t\t\t\t<div class=\"panel-body\">\n<ul>\n<li>Pracownik kontaktuje si\u0119 z uczelni\u0105 zagraniczn\u0105 w celu uzgodnienia terminu wizyty.<br \/>\nKontakt z uczelni\u0105 partnersk\u0105 nale\u017cy nawi\u0105za\u0107 z wyprzedzeniem umo\u017cliwiaj\u0105cym opracowanie programu pobytu w uczelni zagranicznej obejmuj\u0105cego, mi\u0119dzy innymi, spotkania z pracownikami IRO (odpowiednik BWM), koordynatorami Programu Erasmus+.<\/li>\n<\/ul>\n<ul>\n<li>Po uzgodnieniu terminu wizyty pracownik wysy\u0142a do uczelni zagranicznej skan wype\u0142nionego formularza <strong>Mobility Agreement &#8211; <\/strong><strong>Staff Mobility for Training <\/strong>z pro\u015bb\u0105 o akceptacj\u0119 terminu wyjazdu i tematyki szkolenia.<\/li>\n<li>Na ok. 90 dni przed planowanym wyjazdem pracownik dostarcza do Biura Wsp\u00f3\u0142pracy Mi\u0119dzynarodowej formularz <strong>Mobility Agreement &#8211; Staff Mobility for Training <\/strong>zaakceptowany przez uczelni\u0119 zagraniczn\u0105 oraz bezpo\u015bredniego prze\u0142o\u017conego, a&nbsp;tak\u017ce <strong>Polecenie wyjazdu <\/strong>zaakceptowany przez bezpo\u015bredniego prze\u0142o\u017conego, wydzia\u0142owego koordynatora Programu Erasmus+ oraz dziekana. Przesy\u0142a do BWM <strong>Ankiet\u0119 osobow\u0105 <\/strong>(o ile nie zrobi\u0142 tego wcze\u015bniej).<br \/>\nPo potwierdzeniu \u017ar\u00f3d\u0142a finansowania oraz akceptacji ww. dokument\u00f3w przez kierownika BWM, Prorektor ds. Wsp\u00f3\u0142pracy Mi\u0119dzynarodowej podejmuje decyzj\u0119 dotycz\u0105c\u0105 wyjazdu pracownika w ramach podnoszenia kwalifikacji zawodowych.<\/li>\n<\/ul>\n<ul>\n<li>Po uzyskaniu zgody na wyjazd pracownik dokonuje zakupu biletu lotniczego\/kolejowego\/autobusowego, rezerwuje hotel itp.<\/li>\n<li>Na 7 dni przed wyjazdem pracownik otrzymuje stypendium z rycza\u0142tem na koszty podr\u00f3\u017cy. Rycza\u0142t na podr\u00f3\u017c, zgodnie z <a title=\"\" href=\"http:\/\/ec.europa.eu\/programmes\/erasmus-plus\/resources\/distance-calculator_pl\" rel=\"noopener noreferrer\">kalkulatorem odleg\u0142o\u015bci Komisji Europejskiej<\/a> otrzymuj\u0105 osoby wyje\u017cd\u017caj\u0105ce do pozosta\u0142ych kraj\u00f3w UE.<\/li>\n<li>BWM przygotowuje umow\u0119 finansow\u0105 pomi\u0119dzy pracownikiem a PB na wyjazd w ramach Programu Edukacja i na 7 dni przed wyjazdem zaprasza nauczyciela po odbi\u00f3r\n<ul>\n<li><em>umowy finansowej,<\/em><\/li>\n<li>stypendium<\/li>\n<li><em>karty ubezpieczeniowej.<\/em><\/li>\n<\/ul>\n<\/li>\n<\/ul>\n<p>Okres pobytu w uczelni zagranicznej (bez dni przeznaczonych na podr\u00f3\u017c): od 2 do 5 dni roboczych.<\/p>\n<p>Liczba dni jest uzale\u017cniona od zakresu zada\u0144 zaplanowanych do wykonania podczas pobytu w uczelni przyjmuj\u0105cej.<br \/>\n&nbsp;<br \/>\n<\/div>\n\t\t\t\t<\/div>\n\t\t\t<\/div>\n<div class=\"panel panel-default\">\n\t\t\t\t<div class=\"panel-heading\">\n\t\t\t\t\t<div class=\"panel-title\">\n\t\t\t\t\t\t<a class=\"collapsed h4\" data-toggle=\"collapse\" data-parent=\"#custom-collapse-1\" href=\"#custom-collapse-1-7\">W trakcie wyjazdu<\/a>\n\t\t\t\t\t<\/div>\n\t\t\t\t<\/div>\n\t\t\t\t<div id=\"custom-collapse-1-7\" class=\"panel-collapse collapse\">\n\t\t\t\t\t<div class=\"panel-body\">\nPracownik uczestniczy we wszystkich zaplanowanych zaj\u0119ciach i spotkaniach promuje r\u00f3\u017cne formy i warunki kszta\u0142cenia w PB:<\/p>\n<ul>\n<li>oferta w ramach Programu Erasmus+ oraz dla freemover\u00f3w,<\/li>\n<li>umowy o podw\u00f3jnym dyplomowaniu,<\/li>\n<li>inne perspektywy wymiany student\u00f3w.<\/li>\n<\/ul>\n<p>&nbsp;<br \/>\n<\/div>\n\t\t\t\t<\/div>\n\t\t\t<\/div>\n<div class=\"panel panel-default\">\n\t\t\t\t<div class=\"panel-heading\">\n\t\t\t\t\t<div class=\"panel-title\">\n\t\t\t\t\t\t<a class=\"collapsed h4\" data-toggle=\"collapse\" data-parent=\"#custom-collapse-1\" href=\"#custom-collapse-1-8\">Po powrocie<\/a>\n\t\t\t\t\t<\/div>\n\t\t\t\t<\/div>\n\t\t\t\t<div id=\"custom-collapse-1-8\" class=\"panel-collapse collapse\">\n\t\t\t\t\t<div class=\"panel-body\">\nW terminie 7 dni od powrotu pracownik sk\u0142ada w BWM nast\u0119puj\u0105ce dokumenty\/materia\u0142y:<\/p>\n<ul>\n<li><strong>Confirmation letter,<\/strong> tj. dokument po\u015bwiadczaj\u0105cy czas pobytu przygotowany przez uczelni\u0119 przyjmuj\u0105c\u0105. Okres pobytu potwierdzonego przez uczelni\u0119 przyjmuj\u0105c\u0105 musi si\u0119 zgadza\u0107 z terminem podanym w&nbsp;<strong>Staff Mobility for Training<\/strong> oraz w umowie finansowej (tj. od 2 do 5 dni);<\/li>\n<li><strong>Sprawozdanie <\/strong>z realizacji programu pobytu \u2013 w formie ankiety (z konkretnymi informacjami, wnioskami i propozycjami);<\/li>\n<li><strong>Materia\u0142y informacyjne <\/strong>o uczelni przyjmuj\u0105cej, propozycje wsp\u00f3\u0142pracy itp.;<\/li>\n<\/ul>\n<ul>\n<li>Po mailowym wezwaniu poprzez serwer Komisji Europejskiej Erasmus+ pracownik wype\u0142nia on-line Ankiet\u0119 Stypendysty &#8211; <strong>Participant Report Request<\/strong>, najp\u00f3\u017aniej w terminie 30 dni po otrzymania wezwania.<\/li>\n<li>Przekazuje zainteresowanym studentom informacje o wizytowanej uczelni (np. na pro\u015bb\u0119 wydzia\u0142owego koordynatora Programu Edukacja, dziekana, samych student\u00f3w).<\/li>\n<\/ul>\n<\/div>\n\t\t\t\t<\/div>\n\t\t\t<\/div>\n<div class=\"panel panel-default\">\n\t\t\t\t<div class=\"panel-heading\">\n\t\t\t\t\t<div class=\"panel-title\">\n\t\t\t\t\t\t<a class=\"collapsed h4\" data-toggle=\"collapse\" data-parent=\"#custom-collapse-1\" href=\"#custom-collapse-1-9\">Dokumenty do pobrania<\/a>\n\t\t\t\t\t<\/div>\n\t\t\t\t<\/div>\n\t\t\t\t<div id=\"custom-collapse-1-9\" class=\"panel-collapse collapse\">\n\t\t\t\t\t<div class=\"panel-body\">\n<p><a class=\"docx\" title=\"pobierz plik\" href=\"https:\/\/pb.edu.pl\/iros\/wp-content\/uploads\/sites\/24\/2021\/12\/mobility_agreement_staff_training.docx\" data-id=\"6618\">Education Mobility agreement staff training (DOCX, 108 KB)<\/a><\/p>\n<p><a class=\"docx\" title=\"pobierz plik\" href=\"https:\/\/pb.edu.pl\/iros\/wp-content\/uploads\/sites\/24\/2022\/02\/Ankieta-osobowa-EDUKACJA.docx\" data-id=\"7473\">Ankieta osobowa EDUKACJA (DOCX, 941 KB)<\/a><\/p>\n<p><a class=\"docx\" title=\"pobierz plik\" href=\"https:\/\/pb.edu.pl\/iros\/wp-content\/uploads\/sites\/24\/2023\/02\/Polecenie-Wyjazdu-STT-EDUKACJA-2023.docx\" data-id=\"9022\">Polecenie wyjazdu STT EDUKACJA 2022 (DOCX, 40 KB)<\/a><\/p>\n<p><a class=\"docx\" title=\"pobierz plik\" href=\"https:\/\/pb.edu.pl\/iros\/wp-content\/uploads\/sites\/24\/2022\/03\/ankieta-ex-post-wyjad-szkoleniowy.docx\" data-id=\"7652\">Ankieta EX-POST STT (DOCX, 78 KB)<\/a><br \/>\n<\/div>\n\t\t\t\t<\/div>\n\t\t\t<\/div>\n<\/div>\n","protected":false},"excerpt":{"rendered":"<p>Wyjazdy nauczycieli Wyjazdy administracji<\/p>\n","protected":false},"author":48,"featured_media":0,"parent":2410,"menu_order":0,"comment_status":"closed","ping_status":"closed","template":"","meta":{"_acf_changed":false,"ngg_post_thumbnail":0,"footnotes":""},"class_list":["post-2440","page","type-page","status-publish","hentry"],"acf":[],"_links":{"self":[{"href":"https:\/\/pb.edu.pl\/iros\/wp-json\/wp\/v2\/pages\/2440","targetHints":{"allow":["GET"]}}],"collection":[{"href":"https:\/\/pb.edu.pl\/iros\/wp-json\/wp\/v2\/pages"}],"about":[{"href":"https:\/\/pb.edu.pl\/iros\/wp-json\/wp\/v2\/types\/page"}],"author":[{"embeddable":true,"href":"https:\/\/pb.edu.pl\/iros\/wp-json\/wp\/v2\/users\/48"}],"replies":[{"embeddable":true,"href":"https:\/\/pb.edu.pl\/iros\/wp-json\/wp\/v2\/comments?post=2440"}],"version-history":[{"count":0,"href":"https:\/\/pb.edu.pl\/iros\/wp-json\/wp\/v2\/pages\/2440\/revisions"}],"up":[{"embeddable":true,"href":"https:\/\/pb.edu.pl\/iros\/wp-json\/wp\/v2\/pages\/2410"}],"wp:attachment":[{"href":"https:\/\/pb.edu.pl\/iros\/wp-json\/wp\/v2\/media?parent=2440"}],"curies":[{"name":"wp","href":"https:\/\/api.w.org\/{rel}","templated":true}]}}