{"id":19432,"date":"2024-06-14T15:29:56","date_gmt":"2024-06-14T13:29:56","guid":{"rendered":"https:\/\/pb.edu.pl\/iros\/?page_id=19432"},"modified":"2025-10-29T12:53:11","modified_gmt":"2025-10-29T11:53:11","slug":"relacje","status":"publish","type":"page","link":"https:\/\/pb.edu.pl\/iros\/program-erasmus\/wyjazdy-pracownikow-program-ka171\/relacje\/","title":{"rendered":"Relacje"},"content":{"rendered":"<div class=\"row\">\n<div class=\"col-sm-8\">\n\t\t<div class=\"box news-box \">\n\t\t<div class=\"row\">\n\t\t\t\n\t\t\t\n\t\t\t\t\n\t\t\t\t\t\t\t\t\t\t<div class=\"col-sm-4\">\n\t\t\t\t\t\t\t\n<article class=\"format-standard\">\n    <span class=\"date text-right\"><i class=\"fal fa-calendar-alt\"><\/i> 12-08-2026<\/span>\n    <a href=\"https:\/\/pb.edu.pl\/iros\/2026\/08\/12\/mobilnosc-pracownikow-w-universita-degli-studi\/\">\n      <div class=\"article-image\">\n        <img loading=\"lazy\" decoding=\"async\" width=\"480\" height=\"300\" src=\"https:\/\/pb.edu.pl\/iros\/wp-content\/uploads\/sites\/24\/2026\/08\/Spotkanie-z-pracownikami-biura-UdA-Universita-degli-Studi-G.-dAnnunzio-Chieti_Pescara-fot.-archiwum-prywatne-S.-Herrera-Zuazo-scaled-e1787660019743-480x300.jpg\" class=\"attachment-medium-image-16x10 size-medium-image-16x10 wp-post-image\" alt=\"\" \/>      <\/div>\n      <h3>Mobilno\u015b\u0107 pracownik\u00f3w w Universit\u00e0 degli Studi<\/h3>\n      Mobilno\u015b\u0107 w ramach programu Erasmus+    <\/a>\n<\/article>\t\t\t\t\t\t<\/div>\n\t\t\t\t\t\t\t\t\t\t\t<div class=\"col-sm-4\">\n\t\t\t\t\t\t\t\n<article class=\"format-standard\">\n    <span class=\"date text-right\"><i class=\"fal fa-calendar-alt\"><\/i> 11-08-2026<\/span>\n    <a href=\"https:\/\/pb.edu.pl\/iros\/2026\/08\/11\/wizyta-przedstawicielek-wbins-pb-na-uniwersytecie-w-pizie-w-ramach-programu-erasmus\/\">\n      <div class=\"article-image\">\n        <img loading=\"lazy\" decoding=\"async\" width=\"480\" height=\"300\" src=\"https:\/\/pb.edu.pl\/iros\/wp-content\/uploads\/sites\/24\/2026\/08\/Universita-degli-Studi-di-Pisa-Archiwum-prywatne-480x300.jpg\" class=\"attachment-medium-image-16x10 size-medium-image-16x10 wp-post-image\" alt=\"\" \/>      <\/div>\n      <h3>Wizyta przedstawicielek WBiN\u015a PB na Uniwersytecie w Pizie w ramach programu Erasmus+<\/h3>\n      Mobilno\u015b\u0107 w ramach programu Erasmus+    <\/a>\n<\/article>\t\t\t\t\t\t<\/div>\n\t\t\t\t\t\t\t\t\t\t\t<div class=\"col-sm-4\">\n\t\t\t\t\t\t\t\n<article class=\"format-standard\">\n    <span class=\"date text-right\"><i class=\"fal fa-calendar-alt\"><\/i> 07-08-2026<\/span>\n    <a href=\"https:\/\/pb.edu.pl\/iros\/2026\/08\/07\/mobilnosc-erasmus-na-uniwersytecie-w-udine\/\">\n      <div class=\"article-image\">\n        <img loading=\"lazy\" decoding=\"async\" width=\"480\" height=\"300\" src=\"https:\/\/pb.edu.pl\/iros\/wp-content\/uploads\/sites\/24\/2026\/08\/Prezentacja-Politechniki-Bialostockiej-autorJ.Chlabicz-480x300.jpg\" class=\"attachment-medium-image-16x10 size-medium-image-16x10 wp-post-image\" alt=\"\" \/>      <\/div>\n      <h3>Mobilno\u015b\u0107 Erasmus+ na Uniwersytecie w Udine<\/h3>\n      Mobilno\u015b\u0107 w ramach programu Erasmus+    <\/a>\n<\/article>\t\t\t\t\t\t<\/div>\n\t\t\t\t\t\t\t\t\t\t\t<div class=\"col-sm-4\">\n\t\t\t\t\t\t\t\n<article class=\"format-standard\">\n    <span class=\"date text-right\"><i class=\"fal fa-calendar-alt\"><\/i> 05-08-2026<\/span>\n    <a href=\"https:\/\/pb.edu.pl\/iros\/2026\/08\/05\/wyjazd-dydaktyczny-do-universidad-de-sevilla-w-ramach-programu-erasmus\/\">\n      <div class=\"article-image\">\n        <img loading=\"lazy\" decoding=\"async\" width=\"480\" height=\"300\" src=\"https:\/\/pb.edu.pl\/iros\/wp-content\/uploads\/sites\/24\/2026\/08\/Dr-Anna-Kononiuk-i-dr-Justyna-Kozlowska-w-trakcie-spotkania-z-prof.-Antonio-de-la-Torre-Gallegos-archiwum-prywatne-e1787655686194-480x300.jpg\" class=\"attachment-medium-image-16x10 size-medium-image-16x10 wp-post-image\" alt=\"\" \/>      <\/div>\n      <h3>Wyjazd dydaktyczny do Universidad de Sevilla w ramach programu Erasmus+<\/h3>\n      Mobilno\u015b\u0107 w ramach programu Erasmus+    <\/a>\n<\/article>\t\t\t\t\t\t<\/div>\n\t\t\t\t\t\t\t\t\t\t\t<div class=\"col-sm-4\">\n\t\t\t\t\t\t\t\n<article class=\"format-standard\">\n    <span class=\"date text-right\"><i class=\"fal fa-calendar-alt\"><\/i> 04-08-2026<\/span>\n    <a href=\"https:\/\/pb.edu.pl\/iros\/2026\/08\/04\/przedstawicielki-politechniki-bialostockiej-z-wizyta-szkoleniowa-w-klaipedos-valstybine-kolegija\/\">\n      <div class=\"article-image\">\n        <img loading=\"lazy\" decoding=\"async\" width=\"480\" height=\"300\" src=\"https:\/\/pb.edu.pl\/iros\/wp-content\/uploads\/sites\/24\/2026\/08\/Warsztaty-w-Applied-Research-and-Project-Activities-Center-Arch.-prywatne-480x300.jpeg\" class=\"attachment-medium-image-16x10 size-medium-image-16x10 wp-post-image\" alt=\"\" \/>      <\/div>\n      <h3>Przedstawicielki Politechniki Bia\u0142ostockiej z wizyt\u0105 szkoleniow\u0105 w Klaip\u0117dos valstybin\u0117 kolegija<\/h3>\n      Mobilno\u015b\u0107 w ramach programu Erasmus+    <\/a>\n<\/article>\t\t\t\t\t\t<\/div>\n\t\t\t\t\t\t\t\t\t\t\t<div class=\"col-sm-4\">\n\t\t\t\t\t\t\t\n<article class=\"format-standard\">\n    <span class=\"date text-right\"><i class=\"fal fa-calendar-alt\"><\/i> 04-08-2026<\/span>\n    <a href=\"https:\/\/pb.edu.pl\/iros\/2026\/08\/04\/wyjazd-dydaktyczny-erasmus-ka131-escuela-tecnica-superior-de-edificacion-universidad-politecnica-de-madrid-hiszpania\/\">\n      <div class=\"article-image\">\n        <img loading=\"lazy\" decoding=\"async\" width=\"480\" height=\"300\" src=\"https:\/\/pb.edu.pl\/iros\/wp-content\/uploads\/sites\/24\/2026\/08\/Laboratoria-oraz-przestrzenie-uczelni-zaprojektowane-z-mysla-o-studenckich-strefach-pracy-i-relaksu-Archiwum-prywatne-2-480x300.jpg\" class=\"attachment-medium-image-16x10 size-medium-image-16x10 wp-post-image\" alt=\"\" \/>      <\/div>\n      <h3>Wyjazd dydaktyczny Erasmus+ (KA131): Escuela T\u00e9cnica Superior de Edificaci\u00f3n, Universidad Polit\u00e9cnica de Madrid (Hiszpania)<\/h3>\n      Mobilno\u015b\u0107 w ramach programu Erasmus+    <\/a>\n<\/article>\t\t\t\t\t\t<\/div>\n\t\t\t\t\t\t\t\t\t\t\t<div class=\"col-sm-4\">\n\t\t\t\t\t\t\t\n<article class=\"format-standard\">\n    <span class=\"date text-right\"><i class=\"fal fa-calendar-alt\"><\/i> 03-08-2026<\/span>\n    <a href=\"https:\/\/pb.edu.pl\/iros\/2026\/08\/03\/przedstawicielki-wiz-pb-z-wizyta-na-university-of-mauritius\/\">\n      <div class=\"article-image\">\n        <img loading=\"lazy\" decoding=\"async\" width=\"480\" height=\"300\" src=\"https:\/\/pb.edu.pl\/iros\/wp-content\/uploads\/sites\/24\/2026\/08\/Spotkanie-z-wladzami-Faculty-of-Law-and-Management-University-of-Mauritius-archiwum-prywatne-480x300.jpg\" class=\"attachment-medium-image-16x10 size-medium-image-16x10 wp-post-image\" alt=\"\" \/>      <\/div>\n      <h3>Przedstawicielki WIZ PB z wizyt\u0105 na University of Mauritius<\/h3>\n      Mobilno\u015b\u0107 w ramach programu Erasmus+    <\/a>\n<\/article>\t\t\t\t\t\t<\/div>\n\t\t\t\t\t\t\t\t\t\t\t<div class=\"col-sm-4\">\n\t\t\t\t\t\t\t\n<article class=\"format-standard\">\n    <span class=\"date text-right\"><i class=\"fal fa-calendar-alt\"><\/i> 31-07-2026<\/span>\n    <a href=\"https:\/\/pb.edu.pl\/iros\/2026\/07\/31\/wizyta-studyjna-na-uniwersytecie-w-gironie-w-dniach-6-10-lipca-2026-r\/\">\n      <div class=\"article-image\">\n        <img loading=\"lazy\" decoding=\"async\" width=\"480\" height=\"300\" src=\"https:\/\/pb.edu.pl\/iros\/wp-content\/uploads\/sites\/24\/2026\/08\/Spotkanie-z-Pania-Begona-Serra-Eiroa-koordynatorka-Erasmus-w-Uniwersytecie-w-Gironie-Archiwum-prywatne-480x300.jpg\" class=\"attachment-medium-image-16x10 size-medium-image-16x10 wp-post-image\" alt=\"\" \/>      <\/div>\n      <h3>Wizyta studyjna na Uniwersytecie w Gironie w dniach 6-10 lipca 2026 r.<\/h3>\n      Mobilno\u015b\u0107 w ramach programu Erasmus+    <\/a>\n<\/article>\t\t\t\t\t\t<\/div>\n\t\t\t\t\t\t\t\t\t\t\t<div class=\"col-sm-4\">\n\t\t\t\t\t\t\t\n<article class=\"format-standard\">\n    <span class=\"date text-right\"><i class=\"fal fa-calendar-alt\"><\/i> 28-07-2026<\/span>\n    <a href=\"https:\/\/pb.edu.pl\/iros\/2026\/07\/28\/wizyta-dr-hab-moniki-kalinowskiej-prof-pb-na-uniwersytecie-w-udine-w-ramach-programu-erasmus\/\">\n      <div class=\"article-image\">\n        <img loading=\"lazy\" decoding=\"async\" width=\"480\" height=\"300\" src=\"https:\/\/pb.edu.pl\/iros\/wp-content\/uploads\/sites\/24\/2026\/08\/Semiarium-dr-hab.-Moniki-Kalinowskiej-prof.-PB-w-Department-of-Agricultural-Food-Environmental-and-Animal-Sciences-University-of-Udine.-Autor-M.-Kalinowska-2-480x300.jpg\" class=\"attachment-medium-image-16x10 size-medium-image-16x10 wp-post-image\" alt=\"\" \/>      <\/div>\n      <h3>Wizyta dr hab. Moniki Kalinowskiej, prof. PB na Uniwersytecie w Udine w ramach programu Erasmus+<\/h3>\n      Mobilno\u015b\u0107 w ramach programu Erasmus+    <\/a>\n<\/article>\t\t\t\t\t\t<\/div>\n\t\t\t\t\t\t\t\t\t\t\t<div class=\"col-sm-4\">\n\t\t\t\t\t\t\t\n<article class=\"format-standard\">\n    <span class=\"date text-right\"><i class=\"fal fa-calendar-alt\"><\/i> 27-07-2026<\/span>\n    <a href=\"https:\/\/pb.edu.pl\/iros\/2026\/07\/27\/wizyta-przedstawicielki-dzialu-mobilnosci-i-obslugi-umow-miedzynarodowych-na-uniwersytecie-w-splicie-w-ramach-programu-erasmus\/\">\n      <div class=\"article-image\">\n        <img loading=\"lazy\" decoding=\"async\" width=\"480\" height=\"300\" src=\"https:\/\/pb.edu.pl\/iros\/wp-content\/uploads\/sites\/24\/2026\/07\/Kampus-glowny-University-of-Split-Archiwum-prywatne-480x300.jpeg\" class=\"attachment-medium-image-16x10 size-medium-image-16x10 wp-post-image\" alt=\"\" \/>      <\/div>\n      <h3>Wizyta przedstawicielki Dzia\u0142u Mobilno\u015bci i Obs\u0142ugi Um\u00f3w Mi\u0119dzynarodowych na Uniwersytecie w Splicie w ramach programu Erasmus+<\/h3>\n      Mobilno\u015b\u0107 w ramach programu Erasmus+    <\/a>\n<\/article>\t\t\t\t\t\t<\/div>\n\t\t\t\t\t\t\t\t\t\t\t<div class=\"col-sm-4\">\n\t\t\t\t\t\t\t\n<article class=\"format-standard\">\n    <span class=\"date text-right\"><i class=\"fal fa-calendar-alt\"><\/i> 17-07-2026<\/span>\n    <a href=\"https:\/\/pb.edu.pl\/iros\/2026\/07\/17\/udzial-przedstawicielek-wydzialu-mechanicznego-politechniki-bialostockiej-w-programie-erasmus-bip-na-uniwersytecie-w-ruse-bulgaria\/\">\n      <div class=\"article-image\">\n        <img loading=\"lazy\" decoding=\"async\" width=\"480\" height=\"300\" src=\"https:\/\/pb.edu.pl\/iros\/wp-content\/uploads\/sites\/24\/2026\/08\/BIP-Enhancing-Future-Skills-through-Artificial-Intelligence-3D-Technologies-and-Robotics-na-University-of-Ruse-fot.-University-of-Ruse-scaled-e1787659517595-480x300.jpg\" class=\"attachment-medium-image-16x10 size-medium-image-16x10 wp-post-image\" alt=\"\" \/>      <\/div>\n      <h3>Udzia\u0142 przedstawicielek Wydzia\u0142u Mechanicznego Politechniki Bia\u0142ostockiej w programie Erasmus+ BIP na Uniwersytecie w Ruse (Bu\u0142garia)<\/h3>\n      Mobilno\u015b\u0107 w ramach programu Erasmus+    <\/a>\n<\/article>\t\t\t\t\t\t<\/div>\n\t\t\t\t\t\t\t\t\t\t\t<div class=\"col-sm-4\">\n\t\t\t\t\t\t\t\n<article class=\"format-standard\">\n    <span class=\"date text-right\"><i class=\"fal fa-calendar-alt\"><\/i> 14-07-2026<\/span>\n    <a href=\"https:\/\/pb.edu.pl\/iros\/2026\/07\/14\/przedstawicielki-pb-uczestniczyly-w-international-staff-week-w-instituto-tecnologico-de-santo-domingo\/\">\n      <div class=\"article-image\">\n        <img loading=\"lazy\" decoding=\"async\" width=\"480\" height=\"300\" src=\"https:\/\/pb.edu.pl\/iros\/wp-content\/uploads\/sites\/24\/2026\/07\/MINIATURY-NA-STRONE-480x300.png\" class=\"attachment-medium-image-16x10 size-medium-image-16x10 wp-post-image\" alt=\"\" \/>      <\/div>\n      <h3>Przedstawicielki PB uczestniczy\u0142y w International Staff Week w Instituto Tecnologico de Santo Domingo<\/h3>\n      Mobilno\u015b\u0107 w ramach programu Erasmus+    <\/a>\n<\/article>\t\t\t\t\t\t<\/div>\n\t\t\t\t\t\n\t\t\t\t\n\t\t\t\t\t<\/div>\n\t\t\n\t<nav class=\"navigation pagination\" aria-label=\"Stronicowanie wpis\u00f3w\">\n\t\t<h2 class=\"screen-reader-text\">Stronicowanie wpis\u00f3w<\/h2>\n\t\t<div class=\"nav-links\"><span aria-current=\"page\" class=\"page-numbers current\">1<\/span>\n<a class=\"page-numbers\" href=\"https:\/\/pb.edu.pl\/iros\/wp-json\/wp\/v2\/pages\/19432\/page\/2\/\">2<\/a>\n<a class=\"page-numbers\" href=\"https:\/\/pb.edu.pl\/iros\/wp-json\/wp\/v2\/pages\/19432\/page\/3\/\">3<\/a>\n<span class=\"page-numbers dots\">&hellip;<\/span>\n<a class=\"page-numbers\" href=\"https:\/\/pb.edu.pl\/iros\/wp-json\/wp\/v2\/pages\/19432\/page\/15\/\">15<\/a>\n<a class=\"next page-numbers\" href=\"https:\/\/pb.edu.pl\/iros\/wp-json\/wp\/v2\/pages\/19432\/page\/2\/\">Nast\u0119pne<\/a><\/div>\n\t<\/nav>\t\t\t<\/div>\n\n<\/div>\n<div class=\"col-sm-4 text-center\">\n<div class=\"well well-sm lead text-center boxy-prawe\">\n<h2>Kontakt<\/h2>\n<h3>Pok\u00f3j C28<\/h3>\n<p>mgr Magdalena Wilczewska-Charkiewicz<br \/>\n<i class=\"fal fa-phone\"><\/i> (85) 746 90 43<br \/>\n<i class=\"fal fa-envelope\"><\/i> <a href=\"#\" rel=\"nofollow\"  onclick=\"this.href='mailto:' + 'magdalena.wilczewska-charkiewicz ' + '@' + 'pb.edu.pl'\">magdalena.wilczewska-charkiewicz  [at] pb.edu.pl<\/a>\n<\/div>\n<\/div>\n<\/div>\n<p>&nbsp;<br \/>\n<img loading=\"lazy\" decoding=\"async\" class=\"wp-image-9102 size-medium alignleft\" src=\"https:\/\/pb.edu.pl\/iros\/wp-content\/uploads\/sites\/24\/2022\/09\/PL-Wspolfinansowane-przez-Unie-Europejska_POS-300x54.png\" alt=\"logo Wsp\u00f3\u0142finansowane przez UE\" width=\"300\" height=\"54\" srcset=\"https:\/\/pb.edu.pl\/iros\/wp-content\/uploads\/sites\/24\/2022\/09\/PL-Wspolfinansowane-przez-Unie-Europejska_POS-300x54.png 300w, https:\/\/pb.edu.pl\/iros\/wp-content\/uploads\/sites\/24\/2022\/09\/PL-Wspolfinansowane-przez-Unie-Europejska_POS-1024x183.png 1024w, https:\/\/pb.edu.pl\/iros\/wp-content\/uploads\/sites\/24\/2022\/09\/PL-Wspolfinansowane-przez-Unie-Europejska_POS-768x137.png 768w, https:\/\/pb.edu.pl\/iros\/wp-content\/uploads\/sites\/24\/2022\/09\/PL-Wspolfinansowane-przez-Unie-Europejska_POS-1536x275.png 1536w, https:\/\/pb.edu.pl\/iros\/wp-content\/uploads\/sites\/24\/2022\/09\/PL-Wspolfinansowane-przez-Unie-Europejska_POS-2048x366.png 2048w\" sizes=\"auto, (max-width: 300px) 100vw, 300px\" \/><\/p>\n","protected":false},"excerpt":{"rendered":"<p>Kontakt Pok\u00f3j C28 mgr Magdalena Wilczewska-Charkiewicz (85) 746 90 43 &nbsp;<\/p>\n","protected":false},"author":2,"featured_media":0,"parent":477,"menu_order":9,"comment_status":"closed","ping_status":"closed","template":"","meta":{"_acf_changed":false,"ngg_post_thumbnail":0,"footnotes":""},"class_list":["post-19432","page","type-page","status-publish","hentry"],"acf":[],"_links":{"self":[{"href":"https:\/\/pb.edu.pl\/iros\/wp-json\/wp\/v2\/pages\/19432","targetHints":{"allow":["GET"]}}],"collection":[{"href":"https:\/\/pb.edu.pl\/iros\/wp-json\/wp\/v2\/pages"}],"about":[{"href":"https:\/\/pb.edu.pl\/iros\/wp-json\/wp\/v2\/types\/page"}],"author":[{"embeddable":true,"href":"https:\/\/pb.edu.pl\/iros\/wp-json\/wp\/v2\/users\/2"}],"replies":[{"embeddable":true,"href":"https:\/\/pb.edu.pl\/iros\/wp-json\/wp\/v2\/comments?post=19432"}],"version-history":[{"count":0,"href":"https:\/\/pb.edu.pl\/iros\/wp-json\/wp\/v2\/pages\/19432\/revisions"}],"up":[{"embeddable":true,"href":"https:\/\/pb.edu.pl\/iros\/wp-json\/wp\/v2\/pages\/477"}],"wp:attachment":[{"href":"https:\/\/pb.edu.pl\/iros\/wp-json\/wp\/v2\/media?parent=19432"}],"curies":[{"name":"wp","href":"https:\/\/api.w.org\/{rel}","templated":true}]}}