{"id":19430,"date":"2024-06-14T15:27:36","date_gmt":"2024-06-14T13:27:36","guid":{"rendered":"https:\/\/pb.edu.pl\/iros\/?page_id=19430"},"modified":"2026-08-27T15:18:34","modified_gmt":"2026-08-27T13:18:34","slug":"koordynatorzy-wydzialowi","status":"publish","type":"page","link":"https:\/\/pb.edu.pl\/iros\/program-erasmus\/wyjazdy-pracownikow-program-ka171\/koordynatorzy-wydzialowi\/","title":{"rendered":"Koordynatorzy wydzia\u0142owi"},"content":{"rendered":"<div class=\"row\">\n<div class=\"col-sm-8\">\n<h2>Koordynatorzy programu Erasmus+ na Politechnice Bia\u0142ostockiej<\/h2>\n<h3>Wydzia\u0142 Architektury<\/h3>\n<p>Erasmus+ wyje\u017cdzaj\u0105cy:<\/p>\n<p><strong>mgr in\u017c. arch. Katarzyna Woszczenko<\/strong><\/p>\n<i class=\"fa fa-phone\" aria-hidden=\"true\"><\/i> 85 746 99 32<\/p>\n<p>pok\u00f3j 117, 1. pi\u0119tro<\/p>\n<a href=\"#\" rel=\"nofollow\"  onclick=\"this.href='mailto:' + 'wa.erasmus' + '@' + 'pb.edu.pl'\">wa.erasmus [at] pb.edu.pl<\/a>\n<a href=\"#\" rel=\"nofollow\"  onclick=\"this.href='mailto:' + 'k.woszczenko' + '@' + 'pb.edu.pl'\">k.woszczenko [at] pb.edu.pl<\/a>\n<p>&nbsp;<\/p>\n<p>Erasmus+ przyje\u017cdzaj\u0105cy:<\/p>\n<p><strong>dr in\u017c. arch. Anna Naumiuk-Jakuc<\/strong><\/p>\n<i class=\"fa fa-phone\" aria-hidden=\"true\"><\/i> 85 746 9930<\/p>\n<a href=\"#\" rel=\"nofollow\"  onclick=\"this.href='mailto:' + 'a.naumiuk' + '@' + 'pb.edu.pl'\">a.naumiuk [at] pb.edu.pl<\/a>\n<\/div>\n<p>&nbsp;<\/p>\n<p>&nbsp;<\/p>\n<p>&nbsp;<\/p>\n<p>&nbsp;<\/p>\n<div class=\"col-sm-8\">\n<hr>\n<h3>Wydzia\u0142 Budownictwa i Nauk o \u015arodowisku<\/h3>\n<p><strong>Budownictwo, Gospodarka Przestrzenna, Architektura Krajobrazu<\/strong><br \/>\n<strong>dr in\u017c. Natalia Stankiewicz<\/strong><\/p>\n<i class=\"fa fa-phone\" aria-hidden=\"true\"><\/i> 85 746 9600<\/p>\n<p>pok\u00f3j WB-66B<\/p>\n<a href=\"#\" rel=\"nofollow\"  onclick=\"this.href='mailto:' + 'wb.erasmus' + '@' + 'pb.edu.pl'\">wb.erasmus [at] pb.edu.pl<\/a>\n<p>&nbsp;<\/p>\n<p><strong>In\u017cynieria \u015arodowiska, Biotechnologia, In\u017cynieria Rolno-Spo\u017cywcza, Le\u015bnictwo<\/strong><br \/>\n<strong>dr in\u017c. Piotr Rynkowski<\/strong><\/p>\n<i class=\"fa fa-phone\" aria-hidden=\"true\"><\/i> 85 746 96 58<\/p>\n<p>pok\u00f3j 1\/12 Eko-Inno-Tech<\/p>\n<a href=\"#\" rel=\"nofollow\"  onclick=\"this.href='mailto:' + 'wnos.erasmus' + '@' + 'pb.edu.pl'\">wnos.erasmus [at] pb.edu.pl<\/a>\n<\/div>\n<p>&nbsp;<\/p>\n<div class=\"col-sm-8\">\n<p>&nbsp;<\/p>\n<p>Koordynator ds. studi\u00f3w obcoj\u0119zycznych:<\/p>\n<p><strong>dr in\u017c. Agnieszka Jab\u0142o\u0144ska-Krysiewicz<\/strong><\/p>\n<i class=\"fa fa-phone\" aria-hidden=\"true\"><\/i> 85 746 9600<\/p>\n<a href=\"#\" rel=\"nofollow\"  onclick=\"this.href='mailto:' + 'a.krysiewicz' + '@' + 'pb.edu.pl'\">a.krysiewicz [at] pb.edu.pl<\/a>\n<hr>\n<h3>Wydzia\u0142 Elektryczny<\/h3>\n<p><strong>dr in\u017c. Jaros\u0142aw Forenc<\/strong><\/p>\n<i class=\"fa fa-phone\" aria-hidden=\"true\"><\/i> 85 746 93 97<\/p>\n<p>pok\u00f3j WE 204<\/p>\n<a href=\"#\" rel=\"nofollow\"  onclick=\"this.href='mailto:' + 'we.erasmus' + '@' + 'pb.edu.pl'\">we.erasmus [at] pb.edu.pl<\/a>\n<p>&nbsp;<\/p>\n<p><strong>Sekretariat:<\/strong><\/p>\n<p>mgr in\u017c. Izabela Cie\u015bluk<\/p>\n<i class=\"fa fa-phone\" aria-hidden=\"true\"><\/i> 85 746 9368<\/p>\n<p>pok\u00f3j WE-001<\/p>\n<a href=\"#\" rel=\"nofollow\"  onclick=\"this.href='mailto:' + 'we.erasmus' + '@' + 'pb.edu.pl'\">we.erasmus [at] pb.edu.pl<\/a>\n<hr>\n<h3>Wydzia\u0142 Informatyki<\/h3>\n<p>Erasmus+ wyje\u017cdzaj\u0105cy:<\/p>\n<p><strong>mgr in\u017c. Pawe\u0142 Zabielski<\/strong><\/p>\n<i class=\"fa fa-phone\" aria-hidden=\"true\"><\/i> 85 746 90 79<\/p>\n<p>pok\u00f3j 215 (Budynek Rektoratu)<\/p>\n<a href=\"#\" rel=\"nofollow\"  onclick=\"this.href='mailto:' + 'wi.erasmus' + '@' + 'pb.edu.pl'\">wi.erasmus [at] pb.edu.pl<\/a>\n<p>&nbsp;<\/p>\n<p>Erasmus+ przyje\u017cdzaj\u0105cy:<\/p>\n<p><strong>dr Joanna Karbowska-Chili\u0144ska<\/strong><\/p>\n<i class=\"fa fa-phone\" aria-hidden=\"true\"><\/i> <span style=\"font-size: 1.5rem\">85 746 9059<\/span><\/p>\n<p>pok\u00f3j 211 (Budynek Rektoratu)<\/p>\n<a href=\"#\" rel=\"nofollow\"  onclick=\"this.href='mailto:' + 'wi.erasmus' + '@' + 'pb.edu.pl'\">wi.erasmus [at] pb.edu.pl<\/a>\n<hr>\n<h3>Wydzia\u0142 Mechaniczny<\/h3>\n<p>Erasmus+ wyje\u017cdzaj\u0105cy:<\/p>\n<p><strong>mgr Ma\u0142gorzata Zdrodowska<\/strong><\/p>\n<i class=\"fa fa-phone\" aria-hidden=\"true\"><\/i> 797 990 774<\/p>\n<p>pok\u00f3j 325<\/p>\n<a href=\"#\" rel=\"nofollow\"  onclick=\"this.href='mailto:' + 'm.zdrodowska' + '@' + 'pb.edu.pl'\">m.zdrodowska [at] pb.edu.pl<\/a>\n<p>&nbsp;<\/p>\n<p>Erasmus+ przyje\u017cdzaj\u0105cy:<\/p>\n<p><strong>dr hab. in\u017c. Joanna Mystkowska, prof. PB<\/strong><\/p>\n<i class=\"fa fa-phone\" aria-hidden=\"true\"><\/i> 571 443 083<\/p>\n<p>pok\u00f3j 303<\/p>\n<a href=\"#\" rel=\"nofollow\"  onclick=\"this.href='mailto:' + 'j.mystkowska' + '@' + 'pb.edu.pl'\">j.mystkowska [at] pb.edu.pl<\/a>\n<hr>\n<h3>Wydzia\u0142 In\u017cynierii Zarz\u0105dzania<\/h3>\n<p>Erasmus+ wyje\u017cdzaj\u0105cy:<\/p>\n<p><strong>dr Dariusz Surel<\/strong><\/p>\n<i class=\"fa fa-phone\" aria-hidden=\"true\"><\/i> 85 746 98 57<\/p>\n<p>pok\u00f3j 113 KS (budynek Shanghai)<\/p>\n<a href=\"#\" rel=\"nofollow\"  onclick=\"this.href='mailto:' + 'dariusz.surel' + '@' + 'pb.edu.pl'\">dariusz.surel [at] pb.edu.pl<\/a>\n<p>&nbsp;<\/p>\n<p>Erasmus+ przyje\u017cdzaj\u0105cy:<\/p>\n<p><strong>dr Anna Matwiejczyk<\/strong><\/p>\n<i class=\"fa fa-phone\" aria-hidden=\"true\"><\/i> 85 746 9866<\/p>\n<p>pok\u00f3j 103 KS (budynek Shanghai)<\/p>\n<a href=\"#\" rel=\"nofollow\"  onclick=\"this.href='mailto:' + 'anna.matwiejczyk' + '@' + 'pb.edu.pl'\">anna.matwiejczyk [at] pb.edu.pl<\/a>\n<\/div>\n<p>&nbsp;<\/p>\n<p>&nbsp;<\/p>\n<\/div>\n<p>&nbsp;<\/p>\n<p>Koordynator ds. studi\u00f3w obcoj\u0119zycznych:<\/p>\n<p><strong>dr Justyna Koz\u0142owska<\/strong><\/p>\n<i class=\"fa fa-phone\" aria-hidden=\"true\"><\/i> 85 746 7476<\/p>\n<p>pok\u00f3j 110 KS (budynek Shanghai)<\/p>\n<a href=\"#\" rel=\"nofollow\"  onclick=\"this.href='mailto:' + 'j.kozlowska' + '@' + 'pb.edu.pl'\">j.kozlowska [at] pb.edu.pl<\/a>\n<div class=\"row\">\n<div class=\"col-sm-8\">\n<hr>\n<h3>Studium J\u0119zyk\u00f3w Obcych<\/h3>\n<p><strong>mgr Ma\u0142gorzata Komarewska<\/strong><\/p>\n<i class=\"fa fa-phone\" aria-hidden=\"true\"><\/i> 85 746 96 29<\/p>\n<p>pok\u00f3j 11, II pi\u0119tro CNK<\/p>\n<a href=\"#\" rel=\"nofollow\"  onclick=\"this.href='mailto:' + 'sjo.erasmus' + '@' + 'pb.edu.pl'\">sjo.erasmus [at] pb.edu.pl<\/a>\n<\/div>\n<div class=\"col-sm-4 text-center\">\n<div class=\"well well-sm lead text-center boxy-prawe\">\n<h2>Kontakt<\/h2>\n<h3>Pok\u00f3j C28<\/h3>\n<p>mgr Magdalena Wilczewska-Charkiewicz<br \/>\n(85) 746 90 43<br \/>\n<a href=\"#\" rel=\"nofollow\"  onclick=\"this.href='mailto:' + 'magdalena.wilczewska-charkiewicz ' + '@' + 'pb.edu.pl'\">magdalena.wilczewska-charkiewicz  [at] pb.edu.pl<\/a>\n<\/div>\n<\/div>\n<\/div>\n<p>&nbsp;<br \/>\n<img loading=\"lazy\" decoding=\"async\" class=\"wp-image-9102 size-medium alignleft\" src=\"https:\/\/pb.edu.pl\/iros\/wp-content\/uploads\/sites\/24\/2022\/09\/PL-Wspolfinansowane-przez-Unie-Europejska_POS-300x54.png\" alt=\"logo Wsp\u00f3\u0142finansowane przez UE\" width=\"300\" height=\"54\" srcset=\"https:\/\/pb.edu.pl\/iros\/wp-content\/uploads\/sites\/24\/2022\/09\/PL-Wspolfinansowane-przez-Unie-Europejska_POS-300x54.png 300w, https:\/\/pb.edu.pl\/iros\/wp-content\/uploads\/sites\/24\/2022\/09\/PL-Wspolfinansowane-przez-Unie-Europejska_POS-1024x183.png 1024w, https:\/\/pb.edu.pl\/iros\/wp-content\/uploads\/sites\/24\/2022\/09\/PL-Wspolfinansowane-przez-Unie-Europejska_POS-768x137.png 768w, https:\/\/pb.edu.pl\/iros\/wp-content\/uploads\/sites\/24\/2022\/09\/PL-Wspolfinansowane-przez-Unie-Europejska_POS-1536x275.png 1536w, https:\/\/pb.edu.pl\/iros\/wp-content\/uploads\/sites\/24\/2022\/09\/PL-Wspolfinansowane-przez-Unie-Europejska_POS-2048x366.png 2048w\" sizes=\"auto, (max-width: 300px) 100vw, 300px\" \/><\/p>\n","protected":false},"excerpt":{"rendered":"<p>Koordynatorzy programu Erasmus+ na Politechnice Bia\u0142ostockiej Wydzia\u0142 Architektury Erasmus+ wyje\u017cdzaj\u0105cy: mgr in\u017c. arch. Katarzyna Woszczenko<\/p>\n","protected":false},"author":2,"featured_media":0,"parent":477,"menu_order":8,"comment_status":"closed","ping_status":"closed","template":"","meta":{"_acf_changed":false,"ngg_post_thumbnail":0,"footnotes":""},"class_list":["post-19430","page","type-page","status-publish","hentry"],"acf":[],"_links":{"self":[{"href":"https:\/\/pb.edu.pl\/iros\/wp-json\/wp\/v2\/pages\/19430","targetHints":{"allow":["GET"]}}],"collection":[{"href":"https:\/\/pb.edu.pl\/iros\/wp-json\/wp\/v2\/pages"}],"about":[{"href":"https:\/\/pb.edu.pl\/iros\/wp-json\/wp\/v2\/types\/page"}],"author":[{"embeddable":true,"href":"https:\/\/pb.edu.pl\/iros\/wp-json\/wp\/v2\/users\/2"}],"replies":[{"embeddable":true,"href":"https:\/\/pb.edu.pl\/iros\/wp-json\/wp\/v2\/comments?post=19430"}],"version-history":[{"count":26,"href":"https:\/\/pb.edu.pl\/iros\/wp-json\/wp\/v2\/pages\/19430\/revisions"}],"predecessor-version":[{"id":32701,"href":"https:\/\/pb.edu.pl\/iros\/wp-json\/wp\/v2\/pages\/19430\/revisions\/32701"}],"up":[{"embeddable":true,"href":"https:\/\/pb.edu.pl\/iros\/wp-json\/wp\/v2\/pages\/477"}],"wp:attachment":[{"href":"https:\/\/pb.edu.pl\/iros\/wp-json\/wp\/v2\/media?parent=19430"}],"curies":[{"name":"wp","href":"https:\/\/api.w.org\/{rel}","templated":true}]}}