{"id":19,"date":"2018-11-07T13:44:33","date_gmt":"2018-11-07T12:44:33","guid":{"rendered":"https:\/\/pb.edu.pl\/bwm\/?page_id=19"},"modified":"2026-03-04T09:34:52","modified_gmt":"2026-03-04T08:34:52","slug":"19-2","status":"publish","type":"page","link":"https:\/\/pb.edu.pl\/iros\/","title":{"rendered":""},"content":{"rendered":"<div class=\"row content\">\n<div class=\"col-xs-12\">\n<div class=\"row\">\n<div class=\"col-sm-6 text-center\"><a class=\"button text-center animated zoomIn lead\" style=\"width: 100%\" title=\"\" href=\"https:\/\/pb.edu.pl\/across\/\"><strong>ACROSS &#8211; the European Cross-Border University<\/strong><\/a><\/div>\n<div class=\"col-sm-6 text-center\"><a class=\"button text-center animated zoomIn lead\" style=\"width: 100%\" href=\"https:\/\/pb.edu.pl\/iss\/\"><strong>International Summer Schools<\/strong><\/a><\/div>\n<\/div>\n<\/div>\n<\/div>\n<div id=\"Main-Content\" class=\"href\">&nbsp;<\/div>\n<h2><a style=\"text-decoration: none\" title=\"Aktualno\u015bci Wsp\u00f3\u0142praca Mi\u0119dzynarodowa PB\" href=\"\/iros\/aktualnosci\/\">Aktualno\u015bci<i class=\"fa fa-caret-right\" aria-hidden=\"true\"><\/i><\/a><\/h2>\n\t\t<div class=\"box news-box \">\n\t\t<div class=\"row\">\n\t\t\t\n\t\t\t\n\t\t\t\t\n\t\t\t\t\t\t\t\t\t\t<div class=\"col-sm-3\">\n\t\t\t\t\t\t\t\n<article class=\"format-standard\">\n    <span class=\"date text-right\"><i class=\"fal fa-calendar-alt\"><\/i> 24-04-2026<\/span>\n    <a href=\"https:\/\/pb.edu.pl\/iros\/2026\/04\/24\/grant-mobilnosci-bup-zaproszenie-do-skladania-wnioskow\/\">\n      <div class=\"article-image\">\n        <img loading=\"lazy\" decoding=\"async\" width=\"480\" height=\"300\" src=\"https:\/\/pb.edu.pl\/iros\/wp-content\/uploads\/sites\/24\/2025\/06\/BUP-2025-init-480x300.png\" class=\"attachment-medium-image-16x10 size-medium-image-16x10 wp-post-image\" alt=\"\" srcset=\"https:\/\/pb.edu.pl\/iros\/wp-content\/uploads\/sites\/24\/2025\/06\/BUP-2025-init-480x300.png 480w, https:\/\/pb.edu.pl\/iros\/wp-content\/uploads\/sites\/24\/2025\/06\/BUP-2025-init-300x188.png 300w, https:\/\/pb.edu.pl\/iros\/wp-content\/uploads\/sites\/24\/2025\/06\/BUP-2025-init-1024x640.png 1024w, https:\/\/pb.edu.pl\/iros\/wp-content\/uploads\/sites\/24\/2025\/06\/BUP-2025-init-768x480.png 768w, https:\/\/pb.edu.pl\/iros\/wp-content\/uploads\/sites\/24\/2025\/06\/BUP-2025-init.png 1080w\" sizes=\"auto, (max-width: 480px) 100vw, 480px\" \/>      <\/div>\n      <h3>Grant mobilno\u015bci BUP \u2013 zaproszenie do sk\u0142adania wniosk\u00f3w<\/h3>\n      Nab\u00f3r trwa do 30.04.2026 r.    <\/a>\n<\/article>\t\t\t\t\t\t<\/div>\n\t\t\t\t\t\t\t\t\t\t\t<div class=\"col-sm-3\">\n\t\t\t\t\t\t\t\n<article class=\"format-standard\">\n    <span class=\"date text-right\"><i class=\"fal fa-calendar-alt\"><\/i> 23-04-2026<\/span>\n    <a href=\"https:\/\/pb.edu.pl\/iros\/2026\/04\/23\/uniwersytet-w-gironie-organizuje-szkole-letnia\/\">\n      <div class=\"article-image\">\n        <img loading=\"lazy\" decoding=\"async\" width=\"480\" height=\"300\" src=\"https:\/\/pb.edu.pl\/iros\/wp-content\/uploads\/sites\/24\/2026\/04\/Summer-School-UdG_2_Screens-480x300.png\" class=\"attachment-medium-image-16x10 size-medium-image-16x10 wp-post-image\" alt=\"\" \/>      <\/div>\n      <h3>Uniwersytet w Gironie organizuje Szko\u0142\u0119 Letni\u0105<\/h3>\n      Tematyka: Rzeki, miasta i granice w obliczu globalnych zmian.    <\/a>\n<\/article>\t\t\t\t\t\t<\/div>\n\t\t\t\t\t\t\t\t\t\t\t<div class=\"col-sm-3\">\n\t\t\t\t\t\t\t\n<article class=\"format-standard\">\n    <span class=\"date text-right\"><i class=\"fal fa-calendar-alt\"><\/i> 22-04-2026<\/span>\n    <a href=\"https:\/\/pb.edu.pl\/iros\/2026\/04\/22\/biotech-future-w-politechnice-bialostockiej-kierunek-rozwoju-w-ramach-sojuszu-across\/\">\n      <div class=\"article-image\">\n        <img loading=\"lazy\" decoding=\"async\" width=\"480\" height=\"300\" src=\"https:\/\/pb.edu.pl\/iros\/wp-content\/uploads\/sites\/24\/2026\/04\/2026-04-21-BioTech-fot-Dariusz-Piekut-PB-85-800x500-1-480x300.jpg\" class=\"attachment-medium-image-16x10 size-medium-image-16x10 wp-post-image\" alt=\"\" srcset=\"https:\/\/pb.edu.pl\/iros\/wp-content\/uploads\/sites\/24\/2026\/04\/2026-04-21-BioTech-fot-Dariusz-Piekut-PB-85-800x500-1-480x300.jpg 480w, https:\/\/pb.edu.pl\/iros\/wp-content\/uploads\/sites\/24\/2026\/04\/2026-04-21-BioTech-fot-Dariusz-Piekut-PB-85-800x500-1-300x188.jpg 300w, https:\/\/pb.edu.pl\/iros\/wp-content\/uploads\/sites\/24\/2026\/04\/2026-04-21-BioTech-fot-Dariusz-Piekut-PB-85-800x500-1-768x480.jpg 768w, https:\/\/pb.edu.pl\/iros\/wp-content\/uploads\/sites\/24\/2026\/04\/2026-04-21-BioTech-fot-Dariusz-Piekut-PB-85-800x500-1.jpg 800w\" sizes=\"auto, (max-width: 480px) 100vw, 480px\" \/>      <\/div>\n      <h3>\u201eBioTech Future\u201d w Politechnice Bia\u0142ostockiej. Kierunek rozwoju w ramach sojuszu Across<\/h3>\n      21 kwietnia 2026 r., Wydzia\u0142 Budownictwa i Nauk o \u015arodowisku Politechniki    <\/a>\n<\/article>\t\t\t\t\t\t<\/div>\n\t\t\t\t\t\t\t\t\t\t\t<div class=\"col-sm-3\">\n\t\t\t\t\t\t\t\n<article class=\"format-standard\">\n    <span class=\"date text-right\"><i class=\"fal fa-calendar-alt\"><\/i> 22-04-2026<\/span>\n    <a href=\"https:\/\/pb.edu.pl\/iros\/2026\/04\/22\/relacja-ze-stazu-naukowego-w-university-of-perpignan-via-domitia\/\">\n      <div class=\"article-image\">\n        <img loading=\"lazy\" decoding=\"async\" width=\"480\" height=\"300\" src=\"https:\/\/pb.edu.pl\/iros\/wp-content\/uploads\/sites\/24\/2026\/04\/Staz-naukowy-we-Francji-2-arch.pryw_.-E.Rollnik-Sadowska-1-480x300.jpeg\" class=\"attachment-medium-image-16x10 size-medium-image-16x10 wp-post-image\" alt=\"\" \/>      <\/div>\n      <h3>Relacja ze sta\u017cu naukowego w University of Perpignan Via Domitia, Francja<\/h3>\n      Dzia\u0142anie w ramach projektu Wsparcie Uniwersytet\u00f3w Europejskich NAWA.    <\/a>\n<\/article>\t\t\t\t\t\t<\/div>\n\t\t\t\t\t\t\t\t\t\t\t<div class=\"col-sm-3\">\n\t\t\t\t\t\t\t\n<article class=\"format-standard\">\n    <span class=\"date text-right\"><i class=\"fal fa-calendar-alt\"><\/i> 17-04-2026<\/span>\n    <a href=\"https:\/\/pb.edu.pl\/iros\/2026\/04\/17\/wyprawa-techniczna-pracownikow-politechniki-bialostockiej-do-elku-suwalk-i-augustowa\/\">\n      <div class=\"article-image\">\n        <img loading=\"lazy\" decoding=\"async\" width=\"480\" height=\"300\" src=\"https:\/\/pb.edu.pl\/iros\/wp-content\/uploads\/sites\/24\/2026\/04\/Wyprawa-techniczna-w-fimie-KOMA.-arch.-pryw.-B.-Biernacka-4-480x300.jpg\" class=\"attachment-medium-image-16x10 size-medium-image-16x10 wp-post-image\" alt=\"\" \/>      <\/div>\n      <h3>Wyprawa techniczna pracownik\u00f3w Politechniki Bia\u0142ostockiej do E\u0142ku, Suwa\u0142k i Augustowa.<\/h3>\n      Dzia\u0142anie w ramach projektu SPINAKER 2024     <\/a>\n<\/article>\t\t\t\t\t\t<\/div>\n\t\t\t\t\t\t\t\t\t\t\t<div class=\"col-sm-3\">\n\t\t\t\t\t\t\t\n<article class=\"format-standard\">\n    <span class=\"date text-right\"><i class=\"fal fa-calendar-alt\"><\/i> 17-04-2026<\/span>\n    <a href=\"https:\/\/pb.edu.pl\/iros\/2026\/04\/17\/nabor-na-but-research-training-cup-course\/\">\n      <div class=\"article-image\">\n        <img loading=\"lazy\" decoding=\"async\" width=\"480\" height=\"300\" src=\"https:\/\/pb.edu.pl\/iros\/wp-content\/uploads\/sites\/24\/2026\/04\/PB-480x300.png\" class=\"attachment-medium-image-16x10 size-medium-image-16x10 wp-post-image\" alt=\"\" \/>      <\/div>\n      <h3>Nab\u00f3r na BUT Research &amp; Training Cup Course<\/h3>\n      Zach\u0119camy nauczycieli akademickich oraz doktorant\u00f3w Politechniki Bia\u0142ostockiej    <\/a>\n<\/article>\t\t\t\t\t\t<\/div>\n\t\t\t\t\t\t\t\t\t\t\t<div class=\"col-sm-3\">\n\t\t\t\t\t\t\t\n<article class=\"format-standard\">\n    <span class=\"date text-right\"><i class=\"fal fa-calendar-alt\"><\/i> 16-04-2026<\/span>\n    <a href=\"https:\/\/pb.edu.pl\/iros\/2026\/04\/16\/xvi-international-staff-week-na-pb\/\">\n      <div class=\"article-image\">\n        <img loading=\"lazy\" decoding=\"async\" width=\"480\" height=\"300\" src=\"https:\/\/pb.edu.pl\/iros\/wp-content\/uploads\/sites\/24\/2026\/04\/16th-ISW-480x300.png\" class=\"attachment-medium-image-16x10 size-medium-image-16x10 wp-post-image\" alt=\"\" \/>      <\/div>\n      <h3>XVI International Staff Week na PB<\/h3>\n      18-22 maja 2026 - przyjd\u017a i poznaj przedstawicieli uczelni z ca\u0142ego    <\/a>\n<\/article>\t\t\t\t\t\t<\/div>\n\t\t\t\t\t\t\t\t\t\t\t<div class=\"col-sm-3\">\n\t\t\t\t\t\t\t\n<article class=\"format-standard\">\n    <span class=\"date text-right\"><i class=\"fal fa-calendar-alt\"><\/i> 16-04-2026<\/span>\n    <a href=\"https:\/\/pb.edu.pl\/iros\/2026\/04\/16\/rekrutacja-uzupelniajaca-na-studia-erasmus\/\">\n      <div class=\"article-image\">\n        <img loading=\"lazy\" decoding=\"async\" width=\"480\" height=\"300\" src=\"https:\/\/pb.edu.pl\/iros\/wp-content\/uploads\/sites\/24\/2026\/04\/MINIATURY-NA-STRONE-2-480x300.png\" class=\"attachment-medium-image-16x10 size-medium-image-16x10 wp-post-image\" alt=\"\" \/>      <\/div>\n      <h3>Rekrutacja uzupe\u0142niaj\u0105ca na studia Erasmus+<\/h3>\n      na semestr zimowy 2026\/2027     <\/a>\n<\/article>\t\t\t\t\t\t<\/div>\n\t\t\t\t\t\n\t\t\t\t\n\t\t\t\t\t<\/div>\n\t\t\t\t\t<\/div>\n\n<div class=\"row\">\n<div class=\"col-sm-9\">\n<div id=\"polecamy\" class=\"href\">&nbsp;<\/div>\n<h2><a style=\"text-decoration: none\" href=\"\/iros\/polecamy\/\">Polecamy <i class=\"fa fa-caret-right\" aria-hidden=\"true\"><\/i><\/a><\/h2>\n\t\t<div class=\"box news-box \">\n\t\t<div class=\"row\">\n\t\t\t\n\t\t\t\n\t\t\t\t\n\t\t\t\t\t\t\t\t\t\t<div class=\"col-sm-4\">\n\t\t\t\t\t\t\t\n<article class=\"format-standard\">\n    <span class=\"date text-right\"><i class=\"fal fa-calendar-alt\"><\/i> 29-06-2022<\/span>\n    <a href=\"https:\/\/pb.edu.pl\/iros\/2022\/06\/29\/sprawdz-nabory-i-harmonogramy-programow-nawa\/\">\n      <div class=\"article-image\">\n        <img loading=\"lazy\" decoding=\"async\" width=\"400\" height=\"267\" src=\"https:\/\/pb.edu.pl\/iros\/wp-content\/uploads\/sites\/24\/2020\/02\/nawa.jpg\" class=\"attachment-medium-image-16x10 size-medium-image-16x10 wp-post-image\" alt=\"\" srcset=\"https:\/\/pb.edu.pl\/iros\/wp-content\/uploads\/sites\/24\/2020\/02\/nawa.jpg 400w, https:\/\/pb.edu.pl\/iros\/wp-content\/uploads\/sites\/24\/2020\/02\/nawa-300x200.jpg 300w\" sizes=\"auto, (max-width: 400px) 100vw, 400px\" \/>      <\/div>\n      <h3>Sprawd\u017a nabory do program\u00f3w NAWA<\/h3>\n      Harmonogramy i szczeg\u00f3\u0142y dotycz\u0105ce program\u00f3w prowadzonych przez Narodow\u0105 Agencj\u0119 Wymiany Mi\u0119dzynarodowej    <\/a>\n<\/article>\t\t\t\t\t\t<\/div>\n\t\t\t\t\t\t\t\t\t\t\t<div class=\"col-sm-4\">\n\t\t\t\t\t\t\t\n<article class=\"format-standard\">\n    <span class=\"date text-right\"><i class=\"fal fa-calendar-alt\"><\/i> 18-01-2023<\/span>\n    <a href=\"https:\/\/pb.edu.pl\/iros\/2023\/01\/18\/baza-grantow-eurodesk-polska\/\">\n      <div class=\"article-image\">\n        <img loading=\"lazy\" decoding=\"async\" width=\"450\" height=\"300\" src=\"https:\/\/pb.edu.pl\/iros\/wp-content\/uploads\/sites\/24\/2023\/01\/eurodesk-1.png\" class=\"attachment-medium-image-16x10 size-medium-image-16x10 wp-post-image\" alt=\"\" srcset=\"https:\/\/pb.edu.pl\/iros\/wp-content\/uploads\/sites\/24\/2023\/01\/eurodesk-1.png 480w, https:\/\/pb.edu.pl\/iros\/wp-content\/uploads\/sites\/24\/2023\/01\/eurodesk-1-300x200.png 300w\" sizes=\"auto, (max-width: 450px) 100vw, 450px\" \/>      <\/div>\n      <h3>Baza grant\u00f3w Eurodesk Polska<\/h3>\n      Aktualne granty dla nauczycieli, student\u00f3w, naukowc\u00f3w i pracownik\u00f3w.    <\/a>\n<\/article>\t\t\t\t\t\t<\/div>\n\t\t\t\t\t\t\t\t\t\t\t<div class=\"col-sm-4\">\n\t\t\t\t\t\t\t\n<article class=\"format-standard\">\n    <span class=\"date text-right\"><i class=\"fal fa-calendar-alt\"><\/i> 24-04-2026<\/span>\n    <a href=\"https:\/\/pb.edu.pl\/iros\/2026\/04\/24\/grant-mobilnosci-bup-zaproszenie-do-skladania-wnioskow\/\">\n      <div class=\"article-image\">\n        <img loading=\"lazy\" decoding=\"async\" width=\"480\" height=\"300\" src=\"https:\/\/pb.edu.pl\/iros\/wp-content\/uploads\/sites\/24\/2025\/06\/BUP-2025-init-480x300.png\" class=\"attachment-medium-image-16x10 size-medium-image-16x10 wp-post-image\" alt=\"\" srcset=\"https:\/\/pb.edu.pl\/iros\/wp-content\/uploads\/sites\/24\/2025\/06\/BUP-2025-init-480x300.png 480w, https:\/\/pb.edu.pl\/iros\/wp-content\/uploads\/sites\/24\/2025\/06\/BUP-2025-init-300x188.png 300w, https:\/\/pb.edu.pl\/iros\/wp-content\/uploads\/sites\/24\/2025\/06\/BUP-2025-init-1024x640.png 1024w, https:\/\/pb.edu.pl\/iros\/wp-content\/uploads\/sites\/24\/2025\/06\/BUP-2025-init-768x480.png 768w, https:\/\/pb.edu.pl\/iros\/wp-content\/uploads\/sites\/24\/2025\/06\/BUP-2025-init.png 1080w\" sizes=\"auto, (max-width: 480px) 100vw, 480px\" \/>      <\/div>\n      <h3>Grant mobilno\u015bci BUP \u2013 zaproszenie do sk\u0142adania wniosk\u00f3w<\/h3>\n      Nab\u00f3r trwa do 30.04.2026 r.    <\/a>\n<\/article>\t\t\t\t\t\t<\/div>\n\t\t\t\t\t\n\t\t\t\t\n\t\t\t\t\t<\/div>\n\t\t\t\t\t<\/div>\n\n<\/div>\n<div class=\"col-sm-3\">\n<div id=\"konferencje\" class=\"href\">&nbsp;<\/div>\n<h2><a style=\"text-decoration: none\" href=\"\/iros\/konferencje-miedzynarodowe\/\">Konferencje <i class=\"fa fa-caret-right\" aria-hidden=\"true\"><\/i><\/a><\/h2>\n\t\t<div class=\"box news-box swiper-box\">\n\t\t<div class=\"row\">\n\t\t\t\n\t\t\t\n\t\t\t\t\t\t\t\t<div class=\"col-sm-12\">\n\t\t\t\t<div class=\"swiper-container\">\n\t\t\t\t\t<div class=\"swiper-wrapper\">\n\t\t\t\t\n\t\t\t\t\t\t\t\t\t<div class=\"swiper-slide\">\n\t\t\t\t\t\t\n<article class=\"format-standard\">\n    <span class=\"date text-right\"><i class=\"fal fa-calendar-alt\"><\/i> 19-03-2026<\/span>\n    <a href=\"https:\/\/pb.edu.pl\/iros\/2026\/03\/19\/3rd-international-young-researchers-conference-ideas-research-training-irt\/\">\n      <div class=\"article-image\">\n        <img loading=\"lazy\" decoding=\"async\" width=\"480\" height=\"300\" src=\"https:\/\/pb.edu.pl\/iros\/wp-content\/uploads\/sites\/24\/2026\/03\/MINIATURY-NA-STRONE-480x300.png\" class=\"attachment-medium-image-16x10 size-medium-image-16x10 wp-post-image\" alt=\"\" \/>      <\/div>\n      <h3>3rd International Young Researchers Conference: Ideas, Research, Training (IRT)<\/h3>\n      9\u201311 czerwca 2026 w Politechnice Bia\u0142ostockiej    <\/a>\n<\/article>\t\t\t\t\t<\/div>\n\t\t\t\t\t\t\t\t\t<div class=\"swiper-slide\">\n\t\t\t\t\t\t\n<article class=\"format-standard\">\n    <span class=\"date text-right\"><i class=\"fal fa-calendar-alt\"><\/i> 02-07-2025<\/span>\n    <a href=\"https:\/\/pb.edu.pl\/iros\/2025\/07\/02\/11-edycja-konferencji-amcs-zgromadzi-ekspertow-z-calego-swiata\/\">\n      <div class=\"article-image\">\n        <img loading=\"lazy\" decoding=\"async\" width=\"480\" height=\"300\" src=\"https:\/\/pb.edu.pl\/iros\/wp-content\/uploads\/sites\/24\/2025\/07\/AMCS-480x300.jpg\" class=\"attachment-medium-image-16x10 size-medium-image-16x10 wp-post-image\" alt=\"\" \/>      <\/div>\n      <h3>11. edycja Konferencji AMCS zgromadzi ekspert\u00f3w z ca\u0142ego \u015bwiata!<\/h3>\n      Zapraszamy 3\u20135 grudnia 2025 - rejestracja ju\u017c otwarta!    <\/a>\n<\/article>\t\t\t\t\t<\/div>\n\t\t\t\t\t\t\t\t\t<div class=\"swiper-slide\">\n\t\t\t\t\t\t\n<article class=\"format-standard\">\n    <span class=\"date text-right\"><i class=\"fal fa-calendar-alt\"><\/i> 24-03-2025<\/span>\n    <a href=\"https:\/\/pb.edu.pl\/iros\/2025\/03\/24\/miedzynarodowa-studencka-konferencja-naukowa-forum-pomyslow\/\">\n      <div class=\"article-image\">\n        <img loading=\"lazy\" decoding=\"async\" width=\"480\" height=\"300\" src=\"https:\/\/pb.edu.pl\/iros\/wp-content\/uploads\/sites\/24\/2025\/03\/REKRUTACJA-UZUPELNIAJACA-7-480x300.png\" class=\"attachment-medium-image-16x10 size-medium-image-16x10 wp-post-image\" alt=\"\" \/>      <\/div>\n      <h3>Mi\u0119dzynarodowa Studencka Konferencja Naukowa &#8211; Forum Pomys\u0142\u00f3w<\/h3>\n      8 maja 2025, Kowno, Litwa.    <\/a>\n<\/article>\t\t\t\t\t<\/div>\n\t\t\t\t\n\t\t\t\t\t\t\t\t\t<\/div>\n\n\t\t\t\t\t<div class=\"swiper-button-prev\" title=\"poprzedni\"><i class=\"fa fa-angle-left\" aria-hidden=\"true\"><\/i><\/div>\n\t\t\t\t\t<div class=\"swiper-button-next\" title=\"nast\u0119pny\"><i class=\"fa fa-angle-right\" aria-hidden=\"true\"><\/i><\/div>\n\t\t\t\t<\/div>\n\t\t\t\t<\/div>\n\t\t\t\t\n\t\t\t\t\t<\/div>\n\t\t\t\t\t<\/div>\n\n<\/div>\n<\/div>\n<p>&nbsp;<\/p>\n<div id=\"box-menu\" class=\"href\">&nbsp;<\/div>\n<div class=\"row\">\n<div class=\"col-sm-4\">\n<div class=\"panel panel-default panel-sport animated zoomIn\">\n<div class=\"panel-heading text-center\"><span class=\"lead\">Program ERASMUS+<\/span><\/div>\n<div class=\"panel-body\">\n<div class=\"image\"><a title=\"Program ERASMUS+\" href=\"\/iros\/program-erasmus\/\"><img loading=\"lazy\" decoding=\"async\" class=\"aligncenter size-full wp-image-30\" src=\"https:\/\/pb.edu.pl\/iros\/wp-content\/uploads\/sites\/24\/2018\/11\/program-box.jpg\" alt=\"studenci\" width=\"640\" height=\"427\" srcset=\"https:\/\/pb.edu.pl\/iros\/wp-content\/uploads\/sites\/24\/2018\/11\/program-box.jpg 640w, https:\/\/pb.edu.pl\/iros\/wp-content\/uploads\/sites\/24\/2018\/11\/program-box-300x200.jpg 300w, https:\/\/pb.edu.pl\/iros\/wp-content\/uploads\/sites\/24\/2018\/11\/program-box-480x320.jpg 480w\" sizes=\"auto, (max-width: 640px) 100vw, 640px\" \/><\/a><\/div>\n<\/div>\n<\/div>\n<\/div>\n<div class=\"col-sm-4\">\n<div class=\"panel panel-default panel-sport animated zoomIn\">\n<div class=\"panel-heading text-center\"><span class=\"lead\">Umowy o wsp\u00f3\u0142pracy<\/span><\/div>\n<div class=\"panel-body\">\n<div class=\"image\"><a href=\"\/iros\/umowy-o-wspolpracy\/\"><img loading=\"lazy\" decoding=\"async\" class=\"aligncenter wp-image-8577 size-full\" src=\"https:\/\/pb.edu.pl\/iros\/wp-content\/uploads\/sites\/24\/2022\/06\/umowy-na-www.png\" alt=\"\" width=\"640\" height=\"427\" srcset=\"https:\/\/pb.edu.pl\/iros\/wp-content\/uploads\/sites\/24\/2022\/06\/umowy-na-www.png 640w, https:\/\/pb.edu.pl\/iros\/wp-content\/uploads\/sites\/24\/2022\/06\/umowy-na-www-300x200.png 300w, https:\/\/pb.edu.pl\/iros\/wp-content\/uploads\/sites\/24\/2022\/06\/umowy-na-www-480x320.png 480w\" sizes=\"auto, (max-width: 640px) 100vw, 640px\" \/><\/a><\/div>\n<\/div>\n<\/div>\n<\/div>\n<div class=\"col-sm-4\">\n<div class=\"panel panel-default panel-sport animated zoomIn\">\n<div class=\"panel-heading text-center\"><span class=\"lead\">Projekty NAWA<\/span><\/div>\n<div class=\"panel-body\">\n<div class=\"image\"><a title=\"Projekty NAWA\" href=\"\/iros\/projekty-nawa\/\"><img loading=\"lazy\" decoding=\"async\" class=\"aligncenter size-full wp-image-381\" src=\"https:\/\/pb.edu.pl\/iros\/wp-content\/uploads\/sites\/24\/2018\/11\/nawa-box.jpg\" alt=\"logo projektu NAWA\" width=\"640\" height=\"427\"><\/a><\/div>\n<\/div>\n<\/div>\n<\/div>\n<\/div>\n<div class=\"row\">\n<div class=\"col-sm-4\">\n<div class=\"panel panel-default panel-sport animated zoomIn\">\n<div class=\"panel-heading text-center\"><span class=\"lead\">Podw\u00f3jne dyplomowanie<\/span><\/div>\n<div class=\"panel-body\">\n<div class=\"image\"><a title=\"Podw\u00f3jne dyplomowanie\" href=\"https:\/\/pb.edu.pl\/iros\/studiazagranica\/\"><img loading=\"lazy\" decoding=\"async\" class=\"aligncenter wp-image-29 size-full\" src=\"https:\/\/pb.edu.pl\/iros\/wp-content\/uploads\/sites\/24\/2018\/11\/dyplomy-box.jpg\" alt=\"\" width=\"640\" height=\"427\" srcset=\"https:\/\/pb.edu.pl\/iros\/wp-content\/uploads\/sites\/24\/2018\/11\/dyplomy-box.jpg 640w, https:\/\/pb.edu.pl\/iros\/wp-content\/uploads\/sites\/24\/2018\/11\/dyplomy-box-300x200.jpg 300w, https:\/\/pb.edu.pl\/iros\/wp-content\/uploads\/sites\/24\/2018\/11\/dyplomy-box-480x320.jpg 480w\" sizes=\"auto, (max-width: 640px) 100vw, 640px\" \/><\/a><\/div>\n<\/div>\n<\/div>\n<\/div>\n<div class=\"col-sm-4\">\n<div class=\"panel panel-default panel-sport animated zoomIn\">\n<div class=\"panel-heading text-center\"><span class=\"lead\">Centrum Wsp\u00f3\u0142pracy Polsko-Chi\u0144skiej<\/span><\/div>\n<div class=\"panel-body\">\n<div class=\"image\"><a title=\"Klasa Konfucja\u0144ska\" href=\"https:\/\/pb.edu.pl\/klasa-konfucjanska\/\"><img loading=\"lazy\" decoding=\"async\" class=\"aligncenter size-full wp-image-16704\" src=\"https:\/\/pb.edu.pl\/iros\/wp-content\/uploads\/sites\/24\/2024\/01\/klasa-konfucjinska-box.png\" alt=\"\" width=\"640\" height=\"427\" srcset=\"https:\/\/pb.edu.pl\/iros\/wp-content\/uploads\/sites\/24\/2024\/01\/klasa-konfucjinska-box.png 640w, https:\/\/pb.edu.pl\/iros\/wp-content\/uploads\/sites\/24\/2024\/01\/klasa-konfucjinska-box-300x200.png 300w, https:\/\/pb.edu.pl\/iros\/wp-content\/uploads\/sites\/24\/2024\/01\/klasa-konfucjinska-box-480x320.png 480w\" sizes=\"auto, (max-width: 640px) 100vw, 640px\" \/><\/a><\/div>\n<\/div>\n<\/div>\n<\/div>\n<div class=\"col-sm-4\">\n<div class=\"panel panel-default panel-sport animated zoomIn\">\n<div class=\"panel-heading text-center\"><span class=\"lead\">Kontakt<\/span><\/div>\n<div class=\"panel-body\">\n<div class=\"image\"><a title=\"Kontakt\" href=\"\/iros\/kontakt\/\"><img loading=\"lazy\" decoding=\"async\" class=\"aligncenter size-full wp-image-55\" src=\"https:\/\/pb.edu.pl\/iros\/wp-content\/uploads\/sites\/24\/2018\/11\/kontakt_box.jpg\" alt=\"klawiatura\" width=\"640\" height=\"427\" srcset=\"https:\/\/pb.edu.pl\/iros\/wp-content\/uploads\/sites\/24\/2018\/11\/kontakt_box.jpg 640w, https:\/\/pb.edu.pl\/iros\/wp-content\/uploads\/sites\/24\/2018\/11\/kontakt_box-300x200.jpg 300w, https:\/\/pb.edu.pl\/iros\/wp-content\/uploads\/sites\/24\/2018\/11\/kontakt_box-480x320.jpg 480w\" sizes=\"auto, (max-width: 640px) 100vw, 640px\" \/><\/a><\/div>\n<\/div>\n<\/div>\n<\/div>\n<\/div>\n","protected":false},"excerpt":{"rendered":"<p>ACROSS &#8211; the European Cross-Border University International Summer Schools &nbsp; Aktualno\u015bci &nbsp; Polecamy &nbsp; Konferencje<\/p>\n","protected":false},"author":2,"featured_media":21,"parent":0,"menu_order":0,"comment_status":"closed","ping_status":"closed","template":"templates\/reprezentacyjna-4_8.php","meta":{"_acf_changed":false,"ngg_post_thumbnail":0,"footnotes":""},"class_list":["post-19","page","type-page","status-publish","has-post-thumbnail","hentry"],"acf":[],"_links":{"self":[{"href":"https:\/\/pb.edu.pl\/iros\/wp-json\/wp\/v2\/pages\/19","targetHints":{"allow":["GET"]}}],"collection":[{"href":"https:\/\/pb.edu.pl\/iros\/wp-json\/wp\/v2\/pages"}],"about":[{"href":"https:\/\/pb.edu.pl\/iros\/wp-json\/wp\/v2\/types\/page"}],"author":[{"embeddable":true,"href":"https:\/\/pb.edu.pl\/iros\/wp-json\/wp\/v2\/users\/2"}],"replies":[{"embeddable":true,"href":"https:\/\/pb.edu.pl\/iros\/wp-json\/wp\/v2\/comments?post=19"}],"version-history":[{"count":1,"href":"https:\/\/pb.edu.pl\/iros\/wp-json\/wp\/v2\/pages\/19\/revisions"}],"predecessor-version":[{"id":29682,"href":"https:\/\/pb.edu.pl\/iros\/wp-json\/wp\/v2\/pages\/19\/revisions\/29682"}],"wp:featuredmedia":[{"embeddable":true,"href":"https:\/\/pb.edu.pl\/iros\/wp-json\/wp\/v2\/media\/21"}],"wp:attachment":[{"href":"https:\/\/pb.edu.pl\/iros\/wp-json\/wp\/v2\/media?parent=19"}],"curies":[{"name":"wp","href":"https:\/\/api.w.org\/{rel}","templated":true}]}}