{"id":1263,"date":"2019-09-12T22:56:00","date_gmt":"2019-09-12T20:56:00","guid":{"rendered":"https:\/\/pb.edu.pl\/bwm\/?page_id=1263"},"modified":"2023-04-06T09:56:29","modified_gmt":"2023-04-06T07:56:29","slug":"dokumenty","status":"publish","type":"page","link":"https:\/\/pb.edu.pl\/iros\/projekty-nawa\/prom-2019\/dokumenty\/","title":{"rendered":"Dokumenty"},"content":{"rendered":"<div class=\"row\">\n<div class=\"col-sm-6\">\n<h3>Dokumenty w j\u0119zyku polskim<\/h3>\n<p><strong>Dokumenty nale\u017cy wydrukowa\u0107 w kolorze<\/strong><br \/>\n&nbsp;<\/p>\n<p><a class=\"pdf\" href=\"https:\/\/pb.edu.pl\/iros\/wp-content\/uploads\/sites\/24\/2023\/04\/Regulamin-PB-PROM-2019-z-dn.-28.10.2019-aktualizacja-z-dn.-04.04.2023-wydluzenie-projektu-do-30.06.2023.pdf\" target=\"_blank\" rel=\"noopener\" data-id=\"11709\">Regulamin PB PROM 2019 z dn. 28.10.2019 aktualizacja z dn. 04.04.2023 wyd\u0142u\u017cenie projektu do 30.06.2023 (PDF, 224 KB, otworzy si\u0119 w nowej karcie)<\/a><\/p>\n<p><a href=\"https:\/\/pb.edu.pl\/iros\/wp-content\/uploads\/sites\/24\/2019\/11\/za\u0142\u0105cznik-A-stawki-rycza\u0142towe.docx\">za\u0142\u0105cznik A &#8211; stawki rycza\u0142towe<\/a><\/p>\n<p><a href=\"https:\/\/pb.edu.pl\/iros\/wp-content\/uploads\/sites\/24\/2019\/11\/za\u0142\u0105cznik-B-formularz-kandydata-do-projektu-PROM.docx\">za\u0142\u0105cznik B &#8211; formularz kandydata do projektu PROM<\/a><\/p>\n<p><a class=\"docx\" title=\"pobierz plik\" href=\"https:\/\/pb.edu.pl\/iros\/wp-content\/uploads\/sites\/24\/2021\/05\/zalacznik-C-Formularz_zgloszeniowy_uczestnika_projektu_PROM-nabor-2019.docx\" data-id=\"4972\">za\u0142\u0105cznik C &#8211; Formularz_zg\u0142oszeniowy_uczestnika_projektu_PROM nab\u00f3r 2019<\/a><\/p>\n<p><a class=\"docx\" title=\"pobierz plik\" href=\"https:\/\/pb.edu.pl\/iros\/wp-content\/uploads\/sites\/24\/2019\/11\/za\u0142\u0105cznik-C1-formularz-Uczestnika-Projektu.docx\" data-id=\"1656\">za\u0142\u0105cznik C1 &#8211; formularz Uczestnika Projektu<\/a><\/p>\n<p><a href=\"https:\/\/pb.edu.pl\/iros\/wp-content\/uploads\/sites\/24\/2020\/02\/za\u0142acznik-D-polecenie-wyjazdu.docx\">za\u0142acznik D &#8211; polecenie wyjazdu<\/a><\/p>\n<p><a href=\"https:\/\/pb.edu.pl\/iros\/wp-content\/uploads\/sites\/24\/2019\/11\/za\u0142\u0105cznik-E-wniosek-o-sfinansowanie-koszt\u00f3w-podr\u00f3\u017cy.doc\">za\u0142\u0105cznik E &#8211; wniosek o sfinansowanie koszt\u00f3w podr\u00f3\u017cy<\/a><\/p>\n<p><a href=\"https:\/\/pb.edu.pl\/iros\/wp-content\/uploads\/sites\/24\/2020\/09\/za\u0142\u0105cznik-F-Umowa-Beneficjenta-z-Uczestnikiem-Projektu.docx\">za\u0142\u0105cznik F &#8211; Umowa Beneficjenta z Uczestnikiem Projektu<\/a><\/p>\n<p><a href=\"https:\/\/pb.edu.pl\/iros\/wp-content\/uploads\/sites\/24\/2019\/11\/za\u0142.-1-do-Umowy-z-UP-Formularz-rozliczenia-finansowego-wyjazdu.xlsx\">za\u0142. 1 do Umowy z UP &#8211; Formularz rozliczenia finansowego wyjazdu<\/a><\/p>\n<p><a href=\"https:\/\/pb.edu.pl\/iros\/wp-content\/uploads\/sites\/24\/2019\/11\/za\u0142.-2-do-Umowy-z-UP-Ankieta-ewaluacyjna.docx\">za\u0142. 2 do Umowy z UP &#8211; Ankieta ewaluacyjna<\/a><\/p>\n<p><a href=\"https:\/\/pb.edu.pl\/iros\/wp-content\/uploads\/sites\/24\/2019\/11\/za\u0142.-3-do-Umowy-z-UP-Wz\u00f3r-certyfikatu.docx\">za\u0142. 3 do Umowy z UP &#8211; Wz\u00f3r certyfikatu<\/a><\/p>\n<p><a href=\"https:\/\/pb.edu.pl\/iros\/wp-content\/uploads\/sites\/24\/2019\/11\/za\u0142.-4-do-Umowy-z-UP-O\u015bwiadczenie-Uczestnika-Projektu.docx\">za\u0142. 4 do Umowy z UP &#8211; O\u015bwiadczenie Uczestnika Projektu<\/a><\/p>\n<p><a href=\"https:\/\/pb.edu.pl\/iros\/wp-content\/uploads\/sites\/24\/2019\/11\/za\u0142.-5-do-Umowy-z-UP-Oswiadczenie-dotyczace-utworow.docx\">za\u0142. 5 do Umowy z UP &#8211; Oswiadczenie dotyczace utworow<\/a><\/p>\n<p><a href=\"https:\/\/pb.edu.pl\/iros\/wp-content\/uploads\/sites\/24\/2020\/09\/za\u0142.-6-do-Umowy-z-UP-Umowa-przeniesienia-majatkowych-praw-autorskich.docx\">za\u0142. 6 do Umowy z UP &#8211; Umowa przeniesienia majatkowych praw autorskich<\/a><\/p>\n<p><a href=\"https:\/\/pb.edu.pl\/iros\/wp-content\/uploads\/sites\/24\/2019\/11\/za\u0142\u0105cznik-G-O\u015bwiadczenie-RODO_NAWA_PROM.docx\">za\u0142\u0105cznik G &#8211; O\u015bwiadczenie RODO_NAWA_PROM<\/a><\/p>\n<p><a href=\"https:\/\/pb.edu.pl\/iros\/wp-content\/uploads\/sites\/24\/2019\/11\/za\u0142\u0105cznik-H-Obowi\u0105zek-informacyjny_uczestnik_PB.docx\">za\u0142\u0105cznik H &#8211; Obowi\u0105zek informacyjny_uczestnik_PB<\/a><\/p>\n<p><a class=\"pdf\" href=\"https:\/\/pb.edu.pl\/iros\/wp-content\/uploads\/sites\/24\/2023\/04\/zalacznik-I-Zasady-naboru-WA.pdf\" target=\"_blank\" rel=\"noopener\" data-id=\"11712\">za\u0142\u0105cznik I &#8211; Zasady naboru WA (PDF, 76 KB, otworzy si\u0119 w nowej karcie)<\/a><\/p>\n<p><a href=\"https:\/\/pb.edu.pl\/iros\/wp-content\/uploads\/sites\/24\/2019\/11\/za\u0142\u0105cznik-J-Zasady-naboru-WBiNo\u015a.pdf\">za\u0142\u0105cznik J &#8211; Zasady naboru WBiNo\u015a<\/a><\/p>\n<p><a href=\"https:\/\/pb.edu.pl\/iros\/wp-content\/uploads\/sites\/24\/2019\/11\/za\u0142\u0105cznik-K-Zasady-naboru-WIZ.pdf\">za\u0142\u0105cznik K &#8211; Zasady naboru WIZ<\/a><\/p>\n<p><a href=\"https:\/\/pb.edu.pl\/iros\/wp-content\/uploads\/sites\/24\/2019\/11\/za\u0142\u0105cznik-L-Zasady-naboru-WI.pdf\">za\u0142\u0105cznik L &#8211; Zasady naboru WI<\/a><\/p>\n<p><a href=\"https:\/\/pb.edu.pl\/iros\/wp-content\/uploads\/sites\/24\/2019\/11\/za\u0142\u0105cznik-M-Zasady-naboru-WM.pdf\">za\u0142\u0105cznik M &#8211; Zasady naboru WM<\/a><\/p>\n<p><a class=\"docx\" title=\"pobierz plik\" href=\"https:\/\/pb.edu.pl\/iros\/wp-content\/uploads\/sites\/24\/2021\/08\/zalacznik-N-zezwolenie-na-utrwalanie-i-rozpowszechnianie-wizerunku-pelnoletni-do-projektu-PROM-logo.docx\" data-id=\"5486\">za\u0142\u0105cznik N zezwolenie na utrwalanie i rozpowszechnianie wizerunku (pe\u0142noletni) do projektu PROM logo (DOCX, 56 KB)<\/a><\/p>\n<p><a href=\"https:\/\/pb.edu.pl\/iros\/wp-content\/uploads\/sites\/24\/2019\/11\/Regulamin-PB-PROM-2019-z-dn.-28.10.2019.pdf\">Regulamin PB PROM 2019 z dn. 28.10.2019<\/a><\/p>\n<\/div>\n<div class=\"col-sm-6\">\n<h3>Documents in English<\/h3>\n<p><strong>Documents must be printed in colour<\/strong><br \/>\n&nbsp;<\/p>\n<p><a class=\"pdf\" href=\"https:\/\/pb.edu.pl\/iros\/wp-content\/uploads\/sites\/24\/2023\/04\/PROJECT-REGULATIONS-BUT-PROM-updated-on-04.04.2023.pdf\" target=\"_blank\" rel=\"noopener\" data-id=\"11711\">PROJECT REGULATIONS BUT PROM updated on 04.04.2023 (PDF, 216 KB, otworzy si\u0119 w nowej karcie)<\/a><\/p>\n<p><a href=\"https:\/\/pb.edu.pl\/iros\/wp-content\/uploads\/sites\/24\/2019\/11\/Annex-A-Flat-rates-applicable-under-the-Programme.docx\">Annex A &#8211; Flat rates applicable under the Programme<\/a><\/p>\n<p><a href=\"https:\/\/pb.edu.pl\/iros\/wp-content\/uploads\/sites\/24\/2019\/12\/Annex-B-Candidate-Form.docx\">Annex B &#8211; Candidate Form<\/a><\/p>\n<p><a class=\"docx\" title=\"pobierz plik\" href=\"https:\/\/pb.edu.pl\/iros\/wp-content\/uploads\/sites\/24\/2021\/06\/Annex-C-Project-Participant-Data-Form.docx\" data-id=\"5027\">Annex C &#8211; Project Participant Data Form<\/a><\/p>\n<p><a href=\"https:\/\/pb.edu.pl\/iros\/wp-content\/uploads\/sites\/24\/2019\/12\/Annex-C1-Project-Participant-Form.docx\">Annex C1 &#8211; Project Participant Form<\/a><\/p>\n<p><a href=\"https:\/\/pb.edu.pl\/iros\/wp-content\/uploads\/sites\/24\/2020\/09\/Annex-F-Agreement-with-the-Project-Participant.docx\">Annex F &#8211; Agreement with the Project Participant<\/a><\/p>\n<p><a href=\"https:\/\/pb.edu.pl\/iros\/wp-content\/uploads\/sites\/24\/2019\/12\/Attachment-1-to-the-Agreement-with-the-Project-Participant-\u2013-Visit-settlement-form.xlsx\">Attachment 1 to the Agreement with the Project Participant \u2013 Visit settlement form<\/a><\/p>\n<p><a href=\"https:\/\/pb.edu.pl\/iros\/wp-content\/uploads\/sites\/24\/2019\/11\/Attachment-2-to-the-Agreement-with-the-Project-Participant-\u2013-Evaluation-questionnaire.docx\">Attachment 2 to the Agreement with the Project Participant \u2013 Evaluation questionnaire<\/a><\/p>\n<p><a href=\"https:\/\/pb.edu.pl\/iros\/wp-content\/uploads\/sites\/24\/2019\/11\/Attachment-3-to-the-Agreement-with-the-Project-Participant-Certificate.docx\">Attachment 3 to the Agreement with the Project Participant &#8211; Certificate<\/a><\/p>\n<p><a href=\"https:\/\/pb.edu.pl\/iros\/wp-content\/uploads\/sites\/24\/2019\/11\/Attachment-4-to-the-Agreement-with-the-Project-Participant-Declaration-of-the-Participant.docx\">Attachment 4 to the Agreement with the Project Participant &#8211; Declaration of the Participant<\/a><\/p>\n<p><a href=\"https:\/\/pb.edu.pl\/iros\/wp-content\/uploads\/sites\/24\/2019\/11\/Attachment-5-to-Agreement-with-the-Project-Participant-Statement-on-project-works.docx\">Attachment 5 to Agreement with the Project Participant &#8211; Statement on project works<\/a><\/p>\n<p><a href=\"https:\/\/pb.edu.pl\/iros\/wp-content\/uploads\/sites\/24\/2020\/09\/Attachment-6-to-the-Agreement-with-the-Project-Participant-\u2013-Agreement-on-transfer-of-author\u2019s-economic-rights.docx\">Attachment 6 to the Agreement with the Project Participant \u2013 Agreement on transfer of author\u2019s economic rights<\/a><\/p>\n<p><a href=\"https:\/\/pb.edu.pl\/iros\/wp-content\/uploads\/sites\/24\/2019\/11\/Annex-G-Declaration-of-participant-RODO_NAWA_PROM.docx\">Annex G &#8211; Declaration of participant RODO_NAWA_PROM<\/a><\/p>\n<p><a href=\"https:\/\/pb.edu.pl\/iros\/wp-content\/uploads\/sites\/24\/2019\/11\/Annex-H-Information-obligation.docx\">Annex H &#8211; Information obligation<\/a><\/p>\n<p><a class=\"doc\" title=\"pobierz plik\" href=\"https:\/\/pb.edu.pl\/iros\/wp-content\/uploads\/sites\/24\/2021\/08\/Annex-I-Consent-for-image-and-voice-recording-and-publishing-PROM.doc\" data-id=\"5485\">Annex I Consent for image and voice recording and publishing PROM (DOC, 85 KB)<\/a><\/p>\n<p><a href=\"https:\/\/pb.edu.pl\/iros\/wp-content\/uploads\/sites\/24\/2020\/01\/PROJECT-REGULATIONS-BUT-PROM-2019.pdf\">PROJECT REGULATIONS BUT PROM 2019<\/a><\/p>\n<\/div>\n<\/div>\n<p>&nbsp;<br \/>\nNa wszystkich utworach (artyku\u0142ach i innych dokumentach) powsta\u0142ych w ramach lub w zwi\u0105zku z Projektem, kt\u00f3re podawane s\u0105 do wiadomo\u015bci publicznej nale\u017cy umie\u015bci\u0107 w widocznym miejscu:<\/p>\n<ul>\n<li>logotypy (dost\u0119pne na stronie <a title=\"\" href=\"https:\/\/nawa.gov.pl\/promocja-i-targi\/materialy-do-pobrania\/projekt-power\">NAWA<\/a> )<\/li>\n<li>informacj\u0119:<br \/>\n\u201eProgram jest wsp\u00f3\u0142finansowany ze \u015brodk\u00f3w Europejskiego Funduszu Spo\u0142ecznego w ramach Programu Operacyjnego Wiedza Edukacja Rozw\u00f3j, projekt pozakonkursowy pt. Mi\u0119dzynarodowa wymiana stypendialna doktorant\u00f3w i kadry akademickiej, realizowany w ramach Dzia\u0142ania okre\u015blony we wniosku o dofinansowanie projektu nr POWR.03.03.00-00-PN13\/18.&#8221;<br \/>\ni\/lub<br \/>\n<span lang=\"EN-GB\">&#8222;The programme is co-financed from the European Social Fund under the Operational Programme Knowledge, Education, Development, a non-competitive project entitled <\/span><span lang=\"EN-GB\"><span lang=\"EN-US\">International scholarship exchange of PhD candidates and academic staff, <\/span><\/span><span lang=\"EN-GB\"><span lang=\"EN-US\">project No. POWR.03.03.00-IP.08-00-P13\/18, implemented under Measure: 3.3 Internationalisation of Polish higher education.&#8221;<\/span><\/span><\/li>\n<\/ul>\n<p>&nbsp;<\/p>\n","protected":false},"excerpt":{"rendered":"<p>Dokumenty w j\u0119zyku polskim Dokumenty nale\u017cy wydrukowa\u0107 w kolorze &nbsp; Regulamin PB PROM 2019 z<\/p>\n","protected":false},"author":2,"featured_media":0,"parent":1251,"menu_order":5,"comment_status":"closed","ping_status":"closed","template":"","meta":{"_acf_changed":false,"ngg_post_thumbnail":0,"footnotes":""},"class_list":["post-1263","page","type-page","status-publish","hentry"],"acf":[],"_links":{"self":[{"href":"https:\/\/pb.edu.pl\/iros\/wp-json\/wp\/v2\/pages\/1263","targetHints":{"allow":["GET"]}}],"collection":[{"href":"https:\/\/pb.edu.pl\/iros\/wp-json\/wp\/v2\/pages"}],"about":[{"href":"https:\/\/pb.edu.pl\/iros\/wp-json\/wp\/v2\/types\/page"}],"author":[{"embeddable":true,"href":"https:\/\/pb.edu.pl\/iros\/wp-json\/wp\/v2\/users\/2"}],"replies":[{"embeddable":true,"href":"https:\/\/pb.edu.pl\/iros\/wp-json\/wp\/v2\/comments?post=1263"}],"version-history":[{"count":0,"href":"https:\/\/pb.edu.pl\/iros\/wp-json\/wp\/v2\/pages\/1263\/revisions"}],"up":[{"embeddable":true,"href":"https:\/\/pb.edu.pl\/iros\/wp-json\/wp\/v2\/pages\/1251"}],"wp:attachment":[{"href":"https:\/\/pb.edu.pl\/iros\/wp-json\/wp\/v2\/media?parent=1263"}],"curies":[{"name":"wp","href":"https:\/\/api.w.org\/{rel}","templated":true}]}}