{"id":1254,"date":"2019-09-12T22:51:07","date_gmt":"2019-09-12T20:51:07","guid":{"rendered":"https:\/\/pb.edu.pl\/bwm\/?page_id=1254"},"modified":"2022-11-25T17:02:28","modified_gmt":"2022-11-25T16:02:28","slug":"aktualnosci-prom","status":"publish","type":"page","link":"https:\/\/pb.edu.pl\/iros\/projekty-nawa\/prom-2019\/aktualnosci-prom\/","title":{"rendered":"Aktualno\u015bci"},"content":{"rendered":"\t\t<div class=\"box news-box \">\n\t\t<div class=\"row\">\n\t\t\t\n\t\t\t\n\t\t\t\t\n\t\t\t\t\t\t\t\t\t\t<div class=\"col-sm-3\">\n\t\t\t\t\t\t\t\n<article class=\"format-standard\">\n    <span class=\"date text-right\"><i class=\"fal fa-calendar-alt\"><\/i> 10-07-2023<\/span>\n    <a href=\"https:\/\/pb.edu.pl\/iros\/2023\/07\/10\/wizyta-studyjna-na-wydziale-mechanicznym-technicznego-uniwersytetu-w-koszycach-w-ramach-prom\/\">\n      <div class=\"article-image\">\n        <img loading=\"lazy\" decoding=\"async\" width=\"323\" height=\"300\" src=\"https:\/\/pb.edu.pl\/iros\/wp-content\/uploads\/sites\/24\/2023\/07\/arch.-wlasne-A.-Tomaszewskiej-1.png\" class=\"attachment-medium-image-16x10 size-medium-image-16x10 wp-post-image\" alt=\"\" srcset=\"https:\/\/pb.edu.pl\/iros\/wp-content\/uploads\/sites\/24\/2023\/07\/arch.-wlasne-A.-Tomaszewskiej-1.png 643w, https:\/\/pb.edu.pl\/iros\/wp-content\/uploads\/sites\/24\/2023\/07\/arch.-wlasne-A.-Tomaszewskiej-1-300x279.png 300w\" sizes=\"auto, (max-width: 323px) 100vw, 323px\" \/>      <\/div>\n      <h3>Wizyta studyjna na Wydziale Mechanicznym Technicznego Uniwersytetu w Koszycach w ramach PROM<\/h3>\n      W ramach programu PROM Narodowej Agencji Wymiany Akademickiej (NAWA), mgr in\u017c.    <\/a>\n<\/article>\t\t\t\t\t\t<\/div>\n\t\t\t\t\t\t\t\t\t\t\t<div class=\"col-sm-3\">\n\t\t\t\t\t\t\t\n<article class=\"format-standard\">\n    <span class=\"date text-right\"><i class=\"fal fa-calendar-alt\"><\/i> 06-07-2023<\/span>\n    <a href=\"https:\/\/pb.edu.pl\/iros\/2023\/07\/06\/wizyta-studyjna-w-ramach-prom-na-politechnice-drezdenskiej-w-niemczech\/\">\n      <div class=\"article-image\">\n        <img loading=\"lazy\" decoding=\"async\" width=\"400\" height=\"300\" src=\"https:\/\/pb.edu.pl\/iros\/wp-content\/uploads\/sites\/24\/2023\/07\/20230630_114216-scaled.jpg\" class=\"attachment-medium-image-16x10 size-medium-image-16x10 wp-post-image\" alt=\"\" srcset=\"https:\/\/pb.edu.pl\/iros\/wp-content\/uploads\/sites\/24\/2023\/07\/20230630_114216-scaled.jpg 2560w, https:\/\/pb.edu.pl\/iros\/wp-content\/uploads\/sites\/24\/2023\/07\/20230630_114216-300x225.jpg 300w, https:\/\/pb.edu.pl\/iros\/wp-content\/uploads\/sites\/24\/2023\/07\/20230630_114216-1024x768.jpg 1024w, https:\/\/pb.edu.pl\/iros\/wp-content\/uploads\/sites\/24\/2023\/07\/20230630_114216-768x576.jpg 768w, https:\/\/pb.edu.pl\/iros\/wp-content\/uploads\/sites\/24\/2023\/07\/20230630_114216-1536x1152.jpg 1536w, https:\/\/pb.edu.pl\/iros\/wp-content\/uploads\/sites\/24\/2023\/07\/20230630_114216-2048x1536.jpg 2048w\" sizes=\"auto, (max-width: 400px) 100vw, 400px\" \/>      <\/div>\n      <h3>Wizyta studyjna w ramach PROM na Politechnice Drezde\u0144skiej w Niemczech<\/h3>\n      W dniach 26-29.06.2023 dr hab. in\u017c. Dariusz M. Perkowski z Katedry    <\/a>\n<\/article>\t\t\t\t\t\t<\/div>\n\t\t\t\t\t\t\t\t\t\t\t<div class=\"col-sm-3\">\n\t\t\t\t\t\t\t\n<article class=\"format-standard\">\n    <span class=\"date text-right\"><i class=\"fal fa-calendar-alt\"><\/i> 30-06-2023<\/span>\n    <a href=\"https:\/\/pb.edu.pl\/iros\/2023\/06\/30\/12374\/\">\n      <div class=\"article-image\">\n        <img loading=\"lazy\" decoding=\"async\" width=\"225\" height=\"300\" src=\"https:\/\/pb.edu.pl\/iros\/wp-content\/uploads\/sites\/24\/2023\/06\/1.jpg\" class=\"attachment-medium-image-16x10 size-medium-image-16x10 wp-post-image\" alt=\"\" srcset=\"https:\/\/pb.edu.pl\/iros\/wp-content\/uploads\/sites\/24\/2023\/06\/1.jpg 1536w, https:\/\/pb.edu.pl\/iros\/wp-content\/uploads\/sites\/24\/2023\/06\/1-225x300.jpg 225w, https:\/\/pb.edu.pl\/iros\/wp-content\/uploads\/sites\/24\/2023\/06\/1-768x1024.jpg 768w, https:\/\/pb.edu.pl\/iros\/wp-content\/uploads\/sites\/24\/2023\/06\/1-1152x1536.jpg 1152w\" sizes=\"auto, (max-width: 225px) 100vw, 225px\" \/>      <\/div>\n      <h3>Doktorantka Szko\u0142y Doktorskiej PB w Technische Universit\u00e4t Dresden<\/h3>\n      W dniach 19-23.06.2023 doktorantka Szko\u0142y Doktorskiej PB mgr in\u017c. Magdalena Rodziewicz    <\/a>\n<\/article>\t\t\t\t\t\t<\/div>\n\t\t\t\t\t\t\t\t\t\t\t<div class=\"col-sm-3\">\n\t\t\t\t\t\t\t\n<article class=\"format-standard\">\n    <span class=\"date text-right\"><i class=\"fal fa-calendar-alt\"><\/i> 27-06-2023<\/span>\n    <a href=\"https:\/\/pb.edu.pl\/iros\/2023\/06\/27\/staz-doktorantow-z-indii-na-wydziale-mechanicznymw-ramach-prom\/\">\n      <div class=\"article-image\">\n        <img loading=\"lazy\" decoding=\"async\" width=\"480\" height=\"270\" src=\"https:\/\/pb.edu.pl\/iros\/wp-content\/uploads\/sites\/24\/2023\/06\/1f1da973-cee7-495b-bb47-e0f754241848.jpeg\" class=\"attachment-medium-image-16x10 size-medium-image-16x10 wp-post-image\" alt=\"\" srcset=\"https:\/\/pb.edu.pl\/iros\/wp-content\/uploads\/sites\/24\/2023\/06\/1f1da973-cee7-495b-bb47-e0f754241848.jpeg 2048w, https:\/\/pb.edu.pl\/iros\/wp-content\/uploads\/sites\/24\/2023\/06\/1f1da973-cee7-495b-bb47-e0f754241848-300x169.jpeg 300w, https:\/\/pb.edu.pl\/iros\/wp-content\/uploads\/sites\/24\/2023\/06\/1f1da973-cee7-495b-bb47-e0f754241848-1024x576.jpeg 1024w, https:\/\/pb.edu.pl\/iros\/wp-content\/uploads\/sites\/24\/2023\/06\/1f1da973-cee7-495b-bb47-e0f754241848-768x432.jpeg 768w, https:\/\/pb.edu.pl\/iros\/wp-content\/uploads\/sites\/24\/2023\/06\/1f1da973-cee7-495b-bb47-e0f754241848-1536x864.jpeg 1536w\" sizes=\"auto, (max-width: 480px) 100vw, 480px\" \/>      <\/div>\n      <h3>Sta\u017c doktorant\u00f3w z Indii na PB w ramach PROM<\/h3>\n      W ramach programu Narodowej Agencji Wymiany Akademickiej (NAWA) dw\u00f3ch doktorant\u00f3w z    <\/a>\n<\/article>\t\t\t\t\t\t<\/div>\n\t\t\t\t\t\t\t\t\t\t\t<div class=\"col-sm-3\">\n\t\t\t\t\t\t\t\n<article class=\"format-standard\">\n    <span class=\"date text-right\"><i class=\"fal fa-calendar-alt\"><\/i> 15-06-2023<\/span>\n    <a href=\"https:\/\/pb.edu.pl\/iros\/2023\/06\/15\/wizyta-pracownika-wydzialu-budownictwa-i-nauk-o-srodowisku-w-belgradzie-w-ramach-prom\/\">\n      <div class=\"article-image\">\n              <\/div>\n      <h3>Wizyta pracownika Wydzia\u0142u Budownictwa i Nauk o \u015arodowisku w Belgradzie w ramach PROM<\/h3>\n      W dn. 5-10 czerwca 2023 r. dr in\u017c. Aleh Marozau, prof.    <\/a>\n<\/article>\t\t\t\t\t\t<\/div>\n\t\t\t\t\t\t\t\t\t\t\t<div class=\"col-sm-3\">\n\t\t\t\t\t\t\t\n<article class=\"format-standard\">\n    <span class=\"date text-right\"><i class=\"fal fa-calendar-alt\"><\/i> 05-06-2023<\/span>\n    <a href=\"https:\/\/pb.edu.pl\/iros\/2023\/06\/05\/staz-w-osrodku-badawczym-helmholtz-zentrum-dresden-rossendorf-w-niemczech\/\">\n      <div class=\"article-image\">\n        <img loading=\"lazy\" decoding=\"async\" width=\"400\" height=\"300\" src=\"https:\/\/pb.edu.pl\/iros\/wp-content\/uploads\/sites\/24\/2023\/06\/IMG20230522100215-scaled.jpg\" class=\"attachment-medium-image-16x10 size-medium-image-16x10 wp-post-image\" alt=\"\" srcset=\"https:\/\/pb.edu.pl\/iros\/wp-content\/uploads\/sites\/24\/2023\/06\/IMG20230522100215-scaled.jpg 2560w, https:\/\/pb.edu.pl\/iros\/wp-content\/uploads\/sites\/24\/2023\/06\/IMG20230522100215-300x225.jpg 300w, https:\/\/pb.edu.pl\/iros\/wp-content\/uploads\/sites\/24\/2023\/06\/IMG20230522100215-1024x768.jpg 1024w, https:\/\/pb.edu.pl\/iros\/wp-content\/uploads\/sites\/24\/2023\/06\/IMG20230522100215-768x576.jpg 768w, https:\/\/pb.edu.pl\/iros\/wp-content\/uploads\/sites\/24\/2023\/06\/IMG20230522100215-1536x1152.jpg 1536w, https:\/\/pb.edu.pl\/iros\/wp-content\/uploads\/sites\/24\/2023\/06\/IMG20230522100215-2048x1536.jpg 2048w\" sizes=\"auto, (max-width: 400px) 100vw, 400px\" \/>      <\/div>\n      <h3>Sta\u017c w o\u015brodku badawczym Helmholtz-Zentrum Dresden-Rossendorf w Niemczech<\/h3>\n      W dniach 22-26 maja 2023r. doktorantka Szko\u0142y Doktorskiej PB mgr in\u017c.    <\/a>\n<\/article>\t\t\t\t\t\t<\/div>\n\t\t\t\t\t\t\t\t\t\t\t<div class=\"col-sm-3\">\n\t\t\t\t\t\t\t\n<article class=\"format-standard\">\n    <span class=\"date text-right\"><i class=\"fal fa-calendar-alt\"><\/i> 23-05-2023<\/span>\n    <a href=\"https:\/\/pb.edu.pl\/iros\/2023\/05\/23\/doktorantka-z-universitat-de-lleida-z-wizyta-studyjna-na-wiz\/\">\n      <div class=\"article-image\">\n        <img loading=\"lazy\" decoding=\"async\" width=\"400\" height=\"300\" src=\"https:\/\/pb.edu.pl\/iros\/wp-content\/uploads\/sites\/24\/2023\/05\/PB4_20230518_145606-scaled.jpg\" class=\"attachment-medium-image-16x10 size-medium-image-16x10 wp-post-image\" alt=\"\" srcset=\"https:\/\/pb.edu.pl\/iros\/wp-content\/uploads\/sites\/24\/2023\/05\/PB4_20230518_145606-scaled.jpg 2560w, https:\/\/pb.edu.pl\/iros\/wp-content\/uploads\/sites\/24\/2023\/05\/PB4_20230518_145606-300x225.jpg 300w, https:\/\/pb.edu.pl\/iros\/wp-content\/uploads\/sites\/24\/2023\/05\/PB4_20230518_145606-1024x768.jpg 1024w, https:\/\/pb.edu.pl\/iros\/wp-content\/uploads\/sites\/24\/2023\/05\/PB4_20230518_145606-768x576.jpg 768w, https:\/\/pb.edu.pl\/iros\/wp-content\/uploads\/sites\/24\/2023\/05\/PB4_20230518_145606-1536x1152.jpg 1536w, https:\/\/pb.edu.pl\/iros\/wp-content\/uploads\/sites\/24\/2023\/05\/PB4_20230518_145606-2048x1536.jpg 2048w\" sizes=\"auto, (max-width: 400px) 100vw, 400px\" \/>      <\/div>\n      <h3>Doktorantka z Universitat de Lleida z wizyt\u0105 studyjn\u0105 na WIZ<\/h3>\n      W dn.15-19 maja 2023 na Wydziale In\u017cynierii Zarz\u0105dzania&nbsp; wizyt\u0119 studyjn\u0105 w    <\/a>\n<\/article>\t\t\t\t\t\t<\/div>\n\t\t\t\t\t\t\t\t\t\t\t<div class=\"col-sm-3\">\n\t\t\t\t\t\t\t\n<article class=\"format-standard\">\n    <span class=\"date text-right\"><i class=\"fal fa-calendar-alt\"><\/i> 22-05-2023<\/span>\n    <a href=\"https:\/\/pb.edu.pl\/iros\/2023\/05\/22\/stypendysci-nawa-prom-z-indii-na-wydziale-mechanicznym\/\">\n      <div class=\"article-image\">\n        <img loading=\"lazy\" decoding=\"async\" width=\"480\" height=\"270\" src=\"https:\/\/pb.edu.pl\/iros\/wp-content\/uploads\/sites\/24\/2023\/05\/zdjecie_16-scaled.jpg\" class=\"attachment-medium-image-16x10 size-medium-image-16x10 wp-post-image\" alt=\"\" srcset=\"https:\/\/pb.edu.pl\/iros\/wp-content\/uploads\/sites\/24\/2023\/05\/zdjecie_16-scaled.jpg 2560w, https:\/\/pb.edu.pl\/iros\/wp-content\/uploads\/sites\/24\/2023\/05\/zdjecie_16-300x169.jpg 300w, https:\/\/pb.edu.pl\/iros\/wp-content\/uploads\/sites\/24\/2023\/05\/zdjecie_16-1024x576.jpg 1024w, https:\/\/pb.edu.pl\/iros\/wp-content\/uploads\/sites\/24\/2023\/05\/zdjecie_16-768x432.jpg 768w, https:\/\/pb.edu.pl\/iros\/wp-content\/uploads\/sites\/24\/2023\/05\/zdjecie_16-1536x864.jpg 1536w, https:\/\/pb.edu.pl\/iros\/wp-content\/uploads\/sites\/24\/2023\/05\/zdjecie_16-2048x1152.jpg 2048w\" sizes=\"auto, (max-width: 480px) 100vw, 480px\" \/>      <\/div>\n      <h3>Stypendy\u015bci NAWA PROM z Indii na Wydziale Mechanicznym<\/h3>\n      W ubieg\u0142ym tygodniu Wydzia\u0142 Mechaniczny Politechniki Bia\u0142ostockiej po raz kolejny odwiedzili    <\/a>\n<\/article>\t\t\t\t\t\t<\/div>\n\t\t\t\t\t\t\t\t\t\t\t<div class=\"col-sm-3\">\n\t\t\t\t\t\t\t\n<article class=\"format-standard\">\n    <span class=\"date text-right\"><i class=\"fal fa-calendar-alt\"><\/i> 10-05-2023<\/span>\n    <a href=\"https:\/\/pb.edu.pl\/iros\/2023\/05\/10\/wizyta-studyjna-pracownikow-wydzialu-architektury-na-czech-technical-university-w-pradze\/\">\n      <div class=\"article-image\">\n        <img loading=\"lazy\" decoding=\"async\" width=\"400\" height=\"300\" src=\"https:\/\/pb.edu.pl\/iros\/wp-content\/uploads\/sites\/24\/2023\/05\/prom-min.png\" class=\"attachment-medium-image-16x10 size-medium-image-16x10 wp-post-image\" alt=\"\" srcset=\"https:\/\/pb.edu.pl\/iros\/wp-content\/uploads\/sites\/24\/2023\/05\/prom-min.png 1385w, https:\/\/pb.edu.pl\/iros\/wp-content\/uploads\/sites\/24\/2023\/05\/prom-min-300x225.png 300w, https:\/\/pb.edu.pl\/iros\/wp-content\/uploads\/sites\/24\/2023\/05\/prom-min-1024x768.png 1024w, https:\/\/pb.edu.pl\/iros\/wp-content\/uploads\/sites\/24\/2023\/05\/prom-min-768x576.png 768w\" sizes=\"auto, (max-width: 400px) 100vw, 400px\" \/>      <\/div>\n      <h3>Wizyta studyjna pracownik\u00f3w Wydzia\u0142u Architektury na Czech Technical University w Pradze<\/h3>\n      W ramach programu PROM Narodowej Agencji Wymiany Akademickiej w dniach 01.05.2023    <\/a>\n<\/article>\t\t\t\t\t\t<\/div>\n\t\t\t\t\t\t\t\t\t\t\t<div class=\"col-sm-3\">\n\t\t\t\t\t\t\t\n<article class=\"format-standard\">\n    <span class=\"date text-right\"><i class=\"fal fa-calendar-alt\"><\/i> 07-04-2023<\/span>\n    <a href=\"https:\/\/pb.edu.pl\/iros\/2023\/04\/07\/wizyta-na-uniwersytecie-w-koszycach-w-ramach-nawa-prom\/\">\n      <div class=\"article-image\">\n        <img loading=\"lazy\" decoding=\"async\" width=\"480\" height=\"270\" src=\"https:\/\/pb.edu.pl\/iros\/wp-content\/uploads\/sites\/24\/2023\/04\/Technical-University-of-Kosice-TUKE.jpg\" class=\"attachment-medium-image-16x10 size-medium-image-16x10 wp-post-image\" alt=\"\" srcset=\"https:\/\/pb.edu.pl\/iros\/wp-content\/uploads\/sites\/24\/2023\/04\/Technical-University-of-Kosice-TUKE.jpg 2000w, https:\/\/pb.edu.pl\/iros\/wp-content\/uploads\/sites\/24\/2023\/04\/Technical-University-of-Kosice-TUKE-300x169.jpg 300w, https:\/\/pb.edu.pl\/iros\/wp-content\/uploads\/sites\/24\/2023\/04\/Technical-University-of-Kosice-TUKE-1024x576.jpg 1024w, https:\/\/pb.edu.pl\/iros\/wp-content\/uploads\/sites\/24\/2023\/04\/Technical-University-of-Kosice-TUKE-768x432.jpg 768w, https:\/\/pb.edu.pl\/iros\/wp-content\/uploads\/sites\/24\/2023\/04\/Technical-University-of-Kosice-TUKE-1536x864.jpg 1536w\" sizes=\"auto, (max-width: 480px) 100vw, 480px\" \/>      <\/div>\n      <h3>Wizyta na Uniwersytecie w Koszycach w ramach NAWA PROM<\/h3>\n      W dniach 26-30 marca 2023 r. prof. dr hab. in\u017c. Jolanta    <\/a>\n<\/article>\t\t\t\t\t\t<\/div>\n\t\t\t\t\t\t\t\t\t\t\t<div class=\"col-sm-3\">\n\t\t\t\t\t\t\t\n<article class=\"format-standard\">\n    <span class=\"date text-right\"><i class=\"fal fa-calendar-alt\"><\/i> 03-04-2023<\/span>\n    <a href=\"https:\/\/pb.edu.pl\/iros\/2023\/04\/03\/staz-naukowy-w-institut-national-des-sciences-appliquees-de-lyon\/\">\n      <div class=\"article-image\">\n        <img loading=\"lazy\" decoding=\"async\" width=\"422\" height=\"300\" src=\"https:\/\/pb.edu.pl\/iros\/wp-content\/uploads\/sites\/24\/2023\/04\/Krzysztof-Nowik-oraz-prof.-Xavier-Boulnat-2-scaled-e1680528580318.jpg\" class=\"attachment-medium-image-16x10 size-medium-image-16x10 wp-post-image\" alt=\"\" srcset=\"https:\/\/pb.edu.pl\/iros\/wp-content\/uploads\/sites\/24\/2023\/04\/Krzysztof-Nowik-oraz-prof.-Xavier-Boulnat-2-scaled-e1680528580318.jpg 1811w, https:\/\/pb.edu.pl\/iros\/wp-content\/uploads\/sites\/24\/2023\/04\/Krzysztof-Nowik-oraz-prof.-Xavier-Boulnat-2-scaled-e1680528580318-300x213.jpg 300w, https:\/\/pb.edu.pl\/iros\/wp-content\/uploads\/sites\/24\/2023\/04\/Krzysztof-Nowik-oraz-prof.-Xavier-Boulnat-2-scaled-e1680528580318-1024x727.jpg 1024w, https:\/\/pb.edu.pl\/iros\/wp-content\/uploads\/sites\/24\/2023\/04\/Krzysztof-Nowik-oraz-prof.-Xavier-Boulnat-2-scaled-e1680528580318-768x545.jpg 768w, https:\/\/pb.edu.pl\/iros\/wp-content\/uploads\/sites\/24\/2023\/04\/Krzysztof-Nowik-oraz-prof.-Xavier-Boulnat-2-scaled-e1680528580318-1536x1091.jpg 1536w\" sizes=\"auto, (max-width: 422px) 100vw, 422px\" \/>      <\/div>\n      <h3>Sta\u017c naukowy w Institut National des Sciences Appliqu\u00e9es de Lyon<\/h3>\n      W dniach 20-24.03.2023 doktorant Szko\u0142y Doktorskiej PB, mgr in\u017c. Krzysztof Nowik,    <\/a>\n<\/article>\t\t\t\t\t\t<\/div>\n\t\t\t\t\t\t\t\t\t\t\t<div class=\"col-sm-3\">\n\t\t\t\t\t\t\t\n<article class=\"format-standard\">\n    <span class=\"date text-right\"><i class=\"fal fa-calendar-alt\"><\/i> 03-04-2023<\/span>\n    <a href=\"https:\/\/pb.edu.pl\/iros\/2023\/04\/03\/doktorant-wydzialu-mechanicznego-na-stazu-w-uniwersytecie-technicznym-w-chemnitz\/\">\n      <div class=\"article-image\">\n        <img loading=\"lazy\" decoding=\"async\" width=\"225\" height=\"300\" src=\"https:\/\/pb.edu.pl\/iros\/wp-content\/uploads\/sites\/24\/2023\/04\/Robot-\u201ePepper-prezentujacy-program-konferencji-\u201eHybrid-Societies-fot.-M.-Zukowski-scaled.jpeg\" class=\"attachment-medium-image-16x10 size-medium-image-16x10 wp-post-image\" alt=\"\" srcset=\"https:\/\/pb.edu.pl\/iros\/wp-content\/uploads\/sites\/24\/2023\/04\/Robot-\u201ePepper-prezentujacy-program-konferencji-\u201eHybrid-Societies-fot.-M.-Zukowski-scaled.jpeg 1920w, https:\/\/pb.edu.pl\/iros\/wp-content\/uploads\/sites\/24\/2023\/04\/Robot-\u201ePepper-prezentujacy-program-konferencji-\u201eHybrid-Societies-fot.-M.-Zukowski-225x300.jpeg 225w, https:\/\/pb.edu.pl\/iros\/wp-content\/uploads\/sites\/24\/2023\/04\/Robot-\u201ePepper-prezentujacy-program-konferencji-\u201eHybrid-Societies-fot.-M.-Zukowski-768x1024.jpeg 768w, https:\/\/pb.edu.pl\/iros\/wp-content\/uploads\/sites\/24\/2023\/04\/Robot-\u201ePepper-prezentujacy-program-konferencji-\u201eHybrid-Societies-fot.-M.-Zukowski-1152x1536.jpeg 1152w, https:\/\/pb.edu.pl\/iros\/wp-content\/uploads\/sites\/24\/2023\/04\/Robot-\u201ePepper-prezentujacy-program-konferencji-\u201eHybrid-Societies-fot.-M.-Zukowski-1536x2048.jpeg 1536w\" sizes=\"auto, (max-width: 225px) 100vw, 225px\" \/>      <\/div>\n      <h3>Doktorant Wydzia\u0142u Mechanicznego na sta\u017cu w Uniwersytecie Technicznym w Chemnitz<\/h3>\n      W dniach 06.03-17.03.2023 doktorant Wydzia\u0142u Mechanicznego, mgr. in\u017c. Marcin \u017bukowski, uczestniczy\u0142    <\/a>\n<\/article>\t\t\t\t\t\t<\/div>\n\t\t\t\t\t\n\t\t\t\t\n\t\t\t\t\t<\/div>\n\t\t\n\t<nav class=\"navigation pagination\" aria-label=\"Stronicowanie wpis\u00f3w\">\n\t\t<h2 class=\"screen-reader-text\">Stronicowanie wpis\u00f3w<\/h2>\n\t\t<div class=\"nav-links\"><span aria-current=\"page\" class=\"page-numbers current\">1<\/span>\n<a class=\"page-numbers\" href=\"https:\/\/pb.edu.pl\/iros\/wp-json\/wp\/v2\/pages\/1254\/page\/2\/\">2<\/a>\n<a class=\"page-numbers\" href=\"https:\/\/pb.edu.pl\/iros\/wp-json\/wp\/v2\/pages\/1254\/page\/3\/\">3<\/a>\n<span class=\"page-numbers dots\">&hellip;<\/span>\n<a class=\"page-numbers\" href=\"https:\/\/pb.edu.pl\/iros\/wp-json\/wp\/v2\/pages\/1254\/page\/5\/\">5<\/a>\n<a class=\"next page-numbers\" href=\"https:\/\/pb.edu.pl\/iros\/wp-json\/wp\/v2\/pages\/1254\/page\/2\/\">Nast\u0119pne<\/a><\/div>\n\t<\/nav>\t\t\t<\/div>\n\n<p>&nbsp;<\/p>\n","protected":false},"excerpt":{"rendered":"<p>&nbsp;<\/p>\n","protected":false},"author":2,"featured_media":0,"parent":1251,"menu_order":1,"comment_status":"closed","ping_status":"closed","template":"","meta":{"_acf_changed":false,"ngg_post_thumbnail":0,"footnotes":""},"class_list":["post-1254","page","type-page","status-publish","hentry"],"acf":[],"_links":{"self":[{"href":"https:\/\/pb.edu.pl\/iros\/wp-json\/wp\/v2\/pages\/1254","targetHints":{"allow":["GET"]}}],"collection":[{"href":"https:\/\/pb.edu.pl\/iros\/wp-json\/wp\/v2\/pages"}],"about":[{"href":"https:\/\/pb.edu.pl\/iros\/wp-json\/wp\/v2\/types\/page"}],"author":[{"embeddable":true,"href":"https:\/\/pb.edu.pl\/iros\/wp-json\/wp\/v2\/users\/2"}],"replies":[{"embeddable":true,"href":"https:\/\/pb.edu.pl\/iros\/wp-json\/wp\/v2\/comments?post=1254"}],"version-history":[{"count":0,"href":"https:\/\/pb.edu.pl\/iros\/wp-json\/wp\/v2\/pages\/1254\/revisions"}],"up":[{"embeddable":true,"href":"https:\/\/pb.edu.pl\/iros\/wp-json\/wp\/v2\/pages\/1251"}],"wp:attachment":[{"href":"https:\/\/pb.edu.pl\/iros\/wp-json\/wp\/v2\/media?parent=1254"}],"curies":[{"name":"wp","href":"https:\/\/api.w.org\/{rel}","templated":true}]}}