{"id":2178,"date":"2024-12-23T16:32:27","date_gmt":"2024-12-23T15:32:27","guid":{"rendered":"https:\/\/pb.edu.pl\/ctt\/?page_id=2178"},"modified":"2024-12-23T16:32:27","modified_gmt":"2024-12-23T15:32:27","slug":"aktualnosci","status":"publish","type":"page","link":"https:\/\/pb.edu.pl\/ctt\/aktualnosci\/","title":{"rendered":"Aktualno\u015bci"},"content":{"rendered":"\t\t<div class=\"box news-box \">\n\t\t<div class=\"row\">\n\t\t\t\n\t\t\t\n\t\t\t\t\n\t\t\t\t\t\t\t\t\t\t<div class=\"col-sm-3\">\n\t\t\t\t\t\t\t\n<article class=\"format-standard\">\n    <span class=\"date text-right\"><i class=\"fal fa-calendar-alt\"><\/i> 30-04-2026<\/span>\n    <a href=\"https:\/\/pb.edu.pl\/ctt\/2026\/04\/30\/2764\/\">\n      <div class=\"article-image\">\n        <img loading=\"lazy\" decoding=\"async\" width=\"480\" height=\"300\" src=\"https:\/\/pb.edu.pl\/ctt\/wp-content\/uploads\/sites\/142\/2026\/04\/5-480x300.png\" class=\"attachment-medium-image-16x10 size-medium-image-16x10 wp-post-image\" alt=\"\" \/>      <\/div>\n      <h3>PACTT \u2013 Commercialization Reactor<\/h3>\n      Commercialization Reactor to uznany europejski program transferu wiedzy i technologii, kt\u00f3ry    <\/a>\n<\/article>\t\t\t\t\t\t<\/div>\n\t\t\t\t\t\t\t\t\t\t\t<div class=\"col-sm-3\">\n\t\t\t\t\t\t\t\n<article class=\"format-standard\">\n    <span class=\"date text-right\"><i class=\"fal fa-calendar-alt\"><\/i> 23-04-2026<\/span>\n    <a href=\"https:\/\/pb.edu.pl\/ctt\/2026\/04\/23\/szybciej-wyzej-dalej-i-bezpieczniej-jak-chronic-wlasnosc-intelektualna-w-sporcie-zaproszenie-na-swiatowy-dzien-wlasnosci-intelektualnej\/\">\n      <div class=\"article-image\">\n        <img loading=\"lazy\" decoding=\"async\" width=\"480\" height=\"300\" src=\"https:\/\/pb.edu.pl\/ctt\/wp-content\/uploads\/sites\/142\/2026\/04\/672096911_1284956693779053_3895926017299505577_n-480x300.jpg\" class=\"attachment-medium-image-16x10 size-medium-image-16x10 wp-post-image\" alt=\"\" \/>      <\/div>\n      <h3>\u201eSzybciej, wy\u017cej, dalej i \u2026bezpieczniej - jak chroni\u0107 w\u0142asno\u015b\u0107 intelektualn\u0105 w sporcie\u201d - zaproszenie na \u015awiatowy Dzie\u0144 W\u0142asno\u015bci Intelektualnej<\/h3>\n      Urz\u0105d Patentowy RP organizuje webinarium z okazji \u015awiatowego Dnia W\u0142asno\u015bci Intelektualnej    <\/a>\n<\/article>\t\t\t\t\t\t<\/div>\n\t\t\t\t\t\t\t\t\t\t\t<div class=\"col-sm-3\">\n\t\t\t\t\t\t\t\n<article class=\"format-standard\">\n    <span class=\"date text-right\"><i class=\"fal fa-calendar-alt\"><\/i> 15-04-2026<\/span>\n    <a href=\"https:\/\/pb.edu.pl\/ctt\/2026\/04\/15\/klaster-days-kompetencje-przyszlosci-16-17-kwietnia-2026\/\">\n      <div class=\"article-image\">\n              <\/div>\n      <h3>Klaster Days \"Kompetencje Przysz\u0142o\u015bci\" 16-17 kwietnia 2026<\/h3>\n      Serdecznie zapraszamy pracownik\u00f3w Politechniki Bia\u0142ostockiej do udzia\u0142u w nadchodz\u0105cym wydarzeniu Klaster    <\/a>\n<\/article>\t\t\t\t\t\t<\/div>\n\t\t\t\t\t\t\t\t\t\t\t<div class=\"col-sm-3\">\n\t\t\t\t\t\t\t\n<article class=\"format-standard\">\n    <span class=\"date text-right\"><i class=\"fal fa-calendar-alt\"><\/i> 14-04-2026<\/span>\n    <a href=\"https:\/\/pb.edu.pl\/ctt\/2026\/04\/14\/konferencja-bezpieczenstwo-infrastruktury-kluczowej-w-gminach-20-kwiecien-2026-r\/\">\n      <div class=\"article-image\">\n        <img loading=\"lazy\" decoding=\"async\" width=\"480\" height=\"300\" src=\"https:\/\/pb.edu.pl\/ctt\/wp-content\/uploads\/sites\/142\/2026\/04\/konferencja-bezpieczenstwo-infrastruktury-kluczowej-www-480x300.jpg\" class=\"attachment-medium-image-16x10 size-medium-image-16x10 wp-post-image\" alt=\"\" srcset=\"https:\/\/pb.edu.pl\/ctt\/wp-content\/uploads\/sites\/142\/2026\/04\/konferencja-bezpieczenstwo-infrastruktury-kluczowej-www-480x300.jpg 480w, https:\/\/pb.edu.pl\/ctt\/wp-content\/uploads\/sites\/142\/2026\/04\/konferencja-bezpieczenstwo-infrastruktury-kluczowej-www-300x188.jpg 300w, https:\/\/pb.edu.pl\/ctt\/wp-content\/uploads\/sites\/142\/2026\/04\/konferencja-bezpieczenstwo-infrastruktury-kluczowej-www-1024x640.jpg 1024w, https:\/\/pb.edu.pl\/ctt\/wp-content\/uploads\/sites\/142\/2026\/04\/konferencja-bezpieczenstwo-infrastruktury-kluczowej-www-768x480.jpg 768w, https:\/\/pb.edu.pl\/ctt\/wp-content\/uploads\/sites\/142\/2026\/04\/konferencja-bezpieczenstwo-infrastruktury-kluczowej-www.jpg 1080w\" sizes=\"auto, (max-width: 480px) 100vw, 480px\" \/>      <\/div>\n      <h3>Konferencja \u201eBezpiecze\u0144stwo infrastruktury kluczowej w gminach\u201d  - 20 kwiecie\u0144 2026 r. <\/h3>\n      Wsp\u00f3lnie budujemy odporno\u015b\u0107 podlaskich gmin \u2013 konferencja o bezpiecze\u0144stwie infrastruktury kluczowej    <\/a>\n<\/article>\t\t\t\t\t\t<\/div>\n\t\t\t\t\t\t\t\t\t\t\t<div class=\"col-sm-3\">\n\t\t\t\t\t\t\t\n<article class=\"format-standard\">\n    <span class=\"date text-right\"><i class=\"fal fa-calendar-alt\"><\/i> 12-03-2026<\/span>\n    <a href=\"https:\/\/pb.edu.pl\/ctt\/2026\/03\/12\/hub-of-talents-3-nabor-do-31-marca-2026r\/\">\n      <div class=\"article-image\">\n        <img loading=\"lazy\" decoding=\"async\" width=\"480\" height=\"300\" src=\"https:\/\/pb.edu.pl\/ctt\/wp-content\/uploads\/sites\/142\/2026\/03\/Platforma-Hub-of-Talents-3_jpg-480x300.jpg\" class=\"attachment-medium-image-16x10 size-medium-image-16x10 wp-post-image\" alt=\"\" \/>      <\/div>\n      <h3>Hub of Talents 3 - nab\u00f3r do 31 marca 2026r.<\/h3>\n      Hub of Talents 3 to profesjonalny program inkubacji startup\u00f3w, kt\u00f3ry wspiera    <\/a>\n<\/article>\t\t\t\t\t\t<\/div>\n\t\t\t\t\t\t\t\t\t\t\t<div class=\"col-sm-3\">\n\t\t\t\t\t\t\t\n<article class=\"format-standard\">\n    <span class=\"date text-right\"><i class=\"fal fa-calendar-alt\"><\/i> 12-03-2026<\/span>\n    <a href=\"https:\/\/pb.edu.pl\/ctt\/2026\/03\/12\/inkubator-rozwoju-ii-nabor-w-projekcie-sience4busines-nauka-dla-biznesu-do-30-04-2026r\/\">\n      <div class=\"article-image\">\n        <img loading=\"lazy\" decoding=\"async\" width=\"480\" height=\"300\" src=\"https:\/\/pb.edu.pl\/ctt\/wp-content\/uploads\/sites\/142\/2026\/03\/s4b_-_grafika-480x300.jpg\" class=\"attachment-medium-image-16x10 size-medium-image-16x10 wp-post-image\" alt=\"\" \/>      <\/div>\n      <h3>\u201eInkubator Rozwoju\u201d - II nab\u00f3r w projekcie Sience4Busines-Nauka dla Biznesu do 30.04.2026r.<\/h3>\n      2 marca 2026&nbsp;r.&nbsp;rozpocz\u0105\u0142 si\u0119 nab\u00f3r wniosk\u00f3w w&nbsp;ramach projektu&nbsp;\u201eInkubator Rozwoju\u201d&nbsp;(Zadanie 1&nbsp;w projekcie&nbsp;Science4Business    <\/a>\n<\/article>\t\t\t\t\t\t<\/div>\n\t\t\t\t\t\t\t\t\t\t\t<div class=\"col-sm-3\">\n\t\t\t\t\t\t\t\n<article class=\"format-standard\">\n    <span class=\"date text-right\"><i class=\"fal fa-calendar-alt\"><\/i> 12-03-2026<\/span>\n    <a href=\"https:\/\/pb.edu.pl\/ctt\/2026\/03\/12\/ochrona-wlasnosci-intelektualnej-zdolnosc-patentowa-szkolenia-z-udzialem-ekspertow-z-uprp\/\">\n      <div class=\"article-image\">\n        <img loading=\"lazy\" decoding=\"async\" width=\"480\" height=\"300\" src=\"https:\/\/pb.edu.pl\/ctt\/wp-content\/uploads\/sites\/142\/2026\/03\/2026-03-ctt-szkolenia-wlasnosc-intelektualna-fb-480x300.jpg\" class=\"attachment-medium-image-16x10 size-medium-image-16x10 wp-post-image\" alt=\"\" \/>      <\/div>\n      <h3>Ochrona w\u0142asno\u015bci intelektualnej, zdolno\u015b\u0107 patentowa &#8211; szkolenia z udzia\u0142em ekspert\u00f3w z UPRP<\/h3>\n      Centrum Transferu Technologii PB zaprasza 23 i 24 marca 2026 r.    <\/a>\n<\/article>\t\t\t\t\t\t<\/div>\n\t\t\t\t\t\t\t\t\t\t\t<div class=\"col-sm-3\">\n\t\t\t\t\t\t\t\n<article class=\"format-standard\">\n    <span class=\"date text-right\"><i class=\"fal fa-calendar-alt\"><\/i> 13-02-2026<\/span>\n    <a href=\"https:\/\/pb.edu.pl\/ctt\/2026\/02\/13\/strategiczny-program-badan-naukowych-i-prac-rozwojowych-w-sektorze-rolnym-agrostrateg\/\">\n      <div class=\"article-image\">\n        <img loading=\"lazy\" decoding=\"async\" width=\"480\" height=\"300\" src=\"https:\/\/pb.edu.pl\/ctt\/wp-content\/uploads\/sites\/142\/2026\/02\/1460x616-480x300.jpg\" class=\"attachment-medium-image-16x10 size-medium-image-16x10 wp-post-image\" alt=\"\" \/>      <\/div>\n      <h3>Strategiczny program bada\u0144 naukowych i prac rozwojowych w sektorze rolnym \u201eAGROSTRATEG\u201d<\/h3>\n      Strategiczny program bada\u0144 naukowych i prac rozwojowych w sektorze rolnym \u201eAGROSTRATEG\u201d    <\/a>\n<\/article>\t\t\t\t\t\t<\/div>\n\t\t\t\t\t\t\t\t\t\t\t<div class=\"col-sm-3\">\n\t\t\t\t\t\t\t\n<article class=\"format-standard\">\n    <span class=\"date text-right\"><i class=\"fal fa-calendar-alt\"><\/i> 11-02-2026<\/span>\n    <a href=\"https:\/\/pb.edu.pl\/ctt\/2026\/02\/11\/konkurs-hi-5-0-human-resilient-sustain-innovator-5-0-ii-edycja\/\">\n      <div class=\"article-image\">\n        <img loading=\"lazy\" decoding=\"async\" width=\"480\" height=\"300\" src=\"https:\/\/pb.edu.pl\/ctt\/wp-content\/uploads\/sites\/142\/2026\/02\/Baner-Konkurs-HI-5.0-1536x655-1-480x300.png\" class=\"attachment-medium-image-16x10 size-medium-image-16x10 wp-post-image\" alt=\"\" \/>      <\/div>\n      <h3>KONKURS HI 5.0 HUMAN-RESILIENT-SUSTAIN INNOVATOR 5.0 \u2013 II EDYCJA<\/h3>\n      Zapraszamy student\u00f3w wszystkich kierunk\u00f3w Politechniki Bia\u0142ostockiej do udzia\u0142u w konkursie: KONKURS    <\/a>\n<\/article>\t\t\t\t\t\t<\/div>\n\t\t\t\t\t\t\t\t\t\t\t<div class=\"col-sm-3\">\n\t\t\t\t\t\t\t\n<article class=\"format-standard\">\n    <span class=\"date text-right\"><i class=\"fal fa-calendar-alt\"><\/i> 29-01-2026<\/span>\n    <a href=\"https:\/\/pb.edu.pl\/ctt\/2026\/01\/29\/polski-produkt-przyszlosci-parp\/\">\n      <div class=\"article-image\">\n        <img loading=\"lazy\" decoding=\"async\" width=\"372\" height=\"300\" src=\"https:\/\/pb.edu.pl\/ctt\/wp-content\/uploads\/sites\/142\/2026\/01\/konkurs-ppp-page2-372x300.jpg\" class=\"attachment-medium-image-16x10 size-medium-image-16x10 wp-post-image\" alt=\"\" \/>      <\/div>\n      <h3>Polski Produkt Przysz\u0142o\u015bci - PARP<\/h3>\n      Zach\u0119camy do udzia\u0142u w trwaj\u0105cym konkursie PARP Polski Produkt Przysz\u0142o\u015bci. Konkurs    <\/a>\n<\/article>\t\t\t\t\t\t<\/div>\n\t\t\t\t\t\t\t\t\t\t\t<div class=\"col-sm-3\">\n\t\t\t\t\t\t\t\n<article class=\"format-standard\">\n    <span class=\"date text-right\"><i class=\"fal fa-calendar-alt\"><\/i> 16-01-2026<\/span>\n    <a href=\"https:\/\/pb.edu.pl\/ctt\/2026\/01\/16\/miltech-program-akceleracyjny-akces-ncbr\/\">\n      <div class=\"article-image\">\n        <img loading=\"lazy\" decoding=\"async\" width=\"480\" height=\"300\" src=\"https:\/\/pb.edu.pl\/ctt\/wp-content\/uploads\/sites\/142\/2026\/01\/theme-480x300.webp\" class=\"attachment-medium-image-16x10 size-medium-image-16x10 wp-post-image\" alt=\"\" \/>      <\/div>\n      <h3>MilTech - program akceleracyjny Akces NCBR<\/h3>\n      MilTech&nbsp;to nowy program akceleracyjny prowadzony przez Akces NCBR, koncentruj\u0105cy si\u0119 na    <\/a>\n<\/article>\t\t\t\t\t\t<\/div>\n\t\t\t\t\t\t\t\t\t\t\t<div class=\"col-sm-3\">\n\t\t\t\t\t\t\t\n<article class=\"format-standard\">\n    <span class=\"date text-right\"><i class=\"fal fa-calendar-alt\"><\/i> 14-01-2026<\/span>\n    <a href=\"https:\/\/pb.edu.pl\/ctt\/2026\/01\/14\/wydluzenie-naboru-w-ramach-funduszu-grantow-16-lutego-2026r\/\">\n      <div class=\"article-image\">\n              <\/div>\n      <h3>Wyd\u0142u\u017c\u00f3ny nab\u00f3r - Fundusze na mikrogranty - 16 lutego 2026r.<\/h3>\n      Urz\u0105d Marsza\u0142kowski woj. Podlaskiego, w odpowiedzi na postulaty zg\u0142aszane przez wnioskodawc\u00f3w,    <\/a>\n<\/article>\t\t\t\t\t\t<\/div>\n\t\t\t\t\t\n\t\t\t\t\n\t\t\t\t\t<\/div>\n\t\t\n\t<nav class=\"navigation pagination\" aria-label=\"Stronicowanie wpis\u00f3w\">\n\t\t<h2 class=\"screen-reader-text\">Stronicowanie wpis\u00f3w<\/h2>\n\t\t<div class=\"nav-links\"><span aria-current=\"page\" class=\"page-numbers current\">1<\/span>\n<a class=\"page-numbers\" href=\"https:\/\/pb.edu.pl\/ctt\/wp-json\/wp\/v2\/pages\/2178\/page\/2\/\">2<\/a>\n<a class=\"page-numbers\" href=\"https:\/\/pb.edu.pl\/ctt\/wp-json\/wp\/v2\/pages\/2178\/page\/3\/\">3<\/a>\n<a class=\"next page-numbers\" href=\"https:\/\/pb.edu.pl\/ctt\/wp-json\/wp\/v2\/pages\/2178\/page\/2\/\">Nast\u0119pne<\/a><\/div>\n\t<\/nav>\t\t\t<\/div>\n\n","protected":false},"excerpt":{"rendered":"","protected":false},"author":2,"featured_media":0,"parent":0,"menu_order":1,"comment_status":"closed","ping_status":"closed","template":"","meta":{"_acf_changed":false,"ngg_post_thumbnail":0,"footnotes":""},"class_list":["post-2178","page","type-page","status-publish","hentry"],"acf":[],"_links":{"self":[{"href":"https:\/\/pb.edu.pl\/ctt\/wp-json\/wp\/v2\/pages\/2178","targetHints":{"allow":["GET"]}}],"collection":[{"href":"https:\/\/pb.edu.pl\/ctt\/wp-json\/wp\/v2\/pages"}],"about":[{"href":"https:\/\/pb.edu.pl\/ctt\/wp-json\/wp\/v2\/types\/page"}],"author":[{"embeddable":true,"href":"https:\/\/pb.edu.pl\/ctt\/wp-json\/wp\/v2\/users\/2"}],"replies":[{"embeddable":true,"href":"https:\/\/pb.edu.pl\/ctt\/wp-json\/wp\/v2\/comments?post=2178"}],"version-history":[{"count":0,"href":"https:\/\/pb.edu.pl\/ctt\/wp-json\/wp\/v2\/pages\/2178\/revisions"}],"wp:attachment":[{"href":"https:\/\/pb.edu.pl\/ctt\/wp-json\/wp\/v2\/media?parent=2178"}],"curies":[{"name":"wp","href":"https:\/\/api.w.org\/{rel}","templated":true}]}}