{"id":70,"date":"2019-03-02T16:38:39","date_gmt":"2019-03-02T15:38:39","guid":{"rendered":"https:\/\/pb.edu.pl\/chor\/?page_id=70"},"modified":"2022-01-06T19:40:46","modified_gmt":"2022-01-06T18:40:46","slug":"dyrygent","status":"publish","type":"page","link":"https:\/\/pb.edu.pl\/chor\/o-nas\/dyrygent\/","title":{"rendered":"Dyrygent Ch\u00f3ru Politechniki Bia\u0142ostockiej"},"content":{"rendered":"<p><a href=\"https:\/\/pb.edu.pl\/chor\/wp-content\/uploads\/sites\/30\/2022\/01\/Wioletta-Milkowska.jpg\"><img loading=\"lazy\" decoding=\"async\" class=\"alignleft wp-image-155\" src=\"https:\/\/pb.edu.pl\/chor\/wp-content\/uploads\/sites\/30\/2022\/01\/Wioletta-Milkowska.jpg\" alt=\"Wioletta Milkowska\" width=\"300\" height=\"300\" srcset=\"https:\/\/pb.edu.pl\/chor\/wp-content\/uploads\/sites\/30\/2022\/01\/Wioletta-Milkowska.jpg 1200w, https:\/\/pb.edu.pl\/chor\/wp-content\/uploads\/sites\/30\/2022\/01\/Wioletta-Milkowska-300x300.jpg 300w, https:\/\/pb.edu.pl\/chor\/wp-content\/uploads\/sites\/30\/2022\/01\/Wioletta-Milkowska-1024x1024.jpg 1024w, https:\/\/pb.edu.pl\/chor\/wp-content\/uploads\/sites\/30\/2022\/01\/Wioletta-Milkowska-150x150.jpg 150w, https:\/\/pb.edu.pl\/chor\/wp-content\/uploads\/sites\/30\/2022\/01\/Wioletta-Milkowska-768x768.jpg 768w\" sizes=\"auto, (max-width: 300px) 100vw, 300px\" \/><\/a><strong>prof. dr hab. Wioletta Mi\u0142kowska<\/strong> jest absolwentk\u0105 Wydzia\u0142u Instrumentalno-Pedagogicznego Akademii Muzycznej im. F. Chopina Filii w Bia\u0142ymstoku w klasie dyrygowania prof. dr hab. Bo\u017ceny Violetty Bieleckiej oraz Podyplomowych Studi\u00f3w Ch\u00f3rmistrzowskich przy Akademii Muzycznej im. Feliksa Nowowiejskiego w Bydgoszczy. Prac\u0119 w UMFC rozpocz\u0119\u0142a w 1990 roku. W latach 2012-2016 pe\u0142ni\u0142a funkcj\u0119 Kierownika Zak\u0142adu Dyrygentury Ch\u00f3ralnej. W kadencji 2016-2020 zasiada\u0142a w Radzie Naukowej Uczelni. Obecnie pe\u0142ni funkcj\u0119 Dziekana Wydzia\u0142u Instrumentalno-Pedagogicznego, Edukacji Muzycznej i Wokalistyki UMFC Filia w Bia\u0142ymstoku, gdzie prowadzi klas\u0119 dyrygentury ch\u00f3ralnej.<\/p>\n<p>Jest dyrygentem i kierownikiem artystycznym Ch\u00f3ru Politechniki Bia\u0142ostockiej (od 1997 r.) a tak\u017ce Ch\u00f3ru Komendy Wojew\u00f3dzkiej Policji w Bia\u0142ymstoku (od 2005 r.). Koncertowa\u0142a w wielu krajach Europy, Kanadzie oraz USA. Bra\u0142a udzia\u0142 w festiwalach zdobywaj\u0105c liczne nagrody. Wielokrotnie zapraszana jest do jury og\u00f3lnopolskich i mi\u0119dzynarodowych konkurs\u00f3w ch\u00f3ralnych.<\/p>\n<p>Wsp\u00f3\u0142pracuj\u0105c z orkiestrami kameralnymi poprowadzi\u0142a szereg koncert\u00f3w oratoryjnych (m. in. by\u0142y to kompozycje J.S. Bacha, A. Vivaldiego, D. Stachowicza, J. Haydna, W. A. Mozarta, L. Beethovena, F. Schuberta, G. Rossiniego, S. Moryty, K. Jenkinsa, J. Ruttera). Wsp\u00f3lnie z prowadzonymi przez ni\u0105 zespo\u0142ami zarejestrowa\u0142a interpretacje wybranych dzie\u0142 na p\u0142ytach CD.<\/p>\n<div style=\"clear: both;\">&nbsp;<\/div>\n<p>Wioletta Mi\u0142kowska zajmuje si\u0119 tak\u017ce dzia\u0142alno\u015bci\u0105 naukow\u0105, a obszarem jej bada\u0144 jest tw\u00f3rczo\u015b\u0107 funeralna. Efekty badawcze zosta\u0142y przedstawione w rozprawie pt. Requiem w tw\u00f3rczo\u015bci kompozytor\u00f3w polskich. Jest te\u017c autork\u0105, redaktorem naukowym publikacji ksi\u0105\u017ckowych i licznych artyku\u0142\u00f3w dotycz\u0105cych ch\u00f3ralistyki polskiej.<\/p>\n<p>By\u0142a kierownikiem oraz wsp\u00f3\u0142organizatorem wielu og\u00f3lnopolskich i mi\u0119dzynarodowych konferencji naukowych (m. in. Nurt narodowy w tw\u00f3rczo\u015bci kompozytor\u00f3w polskich\u2026; Mi\u0119dzy nieznanym a zapomnianym. Muzyka polska w \u015bwietle nowych odkry\u0107; W kr\u0119gu ch\u00f3ralistyki polskiej).<\/p>\n<p>Wioletta Mi\u0142kowska od ponad 30 lat jest animatorem m\u0142odzie\u017cowego ruchu ch\u00f3ralnego na Podlasiu. W latach 2006-2014 roku by\u0142a w regionie koordynatorem dzia\u0142a\u0144 Og\u00f3lnopolskiego programu rozwoju ch\u00f3r\u00f3w szkolnych \u201e\u015apiewaj\u0105ca Polska\u201d. Obraz funkcjonowania szkolnych zespo\u0142\u00f3w ch\u00f3ralnych zawar\u0142a w publikacji \u201eBia\u0142ystok w \u201e\u015apiewaj\u0105cej Polsce\u201d (Bia\u0142ystok, 2011). Od kilku lat wsp\u00f3\u0142pracuje z ch\u00f3rami dzieci\u0119cymi i m\u0142odzie\u017cowymi w ramach autorskiego projektu edukacyjno-artystycznego \u201eRoz\u015bpiewany Bia\u0142ystok\u201d.<\/p>\n<p>Jest tak\u017ce wsp\u00f3\u0142za\u0142o\u017cycielem Mi\u0119dzynarodowego Ch\u00f3ru Morza Ba\u0142tyckiego (w jego sk\u0142ad wchodz\u0105 cz\u0142onkowie zespo\u0142\u00f3w polskich, litewskich, \u0142otewskich i rosyjskich), z kt\u00f3rym realizuje artystyczne przedsi\u0119wzi\u0119cia.<\/p>\n<p>Wyr\u00f3\u017cniona Nagrodami I stopnia Rektora Uniwersytetu Muzycznego Fryderyka Chopina. Uhonorowana Medalem Komisji Edukacji Narodowej oraz Statuetk\u0105 Nauczyciel M\u0105dry Sercem \u2013 Nagrod\u0105 Prezydenta Miasta Bia\u0142egostoku. Za sw\u0105 dzia\u0142alno\u015b\u0107 zosta\u0142a odznaczona Medalem Zas\u0142u\u017cony dla Kultury Polskiej oraz Medalem Za Zas\u0142ugi dla Uniwersytetu Muzycznego Fryderyka Chopina. W roku 2017 otrzyma\u0142a Nagrod\u0119 Artystyczn\u0105 Prezydenta Miasta Bia\u0142egostoku. W roku 2018 uhonorowania odznaczeniem Ministra Kultury i Dziedzictwa Narodowego Zas\u0142u\u017cony Kulturze Gloria Artis, natomiast w 2020 Krzy\u017cem Kawalerskim Orderu Odrodzenia Polski nadanym za zas\u0142ugi w dzia\u0142alno\u015bci na rzecz rozwoju kultury i sztuki.<\/p>\n","protected":false},"excerpt":{"rendered":"<p>prof. dr hab. Wioletta Mi\u0142kowska jest absolwentk\u0105 Wydzia\u0142u Instrumentalno-Pedagogicznego Akademii Muzycznej im. F. Chopina Filii<\/p>\n","protected":false},"author":2,"featured_media":0,"parent":49,"menu_order":1,"comment_status":"closed","ping_status":"closed","template":"","meta":{"_acf_changed":false,"ngg_post_thumbnail":0,"footnotes":""},"class_list":["post-70","page","type-page","status-publish","hentry"],"acf":[],"_links":{"self":[{"href":"https:\/\/pb.edu.pl\/chor\/wp-json\/wp\/v2\/pages\/70","targetHints":{"allow":["GET"]}}],"collection":[{"href":"https:\/\/pb.edu.pl\/chor\/wp-json\/wp\/v2\/pages"}],"about":[{"href":"https:\/\/pb.edu.pl\/chor\/wp-json\/wp\/v2\/types\/page"}],"author":[{"embeddable":true,"href":"https:\/\/pb.edu.pl\/chor\/wp-json\/wp\/v2\/users\/2"}],"replies":[{"embeddable":true,"href":"https:\/\/pb.edu.pl\/chor\/wp-json\/wp\/v2\/comments?post=70"}],"version-history":[{"count":0,"href":"https:\/\/pb.edu.pl\/chor\/wp-json\/wp\/v2\/pages\/70\/revisions"}],"up":[{"embeddable":true,"href":"https:\/\/pb.edu.pl\/chor\/wp-json\/wp\/v2\/pages\/49"}],"wp:attachment":[{"href":"https:\/\/pb.edu.pl\/chor\/wp-json\/wp\/v2\/media?parent=70"}],"curies":[{"name":"wp","href":"https:\/\/api.w.org\/{rel}","templated":true}]}}