{"id":41,"date":"2019-03-02T15:46:01","date_gmt":"2019-03-02T14:46:01","guid":{"rendered":"https:\/\/pb.edu.pl\/chor\/?page_id=41"},"modified":"2022-01-06T19:27:45","modified_gmt":"2022-01-06T18:27:45","slug":"aktualnosci","status":"publish","type":"page","link":"https:\/\/pb.edu.pl\/chor\/aktualnosci\/","title":{"rendered":"Aktualno\u015bci"},"content":{"rendered":"\t\t<div class=\"box news-box \">\n\t\t<div class=\"row\">\n\t\t\t\n\t\t\t\n\t\t\t\t\n\t\t\t\t\t\t\t\t\t\t<div class=\"col-sm-3\">\n\t\t\t\t\t\t\t\n<article class=\"format-standard\">\n    <span class=\"date text-right\"><i class=\"fal fa-calendar-alt\"><\/i> 14-11-2025<\/span>\n    <a href=\"https:\/\/pb.edu.pl\/chor\/2025\/11\/14\/koncert-patriotyczny\/\">\n      <div class=\"article-image\">\n        <img loading=\"lazy\" decoding=\"async\" width=\"480\" height=\"300\" src=\"https:\/\/pb.edu.pl\/chor\/wp-content\/uploads\/sites\/30\/2025\/11\/zdj_oczyzno_ma-480x300.jpg\" class=\"attachment-medium-image-16x10 size-medium-image-16x10 wp-post-image\" alt=\"\" \/>      <\/div>\n      <h3>Koncert Patriotyczny <\/h3>\n      13 Listopada 2025 r. w Sali koncertowej Opery i Filharmonii Podlaskiej    <\/a>\n<\/article>\t\t\t\t\t\t<\/div>\n\t\t\t\t\t\t\t\t\t\t\t<div class=\"col-sm-3\">\n\t\t\t\t\t\t\t\n<article class=\"format-standard\">\n    <span class=\"date text-right\"><i class=\"fal fa-calendar-alt\"><\/i> 07-11-2025<\/span>\n    <a href=\"https:\/\/pb.edu.pl\/chor\/2025\/11\/07\/obchody-320-lecia-ustanowienia-orderu-orla-bialego\/\">\n      <div class=\"article-image\">\n        <img loading=\"lazy\" decoding=\"async\" width=\"480\" height=\"300\" src=\"https:\/\/pb.edu.pl\/chor\/wp-content\/uploads\/sites\/30\/2025\/11\/zdj_tykocin-480x300.jpg\" class=\"attachment-medium-image-16x10 size-medium-image-16x10 wp-post-image\" alt=\"\" \/>      <\/div>\n      <h3>Obchody 320-lecia ustanowienia Orderu Or\u0142a Bia\u0142ego<\/h3>\n      7 listopada 2025 r. Ch\u00f3r Politechniki Bia\u0142ostockiej mia\u0142 zaszczyt wyst\u0105pi\u0107 w    <\/a>\n<\/article>\t\t\t\t\t\t<\/div>\n\t\t\t\t\t\t\t\t\t\t\t<div class=\"col-sm-3\">\n\t\t\t\t\t\t\t\n<article class=\"format-standard\">\n    <span class=\"date text-right\"><i class=\"fal fa-calendar-alt\"><\/i> 22-10-2025<\/span>\n    <a href=\"https:\/\/pb.edu.pl\/chor\/2025\/10\/22\/miejska-inauguracja-roku-akademickiego-2025-2026\/\">\n      <div class=\"article-image\">\n        <img loading=\"lazy\" decoding=\"async\" width=\"480\" height=\"300\" src=\"https:\/\/pb.edu.pl\/chor\/wp-content\/uploads\/sites\/30\/2025\/11\/zdj_inauguracja-480x300.jpg\" class=\"attachment-medium-image-16x10 size-medium-image-16x10 wp-post-image\" alt=\"\" \/>      <\/div>\n      <h3>Miejska inauguracja roku akademickiego 2025\/2026<\/h3>\n      20 pa\u017adziernika 2025 r. Ch\u00f3r Politechniki Bia\u0142ostockiej mia\u0142 zaszczyt zapewni\u0107 opraw\u0119    <\/a>\n<\/article>\t\t\t\t\t\t<\/div>\n\t\t\t\t\t\t\t\t\t\t\t<div class=\"col-sm-3\">\n\t\t\t\t\t\t\t\n<article class=\"format-standard\">\n    <span class=\"date text-right\"><i class=\"fal fa-calendar-alt\"><\/i> 28-09-2025<\/span>\n    <a href=\"https:\/\/pb.edu.pl\/chor\/2025\/09\/28\/oratorium-zrodlo-nadziei\/\">\n      <div class=\"article-image\">\n        <img loading=\"lazy\" decoding=\"async\" width=\"480\" height=\"300\" src=\"https:\/\/pb.edu.pl\/chor\/wp-content\/uploads\/sites\/30\/2025\/09\/zdj_oratorium-480x300.jpg\" class=\"attachment-medium-image-16x10 size-medium-image-16x10 wp-post-image\" alt=\"\" \/>      <\/div>\n      <h3>Oratorium \"\u0179r\u00f3d\u0142o nadziei\"<\/h3>\n      28 wrze\u015bnia 2025 r. w sali koncertowej Opery i Filharmonii Podlaskiej    <\/a>\n<\/article>\t\t\t\t\t\t<\/div>\n\t\t\t\t\t\t\t\t\t\t\t<div class=\"col-sm-3\">\n\t\t\t\t\t\t\t\n<article class=\"format-standard\">\n    <span class=\"date text-right\"><i class=\"fal fa-calendar-alt\"><\/i> 16-09-2025<\/span>\n    <a href=\"https:\/\/pb.edu.pl\/chor\/2025\/09\/16\/koncert-w-sagrada-familia\/\">\n      <div class=\"article-image\">\n        <img loading=\"lazy\" decoding=\"async\" width=\"480\" height=\"300\" src=\"https:\/\/pb.edu.pl\/chor\/wp-content\/uploads\/sites\/30\/2025\/11\/zdj_sagrada-480x300.jpg\" class=\"attachment-medium-image-16x10 size-medium-image-16x10 wp-post-image\" alt=\"\" \/>      <\/div>\n      <h3>Koncert w Sagrada Fam\u00edlia<\/h3>\n      Podczas konkursu w Hiszpanii Ch\u00f3r Politechniki Bia\u0142ostockiej mia\u0142 zaszczyt za\u015bpiewa\u0107 w    <\/a>\n<\/article>\t\t\t\t\t\t<\/div>\n\t\t\t\t\t\t\t\t\t\t\t<div class=\"col-sm-3\">\n\t\t\t\t\t\t\t\n<article class=\"format-standard\">\n    <span class=\"date text-right\"><i class=\"fal fa-calendar-alt\"><\/i> 15-09-2025<\/span>\n    <a href=\"https:\/\/pb.edu.pl\/chor\/2025\/09\/15\/xiv-miedzynarodowy-konkurs-choralny-canco-mediterrania\/\">\n      <div class=\"article-image\">\n        <img loading=\"lazy\" decoding=\"async\" width=\"480\" height=\"300\" src=\"https:\/\/pb.edu.pl\/chor\/wp-content\/uploads\/sites\/30\/2025\/11\/zdj_hiszpania-480x300.jpg\" class=\"attachment-medium-image-16x10 size-medium-image-16x10 wp-post-image\" alt=\"\" \/>      <\/div>\n      <h3>XIV Mi\u0119dzynarodowy Konkurs Ch\u00f3ralny ,,Canco Mediterrania\u201d<\/h3>\n      W dniach 8\u201314 wrze\u015bnia 2025 roku Ch\u00f3r Politechniki Bia\u0142ostockiej uczestniczy\u0142 w    <\/a>\n<\/article>\t\t\t\t\t\t<\/div>\n\t\t\t\t\t\t\t\t\t\t\t<div class=\"col-sm-3\">\n\t\t\t\t\t\t\t\n<article class=\"format-standard\">\n    <span class=\"date text-right\"><i class=\"fal fa-calendar-alt\"><\/i> 31-08-2025<\/span>\n    <a href=\"https:\/\/pb.edu.pl\/chor\/2025\/08\/31\/koncert-piesni-sakralnej-w-zegarach\/\">\n      <div class=\"article-image\">\n        <img loading=\"lazy\" decoding=\"async\" width=\"480\" height=\"300\" src=\"https:\/\/pb.edu.pl\/chor\/wp-content\/uploads\/sites\/30\/2025\/11\/zdj_zegary-480x300.jpg\" class=\"attachment-medium-image-16x10 size-medium-image-16x10 wp-post-image\" alt=\"\" \/>      <\/div>\n      <h3>Koncert \u017begary<\/h3>\n      31 sierpnia 2025 r. Ch\u00f3r Politechniki Bia\u0142ostockiej wyst\u0105pi\u0142 w Ko\u015bciele filialnym    <\/a>\n<\/article>\t\t\t\t\t\t<\/div>\n\t\t\t\t\t\t\t\t\t\t\t<div class=\"col-sm-3\">\n\t\t\t\t\t\t\t\n<article class=\"format-standard\">\n    <span class=\"date text-right\"><i class=\"fal fa-calendar-alt\"><\/i> 28-08-2025<\/span>\n    <a href=\"https:\/\/pb.edu.pl\/chor\/2025\/08\/28\/koncert-piesni-sakralnej-w-sejnach\/\">\n      <div class=\"article-image\">\n        <img loading=\"lazy\" decoding=\"async\" width=\"480\" height=\"300\" src=\"https:\/\/pb.edu.pl\/chor\/wp-content\/uploads\/sites\/30\/2025\/11\/zdj_sejny-480x300.jpg\" class=\"attachment-medium-image-16x10 size-medium-image-16x10 wp-post-image\" alt=\"\" \/>      <\/div>\n      <h3>Koncert Sejny<\/h3>\n      28 sierpnia 2025 r. Ch\u00f3r Politechniki Bia\u0142ostockiej zapewni\u0142 opraw\u0119 mszy \u015bwi\u0119tej    <\/a>\n<\/article>\t\t\t\t\t\t<\/div>\n\t\t\t\t\t\t\t\t\t\t\t<div class=\"col-sm-3\">\n\t\t\t\t\t\t\t\n<article class=\"format-standard\">\n    <span class=\"date text-right\"><i class=\"fal fa-calendar-alt\"><\/i> 05-05-2025<\/span>\n    <a href=\"https:\/\/pb.edu.pl\/chor\/2025\/05\/05\/koncert-oratoryjny\/\">\n      <div class=\"article-image\">\n        <img loading=\"lazy\" decoding=\"async\" width=\"420\" height=\"300\" src=\"https:\/\/pb.edu.pl\/chor\/wp-content\/uploads\/sites\/30\/2025\/05\/program-oratorium-2025-1-420x300.jpg\" class=\"attachment-medium-image-16x10 size-medium-image-16x10 wp-post-image\" alt=\"\" \/>      <\/div>\n      <h3>Koncert oratoryjny<\/h3>\n      10 maja 2025r. o godz.16.30 w Sanktuarium Mi\u0142osierdzia Bo\u017cego w Bia\u0142ymstoku    <\/a>\n<\/article>\t\t\t\t\t\t<\/div>\n\t\t\t\t\t\t\t\t\t\t\t<div class=\"col-sm-3\">\n\t\t\t\t\t\t\t\n<article class=\"format-standard\">\n    <span class=\"date text-right\"><i class=\"fal fa-calendar-alt\"><\/i> 12-01-2025<\/span>\n    <a href=\"https:\/\/pb.edu.pl\/chor\/2025\/01\/12\/koncert-koled-2\/\">\n      <div class=\"article-image\">\n        <img loading=\"lazy\" decoding=\"async\" width=\"480\" height=\"300\" src=\"https:\/\/pb.edu.pl\/chor\/wp-content\/uploads\/sites\/30\/2025\/01\/plakat-koncert-koled-2025-Dawid-480x300.jpg\" class=\"attachment-medium-image-16x10 size-medium-image-16x10 wp-post-image\" alt=\"\" \/>      <\/div>\n      <h3>Koncert kol\u0119d<\/h3>\n      Ju\u017c 16 stycznia o godzinie 18:45 zapraszamy Was na niezwyk\u0142y wiecz\u00f3r    <\/a>\n<\/article>\t\t\t\t\t\t<\/div>\n\t\t\t\t\t\t\t\t\t\t\t<div class=\"col-sm-3\">\n\t\t\t\t\t\t\t\n<article class=\"format-standard\">\n    <span class=\"date text-right\"><i class=\"fal fa-calendar-alt\"><\/i> 22-12-2024<\/span>\n    <a href=\"https:\/\/pb.edu.pl\/chor\/2024\/12\/22\/spotkanie-wigilijne-spolecznosci-akademickiej-politechniki-bialostockiej\/\">\n      <div class=\"article-image\">\n        <img loading=\"lazy\" decoding=\"async\" width=\"480\" height=\"300\" src=\"https:\/\/pb.edu.pl\/chor\/wp-content\/uploads\/sites\/30\/2024\/12\/2024-12-19-Spotkanie-Wigilijne-Pracownikow-Studentow-Politechniki-Bialostockiej-fot-Iryna-Mikhno-PB-7-480x300.jpg\" class=\"attachment-medium-image-16x10 size-medium-image-16x10 wp-post-image\" alt=\"\" srcset=\"https:\/\/pb.edu.pl\/chor\/wp-content\/uploads\/sites\/30\/2024\/12\/2024-12-19-Spotkanie-Wigilijne-Pracownikow-Studentow-Politechniki-Bialostockiej-fot-Iryna-Mikhno-PB-7-480x300.jpg 480w, https:\/\/pb.edu.pl\/chor\/wp-content\/uploads\/sites\/30\/2024\/12\/2024-12-19-Spotkanie-Wigilijne-Pracownikow-Studentow-Politechniki-Bialostockiej-fot-Iryna-Mikhno-PB-7-300x188.jpg 300w, https:\/\/pb.edu.pl\/chor\/wp-content\/uploads\/sites\/30\/2024\/12\/2024-12-19-Spotkanie-Wigilijne-Pracownikow-Studentow-Politechniki-Bialostockiej-fot-Iryna-Mikhno-PB-7-1024x640.jpg 1024w, https:\/\/pb.edu.pl\/chor\/wp-content\/uploads\/sites\/30\/2024\/12\/2024-12-19-Spotkanie-Wigilijne-Pracownikow-Studentow-Politechniki-Bialostockiej-fot-Iryna-Mikhno-PB-7-768x480.jpg 768w, https:\/\/pb.edu.pl\/chor\/wp-content\/uploads\/sites\/30\/2024\/12\/2024-12-19-Spotkanie-Wigilijne-Pracownikow-Studentow-Politechniki-Bialostockiej-fot-Iryna-Mikhno-PB-7-1536x960.jpg 1536w, https:\/\/pb.edu.pl\/chor\/wp-content\/uploads\/sites\/30\/2024\/12\/2024-12-19-Spotkanie-Wigilijne-Pracownikow-Studentow-Politechniki-Bialostockiej-fot-Iryna-Mikhno-PB-7-2048x1280.jpg 2048w\" sizes=\"auto, (max-width: 480px) 100vw, 480px\" \/>      <\/div>\n      <h3>Spotkanie wigilijne spo\u0142eczno\u015bci akademickiej Politechniki Bia\u0142ostockiej<\/h3>\n      Studenci i pracownicy Politechniki Bia\u0142ostockiej oraz duszpasterze akademiccy spotkali si\u0119 przed    <\/a>\n<\/article>\t\t\t\t\t\t<\/div>\n\t\t\t\t\t\t\t\t\t\t\t<div class=\"col-sm-3\">\n\t\t\t\t\t\t\t\n<article class=\"format-standard\">\n    <span class=\"date text-right\"><i class=\"fal fa-calendar-alt\"><\/i> 22-12-2024<\/span>\n    <a href=\"https:\/\/pb.edu.pl\/chor\/2024\/12\/22\/prof-jan-dorosz-otrzymal-godnosc-honorowego-profesora-politechniki-bialostockiej\/\">\n      <div class=\"article-image\">\n        <img loading=\"lazy\" decoding=\"async\" width=\"480\" height=\"300\" src=\"https:\/\/pb.edu.pl\/chor\/wp-content\/uploads\/sites\/30\/2024\/12\/prof-Dorosz-Profesorem-Honorowym-PB-fot-Dariusz-Piekut-52-2048x1280-1-480x300.jpg\" class=\"attachment-medium-image-16x10 size-medium-image-16x10 wp-post-image\" alt=\"\" srcset=\"https:\/\/pb.edu.pl\/chor\/wp-content\/uploads\/sites\/30\/2024\/12\/prof-Dorosz-Profesorem-Honorowym-PB-fot-Dariusz-Piekut-52-2048x1280-1-480x300.jpg 480w, https:\/\/pb.edu.pl\/chor\/wp-content\/uploads\/sites\/30\/2024\/12\/prof-Dorosz-Profesorem-Honorowym-PB-fot-Dariusz-Piekut-52-2048x1280-1-300x188.jpg 300w, https:\/\/pb.edu.pl\/chor\/wp-content\/uploads\/sites\/30\/2024\/12\/prof-Dorosz-Profesorem-Honorowym-PB-fot-Dariusz-Piekut-52-2048x1280-1-1024x640.jpg 1024w, https:\/\/pb.edu.pl\/chor\/wp-content\/uploads\/sites\/30\/2024\/12\/prof-Dorosz-Profesorem-Honorowym-PB-fot-Dariusz-Piekut-52-2048x1280-1-768x480.jpg 768w, https:\/\/pb.edu.pl\/chor\/wp-content\/uploads\/sites\/30\/2024\/12\/prof-Dorosz-Profesorem-Honorowym-PB-fot-Dariusz-Piekut-52-2048x1280-1-1536x960.jpg 1536w, https:\/\/pb.edu.pl\/chor\/wp-content\/uploads\/sites\/30\/2024\/12\/prof-Dorosz-Profesorem-Honorowym-PB-fot-Dariusz-Piekut-52-2048x1280-1.jpg 2048w\" sizes=\"auto, (max-width: 480px) 100vw, 480px\" \/>      <\/div>\n      <h3>Prof. Jan Dorosz otrzyma\u0142 godno\u015b\u0107 Honorowego Profesora Politechniki Bia\u0142ostockiej<\/h3>\n      Profesor Jan Dorosz, wybitny naukowiec i uznany autorytet w\u015br\u00f3d uczonych zajmuj\u0105cych    <\/a>\n<\/article>\t\t\t\t\t\t<\/div>\n\t\t\t\t\t\n\t\t\t\t\n\t\t\t\t\t<\/div>\n\t\t\n\t<nav class=\"navigation pagination\" aria-label=\"Stronicowanie wpis\u00f3w\">\n\t\t<h2 class=\"screen-reader-text\">Stronicowanie wpis\u00f3w<\/h2>\n\t\t<div class=\"nav-links\"><span aria-current=\"page\" class=\"page-numbers current\">1<\/span>\n<a class=\"page-numbers\" href=\"https:\/\/pb.edu.pl\/chor\/wp-json\/wp\/v2\/pages\/41\/page\/2\/\">2<\/a>\n<a class=\"page-numbers\" href=\"https:\/\/pb.edu.pl\/chor\/wp-json\/wp\/v2\/pages\/41\/page\/3\/\">3<\/a>\n<a class=\"page-numbers\" href=\"https:\/\/pb.edu.pl\/chor\/wp-json\/wp\/v2\/pages\/41\/page\/4\/\">4<\/a>\n<a class=\"next page-numbers\" href=\"https:\/\/pb.edu.pl\/chor\/wp-json\/wp\/v2\/pages\/41\/page\/2\/\">Nast\u0119pne<\/a><\/div>\n\t<\/nav>\t\t\t<\/div>\n\n","protected":false},"excerpt":{"rendered":"","protected":false},"author":2,"featured_media":0,"parent":0,"menu_order":1,"comment_status":"closed","ping_status":"closed","template":"","meta":{"_acf_changed":false,"ngg_post_thumbnail":0,"footnotes":""},"class_list":["post-41","page","type-page","status-publish","hentry"],"acf":[],"_links":{"self":[{"href":"https:\/\/pb.edu.pl\/chor\/wp-json\/wp\/v2\/pages\/41","targetHints":{"allow":["GET"]}}],"collection":[{"href":"https:\/\/pb.edu.pl\/chor\/wp-json\/wp\/v2\/pages"}],"about":[{"href":"https:\/\/pb.edu.pl\/chor\/wp-json\/wp\/v2\/types\/page"}],"author":[{"embeddable":true,"href":"https:\/\/pb.edu.pl\/chor\/wp-json\/wp\/v2\/users\/2"}],"replies":[{"embeddable":true,"href":"https:\/\/pb.edu.pl\/chor\/wp-json\/wp\/v2\/comments?post=41"}],"version-history":[{"count":0,"href":"https:\/\/pb.edu.pl\/chor\/wp-json\/wp\/v2\/pages\/41\/revisions"}],"wp:attachment":[{"href":"https:\/\/pb.edu.pl\/chor\/wp-json\/wp\/v2\/media?parent=41"}],"curies":[{"name":"wp","href":"https:\/\/api.w.org\/{rel}","templated":true}]}}