{"id":2908,"date":"2026-01-12T14:54:20","date_gmt":"2026-01-12T13:54:20","guid":{"rendered":"https:\/\/pb.edu.pl\/brpm\/?page_id=2908"},"modified":"2026-01-21T15:28:39","modified_gmt":"2026-01-21T14:28:39","slug":"ttedu","status":"publish","type":"page","link":"https:\/\/pb.edu.pl\/brpm\/projekty-pb\/programy-ue\/projekty-realizowane\/ttedu\/","title":{"rendered":"THINKTHANKedu: Interdyscyplinarne Centrum Wsparcia Dydaktycznego Politechniki Bia\u0142ostockiej (TTEdu)"},"content":{"rendered":"<p><img loading=\"lazy\" decoding=\"async\" class=\"aligncenter size-full wp-image-898\" src=\"https:\/\/pb.edu.pl\/pb5\/wp-content\/uploads\/sites\/131\/2024\/07\/image007.png\" alt=\"loga zwi\u0105zane z projektem\" width=\"1440\" height=\"186\"><\/p>\n<h2><strong>Projekt \u201eTHINKTHANKedu: Interdyscyplinarne Centrum Wsparcia Dydaktycznego Politechniki Bia\u0142ostockiej (TTEdu)\u201d<\/strong> (nr umowy FERS.01.05-IP.08-0167\/25-00) jest realizowany w ramach programu Fundusze Europejskie dla Rozwoju Spo\u0142ecznego 2021-2027 wsp\u00f3\u0142finansowanego ze \u015brodk\u00f3w Europejskiego Funduszu Spo\u0142ecznego Plus.<\/h2>\n<p><strong>Celem g\u0142\u00f3wnym projektu <\/strong>jest wdro\u017cenie systemowego rozwi\u0105zania wspieraj\u0105cego rozw\u00f3j kompetencji dydaktycznych kadry akademickiej i doktorant\u00f3w Politechniki Bia\u0142ostockiej. Obejmuje ono nowoczesne metody nauczania, kompetencje cyfrowe (w tym prac\u0119 z bazami danych), dydaktyk\u0119 w j\u0119zyku obcym, zielon\u0105 transformacj\u0119, projektowanie uniwersalne oraz prac\u0119 z osobami o zr\u00f3\u017cnicowanych potrzebach edukacyjnych.<\/p>\n<h4>G\u0142\u00f3wne dzia\u0142ania:<\/h4>\n<ul>\n<li>Utworzenie i rozw\u00f3j interdyscyplinarnego think tanku TTedu,<\/li>\n<li>Realizacja programu szkoleniowego T4T dla ekspert\u00f3w dydaktyki,<\/li>\n<li>Wdro\u017cenie systemu szkole\u0144 i mentoringu dla kadry PB,<\/li>\n<li>Uruchomienie programu grantowego EduPro+ wspieraj\u0105cego innowacje dydaktyczne.<\/li>\n<\/ul>\n<h4>Grupa docelowa:<\/h4>\n<ul>\n<li>Nauczyciele akademiccy i wyk\u0142adowcy<\/li>\n<li>doktoranci szko\u0142y doktorskiej prowadzonej przez PB. &nbsp;<\/li>\n<\/ul>\n<p>Po\u015brednimi odbiorcami efekt\u00f3w projektu b\u0119d\u0105 r\u00f3wnie\u017c studenci, kt\u00f3rzy skorzystaj\u0105 z podniesionej jako\u015bci kszta\u0142cenia, nowoczesnych metod nauczania oraz bardziej zaanga\u017cowanych.<\/p>\n<h4><strong style=\"font-size: 1.5rem\">Okres realizacji projektu:<\/strong><span style=\"font-size: 1.5rem\"> 05.01.2026 r. \u2013 05.10.2028 r.<\/span><\/h4>\n<p><strong>Warto\u015b\u0107 projektu:<\/strong> 1 806 600,00 z\u0142<\/p>\n<p><strong>Dofinansowanie:<\/strong> 1 752 200,00 z\u0142, w tym:<\/p>\n<p><strong>Dofinansowanie ze \u015brodk\u00f3w europejskich:<\/strong> 1 752 200,00 z\u0142, co stanowi 96,99 % wydatk\u00f3w kwalifikowalnych projektu.<\/p>\n<hr>\n<h4><strong>Biuro Projektu:<\/strong><\/h4>\n<p>Biuro ds. Rozwoju i Program\u00f3w Mi\u0119dzynarodowych<br \/>\nPolitechnika Bia\u0142ostocka<br \/>\n15-351 Bia\u0142ystok<br \/>\nul. Wiejska 45 A, <strong>pok\u00f3j B1 oraz B4<br \/>\n<\/strong>85 746 91 68<br \/>\n85 746 91 69<br \/>\n85 746 97 33<\/p>\n<hr>\n<div class=\"panel-group\" id=\"custom-collapse-0\">\n<div class=\"panel panel-default\">\n\t\t\t\t<div class=\"panel-heading\">\n\t\t\t\t\t<div class=\"panel-title\">\n\t\t\t\t\t\t<a class=\"collapsed h4\" data-toggle=\"collapse\" data-parent=\"#custom-collapse-0\" href=\"#custom-collapse-0-0\">Informacja o mo\u017cliwo\u015bci zg\u0142aszania do Instytucji Zarz\u0105dzaj\u0105cej lub Instytucji Po\u015brednicz\u0105cej podejrzenia o niezgodno\u015bci Projektu lub dzia\u0142a\u0144 Beneficjenta z Konwencj\u0105 o prawach os\u00f3b niepe\u0142nosprawnych sporz\u0105dzon\u0105 w Nowym Jorku dnia 13 grudnia 2006 r. (Dz. U. z 2012 r. poz. 1169, z p\u00f3\u017an. zm.), zwanej dalej \u201eKPON\u201d<\/a>\n\t\t\t\t\t<\/div>\n\t\t\t\t<\/div>\n\t\t\t\t<div id=\"custom-collapse-0-0\" class=\"panel-collapse collapse\">\n\t\t\t\t\t<div class=\"panel-body\">\nSygna\u0142y, zg\u0142oszenia lub skargi dotycz\u0105ce wyst\u0105pienia niezgodno\u015bci projekt\u00f3w FERS z postanowieniami KPON mog\u0105 przekazywa\u0107 osoby fizyczne (uczestnicy projekt\u00f3w lub ich pe\u0142nomocnicy i przedstawiciele), instytucje uczestnicz\u0105ce we wdra\u017caniu funduszy Unii Europejskiej, strona spo\u0142eczna (stowarzyszenia, fundacje), za pomoc\u0105 (w ka\u017cdym poni\u017cszym przypadku uznaje si\u0119 zg\u0142oszenie za przekazane w formie pisemnej):<\/p>\n<ol>\n<li>poczty tradycyjnej &#8211; w formie listownej na adres ministerstwa: Ministerstwo Funduszy i Polityki Regionalnej, ul. Wsp\u00f3lna 2\/4, 00-926 Warszawa lub adres Instytucji Po\u015brednicz\u0105cej: Narodowe Centrum Bada\u0144 i Rozwoju, ul. Chmielna 69, 00-801 Warszawa,<\/li>\n<li>skrzynki nadawczej e-puap Ministerstwa Funduszy i Polityki Regionalnej lub Narodowego Centrum Bada\u0144 i Rozwoju.<\/li>\n<\/ol>\n<\/div>\n\t\t\t\t<\/div>\n\t\t\t<\/div>\n<\/div>\n","protected":false},"excerpt":{"rendered":"<p>Projekt \u201eTHINKTHANKedu: Interdyscyplinarne Centrum Wsparcia Dydaktycznego Politechniki Bia\u0142ostockiej (TTEdu)\u201d (nr umowy FERS.01.05-IP.08-0167\/25-00) jest realizowany w<\/p>\n","protected":false},"author":192,"featured_media":0,"parent":94,"menu_order":0,"comment_status":"closed","ping_status":"closed","template":"","meta":{"_acf_changed":false,"ngg_post_thumbnail":0,"footnotes":""},"class_list":["post-2908","page","type-page","status-publish","hentry"],"acf":[],"_links":{"self":[{"href":"https:\/\/pb.edu.pl\/brpm\/wp-json\/wp\/v2\/pages\/2908","targetHints":{"allow":["GET"]}}],"collection":[{"href":"https:\/\/pb.edu.pl\/brpm\/wp-json\/wp\/v2\/pages"}],"about":[{"href":"https:\/\/pb.edu.pl\/brpm\/wp-json\/wp\/v2\/types\/page"}],"author":[{"embeddable":true,"href":"https:\/\/pb.edu.pl\/brpm\/wp-json\/wp\/v2\/users\/192"}],"replies":[{"embeddable":true,"href":"https:\/\/pb.edu.pl\/brpm\/wp-json\/wp\/v2\/comments?post=2908"}],"version-history":[{"count":0,"href":"https:\/\/pb.edu.pl\/brpm\/wp-json\/wp\/v2\/pages\/2908\/revisions"}],"up":[{"embeddable":true,"href":"https:\/\/pb.edu.pl\/brpm\/wp-json\/wp\/v2\/pages\/94"}],"wp:attachment":[{"href":"https:\/\/pb.edu.pl\/brpm\/wp-json\/wp\/v2\/media?parent=2908"}],"curies":[{"name":"wp","href":"https:\/\/api.w.org\/{rel}","templated":true}]}}