{"id":44,"date":"2021-02-15T18:38:37","date_gmt":"2021-02-15T17:38:37","guid":{"rendered":"https:\/\/pb.edu.pl\/bon\/?page_id=44"},"modified":"2025-10-16T15:10:04","modified_gmt":"2025-10-16T13:10:04","slug":"opiekunowie-ozn","status":"publish","type":"page","link":"https:\/\/pb.edu.pl\/bon\/opiekunowie-ozn\/","title":{"rendered":"Opiekunowie Os\u00f3b z Niepe\u0142nosprawno\u015bciami"},"content":{"rendered":"<p>Na wydzia\u0142ach oraz w Bibliotece, Studium J\u0119zyk\u00f3w Obcych, Studium Wychowania Fizycznego i Sportu dzia\u0142aj\u0105 Opiekunowie Os\u00f3b z Niepe\u0142nosprawno\u015bci\u0105, koordynuj\u0105cy wsparcie w ramach jednostek.<\/p>\n<p><strong>Zadania Opiekun\u00f3w<\/strong><\/p>\n<ul>\n<li>Udzielanie porad osobom z niepe\u0142nosprawno\u015bciami w sprawach zwi\u0105zanych z przebiegiem studi\u00f3w.<\/li>\n<li>Pomoc dora\u017ana w zakresie rozwi\u0105zywania problem\u00f3w zg\u0142aszanych przez osoby z niepe\u0142nosprawno\u015bciami.<\/li>\n<li>Udzielanie wsparcia pracownikom administracyjnym i dydaktycznym jednostki, pracuj\u0105cymi z osobami z niepe\u0142nosprawno\u015bciami.<\/li>\n<li>Informowanie os\u00f3b z niepe\u0142nosprawno\u015bciami o mo\u017cliwo\u015bciach uzyskiwania wsparcia ze strony Uczelni.<\/li>\n<li>Wsp\u00f3\u0142praca z Pe\u0142nomocnikiem ds. Os\u00f3b z Niepe\u0142nosprawno\u015bciami i Biurem ds. Os\u00f3b z Niepe\u0142nosprawno\u015bciami.<\/li>\n<li>Aktywizacja student\u00f3w z niepe\u0142nosprawno\u015bciami m.in. poprzez zach\u0119canie ich do udzia\u0142u w r\u00f3\u017cnych formach \u017cycia spo\u0142eczno\u015bci akademickiej Uczelni.<\/li>\n<\/ul>\n<div class=\"h2\">Kontakt do Opiekun\u00f3w<\/div>\n<div class=\"h3\">Wydzia\u0142 Architektury<\/div>\n<p>mgr Szymon Andrejczuk<br \/>\ntel. 85 746 9920<\/p>\n<p>&nbsp;<i class=\"fa fa-envelope-o\" aria-hidden=\"true\"><\/i> <a href=\"#\" rel=\"nofollow\"  onclick=\"this.href='mailto:' + 'szymon.andrejczuk' + '@' + 'pb.edu.pl '\">szymon.andrejczuk [at] pb.edu.pl <\/a>\n<p>ul. Oskara Sosnowskiego 11, pok\u00f3j 020 (w Hali)<\/p>\n<p><a title=\"Otworzy si\u0119 w nowej karcie\" href=\"https:\/\/wa.pb.edu.pl\/studenci\/studenci-z-niepelnosprawnoscia\/\" target=\"_blank\" rel=\"noopener\">wa.pb.edu.pl\/studenci\/studenci-z-niepelnosprawnoscia\/<\/a><\/p>\n<div class=\"h3\">Wydzia\u0142 Budownictwa i Nauk o \u015arodowisku<\/div>\n<p>dr in\u017c. Maria Walery, prof. PB<br \/>\ntel. kom. 571 443 162<br \/>\n&nbsp;<i class=\"fa fa-envelope-o\" aria-hidden=\"true\"><\/i> <a href=\"#\" rel=\"nofollow\"  onclick=\"this.href='mailto:' + 'm.walery' + '@' + 'pb.edu.pl'\">m.walery [at] pb.edu.pl<\/a>\n<p>ul. Wiejska 45E, Budynek Inno-Eko-Tech, pok\u00f3j WB-4\/6<\/p>\n<p><a title=\"Otworzy si\u0119 w nowej karcie\" href=\"https:\/\/wb.pb.edu.pl\/studenci\/studenci-z-niepelnosprawnoscia\/\" target=\"_blank\" rel=\"noopener\">wb.pb.edu.pl\/studenci\/studenci-z-niepelnosprawnoscia\/<\/a><\/p>\n<div class=\"h3\">Wydzia\u0142 Elektryczny<\/div>\n<p>dr in\u017c. Krzysztof Rogowski<br \/>\ntel. 85 746 93 84<br \/>\ntel. kom. 571 443 167<br \/>\n&nbsp;<i class=\"fa fa-envelope-o\" aria-hidden=\"true\"><\/i> <a href=\"#\" rel=\"nofollow\"  onclick=\"this.href='mailto:' + 'k.rogowski' + '@' + 'pb.edu.pl'\">k.rogowski [at] pb.edu.pl<\/a>\n<p>ul. Wiejska 45D, pok\u00f3j WE-240<\/p>\n<p><a title=\"Otworzy si\u0119 w nowej karcie\" href=\"https:\/\/we.pb.edu.pl\/studenci\/studenci-z-niepelnosprawnoscia\/\" target=\"_blank\" rel=\"noopener\">we.pb.edu.pl\/studenci\/studenci-z-niepelnosprawnoscia\/<\/a><\/p>\n<div class=\"h3\">Wydzia\u0142 Informatyki<\/div>\n<p>dr hab. in\u017c. Ma\u0142gorzata Kr\u0119towska, prof. PB<br \/>\ntel. 85 746 90 95<br \/>\n&nbsp;<i class=\"fa fa-envelope-o\" aria-hidden=\"true\"><\/i> <a href=\"#\" rel=\"nofollow\"  onclick=\"this.href='mailto:' + 'm.kretowska' + '@' + 'pb.edu.pl'\">m.kretowska [at] pb.edu.pl<\/a>\n<p>ul. Wiejska 45a, pok\u00f3j 206<\/p>\n<p><a title=\"Otworzy si\u0119 w nowej karcie\" href=\"https:\/\/wi.pb.edu.pl\/studenci\/studenci-z-niepelnosprawnoscia\/\" target=\"_blank\" rel=\"noopener\">wi.pb.edu.pl\/studenci\/studenci-z-niepelnosprawnoscia\/<\/a><\/p>\n<div class=\"h3\">Wydzia\u0142 In\u017cynierii Zarz\u0105dzania<\/div>\n<p>dr Andrzej Smolarczyk<br \/>\ntel. 85 746 98 58<br \/>\n&nbsp;<i class=\"fa fa-envelope-o\" aria-hidden=\"true\"><\/i> <a href=\"#\" rel=\"nofollow\"  onclick=\"this.href='mailto:' + 'a.smolarczyk' + '@' + 'pb.edu.pl'\">a.smolarczyk [at] pb.edu.pl<\/a>\n<p>ul. Ojca Tarasiuka 2, Kleosin, Budynek Szanghaj, pok\u00f3j 117,<\/p>\n<p><a title=\"Otworzy si\u0119 w nowej karcie\" href=\"https:\/\/wiz.pb.edu.pl\/studenci\/dziekanat\/studenci-z-niepelnosprawnoscia\" target=\"_blank\" rel=\"noopener\">wiz.pb.edu.pl\/studenci\/dziekanat\/studenci-z-niepelnosprawnoscia\/<\/a><\/p>\n<div class=\"h3\">Wydzia\u0142 Mechaniczny<\/div>\n<p>dr in\u017c. Anna Falkowska<br \/>\ntel. kom. 571 443 025<br \/>\n&nbsp;<i class=\"fa fa-envelope-o\" aria-hidden=\"true\"><\/i> <a href=\"#\" rel=\"nofollow\"  onclick=\"this.href='mailto:' + 'a.falkowska' + '@' + 'pb.edu.pl'\">a.falkowska [at] pb.edu.pl<\/a>\n<p>ul. Wiejska 45C, pok\u00f3j 334,<\/p>\n<p><a title=\"Otworzy si\u0119 w nowej karcie\" href=\"https:\/\/wm.pb.edu.pl\/studenci\/dziekanat\/studenci-z-niepelnosprawnoscia\/\" target=\"_blank\" rel=\"noopener\">wm.pb.edu.pl\/studenci\/dziekanat\/studenci-z-niepelnosprawnoscia\/<\/a><\/p>\n<div class=\"h3\">Biblioteka G\u0142\u00f3wna<\/div>\n<p>mgr Aneta Puchalska<br \/>\ntel. 85 746 93 23<br \/>\n&nbsp;<i class=\"fa fa-envelope-o\" aria-hidden=\"true\"><\/i> <a href=\"#\" rel=\"nofollow\"  onclick=\"this.href='mailto:' + 'aneta.puchalska' + '@' + 'pb.edu.pl'\">aneta.puchalska [at] pb.edu.pl<\/a>\n<p>ul. Zwierzyniecka 16, CNK, Wypo\u017cyczalnia Og\u00f3lna (hol na poziomie P0),<\/p>\n<p><a title=\"Otworzy si\u0119 w nowej karcie\" href=\"https:\/\/biblioteka.pb.edu.pl\/jak-korzystac\/biblioteka-bez-barier\/\" target=\"_blank\" rel=\"noopener\">biblioteka.pb.edu.pl\/jak-korzystac\/biblioteka-bez-barier\/<\/a><\/p>\n<div class=\"h3\">Studium J\u0119zyk\u00f3w Obcych<\/div>\n<p>mgr Anna Kalisz<br \/>\ntel. 85 746 91 38<br \/>\n&nbsp;<i class=\"fa fa-envelope-o\" aria-hidden=\"true\"><\/i> <a href=\"#\" rel=\"nofollow\"  onclick=\"this.href='mailto:' + 'a.kalisz' + '@' + 'pb.edu.pl'\">a.kalisz [at] pb.edu.pl<\/a>\n<p>ul. Zwierzyniecka 16, CNK, P2\/025 (2 pi\u0119tro, pok\u00f3j 5)<\/p>\n<p><a title=\"Otworzy si\u0119 w nowej karcie\" href=\"https:\/\/pb.edu.pl\/sjo\/dla-studenta\/studenci-z-niepelnosprawnoscia\/\" target=\"_blank\" rel=\"noopener\">pb.edu.pl\/sjo\/dla-studenta\/studenci-z-niepelnosprawnoscia\/<\/a><\/p>\n<div class=\"h3\">Studium Wychowania Fizycznego i Sportu<\/div>\n<p>dr Piotr Klimowicz<br \/>\ntel. kom. 509 999 209<br \/>\n&nbsp;<i class=\"fa fa-envelope-o\" aria-hidden=\"true\"><\/i> <a href=\"#\" rel=\"nofollow\"  onclick=\"this.href='mailto:' + 'p.klimowicz' + '@' + 'pb.edu.pl'\">p.klimowicz [at] pb.edu.pl<\/a>\n<p>ul. Wiejska 41, Akademickie Centrum Sportu, pok\u00f3j B-26<\/p>\n<p><a title=\"Otworzy si\u0119 w nowej karcie\" href=\"https:\/\/pb.edu.pl\/swfis\/studenci-z-niepelnosprawnoscia\/\" target=\"_blank\" rel=\"noopener\">pb.edu.pl\/swfis\/studenci-z-niepelnosprawnoscia\/<\/a><\/p>\n","protected":false},"excerpt":{"rendered":"<p>Na wydzia\u0142ach oraz w Bibliotece, Studium J\u0119zyk\u00f3w Obcych, Studium Wychowania Fizycznego i Sportu dzia\u0142aj\u0105 Opiekunowie<\/p>\n","protected":false},"author":2,"featured_media":0,"parent":0,"menu_order":5,"comment_status":"closed","ping_status":"closed","template":"","meta":{"_acf_changed":false,"ngg_post_thumbnail":0,"footnotes":""},"class_list":["post-44","page","type-page","status-publish","hentry"],"acf":[],"yoast_head":"<!-- This site is optimized with the Yoast SEO plugin v27.0 - https:\/\/yoast.com\/product\/yoast-seo-wordpress\/ -->\n<title>Opiekunowie Os\u00f3b z Niepe\u0142nosprawno\u015bciami - Biuro ds. Os\u00f3b z Niepe\u0142nosprawno\u015bciami PB<\/title>\n<meta name=\"description\" content=\"Na wydzia\u0142ach oraz w Bibliotece, Studium J\u0119zyk\u00f3w Obcych, Studium Wychowania Fizycznego i Sportu dzia\u0142aj\u0105 Opiekunowie Os\u00f3b z Niepe\u0142nosprawno\u015bci\u0105,\" \/>\n<meta name=\"robots\" content=\"index, follow, max-snippet:-1, max-image-preview:large, max-video-preview:-1\" \/>\n<link rel=\"canonical\" href=\"https:\/\/pb.edu.pl\/bon\/opiekunowie-ozn\/\" \/>\n<meta property=\"og:locale\" content=\"pl_PL\" \/>\n<meta property=\"og:type\" content=\"article\" \/>\n<meta property=\"og:title\" content=\"Opiekunowie Os\u00f3b z Niepe\u0142nosprawno\u015bciami - Biuro ds. Os\u00f3b z Niepe\u0142nosprawno\u015bciami PB\" \/>\n<meta property=\"og:description\" content=\"Na wydzia\u0142ach oraz w Bibliotece, Studium J\u0119zyk\u00f3w Obcych, Studium Wychowania Fizycznego i Sportu dzia\u0142aj\u0105 Opiekunowie Os\u00f3b z Niepe\u0142nosprawno\u015bci\u0105,\" \/>\n<meta property=\"og:url\" content=\"https:\/\/pb.edu.pl\/bon\/opiekunowie-ozn\/\" \/>\n<meta property=\"og:site_name\" content=\"Biuro ds. Os\u00f3b z Niepe\u0142nosprawno\u015bciami PB\" \/>\n<meta property=\"article:modified_time\" content=\"2025-10-16T13:10:04+00:00\" \/>\n<meta name=\"twitter:card\" content=\"summary_large_image\" \/>\n<meta name=\"twitter:label1\" content=\"Szacowany czas czytania\" \/>\n\t<meta name=\"twitter:data1\" content=\"2 minuty\" \/>\n<script type=\"application\/ld+json\" class=\"yoast-schema-graph\">{\"@context\":\"https:\/\/schema.org\",\"@graph\":[{\"@type\":\"WebPage\",\"@id\":\"https:\/\/pb.edu.pl\/bon\/opiekunowie-ozn\/\",\"url\":\"https:\/\/pb.edu.pl\/bon\/opiekunowie-ozn\/\",\"name\":\"Opiekunowie Os\u00f3b z Niepe\u0142nosprawno\u015bciami - Biuro ds. Os\u00f3b z Niepe\u0142nosprawno\u015bciami PB\",\"isPartOf\":{\"@id\":\"https:\/\/pb.edu.pl\/bon\/#website\"},\"datePublished\":\"2021-02-15T17:38:37+00:00\",\"dateModified\":\"2025-10-16T13:10:04+00:00\",\"description\":\"Na wydzia\u0142ach oraz w Bibliotece, Studium J\u0119zyk\u00f3w Obcych, Studium Wychowania Fizycznego i Sportu dzia\u0142aj\u0105 Opiekunowie Os\u00f3b z Niepe\u0142nosprawno\u015bci\u0105,\",\"breadcrumb\":{\"@id\":\"https:\/\/pb.edu.pl\/bon\/opiekunowie-ozn\/#breadcrumb\"},\"inLanguage\":\"pl-PL\",\"potentialAction\":[{\"@type\":\"ReadAction\",\"target\":[\"https:\/\/pb.edu.pl\/bon\/opiekunowie-ozn\/\"]}]},{\"@type\":\"BreadcrumbList\",\"@id\":\"https:\/\/pb.edu.pl\/bon\/opiekunowie-ozn\/#breadcrumb\",\"itemListElement\":[{\"@type\":\"ListItem\",\"position\":1,\"name\":\"Strona g\u0142\u00f3wna\",\"item\":\"https:\/\/pb.edu.pl\/bon\/\"},{\"@type\":\"ListItem\",\"position\":2,\"name\":\"Opiekunowie Os\u00f3b z Niepe\u0142nosprawno\u015bciami\"}]},{\"@type\":\"WebSite\",\"@id\":\"https:\/\/pb.edu.pl\/bon\/#website\",\"url\":\"https:\/\/pb.edu.pl\/bon\/\",\"name\":\"Biuro ds. Os\u00f3b z Niepe\u0142nosprawno\u015bciami PB\",\"description\":\"Politechniki Bia\u0142ostockiej\",\"potentialAction\":[{\"@type\":\"SearchAction\",\"target\":{\"@type\":\"EntryPoint\",\"urlTemplate\":\"https:\/\/pb.edu.pl\/bon\/?s={search_term_string}\"},\"query-input\":{\"@type\":\"PropertyValueSpecification\",\"valueRequired\":true,\"valueName\":\"search_term_string\"}}],\"inLanguage\":\"pl-PL\"}]}<\/script>\n<!-- \/ Yoast SEO plugin. -->","yoast_head_json":{"title":"Opiekunowie Os\u00f3b z Niepe\u0142nosprawno\u015bciami - Biuro ds. Os\u00f3b z Niepe\u0142nosprawno\u015bciami PB","description":"Na wydzia\u0142ach oraz w Bibliotece, Studium J\u0119zyk\u00f3w Obcych, Studium Wychowania Fizycznego i Sportu dzia\u0142aj\u0105 Opiekunowie Os\u00f3b z Niepe\u0142nosprawno\u015bci\u0105,","robots":{"index":"index","follow":"follow","max-snippet":"max-snippet:-1","max-image-preview":"max-image-preview:large","max-video-preview":"max-video-preview:-1"},"canonical":"https:\/\/pb.edu.pl\/bon\/opiekunowie-ozn\/","og_locale":"pl_PL","og_type":"article","og_title":"Opiekunowie Os\u00f3b z Niepe\u0142nosprawno\u015bciami - Biuro ds. Os\u00f3b z Niepe\u0142nosprawno\u015bciami PB","og_description":"Na wydzia\u0142ach oraz w Bibliotece, Studium J\u0119zyk\u00f3w Obcych, Studium Wychowania Fizycznego i Sportu dzia\u0142aj\u0105 Opiekunowie Os\u00f3b z Niepe\u0142nosprawno\u015bci\u0105,","og_url":"https:\/\/pb.edu.pl\/bon\/opiekunowie-ozn\/","og_site_name":"Biuro ds. Os\u00f3b z Niepe\u0142nosprawno\u015bciami PB","article_modified_time":"2025-10-16T13:10:04+00:00","twitter_card":"summary_large_image","twitter_misc":{"Szacowany czas czytania":"2 minuty"},"schema":{"@context":"https:\/\/schema.org","@graph":[{"@type":"WebPage","@id":"https:\/\/pb.edu.pl\/bon\/opiekunowie-ozn\/","url":"https:\/\/pb.edu.pl\/bon\/opiekunowie-ozn\/","name":"Opiekunowie Os\u00f3b z Niepe\u0142nosprawno\u015bciami - Biuro ds. Os\u00f3b z Niepe\u0142nosprawno\u015bciami PB","isPartOf":{"@id":"https:\/\/pb.edu.pl\/bon\/#website"},"datePublished":"2021-02-15T17:38:37+00:00","dateModified":"2025-10-16T13:10:04+00:00","description":"Na wydzia\u0142ach oraz w Bibliotece, Studium J\u0119zyk\u00f3w Obcych, Studium Wychowania Fizycznego i Sportu dzia\u0142aj\u0105 Opiekunowie Os\u00f3b z Niepe\u0142nosprawno\u015bci\u0105,","breadcrumb":{"@id":"https:\/\/pb.edu.pl\/bon\/opiekunowie-ozn\/#breadcrumb"},"inLanguage":"pl-PL","potentialAction":[{"@type":"ReadAction","target":["https:\/\/pb.edu.pl\/bon\/opiekunowie-ozn\/"]}]},{"@type":"BreadcrumbList","@id":"https:\/\/pb.edu.pl\/bon\/opiekunowie-ozn\/#breadcrumb","itemListElement":[{"@type":"ListItem","position":1,"name":"Strona g\u0142\u00f3wna","item":"https:\/\/pb.edu.pl\/bon\/"},{"@type":"ListItem","position":2,"name":"Opiekunowie Os\u00f3b z Niepe\u0142nosprawno\u015bciami"}]},{"@type":"WebSite","@id":"https:\/\/pb.edu.pl\/bon\/#website","url":"https:\/\/pb.edu.pl\/bon\/","name":"Biuro ds. Os\u00f3b z Niepe\u0142nosprawno\u015bciami PB","description":"Politechniki Bia\u0142ostockiej","potentialAction":[{"@type":"SearchAction","target":{"@type":"EntryPoint","urlTemplate":"https:\/\/pb.edu.pl\/bon\/?s={search_term_string}"},"query-input":{"@type":"PropertyValueSpecification","valueRequired":true,"valueName":"search_term_string"}}],"inLanguage":"pl-PL"}]}},"_links":{"self":[{"href":"https:\/\/pb.edu.pl\/bon\/wp-json\/wp\/v2\/pages\/44","targetHints":{"allow":["GET"]}}],"collection":[{"href":"https:\/\/pb.edu.pl\/bon\/wp-json\/wp\/v2\/pages"}],"about":[{"href":"https:\/\/pb.edu.pl\/bon\/wp-json\/wp\/v2\/types\/page"}],"author":[{"embeddable":true,"href":"https:\/\/pb.edu.pl\/bon\/wp-json\/wp\/v2\/users\/2"}],"replies":[{"embeddable":true,"href":"https:\/\/pb.edu.pl\/bon\/wp-json\/wp\/v2\/comments?post=44"}],"version-history":[{"count":0,"href":"https:\/\/pb.edu.pl\/bon\/wp-json\/wp\/v2\/pages\/44\/revisions"}],"wp:attachment":[{"href":"https:\/\/pb.edu.pl\/bon\/wp-json\/wp\/v2\/media?parent=44"}],"curies":[{"name":"wp","href":"https:\/\/api.w.org\/{rel}","templated":true}]}}