{"id":1757,"date":"2025-03-07T10:08:00","date_gmt":"2025-03-07T09:08:00","guid":{"rendered":"https:\/\/pb.edu.pl\/bon\/?page_id=1757"},"modified":"2025-05-13T10:01:03","modified_gmt":"2025-05-13T08:01:03","slug":"pracownicy-pb","status":"publish","type":"page","link":"https:\/\/pb.edu.pl\/bon\/pracownicy-pb\/","title":{"rendered":"Pracownicy PB"},"content":{"rendered":"<p>Pracownicy Politechniki Bia\u0142ostockiej mog\u0105 ubiega\u0107 si\u0119 o wsparcie na podstawie <a href=\"https:\/\/bip.pb.edu.pl\/index.php?event=informacja&amp;id=20592\">Zarz\u0105dzenia nr 77\/2023 Rektora Politechniki Bia\u0142ostockiej z dnia 26 lipca 2023 roku w sprawie ustalenia Procedury antydyskryminacyjnej i rozpatrzenia wniosk\u00f3w os\u00f3b ze szczeg\u00f3lnymi potrzebami w Politechnice Bia\u0142ostockiej<\/a>.<br \/>\n\u200b<br \/>\nZgodnie z Zarz\u0105dzeniem przez &#8222;Osob\u0119 ze szczeg\u00f3lnymi potrzebami \u2013 rozumie si\u0119 mi\u0119dzy innymi osob\u0119 z niepe\u0142nosprawno\u015bci\u0105\/ niepe\u0142nosprawno\u015bciami, kobiet\u0119 w ci\u0105\u017cy, osob\u0119 opiekuj\u0105c\u0105 si\u0119 dzieckiem wymagaj\u0105cym specjalnej troski, osob\u0119 opiekuj\u0105c\u0105 si\u0119 cz\u0142onkiem rodziny wymagaj\u0105cym specjalnej troski&#8221;.<\/p>\n<p>Osoby ze szczeg\u00f3lnymi potrzebami uprawnione s\u0105 do z\u0142o\u017cenia wniosku do Pracodawcy o udzielenie pomocy z wy\u0142\u0105czeniem wniosk\u00f3w rozpatrywanych przez Pe\u0142nomocnika Rektora do spraw Os\u00f3b z Niepe\u0142nosprawno\u015bciami lub przez Biuro do spraw Os\u00f3b z Niepe\u0142nosprawno\u015bciami.<\/p>\n<p>Wniosek powinien zawiera\u0107:<\/p>\n<ul>\n<li>opis stanu faktycznego wskazuj\u0105cego na zaistnienie szczeg\u00f3lnych okoliczno\u015bci, kt\u00f3re powoduj\u0105 istotne ograniczenia w wype\u0142nianiu obowi\u0105zk\u00f3w s\u0142u\u017cbowych;<\/li>\n<li>oczekiwan\u0105 form\u0119 pomocy.<\/li>\n<\/ul>\n<p>Wniosek nale\u017cy z\u0142o\u017cy\u0107 do Pracodawcy.<\/p>\n<p>Pracodawca kieruje wniosek do Zespo\u0142u do spraw R\u00f3wnego Traktowania i Przeciwdzia\u0142ania Dyskryminacji w Politechnice Bia\u0142ostockiej do dalszego procedowania.<\/p>\n<p>Szczeg\u00f3\u0142owe informacje dotycz\u0105ce rozpatrywania wniosk\u00f3w os\u00f3b ze szczeg\u00f3lnymi potrzebami oraz przyk\u0142adowe formy wsparcia s\u0105 okre\u015blone w rozdziale III Zarz\u0105dzenia.<\/p>\n<p>&nbsp;<\/p>\n<p>Pracownicy PB mog\u0105 skorzysta\u0107 z <a href=\"https:\/\/pb.edu.pl\/bon\/wypozyczalnia\/\">wypo\u017cyczalni sprz\u0119tu i oprogramowania<\/a>.<\/p>\n<p>W czytelni <a href=\"http:\/\/biblioteka.pb.edu.pl\/pl\/content\/biblioteka-bez-barier\">Biblioteki G\u0142\u00f3wnej PB<\/a> oraz w bibliotekach wydzia\u0142owych utworzono specjalne stanowiska wyposa\u017cone w sprz\u0119t i oprogramowanie komputerowe u\u0142atwiaj\u0105ce dost\u0119p do ksi\u0119gozbioru osobom z dysfunkcj\u0105 wzroku.<\/p>\n<p>Pracownicy z posiadaj\u0105cy orzeczenie z kodem 04-O (<span class=\"BxUVEf ILfuVd\" lang=\"pl\"><span class=\"hgKElc\"><b>choroby narz\u0105du wzroku<\/b><\/span><\/span>) mog\u0105 uzyska\u0107 darmowy dost\u0119p do <a href=\"https:\/\/bon.uw.edu.pl\/wszystko-o-akademickiej-bibliotece-cyfrowej\/\">Akademickiej Biblioteki Cyfrowej<\/a>.<\/p>\n<p>Zach\u0119camy do korzystania z darmowej, anonimowej pomocy <a href=\"https:\/\/pb.edu.pl\/pomoc-psychologiczna\/\">psycholog\u00f3w z dzia\u0142aj\u0105cych w ramach pomocy psychologicznej na Politechnice Bia\u0142ostockiej<\/a>.<\/p>\n","protected":false},"excerpt":{"rendered":"<p>Pracownicy Politechniki Bia\u0142ostockiej mog\u0105 ubiega\u0107 si\u0119 o wsparcie na podstawie Zarz\u0105dzenia nr 77\/2023 Rektora Politechniki<\/p>\n","protected":false},"author":2,"featured_media":0,"parent":0,"menu_order":0,"comment_status":"closed","ping_status":"closed","template":"","meta":{"_acf_changed":false,"ngg_post_thumbnail":0,"footnotes":""},"class_list":["post-1757","page","type-page","status-publish","hentry"],"acf":[],"yoast_head":"<!-- This site is optimized with the Yoast SEO plugin v27.0 - https:\/\/yoast.com\/product\/yoast-seo-wordpress\/ -->\n<title>Pracownicy PB - Biuro ds. Os\u00f3b z Niepe\u0142nosprawno\u015bciami PB<\/title>\n<meta name=\"description\" content=\"Pracownicy Politechniki Bia\u0142ostockiej mog\u0105 ubiega\u0107 si\u0119 o wsparcie na podstawie Zarz\u0105dzenia nr 77\/2023 Rektora Politechniki Bia\u0142ostockiej z dnia 26 lipca\" \/>\n<meta name=\"robots\" content=\"index, follow, max-snippet:-1, max-image-preview:large, max-video-preview:-1\" \/>\n<link rel=\"canonical\" href=\"https:\/\/pb.edu.pl\/bon\/pracownicy-pb\/\" \/>\n<meta property=\"og:locale\" content=\"pl_PL\" \/>\n<meta property=\"og:type\" content=\"article\" \/>\n<meta property=\"og:title\" content=\"Pracownicy PB - Biuro ds. Os\u00f3b z Niepe\u0142nosprawno\u015bciami PB\" \/>\n<meta property=\"og:description\" content=\"Pracownicy Politechniki Bia\u0142ostockiej mog\u0105 ubiega\u0107 si\u0119 o wsparcie na podstawie Zarz\u0105dzenia nr 77\/2023 Rektora Politechniki Bia\u0142ostockiej z dnia 26 lipca\" \/>\n<meta property=\"og:url\" content=\"https:\/\/pb.edu.pl\/bon\/pracownicy-pb\/\" \/>\n<meta property=\"og:site_name\" content=\"Biuro ds. Os\u00f3b z Niepe\u0142nosprawno\u015bciami PB\" \/>\n<meta property=\"article:modified_time\" content=\"2025-05-13T08:01:03+00:00\" \/>\n<meta name=\"twitter:card\" content=\"summary_large_image\" \/>\n<meta name=\"twitter:label1\" content=\"Szacowany czas czytania\" \/>\n\t<meta name=\"twitter:data1\" content=\"2 minuty\" \/>\n<script type=\"application\/ld+json\" class=\"yoast-schema-graph\">{\"@context\":\"https:\/\/schema.org\",\"@graph\":[{\"@type\":\"WebPage\",\"@id\":\"https:\/\/pb.edu.pl\/bon\/pracownicy-pb\/\",\"url\":\"https:\/\/pb.edu.pl\/bon\/pracownicy-pb\/\",\"name\":\"Pracownicy PB - Biuro ds. Os\u00f3b z Niepe\u0142nosprawno\u015bciami PB\",\"isPartOf\":{\"@id\":\"https:\/\/pb.edu.pl\/bon\/#website\"},\"datePublished\":\"2025-03-07T09:08:00+00:00\",\"dateModified\":\"2025-05-13T08:01:03+00:00\",\"description\":\"Pracownicy Politechniki Bia\u0142ostockiej mog\u0105 ubiega\u0107 si\u0119 o wsparcie na podstawie Zarz\u0105dzenia nr 77\/2023 Rektora Politechniki Bia\u0142ostockiej z dnia 26 lipca\",\"breadcrumb\":{\"@id\":\"https:\/\/pb.edu.pl\/bon\/pracownicy-pb\/#breadcrumb\"},\"inLanguage\":\"pl-PL\",\"potentialAction\":[{\"@type\":\"ReadAction\",\"target\":[\"https:\/\/pb.edu.pl\/bon\/pracownicy-pb\/\"]}]},{\"@type\":\"BreadcrumbList\",\"@id\":\"https:\/\/pb.edu.pl\/bon\/pracownicy-pb\/#breadcrumb\",\"itemListElement\":[{\"@type\":\"ListItem\",\"position\":1,\"name\":\"Strona g\u0142\u00f3wna\",\"item\":\"https:\/\/pb.edu.pl\/bon\/\"},{\"@type\":\"ListItem\",\"position\":2,\"name\":\"Pracownicy PB\"}]},{\"@type\":\"WebSite\",\"@id\":\"https:\/\/pb.edu.pl\/bon\/#website\",\"url\":\"https:\/\/pb.edu.pl\/bon\/\",\"name\":\"Biuro ds. Os\u00f3b z Niepe\u0142nosprawno\u015bciami PB\",\"description\":\"Politechniki Bia\u0142ostockiej\",\"potentialAction\":[{\"@type\":\"SearchAction\",\"target\":{\"@type\":\"EntryPoint\",\"urlTemplate\":\"https:\/\/pb.edu.pl\/bon\/?s={search_term_string}\"},\"query-input\":{\"@type\":\"PropertyValueSpecification\",\"valueRequired\":true,\"valueName\":\"search_term_string\"}}],\"inLanguage\":\"pl-PL\"}]}<\/script>\n<!-- \/ Yoast SEO plugin. -->","yoast_head_json":{"title":"Pracownicy PB - Biuro ds. Os\u00f3b z Niepe\u0142nosprawno\u015bciami PB","description":"Pracownicy Politechniki Bia\u0142ostockiej mog\u0105 ubiega\u0107 si\u0119 o wsparcie na podstawie Zarz\u0105dzenia nr 77\/2023 Rektora Politechniki Bia\u0142ostockiej z dnia 26 lipca","robots":{"index":"index","follow":"follow","max-snippet":"max-snippet:-1","max-image-preview":"max-image-preview:large","max-video-preview":"max-video-preview:-1"},"canonical":"https:\/\/pb.edu.pl\/bon\/pracownicy-pb\/","og_locale":"pl_PL","og_type":"article","og_title":"Pracownicy PB - Biuro ds. Os\u00f3b z Niepe\u0142nosprawno\u015bciami PB","og_description":"Pracownicy Politechniki Bia\u0142ostockiej mog\u0105 ubiega\u0107 si\u0119 o wsparcie na podstawie Zarz\u0105dzenia nr 77\/2023 Rektora Politechniki Bia\u0142ostockiej z dnia 26 lipca","og_url":"https:\/\/pb.edu.pl\/bon\/pracownicy-pb\/","og_site_name":"Biuro ds. Os\u00f3b z Niepe\u0142nosprawno\u015bciami PB","article_modified_time":"2025-05-13T08:01:03+00:00","twitter_card":"summary_large_image","twitter_misc":{"Szacowany czas czytania":"2 minuty"},"schema":{"@context":"https:\/\/schema.org","@graph":[{"@type":"WebPage","@id":"https:\/\/pb.edu.pl\/bon\/pracownicy-pb\/","url":"https:\/\/pb.edu.pl\/bon\/pracownicy-pb\/","name":"Pracownicy PB - Biuro ds. Os\u00f3b z Niepe\u0142nosprawno\u015bciami PB","isPartOf":{"@id":"https:\/\/pb.edu.pl\/bon\/#website"},"datePublished":"2025-03-07T09:08:00+00:00","dateModified":"2025-05-13T08:01:03+00:00","description":"Pracownicy Politechniki Bia\u0142ostockiej mog\u0105 ubiega\u0107 si\u0119 o wsparcie na podstawie Zarz\u0105dzenia nr 77\/2023 Rektora Politechniki Bia\u0142ostockiej z dnia 26 lipca","breadcrumb":{"@id":"https:\/\/pb.edu.pl\/bon\/pracownicy-pb\/#breadcrumb"},"inLanguage":"pl-PL","potentialAction":[{"@type":"ReadAction","target":["https:\/\/pb.edu.pl\/bon\/pracownicy-pb\/"]}]},{"@type":"BreadcrumbList","@id":"https:\/\/pb.edu.pl\/bon\/pracownicy-pb\/#breadcrumb","itemListElement":[{"@type":"ListItem","position":1,"name":"Strona g\u0142\u00f3wna","item":"https:\/\/pb.edu.pl\/bon\/"},{"@type":"ListItem","position":2,"name":"Pracownicy PB"}]},{"@type":"WebSite","@id":"https:\/\/pb.edu.pl\/bon\/#website","url":"https:\/\/pb.edu.pl\/bon\/","name":"Biuro ds. Os\u00f3b z Niepe\u0142nosprawno\u015bciami PB","description":"Politechniki Bia\u0142ostockiej","potentialAction":[{"@type":"SearchAction","target":{"@type":"EntryPoint","urlTemplate":"https:\/\/pb.edu.pl\/bon\/?s={search_term_string}"},"query-input":{"@type":"PropertyValueSpecification","valueRequired":true,"valueName":"search_term_string"}}],"inLanguage":"pl-PL"}]}},"_links":{"self":[{"href":"https:\/\/pb.edu.pl\/bon\/wp-json\/wp\/v2\/pages\/1757","targetHints":{"allow":["GET"]}}],"collection":[{"href":"https:\/\/pb.edu.pl\/bon\/wp-json\/wp\/v2\/pages"}],"about":[{"href":"https:\/\/pb.edu.pl\/bon\/wp-json\/wp\/v2\/types\/page"}],"author":[{"embeddable":true,"href":"https:\/\/pb.edu.pl\/bon\/wp-json\/wp\/v2\/users\/2"}],"replies":[{"embeddable":true,"href":"https:\/\/pb.edu.pl\/bon\/wp-json\/wp\/v2\/comments?post=1757"}],"version-history":[{"count":0,"href":"https:\/\/pb.edu.pl\/bon\/wp-json\/wp\/v2\/pages\/1757\/revisions"}],"wp:attachment":[{"href":"https:\/\/pb.edu.pl\/bon\/wp-json\/wp\/v2\/media?parent=1757"}],"curies":[{"name":"wp","href":"https:\/\/api.w.org\/{rel}","templated":true}]}}