{"id":1392,"date":"2026-03-19T23:41:38","date_gmt":"2026-03-19T22:41:38","guid":{"rendered":"https:\/\/pb.edu.pl\/across\/?post_type=event&#038;p=1392"},"modified":"2026-03-19T23:41:38","modified_gmt":"2026-03-19T22:41:38","slug":"i-seminarium-inzynierii-czystego-powietrza-pod-haslem-od-monitoringu-jakosci-powietrza-do-jego-wplywu-na-zdrowie","status":"publish","type":"event","link":"https:\/\/pb.edu.pl\/across\/event\/i-seminarium-inzynierii-czystego-powietrza-pod-haslem-od-monitoringu-jakosci-powietrza-do-jego-wplywu-na-zdrowie\/","title":{"rendered":"I Seminarium In\u017cynierii Czystego Powietrza pod has\u0142em \u201eOd monitoringu jako\u015bci powietrza do jego wp\u0142ywu na zdrowie\u201d."},"content":{"rendered":"<p>Spotkanie po\u015bwi\u0119cone b\u0119dzie o jako\u015bci \u017cycia i nowoczesnych rozwi\u0105zaniach in\u017cynieryjnych, kt\u00f3re maj\u0105 realny wp\u0142yw na nasze zdrowie. Seminarium wpisuje si\u0119 tak\u017ce w dzia\u0142ania Uniwersytetu Europejskiego Across, kt\u00f3rego uczelnia jest cz\u0142onkiem. Wydarzenie patronatem honorowym obj\u0119\u0142a dr hab. in\u017c. Dorota Anna Krawczyk, prof. PB \u2013 Ambasador Europejskiego Paktu Klimatycznego w Polsce.<\/p>\n<p>Zach\u0119camy do udzia\u0142u w wydarzeniu, kt\u00f3re \u0142\u0105czy nauk\u0119, technologi\u0119 i trosk\u0119 o \u015brodowisko.<\/p>\n<p><strong>31 marca 2026 r. (wtorek), w godz. 12:00 \u2013 14:15<\/strong><br \/>\n<a href=\"https:\/\/wb.pb.edu.pl\/kontakt\/mapa-kampusu\/\">Wydzia\u0142 Budownictwa i Nauk o \u015arodowisku PB<\/a>, budynek Inno Eko Tech, Aula C<\/p>\n<p>Wi\u0119cej informacji na stronie: <a href=\"https:\/\/pb.edu.pl\/wydarzenia\/i-seminarium-inzynierii-czystego-powietrza-w-politechnice-bialostockiej\/\">I Seminarium In\u017cynierii Czystego Powietrza w Politechnice Bia\u0142ostockiej<\/a><\/p>\n","protected":false},"featured_media":0,"template":"","meta":{"_acf_changed":false,"ngg_post_thumbnail":0},"class_list":["post-1392","event","type-event","status-publish","hentry"],"acf":[],"_links":{"self":[{"href":"https:\/\/pb.edu.pl\/across\/wp-json\/wp\/v2\/event\/1392","targetHints":{"allow":["GET"]}}],"collection":[{"href":"https:\/\/pb.edu.pl\/across\/wp-json\/wp\/v2\/event"}],"about":[{"href":"https:\/\/pb.edu.pl\/across\/wp-json\/wp\/v2\/types\/event"}],"wp:attachment":[{"href":"https:\/\/pb.edu.pl\/across\/wp-json\/wp\/v2\/media?parent=1392"}],"curies":[{"name":"wp","href":"https:\/\/api.w.org\/{rel}","templated":true}]}}